{"version":"1.0","provider_name":"Retina Suisse","provider_url":"https:\/\/retina.ch\/fr\/","title":"Pause estivale du 1er au 16 ao\u00fbt &#8226; Retina Suisse","type":"rich","width":600,"height":338,"html":"<blockquote class=\"wp-embedded-content\" data-secret=\"x5ACajFkwG\"><a href=\"https:\/\/retina.ch\/fr\/actualites\/vacances-dete\/\">Pause estivale du 1er au 16 ao\u00fbt<\/a><\/blockquote><iframe sandbox=\"allow-scripts\" security=\"restricted\" src=\"https:\/\/retina.ch\/fr\/actualites\/vacances-dete\/embed\/#?secret=x5ACajFkwG\" width=\"600\" height=\"338\" title=\"\u00ab\u00a0Pause estivale du 1er au 16 ao\u00fbt\u00a0\u00bb &#8212; Retina Suisse\" data-secret=\"x5ACajFkwG\" frameborder=\"0\" marginwidth=\"0\" marginheight=\"0\" scrolling=\"no\" class=\"wp-embedded-content\"><\/iframe><script>\n\/*! This file is auto-generated *\/\n!function(d,l){\"use strict\";l.querySelector&&d.addEventListener&&\"undefined\"!=typeof URL&&(d.wp=d.wp||{},d.wp.receiveEmbedMessage||(d.wp.receiveEmbedMessage=function(e){var t=e.data;if((t||t.secret||t.message||t.value)&&!\/[^a-zA-Z0-9]\/.test(t.secret)){for(var s,r,n,a=l.querySelectorAll('iframe[data-secret=\"'+t.secret+'\"]'),o=l.querySelectorAll('blockquote[data-secret=\"'+t.secret+'\"]'),c=new RegExp(\"^https?:$\",\"i\"),i=0;i<o.length;i++)o[i].style.display=\"none\";for(i=0;i<a.length;i++)s=a[i],e.source===s.contentWindow&&(s.removeAttribute(\"style\"),\"height\"===t.message?(1e3<(r=parseInt(t.value,10))?r=1e3:~~r<200&&(r=200),s.height=r):\"link\"===t.message&&(r=new URL(s.getAttribute(\"src\")),n=new URL(t.value),c.test(n.protocol))&&n.host===r.host&&l.activeElement===s&&(d.top.location.href=t.value))}},d.addEventListener(\"message\",d.wp.receiveEmbedMessage,!1),l.addEventListener(\"DOMContentLoaded\",function(){for(var e,t,s=l.querySelectorAll(\"iframe.wp-embedded-content\"),r=0;r<s.length;r++)(t=(e=s[r]).getAttribute(\"data-secret\"))||(t=Math.random().toString(36).substring(2,12),e.src+=\"#?secret=\"+t,e.setAttribute(\"data-secret\",t)),e.contentWindow.postMessage({message:\"ready\",secret:t},\"*\")},!1)))}(window,document);\n\/\/# sourceURL=https:\/\/retina.ch\/wp-includes\/js\/wp-embed.min.js\n<\/script>\n","thumbnail_url":"https:\/\/retina.ch\/wp-content\/uploads\/2024\/08\/pexels-kindelmedia-8093193-scaled.jpg","thumbnail_width":2560,"thumbnail_height":1920,"description":"Nous nous accordons une petite pause du 1er au 16 ao\u00fbt et ne sommes joignables que de mani\u00e8re limit\u00e9e pendant cette p\u00e9riode. Ne vous inqui\u00e9tez pas, vous pouvez toujours nous laisser un message sur le r\u00e9pondeur au 044 444 10 77 ou nous envoyer un e-mail \u00e0 info@retina.ch. Nous vous r\u00e9pondrons dans les plus brefs ..."}