{"id":20662,"date":"2025-02-19T14:12:58","date_gmt":"2025-02-19T13:12:58","guid":{"rendered":"https:\/\/retina.ch\/?post_type=agenda&#038;p=20662"},"modified":"2025-03-27T17:37:49","modified_gmt":"2025-03-27T16:37:49","slug":"webinaire-retinoblastome-diagnostic-precoce-et-traitements-actuels","status":"publish","type":"agenda","link":"https:\/\/retina.ch\/fr\/agenda\/webinaire-retinoblastome-diagnostic-precoce-et-traitements-actuels\/","title":{"rendered":"R\u00e9tinoblastome &#8211; diagnostic pr\u00e9coce et traitements actuels"},"content":{"rendered":"\n<p>Le r\u00e9tinoblastome est une forme rare de cancer de l\u2019\u0153il qui touche principalement les jeunes enfants, souvent avant l\u2019\u00e2ge de 3 ans.<\/p>\n\n\n\n<p>Le diagnostic pr\u00e9coce de la maladie est crucial pour augmenter les chances de gu\u00e9rison et limiter les complications, y compris la perte de vision et la propagation de la maladie.<\/p>\n\n\n\n<p>Au cours de ce webinaire, la <strong>Dresse Stathopoulos, responsable de l\u2019unit\u00e9 d\u2019oncologie oculaire p\u00e9diatrique \u00e0 l\u2019H\u00f4pital ophtalmique Jules-Gonin<\/strong>, reviendra sur les signes cliniques qui peuvent alerter sur la pr\u00e9sence de la maladie, m\u00eame \u00e0 un stade pr\u00e9coce. Elle expliquera \u00e9galement les traitements actuellement disponibles pour combattre cette maladie.<\/p>\n\n\n\n<figure class=\"wp-block-embed is-type-video is-provider-vimeo wp-block-embed-vimeo\"><div class=\"wp-block-embed__wrapper\">\n <div class=\"brlbs-cmpnt-container brlbs-cmpnt-content-blocker brlbs-cmpnt-with-individual-styles\" data-borlabs-cookie-content-blocker-id=\"vimeo-content-blocker\" data-borlabs-cookie-content=\"CjxkaXYgZGF0YS1tb2RlPSJub3JtYWwiIGRhdGEtb2VtYmVkPSIxIiBkYXRhLXByb3ZpZGVyPSJ2aW1lbyIgaWQ9ImFydmUtdmltZW8tMTA3MDAxNTk1NiIgY2xhc3M9ImFydmUiPgoJPGRpdiBjbGFzcz0iYXJ2ZS1pbm5lciI+CgkJPGRpdiBzdHlsZT0iYXNwZWN0LXJhdGlvOjM1MC8xOTciIGNsYXNzPSJhcnZlLWVtYmVkIGFydmUtZW1iZWQtLWhhcy1hc3BlY3QtcmF0aW8iPgoJCQk8ZGl2IGNsYXNzPSJhcnZlLWFyIiBzdHlsZT0icGFkZGluZy10b3A6NTYuMjg1NzE0JSI+PC9kaXY+CgkJCTxpZnJhbWUgYWxsb3c9ImFjY2VsZXJvbWV0ZXIgJmFwb3M7bm9uZSZhcG9zOzthdXRvcGxheSAmYXBvcztub25lJmFwb3M7O2JsdWV0b290aCAmYXBvcztub25lJmFwb3M7O2Jyb3dzaW5nLXRvcGljcyAmYXBvcztub25lJmFwb3M7O2NhbWVyYSAmYXBvcztub25lJmFwb3M7O2NsaXBib2FyZC1yZWFkICZhcG9zO25vbmUmYXBvczs7Y2xpcGJvYXJkLXdyaXRlO2Rpc3BsYXktY2FwdHVyZSAmYXBvcztub25lJmFwb3M7O2VuY3J5cHRlZC1tZWRpYSAmYXBvcztub25lJmFwb3M7O2dhbWVwYWQgJmFwb3M7bm9uZSZhcG9zOztnZW9sb2NhdGlvbiAmYXBvcztub25lJmFwb3M7O2d5cm9zY29wZSAmYXBvcztub25lJmFwb3M7O2hpZCAmYXBvcztub25lJmFwb3M7O2lkZW50aXR5LWNyZWRlbnRpYWxzLWdldCAmYXBvcztub25lJmFwb3M7O2lkbGUtZGV0ZWN0aW9uICZhcG9zO25vbmUmYXBvczs7a2V5Ym9hcmQtbWFwICZhcG9zO25vbmUmYXBvczs7bG9jYWwtZm9udHM7bWFnbmV0b21ldGVyICZhcG9zO25vbmUmYXBvczs7bWljcm9waG9uZSAmYXBvcztub25lJmFwb3M7O21pZGkgJmFwb3M7bm9uZSZhcG9zOztvdHAtY3JlZGVudGlhbHMgJmFwb3M7bm9uZSZhcG9zOztwYXltZW50ICZhcG9zO25vbmUmYXBvczs7cGljdHVyZS1pbi1waWN0dXJlO3B1YmxpY2tleS1jcmVkZW50aWFscy1jcmVhdGUgJmFwb3M7bm9uZSZhcG9zOztwdWJsaWNrZXktY3JlZGVudGlhbHMtZ2V0ICZhcG9zO25vbmUmYXBvczs7c2NyZWVuLXdha2UtbG9jayAmYXBvcztub25lJmFwb3M7O3NlcmlhbCAmYXBvcztub25lJmFwb3M7O3N1bW1hcml6ZXIgJmFwb3M7bm9uZSZhcG9zOztzeW5jLXhocjt1c2IgJmFwb3M7bm9uZSZhcG9zOzt3ZWItc2hhcmU7d2luZG93LW1hbmFnZW1lbnQgJmFwb3M7bm9uZSZhcG9zOzt4ci1zcGF0aWFsLXRyYWNraW5nICZhcG9zO25vbmUmYXBvczs7IiBhbGxvd2Z1bGxzY3JlZW49IiIgY2xhc3M9ImFydmUtaWZyYW1lIGZpdHZpZHNpZ25vcmUiIGNyZWRlbnRpYWxsZXNzIGRhdGEtYXJ2ZT0iYXJ2ZS12aW1lby0xMDcwMDE1OTU2IiBkYXRhLWxlbmlzLXByZXZlbnQ9IiIgZGF0YS1zcmMtbm8tYXA9Imh0dHBzOi8vcGxheWVyLnZpbWVvLmNvbS92aWRlby8xMDcwMDE1OTU2P3RyYW5zcGFyZW50PTAmYW1wO3RpdGxlPTEmYW1wO2J5bGluZT0wJmFtcDtwb3J0cmFpdD0wJmFtcDtkbnQ9MSZhbXA7YXV0b3BsYXk9MCIgZnJhbWVib3JkZXI9IjAiIGhlaWdodD0iMCIgbG9hZGluZz0ibGF6eSIgbmFtZT0iIiByZWZlcnJlcnBvbGljeT0ic3RyaWN0LW9yaWdpbi13aGVuLWNyb3NzLW9yaWdpbiIgc2FuZGJveD0iYWxsb3ctc2NyaXB0cyBhbGxvdy1zYW1lLW9yaWdpbiBhbGxvdy1wcmVzZW50YXRpb24gYWxsb3ctcG9wdXBzIGFsbG93LXBvcHVwcy10by1lc2NhcGUtc2FuZGJveCBhbGxvdy1mb3JtcyIgc2Nyb2xsaW5nPSJubyIgc3JjPSJodHRwczovL3BsYXllci52aW1lby5jb20vdmlkZW8vMTA3MDAxNTk1Nj90cmFuc3BhcmVudD0wJiMwMzg7dGl0bGU9MSYjMDM4O2J5bGluZT0wJiMwMzg7cG9ydHJhaXQ9MCYjMDM4O2RudD0xJiMwMzg7YXV0b3BsYXk9MCIgdGl0bGU9IiIgd2lkdGg9IjAiPjwvaWZyYW1lPgoJCQkKCQk8L2Rpdj4KCQkKCTwvZGl2PgoJCgkKCTxzY3JpcHQgdHlwZT0iYXBwbGljYXRpb24vbGQranNvbiI+eyJAY29udGV4dCI6Imh0dHA6XC9cL3NjaGVtYS5vcmdcLyIsIkBpZCI6Imh0dHBzOlwvXC9yZXRpbmEuY2hcL2ZyXC9hZ2VuZGFcL3dlYmluYWlyZS1yZXRpbm9ibGFzdG9tZS1kaWFnbm9zdGljLXByZWNvY2UtZXQtdHJhaXRlbWVudHMtYWN0dWVsc1wvI2FydmUtdmltZW8tMTA3MDAxNTk1NiIsInR5cGUiOiJWaWRlb09iamVjdCIsImVtYmVkVVJMIjoiaHR0cHM6XC9cL3BsYXllci52aW1lby5jb21cL3ZpZGVvXC8xMDcwMDE1OTU2P3RyYW5zcGFyZW50PTAmdGl0bGU9MSZieWxpbmU9MCZwb3J0cmFpdD0wJmRudD0xJmF1dG9wbGF5PTAifTwvc2NyaXB0PgoJCjwvZGl2Pg==\"><div class=\"brlbs-cmpnt-cb-preset-c brlbs-cmpnt-cb-vimeo\"> <div class=\"brlbs-cmpnt-cb-thumbnail\" style=\"background-image: url('https:\/\/retina.ch\/wp-content\/uploads\/borlabs-cookie\/1\/vimeo_1070015956.jpg')\"><\/div> <div class=\"brlbs-cmpnt-cb-main\"> <div class=\"brlbs-cmpnt-cb-play-button\"><\/div> <div class=\"brlbs-cmpnt-cb-content\"> <p class=\"brlbs-cmpnt-cb-description\">Vous \u00eates actuellement en train de consulter le contenu d&rsquo;un espace r\u00e9serv\u00e9 de <strong>Vimeo<\/strong>. Pour acc\u00e9der au contenu r\u00e9el, cliquez sur le bouton ci-dessous. Veuillez noter que ce faisant, des donn\u00e9es seront partag\u00e9es avec des providers tiers.<\/p> <a class=\"brlbs-cmpnt-cb-provider-toggle\" href=\"#\" data-borlabs-cookie-show-provider-information role=\"button\">Plus d&rsquo;informations<\/a> <\/div> <div class=\"brlbs-cmpnt-cb-buttons\"> <a class=\"brlbs-cmpnt-cb-btn\" href=\"#\" data-borlabs-cookie-unblock role=\"button\">D\u00e9bloquer le contenu<\/a> <a class=\"brlbs-cmpnt-cb-btn\" href=\"#\" data-borlabs-cookie-accept-service role=\"button\" style=\"display: inherit\">Accepter le service requis et d\u00e9bloquer les contenus<\/a> <\/div> <\/div> <\/div><\/div>\n<\/div><\/figure>\n\n\n\n<p>Regardez ici l\u2019enregistrement de la conf\u00e9rence avec Dr Christina Stathopoulos et Stephan H\u00fcsler, directeur de Retina Suisse.<\/p>\n\n\n\n<h4 class=\"wp-block-heading\">Pour plus d\u2019information:<\/h4>\n\n\n\n<ul class=\"wp-block-list\">\n<li>Webinaire \u00a0\u00bb\u00a0<a href=\"https:\/\/retina.ch\/fr\/agenda\/loeil-organe-de-la-vision\/\">L\u2019\u0153il, organe de la vision<\/a>\u00a0\u00a0\u00bb du 29.10.2020<\/li>\n\n\n\n<li>Webinaire \u00a0\u00bb&nbsp;<a href=\"https:\/\/retina.ch\/agenda\/webinaire-le-genome-une-bibliotheque-constituee-de-seulement-4-lettres\/\">Le g\u00e9nome \u2013 une biblioth\u00e8que constitu\u00e9e de seulement 4 lettres<\/a> \u00a0\u00bb du 12.11.2020<\/li>\n\n\n\n<li>Webinaire \u00a0\u00bb&nbsp;<a href=\"https:\/\/retina.ch\/agenda\/webinaire-une-banque-de-donnees-pour-patients\/\">Une banque de donn\u00e9es pour patients ?<\/a> \u00a0\u00bb du 26.11.2020<\/li>\n<\/ul>\n\n\n\n<div class=\"wp-block-columns icon-block is-layout-flex wp-container-core-columns-is-layout-9d6595d7 wp-block-columns-is-layout-flex\">\n<div class=\"wp-block-column is-layout-flow wp-block-column-is-layout-flow\"><span class='maxbutton-6-container mb-container'><a class=\"maxbutton-6 maxbutton maxbutton-beratung-anmelden\" title=\"Pers\u00f6nliche Beratung Anmelden\" href=\"\/beratungen\/individuelle-beratung\/\" data-maxbuttoncounter=\"{&quot;button_id&quot;:&quot;6&quot;,&quot;url&quot;:&quot;\\\/beratungen\\\/individuelle-beratung\\\/&quot;,&quot;check&quot;:&quot;bWuaKQZn&quot;}\" data-maxbuttonpage=\"{&quot;id&quot;:20662,&quot;type&quot;:&quot;agenda&quot;}\"><span class=\"mb-icon\"><img loading=\"lazy\" decoding=\"async\" class=\"mb-img\" src=\"https:\/\/retina.ch\/wp-content\/uploads\/2020\/10\/icon-comments-black-400x356.png\" title=\"icon-comments-black\" width=\"400\" height=\"356\"   border=\"0\" \/><\/span><span class=\"mb-icon-hover\"><img loading=\"lazy\" decoding=\"async\" class=\"mb-img-hover\" src=\"https:\/\/retina.ch\/wp-content\/uploads\/2020\/10\/icon-comments-yellow-400x356.png\" title=\"icon-comments-black\" width=\"576\" height=\"512\"   border=\"0\" \/><\/span><span class='mb-text' >S&#039;inscrire pour<\/span><span class=\"mb-text2\"  >une consultation<\/span><\/a><\/span>\n<\/div>\n\n\n\n<div class=\"wp-block-column is-layout-flow wp-block-column-is-layout-flow\"><span class='maxbutton-7-container mb-container'><a class=\"maxbutton-7 maxbutton maxbutton-kontakt\" title=\"Retina Suisse Kontakt\" href=\"\/kontakt\/\" data-maxbuttoncounter=\"{&quot;button_id&quot;:&quot;7&quot;,&quot;url&quot;:&quot;\\\/kontakt\\\/&quot;,&quot;check&quot;:&quot;Ot5xIOiH&quot;}\" data-maxbuttonpage=\"{&quot;id&quot;:20662,&quot;type&quot;:&quot;agenda&quot;}\"><span class=\"mb-icon\"><img loading=\"lazy\" decoding=\"async\" class=\"mb-img\" src=\"https:\/\/retina.ch\/wp-content\/uploads\/2020\/10\/icon-phone-black-400x400.png\" title=\"icon-phone-black\" width=\"400\" height=\"400\"   border=\"0\" \/><\/span><span class=\"mb-icon-hover\"><img loading=\"lazy\" decoding=\"async\" class=\"mb-img-hover\" src=\"https:\/\/retina.ch\/wp-content\/uploads\/2020\/10\/icon-phone-yellow-400x400.png\" title=\"icon-phone-black\" width=\"512\" height=\"512\"   border=\"0\" \/><\/span><span class='mb-text' >Retina Suisse<\/span><span class=\"mb-text2\"  >Contact<\/span><\/a><\/span>\n<\/div>\n\n\n\n<div class=\"wp-block-column is-layout-flow wp-block-column-is-layout-flow\"><span class='maxbutton-3-container mb-container'><a class=\"maxbutton-3 maxbutton maxbutton-retina-suisse-mitgliedschaft\" title=\"Retina Suisse Mitgliedschaft\" href=\"\/mitgliedschaft\/\" data-maxbuttoncounter=\"{&quot;button_id&quot;:&quot;3&quot;,&quot;url&quot;:&quot;\\\/mitgliedschaft\\\/&quot;,&quot;check&quot;:&quot;Rweb1zDP&quot;}\" data-maxbuttonpage=\"{&quot;id&quot;:20662,&quot;type&quot;:&quot;agenda&quot;}\"><span class=\"mb-icon\"><img loading=\"lazy\" decoding=\"async\" class=\"mb-img\" src=\"https:\/\/retina.ch\/wp-content\/uploads\/2020\/10\/icon-users.png\" title=\"icon-users\" width=\"640\" height=\"512\"   border=\"0\" \/><\/span><span class=\"mb-icon-hover\"><img loading=\"lazy\" decoding=\"async\" class=\"mb-img-hover\" src=\"https:\/\/retina.ch\/wp-content\/uploads\/2020\/10\/icon-users-yellow.png\" title=\"icon-users\" width=\"640\" height=\"512\"   border=\"0\" \/><\/span><span class='mb-text' >Adh\u00e9rer \u00e0<\/span><span class=\"mb-text2\"  >Retina Suisse<\/span><\/a><\/span>\n<\/div>\n<\/div>\n","protected":false},"excerpt":{"rendered":"<p>Le r\u00e9tinoblastome est une forme rare de cancer de l\u2019\u0153il qui touche principalement les jeunes enfants, souvent avant l\u2019\u00e2ge de 3 ans.<\/p>\n<p>Le diagnostic pr\u00e9coce de la maladie est crucial pour augmenter les chances de gu\u00e9rison et limiter les complications, y compris la perte de vision et la propagation de la maladie.<\/p>\n","protected":false},"featured_media":20663,"template":"","meta":{"_acf_changed":false,"inline_featured_image":false,"_FSMCFIC_featured_image_caption":"","_FSMCFIC_featured_image_nocaption":"","_FSMCFIC_featured_image_hide":"1","footnotes":"","_links_to":"","_links_to_target":""},"categories":[74],"class_list":["post-20662","agenda","type-agenda","status-publish","has-post-thumbnail","hentry","category-webinar"],"acf":[],"yoast_head":"<!-- This site is optimized with the Yoast SEO plugin v27.1.1 - https:\/\/yoast.com\/product\/yoast-seo-wordpress\/ -->\n<title>R\u00e9tinoblastome - diagnostic pr\u00e9coce et traitements actuels &#8226; Retina Suisse<\/title>\n<meta name=\"description\" content=\"Le 20.3.25, apprenez-en plus sur le r\u00e9tinoblastome - une forme rare de cancer de l&#039;\u0153il qui touche principalement les jeunes enfants.\" \/>\n<meta name=\"robots\" content=\"index, follow, max-snippet:-1, max-image-preview:large, max-video-preview:-1\" \/>\n<link rel=\"canonical\" href=\"https:\/\/retina.ch\/fr\/agenda\/webinaire-retinoblastome-diagnostic-precoce-et-traitements-actuels\/\" \/>\n<meta property=\"og:locale\" content=\"fr_FR\" \/>\n<meta property=\"og:type\" content=\"article\" \/>\n<meta property=\"og:title\" content=\"R\u00e9tinoblastome - diagnostic pr\u00e9coce et traitements actuels &#8226; Retina Suisse\" \/>\n<meta property=\"og:description\" content=\"Le 20.3.25, apprenez-en plus sur le r\u00e9tinoblastome - une forme rare de cancer de l&#039;\u0153il qui touche principalement les jeunes enfants.\" \/>\n<meta property=\"og:url\" content=\"https:\/\/retina.ch\/fr\/agenda\/webinaire-retinoblastome-diagnostic-precoce-et-traitements-actuels\/\" \/>\n<meta property=\"og:site_name\" content=\"Retina Suisse\" \/>\n<meta property=\"article:publisher\" content=\"https:\/\/www.facebook.com\/retinasuisse\/\" \/>\n<meta property=\"article:modified_time\" content=\"2025-03-27T16:37:49+00:00\" \/>\n<meta property=\"og:image\" content=\"https:\/\/retina.ch\/wp-content\/uploads\/2025\/02\/ktg-switzerland-helpstop-french-fbcrop.png\" \/>\n\t<meta property=\"og:image:width\" content=\"1080\" \/>\n\t<meta property=\"og:image:height\" content=\"1080\" \/>\n\t<meta property=\"og:image:type\" content=\"image\/png\" \/>\n<meta name=\"twitter:card\" content=\"summary_large_image\" \/>\n<meta name=\"twitter:label1\" content=\"Dur\u00e9e de lecture estim\u00e9e\" \/>\n\t<meta name=\"twitter:data1\" content=\"2 minutes\" \/>\n<script type=\"application\/ld+json\" class=\"yoast-schema-graph\">{\"@context\":\"https:\/\/schema.org\",\"@graph\":[{\"@type\":\"WebPage\",\"@id\":\"https:\/\/retina.ch\/fr\/agenda\/webinaire-retinoblastome-diagnostic-precoce-et-traitements-actuels\/\",\"url\":\"https:\/\/retina.ch\/fr\/agenda\/webinaire-retinoblastome-diagnostic-precoce-et-traitements-actuels\/\",\"name\":\"R\u00e9tinoblastome - diagnostic pr\u00e9coce et traitements actuels &#8226; Retina Suisse\",\"isPartOf\":{\"@id\":\"https:\/\/retina.ch\/fr\/#website\"},\"primaryImageOfPage\":{\"@id\":\"https:\/\/retina.ch\/fr\/agenda\/webinaire-retinoblastome-diagnostic-precoce-et-traitements-actuels\/#primaryimage\"},\"image\":{\"@id\":\"https:\/\/retina.ch\/fr\/agenda\/webinaire-retinoblastome-diagnostic-precoce-et-traitements-actuels\/#primaryimage\"},\"thumbnailUrl\":\"https:\/\/retina.ch\/wp-content\/uploads\/2025\/02\/ktg-switzerland-helpstop-french-fbcrop.png\",\"datePublished\":\"2025-02-19T13:12:58+00:00\",\"dateModified\":\"2025-03-27T16:37:49+00:00\",\"description\":\"Le 20.3.25, apprenez-en plus sur le r\u00e9tinoblastome - une forme rare de cancer de l'\u0153il qui touche principalement les jeunes enfants.\",\"breadcrumb\":{\"@id\":\"https:\/\/retina.ch\/fr\/agenda\/webinaire-retinoblastome-diagnostic-precoce-et-traitements-actuels\/#breadcrumb\"},\"inLanguage\":\"fr-FR\",\"potentialAction\":[{\"@type\":\"ReadAction\",\"target\":[\"https:\/\/retina.ch\/fr\/agenda\/webinaire-retinoblastome-diagnostic-precoce-et-traitements-actuels\/\"]}]},{\"@type\":\"ImageObject\",\"inLanguage\":\"fr-FR\",\"@id\":\"https:\/\/retina.ch\/fr\/agenda\/webinaire-retinoblastome-diagnostic-precoce-et-traitements-actuels\/#primaryimage\",\"url\":\"https:\/\/retina.ch\/wp-content\/uploads\/2025\/02\/ktg-switzerland-helpstop-french-fbcrop.png\",\"contentUrl\":\"https:\/\/retina.ch\/wp-content\/uploads\/2025\/02\/ktg-switzerland-helpstop-french-fbcrop.png\",\"width\":1080,\"height\":1080,\"caption\":\"Petit enfant portant une veste de broderie blanche avec des rayures bleues et orange. L'enfant a les yeux bleus, une reflet blanche est visible dans l'\u0153il gauche. En bas \u00e0 gauche, on peut lire \u00ab Aidez-nous \u00e0 \u00e9radiquer la c\u00e9cit\u00e9 infantile \u00bb.\"},{\"@type\":\"BreadcrumbList\",\"@id\":\"https:\/\/retina.ch\/fr\/agenda\/webinaire-retinoblastome-diagnostic-precoce-et-traitements-actuels\/#breadcrumb\",\"itemListElement\":[{\"@type\":\"ListItem\",\"position\":1,\"name\":\"Retina Suisse\",\"item\":\"https:\/\/retina.ch\/fr\/\"},{\"@type\":\"ListItem\",\"position\":2,\"name\":\"R\u00e9tinoblastome &#8211; diagnostic pr\u00e9coce et traitements actuels\"}]},{\"@type\":\"WebSite\",\"@id\":\"https:\/\/retina.ch\/fr\/#website\",\"url\":\"https:\/\/retina.ch\/fr\/\",\"name\":\"Retina Suisse\",\"description\":\"Retina Suisse ist die Vereinigung von Patientinnen und Patienten mit Retinitis pigmentosa (RP), Makuladegeneration, Usher-Syndrom und anderen Erkrankungen des Augenhintergrundes.\",\"publisher\":{\"@id\":\"https:\/\/retina.ch\/fr\/#organization\"},\"potentialAction\":[{\"@type\":\"SearchAction\",\"target\":{\"@type\":\"EntryPoint\",\"urlTemplate\":\"https:\/\/retina.ch\/fr\/?s={search_term_string}\"},\"query-input\":{\"@type\":\"PropertyValueSpecification\",\"valueRequired\":true,\"valueName\":\"search_term_string\"}}],\"inLanguage\":\"fr-FR\"},{\"@type\":\"Organization\",\"@id\":\"https:\/\/retina.ch\/fr\/#organization\",\"name\":\"Retina Suisse\",\"url\":\"https:\/\/retina.ch\/fr\/\",\"logo\":{\"@type\":\"ImageObject\",\"inLanguage\":\"fr-FR\",\"@id\":\"https:\/\/retina.ch\/fr\/#\/schema\/logo\/image\/\",\"url\":\"https:\/\/retina.ch\/wp-content\/uploads\/2020\/09\/retina-auge-typo.svg\",\"contentUrl\":\"https:\/\/retina.ch\/wp-content\/uploads\/2020\/09\/retina-auge-typo.svg\",\"width\":\"1024\",\"height\":\"1024\",\"caption\":\"Retina Suisse\"},\"image\":{\"@id\":\"https:\/\/retina.ch\/fr\/#\/schema\/logo\/image\/\"},\"sameAs\":[\"https:\/\/www.facebook.com\/retinasuisse\/\"]}]}<\/script>\n<!-- \/ Yoast SEO plugin. -->","yoast_head_json":{"title":"R\u00e9tinoblastome - diagnostic pr\u00e9coce et traitements actuels &#8226; Retina Suisse","description":"Le 20.3.25, apprenez-en plus sur le r\u00e9tinoblastome - une forme rare de cancer de l'\u0153il qui touche principalement les jeunes enfants.","robots":{"index":"index","follow":"follow","max-snippet":"max-snippet:-1","max-image-preview":"max-image-preview:large","max-video-preview":"max-video-preview:-1"},"canonical":"https:\/\/retina.ch\/fr\/agenda\/webinaire-retinoblastome-diagnostic-precoce-et-traitements-actuels\/","og_locale":"fr_FR","og_type":"article","og_title":"R\u00e9tinoblastome - diagnostic pr\u00e9coce et traitements actuels &#8226; Retina Suisse","og_description":"Le 20.3.25, apprenez-en plus sur le r\u00e9tinoblastome - une forme rare de cancer de l'\u0153il qui touche principalement les jeunes enfants.","og_url":"https:\/\/retina.ch\/fr\/agenda\/webinaire-retinoblastome-diagnostic-precoce-et-traitements-actuels\/","og_site_name":"Retina Suisse","article_publisher":"https:\/\/www.facebook.com\/retinasuisse\/","article_modified_time":"2025-03-27T16:37:49+00:00","og_image":[{"url":"https:\/\/retina.ch\/wp-content\/uploads\/2025\/02\/ktg-switzerland-helpstop-french-fbcrop.png","width":1080,"height":1080,"type":"image\/png"}],"twitter_card":"summary_large_image","twitter_misc":{"Dur\u00e9e de lecture estim\u00e9e":"2 minutes"},"schema":{"@context":"https:\/\/schema.org","@graph":[{"@type":"WebPage","@id":"https:\/\/retina.ch\/fr\/agenda\/webinaire-retinoblastome-diagnostic-precoce-et-traitements-actuels\/","url":"https:\/\/retina.ch\/fr\/agenda\/webinaire-retinoblastome-diagnostic-precoce-et-traitements-actuels\/","name":"R\u00e9tinoblastome - diagnostic pr\u00e9coce et traitements actuels &#8226; Retina Suisse","isPartOf":{"@id":"https:\/\/retina.ch\/fr\/#website"},"primaryImageOfPage":{"@id":"https:\/\/retina.ch\/fr\/agenda\/webinaire-retinoblastome-diagnostic-precoce-et-traitements-actuels\/#primaryimage"},"image":{"@id":"https:\/\/retina.ch\/fr\/agenda\/webinaire-retinoblastome-diagnostic-precoce-et-traitements-actuels\/#primaryimage"},"thumbnailUrl":"https:\/\/retina.ch\/wp-content\/uploads\/2025\/02\/ktg-switzerland-helpstop-french-fbcrop.png","datePublished":"2025-02-19T13:12:58+00:00","dateModified":"2025-03-27T16:37:49+00:00","description":"Le 20.3.25, apprenez-en plus sur le r\u00e9tinoblastome - une forme rare de cancer de l'\u0153il qui touche principalement les jeunes enfants.","breadcrumb":{"@id":"https:\/\/retina.ch\/fr\/agenda\/webinaire-retinoblastome-diagnostic-precoce-et-traitements-actuels\/#breadcrumb"},"inLanguage":"fr-FR","potentialAction":[{"@type":"ReadAction","target":["https:\/\/retina.ch\/fr\/agenda\/webinaire-retinoblastome-diagnostic-precoce-et-traitements-actuels\/"]}]},{"@type":"ImageObject","inLanguage":"fr-FR","@id":"https:\/\/retina.ch\/fr\/agenda\/webinaire-retinoblastome-diagnostic-precoce-et-traitements-actuels\/#primaryimage","url":"https:\/\/retina.ch\/wp-content\/uploads\/2025\/02\/ktg-switzerland-helpstop-french-fbcrop.png","contentUrl":"https:\/\/retina.ch\/wp-content\/uploads\/2025\/02\/ktg-switzerland-helpstop-french-fbcrop.png","width":1080,"height":1080,"caption":"Petit enfant portant une veste de broderie blanche avec des rayures bleues et orange. L'enfant a les yeux bleus, une reflet blanche est visible dans l'\u0153il gauche. En bas \u00e0 gauche, on peut lire \u00ab Aidez-nous \u00e0 \u00e9radiquer la c\u00e9cit\u00e9 infantile \u00bb."},{"@type":"BreadcrumbList","@id":"https:\/\/retina.ch\/fr\/agenda\/webinaire-retinoblastome-diagnostic-precoce-et-traitements-actuels\/#breadcrumb","itemListElement":[{"@type":"ListItem","position":1,"name":"Retina Suisse","item":"https:\/\/retina.ch\/fr\/"},{"@type":"ListItem","position":2,"name":"R\u00e9tinoblastome &#8211; diagnostic pr\u00e9coce et traitements actuels"}]},{"@type":"WebSite","@id":"https:\/\/retina.ch\/fr\/#website","url":"https:\/\/retina.ch\/fr\/","name":"Retina Suisse","description":"Retina Suisse ist die Vereinigung von Patientinnen und Patienten mit Retinitis pigmentosa (RP), Makuladegeneration, Usher-Syndrom und anderen Erkrankungen des Augenhintergrundes.","publisher":{"@id":"https:\/\/retina.ch\/fr\/#organization"},"potentialAction":[{"@type":"SearchAction","target":{"@type":"EntryPoint","urlTemplate":"https:\/\/retina.ch\/fr\/?s={search_term_string}"},"query-input":{"@type":"PropertyValueSpecification","valueRequired":true,"valueName":"search_term_string"}}],"inLanguage":"fr-FR"},{"@type":"Organization","@id":"https:\/\/retina.ch\/fr\/#organization","name":"Retina Suisse","url":"https:\/\/retina.ch\/fr\/","logo":{"@type":"ImageObject","inLanguage":"fr-FR","@id":"https:\/\/retina.ch\/fr\/#\/schema\/logo\/image\/","url":"https:\/\/retina.ch\/wp-content\/uploads\/2020\/09\/retina-auge-typo.svg","contentUrl":"https:\/\/retina.ch\/wp-content\/uploads\/2020\/09\/retina-auge-typo.svg","width":"1024","height":"1024","caption":"Retina Suisse"},"image":{"@id":"https:\/\/retina.ch\/fr\/#\/schema\/logo\/image\/"},"sameAs":["https:\/\/www.facebook.com\/retinasuisse\/"]}]}},"_links":{"self":[{"href":"https:\/\/retina.ch\/fr\/wp-json\/wp\/v2\/agenda\/20662","targetHints":{"allow":["GET"]}}],"collection":[{"href":"https:\/\/retina.ch\/fr\/wp-json\/wp\/v2\/agenda"}],"about":[{"href":"https:\/\/retina.ch\/fr\/wp-json\/wp\/v2\/types\/agenda"}],"version-history":[{"count":10,"href":"https:\/\/retina.ch\/fr\/wp-json\/wp\/v2\/agenda\/20662\/revisions"}],"predecessor-version":[{"id":21519,"href":"https:\/\/retina.ch\/fr\/wp-json\/wp\/v2\/agenda\/20662\/revisions\/21519"}],"wp:featuredmedia":[{"embeddable":true,"href":"https:\/\/retina.ch\/fr\/wp-json\/wp\/v2\/media\/20663"}],"wp:attachment":[{"href":"https:\/\/retina.ch\/fr\/wp-json\/wp\/v2\/media?parent=20662"}],"wp:term":[{"taxonomy":"category","embeddable":true,"href":"https:\/\/retina.ch\/fr\/wp-json\/wp\/v2\/categories?post=20662"}],"curies":[{"name":"wp","href":"https:\/\/api.w.org\/{rel}","templated":true}]}}