{"id":23636,"date":"2025-09-24T13:59:25","date_gmt":"2025-09-24T11:59:25","guid":{"rendered":"https:\/\/retina.ch\/?post_type=agenda&#038;p=23636"},"modified":"2025-11-17T11:30:21","modified_gmt":"2025-11-17T10:30:21","slug":"diagnostic-et-therapies-pour-les-degenerescences-retiniennes-hereditaires-sceance-dinformation-a-neuchatel","status":"publish","type":"agenda","link":"https:\/\/retina.ch\/fr\/agenda\/diagnostic-et-therapies-pour-les-degenerescences-retiniennes-hereditaires-sceance-dinformation-a-neuchatel\/","title":{"rendered":"Diagnostic et th\u00e9rapies pour les d\u00e9g\u00e9n\u00e9rescences r\u00e9tiniennes h\u00e9r\u00e9ditaires : S\u00e9ance d&rsquo;information \u00e0 Neuch\u00e2tel"},"content":{"rendered":"\n<p>Au cours des derni\u00e8res ann\u00e9es, les avanc\u00e9es dans ce domaine \u2013 qu\u2019il s\u2019agisse de la <strong><a href=\"https:\/\/retina.ch\/fr\/degenerescences-retiniennes\/retinite-pigmentaire\/\">r\u00e9tinite pigmentaire<\/a><\/strong>, de la <strong><a href=\"https:\/\/retina.ch\/fr\/degenerescences-retiniennes\/morbus-stargardt\/\">maladie de Stargardt<\/a><\/strong> ou du <strong><a href=\"https:\/\/retina.ch\/fr\/degenerescences-retiniennes\/syndrome-dusher\/\">syndrome d\u2019Usher<\/a><\/strong> \u2013 ont \u00e9t\u00e9 remarquables. La premi\u00e8re th\u00e9rapie pour une forme de r\u00e9tinite pigmentaire a \u00e9t\u00e9 approuv\u00e9e en 2018 et est \u00e9galement disponible en Suisse. Aujourd\u2019hui, plus de vingt essais th\u00e9rapeutiques sont en cours pour diff\u00e9rentes formes de d\u00e9g\u00e9n\u00e9rescences r\u00e9tiniennes h\u00e9r\u00e9ditaires. Qu\u2019est-ce que cela signifie pour les personnes concern\u00e9es, leurs familles et les professionnels de sant\u00e9 qui les accompagnent ?<\/p>\n\n\n\n<p>Madame Rania Python et Madame Christina Fasser en coop\u00e9ration avec <a href=\"https:\/\/centrevue.ch\/\">Centrevue<\/a> vous pr\u00e9senteront un \u00e9tat des lieux et r\u00e9pondront \u00e0 vos questions.<\/p>\n","protected":false},"excerpt":{"rendered":"<p>Au cours des derni\u00e8res ann\u00e9es, les avanc\u00e9es dans le domaine des d\u00e9g\u00e9n\u00e9rences r\u00e9tiniennes h\u00e9r\u00e9ditaires ont \u00e9t\u00e9 remarquables. Aujourd\u2019hui, plus de vingt essais th\u00e9rapeutiques sont en cours pour diff\u00e9rentes formes de d\u00e9g\u00e9n\u00e9rescences r\u00e9tiniennes h\u00e9r\u00e9ditaires. Qu\u2019est-ce que cela signifie pour les personnes concern\u00e9es, leurs familles et les professionnels de sant\u00e9 qui les accompagnent ?<\/p>\n","protected":false},"featured_media":23641,"template":"","meta":{"_acf_changed":false,"inline_featured_image":false,"_FSMCFIC_featured_image_caption":"","_FSMCFIC_featured_image_nocaption":"","_FSMCFIC_featured_image_hide":"","footnotes":"","_links_to":"","_links_to_target":""},"categories":[113,105,62,64],"class_list":["post-23636","agenda","type-agenda","status-publish","has-post-thumbnail","hentry","category-dystrophie-des-cones-et-des-batonnets","category-morbus-stargardt-fr","category-retinite-pigmentaire","category-syndrome-usher"],"acf":[],"yoast_head":"<!-- This site is optimized with the Yoast SEO plugin v27.1.1 - https:\/\/yoast.com\/product\/yoast-seo-wordpress\/ -->\n<title>Diagnostic et th\u00e9rapies pour les d\u00e9g\u00e9n\u00e9rescences r\u00e9tiniennes h\u00e9r\u00e9ditaires : S\u00e9ance d&#039;information \u00e0 Neuch\u00e2tel &#8226; Retina Suisse<\/title>\n<meta name=\"description\" content=\"\u00c0 Neuch\u00e2tel, d\u00e9couvrez les progr\u00e8s r\u00e9alis\u00e9s ainsi que les avanc\u00e9es de la recherche dans le domaine des maladies r\u00e9tiniennes h\u00e9r\u00e9ditaires.\" \/>\n<meta name=\"robots\" content=\"index, follow, max-snippet:-1, max-image-preview:large, max-video-preview:-1\" \/>\n<link rel=\"canonical\" href=\"https:\/\/retina.ch\/fr\/agenda\/diagnostic-et-therapies-pour-les-degenerescences-retiniennes-hereditaires-sceance-dinformation-a-neuchatel\/\" \/>\n<meta property=\"og:locale\" content=\"fr_FR\" \/>\n<meta property=\"og:type\" content=\"article\" \/>\n<meta property=\"og:title\" content=\"Diagnostic et th\u00e9rapies pour les d\u00e9g\u00e9n\u00e9rescences r\u00e9tiniennes h\u00e9r\u00e9ditaires : S\u00e9ance d&#039;information \u00e0 Neuch\u00e2tel &#8226; Retina Suisse\" \/>\n<meta property=\"og:description\" content=\"\u00c0 Neuch\u00e2tel, d\u00e9couvrez les progr\u00e8s r\u00e9alis\u00e9s ainsi que les avanc\u00e9es de la recherche dans le domaine des maladies r\u00e9tiniennes h\u00e9r\u00e9ditaires.\" \/>\n<meta property=\"og:url\" content=\"https:\/\/retina.ch\/fr\/agenda\/diagnostic-et-therapies-pour-les-degenerescences-retiniennes-hereditaires-sceance-dinformation-a-neuchatel\/\" \/>\n<meta property=\"og:site_name\" content=\"Retina Suisse\" \/>\n<meta property=\"article:publisher\" content=\"https:\/\/www.facebook.com\/retinasuisse\/\" \/>\n<meta property=\"article:modified_time\" content=\"2025-11-17T10:30:21+00:00\" \/>\n<meta property=\"og:image\" content=\"https:\/\/retina.ch\/wp-content\/uploads\/2025\/09\/pexels-pavel-danilyuk-5996703-scaled.jpg\" \/>\n\t<meta property=\"og:image:width\" content=\"2560\" \/>\n\t<meta property=\"og:image:height\" content=\"1709\" \/>\n\t<meta property=\"og:image:type\" content=\"image\/jpeg\" \/>\n<meta name=\"twitter:card\" content=\"summary_large_image\" \/>\n<meta name=\"twitter:label1\" content=\"Dur\u00e9e de lecture estim\u00e9e\" \/>\n\t<meta name=\"twitter:data1\" content=\"1 minute\" \/>\n<script type=\"application\/ld+json\" class=\"yoast-schema-graph\">{\"@context\":\"https:\/\/schema.org\",\"@graph\":[{\"@type\":\"WebPage\",\"@id\":\"https:\/\/retina.ch\/fr\/agenda\/diagnostic-et-therapies-pour-les-degenerescences-retiniennes-hereditaires-sceance-dinformation-a-neuchatel\/\",\"url\":\"https:\/\/retina.ch\/fr\/agenda\/diagnostic-et-therapies-pour-les-degenerescences-retiniennes-hereditaires-sceance-dinformation-a-neuchatel\/\",\"name\":\"Diagnostic et th\u00e9rapies pour les d\u00e9g\u00e9n\u00e9rescences r\u00e9tiniennes h\u00e9r\u00e9ditaires : S\u00e9ance d'information \u00e0 Neuch\u00e2tel &#8226; Retina Suisse\",\"isPartOf\":{\"@id\":\"https:\/\/retina.ch\/fr\/#website\"},\"primaryImageOfPage\":{\"@id\":\"https:\/\/retina.ch\/fr\/agenda\/diagnostic-et-therapies-pour-les-degenerescences-retiniennes-hereditaires-sceance-dinformation-a-neuchatel\/#primaryimage\"},\"image\":{\"@id\":\"https:\/\/retina.ch\/fr\/agenda\/diagnostic-et-therapies-pour-les-degenerescences-retiniennes-hereditaires-sceance-dinformation-a-neuchatel\/#primaryimage\"},\"thumbnailUrl\":\"https:\/\/retina.ch\/wp-content\/uploads\/2025\/09\/pexels-pavel-danilyuk-5996703-scaled.jpg\",\"datePublished\":\"2025-09-24T11:59:25+00:00\",\"dateModified\":\"2025-11-17T10:30:21+00:00\",\"description\":\"\u00c0 Neuch\u00e2tel, d\u00e9couvrez les progr\u00e8s r\u00e9alis\u00e9s ainsi que les avanc\u00e9es de la recherche dans le domaine des maladies r\u00e9tiniennes h\u00e9r\u00e9ditaires.\",\"breadcrumb\":{\"@id\":\"https:\/\/retina.ch\/fr\/agenda\/diagnostic-et-therapies-pour-les-degenerescences-retiniennes-hereditaires-sceance-dinformation-a-neuchatel\/#breadcrumb\"},\"inLanguage\":\"fr-FR\",\"potentialAction\":[{\"@type\":\"ReadAction\",\"target\":[\"https:\/\/retina.ch\/fr\/agenda\/diagnostic-et-therapies-pour-les-degenerescences-retiniennes-hereditaires-sceance-dinformation-a-neuchatel\/\"]}]},{\"@type\":\"ImageObject\",\"inLanguage\":\"fr-FR\",\"@id\":\"https:\/\/retina.ch\/fr\/agenda\/diagnostic-et-therapies-pour-les-degenerescences-retiniennes-hereditaires-sceance-dinformation-a-neuchatel\/#primaryimage\",\"url\":\"https:\/\/retina.ch\/wp-content\/uploads\/2025\/09\/pexels-pavel-danilyuk-5996703-scaled.jpg\",\"contentUrl\":\"https:\/\/retina.ch\/wp-content\/uploads\/2025\/09\/pexels-pavel-danilyuk-5996703-scaled.jpg\",\"width\":2560,\"height\":1709,\"caption\":\"Les yeux d'une jeune fille sont examin\u00e9s \u00e0 l'aide d'une lampe \u00e0 fente.\"},{\"@type\":\"BreadcrumbList\",\"@id\":\"https:\/\/retina.ch\/fr\/agenda\/diagnostic-et-therapies-pour-les-degenerescences-retiniennes-hereditaires-sceance-dinformation-a-neuchatel\/#breadcrumb\",\"itemListElement\":[{\"@type\":\"ListItem\",\"position\":1,\"name\":\"Retina Suisse\",\"item\":\"https:\/\/retina.ch\/fr\/\"},{\"@type\":\"ListItem\",\"position\":2,\"name\":\"Diagnostic et th\u00e9rapies pour les d\u00e9g\u00e9n\u00e9rescences r\u00e9tiniennes h\u00e9r\u00e9ditaires : S\u00e9ance d&#8217;information \u00e0 Neuch\u00e2tel\"}]},{\"@type\":\"WebSite\",\"@id\":\"https:\/\/retina.ch\/fr\/#website\",\"url\":\"https:\/\/retina.ch\/fr\/\",\"name\":\"Retina Suisse\",\"description\":\"Retina Suisse ist die Vereinigung von Patientinnen und Patienten mit Retinitis pigmentosa (RP), Makuladegeneration, Usher-Syndrom und anderen Erkrankungen des Augenhintergrundes.\",\"publisher\":{\"@id\":\"https:\/\/retina.ch\/fr\/#organization\"},\"potentialAction\":[{\"@type\":\"SearchAction\",\"target\":{\"@type\":\"EntryPoint\",\"urlTemplate\":\"https:\/\/retina.ch\/fr\/?s={search_term_string}\"},\"query-input\":{\"@type\":\"PropertyValueSpecification\",\"valueRequired\":true,\"valueName\":\"search_term_string\"}}],\"inLanguage\":\"fr-FR\"},{\"@type\":\"Organization\",\"@id\":\"https:\/\/retina.ch\/fr\/#organization\",\"name\":\"Retina Suisse\",\"url\":\"https:\/\/retina.ch\/fr\/\",\"logo\":{\"@type\":\"ImageObject\",\"inLanguage\":\"fr-FR\",\"@id\":\"https:\/\/retina.ch\/fr\/#\/schema\/logo\/image\/\",\"url\":\"https:\/\/retina.ch\/wp-content\/uploads\/2020\/09\/retina-auge-typo.svg\",\"contentUrl\":\"https:\/\/retina.ch\/wp-content\/uploads\/2020\/09\/retina-auge-typo.svg\",\"width\":\"1024\",\"height\":\"1024\",\"caption\":\"Retina Suisse\"},\"image\":{\"@id\":\"https:\/\/retina.ch\/fr\/#\/schema\/logo\/image\/\"},\"sameAs\":[\"https:\/\/www.facebook.com\/retinasuisse\/\"]}]}<\/script>\n<!-- \/ Yoast SEO plugin. -->","yoast_head_json":{"title":"Diagnostic et th\u00e9rapies pour les d\u00e9g\u00e9n\u00e9rescences r\u00e9tiniennes h\u00e9r\u00e9ditaires : S\u00e9ance d'information \u00e0 Neuch\u00e2tel &#8226; Retina Suisse","description":"\u00c0 Neuch\u00e2tel, d\u00e9couvrez les progr\u00e8s r\u00e9alis\u00e9s ainsi que les avanc\u00e9es de la recherche dans le domaine des maladies r\u00e9tiniennes h\u00e9r\u00e9ditaires.","robots":{"index":"index","follow":"follow","max-snippet":"max-snippet:-1","max-image-preview":"max-image-preview:large","max-video-preview":"max-video-preview:-1"},"canonical":"https:\/\/retina.ch\/fr\/agenda\/diagnostic-et-therapies-pour-les-degenerescences-retiniennes-hereditaires-sceance-dinformation-a-neuchatel\/","og_locale":"fr_FR","og_type":"article","og_title":"Diagnostic et th\u00e9rapies pour les d\u00e9g\u00e9n\u00e9rescences r\u00e9tiniennes h\u00e9r\u00e9ditaires : S\u00e9ance d'information \u00e0 Neuch\u00e2tel &#8226; Retina Suisse","og_description":"\u00c0 Neuch\u00e2tel, d\u00e9couvrez les progr\u00e8s r\u00e9alis\u00e9s ainsi que les avanc\u00e9es de la recherche dans le domaine des maladies r\u00e9tiniennes h\u00e9r\u00e9ditaires.","og_url":"https:\/\/retina.ch\/fr\/agenda\/diagnostic-et-therapies-pour-les-degenerescences-retiniennes-hereditaires-sceance-dinformation-a-neuchatel\/","og_site_name":"Retina Suisse","article_publisher":"https:\/\/www.facebook.com\/retinasuisse\/","article_modified_time":"2025-11-17T10:30:21+00:00","og_image":[{"width":2560,"height":1709,"url":"https:\/\/retina.ch\/wp-content\/uploads\/2025\/09\/pexels-pavel-danilyuk-5996703-scaled.jpg","type":"image\/jpeg"}],"twitter_card":"summary_large_image","twitter_misc":{"Dur\u00e9e de lecture estim\u00e9e":"1 minute"},"schema":{"@context":"https:\/\/schema.org","@graph":[{"@type":"WebPage","@id":"https:\/\/retina.ch\/fr\/agenda\/diagnostic-et-therapies-pour-les-degenerescences-retiniennes-hereditaires-sceance-dinformation-a-neuchatel\/","url":"https:\/\/retina.ch\/fr\/agenda\/diagnostic-et-therapies-pour-les-degenerescences-retiniennes-hereditaires-sceance-dinformation-a-neuchatel\/","name":"Diagnostic et th\u00e9rapies pour les d\u00e9g\u00e9n\u00e9rescences r\u00e9tiniennes h\u00e9r\u00e9ditaires : S\u00e9ance d'information \u00e0 Neuch\u00e2tel &#8226; Retina Suisse","isPartOf":{"@id":"https:\/\/retina.ch\/fr\/#website"},"primaryImageOfPage":{"@id":"https:\/\/retina.ch\/fr\/agenda\/diagnostic-et-therapies-pour-les-degenerescences-retiniennes-hereditaires-sceance-dinformation-a-neuchatel\/#primaryimage"},"image":{"@id":"https:\/\/retina.ch\/fr\/agenda\/diagnostic-et-therapies-pour-les-degenerescences-retiniennes-hereditaires-sceance-dinformation-a-neuchatel\/#primaryimage"},"thumbnailUrl":"https:\/\/retina.ch\/wp-content\/uploads\/2025\/09\/pexels-pavel-danilyuk-5996703-scaled.jpg","datePublished":"2025-09-24T11:59:25+00:00","dateModified":"2025-11-17T10:30:21+00:00","description":"\u00c0 Neuch\u00e2tel, d\u00e9couvrez les progr\u00e8s r\u00e9alis\u00e9s ainsi que les avanc\u00e9es de la recherche dans le domaine des maladies r\u00e9tiniennes h\u00e9r\u00e9ditaires.","breadcrumb":{"@id":"https:\/\/retina.ch\/fr\/agenda\/diagnostic-et-therapies-pour-les-degenerescences-retiniennes-hereditaires-sceance-dinformation-a-neuchatel\/#breadcrumb"},"inLanguage":"fr-FR","potentialAction":[{"@type":"ReadAction","target":["https:\/\/retina.ch\/fr\/agenda\/diagnostic-et-therapies-pour-les-degenerescences-retiniennes-hereditaires-sceance-dinformation-a-neuchatel\/"]}]},{"@type":"ImageObject","inLanguage":"fr-FR","@id":"https:\/\/retina.ch\/fr\/agenda\/diagnostic-et-therapies-pour-les-degenerescences-retiniennes-hereditaires-sceance-dinformation-a-neuchatel\/#primaryimage","url":"https:\/\/retina.ch\/wp-content\/uploads\/2025\/09\/pexels-pavel-danilyuk-5996703-scaled.jpg","contentUrl":"https:\/\/retina.ch\/wp-content\/uploads\/2025\/09\/pexels-pavel-danilyuk-5996703-scaled.jpg","width":2560,"height":1709,"caption":"Les yeux d'une jeune fille sont examin\u00e9s \u00e0 l'aide d'une lampe \u00e0 fente."},{"@type":"BreadcrumbList","@id":"https:\/\/retina.ch\/fr\/agenda\/diagnostic-et-therapies-pour-les-degenerescences-retiniennes-hereditaires-sceance-dinformation-a-neuchatel\/#breadcrumb","itemListElement":[{"@type":"ListItem","position":1,"name":"Retina Suisse","item":"https:\/\/retina.ch\/fr\/"},{"@type":"ListItem","position":2,"name":"Diagnostic et th\u00e9rapies pour les d\u00e9g\u00e9n\u00e9rescences r\u00e9tiniennes h\u00e9r\u00e9ditaires : S\u00e9ance d&#8217;information \u00e0 Neuch\u00e2tel"}]},{"@type":"WebSite","@id":"https:\/\/retina.ch\/fr\/#website","url":"https:\/\/retina.ch\/fr\/","name":"Retina Suisse","description":"Retina Suisse ist die Vereinigung von Patientinnen und Patienten mit Retinitis pigmentosa (RP), Makuladegeneration, Usher-Syndrom und anderen Erkrankungen des Augenhintergrundes.","publisher":{"@id":"https:\/\/retina.ch\/fr\/#organization"},"potentialAction":[{"@type":"SearchAction","target":{"@type":"EntryPoint","urlTemplate":"https:\/\/retina.ch\/fr\/?s={search_term_string}"},"query-input":{"@type":"PropertyValueSpecification","valueRequired":true,"valueName":"search_term_string"}}],"inLanguage":"fr-FR"},{"@type":"Organization","@id":"https:\/\/retina.ch\/fr\/#organization","name":"Retina Suisse","url":"https:\/\/retina.ch\/fr\/","logo":{"@type":"ImageObject","inLanguage":"fr-FR","@id":"https:\/\/retina.ch\/fr\/#\/schema\/logo\/image\/","url":"https:\/\/retina.ch\/wp-content\/uploads\/2020\/09\/retina-auge-typo.svg","contentUrl":"https:\/\/retina.ch\/wp-content\/uploads\/2020\/09\/retina-auge-typo.svg","width":"1024","height":"1024","caption":"Retina Suisse"},"image":{"@id":"https:\/\/retina.ch\/fr\/#\/schema\/logo\/image\/"},"sameAs":["https:\/\/www.facebook.com\/retinasuisse\/"]}]}},"_links":{"self":[{"href":"https:\/\/retina.ch\/fr\/wp-json\/wp\/v2\/agenda\/23636","targetHints":{"allow":["GET"]}}],"collection":[{"href":"https:\/\/retina.ch\/fr\/wp-json\/wp\/v2\/agenda"}],"about":[{"href":"https:\/\/retina.ch\/fr\/wp-json\/wp\/v2\/types\/agenda"}],"version-history":[{"count":7,"href":"https:\/\/retina.ch\/fr\/wp-json\/wp\/v2\/agenda\/23636\/revisions"}],"predecessor-version":[{"id":24321,"href":"https:\/\/retina.ch\/fr\/wp-json\/wp\/v2\/agenda\/23636\/revisions\/24321"}],"wp:featuredmedia":[{"embeddable":true,"href":"https:\/\/retina.ch\/fr\/wp-json\/wp\/v2\/media\/23641"}],"wp:attachment":[{"href":"https:\/\/retina.ch\/fr\/wp-json\/wp\/v2\/media?parent=23636"}],"wp:term":[{"taxonomy":"category","embeddable":true,"href":"https:\/\/retina.ch\/fr\/wp-json\/wp\/v2\/categories?post=23636"}],"curies":[{"name":"wp","href":"https:\/\/api.w.org\/{rel}","templated":true}]}}