{"id":26620,"date":"2026-04-27T15:05:03","date_gmt":"2026-04-27T13:05:03","guid":{"rendered":"https:\/\/retina.ch\/?post_type=agenda&#038;p=26620"},"modified":"2026-04-28T15:49:52","modified_gmt":"2026-04-28T13:49:52","slug":"nouveautes-concernant-le-traitement-de-la-degenerescence-maculaire-dmla","status":"publish","type":"agenda","link":"https:\/\/retina.ch\/fr\/agenda\/nouveautes-concernant-le-traitement-de-la-degenerescence-maculaire-dmla\/","title":{"rendered":"Nouveaut\u00e9s concernant le traitement de la d\u00e9g\u00e9n\u00e9rescence maculaire (DMLA)"},"content":{"rendered":"\n<p>Une soir\u00e9e d&rsquo;information publique \u00e0 Sierre, en coop\u00e9ration avec la clinique ophtalmologique <a href=\"https:\/\/fr.vista-alpina.ch\/\">Vista Alpina<\/a>.<\/p>\n\n\n\n<p><strong>Entr\u00e9e libre<\/strong><\/p>\n\n\n\n<p><strong>Inscription souhait\u00e9e :<\/strong><\/p>\n\n\n\n<ul class=\"wp-block-list\">\n<li><a href=\"https:\/\/docs.google.com\/forms\/d\/e\/1FAIpQLSdeNKYkziqJxL3vTAiIpJKeEskH6-nC4QvJwS-9z-kwbp6xCg\/viewform\">formulaire en ligne<\/a><\/li>\n\n\n\n<li><a href=\"mailto:inscription@vista-alpina.ch\">inscription@vista-alpina.ch<\/a><\/li>\n\n\n\n<li>027 946 70 00<\/li>\n<\/ul>\n\n\n\n<hr class=\"wp-block-separator has-alpha-channel-opacity\"\/>\n\n\n\n<h2 class=\"wp-block-heading\">Programme<\/h2>\n\n\n\n<p><strong>Exposition de moyens auxiliaires d\u00e8s 16h00<\/strong><\/p>\n\n\n\n<p><strong>Conf\u00e9rences d\u00e8s 17h30 :<\/strong><\/p>\n\n\n\n<ul class=\"wp-block-list\">\n<li><strong>DMLA&nbsp;s\u00e8che : causes et options de traitement<\/strong><\/li>\n\n\n\n<li><strong>DMLA humide : causes et options de traitement<\/strong><\/li>\n<\/ul>\n\n\n\n<p><strong>Interv\u00e9nants :<\/strong><\/p>\n\n\n\n<ul class=\"wp-block-list\">\n<li>Dr m\u00e9d. Kristof Vandekerckhove, pr\u00e9sident du CA &amp; m\u00e9decin-chef adjoint, Vista Alpina<\/li>\n\n\n\n<li>Dr m\u00e9d. Anca Axinte, ophtalmologue et cheffe de clinique, Vista Alpina<\/li>\n\n\n\n<li>Dr m\u00e9d. Maria-Cristiana Cazacu, m\u00e9decin assistante, Vista Alpina<\/li>\n<\/ul>\n","protected":false},"excerpt":{"rendered":"<p>Nous nous r\u00e9jouissons de vous inviter \u00e0 la soir\u00e9e d&rsquo;information publique \u00e0 Sierre, en coop\u00e9ration avec la clinique ophtalmologique Vista Alpina.<\/p>\n","protected":false},"featured_media":26621,"template":"","meta":{"_acf_changed":false,"inline_featured_image":false,"_FSMCFIC_featured_image_caption":"","_FSMCFIC_featured_image_nocaption":"","_FSMCFIC_featured_image_hide":"","footnotes":"","_links_to":"","_links_to_target":""},"categories":[46],"class_list":["post-26620","agenda","type-agenda","status-publish","has-post-thumbnail","hentry","category-degeneration-maculaire-liee-a-lage-dmla"],"acf":[],"yoast_head":"<!-- This site is optimized with the Yoast SEO plugin v27.1.1 - https:\/\/yoast.com\/product\/yoast-seo-wordpress\/ -->\n<title>Nouveaut\u00e9s concernant le traitement de la d\u00e9g\u00e9n\u00e9rescence maculaire (DMLA) &#8226; Retina Suisse<\/title>\n<meta name=\"description\" content=\"Venez en savoir plus sur la DMLA et son traitement lors de la soir\u00e9e d&#039;information publique organis\u00e9e \u00e0 Sierre.\" \/>\n<meta name=\"robots\" content=\"index, follow, max-snippet:-1, max-image-preview:large, max-video-preview:-1\" \/>\n<link rel=\"canonical\" href=\"https:\/\/retina.ch\/fr\/agenda\/nouveautes-concernant-le-traitement-de-la-degenerescence-maculaire-dmla\/\" \/>\n<meta property=\"og:locale\" content=\"fr_FR\" \/>\n<meta property=\"og:type\" content=\"article\" \/>\n<meta property=\"og:title\" content=\"Nouveaut\u00e9s concernant le traitement de la d\u00e9g\u00e9n\u00e9rescence maculaire (DMLA) &#8226; Retina Suisse\" \/>\n<meta property=\"og:description\" content=\"Venez en savoir plus sur la DMLA et son traitement lors de la soir\u00e9e d&#039;information publique organis\u00e9e \u00e0 Sierre.\" \/>\n<meta property=\"og:url\" content=\"https:\/\/retina.ch\/fr\/agenda\/nouveautes-concernant-le-traitement-de-la-degenerescence-maculaire-dmla\/\" \/>\n<meta property=\"og:site_name\" content=\"Retina Suisse\" \/>\n<meta property=\"article:publisher\" content=\"https:\/\/www.facebook.com\/retinasuisse\/\" \/>\n<meta property=\"article:modified_time\" content=\"2026-04-28T13:49:52+00:00\" \/>\n<meta property=\"og:image\" content=\"https:\/\/retina.ch\/wp-content\/uploads\/2026\/04\/pexels-tima-miroshnichenko-5591237-scaled.jpg\" \/>\n\t<meta property=\"og:image:width\" content=\"2560\" \/>\n\t<meta property=\"og:image:height\" content=\"1707\" \/>\n\t<meta property=\"og:image:type\" content=\"image\/jpeg\" \/>\n<meta name=\"twitter:card\" content=\"summary_large_image\" \/>\n<meta name=\"twitter:label1\" content=\"Dur\u00e9e de lecture estim\u00e9e\" \/>\n\t<meta name=\"twitter:data1\" content=\"1 minute\" \/>\n<script type=\"application\/ld+json\" class=\"yoast-schema-graph\">{\"@context\":\"https:\/\/schema.org\",\"@graph\":[{\"@type\":\"WebPage\",\"@id\":\"https:\/\/retina.ch\/fr\/agenda\/nouveautes-concernant-le-traitement-de-la-degenerescence-maculaire-dmla\/\",\"url\":\"https:\/\/retina.ch\/fr\/agenda\/nouveautes-concernant-le-traitement-de-la-degenerescence-maculaire-dmla\/\",\"name\":\"Nouveaut\u00e9s concernant le traitement de la d\u00e9g\u00e9n\u00e9rescence maculaire (DMLA) &#8226; Retina Suisse\",\"isPartOf\":{\"@id\":\"https:\/\/retina.ch\/fr\/#website\"},\"primaryImageOfPage\":{\"@id\":\"https:\/\/retina.ch\/fr\/agenda\/nouveautes-concernant-le-traitement-de-la-degenerescence-maculaire-dmla\/#primaryimage\"},\"image\":{\"@id\":\"https:\/\/retina.ch\/fr\/agenda\/nouveautes-concernant-le-traitement-de-la-degenerescence-maculaire-dmla\/#primaryimage\"},\"thumbnailUrl\":\"https:\/\/retina.ch\/wp-content\/uploads\/2026\/04\/pexels-tima-miroshnichenko-5591237-scaled.jpg\",\"datePublished\":\"2026-04-27T13:05:03+00:00\",\"dateModified\":\"2026-04-28T13:49:52+00:00\",\"description\":\"Venez en savoir plus sur la DMLA et son traitement lors de la soir\u00e9e d'information publique organis\u00e9e \u00e0 Sierre.\",\"breadcrumb\":{\"@id\":\"https:\/\/retina.ch\/fr\/agenda\/nouveautes-concernant-le-traitement-de-la-degenerescence-maculaire-dmla\/#breadcrumb\"},\"inLanguage\":\"fr-FR\",\"potentialAction\":[{\"@type\":\"ReadAction\",\"target\":[\"https:\/\/retina.ch\/fr\/agenda\/nouveautes-concernant-le-traitement-de-la-degenerescence-maculaire-dmla\/\"]}]},{\"@type\":\"ImageObject\",\"inLanguage\":\"fr-FR\",\"@id\":\"https:\/\/retina.ch\/fr\/agenda\/nouveautes-concernant-le-traitement-de-la-degenerescence-maculaire-dmla\/#primaryimage\",\"url\":\"https:\/\/retina.ch\/wp-content\/uploads\/2026\/04\/pexels-tima-miroshnichenko-5591237-scaled.jpg\",\"contentUrl\":\"https:\/\/retina.ch\/wp-content\/uploads\/2026\/04\/pexels-tima-miroshnichenko-5591237-scaled.jpg\",\"width\":2560,\"height\":1707,\"caption\":\"Un grand-p\u00e8re portant des lunettes lit un livre avec sa petite-fille.\"},{\"@type\":\"BreadcrumbList\",\"@id\":\"https:\/\/retina.ch\/fr\/agenda\/nouveautes-concernant-le-traitement-de-la-degenerescence-maculaire-dmla\/#breadcrumb\",\"itemListElement\":[{\"@type\":\"ListItem\",\"position\":1,\"name\":\"Retina Suisse\",\"item\":\"https:\/\/retina.ch\/fr\/\"},{\"@type\":\"ListItem\",\"position\":2,\"name\":\"Nouveaut\u00e9s concernant le traitement de la d\u00e9g\u00e9n\u00e9rescence maculaire (DMLA)\"}]},{\"@type\":\"WebSite\",\"@id\":\"https:\/\/retina.ch\/fr\/#website\",\"url\":\"https:\/\/retina.ch\/fr\/\",\"name\":\"Retina Suisse\",\"description\":\"Retina Suisse ist die Vereinigung von Patientinnen und Patienten mit Retinitis pigmentosa (RP), Makuladegeneration, Usher-Syndrom und anderen Erkrankungen des Augenhintergrundes.\",\"publisher\":{\"@id\":\"https:\/\/retina.ch\/fr\/#organization\"},\"potentialAction\":[{\"@type\":\"SearchAction\",\"target\":{\"@type\":\"EntryPoint\",\"urlTemplate\":\"https:\/\/retina.ch\/fr\/?s={search_term_string}\"},\"query-input\":{\"@type\":\"PropertyValueSpecification\",\"valueRequired\":true,\"valueName\":\"search_term_string\"}}],\"inLanguage\":\"fr-FR\"},{\"@type\":\"Organization\",\"@id\":\"https:\/\/retina.ch\/fr\/#organization\",\"name\":\"Retina Suisse\",\"url\":\"https:\/\/retina.ch\/fr\/\",\"logo\":{\"@type\":\"ImageObject\",\"inLanguage\":\"fr-FR\",\"@id\":\"https:\/\/retina.ch\/fr\/#\/schema\/logo\/image\/\",\"url\":\"https:\/\/retina.ch\/wp-content\/uploads\/2020\/09\/retina-auge-typo.svg\",\"contentUrl\":\"https:\/\/retina.ch\/wp-content\/uploads\/2020\/09\/retina-auge-typo.svg\",\"width\":\"1024\",\"height\":\"1024\",\"caption\":\"Retina Suisse\"},\"image\":{\"@id\":\"https:\/\/retina.ch\/fr\/#\/schema\/logo\/image\/\"},\"sameAs\":[\"https:\/\/www.facebook.com\/retinasuisse\/\"]}]}<\/script>\n<!-- \/ Yoast SEO plugin. -->","yoast_head_json":{"title":"Nouveaut\u00e9s concernant le traitement de la d\u00e9g\u00e9n\u00e9rescence maculaire (DMLA) &#8226; Retina Suisse","description":"Venez en savoir plus sur la DMLA et son traitement lors de la soir\u00e9e d'information publique organis\u00e9e \u00e0 Sierre.","robots":{"index":"index","follow":"follow","max-snippet":"max-snippet:-1","max-image-preview":"max-image-preview:large","max-video-preview":"max-video-preview:-1"},"canonical":"https:\/\/retina.ch\/fr\/agenda\/nouveautes-concernant-le-traitement-de-la-degenerescence-maculaire-dmla\/","og_locale":"fr_FR","og_type":"article","og_title":"Nouveaut\u00e9s concernant le traitement de la d\u00e9g\u00e9n\u00e9rescence maculaire (DMLA) &#8226; Retina Suisse","og_description":"Venez en savoir plus sur la DMLA et son traitement lors de la soir\u00e9e d'information publique organis\u00e9e \u00e0 Sierre.","og_url":"https:\/\/retina.ch\/fr\/agenda\/nouveautes-concernant-le-traitement-de-la-degenerescence-maculaire-dmla\/","og_site_name":"Retina Suisse","article_publisher":"https:\/\/www.facebook.com\/retinasuisse\/","article_modified_time":"2026-04-28T13:49:52+00:00","og_image":[{"width":2560,"height":1707,"url":"https:\/\/retina.ch\/wp-content\/uploads\/2026\/04\/pexels-tima-miroshnichenko-5591237-scaled.jpg","type":"image\/jpeg"}],"twitter_card":"summary_large_image","twitter_misc":{"Dur\u00e9e de lecture estim\u00e9e":"1 minute"},"schema":{"@context":"https:\/\/schema.org","@graph":[{"@type":"WebPage","@id":"https:\/\/retina.ch\/fr\/agenda\/nouveautes-concernant-le-traitement-de-la-degenerescence-maculaire-dmla\/","url":"https:\/\/retina.ch\/fr\/agenda\/nouveautes-concernant-le-traitement-de-la-degenerescence-maculaire-dmla\/","name":"Nouveaut\u00e9s concernant le traitement de la d\u00e9g\u00e9n\u00e9rescence maculaire (DMLA) &#8226; Retina Suisse","isPartOf":{"@id":"https:\/\/retina.ch\/fr\/#website"},"primaryImageOfPage":{"@id":"https:\/\/retina.ch\/fr\/agenda\/nouveautes-concernant-le-traitement-de-la-degenerescence-maculaire-dmla\/#primaryimage"},"image":{"@id":"https:\/\/retina.ch\/fr\/agenda\/nouveautes-concernant-le-traitement-de-la-degenerescence-maculaire-dmla\/#primaryimage"},"thumbnailUrl":"https:\/\/retina.ch\/wp-content\/uploads\/2026\/04\/pexels-tima-miroshnichenko-5591237-scaled.jpg","datePublished":"2026-04-27T13:05:03+00:00","dateModified":"2026-04-28T13:49:52+00:00","description":"Venez en savoir plus sur la DMLA et son traitement lors de la soir\u00e9e d'information publique organis\u00e9e \u00e0 Sierre.","breadcrumb":{"@id":"https:\/\/retina.ch\/fr\/agenda\/nouveautes-concernant-le-traitement-de-la-degenerescence-maculaire-dmla\/#breadcrumb"},"inLanguage":"fr-FR","potentialAction":[{"@type":"ReadAction","target":["https:\/\/retina.ch\/fr\/agenda\/nouveautes-concernant-le-traitement-de-la-degenerescence-maculaire-dmla\/"]}]},{"@type":"ImageObject","inLanguage":"fr-FR","@id":"https:\/\/retina.ch\/fr\/agenda\/nouveautes-concernant-le-traitement-de-la-degenerescence-maculaire-dmla\/#primaryimage","url":"https:\/\/retina.ch\/wp-content\/uploads\/2026\/04\/pexels-tima-miroshnichenko-5591237-scaled.jpg","contentUrl":"https:\/\/retina.ch\/wp-content\/uploads\/2026\/04\/pexels-tima-miroshnichenko-5591237-scaled.jpg","width":2560,"height":1707,"caption":"Un grand-p\u00e8re portant des lunettes lit un livre avec sa petite-fille."},{"@type":"BreadcrumbList","@id":"https:\/\/retina.ch\/fr\/agenda\/nouveautes-concernant-le-traitement-de-la-degenerescence-maculaire-dmla\/#breadcrumb","itemListElement":[{"@type":"ListItem","position":1,"name":"Retina Suisse","item":"https:\/\/retina.ch\/fr\/"},{"@type":"ListItem","position":2,"name":"Nouveaut\u00e9s concernant le traitement de la d\u00e9g\u00e9n\u00e9rescence maculaire (DMLA)"}]},{"@type":"WebSite","@id":"https:\/\/retina.ch\/fr\/#website","url":"https:\/\/retina.ch\/fr\/","name":"Retina Suisse","description":"Retina Suisse ist die Vereinigung von Patientinnen und Patienten mit Retinitis pigmentosa (RP), Makuladegeneration, Usher-Syndrom und anderen Erkrankungen des Augenhintergrundes.","publisher":{"@id":"https:\/\/retina.ch\/fr\/#organization"},"potentialAction":[{"@type":"SearchAction","target":{"@type":"EntryPoint","urlTemplate":"https:\/\/retina.ch\/fr\/?s={search_term_string}"},"query-input":{"@type":"PropertyValueSpecification","valueRequired":true,"valueName":"search_term_string"}}],"inLanguage":"fr-FR"},{"@type":"Organization","@id":"https:\/\/retina.ch\/fr\/#organization","name":"Retina Suisse","url":"https:\/\/retina.ch\/fr\/","logo":{"@type":"ImageObject","inLanguage":"fr-FR","@id":"https:\/\/retina.ch\/fr\/#\/schema\/logo\/image\/","url":"https:\/\/retina.ch\/wp-content\/uploads\/2020\/09\/retina-auge-typo.svg","contentUrl":"https:\/\/retina.ch\/wp-content\/uploads\/2020\/09\/retina-auge-typo.svg","width":"1024","height":"1024","caption":"Retina Suisse"},"image":{"@id":"https:\/\/retina.ch\/fr\/#\/schema\/logo\/image\/"},"sameAs":["https:\/\/www.facebook.com\/retinasuisse\/"]}]}},"_links":{"self":[{"href":"https:\/\/retina.ch\/fr\/wp-json\/wp\/v2\/agenda\/26620","targetHints":{"allow":["GET"]}}],"collection":[{"href":"https:\/\/retina.ch\/fr\/wp-json\/wp\/v2\/agenda"}],"about":[{"href":"https:\/\/retina.ch\/fr\/wp-json\/wp\/v2\/types\/agenda"}],"version-history":[{"count":5,"href":"https:\/\/retina.ch\/fr\/wp-json\/wp\/v2\/agenda\/26620\/revisions"}],"predecessor-version":[{"id":26631,"href":"https:\/\/retina.ch\/fr\/wp-json\/wp\/v2\/agenda\/26620\/revisions\/26631"}],"wp:featuredmedia":[{"embeddable":true,"href":"https:\/\/retina.ch\/fr\/wp-json\/wp\/v2\/media\/26621"}],"wp:attachment":[{"href":"https:\/\/retina.ch\/fr\/wp-json\/wp\/v2\/media?parent=26620"}],"wp:term":[{"taxonomy":"category","embeddable":true,"href":"https:\/\/retina.ch\/fr\/wp-json\/wp\/v2\/categories?post=26620"}],"curies":[{"name":"wp","href":"https:\/\/api.w.org\/{rel}","templated":true}]}}