{"id":5753,"date":"2021-02-09T14:52:23","date_gmt":"2021-02-09T13:52:23","guid":{"rendered":"https:\/\/retina.ch\/?post_type=agenda&#038;p=5753"},"modified":"2021-04-21T15:18:25","modified_gmt":"2021-04-21T13:18:25","slug":"nouveaux-developpements-dans-le-traitement-de-la-maladie-de-stargardt","status":"publish","type":"agenda","link":"https:\/\/retina.ch\/fr\/agenda\/nouveaux-developpements-dans-le-traitement-de-la-maladie-de-stargardt\/","title":{"rendered":"Nouveaux d\u00e9veloppements dans le traitement de la maladie de Stargardt"},"content":{"rendered":"\n<p>La maladie de Stargardt est une d\u00e9g\u00e9n\u00e9rescence h\u00e9r\u00e9ditaire de la macula qui est g\u00e9n\u00e9ralement d\u00e9tect\u00e9e \u00e0 l&rsquo;adolescence et devient une d\u00e9ficience visuelle grave \u00e0 l&rsquo;\u00e2ge adulte. Gr\u00e2ce aux grandes avanc\u00e9es dans les secteurs de la recherche et de la m\u00e9decine, notre compr\u00e9hension des m\u00e9canismes de la maladie a consid\u00e9rablement progress\u00e9. Quelles possibilit\u00e9s cela ouvre-t-il pour un traitement futur ?<\/p>\n\n\n\n<figure class=\"wp-block-embed is-type-video is-provider-vimeo wp-block-embed-vimeo wp-embed-aspect-16-9 wp-has-aspect-ratio\"><div class=\"wp-block-embed__wrapper\">\n <div class=\"brlbs-cmpnt-container brlbs-cmpnt-content-blocker brlbs-cmpnt-with-individual-styles\" data-borlabs-cookie-content-blocker-id=\"vimeo-content-blocker\" data-borlabs-cookie-content=\"CjxkaXYgZGF0YS1tb2RlPSJub3JtYWwiIGRhdGEtb2VtYmVkPSIxIiBkYXRhLXByb3ZpZGVyPSJ2aW1lbyIgaWQ9ImFydmUtdmltZW8tNTIyMDIwNTY5IiBjbGFzcz0iYXJ2ZSI+Cgk8ZGl2IGNsYXNzPSJhcnZlLWlubmVyIj4KCQk8ZGl2IHN0eWxlPSJhc3BlY3QtcmF0aW86MzUwLzE5NyIgY2xhc3M9ImFydmUtZW1iZWQgYXJ2ZS1lbWJlZC0taGFzLWFzcGVjdC1yYXRpbyI+CgkJCTxkaXYgY2xhc3M9ImFydmUtYXIiIHN0eWxlPSJwYWRkaW5nLXRvcDo1Ni4yODU3MTQlIj48L2Rpdj4KCQkJPGlmcmFtZSBhbGxvdz0iYWNjZWxlcm9tZXRlciAmYXBvcztub25lJmFwb3M7O2F1dG9wbGF5ICZhcG9zO25vbmUmYXBvczs7Ymx1ZXRvb3RoICZhcG9zO25vbmUmYXBvczs7YnJvd3NpbmctdG9waWNzICZhcG9zO25vbmUmYXBvczs7Y2FtZXJhICZhcG9zO25vbmUmYXBvczs7Y2xpcGJvYXJkLXJlYWQgJmFwb3M7bm9uZSZhcG9zOztjbGlwYm9hcmQtd3JpdGU7ZGlzcGxheS1jYXB0dXJlICZhcG9zO25vbmUmYXBvczs7ZW5jcnlwdGVkLW1lZGlhICZhcG9zO25vbmUmYXBvczs7Z2FtZXBhZCAmYXBvcztub25lJmFwb3M7O2dlb2xvY2F0aW9uICZhcG9zO25vbmUmYXBvczs7Z3lyb3Njb3BlICZhcG9zO25vbmUmYXBvczs7aGlkICZhcG9zO25vbmUmYXBvczs7aWRlbnRpdHktY3JlZGVudGlhbHMtZ2V0ICZhcG9zO25vbmUmYXBvczs7aWRsZS1kZXRlY3Rpb24gJmFwb3M7bm9uZSZhcG9zOztrZXlib2FyZC1tYXAgJmFwb3M7bm9uZSZhcG9zOztsb2NhbC1mb250czttYWduZXRvbWV0ZXIgJmFwb3M7bm9uZSZhcG9zOzttaWNyb3Bob25lICZhcG9zO25vbmUmYXBvczs7bWlkaSAmYXBvcztub25lJmFwb3M7O290cC1jcmVkZW50aWFscyAmYXBvcztub25lJmFwb3M7O3BheW1lbnQgJmFwb3M7bm9uZSZhcG9zOztwaWN0dXJlLWluLXBpY3R1cmU7cHVibGlja2V5LWNyZWRlbnRpYWxzLWNyZWF0ZSAmYXBvcztub25lJmFwb3M7O3B1YmxpY2tleS1jcmVkZW50aWFscy1nZXQgJmFwb3M7bm9uZSZhcG9zOztzY3JlZW4td2FrZS1sb2NrICZhcG9zO25vbmUmYXBvczs7c2VyaWFsICZhcG9zO25vbmUmYXBvczs7c3VtbWFyaXplciAmYXBvcztub25lJmFwb3M7O3N5bmMteGhyO3VzYiAmYXBvcztub25lJmFwb3M7O3dlYi1zaGFyZTt3aW5kb3ctbWFuYWdlbWVudCAmYXBvcztub25lJmFwb3M7O3hyLXNwYXRpYWwtdHJhY2tpbmcgJmFwb3M7bm9uZSZhcG9zOzsiIGFsbG93ZnVsbHNjcmVlbj0iIiBjbGFzcz0iYXJ2ZS1pZnJhbWUgZml0dmlkc2lnbm9yZSIgY3JlZGVudGlhbGxlc3MgZGF0YS1hcnZlPSJhcnZlLXZpbWVvLTUyMjAyMDU2OSIgZGF0YS1sZW5pcy1wcmV2ZW50PSIiIGRhdGEtc3JjLW5vLWFwPSJodHRwczovL3BsYXllci52aW1lby5jb20vdmlkZW8vNTIyMDIwNTY5P2RudD0xJmFtcDthcHBfaWQ9MTIyOTYzJmFtcDt0cmFuc3BhcmVudD0wJmFtcDt0aXRsZT0xJmFtcDtieWxpbmU9MCZhbXA7cG9ydHJhaXQ9MCZhbXA7YXV0b3BsYXk9MCIgZnJhbWVib3JkZXI9IjAiIGhlaWdodD0iMCIgbG9hZGluZz0ibGF6eSIgbmFtZT0iIiByZWZlcnJlcnBvbGljeT0ic3RyaWN0LW9yaWdpbi13aGVuLWNyb3NzLW9yaWdpbiIgc2FuZGJveD0iYWxsb3ctc2NyaXB0cyBhbGxvdy1zYW1lLW9yaWdpbiBhbGxvdy1wcmVzZW50YXRpb24gYWxsb3ctcG9wdXBzIGFsbG93LXBvcHVwcy10by1lc2NhcGUtc2FuZGJveCBhbGxvdy1mb3JtcyIgc2Nyb2xsaW5nPSJubyIgc3JjPSJodHRwczovL3BsYXllci52aW1lby5jb20vdmlkZW8vNTIyMDIwNTY5P2RudD0xJiMwMzg7YXBwX2lkPTEyMjk2MyYjMDM4O3RyYW5zcGFyZW50PTAmIzAzODt0aXRsZT0xJiMwMzg7YnlsaW5lPTAmIzAzODtwb3J0cmFpdD0wJiMwMzg7YXV0b3BsYXk9MCIgdGl0bGU9IiIgd2lkdGg9IjAiPjwvaWZyYW1lPgoJCQkKCQk8L2Rpdj4KCQkKCTwvZGl2PgoJCgkKCTxzY3JpcHQgdHlwZT0iYXBwbGljYXRpb24vbGQranNvbiI+eyJAY29udGV4dCI6Imh0dHA6XC9cL3NjaGVtYS5vcmdcLyIsIkBpZCI6Imh0dHBzOlwvXC9yZXRpbmEuY2hcL2ZyXC9hZ2VuZGFcL25vdXZlYXV4LWRldmVsb3BwZW1lbnRzLWRhbnMtbGUtdHJhaXRlbWVudC1kZS1sYS1tYWxhZGllLWRlLXN0YXJnYXJkdFwvI2FydmUtdmltZW8tNTIyMDIwNTY5IiwidHlwZSI6IlZpZGVvT2JqZWN0IiwiZW1iZWRVUkwiOiJodHRwczpcL1wvcGxheWVyLnZpbWVvLmNvbVwvdmlkZW9cLzUyMjAyMDU2OT9kbnQ9MSZhcHBfaWQ9MTIyOTYzJnRyYW5zcGFyZW50PTAmdGl0bGU9MSZieWxpbmU9MCZwb3J0cmFpdD0wJmF1dG9wbGF5PTAifTwvc2NyaXB0PgoJCjwvZGl2Pg==\"><div class=\"brlbs-cmpnt-cb-preset-c brlbs-cmpnt-cb-vimeo\"> <div class=\"brlbs-cmpnt-cb-thumbnail\" style=\"background-image: url('https:\/\/retina.ch\/wp-content\/uploads\/borlabs-cookie\/1\/vimeo_522020569.jpg')\"><\/div> <div class=\"brlbs-cmpnt-cb-main\"> <div class=\"brlbs-cmpnt-cb-play-button\"><\/div> <div class=\"brlbs-cmpnt-cb-content\"> <p class=\"brlbs-cmpnt-cb-description\">Vous \u00eates actuellement en train de consulter le contenu d&rsquo;un espace r\u00e9serv\u00e9 de <strong>Vimeo<\/strong>. Pour acc\u00e9der au contenu r\u00e9el, cliquez sur le bouton ci-dessous. Veuillez noter que ce faisant, des donn\u00e9es seront partag\u00e9es avec des providers tiers.<\/p> <a class=\"brlbs-cmpnt-cb-provider-toggle\" href=\"#\" data-borlabs-cookie-show-provider-information role=\"button\">Plus d&rsquo;informations<\/a> <\/div> <div class=\"brlbs-cmpnt-cb-buttons\"> <a class=\"brlbs-cmpnt-cb-btn\" href=\"#\" data-borlabs-cookie-unblock role=\"button\">D\u00e9bloquer le contenu<\/a> <a class=\"brlbs-cmpnt-cb-btn\" href=\"#\" data-borlabs-cookie-accept-service role=\"button\" style=\"display: inherit\">Accepter le service requis et d\u00e9bloquer les contenus<\/a> <\/div> <\/div> <\/div><\/div>\n<\/div><\/figure>\n\n\n\n<p>Regardez ici l\u2019enregistrement de la conf\u00e9rence avec Dr. Lucas Janeschitz-Kriegl et Prof. Hendrik Scholl de l&rsquo;H\u00f4pital universitaire de B\u00e2le.<\/p>\n\n\n\n<p>Traduction simultan\u00e9e: Astrid Kr\u00fcger, Marianne L\u00e4mmler<\/p>\n\n\n\n<h4 class=\"wp-block-heading\">Pour plus d&rsquo;information:<\/h4>\n\n\n\n<ul class=\"wp-block-list\"><li>Film \u201cLa Fureur de Voir\u201d von Manuel von St\u00fcrler (<a href=\"https:\/\/vimeo.com\/ondemand\/lafureurdevoir\" target=\"_blank\" rel=\"noreferrer noopener\">Online<\/a>; en <a href=\"https:\/\/www.bandeapartfilms.com\/la-fureur-de-voir\/\" target=\"_blank\" rel=\"noreferrer noopener\">DVD<\/a>)<\/li><li><a href=\"https:\/\/retina.ch\/forschung\/patientenregister\/\" target=\"_blank\" rel=\"noreferrer noopener\">Retina Suisse Registre des patients<\/a><\/li><li>Webinaire \u201c<a href=\"https:\/\/retina.ch\/agenda\/webinaire-le-genome-une-bibliotheque-constituee-de-seulement-4-lettres\/\" target=\"_blank\" rel=\"noreferrer noopener\">Le g\u00e9nome \u2013 une biblioth\u00e8que constitu\u00e9e de seulement 4 lettres<\/a>\u201d du 12.11.2020<\/li><\/ul>\n","protected":false},"excerpt":{"rendered":"<p>La maladie de Stargardt est une d\u00e9g\u00e9n\u00e9rescence h\u00e9r\u00e9ditaire de la macula qui est g\u00e9n\u00e9ralement d\u00e9tect\u00e9e \u00e0 l&rsquo;adolescence et devient une d\u00e9ficience visuelle grave \u00e0 l&rsquo;\u00e2ge adulte. Gr\u00e2ce aux grandes avanc\u00e9es dans les secteurs de la recherche et de la m\u00e9decine, notre compr\u00e9hension des m\u00e9canismes de la maladie a consid\u00e9rablement progress\u00e9. Quelles possibilit\u00e9s cela ouvre-t-il pour un traitement futur ?<\/p>\n","protected":false},"featured_media":0,"template":"","meta":{"_acf_changed":false,"inline_featured_image":false,"_FSMCFIC_featured_image_caption":"","_FSMCFIC_featured_image_nocaption":"","_FSMCFIC_featured_image_hide":"","footnotes":"","_links_to":"","_links_to_target":""},"categories":[105,74],"class_list":["post-5753","agenda","type-agenda","status-publish","hentry","category-morbus-stargardt-fr","category-webinar"],"acf":[],"yoast_head":"<!-- This site is optimized with the Yoast SEO plugin v27.1.1 - https:\/\/yoast.com\/product\/yoast-seo-wordpress\/ -->\n<title>Nouveaux d\u00e9veloppements dans le traitement de la maladie de Stargardt &#8226; Retina Suisse<\/title>\n<meta name=\"robots\" content=\"index, follow, max-snippet:-1, max-image-preview:large, max-video-preview:-1\" \/>\n<link rel=\"canonical\" href=\"https:\/\/retina.ch\/fr\/agenda\/nouveaux-developpements-dans-le-traitement-de-la-maladie-de-stargardt\/\" \/>\n<meta property=\"og:locale\" content=\"fr_FR\" \/>\n<meta property=\"og:type\" content=\"article\" \/>\n<meta property=\"og:title\" content=\"Nouveaux d\u00e9veloppements dans le traitement de la maladie de Stargardt &#8226; Retina Suisse\" \/>\n<meta property=\"og:description\" content=\"La maladie de Stargardt est une d\u00e9g\u00e9n\u00e9rescence h\u00e9r\u00e9ditaire de la macula qui est g\u00e9n\u00e9ralement d\u00e9tect\u00e9e \u00e0 l&#039;adolescence et devient une d\u00e9ficience visuelle grave \u00e0 l&#039;\u00e2ge adulte. Gr\u00e2ce aux grandes avanc\u00e9es dans les secteurs de la recherche et de la m\u00e9decine, notre compr\u00e9hension des m\u00e9canismes de la maladie a consid\u00e9rablement progress\u00e9. Quelles possibilit\u00e9s cela ouvre-t-il pour un traitement futur ?\" \/>\n<meta property=\"og:url\" content=\"https:\/\/retina.ch\/fr\/agenda\/nouveaux-developpements-dans-le-traitement-de-la-maladie-de-stargardt\/\" \/>\n<meta property=\"og:site_name\" content=\"Retina Suisse\" \/>\n<meta property=\"article:publisher\" content=\"https:\/\/www.facebook.com\/retinasuisse\/\" \/>\n<meta property=\"article:modified_time\" content=\"2021-04-21T13:18:25+00:00\" \/>\n<meta name=\"twitter:card\" content=\"summary_large_image\" \/>\n<meta name=\"twitter:label1\" content=\"Dur\u00e9e de lecture estim\u00e9e\" \/>\n\t<meta name=\"twitter:data1\" content=\"1 minute\" \/>\n<script type=\"application\/ld+json\" class=\"yoast-schema-graph\">{\"@context\":\"https:\/\/schema.org\",\"@graph\":[{\"@type\":\"WebPage\",\"@id\":\"https:\/\/retina.ch\/fr\/agenda\/nouveaux-developpements-dans-le-traitement-de-la-maladie-de-stargardt\/\",\"url\":\"https:\/\/retina.ch\/fr\/agenda\/nouveaux-developpements-dans-le-traitement-de-la-maladie-de-stargardt\/\",\"name\":\"Nouveaux d\u00e9veloppements dans le traitement de la maladie de Stargardt &#8226; Retina Suisse\",\"isPartOf\":{\"@id\":\"https:\/\/retina.ch\/fr\/#website\"},\"datePublished\":\"2021-02-09T13:52:23+00:00\",\"dateModified\":\"2021-04-21T13:18:25+00:00\",\"breadcrumb\":{\"@id\":\"https:\/\/retina.ch\/fr\/agenda\/nouveaux-developpements-dans-le-traitement-de-la-maladie-de-stargardt\/#breadcrumb\"},\"inLanguage\":\"fr-FR\",\"potentialAction\":[{\"@type\":\"ReadAction\",\"target\":[\"https:\/\/retina.ch\/fr\/agenda\/nouveaux-developpements-dans-le-traitement-de-la-maladie-de-stargardt\/\"]}]},{\"@type\":\"BreadcrumbList\",\"@id\":\"https:\/\/retina.ch\/fr\/agenda\/nouveaux-developpements-dans-le-traitement-de-la-maladie-de-stargardt\/#breadcrumb\",\"itemListElement\":[{\"@type\":\"ListItem\",\"position\":1,\"name\":\"Retina Suisse\",\"item\":\"https:\/\/retina.ch\/fr\/\"},{\"@type\":\"ListItem\",\"position\":2,\"name\":\"Nouveaux d\u00e9veloppements dans le traitement de la maladie de Stargardt\"}]},{\"@type\":\"WebSite\",\"@id\":\"https:\/\/retina.ch\/fr\/#website\",\"url\":\"https:\/\/retina.ch\/fr\/\",\"name\":\"Retina Suisse\",\"description\":\"Retina Suisse ist die Vereinigung von Patientinnen und Patienten mit Retinitis pigmentosa (RP), Makuladegeneration, Usher-Syndrom und anderen Erkrankungen des Augenhintergrundes.\",\"publisher\":{\"@id\":\"https:\/\/retina.ch\/fr\/#organization\"},\"potentialAction\":[{\"@type\":\"SearchAction\",\"target\":{\"@type\":\"EntryPoint\",\"urlTemplate\":\"https:\/\/retina.ch\/fr\/?s={search_term_string}\"},\"query-input\":{\"@type\":\"PropertyValueSpecification\",\"valueRequired\":true,\"valueName\":\"search_term_string\"}}],\"inLanguage\":\"fr-FR\"},{\"@type\":\"Organization\",\"@id\":\"https:\/\/retina.ch\/fr\/#organization\",\"name\":\"Retina Suisse\",\"url\":\"https:\/\/retina.ch\/fr\/\",\"logo\":{\"@type\":\"ImageObject\",\"inLanguage\":\"fr-FR\",\"@id\":\"https:\/\/retina.ch\/fr\/#\/schema\/logo\/image\/\",\"url\":\"https:\/\/retina.ch\/wp-content\/uploads\/2020\/09\/retina-auge-typo.svg\",\"contentUrl\":\"https:\/\/retina.ch\/wp-content\/uploads\/2020\/09\/retina-auge-typo.svg\",\"width\":\"1024\",\"height\":\"1024\",\"caption\":\"Retina Suisse\"},\"image\":{\"@id\":\"https:\/\/retina.ch\/fr\/#\/schema\/logo\/image\/\"},\"sameAs\":[\"https:\/\/www.facebook.com\/retinasuisse\/\"]}]}<\/script>\n<!-- \/ Yoast SEO plugin. -->","yoast_head_json":{"title":"Nouveaux d\u00e9veloppements dans le traitement de la maladie de Stargardt &#8226; Retina Suisse","robots":{"index":"index","follow":"follow","max-snippet":"max-snippet:-1","max-image-preview":"max-image-preview:large","max-video-preview":"max-video-preview:-1"},"canonical":"https:\/\/retina.ch\/fr\/agenda\/nouveaux-developpements-dans-le-traitement-de-la-maladie-de-stargardt\/","og_locale":"fr_FR","og_type":"article","og_title":"Nouveaux d\u00e9veloppements dans le traitement de la maladie de Stargardt &#8226; Retina Suisse","og_description":"La maladie de Stargardt est une d\u00e9g\u00e9n\u00e9rescence h\u00e9r\u00e9ditaire de la macula qui est g\u00e9n\u00e9ralement d\u00e9tect\u00e9e \u00e0 l'adolescence et devient une d\u00e9ficience visuelle grave \u00e0 l'\u00e2ge adulte. Gr\u00e2ce aux grandes avanc\u00e9es dans les secteurs de la recherche et de la m\u00e9decine, notre compr\u00e9hension des m\u00e9canismes de la maladie a consid\u00e9rablement progress\u00e9. Quelles possibilit\u00e9s cela ouvre-t-il pour un traitement futur ?","og_url":"https:\/\/retina.ch\/fr\/agenda\/nouveaux-developpements-dans-le-traitement-de-la-maladie-de-stargardt\/","og_site_name":"Retina Suisse","article_publisher":"https:\/\/www.facebook.com\/retinasuisse\/","article_modified_time":"2021-04-21T13:18:25+00:00","twitter_card":"summary_large_image","twitter_misc":{"Dur\u00e9e de lecture estim\u00e9e":"1 minute"},"schema":{"@context":"https:\/\/schema.org","@graph":[{"@type":"WebPage","@id":"https:\/\/retina.ch\/fr\/agenda\/nouveaux-developpements-dans-le-traitement-de-la-maladie-de-stargardt\/","url":"https:\/\/retina.ch\/fr\/agenda\/nouveaux-developpements-dans-le-traitement-de-la-maladie-de-stargardt\/","name":"Nouveaux d\u00e9veloppements dans le traitement de la maladie de Stargardt &#8226; Retina Suisse","isPartOf":{"@id":"https:\/\/retina.ch\/fr\/#website"},"datePublished":"2021-02-09T13:52:23+00:00","dateModified":"2021-04-21T13:18:25+00:00","breadcrumb":{"@id":"https:\/\/retina.ch\/fr\/agenda\/nouveaux-developpements-dans-le-traitement-de-la-maladie-de-stargardt\/#breadcrumb"},"inLanguage":"fr-FR","potentialAction":[{"@type":"ReadAction","target":["https:\/\/retina.ch\/fr\/agenda\/nouveaux-developpements-dans-le-traitement-de-la-maladie-de-stargardt\/"]}]},{"@type":"BreadcrumbList","@id":"https:\/\/retina.ch\/fr\/agenda\/nouveaux-developpements-dans-le-traitement-de-la-maladie-de-stargardt\/#breadcrumb","itemListElement":[{"@type":"ListItem","position":1,"name":"Retina Suisse","item":"https:\/\/retina.ch\/fr\/"},{"@type":"ListItem","position":2,"name":"Nouveaux d\u00e9veloppements dans le traitement de la maladie de Stargardt"}]},{"@type":"WebSite","@id":"https:\/\/retina.ch\/fr\/#website","url":"https:\/\/retina.ch\/fr\/","name":"Retina Suisse","description":"Retina Suisse ist die Vereinigung von Patientinnen und Patienten mit Retinitis pigmentosa (RP), Makuladegeneration, Usher-Syndrom und anderen Erkrankungen des Augenhintergrundes.","publisher":{"@id":"https:\/\/retina.ch\/fr\/#organization"},"potentialAction":[{"@type":"SearchAction","target":{"@type":"EntryPoint","urlTemplate":"https:\/\/retina.ch\/fr\/?s={search_term_string}"},"query-input":{"@type":"PropertyValueSpecification","valueRequired":true,"valueName":"search_term_string"}}],"inLanguage":"fr-FR"},{"@type":"Organization","@id":"https:\/\/retina.ch\/fr\/#organization","name":"Retina Suisse","url":"https:\/\/retina.ch\/fr\/","logo":{"@type":"ImageObject","inLanguage":"fr-FR","@id":"https:\/\/retina.ch\/fr\/#\/schema\/logo\/image\/","url":"https:\/\/retina.ch\/wp-content\/uploads\/2020\/09\/retina-auge-typo.svg","contentUrl":"https:\/\/retina.ch\/wp-content\/uploads\/2020\/09\/retina-auge-typo.svg","width":"1024","height":"1024","caption":"Retina Suisse"},"image":{"@id":"https:\/\/retina.ch\/fr\/#\/schema\/logo\/image\/"},"sameAs":["https:\/\/www.facebook.com\/retinasuisse\/"]}]}},"_links":{"self":[{"href":"https:\/\/retina.ch\/fr\/wp-json\/wp\/v2\/agenda\/5753","targetHints":{"allow":["GET"]}}],"collection":[{"href":"https:\/\/retina.ch\/fr\/wp-json\/wp\/v2\/agenda"}],"about":[{"href":"https:\/\/retina.ch\/fr\/wp-json\/wp\/v2\/types\/agenda"}],"version-history":[{"count":8,"href":"https:\/\/retina.ch\/fr\/wp-json\/wp\/v2\/agenda\/5753\/revisions"}],"predecessor-version":[{"id":6320,"href":"https:\/\/retina.ch\/fr\/wp-json\/wp\/v2\/agenda\/5753\/revisions\/6320"}],"wp:attachment":[{"href":"https:\/\/retina.ch\/fr\/wp-json\/wp\/v2\/media?parent=5753"}],"wp:term":[{"taxonomy":"category","embeddable":true,"href":"https:\/\/retina.ch\/fr\/wp-json\/wp\/v2\/categories?post=5753"}],"curies":[{"name":"wp","href":"https:\/\/api.w.org\/{rel}","templated":true}]}}