{"id":5840,"date":"2021-02-17T10:27:34","date_gmt":"2021-02-17T09:27:34","guid":{"rendered":"https:\/\/retina.ch\/agenda\/degenerazione-maculare-legata-alleta-cause-e-cure\/"},"modified":"2021-03-25T18:03:42","modified_gmt":"2021-03-25T17:03:42","slug":"degenerazione-maculare-legata-alleta-cause-e-cure","status":"publish","type":"agenda","link":"https:\/\/retina.ch\/fr\/agenda\/degenerazione-maculare-legata-alleta-cause-e-cure\/","title":{"rendered":"Degenerazione maculare legata all\u2018et\u00e0: cause e cure"},"content":{"rendered":"\n<p>La degenerazione maculare legata all\u2019et\u00e0 (AMD) \u00e8 una malattia della retina, che compromette la capacit\u00e0 di vedere nitido. Nel mondo occidentale \u00e8 la maggiore causa di grave menomazione visiva delle persone sopra i 50 anni. Le terapie oggi disponibili per la sua forma umida sono spesso efficaci, a condizione che si intervenga tempestivamente appena si presentano dei sintomi.<\/p>\n\n\n\n<figure class=\"wp-block-embed-vimeo wp-block-embed is-type-video is-provider-vimeo wp-embed-aspect-16-9 wp-has-aspect-ratio\"><div class=\"wp-block-embed__wrapper\">\n <div class=\"brlbs-cmpnt-container brlbs-cmpnt-content-blocker brlbs-cmpnt-with-individual-styles\" data-borlabs-cookie-content-blocker-id=\"vimeo-content-blocker\" data-borlabs-cookie-content=\"CjxkaXYgZGF0YS1tb2RlPSJub3JtYWwiIGRhdGEtb2VtYmVkPSIxIiBkYXRhLXByb3ZpZGVyPSJ2aW1lbyIgaWQ9ImFydmUtdmltZW8tNTI4OTMyMzUzIiBjbGFzcz0iYXJ2ZSI+Cgk8ZGl2IGNsYXNzPSJhcnZlLWlubmVyIj4KCQk8ZGl2IHN0eWxlPSJhc3BlY3QtcmF0aW86MzUwLzE5NyIgY2xhc3M9ImFydmUtZW1iZWQgYXJ2ZS1lbWJlZC0taGFzLWFzcGVjdC1yYXRpbyI+CgkJCTxkaXYgY2xhc3M9ImFydmUtYXIiIHN0eWxlPSJwYWRkaW5nLXRvcDo1Ni4yODU3MTQlIj48L2Rpdj4KCQkJPGlmcmFtZSBhbGxvdz0iYWNjZWxlcm9tZXRlciAmYXBvcztub25lJmFwb3M7O2F1dG9wbGF5ICZhcG9zO25vbmUmYXBvczs7Ymx1ZXRvb3RoICZhcG9zO25vbmUmYXBvczs7YnJvd3NpbmctdG9waWNzICZhcG9zO25vbmUmYXBvczs7Y2FtZXJhICZhcG9zO25vbmUmYXBvczs7Y2xpcGJvYXJkLXJlYWQgJmFwb3M7bm9uZSZhcG9zOztjbGlwYm9hcmQtd3JpdGU7ZGlzcGxheS1jYXB0dXJlICZhcG9zO25vbmUmYXBvczs7ZW5jcnlwdGVkLW1lZGlhICZhcG9zO25vbmUmYXBvczs7Z2FtZXBhZCAmYXBvcztub25lJmFwb3M7O2dlb2xvY2F0aW9uICZhcG9zO25vbmUmYXBvczs7Z3lyb3Njb3BlICZhcG9zO25vbmUmYXBvczs7aGlkICZhcG9zO25vbmUmYXBvczs7aWRlbnRpdHktY3JlZGVudGlhbHMtZ2V0ICZhcG9zO25vbmUmYXBvczs7aWRsZS1kZXRlY3Rpb24gJmFwb3M7bm9uZSZhcG9zOztrZXlib2FyZC1tYXAgJmFwb3M7bm9uZSZhcG9zOztsb2NhbC1mb250czttYWduZXRvbWV0ZXIgJmFwb3M7bm9uZSZhcG9zOzttaWNyb3Bob25lICZhcG9zO25vbmUmYXBvczs7bWlkaSAmYXBvcztub25lJmFwb3M7O290cC1jcmVkZW50aWFscyAmYXBvcztub25lJmFwb3M7O3BheW1lbnQgJmFwb3M7bm9uZSZhcG9zOztwaWN0dXJlLWluLXBpY3R1cmU7cHVibGlja2V5LWNyZWRlbnRpYWxzLWNyZWF0ZSAmYXBvcztub25lJmFwb3M7O3B1YmxpY2tleS1jcmVkZW50aWFscy1nZXQgJmFwb3M7bm9uZSZhcG9zOztzY3JlZW4td2FrZS1sb2NrICZhcG9zO25vbmUmYXBvczs7c2VyaWFsICZhcG9zO25vbmUmYXBvczs7c3VtbWFyaXplciAmYXBvcztub25lJmFwb3M7O3N5bmMteGhyO3VzYiAmYXBvcztub25lJmFwb3M7O3dlYi1zaGFyZTt3aW5kb3ctbWFuYWdlbWVudCAmYXBvcztub25lJmFwb3M7O3hyLXNwYXRpYWwtdHJhY2tpbmcgJmFwb3M7bm9uZSZhcG9zOzsiIGFsbG93ZnVsbHNjcmVlbj0iIiBjbGFzcz0iYXJ2ZS1pZnJhbWUgZml0dmlkc2lnbm9yZSIgY3JlZGVudGlhbGxlc3MgZGF0YS1hcnZlPSJhcnZlLXZpbWVvLTUyODkzMjM1MyIgZGF0YS1sZW5pcy1wcmV2ZW50PSIiIGRhdGEtc3JjLW5vLWFwPSJodHRwczovL3BsYXllci52aW1lby5jb20vdmlkZW8vNTI4OTMyMzUzP2RudD0xJmFtcDthcHBfaWQ9MTIyOTYzJmFtcDt0cmFuc3BhcmVudD0wJmFtcDt0aXRsZT0xJmFtcDtieWxpbmU9MCZhbXA7cG9ydHJhaXQ9MCZhbXA7YXV0b3BsYXk9MCIgZnJhbWVib3JkZXI9IjAiIGhlaWdodD0iMCIgbG9hZGluZz0ibGF6eSIgbmFtZT0iIiByZWZlcnJlcnBvbGljeT0ic3RyaWN0LW9yaWdpbi13aGVuLWNyb3NzLW9yaWdpbiIgc2FuZGJveD0iYWxsb3ctc2NyaXB0cyBhbGxvdy1zYW1lLW9yaWdpbiBhbGxvdy1wcmVzZW50YXRpb24gYWxsb3ctcG9wdXBzIGFsbG93LXBvcHVwcy10by1lc2NhcGUtc2FuZGJveCBhbGxvdy1mb3JtcyIgc2Nyb2xsaW5nPSJubyIgc3JjPSJodHRwczovL3BsYXllci52aW1lby5jb20vdmlkZW8vNTI4OTMyMzUzP2RudD0xJiMwMzg7YXBwX2lkPTEyMjk2MyYjMDM4O3RyYW5zcGFyZW50PTAmIzAzODt0aXRsZT0xJiMwMzg7YnlsaW5lPTAmIzAzODtwb3J0cmFpdD0wJiMwMzg7YXV0b3BsYXk9MCIgdGl0bGU9IiIgd2lkdGg9IjAiPjwvaWZyYW1lPgoJCQkKCQk8L2Rpdj4KCQkKCTwvZGl2PgoJCgkKCTxzY3JpcHQgdHlwZT0iYXBwbGljYXRpb24vbGQranNvbiI+eyJAY29udGV4dCI6Imh0dHA6XC9cL3NjaGVtYS5vcmdcLyIsIkBpZCI6Imh0dHBzOlwvXC9yZXRpbmEuY2hcL2ZyXC9hZ2VuZGFcL2RlZ2VuZXJhemlvbmUtbWFjdWxhcmUtbGVnYXRhLWFsbGV0YS1jYXVzZS1lLWN1cmVcLyNhcnZlLXZpbWVvLTUyODkzMjM1MyIsInR5cGUiOiJWaWRlb09iamVjdCIsImVtYmVkVVJMIjoiaHR0cHM6XC9cL3BsYXllci52aW1lby5jb21cL3ZpZGVvXC81Mjg5MzIzNTM\/ZG50PTEmYXBwX2lkPTEyMjk2MyZ0cmFuc3BhcmVudD0wJnRpdGxlPTEmYnlsaW5lPTAmcG9ydHJhaXQ9MCZhdXRvcGxheT0wIn08L3NjcmlwdD4KCQo8L2Rpdj4=\"><div class=\"brlbs-cmpnt-cb-preset-c brlbs-cmpnt-cb-vimeo\"> <div class=\"brlbs-cmpnt-cb-thumbnail\" style=\"background-image: url('https:\/\/retina.ch\/wp-content\/uploads\/borlabs-cookie\/1\/vimeo_528932353.jpg')\"><\/div> <div class=\"brlbs-cmpnt-cb-main\"> <div class=\"brlbs-cmpnt-cb-play-button\"><\/div> <div class=\"brlbs-cmpnt-cb-content\"> <p class=\"brlbs-cmpnt-cb-description\">Vous \u00eates actuellement en train de consulter le contenu d&rsquo;un espace r\u00e9serv\u00e9 de <strong>Vimeo<\/strong>. Pour acc\u00e9der au contenu r\u00e9el, cliquez sur le bouton ci-dessous. Veuillez noter que ce faisant, des donn\u00e9es seront partag\u00e9es avec des providers tiers.<\/p> <a class=\"brlbs-cmpnt-cb-provider-toggle\" href=\"#\" data-borlabs-cookie-show-provider-information role=\"button\">Plus d&rsquo;informations<\/a> <\/div> <div class=\"brlbs-cmpnt-cb-buttons\"> <a class=\"brlbs-cmpnt-cb-btn\" href=\"#\" data-borlabs-cookie-unblock role=\"button\">D\u00e9bloquer le contenu<\/a> <a class=\"brlbs-cmpnt-cb-btn\" href=\"#\" data-borlabs-cookie-accept-service role=\"button\" style=\"display: inherit\">Accepter le service requis et d\u00e9bloquer les contenus<\/a> <\/div> <\/div> <\/div><\/div>\n<\/div><\/figure>\n\n\n\n<p>Potete guardare qui la registrazione della conferenza con il Dr. Moreno Menghini del Servizio di oftalmologia dell&rsquo;Ente ospedaliero cantonale EOC, Lugano.<\/p>\n","protected":false},"excerpt":{"rendered":"<p>La degenerazione maculare legata all\u2019et\u00e0 (AMD) \u00e8 una malattia della retina, che compromette la capacit\u00e0 di vedere nitido. Nel mondo occidentale \u00e8 la maggiore causa di grave menomazione visiva delle persone sopra i 50 anni. Le terapie oggi disponibili per la sua forma umida sono spesso efficaci, a condizione che si intervenga tempestivamente appena si presentano dei sintomi.<\/p>\n","protected":false},"featured_media":0,"template":"","meta":{"_acf_changed":false,"inline_featured_image":false,"_FSMCFIC_featured_image_caption":"","_FSMCFIC_featured_image_nocaption":"","_FSMCFIC_featured_image_hide":"","footnotes":"","_links_to":"","_links_to_target":""},"categories":[46,74],"class_list":["post-5840","agenda","type-agenda","status-publish","hentry","category-degeneration-maculaire-liee-a-lage-dmla","category-webinar"],"acf":[],"yoast_head":"<!-- This site is optimized with the Yoast SEO plugin v27.1.1 - https:\/\/yoast.com\/product\/yoast-seo-wordpress\/ -->\n<title>Degenerazione maculare legata all\u2018et\u00e0: cause e cure &#8226; Retina Suisse<\/title>\n<meta name=\"robots\" content=\"index, follow, max-snippet:-1, max-image-preview:large, max-video-preview:-1\" \/>\n<link rel=\"canonical\" href=\"https:\/\/retina.ch\/fr\/agenda\/degenerazione-maculare-legata-alleta-cause-e-cure\/\" \/>\n<meta property=\"og:locale\" content=\"fr_FR\" \/>\n<meta property=\"og:type\" content=\"article\" \/>\n<meta property=\"og:title\" content=\"Degenerazione maculare legata all\u2018et\u00e0: cause e cure &#8226; Retina Suisse\" \/>\n<meta property=\"og:description\" content=\"La degenerazione maculare legata all\u2019et\u00e0 (AMD) \u00e8 una malattia della retina, che compromette la capacit\u00e0 di vedere nitido. Nel mondo occidentale \u00e8 la maggiore causa di grave menomazione visiva delle persone sopra i 50 anni. Le terapie oggi disponibili per la sua forma umida sono spesso efficaci, a condizione che si intervenga tempestivamente appena si presentano dei sintomi.\" \/>\n<meta property=\"og:url\" content=\"https:\/\/retina.ch\/fr\/agenda\/degenerazione-maculare-legata-alleta-cause-e-cure\/\" \/>\n<meta property=\"og:site_name\" content=\"Retina Suisse\" \/>\n<meta property=\"article:publisher\" content=\"https:\/\/www.facebook.com\/retinasuisse\/\" \/>\n<meta property=\"article:modified_time\" content=\"2021-03-25T17:03:42+00:00\" \/>\n<meta name=\"twitter:card\" content=\"summary_large_image\" \/>\n<script type=\"application\/ld+json\" class=\"yoast-schema-graph\">{\"@context\":\"https:\/\/schema.org\",\"@graph\":[{\"@type\":\"WebPage\",\"@id\":\"https:\/\/retina.ch\/fr\/agenda\/degenerazione-maculare-legata-alleta-cause-e-cure\/\",\"url\":\"https:\/\/retina.ch\/fr\/agenda\/degenerazione-maculare-legata-alleta-cause-e-cure\/\",\"name\":\"Degenerazione maculare legata all\u2018et\u00e0: cause e cure &#8226; Retina Suisse\",\"isPartOf\":{\"@id\":\"https:\/\/retina.ch\/fr\/#website\"},\"datePublished\":\"2021-02-17T09:27:34+00:00\",\"dateModified\":\"2021-03-25T17:03:42+00:00\",\"breadcrumb\":{\"@id\":\"https:\/\/retina.ch\/fr\/agenda\/degenerazione-maculare-legata-alleta-cause-e-cure\/#breadcrumb\"},\"inLanguage\":\"fr-FR\",\"potentialAction\":[{\"@type\":\"ReadAction\",\"target\":[\"https:\/\/retina.ch\/fr\/agenda\/degenerazione-maculare-legata-alleta-cause-e-cure\/\"]}]},{\"@type\":\"BreadcrumbList\",\"@id\":\"https:\/\/retina.ch\/fr\/agenda\/degenerazione-maculare-legata-alleta-cause-e-cure\/#breadcrumb\",\"itemListElement\":[{\"@type\":\"ListItem\",\"position\":1,\"name\":\"Retina Suisse\",\"item\":\"https:\/\/retina.ch\/fr\/\"},{\"@type\":\"ListItem\",\"position\":2,\"name\":\"Degenerazione maculare legata all\u2018et\u00e0: cause e cure\"}]},{\"@type\":\"WebSite\",\"@id\":\"https:\/\/retina.ch\/fr\/#website\",\"url\":\"https:\/\/retina.ch\/fr\/\",\"name\":\"Retina Suisse\",\"description\":\"Retina Suisse ist die Vereinigung von Patientinnen und Patienten mit Retinitis pigmentosa (RP), Makuladegeneration, Usher-Syndrom und anderen Erkrankungen des Augenhintergrundes.\",\"publisher\":{\"@id\":\"https:\/\/retina.ch\/fr\/#organization\"},\"potentialAction\":[{\"@type\":\"SearchAction\",\"target\":{\"@type\":\"EntryPoint\",\"urlTemplate\":\"https:\/\/retina.ch\/fr\/?s={search_term_string}\"},\"query-input\":{\"@type\":\"PropertyValueSpecification\",\"valueRequired\":true,\"valueName\":\"search_term_string\"}}],\"inLanguage\":\"fr-FR\"},{\"@type\":\"Organization\",\"@id\":\"https:\/\/retina.ch\/fr\/#organization\",\"name\":\"Retina Suisse\",\"url\":\"https:\/\/retina.ch\/fr\/\",\"logo\":{\"@type\":\"ImageObject\",\"inLanguage\":\"fr-FR\",\"@id\":\"https:\/\/retina.ch\/fr\/#\/schema\/logo\/image\/\",\"url\":\"https:\/\/retina.ch\/wp-content\/uploads\/2020\/09\/retina-auge-typo.svg\",\"contentUrl\":\"https:\/\/retina.ch\/wp-content\/uploads\/2020\/09\/retina-auge-typo.svg\",\"width\":\"1024\",\"height\":\"1024\",\"caption\":\"Retina Suisse\"},\"image\":{\"@id\":\"https:\/\/retina.ch\/fr\/#\/schema\/logo\/image\/\"},\"sameAs\":[\"https:\/\/www.facebook.com\/retinasuisse\/\"]}]}<\/script>\n<!-- \/ Yoast SEO plugin. -->","yoast_head_json":{"title":"Degenerazione maculare legata all\u2018et\u00e0: cause e cure &#8226; Retina Suisse","robots":{"index":"index","follow":"follow","max-snippet":"max-snippet:-1","max-image-preview":"max-image-preview:large","max-video-preview":"max-video-preview:-1"},"canonical":"https:\/\/retina.ch\/fr\/agenda\/degenerazione-maculare-legata-alleta-cause-e-cure\/","og_locale":"fr_FR","og_type":"article","og_title":"Degenerazione maculare legata all\u2018et\u00e0: cause e cure &#8226; Retina Suisse","og_description":"La degenerazione maculare legata all\u2019et\u00e0 (AMD) \u00e8 una malattia della retina, che compromette la capacit\u00e0 di vedere nitido. Nel mondo occidentale \u00e8 la maggiore causa di grave menomazione visiva delle persone sopra i 50 anni. Le terapie oggi disponibili per la sua forma umida sono spesso efficaci, a condizione che si intervenga tempestivamente appena si presentano dei sintomi.","og_url":"https:\/\/retina.ch\/fr\/agenda\/degenerazione-maculare-legata-alleta-cause-e-cure\/","og_site_name":"Retina Suisse","article_publisher":"https:\/\/www.facebook.com\/retinasuisse\/","article_modified_time":"2021-03-25T17:03:42+00:00","twitter_card":"summary_large_image","schema":{"@context":"https:\/\/schema.org","@graph":[{"@type":"WebPage","@id":"https:\/\/retina.ch\/fr\/agenda\/degenerazione-maculare-legata-alleta-cause-e-cure\/","url":"https:\/\/retina.ch\/fr\/agenda\/degenerazione-maculare-legata-alleta-cause-e-cure\/","name":"Degenerazione maculare legata all\u2018et\u00e0: cause e cure &#8226; Retina Suisse","isPartOf":{"@id":"https:\/\/retina.ch\/fr\/#website"},"datePublished":"2021-02-17T09:27:34+00:00","dateModified":"2021-03-25T17:03:42+00:00","breadcrumb":{"@id":"https:\/\/retina.ch\/fr\/agenda\/degenerazione-maculare-legata-alleta-cause-e-cure\/#breadcrumb"},"inLanguage":"fr-FR","potentialAction":[{"@type":"ReadAction","target":["https:\/\/retina.ch\/fr\/agenda\/degenerazione-maculare-legata-alleta-cause-e-cure\/"]}]},{"@type":"BreadcrumbList","@id":"https:\/\/retina.ch\/fr\/agenda\/degenerazione-maculare-legata-alleta-cause-e-cure\/#breadcrumb","itemListElement":[{"@type":"ListItem","position":1,"name":"Retina Suisse","item":"https:\/\/retina.ch\/fr\/"},{"@type":"ListItem","position":2,"name":"Degenerazione maculare legata all\u2018et\u00e0: cause e cure"}]},{"@type":"WebSite","@id":"https:\/\/retina.ch\/fr\/#website","url":"https:\/\/retina.ch\/fr\/","name":"Retina Suisse","description":"Retina Suisse ist die Vereinigung von Patientinnen und Patienten mit Retinitis pigmentosa (RP), Makuladegeneration, Usher-Syndrom und anderen Erkrankungen des Augenhintergrundes.","publisher":{"@id":"https:\/\/retina.ch\/fr\/#organization"},"potentialAction":[{"@type":"SearchAction","target":{"@type":"EntryPoint","urlTemplate":"https:\/\/retina.ch\/fr\/?s={search_term_string}"},"query-input":{"@type":"PropertyValueSpecification","valueRequired":true,"valueName":"search_term_string"}}],"inLanguage":"fr-FR"},{"@type":"Organization","@id":"https:\/\/retina.ch\/fr\/#organization","name":"Retina Suisse","url":"https:\/\/retina.ch\/fr\/","logo":{"@type":"ImageObject","inLanguage":"fr-FR","@id":"https:\/\/retina.ch\/fr\/#\/schema\/logo\/image\/","url":"https:\/\/retina.ch\/wp-content\/uploads\/2020\/09\/retina-auge-typo.svg","contentUrl":"https:\/\/retina.ch\/wp-content\/uploads\/2020\/09\/retina-auge-typo.svg","width":"1024","height":"1024","caption":"Retina Suisse"},"image":{"@id":"https:\/\/retina.ch\/fr\/#\/schema\/logo\/image\/"},"sameAs":["https:\/\/www.facebook.com\/retinasuisse\/"]}]}},"_links":{"self":[{"href":"https:\/\/retina.ch\/fr\/wp-json\/wp\/v2\/agenda\/5840","targetHints":{"allow":["GET"]}}],"collection":[{"href":"https:\/\/retina.ch\/fr\/wp-json\/wp\/v2\/agenda"}],"about":[{"href":"https:\/\/retina.ch\/fr\/wp-json\/wp\/v2\/types\/agenda"}],"version-history":[{"count":7,"href":"https:\/\/retina.ch\/fr\/wp-json\/wp\/v2\/agenda\/5840\/revisions"}],"predecessor-version":[{"id":6153,"href":"https:\/\/retina.ch\/fr\/wp-json\/wp\/v2\/agenda\/5840\/revisions\/6153"}],"wp:attachment":[{"href":"https:\/\/retina.ch\/fr\/wp-json\/wp\/v2\/media?parent=5840"}],"wp:term":[{"taxonomy":"category","embeddable":true,"href":"https:\/\/retina.ch\/fr\/wp-json\/wp\/v2\/categories?post=5840"}],"curies":[{"name":"wp","href":"https:\/\/api.w.org\/{rel}","templated":true}]}}