{"id":7844,"date":"2021-12-06T11:06:42","date_gmt":"2021-12-06T10:06:42","guid":{"rendered":"https:\/\/retina.ch\/?post_type=agenda&#038;p=7844"},"modified":"2022-04-11T16:01:40","modified_gmt":"2022-04-11T14:01:40","slug":"43eme-assemblee-generale-de-retina-suisse","status":"publish","type":"agenda","link":"https:\/\/retina.ch\/fr\/agenda\/43eme-assemblee-generale-de-retina-suisse\/","title":{"rendered":"43\u00e8me assembl\u00e9e g\u00e9n\u00e9rale de Retina Suisse"},"content":{"rendered":"\n<h2 class=\"wp-block-heading\">Programme:<\/h2>\n\n\n\n<p>Traduction simultan\u00e9e A\/F et F\/A<\/p>\n\n\n\n<p><strong>D\u00e8s 13.15 heures : Entr\u00e9e via Zoom<\/strong><\/p>\n\n\n\n<p><strong>13.30 heures : Assembl\u00e9e g\u00e9n\u00e9rale, affaires statutaires<\/strong><\/p>\n\n\n\n<p><strong>14.45 heures : Nouveaux d\u00e9veloppements dans le traitement de la DMLA<\/strong> &#8211; Prof. Dr. Dr. Sebastian Wolf, m\u00e9decin-chef et co-directeur de clinique, Universit\u00e4tsklinik f\u00fcr Augenheilkunde, Inselspital, Berne<\/p>\n\n\n\n<p><strong>15.30 heures : Contribution d&rsquo;assistance de l\u2019AI pour les personnes handicap\u00e9es de la vue<\/strong> &#8211; Simone Leuenberger, collaboratrice scientifique, responsable du d\u00e9partement Assistance, Agile.ch<\/p>\n\n\n\n<p><strong>16.15 heures<\/strong> : <strong><strong>Comment obtenir une analyse g\u00e9n\u00e9tique pour un diagnostic clinique&nbsp;?<\/strong><\/strong> &#8211; Stephan H\u00fcsler, directeur de Retina Suisse<\/p>\n\n\n\n<p><strong>16.30 heures : Conclusion de la pr\u00e9sidente<\/strong> &#8211; Susanne Trudel, pr\u00e9sidente de Retina Suisse<\/p>\n\n\n\n<hr class=\"wp-block-separator\"\/>\n\n\n\n<h2 class=\"wp-block-heading\">Documentation pour l&rsquo;AG :<\/h2>\n\n\n\n<ul class=\"wp-block-list\"><li><a href=\"https:\/\/retina.ch\/wp-content\/uploads\/2022\/03\/2-gv-programm-u-traktanden-2022-f.pdf\" target=\"_blank\" rel=\"noreferrer noopener\">Programme et propositions du comit\u00e9 \u00e0 l\u2019assembl\u00e9e g\u00e9n\u00e9rale 2022<\/a><\/li><li><a href=\"https:\/\/retina.ch\/wp-content\/uploads\/2022\/03\/protokoll-gv-2021-21-04-17-f.pdf\" target=\"_blank\" rel=\"noreferrer noopener\">Proc\u00e8s-verbal de la 42\u00e8me AG 2021<\/a><\/li><li><a href=\"https:\/\/retina.ch\/wp-content\/uploads\/2022\/03\/rs-fr-rapport-annuel-2021.pdf\">Rapport d&rsquo;activit\u00e9 2021<\/a><\/li><li><a href=\"https:\/\/retina.ch\/wp-content\/uploads\/2022\/03\/rs-fr-rapport-financier-2021.pdf\">Rapport financier 2021<\/a><\/li><li><a href=\"https:\/\/fr.surveymonkey.com\/r\/VoteAG\" target=\"_blank\" rel=\"noreferrer noopener\">Votation sur la 43\u00e8me assembl\u00e9e g\u00e9n\u00e9rale ordinaire du Retina Suisse<\/a><\/li><li><a href=\"https:\/\/retina.ch\/wp-content\/uploads\/2022\/04\/cd-scan-franzoesisch-1.zip\">Assembl\u00e9e g\u00e9n\u00e9rale 2022, Rapport annuel 2021<\/a><\/li><\/ul>\n\n\n\n<h3 class=\"wp-block-heading\">Plus d&rsquo;information<\/h3>\n\n\n\n<ul class=\"wp-block-list\"><li><a href=\"https:\/\/support.zoom.us\/hc\/fr\/articles\/205683899-Hot-Keys-and-Keyboard-for-Zoom\">Raccourcis clavier pour Zoom<\/a><\/li><li><a href=\"https:\/\/retina.ch\/wp-content\/uploads\/2021\/03\/quest-ce-quun-webinaire.pdf\">Qu\u2019est-ce qu\u2019un webinaire ? (PDF)<\/a><\/li><\/ul>\n","protected":false},"excerpt":{"rendered":"<p>Participez \u00e0 notre AG virtuelle du 9.4.2022 et apprenez-en plus sur les les nouveaux d\u00e9veloppements dans les traitements de la DMLA, la contribution d&rsquo;assistance de l&rsquo;AI, et l&rsquo;analyse g\u00e9n\u00e9tique.<\/p>\n<p>Nous nous r\u00e9jouissons de votre participation.<\/p>\n","protected":false},"featured_media":0,"template":"","meta":{"_acf_changed":false,"inline_featured_image":false,"_FSMCFIC_featured_image_caption":"","_FSMCFIC_featured_image_nocaption":"","_FSMCFIC_featured_image_hide":"","footnotes":"","_links_to":"","_links_to_target":""},"categories":[],"class_list":["post-7844","agenda","type-agenda","status-publish","hentry"],"acf":[],"yoast_head":"<!-- This site is optimized with the Yoast SEO plugin v27.1.1 - https:\/\/yoast.com\/product\/yoast-seo-wordpress\/ -->\n<title>43\u00e8me assembl\u00e9e g\u00e9n\u00e9rale de Retina Suisse &#8226; Retina Suisse<\/title>\n<meta name=\"description\" content=\"Participez \u00e0 notre AG du 9.4.2022 et apprenez-en plus sur les traitements de la DMLA, la contribution d&#039;assistance, et l&#039;analyse g\u00e9n\u00e9tique.\" \/>\n<meta name=\"robots\" content=\"index, follow, max-snippet:-1, max-image-preview:large, max-video-preview:-1\" \/>\n<link rel=\"canonical\" href=\"https:\/\/retina.ch\/fr\/agenda\/43eme-assemblee-generale-de-retina-suisse\/\" \/>\n<meta property=\"og:locale\" content=\"fr_FR\" \/>\n<meta property=\"og:type\" content=\"article\" \/>\n<meta property=\"og:title\" content=\"43\u00e8me assembl\u00e9e g\u00e9n\u00e9rale de Retina Suisse &#8226; Retina Suisse\" \/>\n<meta property=\"og:description\" content=\"Participez \u00e0 notre AG du 9.4.2022 et apprenez-en plus sur les traitements de la DMLA, la contribution d&#039;assistance, et l&#039;analyse g\u00e9n\u00e9tique.\" \/>\n<meta property=\"og:url\" content=\"https:\/\/retina.ch\/fr\/agenda\/43eme-assemblee-generale-de-retina-suisse\/\" \/>\n<meta property=\"og:site_name\" content=\"Retina Suisse\" \/>\n<meta property=\"article:publisher\" content=\"https:\/\/www.facebook.com\/retinasuisse\/\" \/>\n<meta property=\"article:modified_time\" content=\"2022-04-11T14:01:40+00:00\" \/>\n<meta name=\"twitter:card\" content=\"summary_large_image\" \/>\n<meta name=\"twitter:label1\" content=\"Dur\u00e9e de lecture estim\u00e9e\" \/>\n\t<meta name=\"twitter:data1\" content=\"1 minute\" \/>\n<script type=\"application\/ld+json\" class=\"yoast-schema-graph\">{\"@context\":\"https:\/\/schema.org\",\"@graph\":[{\"@type\":\"WebPage\",\"@id\":\"https:\/\/retina.ch\/fr\/agenda\/43eme-assemblee-generale-de-retina-suisse\/\",\"url\":\"https:\/\/retina.ch\/fr\/agenda\/43eme-assemblee-generale-de-retina-suisse\/\",\"name\":\"43\u00e8me assembl\u00e9e g\u00e9n\u00e9rale de Retina Suisse &#8226; Retina Suisse\",\"isPartOf\":{\"@id\":\"https:\/\/retina.ch\/fr\/#website\"},\"datePublished\":\"2021-12-06T10:06:42+00:00\",\"dateModified\":\"2022-04-11T14:01:40+00:00\",\"description\":\"Participez \u00e0 notre AG du 9.4.2022 et apprenez-en plus sur les traitements de la DMLA, la contribution d'assistance, et l'analyse g\u00e9n\u00e9tique.\",\"breadcrumb\":{\"@id\":\"https:\/\/retina.ch\/fr\/agenda\/43eme-assemblee-generale-de-retina-suisse\/#breadcrumb\"},\"inLanguage\":\"fr-FR\",\"potentialAction\":[{\"@type\":\"ReadAction\",\"target\":[\"https:\/\/retina.ch\/fr\/agenda\/43eme-assemblee-generale-de-retina-suisse\/\"]}]},{\"@type\":\"BreadcrumbList\",\"@id\":\"https:\/\/retina.ch\/fr\/agenda\/43eme-assemblee-generale-de-retina-suisse\/#breadcrumb\",\"itemListElement\":[{\"@type\":\"ListItem\",\"position\":1,\"name\":\"Retina Suisse\",\"item\":\"https:\/\/retina.ch\/fr\/\"},{\"@type\":\"ListItem\",\"position\":2,\"name\":\"43\u00e8me assembl\u00e9e g\u00e9n\u00e9rale de Retina Suisse\"}]},{\"@type\":\"WebSite\",\"@id\":\"https:\/\/retina.ch\/fr\/#website\",\"url\":\"https:\/\/retina.ch\/fr\/\",\"name\":\"Retina Suisse\",\"description\":\"Retina Suisse ist die Vereinigung von Patientinnen und Patienten mit Retinitis pigmentosa (RP), Makuladegeneration, Usher-Syndrom und anderen Erkrankungen des Augenhintergrundes.\",\"publisher\":{\"@id\":\"https:\/\/retina.ch\/fr\/#organization\"},\"potentialAction\":[{\"@type\":\"SearchAction\",\"target\":{\"@type\":\"EntryPoint\",\"urlTemplate\":\"https:\/\/retina.ch\/fr\/?s={search_term_string}\"},\"query-input\":{\"@type\":\"PropertyValueSpecification\",\"valueRequired\":true,\"valueName\":\"search_term_string\"}}],\"inLanguage\":\"fr-FR\"},{\"@type\":\"Organization\",\"@id\":\"https:\/\/retina.ch\/fr\/#organization\",\"name\":\"Retina Suisse\",\"url\":\"https:\/\/retina.ch\/fr\/\",\"logo\":{\"@type\":\"ImageObject\",\"inLanguage\":\"fr-FR\",\"@id\":\"https:\/\/retina.ch\/fr\/#\/schema\/logo\/image\/\",\"url\":\"https:\/\/retina.ch\/wp-content\/uploads\/2020\/09\/retina-auge-typo.svg\",\"contentUrl\":\"https:\/\/retina.ch\/wp-content\/uploads\/2020\/09\/retina-auge-typo.svg\",\"width\":\"1024\",\"height\":\"1024\",\"caption\":\"Retina Suisse\"},\"image\":{\"@id\":\"https:\/\/retina.ch\/fr\/#\/schema\/logo\/image\/\"},\"sameAs\":[\"https:\/\/www.facebook.com\/retinasuisse\/\"]}]}<\/script>\n<!-- \/ Yoast SEO plugin. -->","yoast_head_json":{"title":"43\u00e8me assembl\u00e9e g\u00e9n\u00e9rale de Retina Suisse &#8226; Retina Suisse","description":"Participez \u00e0 notre AG du 9.4.2022 et apprenez-en plus sur les traitements de la DMLA, la contribution d'assistance, et l'analyse g\u00e9n\u00e9tique.","robots":{"index":"index","follow":"follow","max-snippet":"max-snippet:-1","max-image-preview":"max-image-preview:large","max-video-preview":"max-video-preview:-1"},"canonical":"https:\/\/retina.ch\/fr\/agenda\/43eme-assemblee-generale-de-retina-suisse\/","og_locale":"fr_FR","og_type":"article","og_title":"43\u00e8me assembl\u00e9e g\u00e9n\u00e9rale de Retina Suisse &#8226; Retina Suisse","og_description":"Participez \u00e0 notre AG du 9.4.2022 et apprenez-en plus sur les traitements de la DMLA, la contribution d'assistance, et l'analyse g\u00e9n\u00e9tique.","og_url":"https:\/\/retina.ch\/fr\/agenda\/43eme-assemblee-generale-de-retina-suisse\/","og_site_name":"Retina Suisse","article_publisher":"https:\/\/www.facebook.com\/retinasuisse\/","article_modified_time":"2022-04-11T14:01:40+00:00","twitter_card":"summary_large_image","twitter_misc":{"Dur\u00e9e de lecture estim\u00e9e":"1 minute"},"schema":{"@context":"https:\/\/schema.org","@graph":[{"@type":"WebPage","@id":"https:\/\/retina.ch\/fr\/agenda\/43eme-assemblee-generale-de-retina-suisse\/","url":"https:\/\/retina.ch\/fr\/agenda\/43eme-assemblee-generale-de-retina-suisse\/","name":"43\u00e8me assembl\u00e9e g\u00e9n\u00e9rale de Retina Suisse &#8226; Retina Suisse","isPartOf":{"@id":"https:\/\/retina.ch\/fr\/#website"},"datePublished":"2021-12-06T10:06:42+00:00","dateModified":"2022-04-11T14:01:40+00:00","description":"Participez \u00e0 notre AG du 9.4.2022 et apprenez-en plus sur les traitements de la DMLA, la contribution d'assistance, et l'analyse g\u00e9n\u00e9tique.","breadcrumb":{"@id":"https:\/\/retina.ch\/fr\/agenda\/43eme-assemblee-generale-de-retina-suisse\/#breadcrumb"},"inLanguage":"fr-FR","potentialAction":[{"@type":"ReadAction","target":["https:\/\/retina.ch\/fr\/agenda\/43eme-assemblee-generale-de-retina-suisse\/"]}]},{"@type":"BreadcrumbList","@id":"https:\/\/retina.ch\/fr\/agenda\/43eme-assemblee-generale-de-retina-suisse\/#breadcrumb","itemListElement":[{"@type":"ListItem","position":1,"name":"Retina Suisse","item":"https:\/\/retina.ch\/fr\/"},{"@type":"ListItem","position":2,"name":"43\u00e8me assembl\u00e9e g\u00e9n\u00e9rale de Retina Suisse"}]},{"@type":"WebSite","@id":"https:\/\/retina.ch\/fr\/#website","url":"https:\/\/retina.ch\/fr\/","name":"Retina Suisse","description":"Retina Suisse ist die Vereinigung von Patientinnen und Patienten mit Retinitis pigmentosa (RP), Makuladegeneration, Usher-Syndrom und anderen Erkrankungen des Augenhintergrundes.","publisher":{"@id":"https:\/\/retina.ch\/fr\/#organization"},"potentialAction":[{"@type":"SearchAction","target":{"@type":"EntryPoint","urlTemplate":"https:\/\/retina.ch\/fr\/?s={search_term_string}"},"query-input":{"@type":"PropertyValueSpecification","valueRequired":true,"valueName":"search_term_string"}}],"inLanguage":"fr-FR"},{"@type":"Organization","@id":"https:\/\/retina.ch\/fr\/#organization","name":"Retina Suisse","url":"https:\/\/retina.ch\/fr\/","logo":{"@type":"ImageObject","inLanguage":"fr-FR","@id":"https:\/\/retina.ch\/fr\/#\/schema\/logo\/image\/","url":"https:\/\/retina.ch\/wp-content\/uploads\/2020\/09\/retina-auge-typo.svg","contentUrl":"https:\/\/retina.ch\/wp-content\/uploads\/2020\/09\/retina-auge-typo.svg","width":"1024","height":"1024","caption":"Retina Suisse"},"image":{"@id":"https:\/\/retina.ch\/fr\/#\/schema\/logo\/image\/"},"sameAs":["https:\/\/www.facebook.com\/retinasuisse\/"]}]}},"_links":{"self":[{"href":"https:\/\/retina.ch\/fr\/wp-json\/wp\/v2\/agenda\/7844","targetHints":{"allow":["GET"]}}],"collection":[{"href":"https:\/\/retina.ch\/fr\/wp-json\/wp\/v2\/agenda"}],"about":[{"href":"https:\/\/retina.ch\/fr\/wp-json\/wp\/v2\/types\/agenda"}],"version-history":[{"count":19,"href":"https:\/\/retina.ch\/fr\/wp-json\/wp\/v2\/agenda\/7844\/revisions"}],"predecessor-version":[{"id":8686,"href":"https:\/\/retina.ch\/fr\/wp-json\/wp\/v2\/agenda\/7844\/revisions\/8686"}],"wp:attachment":[{"href":"https:\/\/retina.ch\/fr\/wp-json\/wp\/v2\/media?parent=7844"}],"wp:term":[{"taxonomy":"category","embeddable":true,"href":"https:\/\/retina.ch\/fr\/wp-json\/wp\/v2\/categories?post=7844"}],"curies":[{"name":"wp","href":"https:\/\/api.w.org\/{rel}","templated":true}]}}