{"id":13053,"date":"2023-08-16T10:11:32","date_gmt":"2023-08-16T08:11:32","guid":{"rendered":"https:\/\/retina.ch\/?post_type=aktuelles&#038;p=13053"},"modified":"2023-12-11T12:33:12","modified_gmt":"2023-12-11T11:33:12","slug":"initiative-pour-linclusion-egalite-des-droits-participation-autodetermination-et-assistance-pour-les-personnes-avec-des-handicaps-maintenant","status":"publish","type":"aktuelles","link":"https:\/\/retina.ch\/fr\/actualites\/initiative-pour-linclusion-egalite-des-droits-participation-autodetermination-et-assistance-pour-les-personnes-avec-des-handicaps-maintenant\/","title":{"rendered":"Initiative pour l\u2018inclusion: Egalit\u00e9 des droits, participation, autod\u00e9termination et assistance pour les personnes avec des handicaps, maintenant!"},"content":{"rendered":"\n<p>La collecte de signatures pour l\u2019initiative populaire Inclusion a commenc\u00e9 le 27.4.2023. Il reste 16 mois pour collecter 100\u2019000 signatures.<\/p>\n\n\n\n<p>\u00abL\u2019initiative populaire revendique l\u2019\u00e9galit\u00e9 des droits juridique et r\u00e9elle des personnes avec des handicaps\u00bb, dit Stephan H\u00fcsler, pr\u00e9sident d\u2019Agile.ch et directeur de Retina Suisse. \u00abEn d\u00e9pit du fait que notre Constitution interdise depuis 23 ans la discrimination des personnes handicap\u00e9es, celles-ci subissent des discriminations au quotidien. C\u2019est pourquoi l\u2019initiative populaire \u00e9met les revendications ci-apr\u00e8s:<\/p>\n\n\n\n<p>De nombreuses personnes avec des handicaps sont oblig\u00e9es de vivre en institution. L\u2019initiative Inclusion requiert que tous les \u00eatres humains aient le droit \u00e0 des formes de vie et d\u2019habitation librement choisies. Les personnes handicap\u00e9es doivent franchir de nombreux obstacles dans la vie de tous les jours. Cela concerne entre autres l\u2019habitat, la formation, la culture, les transports publics, les prestations de services et les b\u00e2timents. L\u2019initiative Inclusion demande la fin de la discrimination.<\/p>\n\n\n\n<p>L\u2019exercice d\u2019une activit\u00e9 professionnelle ou politique est compliqu\u00e9 pour beaucoup de personnes handicap\u00e9es. L\u2019initiative Inclusion demande davantage d\u2019assistance, afin que les personnes avec un handicap puissent prendre enti\u00e8rement part \u00e0 la vie sociale.<\/p>\n\n\n\n<h2 class=\"wp-block-heading\">Autod\u00e9termination et participation<\/h2>\n\n\n\n<p>Par l\u2019initiative Inclusion, les personnes avec un handicap doivent obtenir les ressources personnelles et techniques pour pouvoir, au moyen d\u2019assistance, prendre part totalement et de mani\u00e8re autod\u00e9termin\u00e9e \u00e0 la soci\u00e9t\u00e9, la politique, l\u2019\u00e9conomie et la culture et d\u00e9velopper leur potentiel.<\/p>\n\n\n\n<p>Les points de rep\u00e8re de l\u2019art. 8 de la Constitution f\u00e9d\u00e9rale peuvent \u00eatre compris comme suit:<\/p>\n\n\n\n<ul class=\"wp-block-list\">\n<li>Au l\u00e9gislateur \u00e9choit la t\u00e2che d\u2019assurer l\u2019\u00e9galit\u00e9 juridique et r\u00e9elle de toutes les personnes avec des handicaps dans tous les domaines de la vie.<\/li>\n\n\n\n<li>Les personnes handicap\u00e9es ont droit \u00e0 toutes les adaptations et \u00e0 toutes les dispositions d\u2019aide qui sont n\u00e9cessaires pour l\u2019\u00e9galit\u00e9 de leurs droits et qui sont raisonnables.<\/li>\n\n\n\n<li>Sont nomm\u00e9es explicitement le droit \u00e0 l\u2019assistance personnelle et technique ainsi que le libre droit \u00e0 la forme et au lieu d\u2019habitation.<\/li>\n<\/ul>\n\n\n\n<p><a href=\"https:\/\/www.initiative-inclusion.ch\/signer\"><strong>Je veux signer l&rsquo;initiative<\/strong><\/a><\/p>\n\n\n\n<hr class=\"wp-block-separator has-alpha-channel-opacity\"\/>\n\n\n\n<h3 class=\"wp-block-heading\">Plus d&rsquo;information<\/h3>\n\n\n\n<ul class=\"wp-block-list\">\n<li><a href=\"https:\/\/www.initiative-inclusion.ch\/\" target=\"_blank\" rel=\"noreferrer noopener\">En savoir plus sur l&rsquo;initiative pour l&rsquo;inclusion<\/a><\/li>\n<\/ul>\n","protected":false},"excerpt":{"rendered":"<p>Pr\u00e8s de 1,7 million de personnes vivent avec un handicap en Suisse. L\u2019initiative pour l\u2019inclusion revendique une vie autod\u00e9termin\u00e9e pour les personnes handicap\u00e9es.<\/p>\n","protected":false},"featured_media":13071,"template":"","meta":{"_acf_changed":false,"inline_featured_image":false,"_FSMCFIC_featured_image_caption":"","_FSMCFIC_featured_image_nocaption":"","_FSMCFIC_featured_image_hide":"","footnotes":"","_links_to":"","_links_to_target":""},"categories":[46,62,64],"class_list":["post-13053","aktuelles","type-aktuelles","status-publish","has-post-thumbnail","hentry","category-degeneration-maculaire-liee-a-lage-dmla","category-retinite-pigmentaire","category-syndrome-usher"],"acf":[],"yoast_head":"<!-- This site is optimized with the Yoast SEO plugin v27.1.1 - https:\/\/yoast.com\/product\/yoast-seo-wordpress\/ -->\n<title>Initiative pour l\u2018inclusion: Egalit\u00e9 des droits, participation, autod\u00e9termination et assistance pour les personnes avec des handicaps, maintenant! &#8226; Retina Suisse<\/title>\n<meta name=\"description\" content=\"Pr\u00e8s de 1,7 million de personnes vivent avec un handicap en Suisse. L\u2019initiative pour l\u2019inclusion revendique une vie autod\u00e9termin\u00e9e pour les personnes handicap\u00e9es.\" \/>\n<meta name=\"robots\" content=\"index, follow, max-snippet:-1, max-image-preview:large, max-video-preview:-1\" \/>\n<link rel=\"canonical\" href=\"https:\/\/retina.ch\/fr\/actualites\/initiative-pour-linclusion-egalite-des-droits-participation-autodetermination-et-assistance-pour-les-personnes-avec-des-handicaps-maintenant\/\" \/>\n<meta property=\"og:locale\" content=\"fr_FR\" \/>\n<meta property=\"og:type\" content=\"article\" \/>\n<meta property=\"og:title\" content=\"Initiative pour l\u2018inclusion: Egalit\u00e9 des droits, participation, autod\u00e9termination et assistance pour les personnes avec des handicaps, maintenant! &#8226; Retina Suisse\" \/>\n<meta property=\"og:description\" content=\"Pr\u00e8s de 1,7 million de personnes vivent avec un handicap en Suisse. L\u2019initiative pour l\u2019inclusion revendique une vie autod\u00e9termin\u00e9e pour les personnes handicap\u00e9es.\" \/>\n<meta property=\"og:url\" content=\"https:\/\/retina.ch\/fr\/actualites\/initiative-pour-linclusion-egalite-des-droits-participation-autodetermination-et-assistance-pour-les-personnes-avec-des-handicaps-maintenant\/\" \/>\n<meta property=\"og:site_name\" content=\"Retina Suisse\" \/>\n<meta property=\"article:publisher\" content=\"https:\/\/www.facebook.com\/retinasuisse\/\" \/>\n<meta property=\"article:modified_time\" content=\"2023-12-11T11:33:12+00:00\" \/>\n<meta property=\"og:image\" content=\"https:\/\/retina.ch\/wp-content\/uploads\/2023\/08\/inklusionsinitiative.png\" \/>\n\t<meta property=\"og:image:width\" content=\"736\" \/>\n\t<meta property=\"og:image:height\" content=\"423\" \/>\n\t<meta property=\"og:image:type\" content=\"image\/png\" \/>\n<meta name=\"twitter:card\" content=\"summary_large_image\" \/>\n<meta name=\"twitter:label1\" content=\"Dur\u00e9e de lecture estim\u00e9e\" \/>\n\t<meta name=\"twitter:data1\" content=\"2 minutes\" \/>\n<script type=\"application\/ld+json\" class=\"yoast-schema-graph\">{\"@context\":\"https:\/\/schema.org\",\"@graph\":[{\"@type\":\"WebPage\",\"@id\":\"https:\/\/retina.ch\/fr\/actualites\/initiative-pour-linclusion-egalite-des-droits-participation-autodetermination-et-assistance-pour-les-personnes-avec-des-handicaps-maintenant\/\",\"url\":\"https:\/\/retina.ch\/fr\/actualites\/initiative-pour-linclusion-egalite-des-droits-participation-autodetermination-et-assistance-pour-les-personnes-avec-des-handicaps-maintenant\/\",\"name\":\"Initiative pour l\u2018inclusion: Egalit\u00e9 des droits, participation, autod\u00e9termination et assistance pour les personnes avec des handicaps, maintenant! &#8226; Retina Suisse\",\"isPartOf\":{\"@id\":\"https:\/\/retina.ch\/fr\/#website\"},\"primaryImageOfPage\":{\"@id\":\"https:\/\/retina.ch\/fr\/actualites\/initiative-pour-linclusion-egalite-des-droits-participation-autodetermination-et-assistance-pour-les-personnes-avec-des-handicaps-maintenant\/#primaryimage\"},\"image\":{\"@id\":\"https:\/\/retina.ch\/fr\/actualites\/initiative-pour-linclusion-egalite-des-droits-participation-autodetermination-et-assistance-pour-les-personnes-avec-des-handicaps-maintenant\/#primaryimage\"},\"thumbnailUrl\":\"https:\/\/retina.ch\/wp-content\/uploads\/2023\/08\/inklusionsinitiative.png\",\"datePublished\":\"2023-08-16T08:11:32+00:00\",\"dateModified\":\"2023-12-11T11:33:12+00:00\",\"description\":\"Pr\u00e8s de 1,7 million de personnes vivent avec un handicap en Suisse. L\u2019initiative pour l\u2019inclusion revendique une vie autod\u00e9termin\u00e9e pour les personnes handicap\u00e9es.\",\"breadcrumb\":{\"@id\":\"https:\/\/retina.ch\/fr\/actualites\/initiative-pour-linclusion-egalite-des-droits-participation-autodetermination-et-assistance-pour-les-personnes-avec-des-handicaps-maintenant\/#breadcrumb\"},\"inLanguage\":\"fr-FR\",\"potentialAction\":[{\"@type\":\"ReadAction\",\"target\":[\"https:\/\/retina.ch\/fr\/actualites\/initiative-pour-linclusion-egalite-des-droits-participation-autodetermination-et-assistance-pour-les-personnes-avec-des-handicaps-maintenant\/\"]}]},{\"@type\":\"ImageObject\",\"inLanguage\":\"fr-FR\",\"@id\":\"https:\/\/retina.ch\/fr\/actualites\/initiative-pour-linclusion-egalite-des-droits-participation-autodetermination-et-assistance-pour-les-personnes-avec-des-handicaps-maintenant\/#primaryimage\",\"url\":\"https:\/\/retina.ch\/wp-content\/uploads\/2023\/08\/inklusionsinitiative.png\",\"contentUrl\":\"https:\/\/retina.ch\/wp-content\/uploads\/2023\/08\/inklusionsinitiative.png\",\"width\":736,\"height\":423,\"caption\":\"Un groupe de personnes handicap\u00e9es au d\u00e9part de la collecte avec des panneaux portant le logo de l'initiative d'inclusion\"},{\"@type\":\"BreadcrumbList\",\"@id\":\"https:\/\/retina.ch\/fr\/actualites\/initiative-pour-linclusion-egalite-des-droits-participation-autodetermination-et-assistance-pour-les-personnes-avec-des-handicaps-maintenant\/#breadcrumb\",\"itemListElement\":[{\"@type\":\"ListItem\",\"position\":1,\"name\":\"Retina Suisse\",\"item\":\"https:\/\/retina.ch\/fr\/\"},{\"@type\":\"ListItem\",\"position\":2,\"name\":\"Actualit\u00e9s\",\"item\":\"https:\/\/retina.ch\/fr\/actualites\/\"},{\"@type\":\"ListItem\",\"position\":3,\"name\":\"Initiative pour l\u2018inclusion: Egalit\u00e9 des droits, participation, autod\u00e9termination et assistance pour les personnes avec des handicaps, maintenant!\"}]},{\"@type\":\"WebSite\",\"@id\":\"https:\/\/retina.ch\/fr\/#website\",\"url\":\"https:\/\/retina.ch\/fr\/\",\"name\":\"Retina Suisse\",\"description\":\"Retina Suisse ist die Vereinigung von Patientinnen und Patienten mit Retinitis pigmentosa (RP), Makuladegeneration, Usher-Syndrom und anderen Erkrankungen des Augenhintergrundes.\",\"publisher\":{\"@id\":\"https:\/\/retina.ch\/fr\/#organization\"},\"potentialAction\":[{\"@type\":\"SearchAction\",\"target\":{\"@type\":\"EntryPoint\",\"urlTemplate\":\"https:\/\/retina.ch\/fr\/?s={search_term_string}\"},\"query-input\":{\"@type\":\"PropertyValueSpecification\",\"valueRequired\":true,\"valueName\":\"search_term_string\"}}],\"inLanguage\":\"fr-FR\"},{\"@type\":\"Organization\",\"@id\":\"https:\/\/retina.ch\/fr\/#organization\",\"name\":\"Retina Suisse\",\"url\":\"https:\/\/retina.ch\/fr\/\",\"logo\":{\"@type\":\"ImageObject\",\"inLanguage\":\"fr-FR\",\"@id\":\"https:\/\/retina.ch\/fr\/#\/schema\/logo\/image\/\",\"url\":\"https:\/\/retina.ch\/wp-content\/uploads\/2020\/09\/retina-auge-typo.svg\",\"contentUrl\":\"https:\/\/retina.ch\/wp-content\/uploads\/2020\/09\/retina-auge-typo.svg\",\"width\":\"1024\",\"height\":\"1024\",\"caption\":\"Retina Suisse\"},\"image\":{\"@id\":\"https:\/\/retina.ch\/fr\/#\/schema\/logo\/image\/\"},\"sameAs\":[\"https:\/\/www.facebook.com\/retinasuisse\/\"]}]}<\/script>\n<!-- \/ Yoast SEO plugin. -->","yoast_head_json":{"title":"Initiative pour l\u2018inclusion: Egalit\u00e9 des droits, participation, autod\u00e9termination et assistance pour les personnes avec des handicaps, maintenant! &#8226; Retina Suisse","description":"Pr\u00e8s de 1,7 million de personnes vivent avec un handicap en Suisse. L\u2019initiative pour l\u2019inclusion revendique une vie autod\u00e9termin\u00e9e pour les personnes handicap\u00e9es.","robots":{"index":"index","follow":"follow","max-snippet":"max-snippet:-1","max-image-preview":"max-image-preview:large","max-video-preview":"max-video-preview:-1"},"canonical":"https:\/\/retina.ch\/fr\/actualites\/initiative-pour-linclusion-egalite-des-droits-participation-autodetermination-et-assistance-pour-les-personnes-avec-des-handicaps-maintenant\/","og_locale":"fr_FR","og_type":"article","og_title":"Initiative pour l\u2018inclusion: Egalit\u00e9 des droits, participation, autod\u00e9termination et assistance pour les personnes avec des handicaps, maintenant! &#8226; Retina Suisse","og_description":"Pr\u00e8s de 1,7 million de personnes vivent avec un handicap en Suisse. L\u2019initiative pour l\u2019inclusion revendique une vie autod\u00e9termin\u00e9e pour les personnes handicap\u00e9es.","og_url":"https:\/\/retina.ch\/fr\/actualites\/initiative-pour-linclusion-egalite-des-droits-participation-autodetermination-et-assistance-pour-les-personnes-avec-des-handicaps-maintenant\/","og_site_name":"Retina Suisse","article_publisher":"https:\/\/www.facebook.com\/retinasuisse\/","article_modified_time":"2023-12-11T11:33:12+00:00","og_image":[{"width":736,"height":423,"url":"https:\/\/retina.ch\/wp-content\/uploads\/2023\/08\/inklusionsinitiative.png","type":"image\/png"}],"twitter_card":"summary_large_image","twitter_misc":{"Dur\u00e9e de lecture estim\u00e9e":"2 minutes"},"schema":{"@context":"https:\/\/schema.org","@graph":[{"@type":"WebPage","@id":"https:\/\/retina.ch\/fr\/actualites\/initiative-pour-linclusion-egalite-des-droits-participation-autodetermination-et-assistance-pour-les-personnes-avec-des-handicaps-maintenant\/","url":"https:\/\/retina.ch\/fr\/actualites\/initiative-pour-linclusion-egalite-des-droits-participation-autodetermination-et-assistance-pour-les-personnes-avec-des-handicaps-maintenant\/","name":"Initiative pour l\u2018inclusion: Egalit\u00e9 des droits, participation, autod\u00e9termination et assistance pour les personnes avec des handicaps, maintenant! &#8226; Retina Suisse","isPartOf":{"@id":"https:\/\/retina.ch\/fr\/#website"},"primaryImageOfPage":{"@id":"https:\/\/retina.ch\/fr\/actualites\/initiative-pour-linclusion-egalite-des-droits-participation-autodetermination-et-assistance-pour-les-personnes-avec-des-handicaps-maintenant\/#primaryimage"},"image":{"@id":"https:\/\/retina.ch\/fr\/actualites\/initiative-pour-linclusion-egalite-des-droits-participation-autodetermination-et-assistance-pour-les-personnes-avec-des-handicaps-maintenant\/#primaryimage"},"thumbnailUrl":"https:\/\/retina.ch\/wp-content\/uploads\/2023\/08\/inklusionsinitiative.png","datePublished":"2023-08-16T08:11:32+00:00","dateModified":"2023-12-11T11:33:12+00:00","description":"Pr\u00e8s de 1,7 million de personnes vivent avec un handicap en Suisse. L\u2019initiative pour l\u2019inclusion revendique une vie autod\u00e9termin\u00e9e pour les personnes handicap\u00e9es.","breadcrumb":{"@id":"https:\/\/retina.ch\/fr\/actualites\/initiative-pour-linclusion-egalite-des-droits-participation-autodetermination-et-assistance-pour-les-personnes-avec-des-handicaps-maintenant\/#breadcrumb"},"inLanguage":"fr-FR","potentialAction":[{"@type":"ReadAction","target":["https:\/\/retina.ch\/fr\/actualites\/initiative-pour-linclusion-egalite-des-droits-participation-autodetermination-et-assistance-pour-les-personnes-avec-des-handicaps-maintenant\/"]}]},{"@type":"ImageObject","inLanguage":"fr-FR","@id":"https:\/\/retina.ch\/fr\/actualites\/initiative-pour-linclusion-egalite-des-droits-participation-autodetermination-et-assistance-pour-les-personnes-avec-des-handicaps-maintenant\/#primaryimage","url":"https:\/\/retina.ch\/wp-content\/uploads\/2023\/08\/inklusionsinitiative.png","contentUrl":"https:\/\/retina.ch\/wp-content\/uploads\/2023\/08\/inklusionsinitiative.png","width":736,"height":423,"caption":"Un groupe de personnes handicap\u00e9es au d\u00e9part de la collecte avec des panneaux portant le logo de l'initiative d'inclusion"},{"@type":"BreadcrumbList","@id":"https:\/\/retina.ch\/fr\/actualites\/initiative-pour-linclusion-egalite-des-droits-participation-autodetermination-et-assistance-pour-les-personnes-avec-des-handicaps-maintenant\/#breadcrumb","itemListElement":[{"@type":"ListItem","position":1,"name":"Retina Suisse","item":"https:\/\/retina.ch\/fr\/"},{"@type":"ListItem","position":2,"name":"Actualit\u00e9s","item":"https:\/\/retina.ch\/fr\/actualites\/"},{"@type":"ListItem","position":3,"name":"Initiative pour l\u2018inclusion: Egalit\u00e9 des droits, participation, autod\u00e9termination et assistance pour les personnes avec des handicaps, maintenant!"}]},{"@type":"WebSite","@id":"https:\/\/retina.ch\/fr\/#website","url":"https:\/\/retina.ch\/fr\/","name":"Retina Suisse","description":"Retina Suisse ist die Vereinigung von Patientinnen und Patienten mit Retinitis pigmentosa (RP), Makuladegeneration, Usher-Syndrom und anderen Erkrankungen des Augenhintergrundes.","publisher":{"@id":"https:\/\/retina.ch\/fr\/#organization"},"potentialAction":[{"@type":"SearchAction","target":{"@type":"EntryPoint","urlTemplate":"https:\/\/retina.ch\/fr\/?s={search_term_string}"},"query-input":{"@type":"PropertyValueSpecification","valueRequired":true,"valueName":"search_term_string"}}],"inLanguage":"fr-FR"},{"@type":"Organization","@id":"https:\/\/retina.ch\/fr\/#organization","name":"Retina Suisse","url":"https:\/\/retina.ch\/fr\/","logo":{"@type":"ImageObject","inLanguage":"fr-FR","@id":"https:\/\/retina.ch\/fr\/#\/schema\/logo\/image\/","url":"https:\/\/retina.ch\/wp-content\/uploads\/2020\/09\/retina-auge-typo.svg","contentUrl":"https:\/\/retina.ch\/wp-content\/uploads\/2020\/09\/retina-auge-typo.svg","width":"1024","height":"1024","caption":"Retina Suisse"},"image":{"@id":"https:\/\/retina.ch\/fr\/#\/schema\/logo\/image\/"},"sameAs":["https:\/\/www.facebook.com\/retinasuisse\/"]}]}},"_links":{"self":[{"href":"https:\/\/retina.ch\/fr\/wp-json\/wp\/v2\/aktuelles\/13053","targetHints":{"allow":["GET"]}}],"collection":[{"href":"https:\/\/retina.ch\/fr\/wp-json\/wp\/v2\/aktuelles"}],"about":[{"href":"https:\/\/retina.ch\/fr\/wp-json\/wp\/v2\/types\/aktuelles"}],"version-history":[{"count":4,"href":"https:\/\/retina.ch\/fr\/wp-json\/wp\/v2\/aktuelles\/13053\/revisions"}],"predecessor-version":[{"id":13062,"href":"https:\/\/retina.ch\/fr\/wp-json\/wp\/v2\/aktuelles\/13053\/revisions\/13062"}],"wp:featuredmedia":[{"embeddable":true,"href":"https:\/\/retina.ch\/fr\/wp-json\/wp\/v2\/media\/13071"}],"wp:attachment":[{"href":"https:\/\/retina.ch\/fr\/wp-json\/wp\/v2\/media?parent=13053"}],"wp:term":[{"taxonomy":"category","embeddable":true,"href":"https:\/\/retina.ch\/fr\/wp-json\/wp\/v2\/categories?post=13053"}],"curies":[{"name":"wp","href":"https:\/\/api.w.org\/{rel}","templated":true}]}}