{"id":15578,"date":"2024-01-31T16:37:12","date_gmt":"2024-01-31T15:37:12","guid":{"rendered":"https:\/\/retina.ch\/?post_type=aktuelles&#038;p=15578"},"modified":"2024-03-26T16:57:57","modified_gmt":"2024-03-26T15:57:57","slug":"la-srg-ssr-et-lucba-lancent-un-sondage-sur-la-consommation-des-medias-dans-toute-la-suisse-participez","status":"publish","type":"aktuelles","link":"https:\/\/retina.ch\/fr\/actualites\/la-srg-ssr-et-lucba-lancent-un-sondage-sur-la-consommation-des-medias-dans-toute-la-suisse-participez\/","title":{"rendered":"La SRG SSR et l\u2019UCBA lancent un sondage sur la consommation des m\u00e9dias dans toute la Suisse : participez !"},"content":{"rendered":"\n<p>La Soci\u00e9t\u00e9 suisse de radiodiffusion et t\u00e9l\u00e9vision (SRG SSR) et l\u2019Union centrale suisse pour le bien des aveugles (UCBA) souhaitent \u00e9tudier la consommation m\u00e9dias des personnes malvoyantes et aveugles afin de mieux r\u00e9pondre \u00e0 leurs besoins.<\/p>\n\n\n\n<p>C\u2019est pourquoi les instituts Uservalue et Qualinsight m\u00e8nent actuellement une enqu\u00eate accessible en ligne et par t\u00e9l\u00e9phone. L\u2019objectif de l\u2019enqu\u00eate est de comprendre vos exp\u00e9riences, vos besoins et les barri\u00e8res concernant les m\u00e9dias audiovisuels, par exemple la t\u00e9l\u00e9vision, les m\u00e9dias en ligne et les podcasts. Pour que les r\u00e9sultats refl\u00e8tent l\u2019opinion de toutes les personnes malvoyantes et aveugles en Suisse, il est tr\u00e8s important que de nombreuses personnes concern\u00e9es participent !<\/p>\n\n\n\n<p>Qui ? Toutes les personnes malvoyantes ou aveugles, \u00e2g\u00e9es d\u2019au moins 14 ans et r\u00e9sidant en Suisse, peuvent participer.<\/p>\n\n\n\n<p>Quand ? L\u2019enqu\u00eate se d\u00e9roule du 1er f\u00e9vrier \u00e0 la fin avril. La participation prend entre 10 et 15 minutes.<\/p>\n\n\n\n<p><a href=\"https:\/\/bit.ly\/ssr-ucba-etude\">Acc\u00e9dez ici \u00e0 l\u2019enqu\u00eate en ligne.<\/a><\/p>\n\n\n\n<p>Si vous pr\u00e9f\u00e9rez \u00eatre interrog\u00e9 par t\u00e9l\u00e9phone, appelez ce num\u00e9ro : 079 2220883 et laissez un message pour que l\u2019on vous rappelle. Vos donn\u00e9es seront bien entendu trait\u00e9es de mani\u00e8re anonyme et confidentielle. Les donn\u00e9es ne permettent pas de tirer des conclusions sur les individus.<\/p>\n\n\n\n<p>Si vous avez d\u2019\u00e9ventuelles questions concernant cette \u00e9tude, n\u2019h\u00e9sitez pas \u00e0 contacter Mme Dorit Horst au num\u00e9ro de t\u00e9l\u00e9phone&nbsp;: 076 7447849. Nous vous remercions d\u2019avance de votre pr\u00e9cieuse collaboration \u00e0 l\u2019optimisation de l\u2019offre des m\u00e9dias pour les personnes aveugles et malvoyantes !<\/p>\n","protected":false},"excerpt":{"rendered":"<p>La Soci\u00e9t\u00e9 suisse de radiodiffusion et t\u00e9l\u00e9vision (SRG SSR) et l\u2019Union centrale suisse pour le bien des aveugles (UCBA) souhaitent \u00e9tudier la consommation m\u00e9dias des personnes malvoyantes et aveugles afin de mieux r\u00e9pondre \u00e0 leurs besoins. C\u2019est pourquoi les instituts Uservalue et Qualinsight m\u00e8nent actuellement une enqu\u00eate accessible en ligne et par t\u00e9l\u00e9phone.<\/p>\n","protected":false},"featured_media":16260,"template":"","meta":{"_acf_changed":false,"inline_featured_image":false,"_FSMCFIC_featured_image_caption":"","_FSMCFIC_featured_image_nocaption":"","_FSMCFIC_featured_image_hide":"","footnotes":"","_links_to":"","_links_to_target":""},"categories":[],"class_list":["post-15578","aktuelles","type-aktuelles","status-publish","has-post-thumbnail","hentry"],"acf":[],"yoast_head":"<!-- This site is optimized with the Yoast SEO plugin v27.1.1 - https:\/\/yoast.com\/product\/yoast-seo-wordpress\/ -->\n<title>La SRG SSR et l\u2019UCBA lancent un sondage sur la consommation des m\u00e9dias dans toute la Suisse : participez ! &#8226; Retina Suisse<\/title>\n<meta name=\"robots\" content=\"index, follow, max-snippet:-1, max-image-preview:large, max-video-preview:-1\" \/>\n<link rel=\"canonical\" href=\"https:\/\/retina.ch\/fr\/actualites\/la-srg-ssr-et-lucba-lancent-un-sondage-sur-la-consommation-des-medias-dans-toute-la-suisse-participez\/\" \/>\n<meta property=\"og:locale\" content=\"fr_FR\" \/>\n<meta property=\"og:type\" content=\"article\" \/>\n<meta property=\"og:title\" content=\"La SRG SSR et l\u2019UCBA lancent un sondage sur la consommation des m\u00e9dias dans toute la Suisse : participez ! &#8226; Retina Suisse\" \/>\n<meta property=\"og:description\" content=\"La Soci\u00e9t\u00e9 suisse de radiodiffusion et t\u00e9l\u00e9vision (SRG SSR) et l\u2019Union centrale suisse pour le bien des aveugles (UCBA) souhaitent \u00e9tudier la consommation m\u00e9dias des personnes malvoyantes et aveugles afin de mieux r\u00e9pondre \u00e0 leurs besoins. C\u2019est pourquoi les instituts Uservalue et Qualinsight m\u00e8nent actuellement une enqu\u00eate accessible en ligne et par t\u00e9l\u00e9phone.\" \/>\n<meta property=\"og:url\" content=\"https:\/\/retina.ch\/fr\/actualites\/la-srg-ssr-et-lucba-lancent-un-sondage-sur-la-consommation-des-medias-dans-toute-la-suisse-participez\/\" \/>\n<meta property=\"og:site_name\" content=\"Retina Suisse\" \/>\n<meta property=\"article:publisher\" content=\"https:\/\/www.facebook.com\/retinasuisse\/\" \/>\n<meta property=\"article:modified_time\" content=\"2024-03-26T15:57:57+00:00\" \/>\n<meta property=\"og:image\" content=\"https:\/\/retina.ch\/wp-content\/uploads\/2024\/01\/ssrg-1.jpg\" \/>\n\t<meta property=\"og:image:width\" content=\"768\" \/>\n\t<meta property=\"og:image:height\" content=\"676\" \/>\n\t<meta property=\"og:image:type\" content=\"image\/jpeg\" \/>\n<meta name=\"twitter:card\" content=\"summary_large_image\" \/>\n<meta name=\"twitter:label1\" content=\"Dur\u00e9e de lecture estim\u00e9e\" \/>\n\t<meta name=\"twitter:data1\" content=\"2 minutes\" \/>\n<script type=\"application\/ld+json\" class=\"yoast-schema-graph\">{\"@context\":\"https:\/\/schema.org\",\"@graph\":[{\"@type\":\"WebPage\",\"@id\":\"https:\/\/retina.ch\/fr\/actualites\/la-srg-ssr-et-lucba-lancent-un-sondage-sur-la-consommation-des-medias-dans-toute-la-suisse-participez\/\",\"url\":\"https:\/\/retina.ch\/fr\/actualites\/la-srg-ssr-et-lucba-lancent-un-sondage-sur-la-consommation-des-medias-dans-toute-la-suisse-participez\/\",\"name\":\"La SRG SSR et l\u2019UCBA lancent un sondage sur la consommation des m\u00e9dias dans toute la Suisse : participez ! &#8226; Retina Suisse\",\"isPartOf\":{\"@id\":\"https:\/\/retina.ch\/fr\/#website\"},\"primaryImageOfPage\":{\"@id\":\"https:\/\/retina.ch\/fr\/actualites\/la-srg-ssr-et-lucba-lancent-un-sondage-sur-la-consommation-des-medias-dans-toute-la-suisse-participez\/#primaryimage\"},\"image\":{\"@id\":\"https:\/\/retina.ch\/fr\/actualites\/la-srg-ssr-et-lucba-lancent-un-sondage-sur-la-consommation-des-medias-dans-toute-la-suisse-participez\/#primaryimage\"},\"thumbnailUrl\":\"https:\/\/retina.ch\/wp-content\/uploads\/2024\/01\/ssrg-1.jpg\",\"datePublished\":\"2024-01-31T15:37:12+00:00\",\"dateModified\":\"2024-03-26T15:57:57+00:00\",\"breadcrumb\":{\"@id\":\"https:\/\/retina.ch\/fr\/actualites\/la-srg-ssr-et-lucba-lancent-un-sondage-sur-la-consommation-des-medias-dans-toute-la-suisse-participez\/#breadcrumb\"},\"inLanguage\":\"fr-FR\",\"potentialAction\":[{\"@type\":\"ReadAction\",\"target\":[\"https:\/\/retina.ch\/fr\/actualites\/la-srg-ssr-et-lucba-lancent-un-sondage-sur-la-consommation-des-medias-dans-toute-la-suisse-participez\/\"]}]},{\"@type\":\"ImageObject\",\"inLanguage\":\"fr-FR\",\"@id\":\"https:\/\/retina.ch\/fr\/actualites\/la-srg-ssr-et-lucba-lancent-un-sondage-sur-la-consommation-des-medias-dans-toute-la-suisse-participez\/#primaryimage\",\"url\":\"https:\/\/retina.ch\/wp-content\/uploads\/2024\/01\/ssrg-1.jpg\",\"contentUrl\":\"https:\/\/retina.ch\/wp-content\/uploads\/2024\/01\/ssrg-1.jpg\",\"width\":768,\"height\":676},{\"@type\":\"BreadcrumbList\",\"@id\":\"https:\/\/retina.ch\/fr\/actualites\/la-srg-ssr-et-lucba-lancent-un-sondage-sur-la-consommation-des-medias-dans-toute-la-suisse-participez\/#breadcrumb\",\"itemListElement\":[{\"@type\":\"ListItem\",\"position\":1,\"name\":\"Retina Suisse\",\"item\":\"https:\/\/retina.ch\/fr\/\"},{\"@type\":\"ListItem\",\"position\":2,\"name\":\"Actualit\u00e9s\",\"item\":\"https:\/\/retina.ch\/fr\/actualites\/\"},{\"@type\":\"ListItem\",\"position\":3,\"name\":\"La SRG SSR et l\u2019UCBA lancent un sondage sur la consommation des m\u00e9dias dans toute la Suisse : participez !\"}]},{\"@type\":\"WebSite\",\"@id\":\"https:\/\/retina.ch\/fr\/#website\",\"url\":\"https:\/\/retina.ch\/fr\/\",\"name\":\"Retina Suisse\",\"description\":\"Retina Suisse ist die Vereinigung von Patientinnen und Patienten mit Retinitis pigmentosa (RP), Makuladegeneration, Usher-Syndrom und anderen Erkrankungen des Augenhintergrundes.\",\"publisher\":{\"@id\":\"https:\/\/retina.ch\/fr\/#organization\"},\"potentialAction\":[{\"@type\":\"SearchAction\",\"target\":{\"@type\":\"EntryPoint\",\"urlTemplate\":\"https:\/\/retina.ch\/fr\/?s={search_term_string}\"},\"query-input\":{\"@type\":\"PropertyValueSpecification\",\"valueRequired\":true,\"valueName\":\"search_term_string\"}}],\"inLanguage\":\"fr-FR\"},{\"@type\":\"Organization\",\"@id\":\"https:\/\/retina.ch\/fr\/#organization\",\"name\":\"Retina Suisse\",\"url\":\"https:\/\/retina.ch\/fr\/\",\"logo\":{\"@type\":\"ImageObject\",\"inLanguage\":\"fr-FR\",\"@id\":\"https:\/\/retina.ch\/fr\/#\/schema\/logo\/image\/\",\"url\":\"https:\/\/retina.ch\/wp-content\/uploads\/2020\/09\/retina-auge-typo.svg\",\"contentUrl\":\"https:\/\/retina.ch\/wp-content\/uploads\/2020\/09\/retina-auge-typo.svg\",\"width\":\"1024\",\"height\":\"1024\",\"caption\":\"Retina Suisse\"},\"image\":{\"@id\":\"https:\/\/retina.ch\/fr\/#\/schema\/logo\/image\/\"},\"sameAs\":[\"https:\/\/www.facebook.com\/retinasuisse\/\"]}]}<\/script>\n<!-- \/ Yoast SEO plugin. -->","yoast_head_json":{"title":"La SRG SSR et l\u2019UCBA lancent un sondage sur la consommation des m\u00e9dias dans toute la Suisse : participez ! &#8226; Retina Suisse","robots":{"index":"index","follow":"follow","max-snippet":"max-snippet:-1","max-image-preview":"max-image-preview:large","max-video-preview":"max-video-preview:-1"},"canonical":"https:\/\/retina.ch\/fr\/actualites\/la-srg-ssr-et-lucba-lancent-un-sondage-sur-la-consommation-des-medias-dans-toute-la-suisse-participez\/","og_locale":"fr_FR","og_type":"article","og_title":"La SRG SSR et l\u2019UCBA lancent un sondage sur la consommation des m\u00e9dias dans toute la Suisse : participez ! &#8226; Retina Suisse","og_description":"La Soci\u00e9t\u00e9 suisse de radiodiffusion et t\u00e9l\u00e9vision (SRG SSR) et l\u2019Union centrale suisse pour le bien des aveugles (UCBA) souhaitent \u00e9tudier la consommation m\u00e9dias des personnes malvoyantes et aveugles afin de mieux r\u00e9pondre \u00e0 leurs besoins. C\u2019est pourquoi les instituts Uservalue et Qualinsight m\u00e8nent actuellement une enqu\u00eate accessible en ligne et par t\u00e9l\u00e9phone.","og_url":"https:\/\/retina.ch\/fr\/actualites\/la-srg-ssr-et-lucba-lancent-un-sondage-sur-la-consommation-des-medias-dans-toute-la-suisse-participez\/","og_site_name":"Retina Suisse","article_publisher":"https:\/\/www.facebook.com\/retinasuisse\/","article_modified_time":"2024-03-26T15:57:57+00:00","og_image":[{"width":768,"height":676,"url":"https:\/\/retina.ch\/wp-content\/uploads\/2024\/01\/ssrg-1.jpg","type":"image\/jpeg"}],"twitter_card":"summary_large_image","twitter_misc":{"Dur\u00e9e de lecture estim\u00e9e":"2 minutes"},"schema":{"@context":"https:\/\/schema.org","@graph":[{"@type":"WebPage","@id":"https:\/\/retina.ch\/fr\/actualites\/la-srg-ssr-et-lucba-lancent-un-sondage-sur-la-consommation-des-medias-dans-toute-la-suisse-participez\/","url":"https:\/\/retina.ch\/fr\/actualites\/la-srg-ssr-et-lucba-lancent-un-sondage-sur-la-consommation-des-medias-dans-toute-la-suisse-participez\/","name":"La SRG SSR et l\u2019UCBA lancent un sondage sur la consommation des m\u00e9dias dans toute la Suisse : participez ! &#8226; Retina Suisse","isPartOf":{"@id":"https:\/\/retina.ch\/fr\/#website"},"primaryImageOfPage":{"@id":"https:\/\/retina.ch\/fr\/actualites\/la-srg-ssr-et-lucba-lancent-un-sondage-sur-la-consommation-des-medias-dans-toute-la-suisse-participez\/#primaryimage"},"image":{"@id":"https:\/\/retina.ch\/fr\/actualites\/la-srg-ssr-et-lucba-lancent-un-sondage-sur-la-consommation-des-medias-dans-toute-la-suisse-participez\/#primaryimage"},"thumbnailUrl":"https:\/\/retina.ch\/wp-content\/uploads\/2024\/01\/ssrg-1.jpg","datePublished":"2024-01-31T15:37:12+00:00","dateModified":"2024-03-26T15:57:57+00:00","breadcrumb":{"@id":"https:\/\/retina.ch\/fr\/actualites\/la-srg-ssr-et-lucba-lancent-un-sondage-sur-la-consommation-des-medias-dans-toute-la-suisse-participez\/#breadcrumb"},"inLanguage":"fr-FR","potentialAction":[{"@type":"ReadAction","target":["https:\/\/retina.ch\/fr\/actualites\/la-srg-ssr-et-lucba-lancent-un-sondage-sur-la-consommation-des-medias-dans-toute-la-suisse-participez\/"]}]},{"@type":"ImageObject","inLanguage":"fr-FR","@id":"https:\/\/retina.ch\/fr\/actualites\/la-srg-ssr-et-lucba-lancent-un-sondage-sur-la-consommation-des-medias-dans-toute-la-suisse-participez\/#primaryimage","url":"https:\/\/retina.ch\/wp-content\/uploads\/2024\/01\/ssrg-1.jpg","contentUrl":"https:\/\/retina.ch\/wp-content\/uploads\/2024\/01\/ssrg-1.jpg","width":768,"height":676},{"@type":"BreadcrumbList","@id":"https:\/\/retina.ch\/fr\/actualites\/la-srg-ssr-et-lucba-lancent-un-sondage-sur-la-consommation-des-medias-dans-toute-la-suisse-participez\/#breadcrumb","itemListElement":[{"@type":"ListItem","position":1,"name":"Retina Suisse","item":"https:\/\/retina.ch\/fr\/"},{"@type":"ListItem","position":2,"name":"Actualit\u00e9s","item":"https:\/\/retina.ch\/fr\/actualites\/"},{"@type":"ListItem","position":3,"name":"La SRG SSR et l\u2019UCBA lancent un sondage sur la consommation des m\u00e9dias dans toute la Suisse : participez !"}]},{"@type":"WebSite","@id":"https:\/\/retina.ch\/fr\/#website","url":"https:\/\/retina.ch\/fr\/","name":"Retina Suisse","description":"Retina Suisse ist die Vereinigung von Patientinnen und Patienten mit Retinitis pigmentosa (RP), Makuladegeneration, Usher-Syndrom und anderen Erkrankungen des Augenhintergrundes.","publisher":{"@id":"https:\/\/retina.ch\/fr\/#organization"},"potentialAction":[{"@type":"SearchAction","target":{"@type":"EntryPoint","urlTemplate":"https:\/\/retina.ch\/fr\/?s={search_term_string}"},"query-input":{"@type":"PropertyValueSpecification","valueRequired":true,"valueName":"search_term_string"}}],"inLanguage":"fr-FR"},{"@type":"Organization","@id":"https:\/\/retina.ch\/fr\/#organization","name":"Retina Suisse","url":"https:\/\/retina.ch\/fr\/","logo":{"@type":"ImageObject","inLanguage":"fr-FR","@id":"https:\/\/retina.ch\/fr\/#\/schema\/logo\/image\/","url":"https:\/\/retina.ch\/wp-content\/uploads\/2020\/09\/retina-auge-typo.svg","contentUrl":"https:\/\/retina.ch\/wp-content\/uploads\/2020\/09\/retina-auge-typo.svg","width":"1024","height":"1024","caption":"Retina Suisse"},"image":{"@id":"https:\/\/retina.ch\/fr\/#\/schema\/logo\/image\/"},"sameAs":["https:\/\/www.facebook.com\/retinasuisse\/"]}]}},"_links":{"self":[{"href":"https:\/\/retina.ch\/fr\/wp-json\/wp\/v2\/aktuelles\/15578","targetHints":{"allow":["GET"]}}],"collection":[{"href":"https:\/\/retina.ch\/fr\/wp-json\/wp\/v2\/aktuelles"}],"about":[{"href":"https:\/\/retina.ch\/fr\/wp-json\/wp\/v2\/types\/aktuelles"}],"version-history":[{"count":1,"href":"https:\/\/retina.ch\/fr\/wp-json\/wp\/v2\/aktuelles\/15578\/revisions"}],"predecessor-version":[{"id":15579,"href":"https:\/\/retina.ch\/fr\/wp-json\/wp\/v2\/aktuelles\/15578\/revisions\/15579"}],"wp:featuredmedia":[{"embeddable":true,"href":"https:\/\/retina.ch\/fr\/wp-json\/wp\/v2\/media\/16260"}],"wp:attachment":[{"href":"https:\/\/retina.ch\/fr\/wp-json\/wp\/v2\/media?parent=15578"}],"wp:term":[{"taxonomy":"category","embeddable":true,"href":"https:\/\/retina.ch\/fr\/wp-json\/wp\/v2\/categories?post=15578"}],"curies":[{"name":"wp","href":"https:\/\/api.w.org\/{rel}","templated":true}]}}