{"id":15639,"date":"2024-02-07T14:47:53","date_gmt":"2024-02-07T13:47:53","guid":{"rendered":"https:\/\/retina.ch\/?post_type=aktuelles&#038;p=15639"},"modified":"2024-02-08T10:50:03","modified_gmt":"2024-02-08T09:50:03","slug":"retina-international-youth-programme-et-22e-retina-international-world-congress-2024-a-dublin","status":"publish","type":"aktuelles","link":"https:\/\/retina.ch\/fr\/actualites\/retina-international-youth-programme-et-22e-retina-international-world-congress-2024-a-dublin\/","title":{"rendered":"Retina International Youth Programme et 22e Retina International World Congress 2024 \u00e0 Dublin"},"content":{"rendered":"\n<p>Le prochain Retina International Youth Programme se tiendra le 5\u00a0juin 2024 \u00e0 Dublin. Il s\u2019adresse aux personnes touch\u00e9es par une dystrophie r\u00e9tinienne dont l\u2019\u00e2ge ne d\u00e9passe pas 35 ans et offre l&rsquo;occasion d&rsquo;\u00e9changer et de faire connaissance d\u2019autres membres de Retina International. Le 22<sup>e<\/sup> Retina International World Congress se tiendra ensuite du 6 au 8\u00a0juin 2024. Au programme se trouvent d\u2019int\u00e9ressants expos\u00e9s sur les avanc\u00e9es de la recherche et de nouvelles th\u00e9rapies dans le domaine des dystrophies r\u00e9tiniennes. Le congr\u00e8s se tiendra en anglais. Vous trouverez de plus amples renseignements sous <a href=\"https:\/\/www.fightingblindness.ie\/how-we-can-help\/research\/retina-international-world-congress-2024-hosted-by-fighting-blindness\/\">fightingblindness.ie<\/a>.<\/p>\n\n\n\n<p>Le comit\u00e9 de direction de Retina Suisse a d\u00e9cid\u00e9 de faciliter la participation de quatre personnes par le biais d\u2019une contribution de CHF 1500.\u2013 pour chacune d\u2019elles. Vous n&rsquo;\u00eates pas encore membre ? <a href=\"\/fr?page_id=733\">Inscrivez-vous ici<\/a>.<\/p>\n\n\n\n<p>Avez-vous envie de participer au Retina Youth Programme ainsi qu\u2019au Retina International World Congress\u00a0? <strong>Si oui, envoyez-nous votre candidature par courriel \u00e0 <a href=\"mailto:info@retina.ch\">info@retina.ch<\/a> d\u2019ici au 15\u00a0mars 2024<\/strong>.<\/p>\n\n\n\n<p>Nous sommes heureux de pouvoir apporter ce soutien financier pour profiter de cet enrichissant voyage.<\/p>\n","protected":false},"excerpt":{"rendered":"<p>Le prochain Retina International Youth Programme se tiendra le 5\u00a0juin 2024 \u00e0 Dublin. Il s\u2019adresse aux personnes touch\u00e9es par une dystrophie r\u00e9tinienne dont l\u2019\u00e2ge ne d\u00e9passe pas 35 ans et offre l&rsquo;occasion d&rsquo;\u00e9changer et de faire connaissance d\u2019autres membres de Retina International. <\/p>\n","protected":false},"featured_media":15658,"template":"","meta":{"_acf_changed":false,"inline_featured_image":false,"_FSMCFIC_featured_image_caption":"","_FSMCFIC_featured_image_nocaption":"","_FSMCFIC_featured_image_hide":"","footnotes":"","_links_to":"","_links_to_target":""},"categories":[118],"class_list":["post-15639","aktuelles","type-aktuelles","status-publish","has-post-thumbnail","hentry","category-retina-suisse-youth"],"acf":[],"yoast_head":"<!-- This site is optimized with the Yoast SEO plugin v27.1.1 - https:\/\/yoast.com\/product\/yoast-seo-wordpress\/ -->\n<title>Retina International Youth Programme et 22e Retina International World Congress 2024 \u00e0 Dublin &#8226; Retina Suisse<\/title>\n<meta name=\"robots\" content=\"index, follow, max-snippet:-1, max-image-preview:large, max-video-preview:-1\" \/>\n<link rel=\"canonical\" href=\"https:\/\/retina.ch\/fr\/actualites\/retina-international-youth-programme-et-22e-retina-international-world-congress-2024-a-dublin\/\" \/>\n<meta property=\"og:locale\" content=\"fr_FR\" \/>\n<meta property=\"og:type\" content=\"article\" \/>\n<meta property=\"og:title\" content=\"Retina International Youth Programme et 22e Retina International World Congress 2024 \u00e0 Dublin &#8226; Retina Suisse\" \/>\n<meta property=\"og:description\" content=\"Le prochain Retina International Youth Programme se tiendra le 5\u00a0juin 2024 \u00e0 Dublin. Il s\u2019adresse aux personnes touch\u00e9es par une dystrophie r\u00e9tinienne dont l\u2019\u00e2ge ne d\u00e9passe pas 35 ans et offre l&#039;occasion d&#039;\u00e9changer et de faire connaissance d\u2019autres membres de Retina International.\" \/>\n<meta property=\"og:url\" content=\"https:\/\/retina.ch\/fr\/actualites\/retina-international-youth-programme-et-22e-retina-international-world-congress-2024-a-dublin\/\" \/>\n<meta property=\"og:site_name\" content=\"Retina Suisse\" \/>\n<meta property=\"article:publisher\" content=\"https:\/\/www.facebook.com\/retinasuisse\/\" \/>\n<meta property=\"article:modified_time\" content=\"2024-02-08T09:50:03+00:00\" \/>\n<meta property=\"og:image\" content=\"https:\/\/retina.ch\/wp-content\/uploads\/2024\/02\/naassom-azevedo-q-sei-tqslc-unsplash-e1707319793247.jpg\" \/>\n\t<meta property=\"og:image:width\" content=\"1920\" \/>\n\t<meta property=\"og:image:height\" content=\"2483\" \/>\n\t<meta property=\"og:image:type\" content=\"image\/jpeg\" \/>\n<meta name=\"twitter:card\" content=\"summary_large_image\" \/>\n<meta name=\"twitter:label1\" content=\"Dur\u00e9e de lecture estim\u00e9e\" \/>\n\t<meta name=\"twitter:data1\" content=\"2 minutes\" \/>\n<script type=\"application\/ld+json\" class=\"yoast-schema-graph\">{\"@context\":\"https:\/\/schema.org\",\"@graph\":[{\"@type\":\"WebPage\",\"@id\":\"https:\/\/retina.ch\/fr\/actualites\/retina-international-youth-programme-et-22e-retina-international-world-congress-2024-a-dublin\/\",\"url\":\"https:\/\/retina.ch\/fr\/actualites\/retina-international-youth-programme-et-22e-retina-international-world-congress-2024-a-dublin\/\",\"name\":\"Retina International Youth Programme et 22e Retina International World Congress 2024 \u00e0 Dublin &#8226; Retina Suisse\",\"isPartOf\":{\"@id\":\"https:\/\/retina.ch\/fr\/#website\"},\"primaryImageOfPage\":{\"@id\":\"https:\/\/retina.ch\/fr\/actualites\/retina-international-youth-programme-et-22e-retina-international-world-congress-2024-a-dublin\/#primaryimage\"},\"image\":{\"@id\":\"https:\/\/retina.ch\/fr\/actualites\/retina-international-youth-programme-et-22e-retina-international-world-congress-2024-a-dublin\/#primaryimage\"},\"thumbnailUrl\":\"https:\/\/retina.ch\/wp-content\/uploads\/2024\/02\/naassom-azevedo-q-sei-tqslc-unsplash-e1707319793247.jpg\",\"datePublished\":\"2024-02-07T13:47:53+00:00\",\"dateModified\":\"2024-02-08T09:50:03+00:00\",\"breadcrumb\":{\"@id\":\"https:\/\/retina.ch\/fr\/actualites\/retina-international-youth-programme-et-22e-retina-international-world-congress-2024-a-dublin\/#breadcrumb\"},\"inLanguage\":\"fr-FR\",\"potentialAction\":[{\"@type\":\"ReadAction\",\"target\":[\"https:\/\/retina.ch\/fr\/actualites\/retina-international-youth-programme-et-22e-retina-international-world-congress-2024-a-dublin\/\"]}]},{\"@type\":\"ImageObject\",\"inLanguage\":\"fr-FR\",\"@id\":\"https:\/\/retina.ch\/fr\/actualites\/retina-international-youth-programme-et-22e-retina-international-world-congress-2024-a-dublin\/#primaryimage\",\"url\":\"https:\/\/retina.ch\/wp-content\/uploads\/2024\/02\/naassom-azevedo-q-sei-tqslc-unsplash-e1707319793247.jpg\",\"contentUrl\":\"https:\/\/retina.ch\/wp-content\/uploads\/2024\/02\/naassom-azevedo-q-sei-tqslc-unsplash-e1707319793247.jpg\",\"width\":1920,\"height\":2483},{\"@type\":\"BreadcrumbList\",\"@id\":\"https:\/\/retina.ch\/fr\/actualites\/retina-international-youth-programme-et-22e-retina-international-world-congress-2024-a-dublin\/#breadcrumb\",\"itemListElement\":[{\"@type\":\"ListItem\",\"position\":1,\"name\":\"Retina Suisse\",\"item\":\"https:\/\/retina.ch\/fr\/\"},{\"@type\":\"ListItem\",\"position\":2,\"name\":\"Actualit\u00e9s\",\"item\":\"https:\/\/retina.ch\/fr\/actualites\/\"},{\"@type\":\"ListItem\",\"position\":3,\"name\":\"Retina International Youth Programme et 22e Retina International World Congress 2024 \u00e0 Dublin\"}]},{\"@type\":\"WebSite\",\"@id\":\"https:\/\/retina.ch\/fr\/#website\",\"url\":\"https:\/\/retina.ch\/fr\/\",\"name\":\"Retina Suisse\",\"description\":\"Retina Suisse ist die Vereinigung von Patientinnen und Patienten mit Retinitis pigmentosa (RP), Makuladegeneration, Usher-Syndrom und anderen Erkrankungen des Augenhintergrundes.\",\"publisher\":{\"@id\":\"https:\/\/retina.ch\/fr\/#organization\"},\"potentialAction\":[{\"@type\":\"SearchAction\",\"target\":{\"@type\":\"EntryPoint\",\"urlTemplate\":\"https:\/\/retina.ch\/fr\/?s={search_term_string}\"},\"query-input\":{\"@type\":\"PropertyValueSpecification\",\"valueRequired\":true,\"valueName\":\"search_term_string\"}}],\"inLanguage\":\"fr-FR\"},{\"@type\":\"Organization\",\"@id\":\"https:\/\/retina.ch\/fr\/#organization\",\"name\":\"Retina Suisse\",\"url\":\"https:\/\/retina.ch\/fr\/\",\"logo\":{\"@type\":\"ImageObject\",\"inLanguage\":\"fr-FR\",\"@id\":\"https:\/\/retina.ch\/fr\/#\/schema\/logo\/image\/\",\"url\":\"https:\/\/retina.ch\/wp-content\/uploads\/2020\/09\/retina-auge-typo.svg\",\"contentUrl\":\"https:\/\/retina.ch\/wp-content\/uploads\/2020\/09\/retina-auge-typo.svg\",\"width\":\"1024\",\"height\":\"1024\",\"caption\":\"Retina Suisse\"},\"image\":{\"@id\":\"https:\/\/retina.ch\/fr\/#\/schema\/logo\/image\/\"},\"sameAs\":[\"https:\/\/www.facebook.com\/retinasuisse\/\"]}]}<\/script>\n<!-- \/ Yoast SEO plugin. -->","yoast_head_json":{"title":"Retina International Youth Programme et 22e Retina International World Congress 2024 \u00e0 Dublin &#8226; Retina Suisse","robots":{"index":"index","follow":"follow","max-snippet":"max-snippet:-1","max-image-preview":"max-image-preview:large","max-video-preview":"max-video-preview:-1"},"canonical":"https:\/\/retina.ch\/fr\/actualites\/retina-international-youth-programme-et-22e-retina-international-world-congress-2024-a-dublin\/","og_locale":"fr_FR","og_type":"article","og_title":"Retina International Youth Programme et 22e Retina International World Congress 2024 \u00e0 Dublin &#8226; Retina Suisse","og_description":"Le prochain Retina International Youth Programme se tiendra le 5\u00a0juin 2024 \u00e0 Dublin. Il s\u2019adresse aux personnes touch\u00e9es par une dystrophie r\u00e9tinienne dont l\u2019\u00e2ge ne d\u00e9passe pas 35 ans et offre l'occasion d'\u00e9changer et de faire connaissance d\u2019autres membres de Retina International.","og_url":"https:\/\/retina.ch\/fr\/actualites\/retina-international-youth-programme-et-22e-retina-international-world-congress-2024-a-dublin\/","og_site_name":"Retina Suisse","article_publisher":"https:\/\/www.facebook.com\/retinasuisse\/","article_modified_time":"2024-02-08T09:50:03+00:00","og_image":[{"width":1920,"height":2483,"url":"https:\/\/retina.ch\/wp-content\/uploads\/2024\/02\/naassom-azevedo-q-sei-tqslc-unsplash-e1707319793247.jpg","type":"image\/jpeg"}],"twitter_card":"summary_large_image","twitter_misc":{"Dur\u00e9e de lecture estim\u00e9e":"2 minutes"},"schema":{"@context":"https:\/\/schema.org","@graph":[{"@type":"WebPage","@id":"https:\/\/retina.ch\/fr\/actualites\/retina-international-youth-programme-et-22e-retina-international-world-congress-2024-a-dublin\/","url":"https:\/\/retina.ch\/fr\/actualites\/retina-international-youth-programme-et-22e-retina-international-world-congress-2024-a-dublin\/","name":"Retina International Youth Programme et 22e Retina International World Congress 2024 \u00e0 Dublin &#8226; Retina Suisse","isPartOf":{"@id":"https:\/\/retina.ch\/fr\/#website"},"primaryImageOfPage":{"@id":"https:\/\/retina.ch\/fr\/actualites\/retina-international-youth-programme-et-22e-retina-international-world-congress-2024-a-dublin\/#primaryimage"},"image":{"@id":"https:\/\/retina.ch\/fr\/actualites\/retina-international-youth-programme-et-22e-retina-international-world-congress-2024-a-dublin\/#primaryimage"},"thumbnailUrl":"https:\/\/retina.ch\/wp-content\/uploads\/2024\/02\/naassom-azevedo-q-sei-tqslc-unsplash-e1707319793247.jpg","datePublished":"2024-02-07T13:47:53+00:00","dateModified":"2024-02-08T09:50:03+00:00","breadcrumb":{"@id":"https:\/\/retina.ch\/fr\/actualites\/retina-international-youth-programme-et-22e-retina-international-world-congress-2024-a-dublin\/#breadcrumb"},"inLanguage":"fr-FR","potentialAction":[{"@type":"ReadAction","target":["https:\/\/retina.ch\/fr\/actualites\/retina-international-youth-programme-et-22e-retina-international-world-congress-2024-a-dublin\/"]}]},{"@type":"ImageObject","inLanguage":"fr-FR","@id":"https:\/\/retina.ch\/fr\/actualites\/retina-international-youth-programme-et-22e-retina-international-world-congress-2024-a-dublin\/#primaryimage","url":"https:\/\/retina.ch\/wp-content\/uploads\/2024\/02\/naassom-azevedo-q-sei-tqslc-unsplash-e1707319793247.jpg","contentUrl":"https:\/\/retina.ch\/wp-content\/uploads\/2024\/02\/naassom-azevedo-q-sei-tqslc-unsplash-e1707319793247.jpg","width":1920,"height":2483},{"@type":"BreadcrumbList","@id":"https:\/\/retina.ch\/fr\/actualites\/retina-international-youth-programme-et-22e-retina-international-world-congress-2024-a-dublin\/#breadcrumb","itemListElement":[{"@type":"ListItem","position":1,"name":"Retina Suisse","item":"https:\/\/retina.ch\/fr\/"},{"@type":"ListItem","position":2,"name":"Actualit\u00e9s","item":"https:\/\/retina.ch\/fr\/actualites\/"},{"@type":"ListItem","position":3,"name":"Retina International Youth Programme et 22e Retina International World Congress 2024 \u00e0 Dublin"}]},{"@type":"WebSite","@id":"https:\/\/retina.ch\/fr\/#website","url":"https:\/\/retina.ch\/fr\/","name":"Retina Suisse","description":"Retina Suisse ist die Vereinigung von Patientinnen und Patienten mit Retinitis pigmentosa (RP), Makuladegeneration, Usher-Syndrom und anderen Erkrankungen des Augenhintergrundes.","publisher":{"@id":"https:\/\/retina.ch\/fr\/#organization"},"potentialAction":[{"@type":"SearchAction","target":{"@type":"EntryPoint","urlTemplate":"https:\/\/retina.ch\/fr\/?s={search_term_string}"},"query-input":{"@type":"PropertyValueSpecification","valueRequired":true,"valueName":"search_term_string"}}],"inLanguage":"fr-FR"},{"@type":"Organization","@id":"https:\/\/retina.ch\/fr\/#organization","name":"Retina Suisse","url":"https:\/\/retina.ch\/fr\/","logo":{"@type":"ImageObject","inLanguage":"fr-FR","@id":"https:\/\/retina.ch\/fr\/#\/schema\/logo\/image\/","url":"https:\/\/retina.ch\/wp-content\/uploads\/2020\/09\/retina-auge-typo.svg","contentUrl":"https:\/\/retina.ch\/wp-content\/uploads\/2020\/09\/retina-auge-typo.svg","width":"1024","height":"1024","caption":"Retina Suisse"},"image":{"@id":"https:\/\/retina.ch\/fr\/#\/schema\/logo\/image\/"},"sameAs":["https:\/\/www.facebook.com\/retinasuisse\/"]}]}},"_links":{"self":[{"href":"https:\/\/retina.ch\/fr\/wp-json\/wp\/v2\/aktuelles\/15639","targetHints":{"allow":["GET"]}}],"collection":[{"href":"https:\/\/retina.ch\/fr\/wp-json\/wp\/v2\/aktuelles"}],"about":[{"href":"https:\/\/retina.ch\/fr\/wp-json\/wp\/v2\/types\/aktuelles"}],"version-history":[{"count":5,"href":"https:\/\/retina.ch\/fr\/wp-json\/wp\/v2\/aktuelles\/15639\/revisions"}],"predecessor-version":[{"id":15695,"href":"https:\/\/retina.ch\/fr\/wp-json\/wp\/v2\/aktuelles\/15639\/revisions\/15695"}],"wp:featuredmedia":[{"embeddable":true,"href":"https:\/\/retina.ch\/fr\/wp-json\/wp\/v2\/media\/15658"}],"wp:attachment":[{"href":"https:\/\/retina.ch\/fr\/wp-json\/wp\/v2\/media?parent=15639"}],"wp:term":[{"taxonomy":"category","embeddable":true,"href":"https:\/\/retina.ch\/fr\/wp-json\/wp\/v2\/categories?post=15639"}],"curies":[{"name":"wp","href":"https:\/\/api.w.org\/{rel}","templated":true}]}}