{"id":18309,"date":"2024-07-31T17:09:52","date_gmt":"2024-07-31T15:09:52","guid":{"rendered":"https:\/\/retina.ch\/?post_type=aktuelles&#038;p=18309"},"modified":"2024-07-31T20:29:45","modified_gmt":"2024-07-31T18:29:45","slug":"la-meconnaissance-ou-la-fierte-empechent-une-meilleure-aide","status":"publish","type":"aktuelles","link":"https:\/\/retina.ch\/fr\/actualites\/la-meconnaissance-ou-la-fierte-empechent-une-meilleure-aide\/","title":{"rendered":"La m\u00e9connaissance ou la fiert\u00e9 emp\u00eachent une meilleure aide"},"content":{"rendered":"\n<p><strong>Dans nos conseils on vous dit qui peut b\u00e9n\u00e9ficier de prestations compl\u00e9mentaires \u00e0 l&rsquo;AVS &#8211; et qui devrait le faire.<\/strong><\/p>\n\n\n\n<p>Une r\u00e9alit\u00e9 pr\u00e9occupante a \u00e9t\u00e9 r\u00e9v\u00e9l\u00e9e l\u2019an dernier&nbsp;: pr\u00e8s de 230&nbsp;000 seniors qui vivent \u00e0 la maison ne touchent pas de prestations compl\u00e9mentaires (PC) de l\u2019AVS, bien qu\u2019ils y auraient droit. C\u2019est ce que r\u00e9v\u00e8le une \u00e9tude de la haute \u00e9cole sp\u00e9cialis\u00e9e de sciences appliqu\u00e9es command\u00e9e par Pro Senectute et publi\u00e9e en avril&nbsp;2023. Et parmi ces personnes figurent \u00e9galement des gens qui vivent avec un handicap.<\/p>\n\n\n\n<p><strong>Qui renonce aux PC&nbsp;?<\/strong><\/p>\n\n\n\n<p>De nombreux seniors ne connaissent pas le catalogue des prestations de l\u2019AVS. Selon l\u2019\u00e9tude, c\u2019est la principale raison de ce dysfonctionnement. Mais il existe \u00e9galement de nombreuses personnes qui renoncent sciemment aux PC. La passivit\u00e9 (les demandes relatives aux PC requi\u00e8rent de l\u2019initiative personnelle et prennent du temps) ou la fiert\u00e9 pure et simple (on ne veut pas accepter de l\u2019argent \u00ab&nbsp;\u00e9tranger&nbsp;\u00bb ou ne pas \u00eatre \u00e0 la charge de l\u2019\u00c9tat) sont des raisons avanc\u00e9es.<\/p>\n\n\n\n<p>D\u2019autres raisons invoqu\u00e9es sont la honte ou chez les retrait\u00e9s \u00e9trangers la peur de perdre leur autorisation de s\u00e9jour. Parmi les personnes qui renoncent aux PC figurent, selon l\u2019\u00e9tude, souvent des gens sans formation secondaire ou tertiaire, des veufs, des veuves, des femmes et des ressortissants \u00e9trangers. Ces personnes vivent principalement dans des r\u00e9gions rurales.<\/p>\n\n\n\n<p>Par ailleurs, l\u2019\u00e9tude a constat\u00e9 qu\u2019en raison du d\u00e9veloppement d\u00e9mographique de la population et du rench\u00e9rissement, les besoins en prestations compl\u00e9mentaires devraient continuer \u00e0 augmenter \u00e0 l\u2019avenir.<\/p>\n\n\n\n<p><strong>Conseils pour toucher les PC<\/strong><\/p>\n\n\n\n<p>Les prestations compl\u00e9mentaires ne sont pas une aide d\u2019urgence ni une aide aux plus d\u00e9munis. Au contraire, ils sont un moyen r\u00e9gulier et n\u00e9cessaire pour compl\u00e9ter les prestations de l\u2019AVS. Il n\u2019y a donc aucune raison d\u2019avoir honte ou de faire preuve d\u2019une inutile fiert\u00e9.<\/p>\n\n\n\n<p>De mani\u00e8re g\u00e9n\u00e9rale, toutes les personnes dont les d\u00e9penses d\u00e9passent les revenus ont droit aux PC. Il n\u2019est pas rare qu\u2019\u00e0 la retraite, l\u2019AVS soit compl\u00e9t\u00e9e par de faibles fonds de caisses de pension. Il est donc logique d\u2019am\u00e9liorer la situation financi\u00e8re.<\/p>\n\n\n\n<p>Le calculateur de PC en ligne de la Conf\u00e9d\u00e9ration constitue une premi\u00e8re \u00e9tape utile. Cet outil permet de v\u00e9rifier si l\u2019on est habilit\u00e9 \u00e0 demander des prestations compl\u00e9mentaires. \u00c0 cet effet, on peut saisir des donn\u00e9es sur sa situation personnelle de mani\u00e8re anonyme.<\/p>\n\n\n\n<p>Si l\u2019on souhaite avoir une r\u00e9ponse tr\u00e8s pr\u00e9cise, on peut d\u00e9poser une demande en bonne et due forme. Cette demande permet de lancer une proc\u00e9dure d\u2019examen individuelle. Quelles sont les \u00e9tapes de cette proc\u00e9dure&nbsp;? Il faut commencer par se procurer les documents n\u00e9cessaires pour la demande aupr\u00e8s de la caisse de compensation r\u00e9gionale. Cette demande sera remise avec tous les documents requis. L\u2019examen de la demande individuelle est alors effectu\u00e9. Il conduit \u00e0 une d\u00e9cision quant au droit du demandeur ou de la demanderesse \u00e0 toucher des prestations compl\u00e9mentaires et \u00e0 quel montant elles s\u2019\u00e9l\u00e8vent.<\/p>\n\n\n\n<p>Malheureusement, il arrive trop souvent que les personnes qui auraient droit \u00e0 des PC se sentent d\u00e9pass\u00e9es par les formulaires et les d\u00e9marches aupr\u00e8s des autorit\u00e9s. L\u2019organisation Pro Senectute est une des institutions proposant de l\u2019aide pour effectuer les d\u00e9marches administratives li\u00e9es aux PC. Cette prestation est propos\u00e9e gratuitement dans les 130&nbsp;centres de conseil de l\u2019institution.<\/p>\n\n\n\n<p><strong>Dans certains cas, absence de droit aux PC<\/strong><\/p>\n\n\n\n<p>Certaines personnes aux moyens tr\u00e8s restreints n\u2019ont toutefois pas droit aux PC. C\u2019est le cas lorsque l\u2019on a une ou un partenaire qui serait en mesure de travailler. Ou bien si on a d\u00e9pens\u00e9, offert ou l\u00e9gu\u00e9 trop d\u2019argent.<\/p>\n\n\n\n<p>Dans de tels cas de figure, la personne a peu d\u2019argent, mais ne peut quand m\u00eame pas faire valoir de droit \u00e0 des PC.<\/p>\n\n\n\n<p><a href=\"https:\/\/digitalcollection.zhaw.ch\/handle\/11475\/27747\">L\u2019\u00e9tude<\/a> (en allemand)<\/p>\n\n\n\n<p><a href=\"https:\/\/finfo.zas.admin.ch\/orbeon\/fr\/AHV-IV\/EL_Tool_Version2024\/new?form-version=1\">Ai-je le droit \u00e0 des PC&nbsp;? Outil de calcul<\/a><\/p>\n\n\n\n<p><a href=\"https:\/\/www.prosenectute.ch\/fr\/infos\/finances\/prestations-complementaires.html\">Informations de Pro Senectute concernant les PC<\/a><\/p>\n\n\n\n<p><a href=\"https:\/\/www.ahv-iv.ch\/fr\/Assurances-sociales\/Prestations-compl%C3%A9mentaires-PC\">Explications de l\u2019AVS\/AI avec vid\u00e9os, m\u00e9mentos et une Foire aux questions<\/a><\/p>\n","protected":false},"excerpt":{"rendered":"<p>Dans nos conseils on vous dit qui peut b\u00e9n\u00e9ficier de prestations compl\u00e9mentaires \u00e0 l&rsquo;AVS &#8211; et qui devrait le faire.<\/p>\n","protected":false},"featured_media":18809,"template":"","meta":{"_acf_changed":false,"inline_featured_image":false,"_FSMCFIC_featured_image_caption":"","_FSMCFIC_featured_image_nocaption":"","_FSMCFIC_featured_image_hide":"","footnotes":"","_links_to":"","_links_to_target":""},"categories":[140],"class_list":["post-18309","aktuelles","type-aktuelles","status-publish","has-post-thumbnail","hentry","category-conseils"],"acf":[],"yoast_head":"<!-- This site is optimized with the Yoast SEO plugin v27.1.1 - https:\/\/yoast.com\/product\/yoast-seo-wordpress\/ -->\n<title>La m\u00e9connaissance ou la fiert\u00e9 emp\u00eachent une meilleure aide &#8226; Retina Suisse<\/title>\n<meta name=\"robots\" content=\"index, follow, max-snippet:-1, max-image-preview:large, max-video-preview:-1\" \/>\n<link rel=\"canonical\" href=\"https:\/\/retina.ch\/fr\/actualites\/la-meconnaissance-ou-la-fierte-empechent-une-meilleure-aide\/\" \/>\n<meta property=\"og:locale\" content=\"fr_FR\" \/>\n<meta property=\"og:type\" content=\"article\" \/>\n<meta property=\"og:title\" content=\"La m\u00e9connaissance ou la fiert\u00e9 emp\u00eachent une meilleure aide &#8226; Retina Suisse\" \/>\n<meta property=\"og:description\" content=\"Dans nos conseils on vous dit qui peut b\u00e9n\u00e9ficier de prestations compl\u00e9mentaires \u00e0 l&#039;AVS - et qui devrait le faire.\" \/>\n<meta property=\"og:url\" content=\"https:\/\/retina.ch\/fr\/actualites\/la-meconnaissance-ou-la-fierte-empechent-une-meilleure-aide\/\" \/>\n<meta property=\"og:site_name\" content=\"Retina Suisse\" \/>\n<meta property=\"article:publisher\" content=\"https:\/\/www.facebook.com\/retinasuisse\/\" \/>\n<meta property=\"article:modified_time\" content=\"2024-07-31T18:29:45+00:00\" \/>\n<meta property=\"og:image\" content=\"https:\/\/retina.ch\/wp-content\/uploads\/2024\/09\/pexels-andrea-piacquadio-3768114-scaled.jpg\" \/>\n\t<meta property=\"og:image:width\" content=\"2560\" \/>\n\t<meta property=\"og:image:height\" content=\"1756\" \/>\n\t<meta property=\"og:image:type\" content=\"image\/jpeg\" \/>\n<meta name=\"twitter:card\" content=\"summary_large_image\" \/>\n<meta name=\"twitter:label1\" content=\"Dur\u00e9e de lecture estim\u00e9e\" \/>\n\t<meta name=\"twitter:data1\" content=\"4 minutes\" \/>\n<script type=\"application\/ld+json\" class=\"yoast-schema-graph\">{\"@context\":\"https:\/\/schema.org\",\"@graph\":[{\"@type\":\"WebPage\",\"@id\":\"https:\/\/retina.ch\/fr\/actualites\/la-meconnaissance-ou-la-fierte-empechent-une-meilleure-aide\/\",\"url\":\"https:\/\/retina.ch\/fr\/actualites\/la-meconnaissance-ou-la-fierte-empechent-une-meilleure-aide\/\",\"name\":\"La m\u00e9connaissance ou la fiert\u00e9 emp\u00eachent une meilleure aide &#8226; Retina Suisse\",\"isPartOf\":{\"@id\":\"https:\/\/retina.ch\/fr\/#website\"},\"primaryImageOfPage\":{\"@id\":\"https:\/\/retina.ch\/fr\/actualites\/la-meconnaissance-ou-la-fierte-empechent-une-meilleure-aide\/#primaryimage\"},\"image\":{\"@id\":\"https:\/\/retina.ch\/fr\/actualites\/la-meconnaissance-ou-la-fierte-empechent-une-meilleure-aide\/#primaryimage\"},\"thumbnailUrl\":\"https:\/\/retina.ch\/wp-content\/uploads\/2024\/09\/pexels-andrea-piacquadio-3768114-scaled.jpg\",\"datePublished\":\"2024-07-31T15:09:52+00:00\",\"dateModified\":\"2024-07-31T18:29:45+00:00\",\"breadcrumb\":{\"@id\":\"https:\/\/retina.ch\/fr\/actualites\/la-meconnaissance-ou-la-fierte-empechent-une-meilleure-aide\/#breadcrumb\"},\"inLanguage\":\"fr-FR\",\"potentialAction\":[{\"@type\":\"ReadAction\",\"target\":[\"https:\/\/retina.ch\/fr\/actualites\/la-meconnaissance-ou-la-fierte-empechent-une-meilleure-aide\/\"]}]},{\"@type\":\"ImageObject\",\"inLanguage\":\"fr-FR\",\"@id\":\"https:\/\/retina.ch\/fr\/actualites\/la-meconnaissance-ou-la-fierte-empechent-une-meilleure-aide\/#primaryimage\",\"url\":\"https:\/\/retina.ch\/wp-content\/uploads\/2024\/09\/pexels-andrea-piacquadio-3768114-scaled.jpg\",\"contentUrl\":\"https:\/\/retina.ch\/wp-content\/uploads\/2024\/09\/pexels-andrea-piacquadio-3768114-scaled.jpg\",\"width\":2560,\"height\":1756,\"caption\":\"Eine junge und eine alte\"},{\"@type\":\"BreadcrumbList\",\"@id\":\"https:\/\/retina.ch\/fr\/actualites\/la-meconnaissance-ou-la-fierte-empechent-une-meilleure-aide\/#breadcrumb\",\"itemListElement\":[{\"@type\":\"ListItem\",\"position\":1,\"name\":\"Retina Suisse\",\"item\":\"https:\/\/retina.ch\/fr\/\"},{\"@type\":\"ListItem\",\"position\":2,\"name\":\"Actualit\u00e9s\",\"item\":\"https:\/\/retina.ch\/fr\/actualites\/\"},{\"@type\":\"ListItem\",\"position\":3,\"name\":\"La m\u00e9connaissance ou la fiert\u00e9 emp\u00eachent une meilleure aide\"}]},{\"@type\":\"WebSite\",\"@id\":\"https:\/\/retina.ch\/fr\/#website\",\"url\":\"https:\/\/retina.ch\/fr\/\",\"name\":\"Retina Suisse\",\"description\":\"Retina Suisse ist die Vereinigung von Patientinnen und Patienten mit Retinitis pigmentosa (RP), Makuladegeneration, Usher-Syndrom und anderen Erkrankungen des Augenhintergrundes.\",\"publisher\":{\"@id\":\"https:\/\/retina.ch\/fr\/#organization\"},\"potentialAction\":[{\"@type\":\"SearchAction\",\"target\":{\"@type\":\"EntryPoint\",\"urlTemplate\":\"https:\/\/retina.ch\/fr\/?s={search_term_string}\"},\"query-input\":{\"@type\":\"PropertyValueSpecification\",\"valueRequired\":true,\"valueName\":\"search_term_string\"}}],\"inLanguage\":\"fr-FR\"},{\"@type\":\"Organization\",\"@id\":\"https:\/\/retina.ch\/fr\/#organization\",\"name\":\"Retina Suisse\",\"url\":\"https:\/\/retina.ch\/fr\/\",\"logo\":{\"@type\":\"ImageObject\",\"inLanguage\":\"fr-FR\",\"@id\":\"https:\/\/retina.ch\/fr\/#\/schema\/logo\/image\/\",\"url\":\"https:\/\/retina.ch\/wp-content\/uploads\/2020\/09\/retina-auge-typo.svg\",\"contentUrl\":\"https:\/\/retina.ch\/wp-content\/uploads\/2020\/09\/retina-auge-typo.svg\",\"width\":\"1024\",\"height\":\"1024\",\"caption\":\"Retina Suisse\"},\"image\":{\"@id\":\"https:\/\/retina.ch\/fr\/#\/schema\/logo\/image\/\"},\"sameAs\":[\"https:\/\/www.facebook.com\/retinasuisse\/\"]}]}<\/script>\n<!-- \/ Yoast SEO plugin. -->","yoast_head_json":{"title":"La m\u00e9connaissance ou la fiert\u00e9 emp\u00eachent une meilleure aide &#8226; Retina Suisse","robots":{"index":"index","follow":"follow","max-snippet":"max-snippet:-1","max-image-preview":"max-image-preview:large","max-video-preview":"max-video-preview:-1"},"canonical":"https:\/\/retina.ch\/fr\/actualites\/la-meconnaissance-ou-la-fierte-empechent-une-meilleure-aide\/","og_locale":"fr_FR","og_type":"article","og_title":"La m\u00e9connaissance ou la fiert\u00e9 emp\u00eachent une meilleure aide &#8226; Retina Suisse","og_description":"Dans nos conseils on vous dit qui peut b\u00e9n\u00e9ficier de prestations compl\u00e9mentaires \u00e0 l'AVS - et qui devrait le faire.","og_url":"https:\/\/retina.ch\/fr\/actualites\/la-meconnaissance-ou-la-fierte-empechent-une-meilleure-aide\/","og_site_name":"Retina Suisse","article_publisher":"https:\/\/www.facebook.com\/retinasuisse\/","article_modified_time":"2024-07-31T18:29:45+00:00","og_image":[{"width":2560,"height":1756,"url":"https:\/\/retina.ch\/wp-content\/uploads\/2024\/09\/pexels-andrea-piacquadio-3768114-scaled.jpg","type":"image\/jpeg"}],"twitter_card":"summary_large_image","twitter_misc":{"Dur\u00e9e de lecture estim\u00e9e":"4 minutes"},"schema":{"@context":"https:\/\/schema.org","@graph":[{"@type":"WebPage","@id":"https:\/\/retina.ch\/fr\/actualites\/la-meconnaissance-ou-la-fierte-empechent-une-meilleure-aide\/","url":"https:\/\/retina.ch\/fr\/actualites\/la-meconnaissance-ou-la-fierte-empechent-une-meilleure-aide\/","name":"La m\u00e9connaissance ou la fiert\u00e9 emp\u00eachent une meilleure aide &#8226; Retina Suisse","isPartOf":{"@id":"https:\/\/retina.ch\/fr\/#website"},"primaryImageOfPage":{"@id":"https:\/\/retina.ch\/fr\/actualites\/la-meconnaissance-ou-la-fierte-empechent-une-meilleure-aide\/#primaryimage"},"image":{"@id":"https:\/\/retina.ch\/fr\/actualites\/la-meconnaissance-ou-la-fierte-empechent-une-meilleure-aide\/#primaryimage"},"thumbnailUrl":"https:\/\/retina.ch\/wp-content\/uploads\/2024\/09\/pexels-andrea-piacquadio-3768114-scaled.jpg","datePublished":"2024-07-31T15:09:52+00:00","dateModified":"2024-07-31T18:29:45+00:00","breadcrumb":{"@id":"https:\/\/retina.ch\/fr\/actualites\/la-meconnaissance-ou-la-fierte-empechent-une-meilleure-aide\/#breadcrumb"},"inLanguage":"fr-FR","potentialAction":[{"@type":"ReadAction","target":["https:\/\/retina.ch\/fr\/actualites\/la-meconnaissance-ou-la-fierte-empechent-une-meilleure-aide\/"]}]},{"@type":"ImageObject","inLanguage":"fr-FR","@id":"https:\/\/retina.ch\/fr\/actualites\/la-meconnaissance-ou-la-fierte-empechent-une-meilleure-aide\/#primaryimage","url":"https:\/\/retina.ch\/wp-content\/uploads\/2024\/09\/pexels-andrea-piacquadio-3768114-scaled.jpg","contentUrl":"https:\/\/retina.ch\/wp-content\/uploads\/2024\/09\/pexels-andrea-piacquadio-3768114-scaled.jpg","width":2560,"height":1756,"caption":"Eine junge und eine alte"},{"@type":"BreadcrumbList","@id":"https:\/\/retina.ch\/fr\/actualites\/la-meconnaissance-ou-la-fierte-empechent-une-meilleure-aide\/#breadcrumb","itemListElement":[{"@type":"ListItem","position":1,"name":"Retina Suisse","item":"https:\/\/retina.ch\/fr\/"},{"@type":"ListItem","position":2,"name":"Actualit\u00e9s","item":"https:\/\/retina.ch\/fr\/actualites\/"},{"@type":"ListItem","position":3,"name":"La m\u00e9connaissance ou la fiert\u00e9 emp\u00eachent une meilleure aide"}]},{"@type":"WebSite","@id":"https:\/\/retina.ch\/fr\/#website","url":"https:\/\/retina.ch\/fr\/","name":"Retina Suisse","description":"Retina Suisse ist die Vereinigung von Patientinnen und Patienten mit Retinitis pigmentosa (RP), Makuladegeneration, Usher-Syndrom und anderen Erkrankungen des Augenhintergrundes.","publisher":{"@id":"https:\/\/retina.ch\/fr\/#organization"},"potentialAction":[{"@type":"SearchAction","target":{"@type":"EntryPoint","urlTemplate":"https:\/\/retina.ch\/fr\/?s={search_term_string}"},"query-input":{"@type":"PropertyValueSpecification","valueRequired":true,"valueName":"search_term_string"}}],"inLanguage":"fr-FR"},{"@type":"Organization","@id":"https:\/\/retina.ch\/fr\/#organization","name":"Retina Suisse","url":"https:\/\/retina.ch\/fr\/","logo":{"@type":"ImageObject","inLanguage":"fr-FR","@id":"https:\/\/retina.ch\/fr\/#\/schema\/logo\/image\/","url":"https:\/\/retina.ch\/wp-content\/uploads\/2020\/09\/retina-auge-typo.svg","contentUrl":"https:\/\/retina.ch\/wp-content\/uploads\/2020\/09\/retina-auge-typo.svg","width":"1024","height":"1024","caption":"Retina Suisse"},"image":{"@id":"https:\/\/retina.ch\/fr\/#\/schema\/logo\/image\/"},"sameAs":["https:\/\/www.facebook.com\/retinasuisse\/"]}]}},"_links":{"self":[{"href":"https:\/\/retina.ch\/fr\/wp-json\/wp\/v2\/aktuelles\/18309","targetHints":{"allow":["GET"]}}],"collection":[{"href":"https:\/\/retina.ch\/fr\/wp-json\/wp\/v2\/aktuelles"}],"about":[{"href":"https:\/\/retina.ch\/fr\/wp-json\/wp\/v2\/types\/aktuelles"}],"version-history":[{"count":2,"href":"https:\/\/retina.ch\/fr\/wp-json\/wp\/v2\/aktuelles\/18309\/revisions"}],"predecessor-version":[{"id":18353,"href":"https:\/\/retina.ch\/fr\/wp-json\/wp\/v2\/aktuelles\/18309\/revisions\/18353"}],"wp:featuredmedia":[{"embeddable":true,"href":"https:\/\/retina.ch\/fr\/wp-json\/wp\/v2\/media\/18809"}],"wp:attachment":[{"href":"https:\/\/retina.ch\/fr\/wp-json\/wp\/v2\/media?parent=18309"}],"wp:term":[{"taxonomy":"category","embeddable":true,"href":"https:\/\/retina.ch\/fr\/wp-json\/wp\/v2\/categories?post=18309"}],"curies":[{"name":"wp","href":"https:\/\/api.w.org\/{rel}","templated":true}]}}