{"id":23239,"date":"2025-08-01T16:03:18","date_gmt":"2025-08-01T14:03:18","guid":{"rendered":"https:\/\/retina.ch\/?post_type=aktuelles&#038;p=23239"},"modified":"2025-08-01T16:03:21","modified_gmt":"2025-08-01T14:03:21","slug":"proteger-ses-yeux-en-ete-les-conseils-de-retina-suisse","status":"publish","type":"aktuelles","link":"https:\/\/retina.ch\/fr\/actualites\/proteger-ses-yeux-en-ete-les-conseils-de-retina-suisse\/","title":{"rendered":"Prot\u00e9ger ses yeux en \u00e9t\u00e9 \u2013 les conseils de Retina Suisse"},"content":{"rendered":"\n<p><strong>L&rsquo;\u00e9t\u00e9 est enfin l\u00e0. Mais attention : l&rsquo;air sec, le vent, la climatisation et les rayons du soleil peuvent fortement dess\u00e9cher la surface des yeux. Il existe \u00e9galement un ph\u00e9nom\u00e8ne appel\u00e9 \u00ab coup de soleil des yeux \u00bb et un danger inattendu guette dans l&rsquo;eau. Retina Suisse vous donne les conseils les plus importants pour prot\u00e9ger vos yeux.<\/strong><\/p>\n\n\n\n<p>Peter Jankovsky, communication Retina Suisse,<a href=\"mailto:peter.jankovsky@retina.ch\">peter.jankovsky@retina.ch<\/a> (juillet 2025)<\/p>\n\n\n\n<p>Pendant les vacances d&rsquo;\u00e9t\u00e9, la plupart des gens passent beaucoup de temps \u00e0 l&rsquo;ext\u00e9rieur et profitent du soleil. Bien s\u00fbr, tout le monde sait qu&rsquo;il faut prot\u00e9ger sa peau. Apr\u00e8s tout, personne ne veut attraper un coup de soleil douloureux, voire un cancer de la peau.<\/p>\n\n\n\n<p>Mais ce que beaucoup ignorent, c&rsquo;est que le soleil, ou plus pr\u00e9cis\u00e9ment ses rayons UV, peut \u00e9galement endommager les yeux. Les personnes qui passent beaucoup de temps \u00e0 l&rsquo;ext\u00e9rieur sans prot\u00e9ger leurs yeux s&rsquo;exposent \u00e0 des l\u00e9sions aigu\u00ebs, voire chroniques.<\/p>\n\n\n\n<p><strong>Le premier classique de l&rsquo;\u00e9t\u00e9 : les yeux secs<\/strong><\/p>\n\n\n\n<p>On associe plut\u00f4t les yeux secs \u00e0 l&rsquo;hiver. On passe beaucoup de temps dans des pi\u00e8ces chauff\u00e9es et l&rsquo;air tr\u00e8s sec de la pi\u00e8ce ass\u00e8che la surface de l&rsquo; e de l&rsquo;\u0153il. Cons\u00e9quence : lorsque les yeux ne sont pas suffisamment hydrat\u00e9s par les larmes, le syndrome de Sicca, \u00e9galement appel\u00e9 s\u00e9cheresse oculaire ou k\u00e9ratoconjonctivite s\u00e8che, appara\u00eet. Ce trouble, qui a tendance \u00e0 s&rsquo;aggraver, est favoris\u00e9 par le travail prolong\u00e9 devant un \u00e9cran, car celui-ci emp\u00eache les paupi\u00e8res d&rsquo;humidifier les yeux en clignant.<\/p>\n\n\n\n<p>Le syndrome de Sicca peut appara\u00eetre en hiver et persister pendant l&rsquo;\u00e9t\u00e9, mais au lieu de s&rsquo;att\u00e9nuer comme on pourrait s&rsquo;y attendre, la s\u00e9cheresse oculaire peut m\u00eame s&rsquo;aggraver. C&rsquo;est le cas lorsque les yeux sont trop expos\u00e9s aux facteurs suivants : le soleil ou les rayons UV, le vent naturel, le vent provoqu\u00e9 par le v\u00e9lo ou la conduite automobile avec les vitres baiss\u00e9es, ainsi que les courants d&rsquo;air frais et la climatisation dans les h\u00f4tels ou les appartements priv\u00e9s.<\/p>\n\n\n\n<p>Tous ces facteurs augmentent l&rsquo;\u00e9vaporation du film lacrymal naturel \u00e0 la surface de l&rsquo;\u0153il. Mais on s&rsquo;attendrait moins \u00e0 ce que les lentilles de contact, le chlore des piscines, l&rsquo;eau sal\u00e9e de la mer et l&rsquo;air poussi\u00e9reux aient le m\u00eame effet.<\/p>\n\n\n\n<p><strong>Comment soulager les sympt\u00f4mes de la s\u00e9cheresse oculaire ?<\/strong><\/p>\n\n\n\n<p>Les sympt\u00f4mes typiques de la s\u00e9cheresse oculaire sont une sensation de corps \u00e9tranger dans l&rsquo;\u0153il, une surface oculaire rouge\u00e2tre et une l\u00e9g\u00e8re sensation de br\u00fblure. Voici nos conseils pour soulager ces sympt\u00f4mes :<\/p>\n\n\n\n<p>\u25cf Ne vous frottez pas les yeux, mais clignez souvent des yeux.<\/p>\n\n\n\n<p>\u25cf Instillez g\u00e9n\u00e9reusement des larmes artificielles dans les yeux.<\/p>\n\n\n\n<p>\u25cf Les lunettes de soleil avec protection lat\u00e9rale prot\u00e8gent tr\u00e8s bien des rayons UV.<\/p>\n\n\n\n<p>\u25cf Portez un chapeau ou une casquette qui prot\u00e8ge suffisamment vos yeux du soleil.<\/p>\n\n\n\n<p>\u25cf Boire beaucoup d&rsquo;eau aide \u00e0 maintenir une bonne production de larmes.<\/p>\n\n\n\n<p>\u25cf Augmentez l&rsquo;humidit\u00e9 de l&rsquo;air \u00e0 l&rsquo;int\u00e9rieur.<\/p>\n\n\n\n<p>\u25cf \u00c9teignez r\u00e9guli\u00e8rement la climatisation et les ventilateurs.<\/p>\n\n\n\n<p>\u25cf \u00c9vitez la fum\u00e9e de cigarette.<\/p>\n\n\n\n<p>\u25cf Faites r\u00e9guli\u00e8rement des pauses lorsque vous travaillez devant un \u00e9cran, regardez la t\u00e9l\u00e9vision ou lisez.<\/p>\n\n\n\n<p>\u25cf Adoptez une alimentation riche en acides gras om\u00e9ga-3 (poissons gras, noix, graines de lin), qui favorise la production de liquide lacrymal.<\/p>\n\n\n\n<p>\u25cf Il est n\u00e9cessaire de dormir suffisamment pour permettre aux yeux de se reposer.<\/p>\n\n\n\n<p>Important : si vos yeux restent secs pendant une p\u00e9riode prolong\u00e9e ou si d&rsquo;autres sympt\u00f4mes apparaissent, consultez un ophtalmologue.<\/p>\n\n\n\n<p><strong>Deuxi\u00e8me classique : les coups de soleil sur les yeux<\/strong><\/p>\n\n\n\n<p>Les s\u00e9jours estivaux au bord de l&rsquo;eau et dans des environnements sableux sont particuli\u00e8rement d\u00e9licats. En effet, ces deux \u00e9l\u00e9ments peuvent r\u00e9fl\u00e9chir jusqu&rsquo;\u00e0 25 % de la lumi\u00e8re intense du soleil en \u00e9t\u00e9, exposant ainsi les yeux \u00e0 une agressivit\u00e9 encore plus importante de la lumi\u00e8re solaire et des rayons ultraviolets.<\/p>\n\n\n\n<p>Le coup de soleil oculaire est le dommage aigu le plus classique caus\u00e9 par les UV aux organes de la vision. Tout comme le coup de soleil cutan\u00e9, le coup de soleil oculaire appara\u00eet quelques heures plus tard et s&rsquo;accompagne de douleurs intenses, d&rsquo;un gonflement de la conjonctive, d&rsquo;une baisse temporaire de la vision et d&rsquo;un larmoiement. Cependant, les sympt\u00f4mes disparaissent g\u00e9n\u00e9ralement en huit \u00e0 douze heures. Des pommades ophtalmiques nourrissantes et lubrifiantes ainsi que des gouttes pour les yeux peuvent favoriser le processus de gu\u00e9rison. Il est toutefois recommand\u00e9 de consulter un ophtalmologue.<\/p>\n\n\n\n<p>Les personnes qui exposent r\u00e9guli\u00e8rement leurs yeux aux rayons ultraviolets sans protection pendant des ann\u00e9es courent un risque important. Les rayons UV peuvent affaiblir la vision de mani\u00e8re g\u00e9n\u00e9rale, car ils endommagent non seulement la conjonctive (la couche sup\u00e9rieure de l&rsquo;\u0153il), mais aussi d&rsquo;autres parties de l&rsquo;\u0153il telles que la corn\u00e9e, le cristallin ou la r\u00e9tine.<\/p>\n\n\n\n<p>Les nombreuses petites l\u00e9sions s&rsquo;accumulent avec le temps. \u00c0 terme, elles peuvent acc\u00e9l\u00e9rer la formation d&rsquo;une cataracte (opacification du cristallin) et provoquer une d\u00e9g\u00e9n\u00e9rescence maculaire, voire des tumeurs oculaires.<\/p>\n\n\n\n<p><strong>Comment se prot\u00e9ger des rayons UV<\/strong><\/p>\n\n\n\n<p>En cas d&rsquo;ensoleillement moyen \u00e0 fort, il convient de prot\u00e9ger ses yeux avec un chapeau ou une casquette adapt\u00e9s, et bien s\u00fbr avec des lunettes de soleil adapt\u00e9es. En d&rsquo;autres termes : les lunettes de soleil doivent toujours \u00eatre accompagn\u00e9es d&rsquo;un chapeau.<\/p>\n\n\n\n<p>Cela vaut pour les enfants et les jeunes, mais aussi et surtout pour les personnes qui travaillent beaucoup \u00e0 l&rsquo;ext\u00e9rieur et sont donc davantage expos\u00e9es aux rayons solaires. Les recommandations g\u00e9n\u00e9rales pr\u00e9conisent de prot\u00e9ger les yeux \u00e0 partir d&rsquo;un indice UV de 3. Celui-ci est communiqu\u00e9 par de nombreux m\u00e9dias et actualis\u00e9 quotidiennement.<\/p>\n\n\n\n<p>Les experts conseillent de toujours acheter des lunettes de soleil chez un opticien. Les lunettes de soleil vendues dans les kiosques ou les boutiques de souvenirs peuvent avoir de mauvaises propri\u00e9t\u00e9s optiques et ne pas \u00eatre suffisamment adapt\u00e9es aux besoins individuels.<\/p>\n\n\n\n<p>Des lunettes de soleil efficaces sont g\u00e9n\u00e9ralement marqu\u00e9es \u00ab UV400 \u00bb et doivent \u00e9galement prot\u00e9ger les yeux contre les rayons lat\u00e9raux. Le niveau de protection des lunettes de soleil comprend cinq cat\u00e9gories. Pour un usage quotidien, des lunettes de cat\u00e9gorie 2 ou 3 suffisent.<\/p>\n\n\n\n<p><strong>R\u00e9sum\u00e9 des mesures de protection contre les UV<\/strong><\/p>\n\n\n\n<p>\u25cf Lunettes de soleil avec filtre UV<\/p>\n\n\n\n<p>\u25cf Verres correcteurs avec filtre UV<\/p>\n\n\n\n<p>\u25cf Chapeau \u00e0 large bord<\/p>\n\n\n\n<p>\u25cf Lentilles de contact en hydrogel avec filtre UV<\/p>\n\n\n\n<p>\u25cf Lentilles de contact rigides perm\u00e9ables au gaz<\/p>\n\n\n\n<p>\u25cf Cr\u00e8me solaire avec indice de protection sup\u00e9rieur \u00e0 15<\/p>\n\n\n\n<p>\u25cf Limiter les s\u00e9jours dans des environnements \u00e0 forte intensit\u00e9 UV<\/p>\n\n\n\n<p><strong>Du sable dans les yeux<\/strong><\/p>\n\n\n\n<p>En \u00e9t\u00e9, lorsque l&rsquo;on passe du temps au bord de l&rsquo;eau ou dans un environnement sableux, il arrive souvent que du sable p\u00e9n\u00e8tre dans les yeux. Dans ce cas, il ne faut en aucun cas se frotter les yeux ni essayer d&rsquo;enlever les grains de sable avec les mains.<\/p>\n\n\n\n<p>Les grains de sable ont en effet des ar\u00eates vives qui peuvent rapidement blesser la conjonctive ou la surface de la corn\u00e9e et aggraver la situation. Mais on peut g\u00e9n\u00e9ralement r\u00e9soudre le probl\u00e8me en rin\u00e7ant soigneusement les yeux \u00e0 l&rsquo;eau claire. Il faut toutefois veiller \u00e0 avoir les mains propres et, si possible, d\u00e9sinfect\u00e9es.<\/p>\n\n\n\n<p>Si vous vous trouvez sur un bateau ou dans un endroit sans acc\u00e8s \u00e0 de l&rsquo;eau propre, ne faites rien et attendez que l&rsquo;\u0153il \u00e9limine le sable de lui-m\u00eame gr\u00e2ce \u00e0 la production de larmes.<\/p>\n\n\n\n<p><strong>Inflammation de la corn\u00e9e due aux lentilles de contact et aux germes<\/strong><\/p>\n\n\n\n<p>Les personnes qui ont les yeux secs et portent des lentilles de contact courent un risque potentiellement plus \u00e9lev\u00e9 d&rsquo;infection par des germes. En effet, les lentilles ne peuvent plus flotter sur le <a href=\"https:\/\/www.lensbest.de\/beratung\/auge-und-sehen\/der-traenenfilm\">film lacrymal<\/a> qui s&rsquo;amenuise et irritent la conjonctive sensible par frottement m\u00e9canique, ce qui la rend encore plus r\u00e9ceptive aux bact\u00e9ries et aux virus.<\/p>\n\n\n\n<p>M\u00eame les l\u00e9sions ou les d\u00e9fauts les plus minimes de la couche externe de la corn\u00e9e peuvent favoriser la p\u00e9n\u00e9tration de germes. Ces l\u00e9sions surviennent notamment lors de la mise en place ou du retrait de lentilles de contact. Les l\u00e9sions de la corn\u00e9e sont particuli\u00e8rement douloureuses, car une l\u00e9sion de la couche externe expose de nombreuses fibres nerveuses. La corn\u00e9e peut \u00e9galement s&rsquo;opacifier, ce qui entra\u00eene une baisse de l&rsquo;acuit\u00e9 visuelle, et l&rsquo;\u0153il affect\u00e9 devient de plus en plus rouge.<\/p>\n\n\n\n<p>Outre les bact\u00e9ries et les virus, des champignons tels que Candida et Aspergillus peuvent \u00e9galement provoquer une infection de la corn\u00e9e. Cette k\u00e9ratite fongique n\u00e9cessite un traitement de longue dur\u00e9e et peut m\u00eame aboutir \u00e0 l&rsquo;ablation chirurgicale du globe oculaire en cas d&rsquo;\u00e9chec th\u00e9rapeutique. La fr\u00e9quence des infections oculaires fongiques est toutefois relativement faible en Europe, o\u00f9 le climat est temp\u00e9r\u00e9.<\/p>\n\n\n\n<p><strong>Eau : attention aux amibes<\/strong><\/p>\n\n\n\n<p>L&rsquo;eau peut \u00e9galement irriter la conjonctive des yeux. C&rsquo;est notamment le cas lorsque la piscine contient beaucoup de chlore ou de germes. La solution est simple : prot\u00e9gez vos yeux avec des lunettes de natation. Si vous n&rsquo;en avez pas, rincez-vous les yeux apr\u00e8s la baignade. En cas de forte sensation de br\u00fblure, consultez un ophtalmologue.<\/p>\n\n\n\n<p>Les eaux europ\u00e9ennes rec\u00e8lent d\u00e9sormais un danger particulier pour les yeux. Contrairement aux champignons, une esp\u00e8ce particuli\u00e8re d&rsquo;amibe, l&rsquo;Acanthamoeba, est tr\u00e8s r\u00e9pandue dans les zones climatiques temp\u00e9r\u00e9es. Il s&rsquo;agit d&rsquo;un minuscule parasite qui peut se d\u00e9velopper pratiquement partout dans la nature, dans le sol comme dans l&rsquo;eau, qu&rsquo;elle soit fra\u00eeche ou pollu\u00e9e.<\/p>\n\n\n\n<p>Les experts d\u00e9conseillent donc fortement de se baigner dans les eaux naturelles si l&rsquo;on porte des lentilles de contact et que l&rsquo;on souhaite les garder. En effet, l&rsquo;inflammation grave et persistante de la corn\u00e9e caus\u00e9e par l&rsquo;Acanthamoeba survient pr\u00e9cis\u00e9ment en raison du port de lentilles de contact. Les lentilles r\u00e9duisent l&rsquo;apport en oxyg\u00e8ne de la corn\u00e9e, la rendent plus vuln\u00e9rable aux micro-l\u00e9sions superficielles et cr\u00e9ent ainsi des portes d&rsquo;entr\u00e9e pour les amibes.<\/p>\n\n\n\n<p>Il est donc fortement recommand\u00e9 de ne pas porter de lentilles de contact pour nager. Les personnes qui ont besoin d&rsquo;une aide visuelle pour pratiquer des sports nautiques doivent utiliser des lunettes de plong\u00e9e correct\u00e9es.<\/p>\n\n\n\n<p>Les acanthamoebas ne se trouvent pas seulement dans les eaux naturelles et dans la mer. On les trouve \u00e9galement dans l&rsquo;eau des piscines et des piscines ext\u00e9rieures chlor\u00e9es. Mais ce n&rsquo;est pas tout : les amibes se trouvent parfois m\u00eame dans l&rsquo;eau du robinet et dans l&rsquo;eau min\u00e9rale que de nombreuses personnes utilisent pour nettoyer leurs lentilles de contact. Tout contact des lentilles et de leur \u00e9tui avec l&rsquo;eau repr\u00e9sente donc un risque important. Il est m\u00eame d\u00e9conseill\u00e9 de se doucher avec des lentilles de contact.<\/p>\n\n\n\n<p><strong>Sans oublier les allergies<\/strong><\/p>\n\n\n\n<p>Au printemps, mais aussi en \u00e9t\u00e9, de nombreux pollens peuvent flotter dans l&rsquo;air et provoquer des r\u00e9actions allergiques au niveau des yeux. Ces r\u00e9actions sont d\u00e9clench\u00e9es par diff\u00e9rents allerg\u00e8nes qui flottent g\u00e9n\u00e9ralement dans l&rsquo;air.<\/p>\n\n\n\n<p>Cette situation est de plus en plus influenc\u00e9e par les changements climatiques : il peut arriver que les personnes allergiques au pollen souffrent des sympt\u00f4mes d&rsquo;une allergie pendant beaucoup plus longtemps, voire presque toute l&rsquo;ann\u00e9e. En effet, en raison du changement climatique, les p\u00e9riodes de floraison des plantes peuvent \u00eatre d\u00e9cal\u00e9es ou prolong\u00e9es de mani\u00e8re d\u00e9favorable.<\/p>\n\n\n\n<p>En Europe centrale, les allergies au pollen touchent d\u00e9sormais environ 15 % de la population adulte, et la tendance est clairement \u00e0 la hausse. Outre les r\u00e9actions nasales, des sympt\u00f4mes oculaires tels que d\u00e9mangeaisons, gonflements, rougeurs ou larmoiements apparaissent \u00e9galement. Les personnes concern\u00e9es les per\u00e7oivent comme particuli\u00e8rement p\u00e9nibles par rapport \u00e0 d&rsquo;autres sympt\u00f4mes touchant d&rsquo;autres organes, et elles se sentent nettement g\u00ean\u00e9es dans leur qualit\u00e9 de vie.<\/p>\n\n\n\n<p>En cas d&rsquo;allergie au pollen, il est recommand\u00e9 de rester dans des pi\u00e8ces ferm\u00e9es \u00e0 midi, car c&rsquo;est \u00e0 ce moment de la journ\u00e9e que la concentration de pollen dans l&rsquo;air est la plus \u00e9lev\u00e9e. En cas d&rsquo;allergies, il est \u00e9galement possible d&rsquo;utiliser abondamment des larmes artificielles. Il est \u00e9galement recommand\u00e9 de consulter un ophtalmologue afin d&rsquo;obtenir un antihistaminique (un anti-irritant). Ou, si n\u00e9cessaire, de faire un test d&rsquo;allergie.<\/p>\n\n\n\n<p>Sources :<\/p>\n\n\n\n<p><a href=\"https:\/\/retina.ch\/fr\/conseils\/attention-le-soleil-et-ses-rayons-uv-peuvent-endommager-vos-yeux\/\">Retina Suisse \u2013 Guide sur les rayons UV <\/a>; <a href=\"https:\/\/retina.ch\/fr\/conseils\/porter-des-lentilles-de-contact-peut-etre-risque\/\">Retina Suisse \u2013 Guide sur les lentilles de contact <\/a>; <a href=\"https:\/\/retina.ch\/ratgeber\/wenn-die-augen-im-winter-lei-den\/#:~:text=Das%20Sicca%2DSyndrom%20hat%20vielf%C3%A4ltige%20Ursachen%20Eine%20banale,Blinzelns%2C%20und%20das%20f%C3%BChrt%20zu%20trockenen%20Augen\">Retina Suisse \u2013 Guide sur le syndrome de Sicca <\/a>; <a href=\"https:\/\/retina.ch\/fr\/conseils\/les-pollens-se-disseminent-a-nouveau-comment-soulager-le-gonflement-des-yeux\/\">Retina Suisse \u2013 Guide sur les allergies <\/a>; <a href=\"https:\/\/www.srf.ch\/audio\/ratgeber\/rote-augen-im-sommer?id=c791a6d2-dfbe-4b6d-a87b-1de435b77474#:~:text=Vor%20allem%20im%20Sommer%20leiden,oder%20Chlor%2D%20oder%20Salzwasser%20sein.&amp;text=Chlor%20oder%20Keime%20im%20Wasser%20reizen%20die%20Bindehaut\">SRF Ratgeber<\/a>,<a href=\"https:\/\/www.morela.at\/alles-uber-das-sehvermogen\/tipps\/5-tipps-fur-die-haufigsten-augenprobleme-im-sommer-473\"> Morela Augenklinik<\/a><\/p>\n","protected":false},"excerpt":{"rendered":"<p>L&rsquo;\u00e9t\u00e9 est enfin l\u00e0. Mais attention : l&rsquo;air sec, le vent, la climatisation et les rayons du soleil peuvent fortement dess\u00e9cher la surface des yeux. Il existe \u00e9galement un ph\u00e9nom\u00e8ne appel\u00e9 \u00ab coup de soleil des yeux \u00bb et un danger inattendu guette dans l&rsquo;eau. <\/p>\n","protected":false},"featured_media":23232,"template":"","meta":{"_acf_changed":false,"inline_featured_image":false,"_FSMCFIC_featured_image_caption":"","_FSMCFIC_featured_image_nocaption":"","_FSMCFIC_featured_image_hide":"","footnotes":"","_links_to":"","_links_to_target":""},"categories":[],"class_list":["post-23239","aktuelles","type-aktuelles","status-publish","has-post-thumbnail","hentry"],"acf":[],"yoast_head":"<!-- This site is optimized with the Yoast SEO plugin v27.1.1 - https:\/\/yoast.com\/product\/yoast-seo-wordpress\/ -->\n<title>Prot\u00e9ger ses yeux en \u00e9t\u00e9 \u2013 les conseils de Retina Suisse &#8226; Retina Suisse<\/title>\n<meta name=\"robots\" content=\"index, follow, max-snippet:-1, max-image-preview:large, max-video-preview:-1\" \/>\n<link rel=\"canonical\" href=\"https:\/\/retina.ch\/fr\/actualites\/proteger-ses-yeux-en-ete-les-conseils-de-retina-suisse\/\" \/>\n<meta property=\"og:locale\" content=\"fr_FR\" \/>\n<meta property=\"og:type\" content=\"article\" \/>\n<meta property=\"og:title\" content=\"Prot\u00e9ger ses yeux en \u00e9t\u00e9 \u2013 les conseils de Retina Suisse &#8226; Retina Suisse\" \/>\n<meta property=\"og:description\" content=\"L&#039;\u00e9t\u00e9 est enfin l\u00e0. Mais attention : l&#039;air sec, le vent, la climatisation et les rayons du soleil peuvent fortement dess\u00e9cher la surface des yeux. Il existe \u00e9galement un ph\u00e9nom\u00e8ne appel\u00e9 \u00ab coup de soleil des yeux \u00bb et un danger inattendu guette dans l&#039;eau.\" \/>\n<meta property=\"og:url\" content=\"https:\/\/retina.ch\/fr\/actualites\/proteger-ses-yeux-en-ete-les-conseils-de-retina-suisse\/\" \/>\n<meta property=\"og:site_name\" content=\"Retina Suisse\" \/>\n<meta property=\"article:publisher\" content=\"https:\/\/www.facebook.com\/retinasuisse\/\" \/>\n<meta property=\"article:modified_time\" content=\"2025-08-01T14:03:21+00:00\" \/>\n<meta property=\"og:image\" content=\"https:\/\/retina.ch\/wp-content\/uploads\/2025\/08\/Retina-Foto-Sommer-Brille-gratis-Unsplash-02.jpg\" \/>\n\t<meta property=\"og:image:width\" content=\"1772\" \/>\n\t<meta property=\"og:image:height\" content=\"2048\" \/>\n\t<meta property=\"og:image:type\" content=\"image\/jpeg\" \/>\n<meta name=\"twitter:card\" content=\"summary_large_image\" \/>\n<meta name=\"twitter:label1\" content=\"Dur\u00e9e de lecture estim\u00e9e\" \/>\n\t<meta name=\"twitter:data1\" content=\"12 minutes\" \/>\n<script type=\"application\/ld+json\" class=\"yoast-schema-graph\">{\"@context\":\"https:\/\/schema.org\",\"@graph\":[{\"@type\":\"WebPage\",\"@id\":\"https:\/\/retina.ch\/fr\/actualites\/proteger-ses-yeux-en-ete-les-conseils-de-retina-suisse\/\",\"url\":\"https:\/\/retina.ch\/fr\/actualites\/proteger-ses-yeux-en-ete-les-conseils-de-retina-suisse\/\",\"name\":\"Prot\u00e9ger ses yeux en \u00e9t\u00e9 \u2013 les conseils de Retina Suisse &#8226; Retina Suisse\",\"isPartOf\":{\"@id\":\"https:\/\/retina.ch\/fr\/#website\"},\"primaryImageOfPage\":{\"@id\":\"https:\/\/retina.ch\/fr\/actualites\/proteger-ses-yeux-en-ete-les-conseils-de-retina-suisse\/#primaryimage\"},\"image\":{\"@id\":\"https:\/\/retina.ch\/fr\/actualites\/proteger-ses-yeux-en-ete-les-conseils-de-retina-suisse\/#primaryimage\"},\"thumbnailUrl\":\"https:\/\/retina.ch\/wp-content\/uploads\/2025\/08\/Retina-Foto-Sommer-Brille-gratis-Unsplash-02.jpg\",\"datePublished\":\"2025-08-01T14:03:18+00:00\",\"dateModified\":\"2025-08-01T14:03:21+00:00\",\"breadcrumb\":{\"@id\":\"https:\/\/retina.ch\/fr\/actualites\/proteger-ses-yeux-en-ete-les-conseils-de-retina-suisse\/#breadcrumb\"},\"inLanguage\":\"fr-FR\",\"potentialAction\":[{\"@type\":\"ReadAction\",\"target\":[\"https:\/\/retina.ch\/fr\/actualites\/proteger-ses-yeux-en-ete-les-conseils-de-retina-suisse\/\"]}]},{\"@type\":\"ImageObject\",\"inLanguage\":\"fr-FR\",\"@id\":\"https:\/\/retina.ch\/fr\/actualites\/proteger-ses-yeux-en-ete-les-conseils-de-retina-suisse\/#primaryimage\",\"url\":\"https:\/\/retina.ch\/wp-content\/uploads\/2025\/08\/Retina-Foto-Sommer-Brille-gratis-Unsplash-02.jpg\",\"contentUrl\":\"https:\/\/retina.ch\/wp-content\/uploads\/2025\/08\/Retina-Foto-Sommer-Brille-gratis-Unsplash-02.jpg\",\"width\":1772,\"height\":2048},{\"@type\":\"BreadcrumbList\",\"@id\":\"https:\/\/retina.ch\/fr\/actualites\/proteger-ses-yeux-en-ete-les-conseils-de-retina-suisse\/#breadcrumb\",\"itemListElement\":[{\"@type\":\"ListItem\",\"position\":1,\"name\":\"Retina Suisse\",\"item\":\"https:\/\/retina.ch\/fr\/\"},{\"@type\":\"ListItem\",\"position\":2,\"name\":\"Actualit\u00e9s\",\"item\":\"https:\/\/retina.ch\/fr\/actualites\/\"},{\"@type\":\"ListItem\",\"position\":3,\"name\":\"Prot\u00e9ger ses yeux en \u00e9t\u00e9 \u2013 les conseils de Retina Suisse\"}]},{\"@type\":\"WebSite\",\"@id\":\"https:\/\/retina.ch\/fr\/#website\",\"url\":\"https:\/\/retina.ch\/fr\/\",\"name\":\"Retina Suisse\",\"description\":\"Retina Suisse ist die Vereinigung von Patientinnen und Patienten mit Retinitis pigmentosa (RP), Makuladegeneration, Usher-Syndrom und anderen Erkrankungen des Augenhintergrundes.\",\"publisher\":{\"@id\":\"https:\/\/retina.ch\/fr\/#organization\"},\"potentialAction\":[{\"@type\":\"SearchAction\",\"target\":{\"@type\":\"EntryPoint\",\"urlTemplate\":\"https:\/\/retina.ch\/fr\/?s={search_term_string}\"},\"query-input\":{\"@type\":\"PropertyValueSpecification\",\"valueRequired\":true,\"valueName\":\"search_term_string\"}}],\"inLanguage\":\"fr-FR\"},{\"@type\":\"Organization\",\"@id\":\"https:\/\/retina.ch\/fr\/#organization\",\"name\":\"Retina Suisse\",\"url\":\"https:\/\/retina.ch\/fr\/\",\"logo\":{\"@type\":\"ImageObject\",\"inLanguage\":\"fr-FR\",\"@id\":\"https:\/\/retina.ch\/fr\/#\/schema\/logo\/image\/\",\"url\":\"https:\/\/retina.ch\/wp-content\/uploads\/2020\/09\/retina-auge-typo.svg\",\"contentUrl\":\"https:\/\/retina.ch\/wp-content\/uploads\/2020\/09\/retina-auge-typo.svg\",\"width\":\"1024\",\"height\":\"1024\",\"caption\":\"Retina Suisse\"},\"image\":{\"@id\":\"https:\/\/retina.ch\/fr\/#\/schema\/logo\/image\/\"},\"sameAs\":[\"https:\/\/www.facebook.com\/retinasuisse\/\"]}]}<\/script>\n<!-- \/ Yoast SEO plugin. -->","yoast_head_json":{"title":"Prot\u00e9ger ses yeux en \u00e9t\u00e9 \u2013 les conseils de Retina Suisse &#8226; Retina Suisse","robots":{"index":"index","follow":"follow","max-snippet":"max-snippet:-1","max-image-preview":"max-image-preview:large","max-video-preview":"max-video-preview:-1"},"canonical":"https:\/\/retina.ch\/fr\/actualites\/proteger-ses-yeux-en-ete-les-conseils-de-retina-suisse\/","og_locale":"fr_FR","og_type":"article","og_title":"Prot\u00e9ger ses yeux en \u00e9t\u00e9 \u2013 les conseils de Retina Suisse &#8226; Retina Suisse","og_description":"L'\u00e9t\u00e9 est enfin l\u00e0. Mais attention : l'air sec, le vent, la climatisation et les rayons du soleil peuvent fortement dess\u00e9cher la surface des yeux. Il existe \u00e9galement un ph\u00e9nom\u00e8ne appel\u00e9 \u00ab coup de soleil des yeux \u00bb et un danger inattendu guette dans l'eau.","og_url":"https:\/\/retina.ch\/fr\/actualites\/proteger-ses-yeux-en-ete-les-conseils-de-retina-suisse\/","og_site_name":"Retina Suisse","article_publisher":"https:\/\/www.facebook.com\/retinasuisse\/","article_modified_time":"2025-08-01T14:03:21+00:00","og_image":[{"width":1772,"height":2048,"url":"https:\/\/retina.ch\/wp-content\/uploads\/2025\/08\/Retina-Foto-Sommer-Brille-gratis-Unsplash-02.jpg","type":"image\/jpeg"}],"twitter_card":"summary_large_image","twitter_misc":{"Dur\u00e9e de lecture estim\u00e9e":"12 minutes"},"schema":{"@context":"https:\/\/schema.org","@graph":[{"@type":"WebPage","@id":"https:\/\/retina.ch\/fr\/actualites\/proteger-ses-yeux-en-ete-les-conseils-de-retina-suisse\/","url":"https:\/\/retina.ch\/fr\/actualites\/proteger-ses-yeux-en-ete-les-conseils-de-retina-suisse\/","name":"Prot\u00e9ger ses yeux en \u00e9t\u00e9 \u2013 les conseils de Retina Suisse &#8226; Retina Suisse","isPartOf":{"@id":"https:\/\/retina.ch\/fr\/#website"},"primaryImageOfPage":{"@id":"https:\/\/retina.ch\/fr\/actualites\/proteger-ses-yeux-en-ete-les-conseils-de-retina-suisse\/#primaryimage"},"image":{"@id":"https:\/\/retina.ch\/fr\/actualites\/proteger-ses-yeux-en-ete-les-conseils-de-retina-suisse\/#primaryimage"},"thumbnailUrl":"https:\/\/retina.ch\/wp-content\/uploads\/2025\/08\/Retina-Foto-Sommer-Brille-gratis-Unsplash-02.jpg","datePublished":"2025-08-01T14:03:18+00:00","dateModified":"2025-08-01T14:03:21+00:00","breadcrumb":{"@id":"https:\/\/retina.ch\/fr\/actualites\/proteger-ses-yeux-en-ete-les-conseils-de-retina-suisse\/#breadcrumb"},"inLanguage":"fr-FR","potentialAction":[{"@type":"ReadAction","target":["https:\/\/retina.ch\/fr\/actualites\/proteger-ses-yeux-en-ete-les-conseils-de-retina-suisse\/"]}]},{"@type":"ImageObject","inLanguage":"fr-FR","@id":"https:\/\/retina.ch\/fr\/actualites\/proteger-ses-yeux-en-ete-les-conseils-de-retina-suisse\/#primaryimage","url":"https:\/\/retina.ch\/wp-content\/uploads\/2025\/08\/Retina-Foto-Sommer-Brille-gratis-Unsplash-02.jpg","contentUrl":"https:\/\/retina.ch\/wp-content\/uploads\/2025\/08\/Retina-Foto-Sommer-Brille-gratis-Unsplash-02.jpg","width":1772,"height":2048},{"@type":"BreadcrumbList","@id":"https:\/\/retina.ch\/fr\/actualites\/proteger-ses-yeux-en-ete-les-conseils-de-retina-suisse\/#breadcrumb","itemListElement":[{"@type":"ListItem","position":1,"name":"Retina Suisse","item":"https:\/\/retina.ch\/fr\/"},{"@type":"ListItem","position":2,"name":"Actualit\u00e9s","item":"https:\/\/retina.ch\/fr\/actualites\/"},{"@type":"ListItem","position":3,"name":"Prot\u00e9ger ses yeux en \u00e9t\u00e9 \u2013 les conseils de Retina Suisse"}]},{"@type":"WebSite","@id":"https:\/\/retina.ch\/fr\/#website","url":"https:\/\/retina.ch\/fr\/","name":"Retina Suisse","description":"Retina Suisse ist die Vereinigung von Patientinnen und Patienten mit Retinitis pigmentosa (RP), Makuladegeneration, Usher-Syndrom und anderen Erkrankungen des Augenhintergrundes.","publisher":{"@id":"https:\/\/retina.ch\/fr\/#organization"},"potentialAction":[{"@type":"SearchAction","target":{"@type":"EntryPoint","urlTemplate":"https:\/\/retina.ch\/fr\/?s={search_term_string}"},"query-input":{"@type":"PropertyValueSpecification","valueRequired":true,"valueName":"search_term_string"}}],"inLanguage":"fr-FR"},{"@type":"Organization","@id":"https:\/\/retina.ch\/fr\/#organization","name":"Retina Suisse","url":"https:\/\/retina.ch\/fr\/","logo":{"@type":"ImageObject","inLanguage":"fr-FR","@id":"https:\/\/retina.ch\/fr\/#\/schema\/logo\/image\/","url":"https:\/\/retina.ch\/wp-content\/uploads\/2020\/09\/retina-auge-typo.svg","contentUrl":"https:\/\/retina.ch\/wp-content\/uploads\/2020\/09\/retina-auge-typo.svg","width":"1024","height":"1024","caption":"Retina Suisse"},"image":{"@id":"https:\/\/retina.ch\/fr\/#\/schema\/logo\/image\/"},"sameAs":["https:\/\/www.facebook.com\/retinasuisse\/"]}]}},"_links":{"self":[{"href":"https:\/\/retina.ch\/fr\/wp-json\/wp\/v2\/aktuelles\/23239","targetHints":{"allow":["GET"]}}],"collection":[{"href":"https:\/\/retina.ch\/fr\/wp-json\/wp\/v2\/aktuelles"}],"about":[{"href":"https:\/\/retina.ch\/fr\/wp-json\/wp\/v2\/types\/aktuelles"}],"version-history":[{"count":1,"href":"https:\/\/retina.ch\/fr\/wp-json\/wp\/v2\/aktuelles\/23239\/revisions"}],"predecessor-version":[{"id":23240,"href":"https:\/\/retina.ch\/fr\/wp-json\/wp\/v2\/aktuelles\/23239\/revisions\/23240"}],"wp:featuredmedia":[{"embeddable":true,"href":"https:\/\/retina.ch\/fr\/wp-json\/wp\/v2\/media\/23232"}],"wp:attachment":[{"href":"https:\/\/retina.ch\/fr\/wp-json\/wp\/v2\/media?parent=23239"}],"wp:term":[{"taxonomy":"category","embeddable":true,"href":"https:\/\/retina.ch\/fr\/wp-json\/wp\/v2\/categories?post=23239"}],"curies":[{"name":"wp","href":"https:\/\/api.w.org\/{rel}","templated":true}]}}