{"id":23443,"date":"2025-08-28T13:36:47","date_gmt":"2025-08-28T11:36:47","guid":{"rendered":"https:\/\/retina.ch\/?post_type=aktuelles&#038;p=23443"},"modified":"2026-02-02T12:14:28","modified_gmt":"2026-02-02T11:14:28","slug":"video-quels-sont-les-objectifs-du-nouveau-president-de-retina-suisse","status":"publish","type":"aktuelles","link":"https:\/\/retina.ch\/fr\/actualites\/video-quels-sont-les-objectifs-du-nouveau-president-de-retina-suisse\/","title":{"rendered":"VID\u00c9O\u00a0: quels sont les objectifs du nouveau pr\u00e9sident de Retina Suisse ?"},"content":{"rendered":"\n<p>Apr\u00e8s la publication de l&rsquo;interview \u00e9crite avec Laurent Del\u00e9traz, le nouveau pr\u00e9sident de Retina Suisse, nous vous pr\u00e9sentons maintenant la vid\u00e9o qui en fait partie. Dans cette vid\u00e9o de deux minutes le Genevois de 55 ans Del\u00e9traz donne des indications sur sa strat\u00e9gie pour Retina Suisse et parle aussi un peu de lui-m\u00eame.<\/p>\n\n\n\n<p><a href=\"https:\/\/vimeo.com\/manage\/videos\/1113233567\">Cliquez ici pour voir la vid\u00e9o avec Laurent Del\u00e9traz<\/a><\/p>\n\n\n\n<div style=\"height:35px\" aria-hidden=\"true\" class=\"wp-block-spacer\"><\/div>\n\n\n\n<p>Plus de vid\u00e9os de Retina Suisse :<\/p>\n\n\n\n<p><a href=\"https:\/\/vimeo.com\/818751846\">Entretien avec C\u00e9line van Till, sportive romande qui, outre d&rsquo;autres handicaps, souffre \u00e9galement d&rsquo;une d\u00e9ficience visuelle<\/a><\/p>\n\n\n\n<p><a href=\"https:\/\/vimeo.com\/manage\/videos\/825858751\">L&rsquo;assembl\u00e9e g\u00e9n\u00e9rale de Retina Suisse en avril 2023<\/a><\/p>\n","protected":false},"excerpt":{"rendered":"<p>Apr\u00e8s la publication de l&rsquo;interview \u00e9crite avec Laurent Del\u00e9traz, le nouveau pr\u00e9sident de Retina Suisse, nous vous pr\u00e9sentons maintenant la vid\u00e9o qui en fait partie. Dans cette vid\u00e9o de deux minutes le Genevois de 55 ans Del\u00e9traz donne des indications sur sa strat\u00e9gie pour Retina Suisse et parle aussi un peu de lui-m\u00eame.<\/p>\n","protected":false},"featured_media":23434,"template":"","meta":{"_acf_changed":false,"inline_featured_image":false,"_FSMCFIC_featured_image_caption":"Sur la photo : Laurent Del\u00e9traz, le nouveau pr\u00e9sident de Retina Suisse, sourit pendant une interview pour Retina Suisse.","_FSMCFIC_featured_image_nocaption":"1","_FSMCFIC_featured_image_hide":"","footnotes":"","_links_to":"","_links_to_target":""},"categories":[152],"class_list":["post-23443","aktuelles","type-aktuelles","status-publish","has-post-thumbnail","hentry","category-video"],"acf":[],"yoast_head":"<!-- This site is optimized with the Yoast SEO plugin v27.1.1 - https:\/\/yoast.com\/product\/yoast-seo-wordpress\/ -->\n<title>VID\u00c9O\u00a0: quels sont les objectifs du nouveau pr\u00e9sident de Retina Suisse ? &#8226; Retina Suisse<\/title>\n<meta name=\"robots\" content=\"index, follow, max-snippet:-1, max-image-preview:large, max-video-preview:-1\" \/>\n<link rel=\"canonical\" href=\"https:\/\/retina.ch\/fr\/actualites\/video-quels-sont-les-objectifs-du-nouveau-president-de-retina-suisse\/\" \/>\n<meta property=\"og:locale\" content=\"fr_FR\" \/>\n<meta property=\"og:type\" content=\"article\" \/>\n<meta property=\"og:title\" content=\"VID\u00c9O\u00a0: quels sont les objectifs du nouveau pr\u00e9sident de Retina Suisse ? &#8226; Retina Suisse\" \/>\n<meta property=\"og:description\" content=\"Apr\u00e8s la publication de l&#039;interview \u00e9crite avec Laurent Del\u00e9traz, le nouveau pr\u00e9sident de Retina Suisse, nous vous pr\u00e9sentons maintenant la vid\u00e9o qui en fait partie. Dans cette vid\u00e9o de deux minutes le Genevois de 55 ans Del\u00e9traz donne des indications sur sa strat\u00e9gie pour Retina Suisse et parle aussi un peu de lui-m\u00eame.\" \/>\n<meta property=\"og:url\" content=\"https:\/\/retina.ch\/fr\/actualites\/video-quels-sont-les-objectifs-du-nouveau-president-de-retina-suisse\/\" \/>\n<meta property=\"og:site_name\" content=\"Retina Suisse\" \/>\n<meta property=\"article:publisher\" content=\"https:\/\/www.facebook.com\/retinasuisse\/\" \/>\n<meta property=\"article:modified_time\" content=\"2026-02-02T11:14:28+00:00\" \/>\n<meta property=\"og:image\" content=\"https:\/\/retina.ch\/wp-content\/uploads\/2025\/08\/Retina-Foto-Laurent-Inti-03.jpg\" \/>\n\t<meta property=\"og:image:width\" content=\"1863\" \/>\n\t<meta property=\"og:image:height\" content=\"1170\" \/>\n\t<meta property=\"og:image:type\" content=\"image\/jpeg\" \/>\n<meta name=\"twitter:card\" content=\"summary_large_image\" \/>\n<meta name=\"twitter:label1\" content=\"Dur\u00e9e de lecture estim\u00e9e\" \/>\n\t<meta name=\"twitter:data1\" content=\"1 minute\" \/>\n<script type=\"application\/ld+json\" class=\"yoast-schema-graph\">{\"@context\":\"https:\/\/schema.org\",\"@graph\":[{\"@type\":\"WebPage\",\"@id\":\"https:\/\/retina.ch\/fr\/actualites\/video-quels-sont-les-objectifs-du-nouveau-president-de-retina-suisse\/\",\"url\":\"https:\/\/retina.ch\/fr\/actualites\/video-quels-sont-les-objectifs-du-nouveau-president-de-retina-suisse\/\",\"name\":\"VID\u00c9O\u00a0: quels sont les objectifs du nouveau pr\u00e9sident de Retina Suisse ? &#8226; Retina Suisse\",\"isPartOf\":{\"@id\":\"https:\/\/retina.ch\/fr\/#website\"},\"primaryImageOfPage\":{\"@id\":\"https:\/\/retina.ch\/fr\/actualites\/video-quels-sont-les-objectifs-du-nouveau-president-de-retina-suisse\/#primaryimage\"},\"image\":{\"@id\":\"https:\/\/retina.ch\/fr\/actualites\/video-quels-sont-les-objectifs-du-nouveau-president-de-retina-suisse\/#primaryimage\"},\"thumbnailUrl\":\"https:\/\/retina.ch\/wp-content\/uploads\/2025\/08\/Retina-Foto-Laurent-Inti-03.jpg\",\"datePublished\":\"2025-08-28T11:36:47+00:00\",\"dateModified\":\"2026-02-02T11:14:28+00:00\",\"breadcrumb\":{\"@id\":\"https:\/\/retina.ch\/fr\/actualites\/video-quels-sont-les-objectifs-du-nouveau-president-de-retina-suisse\/#breadcrumb\"},\"inLanguage\":\"fr-FR\",\"potentialAction\":[{\"@type\":\"ReadAction\",\"target\":[\"https:\/\/retina.ch\/fr\/actualites\/video-quels-sont-les-objectifs-du-nouveau-president-de-retina-suisse\/\"]}]},{\"@type\":\"ImageObject\",\"inLanguage\":\"fr-FR\",\"@id\":\"https:\/\/retina.ch\/fr\/actualites\/video-quels-sont-les-objectifs-du-nouveau-president-de-retina-suisse\/#primaryimage\",\"url\":\"https:\/\/retina.ch\/wp-content\/uploads\/2025\/08\/Retina-Foto-Laurent-Inti-03.jpg\",\"contentUrl\":\"https:\/\/retina.ch\/wp-content\/uploads\/2025\/08\/Retina-Foto-Laurent-Inti-03.jpg\",\"width\":1863,\"height\":1170},{\"@type\":\"BreadcrumbList\",\"@id\":\"https:\/\/retina.ch\/fr\/actualites\/video-quels-sont-les-objectifs-du-nouveau-president-de-retina-suisse\/#breadcrumb\",\"itemListElement\":[{\"@type\":\"ListItem\",\"position\":1,\"name\":\"Retina Suisse\",\"item\":\"https:\/\/retina.ch\/fr\/\"},{\"@type\":\"ListItem\",\"position\":2,\"name\":\"Actualit\u00e9s\",\"item\":\"https:\/\/retina.ch\/fr\/actualites\/\"},{\"@type\":\"ListItem\",\"position\":3,\"name\":\"VID\u00c9O\u00a0: quels sont les objectifs du nouveau pr\u00e9sident de Retina Suisse ?\"}]},{\"@type\":\"WebSite\",\"@id\":\"https:\/\/retina.ch\/fr\/#website\",\"url\":\"https:\/\/retina.ch\/fr\/\",\"name\":\"Retina Suisse\",\"description\":\"Retina Suisse ist die Vereinigung von Patientinnen und Patienten mit Retinitis pigmentosa (RP), Makuladegeneration, Usher-Syndrom und anderen Erkrankungen des Augenhintergrundes.\",\"publisher\":{\"@id\":\"https:\/\/retina.ch\/fr\/#organization\"},\"potentialAction\":[{\"@type\":\"SearchAction\",\"target\":{\"@type\":\"EntryPoint\",\"urlTemplate\":\"https:\/\/retina.ch\/fr\/?s={search_term_string}\"},\"query-input\":{\"@type\":\"PropertyValueSpecification\",\"valueRequired\":true,\"valueName\":\"search_term_string\"}}],\"inLanguage\":\"fr-FR\"},{\"@type\":\"Organization\",\"@id\":\"https:\/\/retina.ch\/fr\/#organization\",\"name\":\"Retina Suisse\",\"url\":\"https:\/\/retina.ch\/fr\/\",\"logo\":{\"@type\":\"ImageObject\",\"inLanguage\":\"fr-FR\",\"@id\":\"https:\/\/retina.ch\/fr\/#\/schema\/logo\/image\/\",\"url\":\"https:\/\/retina.ch\/wp-content\/uploads\/2020\/09\/retina-auge-typo.svg\",\"contentUrl\":\"https:\/\/retina.ch\/wp-content\/uploads\/2020\/09\/retina-auge-typo.svg\",\"width\":\"1024\",\"height\":\"1024\",\"caption\":\"Retina Suisse\"},\"image\":{\"@id\":\"https:\/\/retina.ch\/fr\/#\/schema\/logo\/image\/\"},\"sameAs\":[\"https:\/\/www.facebook.com\/retinasuisse\/\"]}]}<\/script>\n<!-- \/ Yoast SEO plugin. -->","yoast_head_json":{"title":"VID\u00c9O\u00a0: quels sont les objectifs du nouveau pr\u00e9sident de Retina Suisse ? &#8226; Retina Suisse","robots":{"index":"index","follow":"follow","max-snippet":"max-snippet:-1","max-image-preview":"max-image-preview:large","max-video-preview":"max-video-preview:-1"},"canonical":"https:\/\/retina.ch\/fr\/actualites\/video-quels-sont-les-objectifs-du-nouveau-president-de-retina-suisse\/","og_locale":"fr_FR","og_type":"article","og_title":"VID\u00c9O\u00a0: quels sont les objectifs du nouveau pr\u00e9sident de Retina Suisse ? &#8226; Retina Suisse","og_description":"Apr\u00e8s la publication de l'interview \u00e9crite avec Laurent Del\u00e9traz, le nouveau pr\u00e9sident de Retina Suisse, nous vous pr\u00e9sentons maintenant la vid\u00e9o qui en fait partie. Dans cette vid\u00e9o de deux minutes le Genevois de 55 ans Del\u00e9traz donne des indications sur sa strat\u00e9gie pour Retina Suisse et parle aussi un peu de lui-m\u00eame.","og_url":"https:\/\/retina.ch\/fr\/actualites\/video-quels-sont-les-objectifs-du-nouveau-president-de-retina-suisse\/","og_site_name":"Retina Suisse","article_publisher":"https:\/\/www.facebook.com\/retinasuisse\/","article_modified_time":"2026-02-02T11:14:28+00:00","og_image":[{"width":1863,"height":1170,"url":"https:\/\/retina.ch\/wp-content\/uploads\/2025\/08\/Retina-Foto-Laurent-Inti-03.jpg","type":"image\/jpeg"}],"twitter_card":"summary_large_image","twitter_misc":{"Dur\u00e9e de lecture estim\u00e9e":"1 minute"},"schema":{"@context":"https:\/\/schema.org","@graph":[{"@type":"WebPage","@id":"https:\/\/retina.ch\/fr\/actualites\/video-quels-sont-les-objectifs-du-nouveau-president-de-retina-suisse\/","url":"https:\/\/retina.ch\/fr\/actualites\/video-quels-sont-les-objectifs-du-nouveau-president-de-retina-suisse\/","name":"VID\u00c9O\u00a0: quels sont les objectifs du nouveau pr\u00e9sident de Retina Suisse ? &#8226; Retina Suisse","isPartOf":{"@id":"https:\/\/retina.ch\/fr\/#website"},"primaryImageOfPage":{"@id":"https:\/\/retina.ch\/fr\/actualites\/video-quels-sont-les-objectifs-du-nouveau-president-de-retina-suisse\/#primaryimage"},"image":{"@id":"https:\/\/retina.ch\/fr\/actualites\/video-quels-sont-les-objectifs-du-nouveau-president-de-retina-suisse\/#primaryimage"},"thumbnailUrl":"https:\/\/retina.ch\/wp-content\/uploads\/2025\/08\/Retina-Foto-Laurent-Inti-03.jpg","datePublished":"2025-08-28T11:36:47+00:00","dateModified":"2026-02-02T11:14:28+00:00","breadcrumb":{"@id":"https:\/\/retina.ch\/fr\/actualites\/video-quels-sont-les-objectifs-du-nouveau-president-de-retina-suisse\/#breadcrumb"},"inLanguage":"fr-FR","potentialAction":[{"@type":"ReadAction","target":["https:\/\/retina.ch\/fr\/actualites\/video-quels-sont-les-objectifs-du-nouveau-president-de-retina-suisse\/"]}]},{"@type":"ImageObject","inLanguage":"fr-FR","@id":"https:\/\/retina.ch\/fr\/actualites\/video-quels-sont-les-objectifs-du-nouveau-president-de-retina-suisse\/#primaryimage","url":"https:\/\/retina.ch\/wp-content\/uploads\/2025\/08\/Retina-Foto-Laurent-Inti-03.jpg","contentUrl":"https:\/\/retina.ch\/wp-content\/uploads\/2025\/08\/Retina-Foto-Laurent-Inti-03.jpg","width":1863,"height":1170},{"@type":"BreadcrumbList","@id":"https:\/\/retina.ch\/fr\/actualites\/video-quels-sont-les-objectifs-du-nouveau-president-de-retina-suisse\/#breadcrumb","itemListElement":[{"@type":"ListItem","position":1,"name":"Retina Suisse","item":"https:\/\/retina.ch\/fr\/"},{"@type":"ListItem","position":2,"name":"Actualit\u00e9s","item":"https:\/\/retina.ch\/fr\/actualites\/"},{"@type":"ListItem","position":3,"name":"VID\u00c9O\u00a0: quels sont les objectifs du nouveau pr\u00e9sident de Retina Suisse ?"}]},{"@type":"WebSite","@id":"https:\/\/retina.ch\/fr\/#website","url":"https:\/\/retina.ch\/fr\/","name":"Retina Suisse","description":"Retina Suisse ist die Vereinigung von Patientinnen und Patienten mit Retinitis pigmentosa (RP), Makuladegeneration, Usher-Syndrom und anderen Erkrankungen des Augenhintergrundes.","publisher":{"@id":"https:\/\/retina.ch\/fr\/#organization"},"potentialAction":[{"@type":"SearchAction","target":{"@type":"EntryPoint","urlTemplate":"https:\/\/retina.ch\/fr\/?s={search_term_string}"},"query-input":{"@type":"PropertyValueSpecification","valueRequired":true,"valueName":"search_term_string"}}],"inLanguage":"fr-FR"},{"@type":"Organization","@id":"https:\/\/retina.ch\/fr\/#organization","name":"Retina Suisse","url":"https:\/\/retina.ch\/fr\/","logo":{"@type":"ImageObject","inLanguage":"fr-FR","@id":"https:\/\/retina.ch\/fr\/#\/schema\/logo\/image\/","url":"https:\/\/retina.ch\/wp-content\/uploads\/2020\/09\/retina-auge-typo.svg","contentUrl":"https:\/\/retina.ch\/wp-content\/uploads\/2020\/09\/retina-auge-typo.svg","width":"1024","height":"1024","caption":"Retina Suisse"},"image":{"@id":"https:\/\/retina.ch\/fr\/#\/schema\/logo\/image\/"},"sameAs":["https:\/\/www.facebook.com\/retinasuisse\/"]}]}},"_links":{"self":[{"href":"https:\/\/retina.ch\/fr\/wp-json\/wp\/v2\/aktuelles\/23443","targetHints":{"allow":["GET"]}}],"collection":[{"href":"https:\/\/retina.ch\/fr\/wp-json\/wp\/v2\/aktuelles"}],"about":[{"href":"https:\/\/retina.ch\/fr\/wp-json\/wp\/v2\/types\/aktuelles"}],"version-history":[{"count":2,"href":"https:\/\/retina.ch\/fr\/wp-json\/wp\/v2\/aktuelles\/23443\/revisions"}],"predecessor-version":[{"id":23451,"href":"https:\/\/retina.ch\/fr\/wp-json\/wp\/v2\/aktuelles\/23443\/revisions\/23451"}],"wp:featuredmedia":[{"embeddable":true,"href":"https:\/\/retina.ch\/fr\/wp-json\/wp\/v2\/media\/23434"}],"wp:attachment":[{"href":"https:\/\/retina.ch\/fr\/wp-json\/wp\/v2\/media?parent=23443"}],"wp:term":[{"taxonomy":"category","embeddable":true,"href":"https:\/\/retina.ch\/fr\/wp-json\/wp\/v2\/categories?post=23443"}],"curies":[{"name":"wp","href":"https:\/\/api.w.org\/{rel}","templated":true}]}}