{"id":23799,"date":"2025-10-09T11:35:30","date_gmt":"2025-10-09T09:35:30","guid":{"rendered":"https:\/\/retina.ch\/?post_type=aktuelles&#038;p=23799"},"modified":"2025-10-16T11:04:06","modified_gmt":"2025-10-16T09:04:06","slug":"attention-voyez-vous-des-taches-sombres-qui-se-deplacent-des-eclairs-lumineux-ou-des-ombres-grises","status":"publish","type":"aktuelles","link":"https:\/\/retina.ch\/fr\/actualites\/attention-voyez-vous-des-taches-sombres-qui-se-deplacent-des-eclairs-lumineux-ou-des-ombres-grises\/","title":{"rendered":"ATTENTION : voyez-vous des taches sombres qui se d\u00e9placent, des \u00e9clairs lumineux ou des ombres grises ?"},"content":{"rendered":"\n<p><strong>Ces troubles de la vision pourraient \u00eatre les premiers signes d&rsquo;un d\u00e9collement dangereux de la r\u00e9tine.<\/strong><\/p>\n\n\n\n<p>Pourquoi dangereux ? S&rsquo;il n&rsquo;est pas d\u00e9tect\u00e9 et trait\u00e9 rapidement, un d\u00e9collement de la r\u00e9tine peut mener \u00e0 la c\u00e9cit\u00e9 en peu de temps \u2013 il s&rsquo;agit d&rsquo;une urgence m\u00e9dicale.<\/p>\n\n\n\n<p>Qu&rsquo;est-ce qu&rsquo;un d\u00e9collement de la r\u00e9tine ? La couche sensible \u00e0 la lumi\u00e8re situ\u00e9e \u00e0 l&rsquo;arri\u00e8re de l&rsquo;\u0153il commence \u00e0 se d\u00e9tacher relativement soudainement de sa base, ce qui compromet l&rsquo;alimentation des cellules visuelles.<\/p>\n\n\n\n<p>Comme cela ne provoque aucune douleur, de nombreuses personnes concern\u00e9es sous-estiment les sympt\u00f4mes et n&rsquo;agissent pas assez rapidement.<\/p>\n\n\n\n<p><strong>Une campagne de la Soci\u00e9t\u00e9 Suisse d&rsquo;Ophtalmologie<\/strong><\/p>\n\n\n\n<p>\u00c0 l&rsquo;occasion de la Journ\u00e9e mondiale de la vue (World Sight Day), qui a lieu chaque ann\u00e9e pendant la deuxi\u00e8me semaine d&rsquo;octobre, la Soci\u00e9t\u00e9 suisse d&rsquo;ophtalmologie (SSO) a appel\u00e9 \u00e0 la vigilance face aux signes avant-coureurs typiques du d\u00e9collement de la r\u00e9tine.<\/p>\n\n\n\n<p>L&rsquo;objectif de la campagne de sensibilisation actuelle de la SSO est d&rsquo;informer la population sur cette maladie oculaire grave et de la sensibiliser aux mesures pr\u00e9ventives importantes. Retina Suisse a publi\u00e9 une brochure d&rsquo;information sur le d\u00e9collement de la r\u00e9tine et soutient cette campagne.<\/p>\n\n\n\n<p><strong>Trois signes avant-coureurs typiques<\/strong><\/p>\n\n\n\n<p>La SSO invite \u00e0 prendre au s\u00e9rieux les signes avant-coureurs typiques du d\u00e9collement de la r\u00e9tine. Parmi ceux-ci, on peut citer :<\/p>\n\n\n\n<p>\u2022 des \u00e9clairs lumineux, en particulier dans l&rsquo;obscurit\u00e9<\/p>\n\n\n\n<p>\u2022 l&rsquo;apparition soudaine de points noirs (\u00ab pluie de suie \u00bb)<\/p>\n\n\n\n<p>\u2022 une ombre grise qui envahit le champ visuel.<\/p>\n\n\n\n<p>\u00ab Si vous remarquez ces sympt\u00f4mes, consultez un ophtalmologue dans les 24 heures \u00bb, pr\u00e9vient le Dr Pascal Hasler, ophtalmologue et pr\u00e9sident de la SSO.<\/p>\n\n\n\n<p>Les personnes pr\u00e9sentant un risque accru de d\u00e9collement de la r\u00e9tine, telles que les personnes de plus de 50 ans, les personnes fortement myopes ou celles ayant subi une op\u00e9ration des yeux, devraient faire contr\u00f4ler r\u00e9guli\u00e8rement leur r\u00e9tine.<\/p>\n\n\n\n<div style=\"height:20px\" aria-hidden=\"true\" class=\"wp-block-spacer\"><\/div>\n\n\n\n<p><a href=\"https:\/\/retina.ch\/fr\/services\/commande-de-materiel-dinformation\/\">Commande de la brochure \u00ab D\u00e9collement de la r\u00e9tine \u00bb de Retina Suisse<\/a><\/p>\n\n\n\n<p><a href=\"https:\/\/retina.ch\/fr\/conseils\/deceler-rapidement-un-decollement-de-la-retine-et-eviter-une-cecite\/\">D\u00e9celer rapidement un d\u00e9collement de la r\u00e9tine et \u00e9viter une c\u00e9cit\u00e9<\/a><\/p>\n\n\n\n<p><a href=\"https:\/\/www.sog-sso.ch\/fr\/pour-patientes\/decollement-de-la-retine\">D\u00e9collement de la r\u00e9tine &#8211; sog-sso<\/a><\/p>\n","protected":false},"excerpt":{"rendered":"<p>Ces troubles visuels pourraient \u00eatre les premiers signes d&rsquo;un d\u00e9collement dangereux de la r\u00e9tine. S&rsquo;il n&rsquo;est pas rapidement diagnostiqu\u00e9 et trait\u00e9, il peut mener \u00e0 la c\u00e9cit\u00e9 en peu de temps \u2013 il s&rsquo;agit d&rsquo;une urgence m\u00e9dicale.<\/p>\n","protected":false},"featured_media":23789,"template":"","meta":{"_acf_changed":false,"inline_featured_image":false,"_FSMCFIC_featured_image_caption":"Une pluie de suie (taches noires), des mouches volantes (opacit\u00e9s filiformes) et des \u00e9clairs lumineux sont les sympt\u00f4mes d'un d\u00e9collement de la r\u00e9tine.","_FSMCFIC_featured_image_nocaption":"1","_FSMCFIC_featured_image_hide":"","footnotes":"","_links_to":"","_links_to_target":""},"categories":[],"class_list":["post-23799","aktuelles","type-aktuelles","status-publish","has-post-thumbnail","hentry"],"acf":[],"yoast_head":"<!-- This site is optimized with the Yoast SEO plugin v27.1.1 - https:\/\/yoast.com\/product\/yoast-seo-wordpress\/ -->\n<title>ATTENTION : voyez-vous des taches sombres qui se d\u00e9placent, des \u00e9clairs lumineux ou des ombres grises ? &#8226; Retina Suisse<\/title>\n<meta name=\"robots\" content=\"index, follow, max-snippet:-1, max-image-preview:large, max-video-preview:-1\" \/>\n<link rel=\"canonical\" href=\"https:\/\/retina.ch\/fr\/actualites\/attention-voyez-vous-des-taches-sombres-qui-se-deplacent-des-eclairs-lumineux-ou-des-ombres-grises\/\" \/>\n<meta property=\"og:locale\" content=\"fr_FR\" \/>\n<meta property=\"og:type\" content=\"article\" \/>\n<meta property=\"og:title\" content=\"ATTENTION : voyez-vous des taches sombres qui se d\u00e9placent, des \u00e9clairs lumineux ou des ombres grises ? &#8226; Retina Suisse\" \/>\n<meta property=\"og:description\" content=\"Ces troubles visuels pourraient \u00eatre les premiers signes d&#039;un d\u00e9collement dangereux de la r\u00e9tine. S&#039;il n&#039;est pas rapidement diagnostiqu\u00e9 et trait\u00e9, il peut mener \u00e0 la c\u00e9cit\u00e9 en peu de temps \u2013 il s&#039;agit d&#039;une urgence m\u00e9dicale.\" \/>\n<meta property=\"og:url\" content=\"https:\/\/retina.ch\/fr\/actualites\/attention-voyez-vous-des-taches-sombres-qui-se-deplacent-des-eclairs-lumineux-ou-des-ombres-grises\/\" \/>\n<meta property=\"og:site_name\" content=\"Retina Suisse\" \/>\n<meta property=\"article:publisher\" content=\"https:\/\/www.facebook.com\/retinasuisse\/\" \/>\n<meta property=\"article:modified_time\" content=\"2025-10-16T09:04:06+00:00\" \/>\n<meta property=\"og:image\" content=\"https:\/\/retina.ch\/wp-content\/uploads\/2025\/10\/Retina-Bild-Netzhautabloesung.jpg\" \/>\n\t<meta property=\"og:image:width\" content=\"940\" \/>\n\t<meta property=\"og:image:height\" content=\"577\" \/>\n\t<meta property=\"og:image:type\" content=\"image\/jpeg\" \/>\n<meta name=\"twitter:card\" content=\"summary_large_image\" \/>\n<meta name=\"twitter:label1\" content=\"Dur\u00e9e de lecture estim\u00e9e\" \/>\n\t<meta name=\"twitter:data1\" content=\"3 minutes\" \/>\n<script type=\"application\/ld+json\" class=\"yoast-schema-graph\">{\"@context\":\"https:\/\/schema.org\",\"@graph\":[{\"@type\":\"WebPage\",\"@id\":\"https:\/\/retina.ch\/fr\/actualites\/attention-voyez-vous-des-taches-sombres-qui-se-deplacent-des-eclairs-lumineux-ou-des-ombres-grises\/\",\"url\":\"https:\/\/retina.ch\/fr\/actualites\/attention-voyez-vous-des-taches-sombres-qui-se-deplacent-des-eclairs-lumineux-ou-des-ombres-grises\/\",\"name\":\"ATTENTION : voyez-vous des taches sombres qui se d\u00e9placent, des \u00e9clairs lumineux ou des ombres grises ? &#8226; Retina Suisse\",\"isPartOf\":{\"@id\":\"https:\/\/retina.ch\/fr\/#website\"},\"primaryImageOfPage\":{\"@id\":\"https:\/\/retina.ch\/fr\/actualites\/attention-voyez-vous-des-taches-sombres-qui-se-deplacent-des-eclairs-lumineux-ou-des-ombres-grises\/#primaryimage\"},\"image\":{\"@id\":\"https:\/\/retina.ch\/fr\/actualites\/attention-voyez-vous-des-taches-sombres-qui-se-deplacent-des-eclairs-lumineux-ou-des-ombres-grises\/#primaryimage\"},\"thumbnailUrl\":\"https:\/\/retina.ch\/wp-content\/uploads\/2025\/10\/Retina-Bild-Netzhautabloesung.jpg\",\"datePublished\":\"2025-10-09T09:35:30+00:00\",\"dateModified\":\"2025-10-16T09:04:06+00:00\",\"breadcrumb\":{\"@id\":\"https:\/\/retina.ch\/fr\/actualites\/attention-voyez-vous-des-taches-sombres-qui-se-deplacent-des-eclairs-lumineux-ou-des-ombres-grises\/#breadcrumb\"},\"inLanguage\":\"fr-FR\",\"potentialAction\":[{\"@type\":\"ReadAction\",\"target\":[\"https:\/\/retina.ch\/fr\/actualites\/attention-voyez-vous-des-taches-sombres-qui-se-deplacent-des-eclairs-lumineux-ou-des-ombres-grises\/\"]}]},{\"@type\":\"ImageObject\",\"inLanguage\":\"fr-FR\",\"@id\":\"https:\/\/retina.ch\/fr\/actualites\/attention-voyez-vous-des-taches-sombres-qui-se-deplacent-des-eclairs-lumineux-ou-des-ombres-grises\/#primaryimage\",\"url\":\"https:\/\/retina.ch\/wp-content\/uploads\/2025\/10\/Retina-Bild-Netzhautabloesung.jpg\",\"contentUrl\":\"https:\/\/retina.ch\/wp-content\/uploads\/2025\/10\/Retina-Bild-Netzhautabloesung.jpg\",\"width\":940,\"height\":577},{\"@type\":\"BreadcrumbList\",\"@id\":\"https:\/\/retina.ch\/fr\/actualites\/attention-voyez-vous-des-taches-sombres-qui-se-deplacent-des-eclairs-lumineux-ou-des-ombres-grises\/#breadcrumb\",\"itemListElement\":[{\"@type\":\"ListItem\",\"position\":1,\"name\":\"Retina Suisse\",\"item\":\"https:\/\/retina.ch\/fr\/\"},{\"@type\":\"ListItem\",\"position\":2,\"name\":\"Actualit\u00e9s\",\"item\":\"https:\/\/retina.ch\/fr\/actualites\/\"},{\"@type\":\"ListItem\",\"position\":3,\"name\":\"ATTENTION : voyez-vous des taches sombres qui se d\u00e9placent, des \u00e9clairs lumineux ou des ombres grises ?\"}]},{\"@type\":\"WebSite\",\"@id\":\"https:\/\/retina.ch\/fr\/#website\",\"url\":\"https:\/\/retina.ch\/fr\/\",\"name\":\"Retina Suisse\",\"description\":\"Retina Suisse ist die Vereinigung von Patientinnen und Patienten mit Retinitis pigmentosa (RP), Makuladegeneration, Usher-Syndrom und anderen Erkrankungen des Augenhintergrundes.\",\"publisher\":{\"@id\":\"https:\/\/retina.ch\/fr\/#organization\"},\"potentialAction\":[{\"@type\":\"SearchAction\",\"target\":{\"@type\":\"EntryPoint\",\"urlTemplate\":\"https:\/\/retina.ch\/fr\/?s={search_term_string}\"},\"query-input\":{\"@type\":\"PropertyValueSpecification\",\"valueRequired\":true,\"valueName\":\"search_term_string\"}}],\"inLanguage\":\"fr-FR\"},{\"@type\":\"Organization\",\"@id\":\"https:\/\/retina.ch\/fr\/#organization\",\"name\":\"Retina Suisse\",\"url\":\"https:\/\/retina.ch\/fr\/\",\"logo\":{\"@type\":\"ImageObject\",\"inLanguage\":\"fr-FR\",\"@id\":\"https:\/\/retina.ch\/fr\/#\/schema\/logo\/image\/\",\"url\":\"https:\/\/retina.ch\/wp-content\/uploads\/2020\/09\/retina-auge-typo.svg\",\"contentUrl\":\"https:\/\/retina.ch\/wp-content\/uploads\/2020\/09\/retina-auge-typo.svg\",\"width\":\"1024\",\"height\":\"1024\",\"caption\":\"Retina Suisse\"},\"image\":{\"@id\":\"https:\/\/retina.ch\/fr\/#\/schema\/logo\/image\/\"},\"sameAs\":[\"https:\/\/www.facebook.com\/retinasuisse\/\"]}]}<\/script>\n<!-- \/ Yoast SEO plugin. -->","yoast_head_json":{"title":"ATTENTION : voyez-vous des taches sombres qui se d\u00e9placent, des \u00e9clairs lumineux ou des ombres grises ? &#8226; Retina Suisse","robots":{"index":"index","follow":"follow","max-snippet":"max-snippet:-1","max-image-preview":"max-image-preview:large","max-video-preview":"max-video-preview:-1"},"canonical":"https:\/\/retina.ch\/fr\/actualites\/attention-voyez-vous-des-taches-sombres-qui-se-deplacent-des-eclairs-lumineux-ou-des-ombres-grises\/","og_locale":"fr_FR","og_type":"article","og_title":"ATTENTION : voyez-vous des taches sombres qui se d\u00e9placent, des \u00e9clairs lumineux ou des ombres grises ? &#8226; Retina Suisse","og_description":"Ces troubles visuels pourraient \u00eatre les premiers signes d'un d\u00e9collement dangereux de la r\u00e9tine. S'il n'est pas rapidement diagnostiqu\u00e9 et trait\u00e9, il peut mener \u00e0 la c\u00e9cit\u00e9 en peu de temps \u2013 il s'agit d'une urgence m\u00e9dicale.","og_url":"https:\/\/retina.ch\/fr\/actualites\/attention-voyez-vous-des-taches-sombres-qui-se-deplacent-des-eclairs-lumineux-ou-des-ombres-grises\/","og_site_name":"Retina Suisse","article_publisher":"https:\/\/www.facebook.com\/retinasuisse\/","article_modified_time":"2025-10-16T09:04:06+00:00","og_image":[{"width":940,"height":577,"url":"https:\/\/retina.ch\/wp-content\/uploads\/2025\/10\/Retina-Bild-Netzhautabloesung.jpg","type":"image\/jpeg"}],"twitter_card":"summary_large_image","twitter_misc":{"Dur\u00e9e de lecture estim\u00e9e":"3 minutes"},"schema":{"@context":"https:\/\/schema.org","@graph":[{"@type":"WebPage","@id":"https:\/\/retina.ch\/fr\/actualites\/attention-voyez-vous-des-taches-sombres-qui-se-deplacent-des-eclairs-lumineux-ou-des-ombres-grises\/","url":"https:\/\/retina.ch\/fr\/actualites\/attention-voyez-vous-des-taches-sombres-qui-se-deplacent-des-eclairs-lumineux-ou-des-ombres-grises\/","name":"ATTENTION : voyez-vous des taches sombres qui se d\u00e9placent, des \u00e9clairs lumineux ou des ombres grises ? &#8226; Retina Suisse","isPartOf":{"@id":"https:\/\/retina.ch\/fr\/#website"},"primaryImageOfPage":{"@id":"https:\/\/retina.ch\/fr\/actualites\/attention-voyez-vous-des-taches-sombres-qui-se-deplacent-des-eclairs-lumineux-ou-des-ombres-grises\/#primaryimage"},"image":{"@id":"https:\/\/retina.ch\/fr\/actualites\/attention-voyez-vous-des-taches-sombres-qui-se-deplacent-des-eclairs-lumineux-ou-des-ombres-grises\/#primaryimage"},"thumbnailUrl":"https:\/\/retina.ch\/wp-content\/uploads\/2025\/10\/Retina-Bild-Netzhautabloesung.jpg","datePublished":"2025-10-09T09:35:30+00:00","dateModified":"2025-10-16T09:04:06+00:00","breadcrumb":{"@id":"https:\/\/retina.ch\/fr\/actualites\/attention-voyez-vous-des-taches-sombres-qui-se-deplacent-des-eclairs-lumineux-ou-des-ombres-grises\/#breadcrumb"},"inLanguage":"fr-FR","potentialAction":[{"@type":"ReadAction","target":["https:\/\/retina.ch\/fr\/actualites\/attention-voyez-vous-des-taches-sombres-qui-se-deplacent-des-eclairs-lumineux-ou-des-ombres-grises\/"]}]},{"@type":"ImageObject","inLanguage":"fr-FR","@id":"https:\/\/retina.ch\/fr\/actualites\/attention-voyez-vous-des-taches-sombres-qui-se-deplacent-des-eclairs-lumineux-ou-des-ombres-grises\/#primaryimage","url":"https:\/\/retina.ch\/wp-content\/uploads\/2025\/10\/Retina-Bild-Netzhautabloesung.jpg","contentUrl":"https:\/\/retina.ch\/wp-content\/uploads\/2025\/10\/Retina-Bild-Netzhautabloesung.jpg","width":940,"height":577},{"@type":"BreadcrumbList","@id":"https:\/\/retina.ch\/fr\/actualites\/attention-voyez-vous-des-taches-sombres-qui-se-deplacent-des-eclairs-lumineux-ou-des-ombres-grises\/#breadcrumb","itemListElement":[{"@type":"ListItem","position":1,"name":"Retina Suisse","item":"https:\/\/retina.ch\/fr\/"},{"@type":"ListItem","position":2,"name":"Actualit\u00e9s","item":"https:\/\/retina.ch\/fr\/actualites\/"},{"@type":"ListItem","position":3,"name":"ATTENTION : voyez-vous des taches sombres qui se d\u00e9placent, des \u00e9clairs lumineux ou des ombres grises ?"}]},{"@type":"WebSite","@id":"https:\/\/retina.ch\/fr\/#website","url":"https:\/\/retina.ch\/fr\/","name":"Retina Suisse","description":"Retina Suisse ist die Vereinigung von Patientinnen und Patienten mit Retinitis pigmentosa (RP), Makuladegeneration, Usher-Syndrom und anderen Erkrankungen des Augenhintergrundes.","publisher":{"@id":"https:\/\/retina.ch\/fr\/#organization"},"potentialAction":[{"@type":"SearchAction","target":{"@type":"EntryPoint","urlTemplate":"https:\/\/retina.ch\/fr\/?s={search_term_string}"},"query-input":{"@type":"PropertyValueSpecification","valueRequired":true,"valueName":"search_term_string"}}],"inLanguage":"fr-FR"},{"@type":"Organization","@id":"https:\/\/retina.ch\/fr\/#organization","name":"Retina Suisse","url":"https:\/\/retina.ch\/fr\/","logo":{"@type":"ImageObject","inLanguage":"fr-FR","@id":"https:\/\/retina.ch\/fr\/#\/schema\/logo\/image\/","url":"https:\/\/retina.ch\/wp-content\/uploads\/2020\/09\/retina-auge-typo.svg","contentUrl":"https:\/\/retina.ch\/wp-content\/uploads\/2020\/09\/retina-auge-typo.svg","width":"1024","height":"1024","caption":"Retina Suisse"},"image":{"@id":"https:\/\/retina.ch\/fr\/#\/schema\/logo\/image\/"},"sameAs":["https:\/\/www.facebook.com\/retinasuisse\/"]}]}},"_links":{"self":[{"href":"https:\/\/retina.ch\/fr\/wp-json\/wp\/v2\/aktuelles\/23799","targetHints":{"allow":["GET"]}}],"collection":[{"href":"https:\/\/retina.ch\/fr\/wp-json\/wp\/v2\/aktuelles"}],"about":[{"href":"https:\/\/retina.ch\/fr\/wp-json\/wp\/v2\/types\/aktuelles"}],"version-history":[{"count":3,"href":"https:\/\/retina.ch\/fr\/wp-json\/wp\/v2\/aktuelles\/23799\/revisions"}],"predecessor-version":[{"id":23804,"href":"https:\/\/retina.ch\/fr\/wp-json\/wp\/v2\/aktuelles\/23799\/revisions\/23804"}],"wp:featuredmedia":[{"embeddable":true,"href":"https:\/\/retina.ch\/fr\/wp-json\/wp\/v2\/media\/23789"}],"wp:attachment":[{"href":"https:\/\/retina.ch\/fr\/wp-json\/wp\/v2\/media?parent=23799"}],"wp:term":[{"taxonomy":"category","embeddable":true,"href":"https:\/\/retina.ch\/fr\/wp-json\/wp\/v2\/categories?post=23799"}],"curies":[{"name":"wp","href":"https:\/\/api.w.org\/{rel}","templated":true}]}}