{"id":23876,"date":"2025-10-16T11:03:19","date_gmt":"2025-10-16T09:03:19","guid":{"rendered":"https:\/\/retina.ch\/?post_type=aktuelles&#038;p=23876"},"modified":"2026-02-02T12:13:41","modified_gmt":"2026-02-02T11:13:41","slug":"quand-la-canne-blanche-se-casse","status":"publish","type":"aktuelles","link":"https:\/\/retina.ch\/fr\/actualites\/quand-la-canne-blanche-se-casse\/","title":{"rendered":"Quand la canne blanche se casse"},"content":{"rendered":"\n<p>Est-ce possible ?<\/p>\n\n\n\n<p>Oui, cela est arriv\u00e9 r\u00e9cemment \u00e0 Susanne Trudel, la nouvelle directrice d\u00e9sign\u00e9e de Retina Suisse, la veille de la Journ\u00e9e de la canne blanche, c\u00e9l\u00e9br\u00e9e le mercredi 15 octobre 2025.<\/p>\n\n\n\n<p>Voici comment les choses se sont d\u00e9roul\u00e9es : mardi, Susanne Trudel se trouvait en compagnie de Stephan H\u00fcsler, l&rsquo;actuel directeur, tous deux marchaient sur le trottoir de la Limmatstrasse \u00e0 Zurich. Soudain, Susanne a entendu un craquement, comme celui d&rsquo;un objet qui bascule, puis elle a \u00e9t\u00e9 effray\u00e9e : dans un bruit d\u00e9sagr\u00e9able, sa canne blanche s&rsquo;est cass\u00e9e en deux, au milieu du trottoir.<\/p>\n\n\n\n<p>Que s&rsquo;est-il pass\u00e9 ? Une trottinette \u00e9lectrique de location s&rsquo;est renvers\u00e9e et a heurt\u00e9 la canne de Susanne. Comment cela a-t-il pu arriver ? Un tel v\u00e9hicule p\u00e8se assez lourd et, s&rsquo;il est correctement gar\u00e9, il ne peut certainement pas se renverser s&rsquo;il est l\u00e9g\u00e8rement heurt\u00e9 par une personne qui passe.<\/p>\n\n\n\n<p>La trottinette \u00e9tait probablement mal fix\u00e9e et, de plus, mal gar\u00e9e. En effet, elle bloquait une partie du trottoir, comme le supposent les secouristes qui se sont pr\u00e9cipit\u00e9s sur les lieux en voyant la position du v\u00e9hicule renvers\u00e9.<\/p>\n\n\n\n<p>Il n&rsquo;y a pas eu de bless\u00e9s, Susanne Trudel et Stephan H\u00fcsler s&rsquo;en sont sortis avec une l\u00e9g\u00e8re frayeur.<\/p>\n\n\n\n<p>Ce qui l&rsquo;effraie davantage, c&rsquo;est l&rsquo;inconscience de la personne qui a gar\u00e9 son trottinette de mani\u00e8re si maladroite. Car lorsque le trottoir est encombr\u00e9 d&rsquo;obstacles pouvant entra\u00eener une collision, une chute ou la perte d&rsquo;un dispositif d&rsquo;aide, cela n&rsquo;est pas acceptable.<\/p>\n\n\n\n<p>Si la canne devient inutilisable, les personnes malvoyantes perdent leur capacit\u00e9 \u00e0 s&rsquo;orienter dans l&rsquo;espace. Elles ont alors besoin de l&rsquo;aide d&rsquo;autres personnes et se sentent \u00e0 la merci des autres, ce qui est tout \u00e0 fait inutile, d&rsquo;autant plus quand ce n&rsquo;est pas de leur faute.<\/p>\n\n\n\n<p>Lors de la Journ\u00e9e de la canne blanche, rappelons-nous donc que cette canne est pour certaines personnes le moyen le plus important de se d\u00e9placer de mani\u00e8re autonome. De plus, les trottoirs doivent \u00eatre exempts d&rsquo;obstacles afin d&rsquo;\u00e9viter tout accident ou que la canne ne soit cass\u00e9e ou perdue.<\/p>\n\n\n\n<p>Une \u00e9vidence qui ne semble pas aller de soi pour tout le monde. Malheureusement.<\/p>\n\n\n\n<p>(PJ)<\/p>\n","protected":false},"excerpt":{"rendered":"<p>C&rsquo;est ce qui est arriv\u00e9 r\u00e9cemment \u00e0 Susanne Trudel, la nouvelle directrice d\u00e9sign\u00e9e de Retina Suisse, la veille de la Journ\u00e9e de la canne blanche, c\u00e9l\u00e9br\u00e9e le 15 octobre 2025.<\/p>\n","protected":false},"featured_media":23872,"template":"","meta":{"_acf_changed":false,"inline_featured_image":false,"_FSMCFIC_featured_image_caption":"La directrice d\u00e9sign\u00e9e de Retina Suisse, Susanne Trudel, se retrouve derri\u00e8re une trottinette de location renvers\u00e9e sur le trottoir, sa canne blanche cass\u00e9e \u00e0 la main.","_FSMCFIC_featured_image_nocaption":"1","_FSMCFIC_featured_image_hide":"","footnotes":"","_links_to":"","_links_to_target":""},"categories":[],"class_list":["post-23876","aktuelles","type-aktuelles","status-publish","has-post-thumbnail","hentry"],"acf":[],"yoast_head":"<!-- This site is optimized with the Yoast SEO plugin v27.1.1 - https:\/\/yoast.com\/product\/yoast-seo-wordpress\/ -->\n<title>Quand la canne blanche se casse &#8226; Retina Suisse<\/title>\n<meta name=\"robots\" content=\"index, follow, max-snippet:-1, max-image-preview:large, max-video-preview:-1\" \/>\n<link rel=\"canonical\" href=\"https:\/\/retina.ch\/fr\/actualites\/quand-la-canne-blanche-se-casse\/\" \/>\n<meta property=\"og:locale\" content=\"fr_FR\" \/>\n<meta property=\"og:type\" content=\"article\" \/>\n<meta property=\"og:title\" content=\"Quand la canne blanche se casse &#8226; Retina Suisse\" \/>\n<meta property=\"og:description\" content=\"C&#039;est ce qui est arriv\u00e9 r\u00e9cemment \u00e0 Susanne Trudel, la nouvelle directrice d\u00e9sign\u00e9e de Retina Suisse, la veille de la Journ\u00e9e de la canne blanche, c\u00e9l\u00e9br\u00e9e le 15 octobre 2025.\" \/>\n<meta property=\"og:url\" content=\"https:\/\/retina.ch\/fr\/actualites\/quand-la-canne-blanche-se-casse\/\" \/>\n<meta property=\"og:site_name\" content=\"Retina Suisse\" \/>\n<meta property=\"article:publisher\" content=\"https:\/\/www.facebook.com\/retinasuisse\/\" \/>\n<meta property=\"article:modified_time\" content=\"2026-02-02T11:13:41+00:00\" \/>\n<meta property=\"og:image\" content=\"https:\/\/retina.ch\/wp-content\/uploads\/2025\/10\/Retina-FB-Susanne-Stock-zerbrochen-03.jpg\" \/>\n\t<meta property=\"og:image:width\" content=\"720\" \/>\n\t<meta property=\"og:image:height\" content=\"814\" \/>\n\t<meta property=\"og:image:type\" content=\"image\/jpeg\" \/>\n<meta name=\"twitter:card\" content=\"summary_large_image\" \/>\n<meta name=\"twitter:label1\" content=\"Dur\u00e9e de lecture estim\u00e9e\" \/>\n\t<meta name=\"twitter:data1\" content=\"3 minutes\" \/>\n<script type=\"application\/ld+json\" class=\"yoast-schema-graph\">{\"@context\":\"https:\/\/schema.org\",\"@graph\":[{\"@type\":\"WebPage\",\"@id\":\"https:\/\/retina.ch\/fr\/actualites\/quand-la-canne-blanche-se-casse\/\",\"url\":\"https:\/\/retina.ch\/fr\/actualites\/quand-la-canne-blanche-se-casse\/\",\"name\":\"Quand la canne blanche se casse &#8226; Retina Suisse\",\"isPartOf\":{\"@id\":\"https:\/\/retina.ch\/fr\/#website\"},\"primaryImageOfPage\":{\"@id\":\"https:\/\/retina.ch\/fr\/actualites\/quand-la-canne-blanche-se-casse\/#primaryimage\"},\"image\":{\"@id\":\"https:\/\/retina.ch\/fr\/actualites\/quand-la-canne-blanche-se-casse\/#primaryimage\"},\"thumbnailUrl\":\"https:\/\/retina.ch\/wp-content\/uploads\/2025\/10\/Retina-FB-Susanne-Stock-zerbrochen-03.jpg\",\"datePublished\":\"2025-10-16T09:03:19+00:00\",\"dateModified\":\"2026-02-02T11:13:41+00:00\",\"breadcrumb\":{\"@id\":\"https:\/\/retina.ch\/fr\/actualites\/quand-la-canne-blanche-se-casse\/#breadcrumb\"},\"inLanguage\":\"fr-FR\",\"potentialAction\":[{\"@type\":\"ReadAction\",\"target\":[\"https:\/\/retina.ch\/fr\/actualites\/quand-la-canne-blanche-se-casse\/\"]}]},{\"@type\":\"ImageObject\",\"inLanguage\":\"fr-FR\",\"@id\":\"https:\/\/retina.ch\/fr\/actualites\/quand-la-canne-blanche-se-casse\/#primaryimage\",\"url\":\"https:\/\/retina.ch\/wp-content\/uploads\/2025\/10\/Retina-FB-Susanne-Stock-zerbrochen-03.jpg\",\"contentUrl\":\"https:\/\/retina.ch\/wp-content\/uploads\/2025\/10\/Retina-FB-Susanne-Stock-zerbrochen-03.jpg\",\"width\":720,\"height\":814},{\"@type\":\"BreadcrumbList\",\"@id\":\"https:\/\/retina.ch\/fr\/actualites\/quand-la-canne-blanche-se-casse\/#breadcrumb\",\"itemListElement\":[{\"@type\":\"ListItem\",\"position\":1,\"name\":\"Retina Suisse\",\"item\":\"https:\/\/retina.ch\/fr\/\"},{\"@type\":\"ListItem\",\"position\":2,\"name\":\"Actualit\u00e9s\",\"item\":\"https:\/\/retina.ch\/fr\/actualites\/\"},{\"@type\":\"ListItem\",\"position\":3,\"name\":\"Quand la canne blanche se casse\"}]},{\"@type\":\"WebSite\",\"@id\":\"https:\/\/retina.ch\/fr\/#website\",\"url\":\"https:\/\/retina.ch\/fr\/\",\"name\":\"Retina Suisse\",\"description\":\"Retina Suisse ist die Vereinigung von Patientinnen und Patienten mit Retinitis pigmentosa (RP), Makuladegeneration, Usher-Syndrom und anderen Erkrankungen des Augenhintergrundes.\",\"publisher\":{\"@id\":\"https:\/\/retina.ch\/fr\/#organization\"},\"potentialAction\":[{\"@type\":\"SearchAction\",\"target\":{\"@type\":\"EntryPoint\",\"urlTemplate\":\"https:\/\/retina.ch\/fr\/?s={search_term_string}\"},\"query-input\":{\"@type\":\"PropertyValueSpecification\",\"valueRequired\":true,\"valueName\":\"search_term_string\"}}],\"inLanguage\":\"fr-FR\"},{\"@type\":\"Organization\",\"@id\":\"https:\/\/retina.ch\/fr\/#organization\",\"name\":\"Retina Suisse\",\"url\":\"https:\/\/retina.ch\/fr\/\",\"logo\":{\"@type\":\"ImageObject\",\"inLanguage\":\"fr-FR\",\"@id\":\"https:\/\/retina.ch\/fr\/#\/schema\/logo\/image\/\",\"url\":\"https:\/\/retina.ch\/wp-content\/uploads\/2020\/09\/retina-auge-typo.svg\",\"contentUrl\":\"https:\/\/retina.ch\/wp-content\/uploads\/2020\/09\/retina-auge-typo.svg\",\"width\":\"1024\",\"height\":\"1024\",\"caption\":\"Retina Suisse\"},\"image\":{\"@id\":\"https:\/\/retina.ch\/fr\/#\/schema\/logo\/image\/\"},\"sameAs\":[\"https:\/\/www.facebook.com\/retinasuisse\/\"]}]}<\/script>\n<!-- \/ Yoast SEO plugin. -->","yoast_head_json":{"title":"Quand la canne blanche se casse &#8226; Retina Suisse","robots":{"index":"index","follow":"follow","max-snippet":"max-snippet:-1","max-image-preview":"max-image-preview:large","max-video-preview":"max-video-preview:-1"},"canonical":"https:\/\/retina.ch\/fr\/actualites\/quand-la-canne-blanche-se-casse\/","og_locale":"fr_FR","og_type":"article","og_title":"Quand la canne blanche se casse &#8226; Retina Suisse","og_description":"C'est ce qui est arriv\u00e9 r\u00e9cemment \u00e0 Susanne Trudel, la nouvelle directrice d\u00e9sign\u00e9e de Retina Suisse, la veille de la Journ\u00e9e de la canne blanche, c\u00e9l\u00e9br\u00e9e le 15 octobre 2025.","og_url":"https:\/\/retina.ch\/fr\/actualites\/quand-la-canne-blanche-se-casse\/","og_site_name":"Retina Suisse","article_publisher":"https:\/\/www.facebook.com\/retinasuisse\/","article_modified_time":"2026-02-02T11:13:41+00:00","og_image":[{"width":720,"height":814,"url":"https:\/\/retina.ch\/wp-content\/uploads\/2025\/10\/Retina-FB-Susanne-Stock-zerbrochen-03.jpg","type":"image\/jpeg"}],"twitter_card":"summary_large_image","twitter_misc":{"Dur\u00e9e de lecture estim\u00e9e":"3 minutes"},"schema":{"@context":"https:\/\/schema.org","@graph":[{"@type":"WebPage","@id":"https:\/\/retina.ch\/fr\/actualites\/quand-la-canne-blanche-se-casse\/","url":"https:\/\/retina.ch\/fr\/actualites\/quand-la-canne-blanche-se-casse\/","name":"Quand la canne blanche se casse &#8226; Retina Suisse","isPartOf":{"@id":"https:\/\/retina.ch\/fr\/#website"},"primaryImageOfPage":{"@id":"https:\/\/retina.ch\/fr\/actualites\/quand-la-canne-blanche-se-casse\/#primaryimage"},"image":{"@id":"https:\/\/retina.ch\/fr\/actualites\/quand-la-canne-blanche-se-casse\/#primaryimage"},"thumbnailUrl":"https:\/\/retina.ch\/wp-content\/uploads\/2025\/10\/Retina-FB-Susanne-Stock-zerbrochen-03.jpg","datePublished":"2025-10-16T09:03:19+00:00","dateModified":"2026-02-02T11:13:41+00:00","breadcrumb":{"@id":"https:\/\/retina.ch\/fr\/actualites\/quand-la-canne-blanche-se-casse\/#breadcrumb"},"inLanguage":"fr-FR","potentialAction":[{"@type":"ReadAction","target":["https:\/\/retina.ch\/fr\/actualites\/quand-la-canne-blanche-se-casse\/"]}]},{"@type":"ImageObject","inLanguage":"fr-FR","@id":"https:\/\/retina.ch\/fr\/actualites\/quand-la-canne-blanche-se-casse\/#primaryimage","url":"https:\/\/retina.ch\/wp-content\/uploads\/2025\/10\/Retina-FB-Susanne-Stock-zerbrochen-03.jpg","contentUrl":"https:\/\/retina.ch\/wp-content\/uploads\/2025\/10\/Retina-FB-Susanne-Stock-zerbrochen-03.jpg","width":720,"height":814},{"@type":"BreadcrumbList","@id":"https:\/\/retina.ch\/fr\/actualites\/quand-la-canne-blanche-se-casse\/#breadcrumb","itemListElement":[{"@type":"ListItem","position":1,"name":"Retina Suisse","item":"https:\/\/retina.ch\/fr\/"},{"@type":"ListItem","position":2,"name":"Actualit\u00e9s","item":"https:\/\/retina.ch\/fr\/actualites\/"},{"@type":"ListItem","position":3,"name":"Quand la canne blanche se casse"}]},{"@type":"WebSite","@id":"https:\/\/retina.ch\/fr\/#website","url":"https:\/\/retina.ch\/fr\/","name":"Retina Suisse","description":"Retina Suisse ist die Vereinigung von Patientinnen und Patienten mit Retinitis pigmentosa (RP), Makuladegeneration, Usher-Syndrom und anderen Erkrankungen des Augenhintergrundes.","publisher":{"@id":"https:\/\/retina.ch\/fr\/#organization"},"potentialAction":[{"@type":"SearchAction","target":{"@type":"EntryPoint","urlTemplate":"https:\/\/retina.ch\/fr\/?s={search_term_string}"},"query-input":{"@type":"PropertyValueSpecification","valueRequired":true,"valueName":"search_term_string"}}],"inLanguage":"fr-FR"},{"@type":"Organization","@id":"https:\/\/retina.ch\/fr\/#organization","name":"Retina Suisse","url":"https:\/\/retina.ch\/fr\/","logo":{"@type":"ImageObject","inLanguage":"fr-FR","@id":"https:\/\/retina.ch\/fr\/#\/schema\/logo\/image\/","url":"https:\/\/retina.ch\/wp-content\/uploads\/2020\/09\/retina-auge-typo.svg","contentUrl":"https:\/\/retina.ch\/wp-content\/uploads\/2020\/09\/retina-auge-typo.svg","width":"1024","height":"1024","caption":"Retina Suisse"},"image":{"@id":"https:\/\/retina.ch\/fr\/#\/schema\/logo\/image\/"},"sameAs":["https:\/\/www.facebook.com\/retinasuisse\/"]}]}},"_links":{"self":[{"href":"https:\/\/retina.ch\/fr\/wp-json\/wp\/v2\/aktuelles\/23876","targetHints":{"allow":["GET"]}}],"collection":[{"href":"https:\/\/retina.ch\/fr\/wp-json\/wp\/v2\/aktuelles"}],"about":[{"href":"https:\/\/retina.ch\/fr\/wp-json\/wp\/v2\/types\/aktuelles"}],"version-history":[{"count":2,"href":"https:\/\/retina.ch\/fr\/wp-json\/wp\/v2\/aktuelles\/23876\/revisions"}],"predecessor-version":[{"id":23880,"href":"https:\/\/retina.ch\/fr\/wp-json\/wp\/v2\/aktuelles\/23876\/revisions\/23880"}],"wp:featuredmedia":[{"embeddable":true,"href":"https:\/\/retina.ch\/fr\/wp-json\/wp\/v2\/media\/23872"}],"wp:attachment":[{"href":"https:\/\/retina.ch\/fr\/wp-json\/wp\/v2\/media?parent=23876"}],"wp:term":[{"taxonomy":"category","embeddable":true,"href":"https:\/\/retina.ch\/fr\/wp-json\/wp\/v2\/categories?post=23876"}],"curies":[{"name":"wp","href":"https:\/\/api.w.org\/{rel}","templated":true}]}}