{"id":23971,"date":"2025-10-21T21:26:51","date_gmt":"2025-10-21T19:26:51","guid":{"rendered":"https:\/\/retina.ch\/?post_type=aktuelles&#038;p=23971"},"modified":"2025-10-21T21:28:50","modified_gmt":"2025-10-21T19:28:50","slug":"la-contre-proposition-du-conseil-federal-passe-a-cote-des-objectifs-de-linitiative-pour-linclusion","status":"publish","type":"aktuelles","link":"https:\/\/retina.ch\/fr\/actualites\/la-contre-proposition-du-conseil-federal-passe-a-cote-des-objectifs-de-linitiative-pour-linclusion\/","title":{"rendered":"La contre-proposition du Conseil f\u00e9d\u00e9ral passe \u00e0 c\u00f4t\u00e9 des objectifs de l&rsquo;Initiative pour l&rsquo;inclusion"},"content":{"rendered":"\n<p>Le Conseil f\u00e9d\u00e9ral a mis en consultation l&rsquo;avant-projet de loi-cadre sur l&rsquo;inclusion et la r\u00e9vision partielle de la loi sur l&rsquo;assurance-invalidit\u00e9 en tant que contre-projet indirect \u00e0 l&rsquo;Initiative sur l&rsquo;inclusion. Ce projet n&rsquo;apporte aucune valeur ajout\u00e9e significative aux personnes handicap\u00e9es et passe largement \u00e0 c\u00f4t\u00e9 des revendications et des objectifs de l&rsquo;initiative sur l&rsquo;inclusion. Retina Suisse demande des mesures concr\u00e8tes et des am\u00e9liorations pour une politique progressiste et durable en mati\u00e8re de handicap et d&rsquo;inclusion.<\/p>\n\n\n\n<p><strong>R\u00e9ponse de Retina Suisse \u00e0 la consultation \u00ab Contre-projet indirect \u00e0 l&rsquo;initiative populaire f\u00e9d\u00e9rale &#8211; Pour l&rsquo;\u00e9galit\u00e9 des personnes handicap\u00e9es \u00bb (Initiative sur l&rsquo;inclusion) \u00bb<\/strong><\/p>\n\n\n\n<p>Madame la Pr\u00e9sidente de la Conf\u00e9d\u00e9ration, Mesdames et Messieurs,<\/p>\n\n\n\n<p>nous vous remercions de nous donner l&rsquo;occasion de prendre position dans le cadre de la proc\u00e9dure de consultation sur le contre-projet indirect \u00e0 l&rsquo;Initiative pour l&rsquo;inclusion.<\/p>\n\n\n\n<p>Retina Suisse est la seule association regroupant des patients et patientes atteintes de r\u00e9tinite pigmentaire, de d\u00e9g\u00e9n\u00e9rescence maculaire, du syndrome d&rsquo;Usher et d&rsquo;autres maladies du segment post\u00e9rieur de l&rsquo;\u0153il en Suisse. Depuis 1979, nous conseillons et soutenons les personnes concern\u00e9es et leurs proches dans la gestion des maladies oculaires souvent invalidantes et g\u00e9n\u00e9ralement incurables. Nous soutenons la recherche scientifique et m\u00e9dicale dans le but de trouver un traitement ou un rem\u00e8de \u00e0 toutes ces maladies. Nous informons \u00e9galement le grand public. Retina Suisse est membre de l&rsquo;Union centrale suisse pour le bien des aveugles (UCBA) et d&rsquo;Agile.ch et soutient leur r\u00e9ponse \u00e0 la consultation avec quelques ajouts concernant notre client\u00e8le.<\/p>\n\n\n\n<p>En soutenant le lancement de l&rsquo;Initiative pour l&rsquo;inclusion, nous avons envoy\u00e9 un signal clair en faveur de la garantie de l&rsquo;\u00e9galit\u00e9 juridique et effective de tous les citoyens et citoyennes handicap\u00e9s dans notre pays. Les personnes handicap\u00e9es et non handicap\u00e9es qui ont sign\u00e9 l&rsquo;Initiative pour l&rsquo;inclusion demandent \u00e0 la Suisse de prendre enfin des mesures concr\u00e8tes pour mettre en \u0153uvre l&rsquo;\u00e9galit\u00e9 effective dans tous les domaines de la vie, comme elle s&rsquo;y est engag\u00e9e en signant la Convention des Nations Unies relative aux droits des personnes handicap\u00e9es. Elle doit notamment permettre le libre choix du mode et du lieu de vie et garantir les prestations d&rsquo;assistance et de soutien n\u00e9cessaires.<\/p>\n\n\n\n<p>Nous saluons certes la volont\u00e9 du Conseil f\u00e9d\u00e9ral de prendre des mesures favorisant l&rsquo;inclusion, mais nous regrettons vivement que son avant-projet ne r\u00e9ponde pas aux revendications l\u00e9gitimes des citoyennes et citoyens en situation de handicap dans notre pays. Dans sa forme actuelle, le contre-projet n&rsquo;apporte en aucun cas une r\u00e9ponse ad\u00e9quate et suffisante aux pr\u00e9occupations de l&rsquo;Initiative pour l&rsquo;inclusion que nous soutenons.<\/p>\n\n\n\n<p>Le contre-projet ne pr\u00e9voit aucune mesure concr\u00e8te pour une politique progressiste et durable en mati\u00e8re de handicap et d&rsquo;inclusion pour les prochaines d\u00e9cennies. L&rsquo;avant-projet de loi-cadre sur l&rsquo;inclusion d\u00e9finit en outre une notion de handicap dont trois quarts des personnes handicap\u00e9es sont exclues d&#8217;embl\u00e9e.<\/p>\n\n\n\n<p>Dans le domaine du logement, l&rsquo;occasion est manqu\u00e9e d&rsquo;ancrer le droit des personnes handicap\u00e9es \u00e0 un logement autonome et de clarifier les obligations de la Conf\u00e9d\u00e9ration et des cantons. Il manque une strat\u00e9gie globale claire et coordonn\u00e9e avec les cantons.<\/p>\n\n\n\n<p>Nous sommes particuli\u00e8rement d\u00e9\u00e7us par les modifications propos\u00e9es \u00e0 la loi sur l&rsquo;assurance-invalidit\u00e9. Elles manquent l&rsquo;occasion d&rsquo;ouvrir l&rsquo;acc\u00e8s aux prestations d&rsquo;assistance et de soutien n\u00e9cessaires ainsi qu&rsquo;aux moyens auxiliaires modernes et de renforcer ces prestations.<\/p>\n\n\n\n<p>Dans l&rsquo;ensemble, l&rsquo;avant-projet du contre-projet n&rsquo;apporte aucune valeur ajout\u00e9e significative pour les personnes handicap\u00e9es. Il passe largement \u00e0 c\u00f4t\u00e9 de leurs revendications l\u00e9gitimes. Si le contre-projet doit \u00eatre une r\u00e9ponse \u00e0 l&rsquo;Initiative sur l&rsquo;inclusion, elle doit \u00eatre consid\u00e9rablement am\u00e9lior\u00e9e.<\/p>\n\n\n\n<p>Cordialement, Stephan H\u00fcsler, directeur de Retina Suisse<\/p>\n\n\n\n<p><a href=\"https:\/\/retina.ch\/wp-content\/uploads\/2025\/10\/Retina-Suisse_Vernehmlassungsantwort_Inklusionsgesetz-2025.pdf\">Lisez la d\u00e9claration d\u00e9taill\u00e9e (en allemand) en cliquant sur ce lien !<\/a><\/p>\n","protected":false},"excerpt":{"rendered":"<p>Le Conseil f\u00e9d\u00e9ral a mis en consultation l&rsquo;avant-projet de loi-cadre sur l&rsquo;inclusion et la r\u00e9vision partielle de la loi sur l&rsquo;assurance-invalidit\u00e9 en tant que contre-projet indirect \u00e0 l&rsquo;Initiative sur l&rsquo;inclusion. Ce projet n&rsquo;apporte aucune valeur ajout\u00e9e significative aux personnes handicap\u00e9es et passe largement \u00e0 c\u00f4t\u00e9 des revendications et des objectifs de l&rsquo;initiative sur l&rsquo;inclusion. Retina Suisse demande des mesures concr\u00e8tes et des am\u00e9liorations pour une politique progressiste et durable en mati\u00e8re de handicap et d&rsquo;inclusion.<\/p>\n","protected":false},"featured_media":23972,"template":"","meta":{"_acf_changed":false,"inline_featured_image":false,"_FSMCFIC_featured_image_caption":"","_FSMCFIC_featured_image_nocaption":"1","_FSMCFIC_featured_image_hide":"","footnotes":"","_links_to":"","_links_to_target":""},"categories":[],"class_list":["post-23971","aktuelles","type-aktuelles","status-publish","has-post-thumbnail","hentry"],"acf":[],"yoast_head":"<!-- This site is optimized with the Yoast SEO plugin v27.1.1 - https:\/\/yoast.com\/product\/yoast-seo-wordpress\/ -->\n<title>La contre-proposition du Conseil f\u00e9d\u00e9ral passe \u00e0 c\u00f4t\u00e9 des objectifs de l&#039;Initiative pour l&#039;inclusion &#8226; Retina Suisse<\/title>\n<meta name=\"robots\" content=\"index, follow, max-snippet:-1, max-image-preview:large, max-video-preview:-1\" \/>\n<link rel=\"canonical\" href=\"https:\/\/retina.ch\/fr\/actualites\/la-contre-proposition-du-conseil-federal-passe-a-cote-des-objectifs-de-linitiative-pour-linclusion\/\" \/>\n<meta property=\"og:locale\" content=\"fr_FR\" \/>\n<meta property=\"og:type\" content=\"article\" \/>\n<meta property=\"og:title\" content=\"La contre-proposition du Conseil f\u00e9d\u00e9ral passe \u00e0 c\u00f4t\u00e9 des objectifs de l&#039;Initiative pour l&#039;inclusion &#8226; Retina Suisse\" \/>\n<meta property=\"og:description\" content=\"Le Conseil f\u00e9d\u00e9ral a mis en consultation l&#039;avant-projet de loi-cadre sur l&#039;inclusion et la r\u00e9vision partielle de la loi sur l&#039;assurance-invalidit\u00e9 en tant que contre-projet indirect \u00e0 l&#039;Initiative sur l&#039;inclusion. Ce projet n&#039;apporte aucune valeur ajout\u00e9e significative aux personnes handicap\u00e9es et passe largement \u00e0 c\u00f4t\u00e9 des revendications et des objectifs de l&#039;initiative sur l&#039;inclusion. Retina Suisse demande des mesures concr\u00e8tes et des am\u00e9liorations pour une politique progressiste et durable en mati\u00e8re de handicap et d&#039;inclusion.\" \/>\n<meta property=\"og:url\" content=\"https:\/\/retina.ch\/fr\/actualites\/la-contre-proposition-du-conseil-federal-passe-a-cote-des-objectifs-de-linitiative-pour-linclusion\/\" \/>\n<meta property=\"og:site_name\" content=\"Retina Suisse\" \/>\n<meta property=\"article:publisher\" content=\"https:\/\/www.facebook.com\/retinasuisse\/\" \/>\n<meta property=\"article:modified_time\" content=\"2025-10-21T19:28:50+00:00\" \/>\n<meta property=\"og:image\" content=\"https:\/\/retina.ch\/wp-content\/uploads\/2025\/10\/Retina-Bild-Antwort-Vernehmlassung.jpg\" \/>\n\t<meta property=\"og:image:width\" content=\"456\" \/>\n\t<meta property=\"og:image:height\" content=\"261\" \/>\n\t<meta property=\"og:image:type\" content=\"image\/jpeg\" \/>\n<meta name=\"twitter:card\" content=\"summary_large_image\" \/>\n<meta name=\"twitter:label1\" content=\"Dur\u00e9e de lecture estim\u00e9e\" \/>\n\t<meta name=\"twitter:data1\" content=\"4 minutes\" \/>\n<script type=\"application\/ld+json\" class=\"yoast-schema-graph\">{\"@context\":\"https:\/\/schema.org\",\"@graph\":[{\"@type\":\"WebPage\",\"@id\":\"https:\/\/retina.ch\/fr\/actualites\/la-contre-proposition-du-conseil-federal-passe-a-cote-des-objectifs-de-linitiative-pour-linclusion\/\",\"url\":\"https:\/\/retina.ch\/fr\/actualites\/la-contre-proposition-du-conseil-federal-passe-a-cote-des-objectifs-de-linitiative-pour-linclusion\/\",\"name\":\"La contre-proposition du Conseil f\u00e9d\u00e9ral passe \u00e0 c\u00f4t\u00e9 des objectifs de l'Initiative pour l'inclusion &#8226; Retina Suisse\",\"isPartOf\":{\"@id\":\"https:\/\/retina.ch\/fr\/#website\"},\"primaryImageOfPage\":{\"@id\":\"https:\/\/retina.ch\/fr\/actualites\/la-contre-proposition-du-conseil-federal-passe-a-cote-des-objectifs-de-linitiative-pour-linclusion\/#primaryimage\"},\"image\":{\"@id\":\"https:\/\/retina.ch\/fr\/actualites\/la-contre-proposition-du-conseil-federal-passe-a-cote-des-objectifs-de-linitiative-pour-linclusion\/#primaryimage\"},\"thumbnailUrl\":\"https:\/\/retina.ch\/wp-content\/uploads\/2025\/10\/Retina-Bild-Antwort-Vernehmlassung.jpg\",\"datePublished\":\"2025-10-21T19:26:51+00:00\",\"dateModified\":\"2025-10-21T19:28:50+00:00\",\"breadcrumb\":{\"@id\":\"https:\/\/retina.ch\/fr\/actualites\/la-contre-proposition-du-conseil-federal-passe-a-cote-des-objectifs-de-linitiative-pour-linclusion\/#breadcrumb\"},\"inLanguage\":\"fr-FR\",\"potentialAction\":[{\"@type\":\"ReadAction\",\"target\":[\"https:\/\/retina.ch\/fr\/actualites\/la-contre-proposition-du-conseil-federal-passe-a-cote-des-objectifs-de-linitiative-pour-linclusion\/\"]}]},{\"@type\":\"ImageObject\",\"inLanguage\":\"fr-FR\",\"@id\":\"https:\/\/retina.ch\/fr\/actualites\/la-contre-proposition-du-conseil-federal-passe-a-cote-des-objectifs-de-linitiative-pour-linclusion\/#primaryimage\",\"url\":\"https:\/\/retina.ch\/wp-content\/uploads\/2025\/10\/Retina-Bild-Antwort-Vernehmlassung.jpg\",\"contentUrl\":\"https:\/\/retina.ch\/wp-content\/uploads\/2025\/10\/Retina-Bild-Antwort-Vernehmlassung.jpg\",\"width\":456,\"height\":261},{\"@type\":\"BreadcrumbList\",\"@id\":\"https:\/\/retina.ch\/fr\/actualites\/la-contre-proposition-du-conseil-federal-passe-a-cote-des-objectifs-de-linitiative-pour-linclusion\/#breadcrumb\",\"itemListElement\":[{\"@type\":\"ListItem\",\"position\":1,\"name\":\"Retina Suisse\",\"item\":\"https:\/\/retina.ch\/fr\/\"},{\"@type\":\"ListItem\",\"position\":2,\"name\":\"Actualit\u00e9s\",\"item\":\"https:\/\/retina.ch\/fr\/actualites\/\"},{\"@type\":\"ListItem\",\"position\":3,\"name\":\"La contre-proposition du Conseil f\u00e9d\u00e9ral passe \u00e0 c\u00f4t\u00e9 des objectifs de l&#8217;Initiative pour l&#8217;inclusion\"}]},{\"@type\":\"WebSite\",\"@id\":\"https:\/\/retina.ch\/fr\/#website\",\"url\":\"https:\/\/retina.ch\/fr\/\",\"name\":\"Retina Suisse\",\"description\":\"Retina Suisse ist die Vereinigung von Patientinnen und Patienten mit Retinitis pigmentosa (RP), Makuladegeneration, Usher-Syndrom und anderen Erkrankungen des Augenhintergrundes.\",\"publisher\":{\"@id\":\"https:\/\/retina.ch\/fr\/#organization\"},\"potentialAction\":[{\"@type\":\"SearchAction\",\"target\":{\"@type\":\"EntryPoint\",\"urlTemplate\":\"https:\/\/retina.ch\/fr\/?s={search_term_string}\"},\"query-input\":{\"@type\":\"PropertyValueSpecification\",\"valueRequired\":true,\"valueName\":\"search_term_string\"}}],\"inLanguage\":\"fr-FR\"},{\"@type\":\"Organization\",\"@id\":\"https:\/\/retina.ch\/fr\/#organization\",\"name\":\"Retina Suisse\",\"url\":\"https:\/\/retina.ch\/fr\/\",\"logo\":{\"@type\":\"ImageObject\",\"inLanguage\":\"fr-FR\",\"@id\":\"https:\/\/retina.ch\/fr\/#\/schema\/logo\/image\/\",\"url\":\"https:\/\/retina.ch\/wp-content\/uploads\/2020\/09\/retina-auge-typo.svg\",\"contentUrl\":\"https:\/\/retina.ch\/wp-content\/uploads\/2020\/09\/retina-auge-typo.svg\",\"width\":\"1024\",\"height\":\"1024\",\"caption\":\"Retina Suisse\"},\"image\":{\"@id\":\"https:\/\/retina.ch\/fr\/#\/schema\/logo\/image\/\"},\"sameAs\":[\"https:\/\/www.facebook.com\/retinasuisse\/\"]}]}<\/script>\n<!-- \/ Yoast SEO plugin. -->","yoast_head_json":{"title":"La contre-proposition du Conseil f\u00e9d\u00e9ral passe \u00e0 c\u00f4t\u00e9 des objectifs de l'Initiative pour l'inclusion &#8226; Retina Suisse","robots":{"index":"index","follow":"follow","max-snippet":"max-snippet:-1","max-image-preview":"max-image-preview:large","max-video-preview":"max-video-preview:-1"},"canonical":"https:\/\/retina.ch\/fr\/actualites\/la-contre-proposition-du-conseil-federal-passe-a-cote-des-objectifs-de-linitiative-pour-linclusion\/","og_locale":"fr_FR","og_type":"article","og_title":"La contre-proposition du Conseil f\u00e9d\u00e9ral passe \u00e0 c\u00f4t\u00e9 des objectifs de l'Initiative pour l'inclusion &#8226; Retina Suisse","og_description":"Le Conseil f\u00e9d\u00e9ral a mis en consultation l'avant-projet de loi-cadre sur l'inclusion et la r\u00e9vision partielle de la loi sur l'assurance-invalidit\u00e9 en tant que contre-projet indirect \u00e0 l'Initiative sur l'inclusion. Ce projet n'apporte aucune valeur ajout\u00e9e significative aux personnes handicap\u00e9es et passe largement \u00e0 c\u00f4t\u00e9 des revendications et des objectifs de l'initiative sur l'inclusion. Retina Suisse demande des mesures concr\u00e8tes et des am\u00e9liorations pour une politique progressiste et durable en mati\u00e8re de handicap et d'inclusion.","og_url":"https:\/\/retina.ch\/fr\/actualites\/la-contre-proposition-du-conseil-federal-passe-a-cote-des-objectifs-de-linitiative-pour-linclusion\/","og_site_name":"Retina Suisse","article_publisher":"https:\/\/www.facebook.com\/retinasuisse\/","article_modified_time":"2025-10-21T19:28:50+00:00","og_image":[{"width":456,"height":261,"url":"https:\/\/retina.ch\/wp-content\/uploads\/2025\/10\/Retina-Bild-Antwort-Vernehmlassung.jpg","type":"image\/jpeg"}],"twitter_card":"summary_large_image","twitter_misc":{"Dur\u00e9e de lecture estim\u00e9e":"4 minutes"},"schema":{"@context":"https:\/\/schema.org","@graph":[{"@type":"WebPage","@id":"https:\/\/retina.ch\/fr\/actualites\/la-contre-proposition-du-conseil-federal-passe-a-cote-des-objectifs-de-linitiative-pour-linclusion\/","url":"https:\/\/retina.ch\/fr\/actualites\/la-contre-proposition-du-conseil-federal-passe-a-cote-des-objectifs-de-linitiative-pour-linclusion\/","name":"La contre-proposition du Conseil f\u00e9d\u00e9ral passe \u00e0 c\u00f4t\u00e9 des objectifs de l'Initiative pour l'inclusion &#8226; Retina Suisse","isPartOf":{"@id":"https:\/\/retina.ch\/fr\/#website"},"primaryImageOfPage":{"@id":"https:\/\/retina.ch\/fr\/actualites\/la-contre-proposition-du-conseil-federal-passe-a-cote-des-objectifs-de-linitiative-pour-linclusion\/#primaryimage"},"image":{"@id":"https:\/\/retina.ch\/fr\/actualites\/la-contre-proposition-du-conseil-federal-passe-a-cote-des-objectifs-de-linitiative-pour-linclusion\/#primaryimage"},"thumbnailUrl":"https:\/\/retina.ch\/wp-content\/uploads\/2025\/10\/Retina-Bild-Antwort-Vernehmlassung.jpg","datePublished":"2025-10-21T19:26:51+00:00","dateModified":"2025-10-21T19:28:50+00:00","breadcrumb":{"@id":"https:\/\/retina.ch\/fr\/actualites\/la-contre-proposition-du-conseil-federal-passe-a-cote-des-objectifs-de-linitiative-pour-linclusion\/#breadcrumb"},"inLanguage":"fr-FR","potentialAction":[{"@type":"ReadAction","target":["https:\/\/retina.ch\/fr\/actualites\/la-contre-proposition-du-conseil-federal-passe-a-cote-des-objectifs-de-linitiative-pour-linclusion\/"]}]},{"@type":"ImageObject","inLanguage":"fr-FR","@id":"https:\/\/retina.ch\/fr\/actualites\/la-contre-proposition-du-conseil-federal-passe-a-cote-des-objectifs-de-linitiative-pour-linclusion\/#primaryimage","url":"https:\/\/retina.ch\/wp-content\/uploads\/2025\/10\/Retina-Bild-Antwort-Vernehmlassung.jpg","contentUrl":"https:\/\/retina.ch\/wp-content\/uploads\/2025\/10\/Retina-Bild-Antwort-Vernehmlassung.jpg","width":456,"height":261},{"@type":"BreadcrumbList","@id":"https:\/\/retina.ch\/fr\/actualites\/la-contre-proposition-du-conseil-federal-passe-a-cote-des-objectifs-de-linitiative-pour-linclusion\/#breadcrumb","itemListElement":[{"@type":"ListItem","position":1,"name":"Retina Suisse","item":"https:\/\/retina.ch\/fr\/"},{"@type":"ListItem","position":2,"name":"Actualit\u00e9s","item":"https:\/\/retina.ch\/fr\/actualites\/"},{"@type":"ListItem","position":3,"name":"La contre-proposition du Conseil f\u00e9d\u00e9ral passe \u00e0 c\u00f4t\u00e9 des objectifs de l&#8217;Initiative pour l&#8217;inclusion"}]},{"@type":"WebSite","@id":"https:\/\/retina.ch\/fr\/#website","url":"https:\/\/retina.ch\/fr\/","name":"Retina Suisse","description":"Retina Suisse ist die Vereinigung von Patientinnen und Patienten mit Retinitis pigmentosa (RP), Makuladegeneration, Usher-Syndrom und anderen Erkrankungen des Augenhintergrundes.","publisher":{"@id":"https:\/\/retina.ch\/fr\/#organization"},"potentialAction":[{"@type":"SearchAction","target":{"@type":"EntryPoint","urlTemplate":"https:\/\/retina.ch\/fr\/?s={search_term_string}"},"query-input":{"@type":"PropertyValueSpecification","valueRequired":true,"valueName":"search_term_string"}}],"inLanguage":"fr-FR"},{"@type":"Organization","@id":"https:\/\/retina.ch\/fr\/#organization","name":"Retina Suisse","url":"https:\/\/retina.ch\/fr\/","logo":{"@type":"ImageObject","inLanguage":"fr-FR","@id":"https:\/\/retina.ch\/fr\/#\/schema\/logo\/image\/","url":"https:\/\/retina.ch\/wp-content\/uploads\/2020\/09\/retina-auge-typo.svg","contentUrl":"https:\/\/retina.ch\/wp-content\/uploads\/2020\/09\/retina-auge-typo.svg","width":"1024","height":"1024","caption":"Retina Suisse"},"image":{"@id":"https:\/\/retina.ch\/fr\/#\/schema\/logo\/image\/"},"sameAs":["https:\/\/www.facebook.com\/retinasuisse\/"]}]}},"_links":{"self":[{"href":"https:\/\/retina.ch\/fr\/wp-json\/wp\/v2\/aktuelles\/23971","targetHints":{"allow":["GET"]}}],"collection":[{"href":"https:\/\/retina.ch\/fr\/wp-json\/wp\/v2\/aktuelles"}],"about":[{"href":"https:\/\/retina.ch\/fr\/wp-json\/wp\/v2\/types\/aktuelles"}],"version-history":[{"count":3,"href":"https:\/\/retina.ch\/fr\/wp-json\/wp\/v2\/aktuelles\/23971\/revisions"}],"predecessor-version":[{"id":23978,"href":"https:\/\/retina.ch\/fr\/wp-json\/wp\/v2\/aktuelles\/23971\/revisions\/23978"}],"wp:featuredmedia":[{"embeddable":true,"href":"https:\/\/retina.ch\/fr\/wp-json\/wp\/v2\/media\/23972"}],"wp:attachment":[{"href":"https:\/\/retina.ch\/fr\/wp-json\/wp\/v2\/media?parent=23971"}],"wp:term":[{"taxonomy":"category","embeddable":true,"href":"https:\/\/retina.ch\/fr\/wp-json\/wp\/v2\/categories?post=23971"}],"curies":[{"name":"wp","href":"https:\/\/api.w.org\/{rel}","templated":true}]}}