{"id":8011,"date":"2022-01-03T00:00:00","date_gmt":"2022-01-02T23:00:00","guid":{"rendered":"https:\/\/retina.ch\/?post_type=aktuelles&#038;p=8011"},"modified":"2022-01-03T13:19:36","modified_gmt":"2022-01-03T12:19:36","slug":"lequipe-de-retina-suisse-souhaite-a-tous-une-bonne-et-heureuse-nouvelle-annee","status":"publish","type":"aktuelles","link":"https:\/\/retina.ch\/fr\/actualites\/lequipe-de-retina-suisse-souhaite-a-tous-une-bonne-et-heureuse-nouvelle-annee\/","title":{"rendered":"L&rsquo;\u00e9quipe de Retina Suisse souhaite \u00e0 tous une bonne et heureuse nouvelle ann\u00e9e."},"content":{"rendered":"\n<figure class=\"wp-block-image size-large is-style-default\"><img loading=\"lazy\" decoding=\"async\" width=\"1400\" height=\"1400\" src=\"https:\/\/retina.ch\/wp-content\/uploads\/2022\/01\/retina-suisse-team-neues-jahr-2022-1400x1400.jpg\" alt=\"Description : En haut de l'image, on peut lire &quot;Gutes neues Jahr&quot;, &quot;Bonne nouvelle ann\u00e9e&quot;, &quot;Felice anno nuovo&quot;. En dessous, on voit une guirlande lumineuse avec des ampoules blanches. Sur le bord inf\u00e9rieur, l'\u00e9quipe de Retina Suisse est illustr\u00e9e, de gauche \u00e0 droite : Rita, Sara, Rania avec Yoda, Daniela et Stephan avec Neo et Henry. Illustration de Laurie Calzat\" class=\"wp-image-7970\" srcset=\"https:\/\/retina.ch\/wp-content\/uploads\/2022\/01\/retina-suisse-team-neues-jahr-2022-1400x1400.jpg 1400w, https:\/\/retina.ch\/wp-content\/uploads\/2022\/01\/retina-suisse-team-neues-jahr-2022-400x400.jpg 400w, https:\/\/retina.ch\/wp-content\/uploads\/2022\/01\/retina-suisse-team-neues-jahr-2022-500x500.jpg 500w, https:\/\/retina.ch\/wp-content\/uploads\/2022\/01\/retina-suisse-team-neues-jahr-2022-768x768.jpg 768w, https:\/\/retina.ch\/wp-content\/uploads\/2022\/01\/retina-suisse-team-neues-jahr-2022-1536x1536.jpg 1536w, https:\/\/retina.ch\/wp-content\/uploads\/2022\/01\/retina-suisse-team-neues-jahr-2022-2048x2048.jpg 2048w, https:\/\/retina.ch\/wp-content\/uploads\/2022\/01\/retina-suisse-team-neues-jahr-2022-800x800.jpg 800w, https:\/\/retina.ch\/wp-content\/uploads\/2022\/01\/retina-suisse-team-neues-jahr-2022-1280x1280.jpg 1280w, https:\/\/retina.ch\/wp-content\/uploads\/2022\/01\/retina-suisse-team-neues-jahr-2022-1920x1920.jpg 1920w\" sizes=\"auto, (max-width: 1400px) 100vw, 1400px\" \/><figcaption>Description : En haut de l&rsquo;image, on peut lire \u00ab\u00a0Gutes neues Jahr\u00a0\u00bb, \u00ab\u00a0Bonne nouvelle ann\u00e9e\u00a0\u00bb, \u00ab\u00a0Felice anno nuovo\u00a0\u00bb. En dessous, on voit une guirlande lumineuse avec des ampoules blanches. Sur le bord inf\u00e9rieur, l&rsquo;\u00e9quipe de Retina Suisse est illustr\u00e9e, de gauche \u00e0 droite : Rita, Sara, Rania avec Yoda, Daniela et Stephan avec Neo et Henry.<br>Illustration de Laurie Calzat<\/figcaption><\/figure>\n","protected":false},"excerpt":{"rendered":"","protected":false},"featured_media":7970,"template":"","meta":{"_acf_changed":false,"inline_featured_image":false,"_FSMCFIC_featured_image_caption":"","_FSMCFIC_featured_image_nocaption":"","_FSMCFIC_featured_image_hide":"","footnotes":"","_links_to":"","_links_to_target":""},"categories":[],"class_list":["post-8011","aktuelles","type-aktuelles","status-publish","has-post-thumbnail","hentry"],"acf":[],"yoast_head":"<!-- This site is optimized with the Yoast SEO plugin v27.1.1 - https:\/\/yoast.com\/product\/yoast-seo-wordpress\/ -->\n<title>L&#039;\u00e9quipe de Retina Suisse souhaite \u00e0 tous une bonne et heureuse nouvelle ann\u00e9e. &#8226; Retina Suisse<\/title>\n<meta name=\"robots\" content=\"index, follow, max-snippet:-1, max-image-preview:large, max-video-preview:-1\" \/>\n<link rel=\"canonical\" href=\"https:\/\/retina.ch\/fr\/actualites\/lequipe-de-retina-suisse-souhaite-a-tous-une-bonne-et-heureuse-nouvelle-annee\/\" \/>\n<meta property=\"og:locale\" content=\"fr_FR\" \/>\n<meta property=\"og:type\" content=\"article\" \/>\n<meta property=\"og:title\" content=\"L&#039;\u00e9quipe de Retina Suisse souhaite \u00e0 tous une bonne et heureuse nouvelle ann\u00e9e. &#8226; Retina Suisse\" \/>\n<meta property=\"og:url\" content=\"https:\/\/retina.ch\/fr\/actualites\/lequipe-de-retina-suisse-souhaite-a-tous-une-bonne-et-heureuse-nouvelle-annee\/\" \/>\n<meta property=\"og:site_name\" content=\"Retina Suisse\" \/>\n<meta property=\"article:publisher\" content=\"https:\/\/www.facebook.com\/retinasuisse\/\" \/>\n<meta property=\"article:modified_time\" content=\"2022-01-03T12:19:36+00:00\" \/>\n<meta property=\"og:image\" content=\"https:\/\/retina.ch\/wp-content\/uploads\/2022\/01\/retina-suisse-team-neues-jahr-2022.jpg\" \/>\n\t<meta property=\"og:image:width\" content=\"2251\" \/>\n\t<meta property=\"og:image:height\" content=\"2251\" \/>\n\t<meta property=\"og:image:type\" content=\"image\/jpeg\" \/>\n<meta name=\"twitter:card\" content=\"summary_large_image\" \/>\n<meta name=\"twitter:label1\" content=\"Dur\u00e9e de lecture estim\u00e9e\" \/>\n\t<meta name=\"twitter:data1\" content=\"1 minute\" \/>\n<script type=\"application\/ld+json\" class=\"yoast-schema-graph\">{\"@context\":\"https:\/\/schema.org\",\"@graph\":[{\"@type\":\"WebPage\",\"@id\":\"https:\/\/retina.ch\/fr\/actualites\/lequipe-de-retina-suisse-souhaite-a-tous-une-bonne-et-heureuse-nouvelle-annee\/\",\"url\":\"https:\/\/retina.ch\/fr\/actualites\/lequipe-de-retina-suisse-souhaite-a-tous-une-bonne-et-heureuse-nouvelle-annee\/\",\"name\":\"L'\u00e9quipe de Retina Suisse souhaite \u00e0 tous une bonne et heureuse nouvelle ann\u00e9e. &#8226; Retina Suisse\",\"isPartOf\":{\"@id\":\"https:\/\/retina.ch\/fr\/#website\"},\"primaryImageOfPage\":{\"@id\":\"https:\/\/retina.ch\/fr\/actualites\/lequipe-de-retina-suisse-souhaite-a-tous-une-bonne-et-heureuse-nouvelle-annee\/#primaryimage\"},\"image\":{\"@id\":\"https:\/\/retina.ch\/fr\/actualites\/lequipe-de-retina-suisse-souhaite-a-tous-une-bonne-et-heureuse-nouvelle-annee\/#primaryimage\"},\"thumbnailUrl\":\"https:\/\/retina.ch\/wp-content\/uploads\/2022\/01\/retina-suisse-team-neues-jahr-2022.jpg\",\"datePublished\":\"2022-01-02T23:00:00+00:00\",\"dateModified\":\"2022-01-03T12:19:36+00:00\",\"breadcrumb\":{\"@id\":\"https:\/\/retina.ch\/fr\/actualites\/lequipe-de-retina-suisse-souhaite-a-tous-une-bonne-et-heureuse-nouvelle-annee\/#breadcrumb\"},\"inLanguage\":\"fr-FR\",\"potentialAction\":[{\"@type\":\"ReadAction\",\"target\":[\"https:\/\/retina.ch\/fr\/actualites\/lequipe-de-retina-suisse-souhaite-a-tous-une-bonne-et-heureuse-nouvelle-annee\/\"]}]},{\"@type\":\"ImageObject\",\"inLanguage\":\"fr-FR\",\"@id\":\"https:\/\/retina.ch\/fr\/actualites\/lequipe-de-retina-suisse-souhaite-a-tous-une-bonne-et-heureuse-nouvelle-annee\/#primaryimage\",\"url\":\"https:\/\/retina.ch\/wp-content\/uploads\/2022\/01\/retina-suisse-team-neues-jahr-2022.jpg\",\"contentUrl\":\"https:\/\/retina.ch\/wp-content\/uploads\/2022\/01\/retina-suisse-team-neues-jahr-2022.jpg\",\"width\":2251,\"height\":2251,\"caption\":\"Description : En haut de l'image, on peut lire \\\"Gutes neues Jahr\\\", \\\"Bonne nouvelle ann\u00e9e\\\", \\\"Felice anno nuovo\\\". En dessous, on voit une guirlande lumineuse avec des ampoules blanches. Sur le bord inf\u00e9rieur, l'\u00e9quipe de Retina Suisse est illustr\u00e9e, de gauche \u00e0 droite : Rita, Sara, Rania avec Yoda, Daniela et Stephan avec Neo et Henry. Illustration de Laurie Calzat\"},{\"@type\":\"BreadcrumbList\",\"@id\":\"https:\/\/retina.ch\/fr\/actualites\/lequipe-de-retina-suisse-souhaite-a-tous-une-bonne-et-heureuse-nouvelle-annee\/#breadcrumb\",\"itemListElement\":[{\"@type\":\"ListItem\",\"position\":1,\"name\":\"Retina Suisse\",\"item\":\"https:\/\/retina.ch\/fr\/\"},{\"@type\":\"ListItem\",\"position\":2,\"name\":\"Actualit\u00e9s\",\"item\":\"https:\/\/retina.ch\/fr\/actualites\/\"},{\"@type\":\"ListItem\",\"position\":3,\"name\":\"L&#8217;\u00e9quipe de Retina Suisse souhaite \u00e0 tous une bonne et heureuse nouvelle ann\u00e9e.\"}]},{\"@type\":\"WebSite\",\"@id\":\"https:\/\/retina.ch\/fr\/#website\",\"url\":\"https:\/\/retina.ch\/fr\/\",\"name\":\"Retina Suisse\",\"description\":\"Retina Suisse ist die Vereinigung von Patientinnen und Patienten mit Retinitis pigmentosa (RP), Makuladegeneration, Usher-Syndrom und anderen Erkrankungen des Augenhintergrundes.\",\"publisher\":{\"@id\":\"https:\/\/retina.ch\/fr\/#organization\"},\"potentialAction\":[{\"@type\":\"SearchAction\",\"target\":{\"@type\":\"EntryPoint\",\"urlTemplate\":\"https:\/\/retina.ch\/fr\/?s={search_term_string}\"},\"query-input\":{\"@type\":\"PropertyValueSpecification\",\"valueRequired\":true,\"valueName\":\"search_term_string\"}}],\"inLanguage\":\"fr-FR\"},{\"@type\":\"Organization\",\"@id\":\"https:\/\/retina.ch\/fr\/#organization\",\"name\":\"Retina Suisse\",\"url\":\"https:\/\/retina.ch\/fr\/\",\"logo\":{\"@type\":\"ImageObject\",\"inLanguage\":\"fr-FR\",\"@id\":\"https:\/\/retina.ch\/fr\/#\/schema\/logo\/image\/\",\"url\":\"https:\/\/retina.ch\/wp-content\/uploads\/2020\/09\/retina-auge-typo.svg\",\"contentUrl\":\"https:\/\/retina.ch\/wp-content\/uploads\/2020\/09\/retina-auge-typo.svg\",\"width\":\"1024\",\"height\":\"1024\",\"caption\":\"Retina Suisse\"},\"image\":{\"@id\":\"https:\/\/retina.ch\/fr\/#\/schema\/logo\/image\/\"},\"sameAs\":[\"https:\/\/www.facebook.com\/retinasuisse\/\"]}]}<\/script>\n<!-- \/ Yoast SEO plugin. -->","yoast_head_json":{"title":"L'\u00e9quipe de Retina Suisse souhaite \u00e0 tous une bonne et heureuse nouvelle ann\u00e9e. &#8226; Retina Suisse","robots":{"index":"index","follow":"follow","max-snippet":"max-snippet:-1","max-image-preview":"max-image-preview:large","max-video-preview":"max-video-preview:-1"},"canonical":"https:\/\/retina.ch\/fr\/actualites\/lequipe-de-retina-suisse-souhaite-a-tous-une-bonne-et-heureuse-nouvelle-annee\/","og_locale":"fr_FR","og_type":"article","og_title":"L'\u00e9quipe de Retina Suisse souhaite \u00e0 tous une bonne et heureuse nouvelle ann\u00e9e. &#8226; Retina Suisse","og_url":"https:\/\/retina.ch\/fr\/actualites\/lequipe-de-retina-suisse-souhaite-a-tous-une-bonne-et-heureuse-nouvelle-annee\/","og_site_name":"Retina Suisse","article_publisher":"https:\/\/www.facebook.com\/retinasuisse\/","article_modified_time":"2022-01-03T12:19:36+00:00","og_image":[{"width":2251,"height":2251,"url":"https:\/\/retina.ch\/wp-content\/uploads\/2022\/01\/retina-suisse-team-neues-jahr-2022.jpg","type":"image\/jpeg"}],"twitter_card":"summary_large_image","twitter_misc":{"Dur\u00e9e de lecture estim\u00e9e":"1 minute"},"schema":{"@context":"https:\/\/schema.org","@graph":[{"@type":"WebPage","@id":"https:\/\/retina.ch\/fr\/actualites\/lequipe-de-retina-suisse-souhaite-a-tous-une-bonne-et-heureuse-nouvelle-annee\/","url":"https:\/\/retina.ch\/fr\/actualites\/lequipe-de-retina-suisse-souhaite-a-tous-une-bonne-et-heureuse-nouvelle-annee\/","name":"L'\u00e9quipe de Retina Suisse souhaite \u00e0 tous une bonne et heureuse nouvelle ann\u00e9e. &#8226; Retina Suisse","isPartOf":{"@id":"https:\/\/retina.ch\/fr\/#website"},"primaryImageOfPage":{"@id":"https:\/\/retina.ch\/fr\/actualites\/lequipe-de-retina-suisse-souhaite-a-tous-une-bonne-et-heureuse-nouvelle-annee\/#primaryimage"},"image":{"@id":"https:\/\/retina.ch\/fr\/actualites\/lequipe-de-retina-suisse-souhaite-a-tous-une-bonne-et-heureuse-nouvelle-annee\/#primaryimage"},"thumbnailUrl":"https:\/\/retina.ch\/wp-content\/uploads\/2022\/01\/retina-suisse-team-neues-jahr-2022.jpg","datePublished":"2022-01-02T23:00:00+00:00","dateModified":"2022-01-03T12:19:36+00:00","breadcrumb":{"@id":"https:\/\/retina.ch\/fr\/actualites\/lequipe-de-retina-suisse-souhaite-a-tous-une-bonne-et-heureuse-nouvelle-annee\/#breadcrumb"},"inLanguage":"fr-FR","potentialAction":[{"@type":"ReadAction","target":["https:\/\/retina.ch\/fr\/actualites\/lequipe-de-retina-suisse-souhaite-a-tous-une-bonne-et-heureuse-nouvelle-annee\/"]}]},{"@type":"ImageObject","inLanguage":"fr-FR","@id":"https:\/\/retina.ch\/fr\/actualites\/lequipe-de-retina-suisse-souhaite-a-tous-une-bonne-et-heureuse-nouvelle-annee\/#primaryimage","url":"https:\/\/retina.ch\/wp-content\/uploads\/2022\/01\/retina-suisse-team-neues-jahr-2022.jpg","contentUrl":"https:\/\/retina.ch\/wp-content\/uploads\/2022\/01\/retina-suisse-team-neues-jahr-2022.jpg","width":2251,"height":2251,"caption":"Description : En haut de l'image, on peut lire \"Gutes neues Jahr\", \"Bonne nouvelle ann\u00e9e\", \"Felice anno nuovo\". En dessous, on voit une guirlande lumineuse avec des ampoules blanches. Sur le bord inf\u00e9rieur, l'\u00e9quipe de Retina Suisse est illustr\u00e9e, de gauche \u00e0 droite : Rita, Sara, Rania avec Yoda, Daniela et Stephan avec Neo et Henry. Illustration de Laurie Calzat"},{"@type":"BreadcrumbList","@id":"https:\/\/retina.ch\/fr\/actualites\/lequipe-de-retina-suisse-souhaite-a-tous-une-bonne-et-heureuse-nouvelle-annee\/#breadcrumb","itemListElement":[{"@type":"ListItem","position":1,"name":"Retina Suisse","item":"https:\/\/retina.ch\/fr\/"},{"@type":"ListItem","position":2,"name":"Actualit\u00e9s","item":"https:\/\/retina.ch\/fr\/actualites\/"},{"@type":"ListItem","position":3,"name":"L&#8217;\u00e9quipe de Retina Suisse souhaite \u00e0 tous une bonne et heureuse nouvelle ann\u00e9e."}]},{"@type":"WebSite","@id":"https:\/\/retina.ch\/fr\/#website","url":"https:\/\/retina.ch\/fr\/","name":"Retina Suisse","description":"Retina Suisse ist die Vereinigung von Patientinnen und Patienten mit Retinitis pigmentosa (RP), Makuladegeneration, Usher-Syndrom und anderen Erkrankungen des Augenhintergrundes.","publisher":{"@id":"https:\/\/retina.ch\/fr\/#organization"},"potentialAction":[{"@type":"SearchAction","target":{"@type":"EntryPoint","urlTemplate":"https:\/\/retina.ch\/fr\/?s={search_term_string}"},"query-input":{"@type":"PropertyValueSpecification","valueRequired":true,"valueName":"search_term_string"}}],"inLanguage":"fr-FR"},{"@type":"Organization","@id":"https:\/\/retina.ch\/fr\/#organization","name":"Retina Suisse","url":"https:\/\/retina.ch\/fr\/","logo":{"@type":"ImageObject","inLanguage":"fr-FR","@id":"https:\/\/retina.ch\/fr\/#\/schema\/logo\/image\/","url":"https:\/\/retina.ch\/wp-content\/uploads\/2020\/09\/retina-auge-typo.svg","contentUrl":"https:\/\/retina.ch\/wp-content\/uploads\/2020\/09\/retina-auge-typo.svg","width":"1024","height":"1024","caption":"Retina Suisse"},"image":{"@id":"https:\/\/retina.ch\/fr\/#\/schema\/logo\/image\/"},"sameAs":["https:\/\/www.facebook.com\/retinasuisse\/"]}]}},"_links":{"self":[{"href":"https:\/\/retina.ch\/fr\/wp-json\/wp\/v2\/aktuelles\/8011","targetHints":{"allow":["GET"]}}],"collection":[{"href":"https:\/\/retina.ch\/fr\/wp-json\/wp\/v2\/aktuelles"}],"about":[{"href":"https:\/\/retina.ch\/fr\/wp-json\/wp\/v2\/types\/aktuelles"}],"version-history":[{"count":1,"href":"https:\/\/retina.ch\/fr\/wp-json\/wp\/v2\/aktuelles\/8011\/revisions"}],"predecessor-version":[{"id":8012,"href":"https:\/\/retina.ch\/fr\/wp-json\/wp\/v2\/aktuelles\/8011\/revisions\/8012"}],"wp:featuredmedia":[{"embeddable":true,"href":"https:\/\/retina.ch\/fr\/wp-json\/wp\/v2\/media\/7970"}],"wp:attachment":[{"href":"https:\/\/retina.ch\/fr\/wp-json\/wp\/v2\/media?parent=8011"}],"wp:term":[{"taxonomy":"category","embeddable":true,"href":"https:\/\/retina.ch\/fr\/wp-json\/wp\/v2\/categories?post=8011"}],"curies":[{"name":"wp","href":"https:\/\/api.w.org\/{rel}","templated":true}]}}