{"id":13450,"date":"2023-09-28T14:07:23","date_gmt":"2023-09-28T12:07:23","guid":{"rendered":"https:\/\/retina.ch\/medienmitteilung\/zwischentitel\/"},"modified":"2023-09-28T14:19:03","modified_gmt":"2023-09-28T12:19:03","slug":"mal-voir-a-un-age-avance-nest-pas-rien","status":"publish","type":"medienmitteilung","link":"https:\/\/retina.ch\/fr\/communication-aux-medias\/mal-voir-a-un-age-avance-nest-pas-rien\/","title":{"rendered":"Mal voir \u00e0 un \u00e2ge avanc\u00e9 n&rsquo;est pas rien!"},"content":{"rendered":"\n<h2 class=\"wp-block-heading\">Manque d&rsquo;utilisation des offres de consultation en cas de probl\u00e8mes de vue chez les personnes \u00e2g\u00e9es<\/h2>\n\n\n\n<p>A l&rsquo;occasion de la Journ\u00e9e internationale des personnes \u00e2g\u00e9es, le 1er octobre, l&rsquo;UCBA et Retina Suisse attirent l&rsquo;attention sur le potentiel des offres de soutien psychosocial en compl\u00e9ment de la prise en charge m\u00e9dicale des troubles de la vue chez les personnes \u00e2g\u00e9es. Cette prise en charge globale touche encore bien trop peu de personnes \u00e2g\u00e9es, bien qu&rsquo;une consultation visuelle pr\u00e9coce puisse \u00e9norm\u00e9ment am\u00e9liorer la qualit\u00e9 de vie des personnes en situation de handicap visuel.<\/p>\n\n\n\n<p><a href=\"https:\/\/retina.ch\/wp-content\/uploads\/2023\/09\/communique-etude-proviage-fr.pdf\" target=\"_blank\" rel=\"noreferrer noopener\">Communiqu\u00e9 de presse: \u00e9tude PROVIAGE<\/a><\/p>\n\n\n\n<p><a href=\"https:\/\/www.szblind.ch\/fileadmin\/bilder\/SZBLIND_Medien\/Studie-PROVIAGE.jpg\" target=\"_blank\" rel=\"noreferrer noopener nofollow\">Image: une meilleure gestion du quotidien gr\u00e2ce \u00e0 des offres de conseil psychosocial et de r\u00e9adaptation<\/a><\/p>\n\n\n\n<hr class=\"wp-block-separator has-alpha-channel-opacity\"\/>\n\n\n\n<h4 class=\"wp-block-heading\">Coordonn\u00e9es<\/h4>\n\n\n\n<p><strong>Stephan H\u00fcsler<\/strong><br>Directeur de Retina Suisse<br><code>044 444 10 72<\/code><br><a href=\"mailto:stephan.huesler@retina.ch\">stephan.huesler@retina.ch<\/a><\/p>\n\n\n\n<p><strong>Peter Jankovsky<\/strong><br>Communication<br><code>044 444 10 79<\/code><br><code>076 334 90 82<\/code><br><a href=\"mailto:peter.jankovsky@retina.ch\">peter.jankovsky@retina.ch<\/a><\/p>\n\n\n\n<div style=\"height:30px\" aria-hidden=\"true\" class=\"wp-block-spacer\"><\/div>\n\n\n\n<p><strong><strong>Retina Suisse<\/strong>&nbsp;<\/strong>est la seule organisation de patients pour les personnes atteintes de d\u00e9g\u00e9n\u00e9rescence r\u00e9tiniennes et d\u2019autres maladies du fond de l\u2019\u0153il en Suisse. L\u2019association d\u2019utilit\u00e9 publique a \u00e9t\u00e9 fond\u00e9e en 1979 et compte quelque 1600 membres dans toute la Suisse.<\/p>\n","protected":false},"excerpt":{"rendered":"<p>A l&rsquo;occasion de la Journ\u00e9e internationale des personnes \u00e2g\u00e9es, le 1er octobre, l&rsquo;UCBA et Retina Suisse attirent l&rsquo;attention sur le potentiel des offres de soutien psychosocial en compl\u00e9ment de la prise en charge m\u00e9dicale des troubles de la vue chez les personnes \u00e2g\u00e9es. Cette prise en charge globale touche encore bien trop peu de personnes \u00e2g\u00e9es, bien qu&rsquo;une consultation visuelle pr\u00e9coce puisse \u00e9norm\u00e9ment am\u00e9liorer la qualit\u00e9 de vie des personnes en situation de handicap visuel.<\/p>\n","protected":false},"featured_media":13440,"template":"","meta":{"_acf_changed":false,"inline_featured_image":false,"_FSMCFIC_featured_image_caption":"","_FSMCFIC_featured_image_nocaption":"","_FSMCFIC_featured_image_hide":"","footnotes":"","_links_to":"","_links_to_target":""},"categories":[140,46],"class_list":["post-13450","medienmitteilung","type-medienmitteilung","status-publish","has-post-thumbnail","hentry","category-conseils","category-degeneration-maculaire-liee-a-lage-dmla"],"acf":[],"yoast_head":"<!-- This site is optimized with the Yoast SEO plugin v27.1.1 - https:\/\/yoast.com\/product\/yoast-seo-wordpress\/ -->\n<title>Mal voir \u00e0 un \u00e2ge avanc\u00e9 n&#039;est pas rien! &#8226; Retina Suisse<\/title>\n<meta name=\"description\" content=\"L&#039;\u00e9tude PROVIAGE montre que trop peu de personnes \u00e2g\u00e9es b\u00e9n\u00e9ficient d&#039;une consultation visuelle pr\u00e9coce, alors que celle-ci peut \u00e9norm\u00e9ment am\u00e9liorer la qualit\u00e9 de vie avec une d\u00e9ficience visuelle.\" \/>\n<meta name=\"robots\" content=\"index, follow, max-snippet:-1, max-image-preview:large, max-video-preview:-1\" \/>\n<link rel=\"canonical\" href=\"https:\/\/retina.ch\/fr\/communication-aux-medias\/mal-voir-a-un-age-avance-nest-pas-rien\/\" \/>\n<meta property=\"og:locale\" content=\"fr_FR\" \/>\n<meta property=\"og:type\" content=\"article\" \/>\n<meta property=\"og:title\" content=\"Mal voir \u00e0 un \u00e2ge avanc\u00e9 n&#039;est pas rien! &#8226; Retina Suisse\" \/>\n<meta property=\"og:description\" content=\"L&#039;\u00e9tude PROVIAGE montre que trop peu de personnes \u00e2g\u00e9es b\u00e9n\u00e9ficient d&#039;une consultation visuelle pr\u00e9coce, alors que celle-ci peut \u00e9norm\u00e9ment am\u00e9liorer la qualit\u00e9 de vie avec une d\u00e9ficience visuelle.\" \/>\n<meta property=\"og:url\" content=\"https:\/\/retina.ch\/fr\/communication-aux-medias\/mal-voir-a-un-age-avance-nest-pas-rien\/\" \/>\n<meta property=\"og:site_name\" content=\"Retina Suisse\" \/>\n<meta property=\"article:publisher\" content=\"https:\/\/www.facebook.com\/retinasuisse\/\" \/>\n<meta property=\"article:modified_time\" content=\"2023-09-28T12:19:03+00:00\" \/>\n<meta property=\"og:image\" content=\"https:\/\/retina.ch\/wp-content\/uploads\/2023\/09\/image-1400x933.png\" \/>\n\t<meta property=\"og:image:width\" content=\"1400\" \/>\n\t<meta property=\"og:image:height\" content=\"933\" \/>\n\t<meta property=\"og:image:type\" content=\"image\/png\" \/>\n<meta name=\"twitter:card\" content=\"summary_large_image\" \/>\n<meta name=\"twitter:label1\" content=\"Dur\u00e9e de lecture estim\u00e9e\" \/>\n\t<meta name=\"twitter:data1\" content=\"1 minute\" \/>\n<script type=\"application\/ld+json\" class=\"yoast-schema-graph\">{\"@context\":\"https:\/\/schema.org\",\"@graph\":[{\"@type\":\"WebPage\",\"@id\":\"https:\/\/retina.ch\/fr\/communication-aux-medias\/mal-voir-a-un-age-avance-nest-pas-rien\/\",\"url\":\"https:\/\/retina.ch\/fr\/communication-aux-medias\/mal-voir-a-un-age-avance-nest-pas-rien\/\",\"name\":\"Mal voir \u00e0 un \u00e2ge avanc\u00e9 n'est pas rien! &#8226; Retina Suisse\",\"isPartOf\":{\"@id\":\"https:\/\/retina.ch\/fr\/#website\"},\"primaryImageOfPage\":{\"@id\":\"https:\/\/retina.ch\/fr\/communication-aux-medias\/mal-voir-a-un-age-avance-nest-pas-rien\/#primaryimage\"},\"image\":{\"@id\":\"https:\/\/retina.ch\/fr\/communication-aux-medias\/mal-voir-a-un-age-avance-nest-pas-rien\/#primaryimage\"},\"thumbnailUrl\":\"https:\/\/retina.ch\/wp-content\/uploads\/2023\/09\/image.png\",\"datePublished\":\"2023-09-28T12:07:23+00:00\",\"dateModified\":\"2023-09-28T12:19:03+00:00\",\"description\":\"L'\u00e9tude PROVIAGE montre que trop peu de personnes \u00e2g\u00e9es b\u00e9n\u00e9ficient d'une consultation visuelle pr\u00e9coce, alors que celle-ci peut \u00e9norm\u00e9ment am\u00e9liorer la qualit\u00e9 de vie avec une d\u00e9ficience visuelle.\",\"breadcrumb\":{\"@id\":\"https:\/\/retina.ch\/fr\/communication-aux-medias\/mal-voir-a-un-age-avance-nest-pas-rien\/#breadcrumb\"},\"inLanguage\":\"fr-FR\",\"potentialAction\":[{\"@type\":\"ReadAction\",\"target\":[\"https:\/\/retina.ch\/fr\/communication-aux-medias\/mal-voir-a-un-age-avance-nest-pas-rien\/\"]}]},{\"@type\":\"ImageObject\",\"inLanguage\":\"fr-FR\",\"@id\":\"https:\/\/retina.ch\/fr\/communication-aux-medias\/mal-voir-a-un-age-avance-nest-pas-rien\/#primaryimage\",\"url\":\"https:\/\/retina.ch\/wp-content\/uploads\/2023\/09\/image.png\",\"contentUrl\":\"https:\/\/retina.ch\/wp-content\/uploads\/2023\/09\/image.png\",\"width\":6950,\"height\":4633},{\"@type\":\"BreadcrumbList\",\"@id\":\"https:\/\/retina.ch\/fr\/communication-aux-medias\/mal-voir-a-un-age-avance-nest-pas-rien\/#breadcrumb\",\"itemListElement\":[{\"@type\":\"ListItem\",\"position\":1,\"name\":\"Retina Suisse\",\"item\":\"https:\/\/retina.ch\/fr\/\"},{\"@type\":\"ListItem\",\"position\":2,\"name\":\"Mal voir \u00e0 un \u00e2ge avanc\u00e9 n&#8217;est pas rien!\"}]},{\"@type\":\"WebSite\",\"@id\":\"https:\/\/retina.ch\/fr\/#website\",\"url\":\"https:\/\/retina.ch\/fr\/\",\"name\":\"Retina Suisse\",\"description\":\"Retina Suisse ist die Vereinigung von Patientinnen und Patienten mit Retinitis pigmentosa (RP), Makuladegeneration, Usher-Syndrom und anderen Erkrankungen des Augenhintergrundes.\",\"publisher\":{\"@id\":\"https:\/\/retina.ch\/fr\/#organization\"},\"potentialAction\":[{\"@type\":\"SearchAction\",\"target\":{\"@type\":\"EntryPoint\",\"urlTemplate\":\"https:\/\/retina.ch\/fr\/?s={search_term_string}\"},\"query-input\":{\"@type\":\"PropertyValueSpecification\",\"valueRequired\":true,\"valueName\":\"search_term_string\"}}],\"inLanguage\":\"fr-FR\"},{\"@type\":\"Organization\",\"@id\":\"https:\/\/retina.ch\/fr\/#organization\",\"name\":\"Retina Suisse\",\"url\":\"https:\/\/retina.ch\/fr\/\",\"logo\":{\"@type\":\"ImageObject\",\"inLanguage\":\"fr-FR\",\"@id\":\"https:\/\/retina.ch\/fr\/#\/schema\/logo\/image\/\",\"url\":\"https:\/\/retina.ch\/wp-content\/uploads\/2020\/09\/retina-auge-typo.svg\",\"contentUrl\":\"https:\/\/retina.ch\/wp-content\/uploads\/2020\/09\/retina-auge-typo.svg\",\"width\":\"1024\",\"height\":\"1024\",\"caption\":\"Retina Suisse\"},\"image\":{\"@id\":\"https:\/\/retina.ch\/fr\/#\/schema\/logo\/image\/\"},\"sameAs\":[\"https:\/\/www.facebook.com\/retinasuisse\/\"]}]}<\/script>\n<!-- \/ Yoast SEO plugin. -->","yoast_head_json":{"title":"Mal voir \u00e0 un \u00e2ge avanc\u00e9 n'est pas rien! &#8226; Retina Suisse","description":"L'\u00e9tude PROVIAGE montre que trop peu de personnes \u00e2g\u00e9es b\u00e9n\u00e9ficient d'une consultation visuelle pr\u00e9coce, alors que celle-ci peut \u00e9norm\u00e9ment am\u00e9liorer la qualit\u00e9 de vie avec une d\u00e9ficience visuelle.","robots":{"index":"index","follow":"follow","max-snippet":"max-snippet:-1","max-image-preview":"max-image-preview:large","max-video-preview":"max-video-preview:-1"},"canonical":"https:\/\/retina.ch\/fr\/communication-aux-medias\/mal-voir-a-un-age-avance-nest-pas-rien\/","og_locale":"fr_FR","og_type":"article","og_title":"Mal voir \u00e0 un \u00e2ge avanc\u00e9 n'est pas rien! &#8226; Retina Suisse","og_description":"L'\u00e9tude PROVIAGE montre que trop peu de personnes \u00e2g\u00e9es b\u00e9n\u00e9ficient d'une consultation visuelle pr\u00e9coce, alors que celle-ci peut \u00e9norm\u00e9ment am\u00e9liorer la qualit\u00e9 de vie avec une d\u00e9ficience visuelle.","og_url":"https:\/\/retina.ch\/fr\/communication-aux-medias\/mal-voir-a-un-age-avance-nest-pas-rien\/","og_site_name":"Retina Suisse","article_publisher":"https:\/\/www.facebook.com\/retinasuisse\/","article_modified_time":"2023-09-28T12:19:03+00:00","og_image":[{"width":1400,"height":933,"url":"https:\/\/retina.ch\/wp-content\/uploads\/2023\/09\/image-1400x933.png","type":"image\/png"}],"twitter_card":"summary_large_image","twitter_misc":{"Dur\u00e9e de lecture estim\u00e9e":"1 minute"},"schema":{"@context":"https:\/\/schema.org","@graph":[{"@type":"WebPage","@id":"https:\/\/retina.ch\/fr\/communication-aux-medias\/mal-voir-a-un-age-avance-nest-pas-rien\/","url":"https:\/\/retina.ch\/fr\/communication-aux-medias\/mal-voir-a-un-age-avance-nest-pas-rien\/","name":"Mal voir \u00e0 un \u00e2ge avanc\u00e9 n'est pas rien! &#8226; Retina Suisse","isPartOf":{"@id":"https:\/\/retina.ch\/fr\/#website"},"primaryImageOfPage":{"@id":"https:\/\/retina.ch\/fr\/communication-aux-medias\/mal-voir-a-un-age-avance-nest-pas-rien\/#primaryimage"},"image":{"@id":"https:\/\/retina.ch\/fr\/communication-aux-medias\/mal-voir-a-un-age-avance-nest-pas-rien\/#primaryimage"},"thumbnailUrl":"https:\/\/retina.ch\/wp-content\/uploads\/2023\/09\/image.png","datePublished":"2023-09-28T12:07:23+00:00","dateModified":"2023-09-28T12:19:03+00:00","description":"L'\u00e9tude PROVIAGE montre que trop peu de personnes \u00e2g\u00e9es b\u00e9n\u00e9ficient d'une consultation visuelle pr\u00e9coce, alors que celle-ci peut \u00e9norm\u00e9ment am\u00e9liorer la qualit\u00e9 de vie avec une d\u00e9ficience visuelle.","breadcrumb":{"@id":"https:\/\/retina.ch\/fr\/communication-aux-medias\/mal-voir-a-un-age-avance-nest-pas-rien\/#breadcrumb"},"inLanguage":"fr-FR","potentialAction":[{"@type":"ReadAction","target":["https:\/\/retina.ch\/fr\/communication-aux-medias\/mal-voir-a-un-age-avance-nest-pas-rien\/"]}]},{"@type":"ImageObject","inLanguage":"fr-FR","@id":"https:\/\/retina.ch\/fr\/communication-aux-medias\/mal-voir-a-un-age-avance-nest-pas-rien\/#primaryimage","url":"https:\/\/retina.ch\/wp-content\/uploads\/2023\/09\/image.png","contentUrl":"https:\/\/retina.ch\/wp-content\/uploads\/2023\/09\/image.png","width":6950,"height":4633},{"@type":"BreadcrumbList","@id":"https:\/\/retina.ch\/fr\/communication-aux-medias\/mal-voir-a-un-age-avance-nest-pas-rien\/#breadcrumb","itemListElement":[{"@type":"ListItem","position":1,"name":"Retina Suisse","item":"https:\/\/retina.ch\/fr\/"},{"@type":"ListItem","position":2,"name":"Mal voir \u00e0 un \u00e2ge avanc\u00e9 n&#8217;est pas rien!"}]},{"@type":"WebSite","@id":"https:\/\/retina.ch\/fr\/#website","url":"https:\/\/retina.ch\/fr\/","name":"Retina Suisse","description":"Retina Suisse ist die Vereinigung von Patientinnen und Patienten mit Retinitis pigmentosa (RP), Makuladegeneration, Usher-Syndrom und anderen Erkrankungen des Augenhintergrundes.","publisher":{"@id":"https:\/\/retina.ch\/fr\/#organization"},"potentialAction":[{"@type":"SearchAction","target":{"@type":"EntryPoint","urlTemplate":"https:\/\/retina.ch\/fr\/?s={search_term_string}"},"query-input":{"@type":"PropertyValueSpecification","valueRequired":true,"valueName":"search_term_string"}}],"inLanguage":"fr-FR"},{"@type":"Organization","@id":"https:\/\/retina.ch\/fr\/#organization","name":"Retina Suisse","url":"https:\/\/retina.ch\/fr\/","logo":{"@type":"ImageObject","inLanguage":"fr-FR","@id":"https:\/\/retina.ch\/fr\/#\/schema\/logo\/image\/","url":"https:\/\/retina.ch\/wp-content\/uploads\/2020\/09\/retina-auge-typo.svg","contentUrl":"https:\/\/retina.ch\/wp-content\/uploads\/2020\/09\/retina-auge-typo.svg","width":"1024","height":"1024","caption":"Retina Suisse"},"image":{"@id":"https:\/\/retina.ch\/fr\/#\/schema\/logo\/image\/"},"sameAs":["https:\/\/www.facebook.com\/retinasuisse\/"]}]}},"_links":{"self":[{"href":"https:\/\/retina.ch\/fr\/wp-json\/wp\/v2\/medienmitteilung\/13450","targetHints":{"allow":["GET"]}}],"collection":[{"href":"https:\/\/retina.ch\/fr\/wp-json\/wp\/v2\/medienmitteilung"}],"about":[{"href":"https:\/\/retina.ch\/fr\/wp-json\/wp\/v2\/types\/medienmitteilung"}],"version-history":[{"count":4,"href":"https:\/\/retina.ch\/fr\/wp-json\/wp\/v2\/medienmitteilung\/13450\/revisions"}],"predecessor-version":[{"id":13461,"href":"https:\/\/retina.ch\/fr\/wp-json\/wp\/v2\/medienmitteilung\/13450\/revisions\/13461"}],"wp:featuredmedia":[{"embeddable":true,"href":"https:\/\/retina.ch\/fr\/wp-json\/wp\/v2\/media\/13440"}],"wp:attachment":[{"href":"https:\/\/retina.ch\/fr\/wp-json\/wp\/v2\/media?parent=13450"}],"wp:term":[{"taxonomy":"category","embeddable":true,"href":"https:\/\/retina.ch\/fr\/wp-json\/wp\/v2\/categories?post=13450"}],"curies":[{"name":"wp","href":"https:\/\/api.w.org\/{rel}","templated":true}]}}