{"id":3950,"date":"2020-10-28T11:49:51","date_gmt":"2020-10-28T10:49:51","guid":{"rendered":"https:\/\/dev.retina.ch\/?post_type=netzhauterkrankungen&#038;p=3950"},"modified":"2025-03-05T15:30:19","modified_gmt":"2025-03-05T14:30:19","slug":"amaurose-congenitale-de-leber","status":"publish","type":"netzhauterkrankungen","link":"https:\/\/retina.ch\/fr\/degenerescences-retiniennes\/amaurose-congenitale-de-leber\/","title":{"rendered":"Amaurose cong\u00e9nitale de Leber"},"content":{"rendered":"\n<pre class=\"wp-block-preformatted\"><\/pre>\n\n\n\n<p>L&rsquo;amaurose cong\u00e9nitale de Leber (LCA) englobe un groupe de dystrophies r\u00e9tiniennes-choro\u00efdiennes pr\u00e9sentant une grande vari\u00e9t\u00e9 d&rsquo;expression, caus\u00e9es par un dysfonctionnement de l&rsquo;\u00e9pith\u00e9lium pigmentaire r\u00e9tinien. Ce dysfonctionnement entra\u00eene la perte de fonction de la r\u00e9tine et la d\u00e9g\u00e9n\u00e9rescence de la choro\u00efde. L&rsquo;on estime \u00e0 200 le nombre de personnes affect\u00e9es de cette maladie en Suisse.<\/p>\n\n\n\n<p>Une grave alt\u00e9ration de la vision, voire la c\u00e9cit\u00e9, est pr\u00e9sente d\u00e8s la naissance ou survient au cours de la premi\u00e8re ann\u00e9e de vie. Une perception de la lumi\u00e8re subsiste encore dans la plupart des cas, dans de nombreux cas le patient a une acuit\u00e9 visuelle (visus) de 20 pour-cent. Il n&rsquo;est pas rare que la vue r\u00e9siduelle subsiste durant de nombreuses ann\u00e9es.<\/p>\n\n\n\n<p>La LCA peut avoir des causes g\u00e9n\u00e9tiques tr\u00e8s diverses. Pour une forme de LCA caus\u00e9e par une mutation dans le g\u00e8ne RPE65, des premi\u00e8res tentatives de th\u00e9rapie g\u00e9nique ont \u00e9t\u00e9 engag\u00e9es en 2006. Ces essais ont montr\u00e9 que la th\u00e9rapie g\u00e9nique de l\u2019\u0153il est un proc\u00e9d\u00e9 s\u00fbr et ils sont en cours dans divers pays. Aux \u00c9tats-Unis, la FDA a approuv\u00e9 la th\u00e9rapie g\u00e9nique pour le g\u00eane RPE65 (fin 2017).<\/p>\n\n\n\n<div class=\"wp-block-columns icon-block is-layout-flex wp-container-core-columns-is-layout-9d6595d7 wp-block-columns-is-layout-flex\">\n<div class=\"wp-block-column is-layout-flow wp-block-column-is-layout-flow\"><span class='maxbutton-6-container mb-container'><a class=\"maxbutton-6 maxbutton maxbutton-beratung-anmelden\" title=\"Pers\u00f6nliche Beratung Anmelden\" href=\"\/beratungen\/individuelle-beratung\/\" data-maxbuttoncounter=\"{&quot;button_id&quot;:&quot;6&quot;,&quot;url&quot;:&quot;\\\/beratungen\\\/individuelle-beratung\\\/&quot;,&quot;check&quot;:&quot;bWuaKQZn&quot;}\" data-maxbuttonpage=\"{&quot;id&quot;:3950,&quot;type&quot;:&quot;netzhauterkrankungen&quot;}\"><span class=\"mb-icon\"><img loading=\"lazy\" decoding=\"async\" class=\"mb-img\" src=\"https:\/\/retina.ch\/wp-content\/uploads\/2020\/10\/icon-comments-black-400x356.png\" title=\"icon-comments-black\" width=\"400\" height=\"356\"   border=\"0\" \/><\/span><span class=\"mb-icon-hover\"><img loading=\"lazy\" decoding=\"async\" class=\"mb-img-hover\" src=\"https:\/\/retina.ch\/wp-content\/uploads\/2020\/10\/icon-comments-yellow-400x356.png\" title=\"icon-comments-black\" width=\"576\" height=\"512\"   border=\"0\" \/><\/span><span class='mb-text' >S&#039;inscrire pour<\/span><span class=\"mb-text2\"  >une consultation<\/span><\/a><\/span>\n<\/div>\n\n\n\n<div class=\"wp-block-column is-layout-flow wp-block-column-is-layout-flow\"><span class='maxbutton-7-container mb-container'><a class=\"maxbutton-7 maxbutton maxbutton-kontakt\" title=\"Retina Suisse Kontakt\" href=\"\/kontakt\/\" data-maxbuttoncounter=\"{&quot;button_id&quot;:&quot;7&quot;,&quot;url&quot;:&quot;\\\/kontakt\\\/&quot;,&quot;check&quot;:&quot;Ot5xIOiH&quot;}\" data-maxbuttonpage=\"{&quot;id&quot;:3950,&quot;type&quot;:&quot;netzhauterkrankungen&quot;}\"><span class=\"mb-icon\"><img loading=\"lazy\" decoding=\"async\" class=\"mb-img\" src=\"https:\/\/retina.ch\/wp-content\/uploads\/2020\/10\/icon-phone-black-400x400.png\" title=\"icon-phone-black\" width=\"400\" height=\"400\"   border=\"0\" \/><\/span><span class=\"mb-icon-hover\"><img loading=\"lazy\" decoding=\"async\" class=\"mb-img-hover\" src=\"https:\/\/retina.ch\/wp-content\/uploads\/2020\/10\/icon-phone-yellow-400x400.png\" title=\"icon-phone-black\" width=\"512\" height=\"512\"   border=\"0\" \/><\/span><span class='mb-text' >Retina Suisse<\/span><span class=\"mb-text2\"  >Contact<\/span><\/a><\/span>\n<\/div>\n\n\n\n<div class=\"wp-block-column is-layout-flow wp-block-column-is-layout-flow\"><span class='maxbutton-3-container mb-container'><a class=\"maxbutton-3 maxbutton maxbutton-retina-suisse-mitgliedschaft\" title=\"Retina Suisse Mitgliedschaft\" href=\"\/mitgliedschaft\/\" data-maxbuttoncounter=\"{&quot;button_id&quot;:&quot;3&quot;,&quot;url&quot;:&quot;\\\/mitgliedschaft\\\/&quot;,&quot;check&quot;:&quot;Rweb1zDP&quot;}\" data-maxbuttonpage=\"{&quot;id&quot;:3950,&quot;type&quot;:&quot;netzhauterkrankungen&quot;}\"><span class=\"mb-icon\"><img loading=\"lazy\" decoding=\"async\" class=\"mb-img\" src=\"https:\/\/retina.ch\/wp-content\/uploads\/2020\/10\/icon-users.png\" title=\"icon-users\" width=\"640\" height=\"512\"   border=\"0\" \/><\/span><span class=\"mb-icon-hover\"><img loading=\"lazy\" decoding=\"async\" class=\"mb-img-hover\" src=\"https:\/\/retina.ch\/wp-content\/uploads\/2020\/10\/icon-users-yellow.png\" title=\"icon-users\" width=\"640\" height=\"512\"   border=\"0\" \/><\/span><span class='mb-text' >Adh\u00e9rer \u00e0<\/span><span class=\"mb-text2\"  >Retina Suisse<\/span><\/a><\/span>\n<\/div>\n<\/div>\n","protected":false},"excerpt":{"rendered":"<p>L&rsquo;amaurose cong\u00e9nitale de Leber (LCA) englobe un groupe de dystrophies r\u00e9tiniennes-choro\u00efdiennes pr\u00e9sentant une grande vari\u00e9t\u00e9 d&rsquo;expression, caus\u00e9es par un dysfonctionnement de l&rsquo;\u00e9pith\u00e9lium pigmentaire r\u00e9tinien.<\/p>\n","protected":false},"featured_media":0,"template":"","meta":{"_acf_changed":false,"inline_featured_image":false,"_FSMCFIC_featured_image_caption":"","_FSMCFIC_featured_image_nocaption":"","_FSMCFIC_featured_image_hide":"","footnotes":"","_links_to":"","_links_to_target":""},"categories":[55],"class_list":["post-3950","netzhauterkrankungen","type-netzhauterkrankungen","status-publish","hentry","category-maladies"],"acf":[],"yoast_head":"<!-- This site is optimized with the Yoast SEO plugin v27.1.1 - https:\/\/yoast.com\/product\/yoast-seo-wordpress\/ -->\n<title>Amaurose cong\u00e9nitale de Leber &#8226; Retina Suisse<\/title>\n<meta name=\"description\" content=\"Amaurose cong\u00e9nitale de Leber (ACL) : causes, sympt\u00f4mes et derniers d\u00e9veloppements en mati\u00e8re de th\u00e9rapie g\u00e9nique - en savoir plus maintenant !\" \/>\n<meta name=\"robots\" content=\"index, follow, max-snippet:-1, max-image-preview:large, max-video-preview:-1\" \/>\n<link rel=\"canonical\" href=\"https:\/\/retina.ch\/fr\/degenerescences-retiniennes\/amaurose-congenitale-de-leber\/\" \/>\n<meta property=\"og:locale\" content=\"fr_FR\" \/>\n<meta property=\"og:type\" content=\"article\" \/>\n<meta property=\"og:title\" content=\"Amaurose cong\u00e9nitale de Leber &#8226; Retina Suisse\" \/>\n<meta property=\"og:description\" content=\"Amaurose cong\u00e9nitale de Leber (ACL) : causes, sympt\u00f4mes et derniers d\u00e9veloppements en mati\u00e8re de th\u00e9rapie g\u00e9nique - en savoir plus maintenant !\" \/>\n<meta property=\"og:url\" content=\"https:\/\/retina.ch\/fr\/degenerescences-retiniennes\/amaurose-congenitale-de-leber\/\" \/>\n<meta property=\"og:site_name\" content=\"Retina Suisse\" \/>\n<meta property=\"article:publisher\" content=\"https:\/\/www.facebook.com\/retinasuisse\/\" \/>\n<meta property=\"article:modified_time\" content=\"2025-03-05T14:30:19+00:00\" \/>\n<meta name=\"twitter:card\" content=\"summary_large_image\" \/>\n<meta name=\"twitter:label1\" content=\"Dur\u00e9e de lecture estim\u00e9e\" \/>\n\t<meta name=\"twitter:data1\" content=\"2 minutes\" \/>\n<script type=\"application\/ld+json\" class=\"yoast-schema-graph\">{\"@context\":\"https:\/\/schema.org\",\"@graph\":[{\"@type\":\"WebPage\",\"@id\":\"https:\/\/retina.ch\/fr\/degenerescences-retiniennes\/amaurose-congenitale-de-leber\/\",\"url\":\"https:\/\/retina.ch\/fr\/degenerescences-retiniennes\/amaurose-congenitale-de-leber\/\",\"name\":\"Amaurose cong\u00e9nitale de Leber &#8226; Retina Suisse\",\"isPartOf\":{\"@id\":\"https:\/\/retina.ch\/fr\/#website\"},\"datePublished\":\"2020-10-28T10:49:51+00:00\",\"dateModified\":\"2025-03-05T14:30:19+00:00\",\"description\":\"Amaurose cong\u00e9nitale de Leber (ACL) : causes, sympt\u00f4mes et derniers d\u00e9veloppements en mati\u00e8re de th\u00e9rapie g\u00e9nique - en savoir plus maintenant !\",\"breadcrumb\":{\"@id\":\"https:\/\/retina.ch\/fr\/degenerescences-retiniennes\/amaurose-congenitale-de-leber\/#breadcrumb\"},\"inLanguage\":\"fr-FR\",\"potentialAction\":[{\"@type\":\"ReadAction\",\"target\":[\"https:\/\/retina.ch\/fr\/degenerescences-retiniennes\/amaurose-congenitale-de-leber\/\"]}]},{\"@type\":\"BreadcrumbList\",\"@id\":\"https:\/\/retina.ch\/fr\/degenerescences-retiniennes\/amaurose-congenitale-de-leber\/#breadcrumb\",\"itemListElement\":[{\"@type\":\"ListItem\",\"position\":1,\"name\":\"Retina Suisse\",\"item\":\"https:\/\/retina.ch\/fr\/\"},{\"@type\":\"ListItem\",\"position\":2,\"name\":\"Amaurose cong\u00e9nitale de Leber\"}]},{\"@type\":\"WebSite\",\"@id\":\"https:\/\/retina.ch\/fr\/#website\",\"url\":\"https:\/\/retina.ch\/fr\/\",\"name\":\"Retina Suisse\",\"description\":\"Retina Suisse ist die Vereinigung von Patientinnen und Patienten mit Retinitis pigmentosa (RP), Makuladegeneration, Usher-Syndrom und anderen Erkrankungen des Augenhintergrundes.\",\"publisher\":{\"@id\":\"https:\/\/retina.ch\/fr\/#organization\"},\"potentialAction\":[{\"@type\":\"SearchAction\",\"target\":{\"@type\":\"EntryPoint\",\"urlTemplate\":\"https:\/\/retina.ch\/fr\/?s={search_term_string}\"},\"query-input\":{\"@type\":\"PropertyValueSpecification\",\"valueRequired\":true,\"valueName\":\"search_term_string\"}}],\"inLanguage\":\"fr-FR\"},{\"@type\":\"Organization\",\"@id\":\"https:\/\/retina.ch\/fr\/#organization\",\"name\":\"Retina Suisse\",\"url\":\"https:\/\/retina.ch\/fr\/\",\"logo\":{\"@type\":\"ImageObject\",\"inLanguage\":\"fr-FR\",\"@id\":\"https:\/\/retina.ch\/fr\/#\/schema\/logo\/image\/\",\"url\":\"https:\/\/retina.ch\/wp-content\/uploads\/2020\/09\/retina-auge-typo.svg\",\"contentUrl\":\"https:\/\/retina.ch\/wp-content\/uploads\/2020\/09\/retina-auge-typo.svg\",\"width\":\"1024\",\"height\":\"1024\",\"caption\":\"Retina Suisse\"},\"image\":{\"@id\":\"https:\/\/retina.ch\/fr\/#\/schema\/logo\/image\/\"},\"sameAs\":[\"https:\/\/www.facebook.com\/retinasuisse\/\"]}]}<\/script>\n<!-- \/ Yoast SEO plugin. -->","yoast_head_json":{"title":"Amaurose cong\u00e9nitale de Leber &#8226; Retina Suisse","description":"Amaurose cong\u00e9nitale de Leber (ACL) : causes, sympt\u00f4mes et derniers d\u00e9veloppements en mati\u00e8re de th\u00e9rapie g\u00e9nique - en savoir plus maintenant !","robots":{"index":"index","follow":"follow","max-snippet":"max-snippet:-1","max-image-preview":"max-image-preview:large","max-video-preview":"max-video-preview:-1"},"canonical":"https:\/\/retina.ch\/fr\/degenerescences-retiniennes\/amaurose-congenitale-de-leber\/","og_locale":"fr_FR","og_type":"article","og_title":"Amaurose cong\u00e9nitale de Leber &#8226; Retina Suisse","og_description":"Amaurose cong\u00e9nitale de Leber (ACL) : causes, sympt\u00f4mes et derniers d\u00e9veloppements en mati\u00e8re de th\u00e9rapie g\u00e9nique - en savoir plus maintenant !","og_url":"https:\/\/retina.ch\/fr\/degenerescences-retiniennes\/amaurose-congenitale-de-leber\/","og_site_name":"Retina Suisse","article_publisher":"https:\/\/www.facebook.com\/retinasuisse\/","article_modified_time":"2025-03-05T14:30:19+00:00","twitter_card":"summary_large_image","twitter_misc":{"Dur\u00e9e de lecture estim\u00e9e":"2 minutes"},"schema":{"@context":"https:\/\/schema.org","@graph":[{"@type":"WebPage","@id":"https:\/\/retina.ch\/fr\/degenerescences-retiniennes\/amaurose-congenitale-de-leber\/","url":"https:\/\/retina.ch\/fr\/degenerescences-retiniennes\/amaurose-congenitale-de-leber\/","name":"Amaurose cong\u00e9nitale de Leber &#8226; Retina Suisse","isPartOf":{"@id":"https:\/\/retina.ch\/fr\/#website"},"datePublished":"2020-10-28T10:49:51+00:00","dateModified":"2025-03-05T14:30:19+00:00","description":"Amaurose cong\u00e9nitale de Leber (ACL) : causes, sympt\u00f4mes et derniers d\u00e9veloppements en mati\u00e8re de th\u00e9rapie g\u00e9nique - en savoir plus maintenant !","breadcrumb":{"@id":"https:\/\/retina.ch\/fr\/degenerescences-retiniennes\/amaurose-congenitale-de-leber\/#breadcrumb"},"inLanguage":"fr-FR","potentialAction":[{"@type":"ReadAction","target":["https:\/\/retina.ch\/fr\/degenerescences-retiniennes\/amaurose-congenitale-de-leber\/"]}]},{"@type":"BreadcrumbList","@id":"https:\/\/retina.ch\/fr\/degenerescences-retiniennes\/amaurose-congenitale-de-leber\/#breadcrumb","itemListElement":[{"@type":"ListItem","position":1,"name":"Retina Suisse","item":"https:\/\/retina.ch\/fr\/"},{"@type":"ListItem","position":2,"name":"Amaurose cong\u00e9nitale de Leber"}]},{"@type":"WebSite","@id":"https:\/\/retina.ch\/fr\/#website","url":"https:\/\/retina.ch\/fr\/","name":"Retina Suisse","description":"Retina Suisse ist die Vereinigung von Patientinnen und Patienten mit Retinitis pigmentosa (RP), Makuladegeneration, Usher-Syndrom und anderen Erkrankungen des Augenhintergrundes.","publisher":{"@id":"https:\/\/retina.ch\/fr\/#organization"},"potentialAction":[{"@type":"SearchAction","target":{"@type":"EntryPoint","urlTemplate":"https:\/\/retina.ch\/fr\/?s={search_term_string}"},"query-input":{"@type":"PropertyValueSpecification","valueRequired":true,"valueName":"search_term_string"}}],"inLanguage":"fr-FR"},{"@type":"Organization","@id":"https:\/\/retina.ch\/fr\/#organization","name":"Retina Suisse","url":"https:\/\/retina.ch\/fr\/","logo":{"@type":"ImageObject","inLanguage":"fr-FR","@id":"https:\/\/retina.ch\/fr\/#\/schema\/logo\/image\/","url":"https:\/\/retina.ch\/wp-content\/uploads\/2020\/09\/retina-auge-typo.svg","contentUrl":"https:\/\/retina.ch\/wp-content\/uploads\/2020\/09\/retina-auge-typo.svg","width":"1024","height":"1024","caption":"Retina Suisse"},"image":{"@id":"https:\/\/retina.ch\/fr\/#\/schema\/logo\/image\/"},"sameAs":["https:\/\/www.facebook.com\/retinasuisse\/"]}]}},"_links":{"self":[{"href":"https:\/\/retina.ch\/fr\/wp-json\/wp\/v2\/netzhauterkrankungen\/3950","targetHints":{"allow":["GET"]}}],"collection":[{"href":"https:\/\/retina.ch\/fr\/wp-json\/wp\/v2\/netzhauterkrankungen"}],"about":[{"href":"https:\/\/retina.ch\/fr\/wp-json\/wp\/v2\/types\/netzhauterkrankungen"}],"version-history":[{"count":1,"href":"https:\/\/retina.ch\/fr\/wp-json\/wp\/v2\/netzhauterkrankungen\/3950\/revisions"}],"predecessor-version":[{"id":10520,"href":"https:\/\/retina.ch\/fr\/wp-json\/wp\/v2\/netzhauterkrankungen\/3950\/revisions\/10520"}],"wp:attachment":[{"href":"https:\/\/retina.ch\/fr\/wp-json\/wp\/v2\/media?parent=3950"}],"wp:term":[{"taxonomy":"category","embeddable":true,"href":"https:\/\/retina.ch\/fr\/wp-json\/wp\/v2\/categories?post=3950"}],"curies":[{"name":"wp","href":"https:\/\/api.w.org\/{rel}","templated":true}]}}