{"id":9770,"date":"2022-10-03T15:40:42","date_gmt":"2022-10-03T13:40:42","guid":{"rendered":"https:\/\/retina.ch\/?post_type=netzhauterkrankungen&#038;p=9770"},"modified":"2025-03-05T15:54:39","modified_gmt":"2025-03-05T14:54:39","slug":"syndrome-de-refsum","status":"publish","type":"netzhauterkrankungen","link":"https:\/\/retina.ch\/fr\/degenerescences-retiniennes\/syndrome-de-refsum\/","title":{"rendered":"Syndrome de Refsum"},"content":{"rendered":"\n<p>Le syndrome de Refsum est une maladie m\u00e9tabolique caus\u00e9e par un d\u00e9faut dans le m\u00e9tabolisme de l\u2019acide phytanique. Les sympt\u00f4mes de cette tr\u00e8s rare affection sont des modifications de la r\u00e9tine ainsi que des troubles neurologiques comme la surdit\u00e9, des perturbations de l\u2019odorat et du go\u00fbt, des troubles de l\u2019\u00e9quilibre ou de la coordination des mouvements. Il est fr\u00e9quent que les personnes affect\u00e9es de ce syndrome souffrent d\u2019abord d\u2019une <a href=\"https:\/\/retina.ch\/fr\/degenerescences-retiniennes\/retinite-pigmentaire\/\" target=\"_blank\" rel=\"noreferrer noopener\">r\u00e9tinite pigmentaire<\/a> (RP) \u00e9volutive, une d\u00e9g\u00e9n\u00e9rescence rare de la r\u00e9tine. Ensuite, quelques-unes des personnes concern\u00e9es pr\u00e9sentent des maladies osseuses et articulaires ainsi que des modifications de la peau.<\/p>\n\n\n\n<p>Il n\u2019est pas possible \u00e0 ce jour de traiter les causes de cette maladie tr\u00e8s rare &#8211; on estime que, dans le monde, moins de 1000 cas sont document\u00e9s.&nbsp; Un r\u00e9gime alimentaire strict, pauvre en acide phytanique peut retarder l\u2019\u00e9volution de la maladie. Les personnes concern\u00e9es doivent notamment renoncer \u00e0 des aliments qui contiennent de l\u2019acide phytanique. Comptent au nombre de ces aliments les produits laitiers, le poisson, la viande de ruminants. Les personnes astreintes \u00e0 ce r\u00e9gime doivent veiller \u00e0 un apport calorique suffisant car, en cas de perte de poids, de l\u2019acide phytanique est lib\u00e9r\u00e9 par les r\u00e9serves de graisse du corps. Il peut s\u2019ensuivre une augmentation du taux d\u2019acide phytanique dans le sang et une aggravation des sympt\u00f4mes. Il convient de prendre plusieurs petits repas r\u00e9partis au cours de la journ\u00e9e et d\u2019\u00e9viter les p\u00e9riodes de je\u00fbne de longue dur\u00e9e. Le taux d\u2019acide phytanique peut aussi augmenter \u00e0 la suite d\u2019une intervention chirurgicale et d\u2019autres situations de stress corporel. Si le r\u00e9gime ne suffit pas \u00e0 faire baisser la concentration d\u2019acide phytanique&nbsp; dans le sang, il peut \u00eatre b\u00e9n\u00e9fique de proc\u00e9der \u00e0 un nettoyage sp\u00e9cial du sang (plasmaph\u00e9r\u00e8se ou aph\u00e9r\u00e8se lipidique). Gr\u00e2ce \u00e0 ce processus, l\u2019\u00e9volution de la maladie peut \u00eatre stabilis\u00e9e, voire ralentie.<\/p>\n\n\n\n<p>Le syndrome de Refsum se transmet par mode h\u00e9r\u00e9ditaire autosomique r\u00e9cessif et doit son nom \u00e0 la premi\u00e8re personne qui l\u2019a d\u00e9crit, le m\u00e9decin norv\u00e9gien Sigvald Refsum (1907-1991).<\/p>\n\n\n\n<h4 class=\"wp-block-heading\">Pour plus d&rsquo;informations:<\/h4>\n\n\n\n<ul class=\"wp-block-list\">\n<li><a href=\"https:\/\/www.proraris.ch\/fr\/homepage.html\">proraris.ch<\/a><\/li>\n\n\n\n<li><a href=\"http:\/\/www.defeatadultrefsumeverywhere.org\">defeatadultrefsumeverywhere.org<\/a><\/li>\n<\/ul>\n\n\n\n<div class=\"wp-block-columns icon-block is-layout-flex wp-container-core-columns-is-layout-9d6595d7 wp-block-columns-is-layout-flex\">\n<div class=\"wp-block-column is-layout-flow wp-block-column-is-layout-flow\"><span class='maxbutton-6-container mb-container'><a class=\"maxbutton-6 maxbutton maxbutton-beratung-anmelden\" title=\"Pers\u00f6nliche Beratung Anmelden\" href=\"\/beratungen\/individuelle-beratung\/\" data-maxbuttoncounter=\"{&quot;button_id&quot;:&quot;6&quot;,&quot;url&quot;:&quot;\\\/beratungen\\\/individuelle-beratung\\\/&quot;,&quot;check&quot;:&quot;bWuaKQZn&quot;}\" data-maxbuttonpage=\"{&quot;id&quot;:9770,&quot;type&quot;:&quot;netzhauterkrankungen&quot;}\"><span class=\"mb-icon\"><img loading=\"lazy\" decoding=\"async\" class=\"mb-img\" src=\"https:\/\/retina.ch\/wp-content\/uploads\/2020\/10\/icon-comments-black-400x356.png\" title=\"icon-comments-black\" width=\"400\" height=\"356\"   border=\"0\" \/><\/span><span class=\"mb-icon-hover\"><img loading=\"lazy\" decoding=\"async\" class=\"mb-img-hover\" src=\"https:\/\/retina.ch\/wp-content\/uploads\/2020\/10\/icon-comments-yellow-400x356.png\" title=\"icon-comments-black\" width=\"576\" height=\"512\"   border=\"0\" \/><\/span><span class='mb-text' >S&#039;inscrire pour<\/span><span class=\"mb-text2\"  >une consultation<\/span><\/a><\/span>\n<\/div>\n\n\n\n<div class=\"wp-block-column is-layout-flow wp-block-column-is-layout-flow\"><span class='maxbutton-7-container mb-container'><a class=\"maxbutton-7 maxbutton maxbutton-kontakt\" title=\"Retina Suisse Kontakt\" href=\"\/kontakt\/\" data-maxbuttoncounter=\"{&quot;button_id&quot;:&quot;7&quot;,&quot;url&quot;:&quot;\\\/kontakt\\\/&quot;,&quot;check&quot;:&quot;Ot5xIOiH&quot;}\" data-maxbuttonpage=\"{&quot;id&quot;:9770,&quot;type&quot;:&quot;netzhauterkrankungen&quot;}\"><span class=\"mb-icon\"><img loading=\"lazy\" decoding=\"async\" class=\"mb-img\" src=\"https:\/\/retina.ch\/wp-content\/uploads\/2020\/10\/icon-phone-black-400x400.png\" title=\"icon-phone-black\" width=\"400\" height=\"400\"   border=\"0\" \/><\/span><span class=\"mb-icon-hover\"><img loading=\"lazy\" decoding=\"async\" class=\"mb-img-hover\" src=\"https:\/\/retina.ch\/wp-content\/uploads\/2020\/10\/icon-phone-yellow-400x400.png\" title=\"icon-phone-black\" width=\"512\" height=\"512\"   border=\"0\" \/><\/span><span class='mb-text' >Retina Suisse<\/span><span class=\"mb-text2\"  >Contact<\/span><\/a><\/span>\n<\/div>\n\n\n\n<div class=\"wp-block-column is-layout-flow wp-block-column-is-layout-flow\"><span class='maxbutton-3-container mb-container'><a class=\"maxbutton-3 maxbutton maxbutton-retina-suisse-mitgliedschaft\" title=\"Retina Suisse Mitgliedschaft\" href=\"\/mitgliedschaft\/\" data-maxbuttoncounter=\"{&quot;button_id&quot;:&quot;3&quot;,&quot;url&quot;:&quot;\\\/mitgliedschaft\\\/&quot;,&quot;check&quot;:&quot;Rweb1zDP&quot;}\" data-maxbuttonpage=\"{&quot;id&quot;:9770,&quot;type&quot;:&quot;netzhauterkrankungen&quot;}\"><span class=\"mb-icon\"><img loading=\"lazy\" decoding=\"async\" class=\"mb-img\" src=\"https:\/\/retina.ch\/wp-content\/uploads\/2020\/10\/icon-users.png\" title=\"icon-users\" width=\"640\" height=\"512\"   border=\"0\" \/><\/span><span class=\"mb-icon-hover\"><img loading=\"lazy\" decoding=\"async\" class=\"mb-img-hover\" src=\"https:\/\/retina.ch\/wp-content\/uploads\/2020\/10\/icon-users-yellow.png\" title=\"icon-users\" width=\"640\" height=\"512\"   border=\"0\" \/><\/span><span class='mb-text' >Adh\u00e9rer \u00e0<\/span><span class=\"mb-text2\"  >Retina Suisse<\/span><\/a><\/span>\n<\/div>\n<\/div>\n","protected":false},"excerpt":{"rendered":"<p>Le syndrome de Refsum est une maladie m\u00e9tabolique caus\u00e9e par un d\u00e9faut dans le m\u00e9tabolisme de l\u2019acide phytanique. Les sympt\u00f4mes de cette tr\u00e8s rare affection sont des modifications de la r\u00e9tine ainsi que des troubles neurologiques comme la surdit\u00e9, des perturbations de l\u2019odorat et du go\u00fbt, des troubles de l\u2019\u00e9quilibre ou de la coordination des mouvements.<\/p>\n","protected":false},"featured_media":0,"template":"","meta":{"_acf_changed":false,"inline_featured_image":false,"_FSMCFIC_featured_image_caption":"","_FSMCFIC_featured_image_nocaption":"","_FSMCFIC_featured_image_hide":"","footnotes":"","_links_to":"","_links_to_target":""},"categories":[146],"class_list":["post-9770","netzhauterkrankungen","type-netzhauterkrankungen","status-publish","hentry","category-syndrome-de-refsum"],"acf":[],"yoast_head":"<!-- This site is optimized with the Yoast SEO plugin v27.1.1 - https:\/\/yoast.com\/product\/yoast-seo-wordpress\/ -->\n<title>Syndrome de Refsum &#8226; Retina Suisse<\/title>\n<meta name=\"description\" content=\"Le syndrome de Refsum est une maladie m\u00e9tabolique caus\u00e9e par un trouble du m\u00e9tabolisme de l&#039;acide phytanique.\" \/>\n<meta name=\"robots\" content=\"index, follow, max-snippet:-1, max-image-preview:large, max-video-preview:-1\" \/>\n<link rel=\"canonical\" href=\"https:\/\/retina.ch\/fr\/degenerescences-retiniennes\/syndrome-de-refsum\/\" \/>\n<meta property=\"og:locale\" content=\"fr_FR\" \/>\n<meta property=\"og:type\" content=\"article\" \/>\n<meta property=\"og:title\" content=\"Syndrome de Refsum &#8226; Retina Suisse\" \/>\n<meta property=\"og:description\" content=\"Le syndrome de Refsum est une maladie m\u00e9tabolique caus\u00e9e par un trouble du m\u00e9tabolisme de l&#039;acide phytanique.\" \/>\n<meta property=\"og:url\" content=\"https:\/\/retina.ch\/fr\/degenerescences-retiniennes\/syndrome-de-refsum\/\" \/>\n<meta property=\"og:site_name\" content=\"Retina Suisse\" \/>\n<meta property=\"article:publisher\" content=\"https:\/\/www.facebook.com\/retinasuisse\/\" \/>\n<meta property=\"article:modified_time\" content=\"2025-03-05T14:54:39+00:00\" \/>\n<meta name=\"twitter:card\" content=\"summary_large_image\" \/>\n<meta name=\"twitter:label1\" content=\"Dur\u00e9e de lecture estim\u00e9e\" \/>\n\t<meta name=\"twitter:data1\" content=\"2 minutes\" \/>\n<script type=\"application\/ld+json\" class=\"yoast-schema-graph\">{\"@context\":\"https:\/\/schema.org\",\"@graph\":[{\"@type\":\"WebPage\",\"@id\":\"https:\/\/retina.ch\/fr\/degenerescences-retiniennes\/syndrome-de-refsum\/\",\"url\":\"https:\/\/retina.ch\/fr\/degenerescences-retiniennes\/syndrome-de-refsum\/\",\"name\":\"Syndrome de Refsum &#8226; Retina Suisse\",\"isPartOf\":{\"@id\":\"https:\/\/retina.ch\/fr\/#website\"},\"datePublished\":\"2022-10-03T13:40:42+00:00\",\"dateModified\":\"2025-03-05T14:54:39+00:00\",\"description\":\"Le syndrome de Refsum est une maladie m\u00e9tabolique caus\u00e9e par un trouble du m\u00e9tabolisme de l'acide phytanique.\",\"breadcrumb\":{\"@id\":\"https:\/\/retina.ch\/fr\/degenerescences-retiniennes\/syndrome-de-refsum\/#breadcrumb\"},\"inLanguage\":\"fr-FR\",\"potentialAction\":[{\"@type\":\"ReadAction\",\"target\":[\"https:\/\/retina.ch\/fr\/degenerescences-retiniennes\/syndrome-de-refsum\/\"]}]},{\"@type\":\"BreadcrumbList\",\"@id\":\"https:\/\/retina.ch\/fr\/degenerescences-retiniennes\/syndrome-de-refsum\/#breadcrumb\",\"itemListElement\":[{\"@type\":\"ListItem\",\"position\":1,\"name\":\"Retina Suisse\",\"item\":\"https:\/\/retina.ch\/fr\/\"},{\"@type\":\"ListItem\",\"position\":2,\"name\":\"Syndrome de Refsum\"}]},{\"@type\":\"WebSite\",\"@id\":\"https:\/\/retina.ch\/fr\/#website\",\"url\":\"https:\/\/retina.ch\/fr\/\",\"name\":\"Retina Suisse\",\"description\":\"Retina Suisse ist die Vereinigung von Patientinnen und Patienten mit Retinitis pigmentosa (RP), Makuladegeneration, Usher-Syndrom und anderen Erkrankungen des Augenhintergrundes.\",\"publisher\":{\"@id\":\"https:\/\/retina.ch\/fr\/#organization\"},\"potentialAction\":[{\"@type\":\"SearchAction\",\"target\":{\"@type\":\"EntryPoint\",\"urlTemplate\":\"https:\/\/retina.ch\/fr\/?s={search_term_string}\"},\"query-input\":{\"@type\":\"PropertyValueSpecification\",\"valueRequired\":true,\"valueName\":\"search_term_string\"}}],\"inLanguage\":\"fr-FR\"},{\"@type\":\"Organization\",\"@id\":\"https:\/\/retina.ch\/fr\/#organization\",\"name\":\"Retina Suisse\",\"url\":\"https:\/\/retina.ch\/fr\/\",\"logo\":{\"@type\":\"ImageObject\",\"inLanguage\":\"fr-FR\",\"@id\":\"https:\/\/retina.ch\/fr\/#\/schema\/logo\/image\/\",\"url\":\"https:\/\/retina.ch\/wp-content\/uploads\/2020\/09\/retina-auge-typo.svg\",\"contentUrl\":\"https:\/\/retina.ch\/wp-content\/uploads\/2020\/09\/retina-auge-typo.svg\",\"width\":\"1024\",\"height\":\"1024\",\"caption\":\"Retina Suisse\"},\"image\":{\"@id\":\"https:\/\/retina.ch\/fr\/#\/schema\/logo\/image\/\"},\"sameAs\":[\"https:\/\/www.facebook.com\/retinasuisse\/\"]}]}<\/script>\n<!-- \/ Yoast SEO plugin. -->","yoast_head_json":{"title":"Syndrome de Refsum &#8226; Retina Suisse","description":"Le syndrome de Refsum est une maladie m\u00e9tabolique caus\u00e9e par un trouble du m\u00e9tabolisme de l'acide phytanique.","robots":{"index":"index","follow":"follow","max-snippet":"max-snippet:-1","max-image-preview":"max-image-preview:large","max-video-preview":"max-video-preview:-1"},"canonical":"https:\/\/retina.ch\/fr\/degenerescences-retiniennes\/syndrome-de-refsum\/","og_locale":"fr_FR","og_type":"article","og_title":"Syndrome de Refsum &#8226; Retina Suisse","og_description":"Le syndrome de Refsum est une maladie m\u00e9tabolique caus\u00e9e par un trouble du m\u00e9tabolisme de l'acide phytanique.","og_url":"https:\/\/retina.ch\/fr\/degenerescences-retiniennes\/syndrome-de-refsum\/","og_site_name":"Retina Suisse","article_publisher":"https:\/\/www.facebook.com\/retinasuisse\/","article_modified_time":"2025-03-05T14:54:39+00:00","twitter_card":"summary_large_image","twitter_misc":{"Dur\u00e9e de lecture estim\u00e9e":"2 minutes"},"schema":{"@context":"https:\/\/schema.org","@graph":[{"@type":"WebPage","@id":"https:\/\/retina.ch\/fr\/degenerescences-retiniennes\/syndrome-de-refsum\/","url":"https:\/\/retina.ch\/fr\/degenerescences-retiniennes\/syndrome-de-refsum\/","name":"Syndrome de Refsum &#8226; Retina Suisse","isPartOf":{"@id":"https:\/\/retina.ch\/fr\/#website"},"datePublished":"2022-10-03T13:40:42+00:00","dateModified":"2025-03-05T14:54:39+00:00","description":"Le syndrome de Refsum est une maladie m\u00e9tabolique caus\u00e9e par un trouble du m\u00e9tabolisme de l'acide phytanique.","breadcrumb":{"@id":"https:\/\/retina.ch\/fr\/degenerescences-retiniennes\/syndrome-de-refsum\/#breadcrumb"},"inLanguage":"fr-FR","potentialAction":[{"@type":"ReadAction","target":["https:\/\/retina.ch\/fr\/degenerescences-retiniennes\/syndrome-de-refsum\/"]}]},{"@type":"BreadcrumbList","@id":"https:\/\/retina.ch\/fr\/degenerescences-retiniennes\/syndrome-de-refsum\/#breadcrumb","itemListElement":[{"@type":"ListItem","position":1,"name":"Retina Suisse","item":"https:\/\/retina.ch\/fr\/"},{"@type":"ListItem","position":2,"name":"Syndrome de Refsum"}]},{"@type":"WebSite","@id":"https:\/\/retina.ch\/fr\/#website","url":"https:\/\/retina.ch\/fr\/","name":"Retina Suisse","description":"Retina Suisse ist die Vereinigung von Patientinnen und Patienten mit Retinitis pigmentosa (RP), Makuladegeneration, Usher-Syndrom und anderen Erkrankungen des Augenhintergrundes.","publisher":{"@id":"https:\/\/retina.ch\/fr\/#organization"},"potentialAction":[{"@type":"SearchAction","target":{"@type":"EntryPoint","urlTemplate":"https:\/\/retina.ch\/fr\/?s={search_term_string}"},"query-input":{"@type":"PropertyValueSpecification","valueRequired":true,"valueName":"search_term_string"}}],"inLanguage":"fr-FR"},{"@type":"Organization","@id":"https:\/\/retina.ch\/fr\/#organization","name":"Retina Suisse","url":"https:\/\/retina.ch\/fr\/","logo":{"@type":"ImageObject","inLanguage":"fr-FR","@id":"https:\/\/retina.ch\/fr\/#\/schema\/logo\/image\/","url":"https:\/\/retina.ch\/wp-content\/uploads\/2020\/09\/retina-auge-typo.svg","contentUrl":"https:\/\/retina.ch\/wp-content\/uploads\/2020\/09\/retina-auge-typo.svg","width":"1024","height":"1024","caption":"Retina Suisse"},"image":{"@id":"https:\/\/retina.ch\/fr\/#\/schema\/logo\/image\/"},"sameAs":["https:\/\/www.facebook.com\/retinasuisse\/"]}]}},"_links":{"self":[{"href":"https:\/\/retina.ch\/fr\/wp-json\/wp\/v2\/netzhauterkrankungen\/9770","targetHints":{"allow":["GET"]}}],"collection":[{"href":"https:\/\/retina.ch\/fr\/wp-json\/wp\/v2\/netzhauterkrankungen"}],"about":[{"href":"https:\/\/retina.ch\/fr\/wp-json\/wp\/v2\/types\/netzhauterkrankungen"}],"version-history":[{"count":13,"href":"https:\/\/retina.ch\/fr\/wp-json\/wp\/v2\/netzhauterkrankungen\/9770\/revisions"}],"predecessor-version":[{"id":20998,"href":"https:\/\/retina.ch\/fr\/wp-json\/wp\/v2\/netzhauterkrankungen\/9770\/revisions\/20998"}],"wp:attachment":[{"href":"https:\/\/retina.ch\/fr\/wp-json\/wp\/v2\/media?parent=9770"}],"wp:term":[{"taxonomy":"category","embeddable":true,"href":"https:\/\/retina.ch\/fr\/wp-json\/wp\/v2\/categories?post=9770"}],"curies":[{"name":"wp","href":"https:\/\/api.w.org\/{rel}","templated":true}]}}