{"id":11037,"date":"2023-04-14T15:55:57","date_gmt":"2023-04-14T13:55:57","guid":{"rendered":"https:\/\/dev.retina.ch\/?page_id=11037"},"modified":"2025-04-15T10:24:45","modified_gmt":"2025-04-15T08:24:45","slug":"medias","status":"publish","type":"page","link":"https:\/\/retina.ch\/fr\/medias\/","title":{"rendered":"Pour les journalistes"},"content":{"rendered":"\n<p class=\"has-medium-font-size\">Vous trouverez ici nos communiqu\u00e9s de presse et nos rapports actuels sur la recherche concernant les maladies de la r\u00e9tine, le glaucome et la cataracte.<\/p>\n\n\n\n<p>Nous avons \u00e9galement r\u00e9dig\u00e9 un inventaire des pathologies r\u00e9tiniennes les plus fr\u00e9quentes et d&rsquo;autres maladies oculaires.<\/p>\n\n\n\n<p>Vous pouvez vous adresser \u00e0 tout moment \u00e0 notre service de communication, dont les coordonn\u00e9es directes figurent juste apr\u00e8s.<\/p>\n\n\n\n<div style=\"height:50px\" aria-hidden=\"true\" class=\"wp-block-spacer\"><\/div>\n\n\n\n<h2 class=\"wp-block-heading\">Contact<\/h2>\n\n\n\n<div style=\"height:30px\" aria-hidden=\"true\" class=\"wp-block-spacer\"><\/div>\n\n\n\n<div class=\"wp-block-columns is-layout-flex wp-container-core-columns-is-layout-9d6595d7 wp-block-columns-is-layout-flex\">\n<div class=\"wp-block-column is-layout-flow wp-block-column-is-layout-flow\">\n<h4 class=\"wp-block-heading\">Peter Jankovsky<\/h4>\n\n\n\n<p>Responsable de la communication<br>lundi \u00e0 mercredi<\/p>\n\n\n\n<p>044 444 10 79<br>076 334 90 82<br><a href=\"mailto:peter.jankovsky@retina.ch\">peter.jankovsky@retina.ch<\/a><\/p>\n<\/div>\n\n\n\n<div class=\"wp-block-column is-layout-flow wp-block-column-is-layout-flow\">\n<h4 class=\"wp-block-heading\">Stephan H\u00fcsler<\/h4>\n\n\n\n<p>Directeur<br>lundi \u00e0 vendredi<\/p>\n\n\n\n<p>044 444 10 77<br><br><a href=\"mailto:stephan.huesler@retina.ch\">stephan.huesler@retina.ch<\/a><\/p>\n<\/div>\n<\/div>\n\n\n\n<div style=\"height:40px\" aria-hidden=\"true\" class=\"wp-block-spacer\"><\/div>\n\n\n\n<div class=\"wp-block-nk-awb nk-awb alignfull hightlightbox nomargtop\"><div class=\"nk-awb-wrap\" data-awb-type=\"color\"><div class=\"nk-awb-overlay\" style=\"background: #fff9bf;\"><\/div><\/div><div class=\"nk-awb-wrap-content is-layout-constrained wp-block-nk-awb-is-layout-constrained\">\n<div class=\"wp-block-group\"><div class=\"wp-block-group__inner-container is-layout-flow wp-block-group-is-layout-flow\">\t\t<div class=\"archive-flxbx\">\n\t\t\n<article id=\"post-26667\" class=\"post-26667 ratgeber type-ratgeber status-publish has-post-thumbnail hentry category-highlight-fr category-histoire\">\n\n\t\t\n\t<div class=\"archive-icon\">\n\t<\/div>\n\t\n\t<a href=\"https:\/\/retina.ch\/fr\/conseils\/le-chercheur-qui-etudie-la-retine-alors-quil-est-lui-meme-touche-par-une-maladie-retinienne-entretien\/\">\n\t<div class=\"archive-date\">\n\t\t<!-- Date  -->\n\t\t<!-- Time  -->\t<\/div><!-- archive-date -->\n\n\t<header class=\"entry-header\">\n\t\t<h2 class=\"entry-title\">Le chercheur qui \u00e9tudie la r\u00e9tine alors qu\u2019il est lui-m\u00eame touch\u00e9 par une maladie r\u00e9tinienne<\/h2>\t<\/header><!-- .entry-header -->\n\t<\/a>\n\t\n\t\t\t<a class=\"post-thumbnail\" href=\"https:\/\/retina.ch\/fr\/conseils\/le-chercheur-qui-etudie-la-retine-alors-quil-est-lui-meme-touche-par-une-maladie-retinienne-entretien\/\" aria-hidden=\"true\" tabindex=\"-1\">\n\t\t\t\t<figure class=\"wp-caption fsmcfi-fig featured\"><img loading=\"lazy\" decoding=\"async\" width=\"2560\" height=\"1325\" src=\"https:\/\/retina.ch\/wp-content\/uploads\/2026\/04\/Foto-Thomas-Heigl-02-scaled.jpg\" class=\"attachment-post-thumbnail size-post-thumbnail wp-post-image\" alt=\"Le chercheur qui \u00e9tudie la r\u00e9tine alors qu\u2019il est lui-m\u00eame touch\u00e9 par une maladie r\u00e9tinienne\" srcset=\"https:\/\/retina.ch\/wp-content\/uploads\/2026\/04\/Foto-Thomas-Heigl-02-scaled.jpg 2560w, https:\/\/retina.ch\/wp-content\/uploads\/2026\/04\/Foto-Thomas-Heigl-02-400x207.jpg 400w, https:\/\/retina.ch\/wp-content\/uploads\/2026\/04\/Foto-Thomas-Heigl-02-1400x724.jpg 1400w, https:\/\/retina.ch\/wp-content\/uploads\/2026\/04\/Foto-Thomas-Heigl-02-500x259.jpg 500w, https:\/\/retina.ch\/wp-content\/uploads\/2026\/04\/Foto-Thomas-Heigl-02-768x397.jpg 768w, https:\/\/retina.ch\/wp-content\/uploads\/2026\/04\/Foto-Thomas-Heigl-02-1536x795.jpg 1536w, https:\/\/retina.ch\/wp-content\/uploads\/2026\/04\/Foto-Thomas-Heigl-02-2048x1060.jpg 2048w, https:\/\/retina.ch\/wp-content\/uploads\/2026\/04\/Foto-Thomas-Heigl-02-800x414.jpg 800w, https:\/\/retina.ch\/wp-content\/uploads\/2026\/04\/Foto-Thomas-Heigl-02-1280x662.jpg 1280w, https:\/\/retina.ch\/wp-content\/uploads\/2026\/04\/Foto-Thomas-Heigl-02-1920x993.jpg 1920w\" sizes=\"auto, (max-width: 2560px) 100vw, 2560px\" \/><\/figure>\t\t\t<\/a>\n\n\t\t\t\n\t<div class=\"archive-details\">\n\t\t\t\n\t\t<!-- Place  -->\n\t\t\t\t\n\t<\/div>\n\n\t<div class=\"entry-content\">\n\t\n\t\t\n\t\t\n\t\t<p>Thomas Heigl est bio-informaticien et travaille \u00e0 l\u2019h\u00f4pital universitaire de Zurich dans le domaine de la recherche sur la r\u00e9tine. Enfant d\u00e9j\u00e0, il s\u2019est vu confront\u00e9 au diagnostic de la r\u00e9tinite pigmentaire. Gr\u00e2ce \u00e0 l\u2019entra\u00eenement mental, il m\u00e8ne une vie \u00e9panouie.<\/p>\n\t\t\n\t\t<a href=\"https:\/\/retina.ch\/fr\/conseils\/le-chercheur-qui-etudie-la-retine-alors-quil-est-lui-meme-touche-par-une-maladie-retinienne-entretien\/\" class=\"btn\">suite<\/a>\n\t\t\n\t<\/div><!-- .entry-content -->\n\t\n<\/article><!-- #post-26667 -->\n        <\/div><!-- .flxbx -->\n        \n\n\n\n<div style=\"height:20px\" aria-hidden=\"true\" class=\"wp-block-spacer\"><\/div>\n<\/div><\/div>\n<\/div><\/div>\n\n\n\n<div style=\"height:40px\" aria-hidden=\"true\" class=\"wp-block-spacer\"><\/div>\n\n\n\n<h2 class=\"wp-block-heading\">Communiqu\u00e9s de presse<\/h2>\n\n\n\t\t<div class=\"archive-flxbx\">\n\t\t\n<article id=\"post-25960\" class=\"post-25960 aktuelles type-aktuelles status-publish has-post-thumbnail hentry category-communication-aux-medias category-medecine\">\n\n\t\t\n\t<div class=\"archive-icon\">\n\t<\/div>\n\t\n\t<a href=\"https:\/\/retina.ch\/fr\/actualites\/traiter-les-maladies-oculaires-avec-des-biosimilaires-pourquoi-ce-changement-soudain-les-forfaits-par-cas-ambulatoire-nempechent-pas-les-patients-de-faire-valoir-leurs-droits\/\">\n\t<div class=\"archive-date\">\n\t\t<!-- Date  -->\n\t\t<!-- Time  -->\t<\/div><!-- archive-date -->\n\n\t<header class=\"entry-header\">\n\t\t<h2 class=\"entry-title\">Traiter les maladies oculaires avec des biosimilaires, pourquoi ce changement soudain\u00a0? Les forfaits par cas ambulatoire n\u2019emp\u00eachent pas les patients de faire valoir leurs droits.<\/h2>\t<\/header><!-- .entry-header -->\n\t<\/a>\n\t\n\t\t\t<a class=\"post-thumbnail\" href=\"https:\/\/retina.ch\/fr\/actualites\/traiter-les-maladies-oculaires-avec-des-biosimilaires-pourquoi-ce-changement-soudain-les-forfaits-par-cas-ambulatoire-nempechent-pas-les-patients-de-faire-valoir-leurs-droits\/\" aria-hidden=\"true\" tabindex=\"-1\">\n\t\t\t\t<figure class=\"wp-caption fsmcfi-fig featured\"><img loading=\"lazy\" decoding=\"async\" width=\"600\" height=\"613\" src=\"https:\/\/retina.ch\/wp-content\/uploads\/2025\/11\/Retina-Foto-Susanne-01b-scaled-e1768829114336.jpg\" class=\"attachment-post-thumbnail size-post-thumbnail wp-post-image\" alt=\"Traiter les maladies oculaires avec des biosimilaires, pourquoi ce changement soudain\u00a0? Les forfaits par cas ambulatoire n\u2019emp\u00eachent pas les patients de faire valoir leurs droits.\" \/><\/figure>\t\t\t<\/a>\n\n\t\t\t\n\t<div class=\"archive-details\">\n\t\t\t\n\t\t<!-- Place  -->\n\t\t\t\t\n\t<\/div>\n\n\t<div class=\"entry-content\">\n\t\n\t\t\n\t\t\n\t\t<p>Les forfaits par cas ambulatoire nouvellement mis en place s\u2019appliquent aussi aux traitements ophtalmologiques. Les m\u00e9decins peuvent par cons\u00e9quent proposer, \u00e0 la place d\u2019un m\u00e9dicament original, un m\u00e9dicament moins cher faisant partie de la cat\u00e9gorie des biosimilaires. Si tel est le cas, la pr\u00e9cipitation n\u2019a pas lieu d\u2019\u00eatre, dit la directrice de Retina Suisse, Susanne Trudel.<\/p>\n\t\t\n\t\t<a href=\"https:\/\/retina.ch\/fr\/actualites\/traiter-les-maladies-oculaires-avec-des-biosimilaires-pourquoi-ce-changement-soudain-les-forfaits-par-cas-ambulatoire-nempechent-pas-les-patients-de-faire-valoir-leurs-droits\/\" class=\"btn\">suite<\/a>\n\t\t\n\t<\/div><!-- .entry-content -->\n\t\n<\/article><!-- #post-25960 -->\n\n<article id=\"post-21835\" class=\"post-21835 aktuelles type-aktuelles status-publish has-post-thumbnail hentry category-communication-aux-medias category-conseils\">\n\n\t\t\n\t<div class=\"archive-icon\">\n\t<\/div>\n\t\n\t<a href=\"https:\/\/retina.ch\/wp-content\/uploads\/2025\/04\/Ambulante-Fallpauschalen-in-der-Ophthalmologie-ab-2026_final_FR.pdf\">\n\t<div class=\"archive-date\">\n\t\t<!-- Date  -->\n\t\t<!-- Time  -->\t<\/div><!-- archive-date -->\n\n\t<header class=\"entry-header\">\n\t\t<h2 class=\"entry-title\">Forfaits par cas ambulatoires en ophtalmologie sur le banc d\u2019essai<\/h2>\t<\/header><!-- .entry-header -->\n\t<\/a>\n\t\n\t\t\t<a class=\"post-thumbnail\" href=\"https:\/\/retina.ch\/wp-content\/uploads\/2025\/04\/Ambulante-Fallpauschalen-in-der-Ophthalmologie-ab-2026_final_FR.pdf\" aria-hidden=\"true\" tabindex=\"-1\">\n\t\t\t\t<figure class=\"wp-caption fsmcfi-fig featured\"><img loading=\"lazy\" decoding=\"async\" width=\"2560\" height=\"1702\" src=\"https:\/\/retina.ch\/wp-content\/uploads\/2025\/04\/meszarcsek-gergely-Qqe_TRWAHyo-unsplash-scaled.jpg\" class=\"attachment-post-thumbnail size-post-thumbnail wp-post-image\" alt=\"Forfaits par cas ambulatoires en ophtalmologie sur le banc d\u2019essai\" srcset=\"https:\/\/retina.ch\/wp-content\/uploads\/2025\/04\/meszarcsek-gergely-Qqe_TRWAHyo-unsplash-scaled.jpg 2560w, https:\/\/retina.ch\/wp-content\/uploads\/2025\/04\/meszarcsek-gergely-Qqe_TRWAHyo-unsplash-400x266.jpg 400w, https:\/\/retina.ch\/wp-content\/uploads\/2025\/04\/meszarcsek-gergely-Qqe_TRWAHyo-unsplash-1400x931.jpg 1400w, https:\/\/retina.ch\/wp-content\/uploads\/2025\/04\/meszarcsek-gergely-Qqe_TRWAHyo-unsplash-500x332.jpg 500w, https:\/\/retina.ch\/wp-content\/uploads\/2025\/04\/meszarcsek-gergely-Qqe_TRWAHyo-unsplash-768x511.jpg 768w, https:\/\/retina.ch\/wp-content\/uploads\/2025\/04\/meszarcsek-gergely-Qqe_TRWAHyo-unsplash-1536x1021.jpg 1536w, https:\/\/retina.ch\/wp-content\/uploads\/2025\/04\/meszarcsek-gergely-Qqe_TRWAHyo-unsplash-2048x1362.jpg 2048w, https:\/\/retina.ch\/wp-content\/uploads\/2025\/04\/meszarcsek-gergely-Qqe_TRWAHyo-unsplash-800x532.jpg 800w, https:\/\/retina.ch\/wp-content\/uploads\/2025\/04\/meszarcsek-gergely-Qqe_TRWAHyo-unsplash-1280x851.jpg 1280w, https:\/\/retina.ch\/wp-content\/uploads\/2025\/04\/meszarcsek-gergely-Qqe_TRWAHyo-unsplash-1920x1277.jpg 1920w\" sizes=\"auto, (max-width: 2560px) 100vw, 2560px\" \/><\/figure>\t\t\t<\/a>\n\n\t\t\t\n\t<div class=\"archive-details\">\n\t\t\t\n\t\t<!-- Place  -->\n\t\t\t\t\n\t<\/div>\n\n\t<div class=\"entry-content\">\n\t\n\t\t\n\t\t\n\t\t<p>A partir de 2026, des forfaits par cas ambulatoires pour diff\u00e9rentes maladies et th\u00e9rapies devraient entrer en vigueur en Suisse. Les m\u00e9dicaments devraient \u00e9galement faire partie des forfaits par cas. Cela aura un impact massif sur les soins aux patients.<br \/>\nDans notre prise de position, nous demandons \u00e0 l&rsquo;Office f\u00e9d\u00e9ral de la sant\u00e9 publique (OFSP) de retirer les m\u00e9dicaments des forfaits par cas afin de laisser aux prestataires de soins la libert\u00e9 d&rsquo;utiliser le meilleur m\u00e9dicament pour leurs patient(e)s.<\/p>\n\t\t\n\t\t<a href=\"https:\/\/retina.ch\/wp-content\/uploads\/2025\/04\/Ambulante-Fallpauschalen-in-der-Ophthalmologie-ab-2026_final_FR.pdf\" class=\"btn\">suite<\/a>\n\t\t\n\t<\/div><!-- .entry-content -->\n\t\n<\/article><!-- #post-21835 -->\n        <\/div><!-- .flxbx -->\n        \n\n\n\n<p><a href=\"https:\/\/retina.ch\/fr\/medias\/communication-aux-medias\/\">Tous les communiqu\u00e9s de presse<\/a><\/p>\n\n\n\n<div class=\"wp-block-nk-awb nk-awb alignfull\"><div class=\"nk-awb-wrap\" data-awb-type=\"color\"><div class=\"nk-awb-overlay\" style=\"background: #fff9bf;\"><\/div><\/div><div class=\"nk-awb-wrap-content is-layout-constrained wp-block-nk-awb-is-layout-constrained\">\n<div class=\"wp-block-group\"><div class=\"wp-block-group__inner-container is-layout-flow wp-block-group-is-layout-flow\">\n<h2 class=\"wp-block-heading\">Quatre maladies r\u00e9tiniennes typiques<\/h2>\n\n\n\t\t<div class=\"archive-flxbx\">\n\t\t\n<article id=\"post-10005\" class=\"post-10005 netzhauterkrankungen type-netzhauterkrankungen status-publish hentry category-degeneration-maculaire-liee-a-lage-dmla category-maladies\">\n\n\t\t\n\t<div class=\"archive-icon\">\n\t<\/div>\n\t\n\t<a href=\"https:\/\/retina.ch\/fr\/degenerescences-retiniennes\/dmla\/\">\n\t<div class=\"archive-date\">\n\t\t<!-- Date  -->\n\t\t<!-- Time  -->\t<\/div><!-- archive-date -->\n\n\t<header class=\"entry-header\">\n\t\t<h2 class=\"entry-title\">D\u00e9g\u00e9n\u00e9rescence maculaire li\u00e9e \u00e0 l&rsquo;\u00e2ge (DMLA)<\/h2>\t<\/header><!-- .entry-header -->\n\t<\/a>\n\t\n\t<div class=\"archive-details\">\n\t\t\t\n\t\t<!-- Place  -->\n\t\t\t\t\n\t<\/div>\n\n\t<div class=\"entry-content\">\n\t\n\t\t\n\t\t\n\t\t<p>La d\u00e9g\u00e9n\u00e9rescence maculaire li\u00e9e \u00e0 l&rsquo;\u00e2ge (DMLA) entra\u00eene une vision floue, d\u00e9form\u00e9e ou l&rsquo;image fair compl\u00e8tement d\u00e9faut au centre du champ de vision. Des modifications dues au vieillissement dans la zone de la r\u00e9tine o\u00f9 la vision est la plus nette, la macula, en sont la cause.<\/p>\n\t\t\n\t\t<a href=\"https:\/\/retina.ch\/fr\/degenerescences-retiniennes\/dmla\/\" class=\"btn\">suite<\/a>\n\t\t\n\t<\/div><!-- .entry-content -->\n\t\n<\/article><!-- #post-10005 -->\n\n<article id=\"post-3884\" class=\"post-3884 netzhauterkrankungen type-netzhauterkrankungen status-publish hentry category-maladies\">\n\n\t\t\n\t<div class=\"archive-icon\">\n\t<\/div>\n\t\n\t<a href=\"https:\/\/retina.ch\/fr\/degenerescences-retiniennes\/dystrophie-des-cones-et-des-batonnets\/\">\n\t<div class=\"archive-date\">\n\t\t<!-- Date  -->\n\t\t<!-- Time  -->\t<\/div><!-- archive-date -->\n\n\t<header class=\"entry-header\">\n\t\t<h2 class=\"entry-title\">Dystrophie des c\u00f4nes et des b\u00e2tonnets<\/h2>\t<\/header><!-- .entry-header -->\n\t<\/a>\n\t\n\t<div class=\"archive-details\">\n\t\t\t\n\t\t<!-- Place  -->\n\t\t\t\t\n\t<\/div>\n\n\t<div class=\"entry-content\">\n\t\n\t\t\n\t\t\n\t\t<p>Le terme de dystrophie des c\u00f4nes et des b\u00e2tonnets est le terme g\u00e9n\u00e9rique d\u00e9signant un groupe d\u2019affections qui se caract\u00e9risent, d\u00e8s la phase initiale, par une perte s\u00e9v\u00e8re de l\u2019acuit\u00e9 visuelle.<\/p>\n\t\t\n\t\t<a href=\"https:\/\/retina.ch\/fr\/degenerescences-retiniennes\/dystrophie-des-cones-et-des-batonnets\/\" class=\"btn\">suite<\/a>\n\t\t\n\t<\/div><!-- .entry-content -->\n\t\n<\/article><!-- #post-3884 -->\n\n<article id=\"post-2262\" class=\"post-2262 netzhauterkrankungen type-netzhauterkrankungen status-publish hentry category-maladies\">\n\n\t\t\n\t<div class=\"archive-icon\">\n\t<\/div>\n\t\n\t<a href=\"https:\/\/retina.ch\/fr\/degenerescences-retiniennes\/morbus-stargardt\/\">\n\t<div class=\"archive-date\">\n\t\t<!-- Date  -->\n\t\t<!-- Time  -->\t<\/div><!-- archive-date -->\n\n\t<header class=\"entry-header\">\n\t\t<h2 class=\"entry-title\">Maladie de Stargardt<\/h2>\t<\/header><!-- .entry-header -->\n\t<\/a>\n\t\n\t<div class=\"archive-details\">\n\t\t\t\n\t\t<!-- Place  -->\n\t\t\t\t\n\t<\/div>\n\n\t<div class=\"entry-content\">\n\t\n\t\t\n\t\t\n\t\t<p>La maladie de Stargardt, (\u00e9galement connue sous l&rsquo;appellation Morbus Stargardt), est la forme la plus fr\u00e9quente de d\u00e9g\u00e9n\u00e9rescence maculaire touchant les jeunes, connue sous le nom de d\u00e9g\u00e9n\u00e9rescence maculaire juv\u00e9nile.<\/p>\n\t\t\n\t\t<a href=\"https:\/\/retina.ch\/fr\/degenerescences-retiniennes\/morbus-stargardt\/\" class=\"btn\">suite<\/a>\n\t\t\n\t<\/div><!-- .entry-content -->\n\t\n<\/article><!-- #post-2262 -->\n\n<article id=\"post-3841\" class=\"post-3841 netzhauterkrankungen type-netzhauterkrankungen status-publish hentry category-maladies category-retinite-pigmentaire\">\n\n\t\t\n\t<div class=\"archive-icon\">\n\t<\/div>\n\t\n\t<a href=\"https:\/\/retina.ch\/fr\/degenerescences-retiniennes\/retinite-pigmentaire\/\">\n\t<div class=\"archive-date\">\n\t\t<!-- Date  -->\n\t\t<!-- Time  -->\t<\/div><!-- archive-date -->\n\n\t<header class=\"entry-header\">\n\t\t<h2 class=\"entry-title\">R\u00e9tinite pigmentaire<\/h2>\t<\/header><!-- .entry-header -->\n\t<\/a>\n\t\n\t<div class=\"archive-details\">\n\t\t\t\n\t\t<!-- Place  -->\n\t\t\t\t\n\t<\/div>\n\n\t<div class=\"entry-content\">\n\t\n\t\t\n\t\t\n\t\t<p>La r\u00e9tinite pigmentaire (RP) est un terme d\u00e9signant un groupe de maladies oculaires h\u00e9r\u00e9ditaires entra\u00eenant la destruction de la r\u00e9tine, \u00e0 savoir le tissu visuel situ\u00e9 \u00e0 l&rsquo;arri\u00e8re de l&rsquo;\u0153il. <\/p>\n\t\t\n\t\t<a href=\"https:\/\/retina.ch\/fr\/degenerescences-retiniennes\/retinite-pigmentaire\/\" class=\"btn\">suite<\/a>\n\t\t\n\t<\/div><!-- .entry-content -->\n\t\n<\/article><!-- #post-3841 -->\n<div class=\"nav-links\"><\/div>        <\/div><!-- .flxbx -->\n        \n\n\n\n<p><a href=\"https:\/\/retina.ch\/fr\/degenerescences-retinienne-retina-suisse\/\">Toutes les maladies de la r\u00e9tine<\/a><\/p>\n<\/div><\/div>\n<\/div><\/div>\n\n\n\n<h2 class=\"wp-block-heading\">Nous sommes Retina Suisse!<\/h2>\n\n\n\n<p>Nous informons sur les maladies de la r\u00e9tine, mais aussi sur les maladies de l\u2019\u0153il, telles que la cataracte et le glaucome, tout comme sur les \u00e9ventuelles th\u00e9rapies. Par ailleurs, nous proposons des entretiens conseils bas\u00e9s sur des connaissances m\u00e9dicales et scientifiques.<\/p>\n\n\n\n<figure class=\"wp-block-image size-full\"><img loading=\"lazy\" decoding=\"async\" width=\"1080\" height=\"989\" src=\"https:\/\/retina.ch\/wp-content\/uploads\/2023\/04\/0e4c0a48-4427-4d4e-84b7-047453c8ce77.jpg\" alt=\"Foto mit dem Vorstand von Retina Suisse, alle tragen eine gelbe Sonnenbrille.\" class=\"wp-image-10859\" srcset=\"https:\/\/retina.ch\/wp-content\/uploads\/2023\/04\/0e4c0a48-4427-4d4e-84b7-047453c8ce77.jpg 1080w, https:\/\/retina.ch\/wp-content\/uploads\/2023\/04\/0e4c0a48-4427-4d4e-84b7-047453c8ce77-400x366.jpg 400w, https:\/\/retina.ch\/wp-content\/uploads\/2023\/04\/0e4c0a48-4427-4d4e-84b7-047453c8ce77-500x458.jpg 500w, https:\/\/retina.ch\/wp-content\/uploads\/2023\/04\/0e4c0a48-4427-4d4e-84b7-047453c8ce77-768x703.jpg 768w, https:\/\/retina.ch\/wp-content\/uploads\/2023\/04\/0e4c0a48-4427-4d4e-84b7-047453c8ce77-800x733.jpg 800w\" sizes=\"auto, (max-width: 1080px) 100vw, 1080px\" \/><\/figure>\n\n\n\n<p>Retina Suisse est l\u2019association de patients affect\u00e9s de r\u00e9tinite pigmentaire (RP), de d\u00e9g\u00e9n\u00e9rescence maculaire, du syndrome d\u2019Usher et d\u2019autres maladies du fond de l\u2019\u0153il.<\/p>\n\n\n\n<p>Retina Suisse est l\u2019association de patients affect\u00e9s de r\u00e9tinite pigmentaire (RP), de d\u00e9g\u00e9n\u00e9rescence maculaire, du syndrome d\u2019Usher et d\u2019autres maladies du fond de l\u2019\u0153il.<\/p>\n\n\n\n<p>Retina Suisse \u00e9taye son activit\u00e9 d\u2019information sur des connaissances scientifiques prouv\u00e9es et est assist\u00e9e d\u2019un conseil m\u00e9dico-scientifique; elle dispense informations et conseils aux personnes concern\u00e9es et \u00e0 leurs proches et informe le grand public;<\/p>\n\n\n\n<p>elle stimule l\u2019\u00e9change d\u2019exp\u00e9riences et encourage l\u2019entraide entre ses adh\u00e9rents; elle encourage la recherche scientifique afin que soit trouv\u00e9 un traitement aux d\u00e9g\u00e9n\u00e9rescences r\u00e9tiniennes qui, \u00e0 ce jour, sont encore incurables ou qui ne peuvent \u00eatre trait\u00e9es que partiellement.<\/p>\n\n\n\n<p><a href=\"https:\/\/retina.ch\/fr\/organisation\/\">Pour en savoir plus<\/a><\/p>\n\n\n\n<p><a href=\"https:\/\/retina.ch\/wp-content\/uploads\/2023\/03\/rs-jahresbericht-2022-fr-web.pdf\">Lisez le rapport d&rsquo;activit\u00e8 2022<\/a><\/p>\n","protected":false},"excerpt":{"rendered":"<p>Vous trouverez ici nos communiqu\u00e9s de presse et nos rapports actuels sur la recherche concernant les maladies de la r\u00e9tine, le glaucome et la cataracte. Nous avons \u00e9galement r\u00e9dig\u00e9 un inventaire des pathologies r\u00e9tiniennes les plus fr\u00e9quentes et d&rsquo;autres maladies oculaires. Vous pouvez vous adresser \u00e0 tout moment \u00e0 notre service de communication, dont les &#8230;<\/p>\n","protected":false},"author":1,"featured_media":14144,"parent":0,"menu_order":80,"comment_status":"closed","ping_status":"closed","template":"","meta":{"_acf_changed":false,"inline_featured_image":false,"_FSMCFIC_featured_image_caption":"","_FSMCFIC_featured_image_nocaption":"","_FSMCFIC_featured_image_hide":"","footnotes":"","_links_to":"","_links_to_target":""},"class_list":["post-11037","page","type-page","status-publish","has-post-thumbnail","hentry"],"acf":[],"yoast_head":"<!-- This site is optimized with the Yoast SEO plugin v27.1.1 - https:\/\/yoast.com\/product\/yoast-seo-wordpress\/ -->\n<title>Pour les journalistes &#8226; Retina Suisse<\/title>\n<meta name=\"robots\" content=\"index, follow, max-snippet:-1, max-image-preview:large, max-video-preview:-1\" \/>\n<link rel=\"canonical\" href=\"https:\/\/retina.ch\/fr\/medias\/\" \/>\n<meta property=\"og:locale\" content=\"fr_FR\" \/>\n<meta property=\"og:type\" content=\"article\" \/>\n<meta property=\"og:title\" content=\"Pour les journalistes &#8226; Retina Suisse\" \/>\n<meta property=\"og:description\" content=\"Vous trouverez ici nos communiqu\u00e9s de presse et nos rapports actuels sur la recherche concernant les maladies de la r\u00e9tine, le glaucome et la cataracte. Nous avons \u00e9galement r\u00e9dig\u00e9 un inventaire des pathologies r\u00e9tiniennes les plus fr\u00e9quentes et d&rsquo;autres maladies oculaires. Vous pouvez vous adresser \u00e0 tout moment \u00e0 notre service de communication, dont les ...\" \/>\n<meta property=\"og:url\" content=\"https:\/\/retina.ch\/fr\/medias\/\" \/>\n<meta property=\"og:site_name\" content=\"Retina Suisse\" \/>\n<meta property=\"article:publisher\" content=\"https:\/\/www.facebook.com\/retinasuisse\/\" \/>\n<meta property=\"article:modified_time\" content=\"2025-04-15T08:24:45+00:00\" \/>\n<meta property=\"og:image\" content=\"https:\/\/retina.ch\/wp-content\/uploads\/2023\/11\/retina-foto-stephan-medien-kopie-kopie-scaled.jpg\" \/>\n\t<meta property=\"og:image:width\" content=\"2560\" \/>\n\t<meta property=\"og:image:height\" content=\"1217\" \/>\n\t<meta property=\"og:image:type\" content=\"image\/jpeg\" \/>\n<meta name=\"twitter:card\" content=\"summary_large_image\" \/>\n<meta name=\"twitter:label1\" content=\"Dur\u00e9e de lecture estim\u00e9e\" \/>\n\t<meta name=\"twitter:data1\" content=\"3 minutes\" \/>\n<script type=\"application\/ld+json\" class=\"yoast-schema-graph\">{\"@context\":\"https:\/\/schema.org\",\"@graph\":[{\"@type\":\"WebPage\",\"@id\":\"https:\/\/retina.ch\/fr\/medias\/\",\"url\":\"https:\/\/retina.ch\/fr\/medias\/\",\"name\":\"Pour les journalistes &#8226; Retina Suisse\",\"isPartOf\":{\"@id\":\"https:\/\/retina.ch\/fr\/#website\"},\"primaryImageOfPage\":{\"@id\":\"https:\/\/retina.ch\/fr\/medias\/#primaryimage\"},\"image\":{\"@id\":\"https:\/\/retina.ch\/fr\/medias\/#primaryimage\"},\"thumbnailUrl\":\"https:\/\/retina.ch\/wp-content\/uploads\/2023\/11\/retina-foto-stephan-medien-kopie-kopie-scaled.jpg\",\"datePublished\":\"2023-04-14T13:55:57+00:00\",\"dateModified\":\"2025-04-15T08:24:45+00:00\",\"breadcrumb\":{\"@id\":\"https:\/\/retina.ch\/fr\/medias\/#breadcrumb\"},\"inLanguage\":\"fr-FR\",\"potentialAction\":[{\"@type\":\"ReadAction\",\"target\":[\"https:\/\/retina.ch\/fr\/medias\/\"]}]},{\"@type\":\"ImageObject\",\"inLanguage\":\"fr-FR\",\"@id\":\"https:\/\/retina.ch\/fr\/medias\/#primaryimage\",\"url\":\"https:\/\/retina.ch\/wp-content\/uploads\/2023\/11\/retina-foto-stephan-medien-kopie-kopie-scaled.jpg\",\"contentUrl\":\"https:\/\/retina.ch\/wp-content\/uploads\/2023\/11\/retina-foto-stephan-medien-kopie-kopie-scaled.jpg\",\"width\":2560,\"height\":1217},{\"@type\":\"BreadcrumbList\",\"@id\":\"https:\/\/retina.ch\/fr\/medias\/#breadcrumb\",\"itemListElement\":[{\"@type\":\"ListItem\",\"position\":1,\"name\":\"Retina Suisse\",\"item\":\"https:\/\/retina.ch\/fr\/\"},{\"@type\":\"ListItem\",\"position\":2,\"name\":\"Pour les journalistes\"}]},{\"@type\":\"WebSite\",\"@id\":\"https:\/\/retina.ch\/fr\/#website\",\"url\":\"https:\/\/retina.ch\/fr\/\",\"name\":\"Retina Suisse\",\"description\":\"Retina Suisse ist die Vereinigung von Patientinnen und Patienten mit Retinitis pigmentosa (RP), Makuladegeneration, Usher-Syndrom und anderen Erkrankungen des Augenhintergrundes.\",\"publisher\":{\"@id\":\"https:\/\/retina.ch\/fr\/#organization\"},\"potentialAction\":[{\"@type\":\"SearchAction\",\"target\":{\"@type\":\"EntryPoint\",\"urlTemplate\":\"https:\/\/retina.ch\/fr\/?s={search_term_string}\"},\"query-input\":{\"@type\":\"PropertyValueSpecification\",\"valueRequired\":true,\"valueName\":\"search_term_string\"}}],\"inLanguage\":\"fr-FR\"},{\"@type\":\"Organization\",\"@id\":\"https:\/\/retina.ch\/fr\/#organization\",\"name\":\"Retina Suisse\",\"url\":\"https:\/\/retina.ch\/fr\/\",\"logo\":{\"@type\":\"ImageObject\",\"inLanguage\":\"fr-FR\",\"@id\":\"https:\/\/retina.ch\/fr\/#\/schema\/logo\/image\/\",\"url\":\"https:\/\/retina.ch\/wp-content\/uploads\/2020\/09\/retina-auge-typo.svg\",\"contentUrl\":\"https:\/\/retina.ch\/wp-content\/uploads\/2020\/09\/retina-auge-typo.svg\",\"width\":\"1024\",\"height\":\"1024\",\"caption\":\"Retina Suisse\"},\"image\":{\"@id\":\"https:\/\/retina.ch\/fr\/#\/schema\/logo\/image\/\"},\"sameAs\":[\"https:\/\/www.facebook.com\/retinasuisse\/\"]}]}<\/script>\n<!-- \/ Yoast SEO plugin. -->","yoast_head_json":{"title":"Pour les journalistes &#8226; Retina Suisse","robots":{"index":"index","follow":"follow","max-snippet":"max-snippet:-1","max-image-preview":"max-image-preview:large","max-video-preview":"max-video-preview:-1"},"canonical":"https:\/\/retina.ch\/fr\/medias\/","og_locale":"fr_FR","og_type":"article","og_title":"Pour les journalistes &#8226; Retina Suisse","og_description":"Vous trouverez ici nos communiqu\u00e9s de presse et nos rapports actuels sur la recherche concernant les maladies de la r\u00e9tine, le glaucome et la cataracte. Nous avons \u00e9galement r\u00e9dig\u00e9 un inventaire des pathologies r\u00e9tiniennes les plus fr\u00e9quentes et d&rsquo;autres maladies oculaires. Vous pouvez vous adresser \u00e0 tout moment \u00e0 notre service de communication, dont les ...","og_url":"https:\/\/retina.ch\/fr\/medias\/","og_site_name":"Retina Suisse","article_publisher":"https:\/\/www.facebook.com\/retinasuisse\/","article_modified_time":"2025-04-15T08:24:45+00:00","og_image":[{"width":2560,"height":1217,"url":"https:\/\/retina.ch\/wp-content\/uploads\/2023\/11\/retina-foto-stephan-medien-kopie-kopie-scaled.jpg","type":"image\/jpeg"}],"twitter_card":"summary_large_image","twitter_misc":{"Dur\u00e9e de lecture estim\u00e9e":"3 minutes"},"schema":{"@context":"https:\/\/schema.org","@graph":[{"@type":"WebPage","@id":"https:\/\/retina.ch\/fr\/medias\/","url":"https:\/\/retina.ch\/fr\/medias\/","name":"Pour les journalistes &#8226; Retina Suisse","isPartOf":{"@id":"https:\/\/retina.ch\/fr\/#website"},"primaryImageOfPage":{"@id":"https:\/\/retina.ch\/fr\/medias\/#primaryimage"},"image":{"@id":"https:\/\/retina.ch\/fr\/medias\/#primaryimage"},"thumbnailUrl":"https:\/\/retina.ch\/wp-content\/uploads\/2023\/11\/retina-foto-stephan-medien-kopie-kopie-scaled.jpg","datePublished":"2023-04-14T13:55:57+00:00","dateModified":"2025-04-15T08:24:45+00:00","breadcrumb":{"@id":"https:\/\/retina.ch\/fr\/medias\/#breadcrumb"},"inLanguage":"fr-FR","potentialAction":[{"@type":"ReadAction","target":["https:\/\/retina.ch\/fr\/medias\/"]}]},{"@type":"ImageObject","inLanguage":"fr-FR","@id":"https:\/\/retina.ch\/fr\/medias\/#primaryimage","url":"https:\/\/retina.ch\/wp-content\/uploads\/2023\/11\/retina-foto-stephan-medien-kopie-kopie-scaled.jpg","contentUrl":"https:\/\/retina.ch\/wp-content\/uploads\/2023\/11\/retina-foto-stephan-medien-kopie-kopie-scaled.jpg","width":2560,"height":1217},{"@type":"BreadcrumbList","@id":"https:\/\/retina.ch\/fr\/medias\/#breadcrumb","itemListElement":[{"@type":"ListItem","position":1,"name":"Retina Suisse","item":"https:\/\/retina.ch\/fr\/"},{"@type":"ListItem","position":2,"name":"Pour les journalistes"}]},{"@type":"WebSite","@id":"https:\/\/retina.ch\/fr\/#website","url":"https:\/\/retina.ch\/fr\/","name":"Retina Suisse","description":"Retina Suisse ist die Vereinigung von Patientinnen und Patienten mit Retinitis pigmentosa (RP), Makuladegeneration, Usher-Syndrom und anderen Erkrankungen des Augenhintergrundes.","publisher":{"@id":"https:\/\/retina.ch\/fr\/#organization"},"potentialAction":[{"@type":"SearchAction","target":{"@type":"EntryPoint","urlTemplate":"https:\/\/retina.ch\/fr\/?s={search_term_string}"},"query-input":{"@type":"PropertyValueSpecification","valueRequired":true,"valueName":"search_term_string"}}],"inLanguage":"fr-FR"},{"@type":"Organization","@id":"https:\/\/retina.ch\/fr\/#organization","name":"Retina Suisse","url":"https:\/\/retina.ch\/fr\/","logo":{"@type":"ImageObject","inLanguage":"fr-FR","@id":"https:\/\/retina.ch\/fr\/#\/schema\/logo\/image\/","url":"https:\/\/retina.ch\/wp-content\/uploads\/2020\/09\/retina-auge-typo.svg","contentUrl":"https:\/\/retina.ch\/wp-content\/uploads\/2020\/09\/retina-auge-typo.svg","width":"1024","height":"1024","caption":"Retina Suisse"},"image":{"@id":"https:\/\/retina.ch\/fr\/#\/schema\/logo\/image\/"},"sameAs":["https:\/\/www.facebook.com\/retinasuisse\/"]}]}},"_links":{"self":[{"href":"https:\/\/retina.ch\/fr\/wp-json\/wp\/v2\/pages\/11037","targetHints":{"allow":["GET"]}}],"collection":[{"href":"https:\/\/retina.ch\/fr\/wp-json\/wp\/v2\/pages"}],"about":[{"href":"https:\/\/retina.ch\/fr\/wp-json\/wp\/v2\/types\/page"}],"author":[{"embeddable":true,"href":"https:\/\/retina.ch\/fr\/wp-json\/wp\/v2\/users\/1"}],"replies":[{"embeddable":true,"href":"https:\/\/retina.ch\/fr\/wp-json\/wp\/v2\/comments?post=11037"}],"version-history":[{"count":36,"href":"https:\/\/retina.ch\/fr\/wp-json\/wp\/v2\/pages\/11037\/revisions"}],"predecessor-version":[{"id":21761,"href":"https:\/\/retina.ch\/fr\/wp-json\/wp\/v2\/pages\/11037\/revisions\/21761"}],"wp:featuredmedia":[{"embeddable":true,"href":"https:\/\/retina.ch\/fr\/wp-json\/wp\/v2\/media\/14144"}],"wp:attachment":[{"href":"https:\/\/retina.ch\/fr\/wp-json\/wp\/v2\/media?parent=11037"}],"curies":[{"name":"wp","href":"https:\/\/api.w.org\/{rel}","templated":true}]}}