{"id":11041,"date":"2023-04-14T15:57:36","date_gmt":"2023-04-14T13:57:36","guid":{"rendered":"https:\/\/dev.retina.ch\/?page_id=11041"},"modified":"2023-04-19T16:00:45","modified_gmt":"2023-04-19T14:00:45","slug":"communication-aux-medias","status":"publish","type":"page","link":"https:\/\/retina.ch\/fr\/medias\/communication-aux-medias\/","title":{"rendered":"Communications aux m\u00e9dias"},"content":{"rendered":"\t\t<div class=\"archive-flxbx\">\n\t\t\n<article id=\"post-25960\" class=\"post-25960 aktuelles type-aktuelles status-publish has-post-thumbnail hentry category-communication-aux-medias category-conseils category-medecine\">\n\n\t\t\n\t<div class=\"archive-icon\">\n\t<\/div>\n\t\n\t<a href=\"https:\/\/retina.ch\/fr\/actualites\/traiter-les-maladies-oculaires-avec-des-biosimilaires-pourquoi-ce-changement-soudain-les-forfaits-par-cas-ambulatoire-nempechent-pas-les-patients-de-faire-valoir-leurs-droits\/\">\n\t<div class=\"archive-date\">\n\t\t<!-- Date  -->\n\t\t<!-- Time  -->\t<\/div><!-- archive-date -->\n\n\t<header class=\"entry-header\">\n\t\t<h2 class=\"entry-title\">Traiter les maladies oculaires avec des biosimilaires, pourquoi ce changement soudain\u00a0? Les forfaits par cas ambulatoire n\u2019emp\u00eachent pas les patients de faire valoir leurs droits.<\/h2>\t<\/header><!-- .entry-header -->\n\t<\/a>\n\t\n\t\t\t<a class=\"post-thumbnail\" href=\"https:\/\/retina.ch\/fr\/actualites\/traiter-les-maladies-oculaires-avec-des-biosimilaires-pourquoi-ce-changement-soudain-les-forfaits-par-cas-ambulatoire-nempechent-pas-les-patients-de-faire-valoir-leurs-droits\/\" aria-hidden=\"true\" tabindex=\"-1\">\n\t\t\t\t<figure class=\"wp-caption fsmcfi-fig featured\"><img loading=\"lazy\" decoding=\"async\" width=\"900\" height=\"1350\" src=\"https:\/\/retina.ch\/wp-content\/uploads\/2026\/03\/Medicine-e1773217330739.png\" class=\"attachment-post-thumbnail size-post-thumbnail wp-post-image\" alt=\"Traiter les maladies oculaires avec des biosimilaires, pourquoi ce changement soudain\u00a0? Les forfaits par cas ambulatoire n\u2019emp\u00eachent pas les patients de faire valoir leurs droits.\" \/><\/figure>\t\t\t<\/a>\n\n\t\t\t\n\t<div class=\"archive-details\">\n\t\t\t\n\t\t<!-- Place  -->\n\t\t\t\t\n\t<\/div>\n\n\t<div class=\"entry-content\">\n\t\n\t\t\n\t\t\n\t\t<p>Les forfaits par cas ambulatoire nouvellement mis en place s\u2019appliquent aussi aux traitements ophtalmologiques. Les m\u00e9decins peuvent par cons\u00e9quent proposer, \u00e0 la place d\u2019un m\u00e9dicament original, un m\u00e9dicament moins cher faisant partie de la cat\u00e9gorie des biosimilaires. <\/p>\n\t\t\n\t\t<a href=\"https:\/\/retina.ch\/fr\/actualites\/traiter-les-maladies-oculaires-avec-des-biosimilaires-pourquoi-ce-changement-soudain-les-forfaits-par-cas-ambulatoire-nempechent-pas-les-patients-de-faire-valoir-leurs-droits\/\" class=\"btn\">suite<\/a>\n\t\t\n\t<\/div><!-- .entry-content -->\n\t\n<\/article><!-- #post-25960 -->\n\n<article id=\"post-21835\" class=\"post-21835 aktuelles type-aktuelles status-publish has-post-thumbnail hentry category-communication-aux-medias category-conseils\">\n\n\t\t\n\t<div class=\"archive-icon\">\n\t<\/div>\n\t\n\t<a href=\"https:\/\/retina.ch\/wp-content\/uploads\/2025\/04\/Ambulante-Fallpauschalen-in-der-Ophthalmologie-ab-2026_final_FR.pdf\">\n\t<div class=\"archive-date\">\n\t\t<!-- Date  -->\n\t\t<!-- Time  -->\t<\/div><!-- archive-date -->\n\n\t<header class=\"entry-header\">\n\t\t<h2 class=\"entry-title\">Forfaits par cas ambulatoires en ophtalmologie sur le banc d\u2019essai<\/h2>\t<\/header><!-- .entry-header -->\n\t<\/a>\n\t\n\t\t\t<a class=\"post-thumbnail\" href=\"https:\/\/retina.ch\/wp-content\/uploads\/2025\/04\/Ambulante-Fallpauschalen-in-der-Ophthalmologie-ab-2026_final_FR.pdf\" aria-hidden=\"true\" tabindex=\"-1\">\n\t\t\t\t<figure class=\"wp-caption fsmcfi-fig featured\"><img loading=\"lazy\" decoding=\"async\" width=\"2560\" height=\"1702\" src=\"https:\/\/retina.ch\/wp-content\/uploads\/2025\/04\/meszarcsek-gergely-Qqe_TRWAHyo-unsplash-scaled.jpg\" class=\"attachment-post-thumbnail size-post-thumbnail wp-post-image\" alt=\"Forfaits par cas ambulatoires en ophtalmologie sur le banc d\u2019essai\" srcset=\"https:\/\/retina.ch\/wp-content\/uploads\/2025\/04\/meszarcsek-gergely-Qqe_TRWAHyo-unsplash-scaled.jpg 2560w, https:\/\/retina.ch\/wp-content\/uploads\/2025\/04\/meszarcsek-gergely-Qqe_TRWAHyo-unsplash-400x266.jpg 400w, https:\/\/retina.ch\/wp-content\/uploads\/2025\/04\/meszarcsek-gergely-Qqe_TRWAHyo-unsplash-1400x931.jpg 1400w, https:\/\/retina.ch\/wp-content\/uploads\/2025\/04\/meszarcsek-gergely-Qqe_TRWAHyo-unsplash-500x332.jpg 500w, https:\/\/retina.ch\/wp-content\/uploads\/2025\/04\/meszarcsek-gergely-Qqe_TRWAHyo-unsplash-768x511.jpg 768w, https:\/\/retina.ch\/wp-content\/uploads\/2025\/04\/meszarcsek-gergely-Qqe_TRWAHyo-unsplash-1536x1021.jpg 1536w, https:\/\/retina.ch\/wp-content\/uploads\/2025\/04\/meszarcsek-gergely-Qqe_TRWAHyo-unsplash-2048x1362.jpg 2048w, https:\/\/retina.ch\/wp-content\/uploads\/2025\/04\/meszarcsek-gergely-Qqe_TRWAHyo-unsplash-800x532.jpg 800w, https:\/\/retina.ch\/wp-content\/uploads\/2025\/04\/meszarcsek-gergely-Qqe_TRWAHyo-unsplash-1280x851.jpg 1280w, https:\/\/retina.ch\/wp-content\/uploads\/2025\/04\/meszarcsek-gergely-Qqe_TRWAHyo-unsplash-1920x1277.jpg 1920w\" sizes=\"auto, (max-width: 2560px) 100vw, 2560px\" \/><\/figure>\t\t\t<\/a>\n\n\t\t\t\n\t<div class=\"archive-details\">\n\t\t\t\n\t\t<!-- Place  -->\n\t\t\t\t\n\t<\/div>\n\n\t<div class=\"entry-content\">\n\t\n\t\t\n\t\t\n\t\t<p>A partir de 2026, des forfaits par cas ambulatoires pour diff\u00e9rentes maladies et th\u00e9rapies devraient entrer en vigueur en Suisse. Les m\u00e9dicaments devraient \u00e9galement faire partie des forfaits par cas. Cela aura un impact massif sur les soins aux patients.<br \/>\nDans notre prise de position, nous demandons \u00e0 l&rsquo;Office f\u00e9d\u00e9ral de la sant\u00e9 publique (OFSP) de retirer les m\u00e9dicaments des forfaits par cas afin de laisser aux prestataires de soins la libert\u00e9 d&rsquo;utiliser le meilleur m\u00e9dicament pour leurs patient(e)s.<\/p>\n\t\t\n\t\t<a href=\"https:\/\/retina.ch\/wp-content\/uploads\/2025\/04\/Ambulante-Fallpauschalen-in-der-Ophthalmologie-ab-2026_final_FR.pdf\" class=\"btn\">suite<\/a>\n\t\t\n\t<\/div><!-- .entry-content -->\n\t\n<\/article><!-- #post-21835 -->\n\n<article id=\"post-21711\" class=\"post-21711 aktuelles type-aktuelles status-publish has-post-thumbnail hentry category-communication-aux-medias\">\n\n\t\t\n\t<div class=\"archive-icon\">\n\t<\/div>\n\t\n\t<a href=\"https:\/\/retina.ch\/fr\/actualites\/pour-la-premiere-fois-un-romand-est-a-la-tete-de-retina-suisse-un-ex-pilote-de-geneve\/\">\n\t<div class=\"archive-date\">\n\t\t<!-- Date  -->\n\t\t<!-- Time  -->\t<\/div><!-- archive-date -->\n\n\t<header class=\"entry-header\">\n\t\t<h2 class=\"entry-title\">Pour la premi\u00e8re fois, un Romand est \u00e0 la t\u00eate de Retina Suisse, il s&rsquo;agit de l&rsquo;ex-pilote genevois Laurent Del\u00e9traz<\/h2>\t<\/header><!-- .entry-header -->\n\t<\/a>\n\t\n\t\t\t<a class=\"post-thumbnail\" href=\"https:\/\/retina.ch\/fr\/actualites\/pour-la-premiere-fois-un-romand-est-a-la-tete-de-retina-suisse-un-ex-pilote-de-geneve\/\" aria-hidden=\"true\" tabindex=\"-1\">\n\t\t\t\t<figure class=\"wp-caption fsmcfi-fig featured\"><img loading=\"lazy\" decoding=\"async\" width=\"2465\" height=\"2057\" src=\"https:\/\/retina.ch\/wp-content\/uploads\/2025\/04\/Retina-NEU-01-neuer-Vorstand-April-2025.jpg\" class=\"attachment-post-thumbnail size-post-thumbnail wp-post-image\" alt=\"Pour la premi\u00e8re fois, un Romand est \u00e0 la t\u00eate de Retina Suisse, il s&rsquo;agit de l&rsquo;ex-pilote genevois Laurent Del\u00e9traz\" srcset=\"https:\/\/retina.ch\/wp-content\/uploads\/2025\/04\/Retina-NEU-01-neuer-Vorstand-April-2025.jpg 2465w, https:\/\/retina.ch\/wp-content\/uploads\/2025\/04\/Retina-NEU-01-neuer-Vorstand-April-2025-400x334.jpg 400w, https:\/\/retina.ch\/wp-content\/uploads\/2025\/04\/Retina-NEU-01-neuer-Vorstand-April-2025-1400x1168.jpg 1400w, https:\/\/retina.ch\/wp-content\/uploads\/2025\/04\/Retina-NEU-01-neuer-Vorstand-April-2025-500x417.jpg 500w, https:\/\/retina.ch\/wp-content\/uploads\/2025\/04\/Retina-NEU-01-neuer-Vorstand-April-2025-768x641.jpg 768w, https:\/\/retina.ch\/wp-content\/uploads\/2025\/04\/Retina-NEU-01-neuer-Vorstand-April-2025-1536x1282.jpg 1536w, https:\/\/retina.ch\/wp-content\/uploads\/2025\/04\/Retina-NEU-01-neuer-Vorstand-April-2025-2048x1709.jpg 2048w, https:\/\/retina.ch\/wp-content\/uploads\/2025\/04\/Retina-NEU-01-neuer-Vorstand-April-2025-800x668.jpg 800w, https:\/\/retina.ch\/wp-content\/uploads\/2025\/04\/Retina-NEU-01-neuer-Vorstand-April-2025-1280x1068.jpg 1280w, https:\/\/retina.ch\/wp-content\/uploads\/2025\/04\/Retina-NEU-01-neuer-Vorstand-April-2025-1920x1602.jpg 1920w\" sizes=\"auto, (max-width: 2465px) 100vw, 2465px\" \/><figcaption  class=\"wp-caption-text\">Photo de groupe du comit\u00e9 r\u00e9cemment \u00e9lu de Retina Suisse avec des chiens-guides (un membre manque), le pr\u00e9sident Laurent Del\u00e9traz troisi\u00e8me \u00e0 droite.<\/figcaption><\/figure>\t\t\t<\/a>\n\n\t\t\t\n\t<div class=\"archive-details\">\n\t\t\t\n\t\t<!-- Place  -->\n\t\t\t\t\n\t<\/div>\n\n\t<div class=\"entry-content\">\n\t\n\t\t\n\t\t\n\t\t<p>Apr\u00e8s dix ans de mandat plac\u00e9s sous le signe de la modernisation et de l\u2019\u00e9largissement de la gamme des prestations, la pr\u00e9sidente de Retina Suisse, Susanne Trudel, a d\u00e9missionn\u00e9 lors de la 46e\u00a0assembl\u00e9e g\u00e9n\u00e9rale qui s\u2019est tenue le 12 avril 2025. Elle passe le t\u00e9moin \u00e0 Laurent Del\u00e9traz, son coll\u00e8gue au sein du comit\u00e9, qui devient ainsi le premier Romand \u00e0 occuper ce poste.<\/p>\n\t\t\n\t\t<a href=\"https:\/\/retina.ch\/fr\/actualites\/pour-la-premiere-fois-un-romand-est-a-la-tete-de-retina-suisse-un-ex-pilote-de-geneve\/\" class=\"btn\">suite<\/a>\n\t\t\n\t<\/div><!-- .entry-content -->\n\t\n<\/article><!-- #post-21711 -->\n\n<article id=\"post-20421\" class=\"post-20421 ratgeber type-ratgeber status-publish has-post-thumbnail hentry category-communication-aux-medias category-conseil-medico-scientifique category-medecine category-recherche\">\n\n\t\t\n\t<div class=\"archive-icon\">\n\t<\/div>\n\t\n\t<a href=\"https:\/\/retina.ch\/fr\/conseils\/editer-des-genes-pour-garder-la-vue\/\">\n\t<div class=\"archive-date\">\n\t\t<!-- Date  -->\n\t\t<!-- Time  -->\t<\/div><!-- archive-date -->\n\n\t<header class=\"entry-header\">\n\t\t<h2 class=\"entry-title\">Morbus Stargardt: \u00ab\u00a0\u00c9diter\u00a0\u00bb des g\u00e8nes pour garder la vue<\/h2>\t<\/header><!-- .entry-header -->\n\t<\/a>\n\t\n\t\t\t<a class=\"post-thumbnail\" href=\"https:\/\/retina.ch\/fr\/conseils\/editer-des-genes-pour-garder-la-vue\/\" aria-hidden=\"true\" tabindex=\"-1\">\n\t\t\t\t<figure class=\"wp-caption fsmcfi-fig featured\"><img loading=\"lazy\" decoding=\"async\" width=\"1280\" height=\"1011\" src=\"https:\/\/retina.ch\/wp-content\/uploads\/2025\/01\/retina-bild-gen-editing-gratis.jpg\" class=\"attachment-post-thumbnail size-post-thumbnail wp-post-image\" alt=\"Morbus Stargardt: \u00ab\u00a0\u00c9diter\u00a0\u00bb des g\u00e8nes pour garder la vue\" srcset=\"https:\/\/retina.ch\/wp-content\/uploads\/2025\/01\/retina-bild-gen-editing-gratis.jpg 1280w, https:\/\/retina.ch\/wp-content\/uploads\/2025\/01\/retina-bild-gen-editing-gratis-400x316.jpg 400w, https:\/\/retina.ch\/wp-content\/uploads\/2025\/01\/retina-bild-gen-editing-gratis-500x395.jpg 500w, https:\/\/retina.ch\/wp-content\/uploads\/2025\/01\/retina-bild-gen-editing-gratis-768x607.jpg 768w, https:\/\/retina.ch\/wp-content\/uploads\/2025\/01\/retina-bild-gen-editing-gratis-800x632.jpg 800w\" sizes=\"auto, (max-width: 1280px) 100vw, 1280px\" \/><\/figure>\t\t\t<\/a>\n\n\t\t\t\n\t<div class=\"archive-details\">\n\t\t\t\n\t\t<!-- Place  -->\n\t\t\t\t\n\t<\/div>\n\n\t<div class=\"entry-content\">\n\t\n\t\t\n\t\t\n\t\t<p>L\u2019\u00e9quipe de recherche de l\u2019Institut d\u2019ophtalmologie mol\u00e9culaire et clinique de B\u00e2le a d\u00e9velopp\u00e9 une nouvelle th\u00e9rapie g\u00e9nique. Celle-ci pourrait \u00e9ventuellement permettre de traiter la maladie de Stargardt, une forme fr\u00e9quente de d\u00e9g\u00e9n\u00e9rescence maculaire h\u00e9r\u00e9ditaire.<\/p>\n\t\t\n\t\t<a href=\"https:\/\/retina.ch\/fr\/conseils\/editer-des-genes-pour-garder-la-vue\/\" class=\"btn\">suite<\/a>\n\t\t\n\t<\/div><!-- .entry-content -->\n\t\n<\/article><!-- #post-20421 -->\n\n<article id=\"post-20444\" class=\"post-20444 ratgeber type-ratgeber status-publish has-post-thumbnail hentry category-color category-communication-aux-medias category-conseils\">\n\n\t\t\n\t<div class=\"archive-icon\">\n\t<\/div>\n\t\n\t<a href=\"https:\/\/retina.ch\/fr\/conseils\/le-diabete-endommage-la-retine-que-faire-la-nouvelle-brochure-dinformation-de-retina-suisse-vous-eclaire\/\">\n\t<div class=\"archive-date\">\n\t\t<!-- Date  -->\n\t\t<!-- Time  -->\t<\/div><!-- archive-date -->\n\n\t<header class=\"entry-header\">\n\t\t<h2 class=\"entry-title\">Le diab\u00e8te endommage la r\u00e9tine. Que faire\u00a0? La nouvelle brochure d\u2019information de Retina Suisse vous \u00e9claire.<\/h2>\t<\/header><!-- .entry-header -->\n\t<\/a>\n\t\n\t\t\t<a class=\"post-thumbnail\" href=\"https:\/\/retina.ch\/fr\/conseils\/le-diabete-endommage-la-retine-que-faire-la-nouvelle-brochure-dinformation-de-retina-suisse-vous-eclaire\/\" aria-hidden=\"true\" tabindex=\"-1\">\n\t\t\t\t<figure class=\"wp-caption fsmcfi-fig featured\"><img loading=\"lazy\" decoding=\"async\" width=\"466\" height=\"348\" src=\"https:\/\/retina.ch\/wp-content\/uploads\/2025\/01\/diabetes-it-fr.jpg\" class=\"attachment-post-thumbnail size-post-thumbnail wp-post-image\" alt=\"Le diab\u00e8te endommage la r\u00e9tine. Que faire\u00a0? La nouvelle brochure d\u2019information de Retina Suisse vous \u00e9claire.\" srcset=\"https:\/\/retina.ch\/wp-content\/uploads\/2025\/01\/diabetes-it-fr.jpg 466w, https:\/\/retina.ch\/wp-content\/uploads\/2025\/01\/diabetes-it-fr-400x299.jpg 400w\" sizes=\"auto, (max-width: 466px) 100vw, 466px\" \/><\/figure>\t\t\t<\/a>\n\n\t\t\t\n\t<div class=\"archive-details\">\n\t\t\t\n\t\t<!-- Place  -->\n\t\t\t\t\n\t<\/div>\n\n\t<div class=\"entry-content\">\n\t\n\t\t\n\t\t\n\t\t<p>Le diab\u00e8te peut provoquer pr\u00e9matur\u00e9ment une cataracte, rendre les yeux plus secs et endommager gravement la r\u00e9tine.<\/p>\n\t\t\n\t\t<a href=\"https:\/\/retina.ch\/fr\/conseils\/le-diabete-endommage-la-retine-que-faire-la-nouvelle-brochure-dinformation-de-retina-suisse-vous-eclaire\/\" class=\"btn\">suite<\/a>\n\t\t\n\t<\/div><!-- .entry-content -->\n\t\n<\/article><!-- #post-20444 -->\n\n<article id=\"post-16884\" class=\"post-16884 aktuelles type-aktuelles status-publish has-post-thumbnail hentry category-communication-aux-medias\">\n\n\t\t\n\t<div class=\"archive-icon\">\n\t<\/div>\n\t\n\t<a href=\"https:\/\/retina.ch\/fr\/actualites\/le-retina-suisse-runner-du-valais-a-fait-ses-preuves\/\">\n\t<div class=\"archive-date\">\n\t\t<!-- Date  -->\n\t\t<!-- Time  -->\t<\/div><!-- archive-date -->\n\n\t<header class=\"entry-header\">\n\t\t<h2 class=\"entry-title\">Le \u00abRetina Suisse Runner\u00bb du Valais a fait ses preuves<\/h2>\t<\/header><!-- .entry-header -->\n\t<\/a>\n\t\n\t\t\t<a class=\"post-thumbnail\" href=\"https:\/\/retina.ch\/fr\/actualites\/le-retina-suisse-runner-du-valais-a-fait-ses-preuves\/\" aria-hidden=\"true\" tabindex=\"-1\">\n\t\t\t\t<figure class=\"wp-caption fsmcfi-fig featured\"><img loading=\"lazy\" decoding=\"async\" width=\"1200\" height=\"1600\" src=\"https:\/\/retina.ch\/wp-content\/uploads\/2024\/05\/foto-retina-runner-4-genf.jpg\" class=\"attachment-post-thumbnail size-post-thumbnail wp-post-image\" alt=\"Le \u00abRetina Suisse Runner\u00bb du Valais a fait ses preuves\" srcset=\"https:\/\/retina.ch\/wp-content\/uploads\/2024\/05\/foto-retina-runner-4-genf.jpg 1200w, https:\/\/retina.ch\/wp-content\/uploads\/2024\/05\/foto-retina-runner-4-genf-300x400.jpg 300w, https:\/\/retina.ch\/wp-content\/uploads\/2024\/05\/foto-retina-runner-4-genf-1050x1400.jpg 1050w, https:\/\/retina.ch\/wp-content\/uploads\/2024\/05\/foto-retina-runner-4-genf-375x500.jpg 375w, https:\/\/retina.ch\/wp-content\/uploads\/2024\/05\/foto-retina-runner-4-genf-768x1024.jpg 768w, https:\/\/retina.ch\/wp-content\/uploads\/2024\/05\/foto-retina-runner-4-genf-1152x1536.jpg 1152w, https:\/\/retina.ch\/wp-content\/uploads\/2024\/05\/foto-retina-runner-4-genf-500x667.jpg 500w, https:\/\/retina.ch\/wp-content\/uploads\/2024\/05\/foto-retina-runner-4-genf-800x1067.jpg 800w\" sizes=\"auto, (max-width: 1200px) 100vw, 1200px\" \/><\/figure>\t\t\t<\/a>\n\n\t\t\t\n\t<div class=\"archive-details\">\n\t\t\t\n\t\t<!-- Place  -->\n\t\t\t\t\n\t<\/div>\n\n\t<div class=\"entry-content\">\n\t\n\t\t\n\t\t\n\t\t<p>Markus K\u00e4mpfen, un homme presque aveugle originaire du Valais, a pris part au Marathon de Gen\u00e8ve. Il y a obtenu un bon succ\u00e8s.<\/p>\n\t\t\n\t\t<a href=\"https:\/\/retina.ch\/fr\/actualites\/le-retina-suisse-runner-du-valais-a-fait-ses-preuves\/\" class=\"btn\">suite<\/a>\n\t\t\n\t<\/div><!-- .entry-content -->\n\t\n<\/article><!-- #post-16884 -->\n\n<article id=\"post-11083\" class=\"post-11083 medienmitteilung type-medienmitteilung status-publish has-post-thumbnail hentry category-communication-aux-medias category-conseils\">\n\n\t\t\n\t<div class=\"archive-icon\">\n\t<\/div>\n\t\n\t<a href=\"https:\/\/retina.ch\/fr\/communication-aux-medias\/le-registre-des-patients-utile-pour-tout-le-monde\/\">\n\t<div class=\"archive-date\">\n\t\t<!-- Date  -->\n\t\t15.03.2023<!-- Time  -->\t<\/div><!-- archive-date -->\n\n\t<header class=\"entry-header\">\n\t\t<h2 class=\"entry-title\">Le Registre des patients utile pour tout le monde<\/h2>\t<\/header><!-- .entry-header -->\n\t<\/a>\n\t\n\t\t\t<a class=\"post-thumbnail\" href=\"https:\/\/retina.ch\/fr\/communication-aux-medias\/le-registre-des-patients-utile-pour-tout-le-monde\/\" aria-hidden=\"true\" tabindex=\"-1\">\n\t\t\t\t<figure class=\"wp-caption fsmcfi-fig featured\"><img loading=\"lazy\" decoding=\"async\" width=\"1432\" height=\"1045\" src=\"https:\/\/retina.ch\/wp-content\/uploads\/2023\/04\/bild-datenbank-x-linked-vererbung.jpg\" class=\"attachment-post-thumbnail size-post-thumbnail wp-post-image\" alt=\"Le Registre des patients utile pour tout le monde\" srcset=\"https:\/\/retina.ch\/wp-content\/uploads\/2023\/04\/bild-datenbank-x-linked-vererbung.jpg 1432w, https:\/\/retina.ch\/wp-content\/uploads\/2023\/04\/bild-datenbank-x-linked-vererbung-400x292.jpg 400w, https:\/\/retina.ch\/wp-content\/uploads\/2023\/04\/bild-datenbank-x-linked-vererbung-1400x1022.jpg 1400w, https:\/\/retina.ch\/wp-content\/uploads\/2023\/04\/bild-datenbank-x-linked-vererbung-500x365.jpg 500w, https:\/\/retina.ch\/wp-content\/uploads\/2023\/04\/bild-datenbank-x-linked-vererbung-768x560.jpg 768w, https:\/\/retina.ch\/wp-content\/uploads\/2023\/04\/bild-datenbank-x-linked-vererbung-800x584.jpg 800w, https:\/\/retina.ch\/wp-content\/uploads\/2023\/04\/bild-datenbank-x-linked-vererbung-1280x934.jpg 1280w\" sizes=\"auto, (max-width: 1432px) 100vw, 1432px\" \/><\/figure>\t\t\t<\/a>\n\n\t\t\t\n\t<div class=\"archive-details\">\n\t\t\t\n\t\t<!-- Place  -->\n\t\t\t\t<div>\t\t\t\t\t \n\t\t\t\t\t\t\t\n\t\t\t\t\t<\/div>\n\t\t\t\t\n\t<\/div>\n\n\t<div class=\"entry-content\">\n\t\n\t\t\n\t\t\n\t\t<p>Gr\u00e2ce \u00e0 une base de donn\u00e9es sur les maladies rares, nous pouvons obtenir tr\u00e8s vite des informations sur de nouvelles \u00e9tudes cliniques et th\u00e9rapies.<\/p>\n\t\t\n\t\t<a href=\"https:\/\/retina.ch\/fr\/communication-aux-medias\/le-registre-des-patients-utile-pour-tout-le-monde\/\" class=\"btn\">suite<\/a>\n\t\t\n\t<\/div><!-- .entry-content -->\n\t\n<\/article><!-- #post-11083 -->\n\n<article id=\"post-11318\" class=\"post-11318 aktuelles type-aktuelles status-publish has-post-thumbnail hentry category-communication-aux-medias category-conseil-medico-scientifique category-morbus-stargardt-fr category-recherche category-retinite-pigmentaire\">\n\n\t\t\n\t<div class=\"archive-icon\">\n\t<\/div>\n\t\n\t<a href=\"https:\/\/retina.ch\/fr\/actualites\/etude-dobservation-de-la-maladie-de-stargardt-recherche-de-participants-2\/\">\n\t<div class=\"archive-date\">\n\t\t<!-- Date  -->\n\t\t24.11.2022<!-- Time  -->\t<\/div><!-- archive-date -->\n\n\t<header class=\"entry-header\">\n\t\t<h2 class=\"entry-title\">Distanciation du \u201ctraitement cubain\u201d<\/h2>\t<\/header><!-- .entry-header -->\n\t<\/a>\n\t\n\t\t\t<a class=\"post-thumbnail\" href=\"https:\/\/retina.ch\/fr\/actualites\/etude-dobservation-de-la-maladie-de-stargardt-recherche-de-participants-2\/\" aria-hidden=\"true\" tabindex=\"-1\">\n\t\t\t\t<figure class=\"wp-caption fsmcfi-fig featured\"><img loading=\"lazy\" decoding=\"async\" width=\"1020\" height=\"658\" src=\"https:\/\/retina.ch\/wp-content\/uploads\/2022\/11\/retina-bild-zu-kuba-therapie-02.jpg\" class=\"attachment-post-thumbnail size-post-thumbnail wp-post-image\" alt=\"Distanciation du \u201ctraitement cubain\u201d\" srcset=\"https:\/\/retina.ch\/wp-content\/uploads\/2022\/11\/retina-bild-zu-kuba-therapie-02.jpg 1020w, https:\/\/retina.ch\/wp-content\/uploads\/2022\/11\/retina-bild-zu-kuba-therapie-02-400x258.jpg 400w, https:\/\/retina.ch\/wp-content\/uploads\/2022\/11\/retina-bild-zu-kuba-therapie-02-500x323.jpg 500w, https:\/\/retina.ch\/wp-content\/uploads\/2022\/11\/retina-bild-zu-kuba-therapie-02-768x495.jpg 768w, https:\/\/retina.ch\/wp-content\/uploads\/2022\/11\/retina-bild-zu-kuba-therapie-02-800x516.jpg 800w\" sizes=\"auto, (max-width: 1020px) 100vw, 1020px\" \/><\/figure>\t\t\t<\/a>\n\n\t\t\t\n\t<div class=\"archive-details\">\n\t\t\t\n\t\t<!-- Place  -->\n\t\t\t\t\n\t<\/div>\n\n\t<div class=\"entry-content\">\n\t\n\t\t\n\t\t\n\t\t<p>La clinique ophtalmologique de l&rsquo;H\u00f4pital universitaire de B\u00e2le r\u00e9alise l&rsquo;\u00e9tude d&rsquo;\u00e9volution naturelle &lsquo;First Orbit&rsquo;.<\/p>\n\t\t\n\t\t<a href=\"https:\/\/retina.ch\/fr\/actualites\/etude-dobservation-de-la-maladie-de-stargardt-recherche-de-participants-2\/\" class=\"btn\">suite<\/a>\n\t\t\n\t<\/div><!-- .entry-content -->\n\t\n<\/article><!-- #post-11318 -->\n\n<article id=\"post-9737\" class=\"post-9737 aktuelles type-aktuelles status-publish hentry category-communication-aux-medias category-morbus-stargardt-fr category-recherche\">\n\n\t\t\n\t<div class=\"archive-icon\">\n\t<\/div>\n\t\n\t<a href=\"https:\/\/retina.ch\/fr\/actualites\/etude-dobservation-de-la-maladie-de-stargardt-recherche-de-participants\/\">\n\t<div class=\"archive-date\">\n\t\t<!-- Date  -->\n\t\t27.09.2022<!-- Time  -->\t<\/div><!-- archive-date -->\n\n\t<header class=\"entry-header\">\n\t\t<h2 class=\"entry-title\">Etude d\u2019observation de Stargardt : recherche de participants<\/h2>\t<\/header><!-- .entry-header -->\n\t<\/a>\n\t\n\t<div class=\"archive-details\">\n\t\t\t\n\t\t<!-- Place  -->\n\t\t\t\t\n\t<\/div>\n\n\t<div class=\"entry-content\">\n\t\n\t\t\n\t\t\n\t\t<p>Les soci\u00e9t\u00e9s sp\u00e9cialis\u00e9es allemandes d\u00e9conseillent le \u00ab\u00a0traitement cubain\u00a0\u00bb en cas de r\u00e9tinite pigmentaire. De lourdes complications peuvent en d\u00e9couler.<\/p>\n\t\t\n\t\t<a href=\"https:\/\/retina.ch\/fr\/actualites\/etude-dobservation-de-la-maladie-de-stargardt-recherche-de-participants\/\" class=\"btn\">suite<\/a>\n\t\t\n\t<\/div><!-- .entry-content -->\n\t\n<\/article><!-- #post-9737 -->\n<div class=\"nav-links\"><\/div>        <\/div><!-- .flxbx -->\n        \n","protected":false},"excerpt":{"rendered":"","protected":false},"author":1,"featured_media":0,"parent":11037,"menu_order":5,"comment_status":"closed","ping_status":"closed","template":"","meta":{"_acf_changed":false,"inline_featured_image":false,"_FSMCFIC_featured_image_caption":"","_FSMCFIC_featured_image_nocaption":"","_FSMCFIC_featured_image_hide":"","footnotes":"","_links_to":"","_links_to_target":""},"class_list":["post-11041","page","type-page","status-publish","hentry"],"acf":[],"yoast_head":"<!-- This site is optimized with the Yoast SEO plugin v27.1.1 - https:\/\/yoast.com\/product\/yoast-seo-wordpress\/ -->\n<title>Communications aux m\u00e9dias &#8226; Retina Suisse<\/title>\n<meta name=\"robots\" content=\"index, follow, max-snippet:-1, max-image-preview:large, max-video-preview:-1\" \/>\n<link rel=\"canonical\" href=\"https:\/\/retina.ch\/fr\/medias\/communication-aux-medias\/\" \/>\n<meta property=\"og:locale\" content=\"fr_FR\" \/>\n<meta property=\"og:type\" content=\"article\" \/>\n<meta property=\"og:title\" content=\"Communications aux m\u00e9dias &#8226; Retina Suisse\" \/>\n<meta property=\"og:url\" content=\"https:\/\/retina.ch\/fr\/medias\/communication-aux-medias\/\" \/>\n<meta property=\"og:site_name\" content=\"Retina Suisse\" \/>\n<meta property=\"article:publisher\" content=\"https:\/\/www.facebook.com\/retinasuisse\/\" \/>\n<meta property=\"article:modified_time\" content=\"2023-04-19T14:00:45+00:00\" \/>\n<meta name=\"twitter:card\" content=\"summary_large_image\" \/>\n<meta name=\"twitter:label1\" content=\"Dur\u00e9e de lecture estim\u00e9e\" \/>\n\t<meta name=\"twitter:data1\" content=\"1 minute\" \/>\n<script type=\"application\/ld+json\" class=\"yoast-schema-graph\">{\"@context\":\"https:\/\/schema.org\",\"@graph\":[{\"@type\":\"WebPage\",\"@id\":\"https:\/\/retina.ch\/fr\/medias\/communication-aux-medias\/\",\"url\":\"https:\/\/retina.ch\/fr\/medias\/communication-aux-medias\/\",\"name\":\"Communications aux m\u00e9dias &#8226; Retina Suisse\",\"isPartOf\":{\"@id\":\"https:\/\/retina.ch\/fr\/#website\"},\"datePublished\":\"2023-04-14T13:57:36+00:00\",\"dateModified\":\"2023-04-19T14:00:45+00:00\",\"breadcrumb\":{\"@id\":\"https:\/\/retina.ch\/fr\/medias\/communication-aux-medias\/#breadcrumb\"},\"inLanguage\":\"fr-FR\",\"potentialAction\":[{\"@type\":\"ReadAction\",\"target\":[\"https:\/\/retina.ch\/fr\/medias\/communication-aux-medias\/\"]}]},{\"@type\":\"BreadcrumbList\",\"@id\":\"https:\/\/retina.ch\/fr\/medias\/communication-aux-medias\/#breadcrumb\",\"itemListElement\":[{\"@type\":\"ListItem\",\"position\":1,\"name\":\"Retina Suisse\",\"item\":\"https:\/\/retina.ch\/fr\/\"},{\"@type\":\"ListItem\",\"position\":2,\"name\":\"Pour les journalistes\",\"item\":\"https:\/\/retina.ch\/fr\/medias\/\"},{\"@type\":\"ListItem\",\"position\":3,\"name\":\"Communications aux m\u00e9dias\"}]},{\"@type\":\"WebSite\",\"@id\":\"https:\/\/retina.ch\/fr\/#website\",\"url\":\"https:\/\/retina.ch\/fr\/\",\"name\":\"Retina Suisse\",\"description\":\"Retina Suisse ist die Vereinigung von Patientinnen und Patienten mit Retinitis pigmentosa (RP), Makuladegeneration, Usher-Syndrom und anderen Erkrankungen des Augenhintergrundes.\",\"publisher\":{\"@id\":\"https:\/\/retina.ch\/fr\/#organization\"},\"potentialAction\":[{\"@type\":\"SearchAction\",\"target\":{\"@type\":\"EntryPoint\",\"urlTemplate\":\"https:\/\/retina.ch\/fr\/?s={search_term_string}\"},\"query-input\":{\"@type\":\"PropertyValueSpecification\",\"valueRequired\":true,\"valueName\":\"search_term_string\"}}],\"inLanguage\":\"fr-FR\"},{\"@type\":\"Organization\",\"@id\":\"https:\/\/retina.ch\/fr\/#organization\",\"name\":\"Retina Suisse\",\"url\":\"https:\/\/retina.ch\/fr\/\",\"logo\":{\"@type\":\"ImageObject\",\"inLanguage\":\"fr-FR\",\"@id\":\"https:\/\/retina.ch\/fr\/#\/schema\/logo\/image\/\",\"url\":\"https:\/\/retina.ch\/wp-content\/uploads\/2020\/09\/retina-auge-typo.svg\",\"contentUrl\":\"https:\/\/retina.ch\/wp-content\/uploads\/2020\/09\/retina-auge-typo.svg\",\"width\":\"1024\",\"height\":\"1024\",\"caption\":\"Retina Suisse\"},\"image\":{\"@id\":\"https:\/\/retina.ch\/fr\/#\/schema\/logo\/image\/\"},\"sameAs\":[\"https:\/\/www.facebook.com\/retinasuisse\/\"]}]}<\/script>\n<!-- \/ Yoast SEO plugin. -->","yoast_head_json":{"title":"Communications aux m\u00e9dias &#8226; Retina Suisse","robots":{"index":"index","follow":"follow","max-snippet":"max-snippet:-1","max-image-preview":"max-image-preview:large","max-video-preview":"max-video-preview:-1"},"canonical":"https:\/\/retina.ch\/fr\/medias\/communication-aux-medias\/","og_locale":"fr_FR","og_type":"article","og_title":"Communications aux m\u00e9dias &#8226; Retina Suisse","og_url":"https:\/\/retina.ch\/fr\/medias\/communication-aux-medias\/","og_site_name":"Retina Suisse","article_publisher":"https:\/\/www.facebook.com\/retinasuisse\/","article_modified_time":"2023-04-19T14:00:45+00:00","twitter_card":"summary_large_image","twitter_misc":{"Dur\u00e9e de lecture estim\u00e9e":"1 minute"},"schema":{"@context":"https:\/\/schema.org","@graph":[{"@type":"WebPage","@id":"https:\/\/retina.ch\/fr\/medias\/communication-aux-medias\/","url":"https:\/\/retina.ch\/fr\/medias\/communication-aux-medias\/","name":"Communications aux m\u00e9dias &#8226; Retina Suisse","isPartOf":{"@id":"https:\/\/retina.ch\/fr\/#website"},"datePublished":"2023-04-14T13:57:36+00:00","dateModified":"2023-04-19T14:00:45+00:00","breadcrumb":{"@id":"https:\/\/retina.ch\/fr\/medias\/communication-aux-medias\/#breadcrumb"},"inLanguage":"fr-FR","potentialAction":[{"@type":"ReadAction","target":["https:\/\/retina.ch\/fr\/medias\/communication-aux-medias\/"]}]},{"@type":"BreadcrumbList","@id":"https:\/\/retina.ch\/fr\/medias\/communication-aux-medias\/#breadcrumb","itemListElement":[{"@type":"ListItem","position":1,"name":"Retina Suisse","item":"https:\/\/retina.ch\/fr\/"},{"@type":"ListItem","position":2,"name":"Pour les journalistes","item":"https:\/\/retina.ch\/fr\/medias\/"},{"@type":"ListItem","position":3,"name":"Communications aux m\u00e9dias"}]},{"@type":"WebSite","@id":"https:\/\/retina.ch\/fr\/#website","url":"https:\/\/retina.ch\/fr\/","name":"Retina Suisse","description":"Retina Suisse ist die Vereinigung von Patientinnen und Patienten mit Retinitis pigmentosa (RP), Makuladegeneration, Usher-Syndrom und anderen Erkrankungen des Augenhintergrundes.","publisher":{"@id":"https:\/\/retina.ch\/fr\/#organization"},"potentialAction":[{"@type":"SearchAction","target":{"@type":"EntryPoint","urlTemplate":"https:\/\/retina.ch\/fr\/?s={search_term_string}"},"query-input":{"@type":"PropertyValueSpecification","valueRequired":true,"valueName":"search_term_string"}}],"inLanguage":"fr-FR"},{"@type":"Organization","@id":"https:\/\/retina.ch\/fr\/#organization","name":"Retina Suisse","url":"https:\/\/retina.ch\/fr\/","logo":{"@type":"ImageObject","inLanguage":"fr-FR","@id":"https:\/\/retina.ch\/fr\/#\/schema\/logo\/image\/","url":"https:\/\/retina.ch\/wp-content\/uploads\/2020\/09\/retina-auge-typo.svg","contentUrl":"https:\/\/retina.ch\/wp-content\/uploads\/2020\/09\/retina-auge-typo.svg","width":"1024","height":"1024","caption":"Retina Suisse"},"image":{"@id":"https:\/\/retina.ch\/fr\/#\/schema\/logo\/image\/"},"sameAs":["https:\/\/www.facebook.com\/retinasuisse\/"]}]}},"_links":{"self":[{"href":"https:\/\/retina.ch\/fr\/wp-json\/wp\/v2\/pages\/11041","targetHints":{"allow":["GET"]}}],"collection":[{"href":"https:\/\/retina.ch\/fr\/wp-json\/wp\/v2\/pages"}],"about":[{"href":"https:\/\/retina.ch\/fr\/wp-json\/wp\/v2\/types\/page"}],"author":[{"embeddable":true,"href":"https:\/\/retina.ch\/fr\/wp-json\/wp\/v2\/users\/1"}],"replies":[{"embeddable":true,"href":"https:\/\/retina.ch\/fr\/wp-json\/wp\/v2\/comments?post=11041"}],"version-history":[{"count":3,"href":"https:\/\/retina.ch\/fr\/wp-json\/wp\/v2\/pages\/11041\/revisions"}],"predecessor-version":[{"id":11371,"href":"https:\/\/retina.ch\/fr\/wp-json\/wp\/v2\/pages\/11041\/revisions\/11371"}],"up":[{"embeddable":true,"href":"https:\/\/retina.ch\/fr\/wp-json\/wp\/v2\/pages\/11037"}],"wp:attachment":[{"href":"https:\/\/retina.ch\/fr\/wp-json\/wp\/v2\/media?parent=11041"}],"curies":[{"name":"wp","href":"https:\/\/api.w.org\/{rel}","templated":true}]}}