{"id":2632,"date":"2020-09-19T09:02:18","date_gmt":"2020-09-19T07:02:18","guid":{"rendered":"https:\/\/dev.retina.ch\/?page_id=2632"},"modified":"2026-03-23T14:06:46","modified_gmt":"2026-03-23T13:06:46","slug":"organisation","status":"publish","type":"page","link":"https:\/\/retina.ch\/fr\/organisation\/","title":{"rendered":"Organisation"},"content":{"rendered":"\n<p>Retina Suisse est l\u2019association de patientes et patients affect\u00e9s de r\u00e9tinite pigmentaire (RP), de d\u00e9g\u00e9n\u00e9rescence de la macula, du syndrome d&rsquo;Usher et d\u2019autres maladies du fond de l\u2019\u0153il.<\/p>\n\n\n\n<figure class=\"wp-block-image size-large\"><img loading=\"lazy\" decoding=\"async\" width=\"1175\" height=\"1400\" src=\"https:\/\/retina.ch\/wp-content\/uploads\/2026\/01\/Mitarbeitende-6_gelbe-Brille-1175x1400.jpg\" alt=\"Les collaborateurs et la directrice g\u00e9n\u00e9rale Susanne Trudel regardent ensemble vers l'avenir. Tous portent des lunettes de soleil jaunes.\" class=\"wp-image-24807\" srcset=\"https:\/\/retina.ch\/wp-content\/uploads\/2026\/01\/Mitarbeitende-6_gelbe-Brille-1175x1400.jpg 1175w, https:\/\/retina.ch\/wp-content\/uploads\/2026\/01\/Mitarbeitende-6_gelbe-Brille-336x400.jpg 336w, https:\/\/retina.ch\/wp-content\/uploads\/2026\/01\/Mitarbeitende-6_gelbe-Brille-420x500.jpg 420w, https:\/\/retina.ch\/wp-content\/uploads\/2026\/01\/Mitarbeitende-6_gelbe-Brille-768x915.jpg 768w, https:\/\/retina.ch\/wp-content\/uploads\/2026\/01\/Mitarbeitende-6_gelbe-Brille-1289x1536.jpg 1289w, https:\/\/retina.ch\/wp-content\/uploads\/2026\/01\/Mitarbeitende-6_gelbe-Brille-1719x2048.jpg 1719w, https:\/\/retina.ch\/wp-content\/uploads\/2026\/01\/Mitarbeitende-6_gelbe-Brille-500x596.jpg 500w, https:\/\/retina.ch\/wp-content\/uploads\/2026\/01\/Mitarbeitende-6_gelbe-Brille-800x953.jpg 800w, https:\/\/retina.ch\/wp-content\/uploads\/2026\/01\/Mitarbeitende-6_gelbe-Brille-1280x1525.jpg 1280w, https:\/\/retina.ch\/wp-content\/uploads\/2026\/01\/Mitarbeitende-6_gelbe-Brille-1920x2288.jpg 1920w\" sizes=\"auto, (max-width: 1175px) 100vw, 1175px\" \/><\/figure>\n\n\n\n<h2 class=\"wp-block-heading\">Retina Suisse<\/h2>\n\n\n\n<ul class=\"wp-block-list\">\n<li>informe sur les maladies de la r\u00e9tine, mais aussi sur les maladies de l\u2019\u0153il, telles que la cataracte et le glaucome, tout comme sur les \u00e9ventuelles th\u00e9rapies; <\/li>\n\n\n\n<li>propose des entretiens conseils bas\u00e9s sur des connaissances m\u00e9dicales;<\/li>\n\n\n\n<li>offre de l\u2019aide dans le processus personnel pour faire face au diagnostic, \u00e0 ses cons\u00e9quences et favorise l\u2019entraide entre les membres;<\/li>\n\n\n\n<li>informe les patientes et patients, leurs proches et le grand public;<\/li>\n\n\n\n<li>soutient les patientes et patients afin qu\u2019ils aient acc\u00e8s aux moyens auxiliaires, \u00e0 la r\u00e9adaptation et au soutien financier du secteur public et des<br>organisations, sans distinction d\u2019\u00e2ge, de sexe ou d\u2019origine;<\/li>\n\n\n\n<li>encourage la recherche scientifique dans le but que soit trouv\u00e9e une th\u00e9rapie pour les d\u00e9g\u00e9n\u00e9rescences de la r\u00e9tine qui sont encore incurables \u00e0 ce jour ;<\/li>\n\n\n\n<li>offre des services de qualit\u00e9 egale pour tous les groupes cibles dans toutes les r\u00e9gions du pays.<\/li>\n<\/ul>\n\n\n\n<p>Retina Suisse \u00e9taye son activit\u00e9 d\u2019information sur des connaissances scientifiques prouv\u00e9es et est assist\u00e9e d\u2019un conseil m\u00e9dico-scientifique.<\/p>\n\n\n\n<p>Retina Suisse est membre de Retina International, de L\u2019 UCBA (Union Centrale pour le Bien des Aveugles), de ProRaris Suisse et d\u2019Agile.ch.<\/p>\n\n\n\n<hr class=\"wp-block-separator has-alpha-channel-opacity\"\/>\n\n\n\n<h2 class=\"wp-block-heading\">En 2026, nous sommes soutenus par<\/h2>\n\n\n\n<div class=\"wp-block-columns are-vertically-aligned-center is-layout-flex wp-container-core-columns-is-layout-9d6595d7 wp-block-columns-is-layout-flex\">\n<div class=\"wp-block-column is-vertically-aligned-center is-layout-flow wp-block-column-is-layout-flow\">\n<figure class=\"wp-block-image size-full is-resized is-style-rounded\"><a href=\"https:\/\/www.astellas.com\/en\/\" target=\"_blank\" rel=\" noreferrer noopener\"><img loading=\"lazy\" decoding=\"async\" width=\"1280\" height=\"351\" src=\"https:\/\/retina.ch\/wp-content\/uploads\/2026\/01\/Astellas_logo.svg.png\" alt=\"Astellas Pharma Inc.\" class=\"wp-image-24744\" style=\"width:auto;height:100px\" srcset=\"https:\/\/retina.ch\/wp-content\/uploads\/2026\/01\/Astellas_logo.svg.png 1280w, https:\/\/retina.ch\/wp-content\/uploads\/2026\/01\/Astellas_logo.svg-400x110.png 400w, https:\/\/retina.ch\/wp-content\/uploads\/2026\/01\/Astellas_logo.svg-500x137.png 500w, https:\/\/retina.ch\/wp-content\/uploads\/2026\/01\/Astellas_logo.svg-768x211.png 768w, https:\/\/retina.ch\/wp-content\/uploads\/2026\/01\/Astellas_logo.svg-800x219.png 800w\" sizes=\"auto, (max-width: 1280px) 100vw, 1280px\" \/><\/a><\/figure>\n<\/div>\n\n\n\n<div class=\"wp-block-column is-vertically-aligned-center is-layout-flow wp-block-column-is-layout-flow\"><div class=\"wp-block-image is-style-rounded\">\n<figure class=\"aligncenter size-large is-resized\"><a href=\"https:\/\/www.bayer.com\/fr\/ch\/suisse-accueil\"><img loading=\"lazy\" decoding=\"async\" width=\"1400\" height=\"471\" src=\"https:\/\/retina.ch\/wp-content\/uploads\/2026\/01\/Logo-Bayer-1400x471.jpg\" alt=\"Bayer (Suisse) SA\" class=\"wp-image-24747\" style=\"width:auto;height:100px\" srcset=\"https:\/\/retina.ch\/wp-content\/uploads\/2026\/01\/Logo-Bayer-1400x471.jpg 1400w, https:\/\/retina.ch\/wp-content\/uploads\/2026\/01\/Logo-Bayer-400x134.jpg 400w, https:\/\/retina.ch\/wp-content\/uploads\/2026\/01\/Logo-Bayer-500x168.jpg 500w, https:\/\/retina.ch\/wp-content\/uploads\/2026\/01\/Logo-Bayer-768x258.jpg 768w, https:\/\/retina.ch\/wp-content\/uploads\/2026\/01\/Logo-Bayer-1536x516.jpg 1536w, https:\/\/retina.ch\/wp-content\/uploads\/2026\/01\/Logo-Bayer-2048x688.jpg 2048w, https:\/\/retina.ch\/wp-content\/uploads\/2026\/01\/Logo-Bayer-800x269.jpg 800w, https:\/\/retina.ch\/wp-content\/uploads\/2026\/01\/Logo-Bayer-1280x430.jpg 1280w, https:\/\/retina.ch\/wp-content\/uploads\/2026\/01\/Logo-Bayer-1920x645.jpg 1920w\" sizes=\"auto, (max-width: 1400px) 100vw, 1400px\" \/><\/a><\/figure>\n<\/div><\/div>\n\n\n\n<div class=\"wp-block-column is-vertically-aligned-center is-layout-flow wp-block-column-is-layout-flow\">\n<figure class=\"wp-block-gallery has-nested-images columns-default is-cropped wp-block-gallery-1 is-layout-flex wp-block-gallery-is-layout-flex\">\n<figure class=\"wp-block-image size-large is-style-rounded\"><a href=\"https:\/\/www.sandoz-pharmaceuticals.ch\/ch-fr\/\"><img loading=\"lazy\" decoding=\"async\" width=\"1400\" height=\"431\" data-id=\"22538\" src=\"https:\/\/retina.ch\/wp-content\/uploads\/2025\/06\/Sandoz-Logo-Sandoz-Blue-RGB-002-1400x431.png\" alt=\"Logo Sandoz\" class=\"wp-image-22538\" srcset=\"https:\/\/retina.ch\/wp-content\/uploads\/2025\/06\/Sandoz-Logo-Sandoz-Blue-RGB-002-1400x431.png 1400w, https:\/\/retina.ch\/wp-content\/uploads\/2025\/06\/Sandoz-Logo-Sandoz-Blue-RGB-002-400x123.png 400w, https:\/\/retina.ch\/wp-content\/uploads\/2025\/06\/Sandoz-Logo-Sandoz-Blue-RGB-002-500x154.png 500w, https:\/\/retina.ch\/wp-content\/uploads\/2025\/06\/Sandoz-Logo-Sandoz-Blue-RGB-002-768x236.png 768w, https:\/\/retina.ch\/wp-content\/uploads\/2025\/06\/Sandoz-Logo-Sandoz-Blue-RGB-002-1536x473.png 1536w, https:\/\/retina.ch\/wp-content\/uploads\/2025\/06\/Sandoz-Logo-Sandoz-Blue-RGB-002-2048x630.png 2048w, https:\/\/retina.ch\/wp-content\/uploads\/2025\/06\/Sandoz-Logo-Sandoz-Blue-RGB-002-800x246.png 800w, https:\/\/retina.ch\/wp-content\/uploads\/2025\/06\/Sandoz-Logo-Sandoz-Blue-RGB-002-1280x394.png 1280w, https:\/\/retina.ch\/wp-content\/uploads\/2025\/06\/Sandoz-Logo-Sandoz-Blue-RGB-002-1920x591.png 1920w\" sizes=\"auto, (max-width: 1400px) 100vw, 1400px\" \/><\/a><\/figure>\n<\/figure>\n<\/div>\n<\/div>\n\n\n\n<p>Retina Suisse est financ\u00e9e par les cotisations de ses membres, des dons, des contributions des pouvoirs publics et des contributions de soutien d&rsquo;entreprises.<\/p>\n\n\n\n<p>Nos donateurs n&rsquo;ont aucune influence sur le contenu de nos publications.<\/p>\n\n\n\n<p>Les entreprises pharmaceutiques soutiennent financi\u00e8rement Retina Suisse dans l&rsquo;\u00e9laboration d&rsquo;informations ind\u00e9pendantes pour les patients, l&rsquo;organisation de manifestations d&rsquo;information et le conseil aux patients &#8211; toujours en accord avec le code de coop\u00e9ration pharmaceutique, afin de garantir la transparence et l&rsquo;ind\u00e9pendance r\u00e9ciproques. Ce soutien se fait \u00e0 un niveau qui pr\u00e9serve l&rsquo;ind\u00e9pendance de notre association.<\/p>\n\n\n\n<p><\/p>\n","protected":false},"excerpt":{"rendered":"<p>Retina Suisse est l\u2019association de patientes et patients affect\u00e9s de r\u00e9tinite pigmentaire (RP), de d\u00e9g\u00e9n\u00e9rescence de la macula, du syndrome d&rsquo;Usher et d\u2019autres maladies du fond de l\u2019\u0153il. Retina Suisse Retina Suisse \u00e9taye son activit\u00e9 d\u2019information sur des connaissances scientifiques prouv\u00e9es et est assist\u00e9e d\u2019un conseil m\u00e9dico-scientifique. Retina Suisse est membre de Retina International, de &#8230;<\/p>\n","protected":false},"author":10,"featured_media":0,"parent":0,"menu_order":30,"comment_status":"closed","ping_status":"closed","template":"","meta":{"_acf_changed":false,"inline_featured_image":false,"_FSMCFIC_featured_image_caption":"","_FSMCFIC_featured_image_nocaption":"","_FSMCFIC_featured_image_hide":"","footnotes":"","_links_to":"","_links_to_target":""},"class_list":["post-2632","page","type-page","status-publish","hentry"],"acf":[],"yoast_head":"<!-- This site is optimized with the Yoast SEO plugin v27.1.1 - https:\/\/yoast.com\/product\/yoast-seo-wordpress\/ -->\n<title>Organisation &#8226; Retina Suisse<\/title>\n<meta name=\"description\" content=\"L&#039;association de patients* atteints de r\u00e9tinite pigmentaire, de d\u00e9g\u00e9n\u00e9rescence maculaire et d&#039;autres maladies du fond de l&#039;\u0153il.\" \/>\n<meta name=\"robots\" content=\"index, follow, max-snippet:-1, max-image-preview:large, max-video-preview:-1\" \/>\n<link rel=\"canonical\" href=\"https:\/\/retina.ch\/fr\/organisation\/\" \/>\n<meta property=\"og:locale\" content=\"fr_FR\" \/>\n<meta property=\"og:type\" content=\"article\" \/>\n<meta property=\"og:title\" content=\"Organisation &#8226; Retina Suisse\" \/>\n<meta property=\"og:description\" content=\"L&#039;association de patients* atteints de r\u00e9tinite pigmentaire, de d\u00e9g\u00e9n\u00e9rescence maculaire et d&#039;autres maladies du fond de l&#039;\u0153il.\" \/>\n<meta property=\"og:url\" content=\"https:\/\/retina.ch\/fr\/organisation\/\" \/>\n<meta property=\"og:site_name\" content=\"Retina Suisse\" \/>\n<meta property=\"article:publisher\" content=\"https:\/\/www.facebook.com\/retinasuisse\/\" \/>\n<meta property=\"article:modified_time\" content=\"2026-03-23T13:06:46+00:00\" \/>\n<meta property=\"og:image\" content=\"https:\/\/retina.ch\/wp-content\/uploads\/2026\/01\/Mitarbeitende-6_gelbe-Brille-scaled-e1768818215540.jpg\" \/>\n\t<meta property=\"og:image:width\" content=\"2149\" \/>\n\t<meta property=\"og:image:height\" content=\"2560\" \/>\n\t<meta property=\"og:image:type\" content=\"image\/jpeg\" \/>\n<meta name=\"twitter:card\" content=\"summary_large_image\" \/>\n<meta name=\"twitter:label1\" content=\"Dur\u00e9e de lecture estim\u00e9e\" \/>\n\t<meta name=\"twitter:data1\" content=\"3 minutes\" \/>\n<script type=\"application\/ld+json\" class=\"yoast-schema-graph\">{\"@context\":\"https:\/\/schema.org\",\"@graph\":[{\"@type\":\"WebPage\",\"@id\":\"https:\/\/retina.ch\/fr\/organisation\/\",\"url\":\"https:\/\/retina.ch\/fr\/organisation\/\",\"name\":\"Organisation &#8226; Retina Suisse\",\"isPartOf\":{\"@id\":\"https:\/\/retina.ch\/fr\/#website\"},\"primaryImageOfPage\":{\"@id\":\"https:\/\/retina.ch\/fr\/organisation\/#primaryimage\"},\"image\":{\"@id\":\"https:\/\/retina.ch\/fr\/organisation\/#primaryimage\"},\"thumbnailUrl\":\"https:\/\/retina.ch\/wp-content\/uploads\/2026\/01\/Mitarbeitende-6_gelbe-Brille-1175x1400.jpg\",\"datePublished\":\"2020-09-19T07:02:18+00:00\",\"dateModified\":\"2026-03-23T13:06:46+00:00\",\"description\":\"L'association de patients* atteints de r\u00e9tinite pigmentaire, de d\u00e9g\u00e9n\u00e9rescence maculaire et d'autres maladies du fond de l'\u0153il.\",\"breadcrumb\":{\"@id\":\"https:\/\/retina.ch\/fr\/organisation\/#breadcrumb\"},\"inLanguage\":\"fr-FR\",\"potentialAction\":[{\"@type\":\"ReadAction\",\"target\":[\"https:\/\/retina.ch\/fr\/organisation\/\"]}]},{\"@type\":\"ImageObject\",\"inLanguage\":\"fr-FR\",\"@id\":\"https:\/\/retina.ch\/fr\/organisation\/#primaryimage\",\"url\":\"https:\/\/retina.ch\/wp-content\/uploads\/2026\/01\/Mitarbeitende-6_gelbe-Brille-1175x1400.jpg\",\"contentUrl\":\"https:\/\/retina.ch\/wp-content\/uploads\/2026\/01\/Mitarbeitende-6_gelbe-Brille-1175x1400.jpg\"},{\"@type\":\"BreadcrumbList\",\"@id\":\"https:\/\/retina.ch\/fr\/organisation\/#breadcrumb\",\"itemListElement\":[{\"@type\":\"ListItem\",\"position\":1,\"name\":\"Retina Suisse\",\"item\":\"https:\/\/retina.ch\/fr\/\"},{\"@type\":\"ListItem\",\"position\":2,\"name\":\"Organisation\"}]},{\"@type\":\"WebSite\",\"@id\":\"https:\/\/retina.ch\/fr\/#website\",\"url\":\"https:\/\/retina.ch\/fr\/\",\"name\":\"Retina Suisse\",\"description\":\"Retina Suisse ist die Vereinigung von Patientinnen und Patienten mit Retinitis pigmentosa (RP), Makuladegeneration, Usher-Syndrom und anderen Erkrankungen des Augenhintergrundes.\",\"publisher\":{\"@id\":\"https:\/\/retina.ch\/fr\/#organization\"},\"potentialAction\":[{\"@type\":\"SearchAction\",\"target\":{\"@type\":\"EntryPoint\",\"urlTemplate\":\"https:\/\/retina.ch\/fr\/?s={search_term_string}\"},\"query-input\":{\"@type\":\"PropertyValueSpecification\",\"valueRequired\":true,\"valueName\":\"search_term_string\"}}],\"inLanguage\":\"fr-FR\"},{\"@type\":\"Organization\",\"@id\":\"https:\/\/retina.ch\/fr\/#organization\",\"name\":\"Retina Suisse\",\"url\":\"https:\/\/retina.ch\/fr\/\",\"logo\":{\"@type\":\"ImageObject\",\"inLanguage\":\"fr-FR\",\"@id\":\"https:\/\/retina.ch\/fr\/#\/schema\/logo\/image\/\",\"url\":\"https:\/\/retina.ch\/wp-content\/uploads\/2020\/09\/retina-auge-typo.svg\",\"contentUrl\":\"https:\/\/retina.ch\/wp-content\/uploads\/2020\/09\/retina-auge-typo.svg\",\"width\":\"1024\",\"height\":\"1024\",\"caption\":\"Retina Suisse\"},\"image\":{\"@id\":\"https:\/\/retina.ch\/fr\/#\/schema\/logo\/image\/\"},\"sameAs\":[\"https:\/\/www.facebook.com\/retinasuisse\/\"]}]}<\/script>\n<!-- \/ Yoast SEO plugin. -->","yoast_head_json":{"title":"Organisation &#8226; Retina Suisse","description":"L'association de patients* atteints de r\u00e9tinite pigmentaire, de d\u00e9g\u00e9n\u00e9rescence maculaire et d'autres maladies du fond de l'\u0153il.","robots":{"index":"index","follow":"follow","max-snippet":"max-snippet:-1","max-image-preview":"max-image-preview:large","max-video-preview":"max-video-preview:-1"},"canonical":"https:\/\/retina.ch\/fr\/organisation\/","og_locale":"fr_FR","og_type":"article","og_title":"Organisation &#8226; Retina Suisse","og_description":"L'association de patients* atteints de r\u00e9tinite pigmentaire, de d\u00e9g\u00e9n\u00e9rescence maculaire et d'autres maladies du fond de l'\u0153il.","og_url":"https:\/\/retina.ch\/fr\/organisation\/","og_site_name":"Retina Suisse","article_publisher":"https:\/\/www.facebook.com\/retinasuisse\/","article_modified_time":"2026-03-23T13:06:46+00:00","og_image":[{"width":2149,"height":2560,"url":"https:\/\/retina.ch\/wp-content\/uploads\/2026\/01\/Mitarbeitende-6_gelbe-Brille-scaled-e1768818215540.jpg","type":"image\/jpeg"}],"twitter_card":"summary_large_image","twitter_misc":{"Dur\u00e9e de lecture estim\u00e9e":"3 minutes"},"schema":{"@context":"https:\/\/schema.org","@graph":[{"@type":"WebPage","@id":"https:\/\/retina.ch\/fr\/organisation\/","url":"https:\/\/retina.ch\/fr\/organisation\/","name":"Organisation &#8226; Retina Suisse","isPartOf":{"@id":"https:\/\/retina.ch\/fr\/#website"},"primaryImageOfPage":{"@id":"https:\/\/retina.ch\/fr\/organisation\/#primaryimage"},"image":{"@id":"https:\/\/retina.ch\/fr\/organisation\/#primaryimage"},"thumbnailUrl":"https:\/\/retina.ch\/wp-content\/uploads\/2026\/01\/Mitarbeitende-6_gelbe-Brille-1175x1400.jpg","datePublished":"2020-09-19T07:02:18+00:00","dateModified":"2026-03-23T13:06:46+00:00","description":"L'association de patients* atteints de r\u00e9tinite pigmentaire, de d\u00e9g\u00e9n\u00e9rescence maculaire et d'autres maladies du fond de l'\u0153il.","breadcrumb":{"@id":"https:\/\/retina.ch\/fr\/organisation\/#breadcrumb"},"inLanguage":"fr-FR","potentialAction":[{"@type":"ReadAction","target":["https:\/\/retina.ch\/fr\/organisation\/"]}]},{"@type":"ImageObject","inLanguage":"fr-FR","@id":"https:\/\/retina.ch\/fr\/organisation\/#primaryimage","url":"https:\/\/retina.ch\/wp-content\/uploads\/2026\/01\/Mitarbeitende-6_gelbe-Brille-1175x1400.jpg","contentUrl":"https:\/\/retina.ch\/wp-content\/uploads\/2026\/01\/Mitarbeitende-6_gelbe-Brille-1175x1400.jpg"},{"@type":"BreadcrumbList","@id":"https:\/\/retina.ch\/fr\/organisation\/#breadcrumb","itemListElement":[{"@type":"ListItem","position":1,"name":"Retina Suisse","item":"https:\/\/retina.ch\/fr\/"},{"@type":"ListItem","position":2,"name":"Organisation"}]},{"@type":"WebSite","@id":"https:\/\/retina.ch\/fr\/#website","url":"https:\/\/retina.ch\/fr\/","name":"Retina Suisse","description":"Retina Suisse ist die Vereinigung von Patientinnen und Patienten mit Retinitis pigmentosa (RP), Makuladegeneration, Usher-Syndrom und anderen Erkrankungen des Augenhintergrundes.","publisher":{"@id":"https:\/\/retina.ch\/fr\/#organization"},"potentialAction":[{"@type":"SearchAction","target":{"@type":"EntryPoint","urlTemplate":"https:\/\/retina.ch\/fr\/?s={search_term_string}"},"query-input":{"@type":"PropertyValueSpecification","valueRequired":true,"valueName":"search_term_string"}}],"inLanguage":"fr-FR"},{"@type":"Organization","@id":"https:\/\/retina.ch\/fr\/#organization","name":"Retina Suisse","url":"https:\/\/retina.ch\/fr\/","logo":{"@type":"ImageObject","inLanguage":"fr-FR","@id":"https:\/\/retina.ch\/fr\/#\/schema\/logo\/image\/","url":"https:\/\/retina.ch\/wp-content\/uploads\/2020\/09\/retina-auge-typo.svg","contentUrl":"https:\/\/retina.ch\/wp-content\/uploads\/2020\/09\/retina-auge-typo.svg","width":"1024","height":"1024","caption":"Retina Suisse"},"image":{"@id":"https:\/\/retina.ch\/fr\/#\/schema\/logo\/image\/"},"sameAs":["https:\/\/www.facebook.com\/retinasuisse\/"]}]}},"_links":{"self":[{"href":"https:\/\/retina.ch\/fr\/wp-json\/wp\/v2\/pages\/2632","targetHints":{"allow":["GET"]}}],"collection":[{"href":"https:\/\/retina.ch\/fr\/wp-json\/wp\/v2\/pages"}],"about":[{"href":"https:\/\/retina.ch\/fr\/wp-json\/wp\/v2\/types\/page"}],"author":[{"embeddable":true,"href":"https:\/\/retina.ch\/fr\/wp-json\/wp\/v2\/users\/10"}],"replies":[{"embeddable":true,"href":"https:\/\/retina.ch\/fr\/wp-json\/wp\/v2\/comments?post=2632"}],"version-history":[{"count":24,"href":"https:\/\/retina.ch\/fr\/wp-json\/wp\/v2\/pages\/2632\/revisions"}],"predecessor-version":[{"id":26233,"href":"https:\/\/retina.ch\/fr\/wp-json\/wp\/v2\/pages\/2632\/revisions\/26233"}],"wp:attachment":[{"href":"https:\/\/retina.ch\/fr\/wp-json\/wp\/v2\/media?parent=2632"}],"curies":[{"name":"wp","href":"https:\/\/api.w.org\/{rel}","templated":true}]}}