{"id":2806,"date":"2020-09-19T19:16:06","date_gmt":"2020-09-19T17:16:06","guid":{"rendered":"https:\/\/dev.retina.ch\/?page_id=2806"},"modified":"2024-07-15T14:25:24","modified_gmt":"2024-07-15T12:25:24","slug":"retina-suisse-youth","status":"publish","type":"page","link":"https:\/\/retina.ch\/fr\/consultations-et-groupes\/retina-suisse-youth\/","title":{"rendered":"Retina Suisse Youth"},"content":{"rendered":"<div class=\"wp-block-image\">\n<figure class=\"alignright size-large is-resized\"><img loading=\"lazy\" decoding=\"async\" width=\"788\" height=\"1400\" src=\"https:\/\/retina.ch\/wp-content\/uploads\/2021\/03\/retina-youth-treff-in-bern-no-2-17-10-2020-foto-von-jeannine-sutter-788x1400.jpg\" alt=\"\" class=\"wp-image-5980\" style=\"width:255px;height:426px\" srcset=\"https:\/\/retina.ch\/wp-content\/uploads\/2021\/03\/retina-youth-treff-in-bern-no-2-17-10-2020-foto-von-jeannine-sutter-788x1400.jpg 788w, https:\/\/retina.ch\/wp-content\/uploads\/2021\/03\/retina-youth-treff-in-bern-no-2-17-10-2020-foto-von-jeannine-sutter-225x400.jpg 225w, https:\/\/retina.ch\/wp-content\/uploads\/2021\/03\/retina-youth-treff-in-bern-no-2-17-10-2020-foto-von-jeannine-sutter-281x500.jpg 281w, https:\/\/retina.ch\/wp-content\/uploads\/2021\/03\/retina-youth-treff-in-bern-no-2-17-10-2020-foto-von-jeannine-sutter-768x1365.jpg 768w, https:\/\/retina.ch\/wp-content\/uploads\/2021\/03\/retina-youth-treff-in-bern-no-2-17-10-2020-foto-von-jeannine-sutter-864x1536.jpg 864w, https:\/\/retina.ch\/wp-content\/uploads\/2021\/03\/retina-youth-treff-in-bern-no-2-17-10-2020-foto-von-jeannine-sutter-500x889.jpg 500w, https:\/\/retina.ch\/wp-content\/uploads\/2021\/03\/retina-youth-treff-in-bern-no-2-17-10-2020-foto-von-jeannine-sutter-800x1422.jpg 800w, https:\/\/retina.ch\/wp-content\/uploads\/2021\/03\/retina-youth-treff-in-bern-no-2-17-10-2020-foto-von-jeannine-sutter.jpg 1152w\" sizes=\"auto, (max-width: 788px) 100vw, 788px\" \/><\/figure>\n<\/div>\n\n\n<p>Peut-\u00eatre t\u2019es-tu d\u00e9j\u00e0 demand\u00e9 s\u2019il existe d\u2019autres personnes concern\u00e9es de ton \u00e2ge ayant v\u00e9cu des exp\u00e9riences analogues aux tiennes ou se posant des questions quant \u00e0 la vie avec des d\u00e9g\u00e9n\u00e9rescences r\u00e9tiniennes. Oui, il y en a! Si tu as entre 18 et 35 ans, tu peux \u00e9changer des id\u00e9es avec d\u2019autres personnes dans des situations de vie similaires \u2013 sans obligation. Pour le moment, nous avons un groupe WhatsApp et, en raison de la situation actuelle, nous nous r\u00e9unissons de temps en temps pour des appels vid\u00e9o. Si tu souhaites te joindre au groupe WhatsApp, \u00e9cris un e-mail \u00e0 Jeannine Sutter.<\/p>\n\n\n\n<p><strong>Josephine Hayley-Barker<\/strong><br>Coordinatrice Retina Suisse Youth<\/p>\n\n\n\n<p>044 444 10 77<br><a href=\"mailto:jeannine.sutter@retina.ch\"><a href=\"mailto:Josephine.hayleybarker@retina.ch\">josephine.hayleybarker@retina.ch<\/a><\/a><\/p>\n\n\n\n<div style=\"height:50px\" aria-hidden=\"true\" class=\"wp-block-spacer\"><\/div>\n\n\n\n<div class=\"wp-block-columns is-layout-flex wp-container-core-columns-is-layout-9d6595d7 wp-block-columns-is-layout-flex\">\n<div class=\"wp-block-column hightlightbox is-layout-flow wp-block-column-is-layout-flow\">\n<h2 class=\"wp-block-heading\">Actualit\u00e9s<\/h2>\n\n\n\t\t<div class=\"archive-flxbx\">\n\t\t\n<article id=\"post-26278\" class=\"post-26278 ratgeber type-ratgeber status-publish has-post-thumbnail hentry category-retina-suisse-youth\">\n\n\t\t\n\t<div class=\"archive-icon\">\n\t<\/div>\n\t\n\t<a href=\"https:\/\/retina.ch\/fr\/conseils\/voici-comment-je-fais-ma-lessive\/\">\n\t<div class=\"archive-date\">\n\t\t<!-- Date  -->\n\t\t<!-- Time  -->\t<\/div><!-- archive-date -->\n\n\t<header class=\"entry-header\">\n\t\t<h2 class=\"entry-title\">\u00ab\u00a0Voici comment je fais ma lessive\u00a0\u00bb<\/h2>\t<\/header><!-- .entry-header -->\n\t<\/a>\n\t\n\t\t\t<a class=\"post-thumbnail\" href=\"https:\/\/retina.ch\/fr\/conseils\/voici-comment-je-fais-ma-lessive\/\" aria-hidden=\"true\" tabindex=\"-1\">\n\t\t\t\t<figure class=\"wp-caption fsmcfi-fig featured\"><img loading=\"lazy\" decoding=\"async\" width=\"1268\" height=\"732\" src=\"https:\/\/retina.ch\/wp-content\/uploads\/2025\/11\/Retina-BIld-Josephine-Beitrag-SRF-Tagesschau-22.11.2025-2.jpg\" class=\"attachment-post-thumbnail size-post-thumbnail wp-post-image\" alt=\"\u00ab\u00a0Voici comment je fais ma lessive\u00a0\u00bb\" srcset=\"https:\/\/retina.ch\/wp-content\/uploads\/2025\/11\/Retina-BIld-Josephine-Beitrag-SRF-Tagesschau-22.11.2025-2.jpg 1268w, https:\/\/retina.ch\/wp-content\/uploads\/2025\/11\/Retina-BIld-Josephine-Beitrag-SRF-Tagesschau-22.11.2025-2-400x231.jpg 400w, https:\/\/retina.ch\/wp-content\/uploads\/2025\/11\/Retina-BIld-Josephine-Beitrag-SRF-Tagesschau-22.11.2025-2-500x289.jpg 500w, https:\/\/retina.ch\/wp-content\/uploads\/2025\/11\/Retina-BIld-Josephine-Beitrag-SRF-Tagesschau-22.11.2025-2-768x443.jpg 768w, https:\/\/retina.ch\/wp-content\/uploads\/2025\/11\/Retina-BIld-Josephine-Beitrag-SRF-Tagesschau-22.11.2025-2-800x462.jpg 800w\" sizes=\"auto, (max-width: 1268px) 100vw, 1268px\" \/><\/figure>\t\t\t<\/a>\n\n\t\t\t\n\t<div class=\"archive-details\">\n\t\t\t\n\t\t<!-- Place  -->\n\t\t\t\t\n\t<\/div>\n\n\t<div class=\"entry-content\">\n\t\n\t\t\n\t\t\n\t\t<p>Josephine Hayley-Barker (25 ans) est coordinatrice de Retina Suisse Youth, membre du comit\u00e9 de Retina Suisse et atteinte de r\u00e9tinite pigmentaire. Dans sa chronique, elle nous d\u00e9voile son quotidien avec un handicap visuel. Dans ce deuxi\u00e8me \u00e9pisode, Josephine nous explique comment elle interagit avec sa machine \u00e0 laver. josephine.hayleybarker@retina.ch Comme tout le monde, je dois &#8230;<\/p>\n\t\t\n\t\t<a href=\"https:\/\/retina.ch\/fr\/conseils\/voici-comment-je-fais-ma-lessive\/\" class=\"btn\">suite<\/a>\n\t\t\n\t<\/div><!-- .entry-content -->\n\t\n<\/article><!-- #post-26278 -->\n        <\/div><!-- .flxbx -->\n        \n<\/div>\n\n\n\n<div class=\"wp-block-column hightlightbox is-layout-flow wp-block-column-is-layout-flow\">\n<h2 class=\"wp-block-heading\">Agenda<\/h2>\n\n\n\t\t<div class=\"archive-flxbx\">\n\t\t            <div class=\"archive-notxt\">\n                <p>Aucune entr\u00e9e disponible<\/p>\n            <\/div>\n                <\/div><!-- .flxbx -->\n        \n<\/div>\n<\/div>\n","protected":false},"excerpt":{"rendered":"<p>Peut-\u00eatre t\u2019es-tu d\u00e9j\u00e0 demand\u00e9 s\u2019il existe d\u2019autres personnes concern\u00e9es de ton \u00e2ge ayant v\u00e9cu des exp\u00e9riences analogues aux tiennes ou se posant des questions quant \u00e0 la vie avec des d\u00e9g\u00e9n\u00e9rescences r\u00e9tiniennes. Oui, il y en a! Si tu as entre 18 et 35 ans, tu peux \u00e9changer des id\u00e9es avec d\u2019autres personnes dans des &#8230;<\/p>\n","protected":false},"author":1,"featured_media":0,"parent":2802,"menu_order":10,"comment_status":"closed","ping_status":"closed","template":"","meta":{"_acf_changed":false,"inline_featured_image":false,"_FSMCFIC_featured_image_caption":"","_FSMCFIC_featured_image_nocaption":"","_FSMCFIC_featured_image_hide":"","footnotes":"","_links_to":"","_links_to_target":""},"class_list":["post-2806","page","type-page","status-publish","hentry"],"acf":[],"yoast_head":"<!-- This site is optimized with the Yoast SEO plugin v27.1.1 - https:\/\/yoast.com\/product\/yoast-seo-wordpress\/ -->\n<title>Retina Suisse Youth &#8226; Retina Suisse Jeunes - d\u00e9g\u00e9n\u00e9rescence r\u00e9tiniennes<\/title>\n<meta name=\"description\" content=\"As-tu entre 18 et 35 ans? Chez Retina Youth tu peux \u00e9changer des id\u00e9es avec d\u2019autres jeunes ayant des d\u00e9g\u00e9n\u00e9rescences r\u00e9tiniennes.\" \/>\n<meta name=\"robots\" content=\"index, follow, max-snippet:-1, max-image-preview:large, max-video-preview:-1\" \/>\n<link rel=\"canonical\" href=\"https:\/\/retina.ch\/fr\/consultations-et-groupes\/retina-suisse-youth\/\" \/>\n<meta property=\"og:locale\" content=\"fr_FR\" \/>\n<meta property=\"og:type\" content=\"article\" \/>\n<meta property=\"og:title\" content=\"Retina Suisse Youth &#8226; Retina Suisse Jeunes - d\u00e9g\u00e9n\u00e9rescence r\u00e9tiniennes\" \/>\n<meta property=\"og:description\" content=\"As-tu entre 18 et 35 ans? Chez Retina Youth tu peux \u00e9changer des id\u00e9es avec d\u2019autres jeunes ayant des d\u00e9g\u00e9n\u00e9rescences r\u00e9tiniennes.\" \/>\n<meta property=\"og:url\" content=\"https:\/\/retina.ch\/fr\/consultations-et-groupes\/retina-suisse-youth\/\" \/>\n<meta property=\"og:site_name\" content=\"Retina Suisse\" \/>\n<meta property=\"article:publisher\" content=\"https:\/\/www.facebook.com\/retinasuisse\/\" \/>\n<meta property=\"article:modified_time\" content=\"2024-07-15T12:25:24+00:00\" \/>\n<meta property=\"og:image\" content=\"https:\/\/retina.ch\/wp-content\/uploads\/2021\/03\/retina-youth-treff-in-bern-no-2-17-10-2020-foto-von-jeannine-sutter-788x1400.jpg\" \/>\n<meta name=\"twitter:card\" content=\"summary_large_image\" \/>\n<meta name=\"twitter:label1\" content=\"Dur\u00e9e de lecture estim\u00e9e\" \/>\n\t<meta name=\"twitter:data1\" content=\"1 minute\" \/>\n<script type=\"application\/ld+json\" class=\"yoast-schema-graph\">{\"@context\":\"https:\/\/schema.org\",\"@graph\":[{\"@type\":\"WebPage\",\"@id\":\"https:\/\/retina.ch\/fr\/consultations-et-groupes\/retina-suisse-youth\/\",\"url\":\"https:\/\/retina.ch\/fr\/consultations-et-groupes\/retina-suisse-youth\/\",\"name\":\"Retina Suisse Youth &#8226; Retina Suisse Jeunes - d\u00e9g\u00e9n\u00e9rescence r\u00e9tiniennes\",\"isPartOf\":{\"@id\":\"https:\/\/retina.ch\/fr\/#website\"},\"primaryImageOfPage\":{\"@id\":\"https:\/\/retina.ch\/fr\/consultations-et-groupes\/retina-suisse-youth\/#primaryimage\"},\"image\":{\"@id\":\"https:\/\/retina.ch\/fr\/consultations-et-groupes\/retina-suisse-youth\/#primaryimage\"},\"thumbnailUrl\":\"https:\/\/retina.ch\/wp-content\/uploads\/2021\/03\/retina-youth-treff-in-bern-no-2-17-10-2020-foto-von-jeannine-sutter-788x1400.jpg\",\"datePublished\":\"2020-09-19T17:16:06+00:00\",\"dateModified\":\"2024-07-15T12:25:24+00:00\",\"description\":\"As-tu entre 18 et 35 ans? Chez Retina Youth tu peux \u00e9changer des id\u00e9es avec d\u2019autres jeunes ayant des d\u00e9g\u00e9n\u00e9rescences r\u00e9tiniennes.\",\"breadcrumb\":{\"@id\":\"https:\/\/retina.ch\/fr\/consultations-et-groupes\/retina-suisse-youth\/#breadcrumb\"},\"inLanguage\":\"fr-FR\",\"potentialAction\":[{\"@type\":\"ReadAction\",\"target\":[\"https:\/\/retina.ch\/fr\/consultations-et-groupes\/retina-suisse-youth\/\"]}]},{\"@type\":\"ImageObject\",\"inLanguage\":\"fr-FR\",\"@id\":\"https:\/\/retina.ch\/fr\/consultations-et-groupes\/retina-suisse-youth\/#primaryimage\",\"url\":\"https:\/\/retina.ch\/wp-content\/uploads\/2021\/03\/retina-youth-treff-in-bern-no-2-17-10-2020-foto-von-jeannine-sutter-788x1400.jpg\",\"contentUrl\":\"https:\/\/retina.ch\/wp-content\/uploads\/2021\/03\/retina-youth-treff-in-bern-no-2-17-10-2020-foto-von-jeannine-sutter-788x1400.jpg\"},{\"@type\":\"BreadcrumbList\",\"@id\":\"https:\/\/retina.ch\/fr\/consultations-et-groupes\/retina-suisse-youth\/#breadcrumb\",\"itemListElement\":[{\"@type\":\"ListItem\",\"position\":1,\"name\":\"Retina Suisse\",\"item\":\"https:\/\/retina.ch\/fr\/\"},{\"@type\":\"ListItem\",\"position\":2,\"name\":\"Consultations et Groupes\",\"item\":\"https:\/\/retina.ch\/fr\/consultations-et-groupes\/\"},{\"@type\":\"ListItem\",\"position\":3,\"name\":\"Retina Suisse Youth\"}]},{\"@type\":\"WebSite\",\"@id\":\"https:\/\/retina.ch\/fr\/#website\",\"url\":\"https:\/\/retina.ch\/fr\/\",\"name\":\"Retina Suisse\",\"description\":\"Retina Suisse ist die Vereinigung von Patientinnen und Patienten mit Retinitis pigmentosa (RP), Makuladegeneration, Usher-Syndrom und anderen Erkrankungen des Augenhintergrundes.\",\"publisher\":{\"@id\":\"https:\/\/retina.ch\/fr\/#organization\"},\"potentialAction\":[{\"@type\":\"SearchAction\",\"target\":{\"@type\":\"EntryPoint\",\"urlTemplate\":\"https:\/\/retina.ch\/fr\/?s={search_term_string}\"},\"query-input\":{\"@type\":\"PropertyValueSpecification\",\"valueRequired\":true,\"valueName\":\"search_term_string\"}}],\"inLanguage\":\"fr-FR\"},{\"@type\":\"Organization\",\"@id\":\"https:\/\/retina.ch\/fr\/#organization\",\"name\":\"Retina Suisse\",\"url\":\"https:\/\/retina.ch\/fr\/\",\"logo\":{\"@type\":\"ImageObject\",\"inLanguage\":\"fr-FR\",\"@id\":\"https:\/\/retina.ch\/fr\/#\/schema\/logo\/image\/\",\"url\":\"https:\/\/retina.ch\/wp-content\/uploads\/2020\/09\/retina-auge-typo.svg\",\"contentUrl\":\"https:\/\/retina.ch\/wp-content\/uploads\/2020\/09\/retina-auge-typo.svg\",\"width\":\"1024\",\"height\":\"1024\",\"caption\":\"Retina Suisse\"},\"image\":{\"@id\":\"https:\/\/retina.ch\/fr\/#\/schema\/logo\/image\/\"},\"sameAs\":[\"https:\/\/www.facebook.com\/retinasuisse\/\"]}]}<\/script>\n<!-- \/ Yoast SEO plugin. -->","yoast_head_json":{"title":"Retina Suisse Youth &#8226; Retina Suisse Jeunes - d\u00e9g\u00e9n\u00e9rescence r\u00e9tiniennes","description":"As-tu entre 18 et 35 ans? Chez Retina Youth tu peux \u00e9changer des id\u00e9es avec d\u2019autres jeunes ayant des d\u00e9g\u00e9n\u00e9rescences r\u00e9tiniennes.","robots":{"index":"index","follow":"follow","max-snippet":"max-snippet:-1","max-image-preview":"max-image-preview:large","max-video-preview":"max-video-preview:-1"},"canonical":"https:\/\/retina.ch\/fr\/consultations-et-groupes\/retina-suisse-youth\/","og_locale":"fr_FR","og_type":"article","og_title":"Retina Suisse Youth &#8226; Retina Suisse Jeunes - d\u00e9g\u00e9n\u00e9rescence r\u00e9tiniennes","og_description":"As-tu entre 18 et 35 ans? Chez Retina Youth tu peux \u00e9changer des id\u00e9es avec d\u2019autres jeunes ayant des d\u00e9g\u00e9n\u00e9rescences r\u00e9tiniennes.","og_url":"https:\/\/retina.ch\/fr\/consultations-et-groupes\/retina-suisse-youth\/","og_site_name":"Retina Suisse","article_publisher":"https:\/\/www.facebook.com\/retinasuisse\/","article_modified_time":"2024-07-15T12:25:24+00:00","og_image":[{"url":"https:\/\/retina.ch\/wp-content\/uploads\/2021\/03\/retina-youth-treff-in-bern-no-2-17-10-2020-foto-von-jeannine-sutter-788x1400.jpg","type":"","width":"","height":""}],"twitter_card":"summary_large_image","twitter_misc":{"Dur\u00e9e de lecture estim\u00e9e":"1 minute"},"schema":{"@context":"https:\/\/schema.org","@graph":[{"@type":"WebPage","@id":"https:\/\/retina.ch\/fr\/consultations-et-groupes\/retina-suisse-youth\/","url":"https:\/\/retina.ch\/fr\/consultations-et-groupes\/retina-suisse-youth\/","name":"Retina Suisse Youth &#8226; Retina Suisse Jeunes - d\u00e9g\u00e9n\u00e9rescence r\u00e9tiniennes","isPartOf":{"@id":"https:\/\/retina.ch\/fr\/#website"},"primaryImageOfPage":{"@id":"https:\/\/retina.ch\/fr\/consultations-et-groupes\/retina-suisse-youth\/#primaryimage"},"image":{"@id":"https:\/\/retina.ch\/fr\/consultations-et-groupes\/retina-suisse-youth\/#primaryimage"},"thumbnailUrl":"https:\/\/retina.ch\/wp-content\/uploads\/2021\/03\/retina-youth-treff-in-bern-no-2-17-10-2020-foto-von-jeannine-sutter-788x1400.jpg","datePublished":"2020-09-19T17:16:06+00:00","dateModified":"2024-07-15T12:25:24+00:00","description":"As-tu entre 18 et 35 ans? Chez Retina Youth tu peux \u00e9changer des id\u00e9es avec d\u2019autres jeunes ayant des d\u00e9g\u00e9n\u00e9rescences r\u00e9tiniennes.","breadcrumb":{"@id":"https:\/\/retina.ch\/fr\/consultations-et-groupes\/retina-suisse-youth\/#breadcrumb"},"inLanguage":"fr-FR","potentialAction":[{"@type":"ReadAction","target":["https:\/\/retina.ch\/fr\/consultations-et-groupes\/retina-suisse-youth\/"]}]},{"@type":"ImageObject","inLanguage":"fr-FR","@id":"https:\/\/retina.ch\/fr\/consultations-et-groupes\/retina-suisse-youth\/#primaryimage","url":"https:\/\/retina.ch\/wp-content\/uploads\/2021\/03\/retina-youth-treff-in-bern-no-2-17-10-2020-foto-von-jeannine-sutter-788x1400.jpg","contentUrl":"https:\/\/retina.ch\/wp-content\/uploads\/2021\/03\/retina-youth-treff-in-bern-no-2-17-10-2020-foto-von-jeannine-sutter-788x1400.jpg"},{"@type":"BreadcrumbList","@id":"https:\/\/retina.ch\/fr\/consultations-et-groupes\/retina-suisse-youth\/#breadcrumb","itemListElement":[{"@type":"ListItem","position":1,"name":"Retina Suisse","item":"https:\/\/retina.ch\/fr\/"},{"@type":"ListItem","position":2,"name":"Consultations et Groupes","item":"https:\/\/retina.ch\/fr\/consultations-et-groupes\/"},{"@type":"ListItem","position":3,"name":"Retina Suisse Youth"}]},{"@type":"WebSite","@id":"https:\/\/retina.ch\/fr\/#website","url":"https:\/\/retina.ch\/fr\/","name":"Retina Suisse","description":"Retina Suisse ist die Vereinigung von Patientinnen und Patienten mit Retinitis pigmentosa (RP), Makuladegeneration, Usher-Syndrom und anderen Erkrankungen des Augenhintergrundes.","publisher":{"@id":"https:\/\/retina.ch\/fr\/#organization"},"potentialAction":[{"@type":"SearchAction","target":{"@type":"EntryPoint","urlTemplate":"https:\/\/retina.ch\/fr\/?s={search_term_string}"},"query-input":{"@type":"PropertyValueSpecification","valueRequired":true,"valueName":"search_term_string"}}],"inLanguage":"fr-FR"},{"@type":"Organization","@id":"https:\/\/retina.ch\/fr\/#organization","name":"Retina Suisse","url":"https:\/\/retina.ch\/fr\/","logo":{"@type":"ImageObject","inLanguage":"fr-FR","@id":"https:\/\/retina.ch\/fr\/#\/schema\/logo\/image\/","url":"https:\/\/retina.ch\/wp-content\/uploads\/2020\/09\/retina-auge-typo.svg","contentUrl":"https:\/\/retina.ch\/wp-content\/uploads\/2020\/09\/retina-auge-typo.svg","width":"1024","height":"1024","caption":"Retina Suisse"},"image":{"@id":"https:\/\/retina.ch\/fr\/#\/schema\/logo\/image\/"},"sameAs":["https:\/\/www.facebook.com\/retinasuisse\/"]}]}},"_links":{"self":[{"href":"https:\/\/retina.ch\/fr\/wp-json\/wp\/v2\/pages\/2806","targetHints":{"allow":["GET"]}}],"collection":[{"href":"https:\/\/retina.ch\/fr\/wp-json\/wp\/v2\/pages"}],"about":[{"href":"https:\/\/retina.ch\/fr\/wp-json\/wp\/v2\/types\/page"}],"author":[{"embeddable":true,"href":"https:\/\/retina.ch\/fr\/wp-json\/wp\/v2\/users\/1"}],"replies":[{"embeddable":true,"href":"https:\/\/retina.ch\/fr\/wp-json\/wp\/v2\/comments?post=2806"}],"version-history":[{"count":6,"href":"https:\/\/retina.ch\/fr\/wp-json\/wp\/v2\/pages\/2806\/revisions"}],"predecessor-version":[{"id":18090,"href":"https:\/\/retina.ch\/fr\/wp-json\/wp\/v2\/pages\/2806\/revisions\/18090"}],"up":[{"embeddable":true,"href":"https:\/\/retina.ch\/fr\/wp-json\/wp\/v2\/pages\/2802"}],"wp:attachment":[{"href":"https:\/\/retina.ch\/fr\/wp-json\/wp\/v2\/media?parent=2806"}],"curies":[{"name":"wp","href":"https:\/\/api.w.org\/{rel}","templated":true}]}}