{"id":2810,"date":"2020-09-19T19:16:29","date_gmt":"2020-09-19T17:16:29","guid":{"rendered":"https:\/\/dev.retina.ch\/?page_id=2810"},"modified":"2025-03-19T10:47:48","modified_gmt":"2025-03-19T09:47:48","slug":"groupes-de-parole-pour-les-personnes-affectees-de-dmla","status":"publish","type":"page","link":"https:\/\/retina.ch\/fr\/consultations-et-groupes\/groupes-de-parole-pour-les-personnes-affectees-de-dmla\/","title":{"rendered":"Groupes de parole pour les personnes affect\u00e9es de DMLA"},"content":{"rendered":"\n<p>\u00cates-vous affect\u00e9 de d\u00e9g\u00e9n\u00e9rescence maculaire li\u00e9e \u00e0 l\u2019\u00e2ge ? Souhaitez-vous \u00e9changer r\u00e9guli\u00e8rement des informations avec d\u2019autres personnes concern\u00e9es ? Nous vous invitons cordialement \u00e0 vous joindre \u00e0 nos groupes de parole. Le groupe est une plateforme d\u2019\u00e9change d\u2019exp\u00e9riences et de sentiments. <\/p>\n\n\n\n<p>Les groupes ont lieu dans diff\u00e9rentes villes de Suisse al\u00e9manique, Suisse romande et au Tessin. Ils se r\u00e9unissent une fois par mois et sont dirig\u00e9s par des personnes comp\u00e9tentes et affect\u00e9es d&rsquo;une maladie r\u00e9tinienne. Les d\u00e9tails &#8211; dates des cours, orientations des cours &#8211; peuvent \u00eatre trouv\u00e9s dans les villes respectives.<\/p>\n\n\n\n<p>Si d\u2019autres sujets vous int\u00e9ressent, n\u2019h\u00e9sitez pas \u00e0 nous contacter \u00e0 tout moment.<\/p>\n\n\n\n<div class=\"wp-block-columns icon-block is-layout-flex wp-container-core-columns-is-layout-9d6595d7 wp-block-columns-is-layout-flex\">\n<div class=\"wp-block-column is-layout-flow wp-block-column-is-layout-flow\"><span class='maxbutton-7-container mb-container'><a class=\"maxbutton-7 maxbutton maxbutton-kontakt\" title=\"Retina Suisse Kontakt\" href=\"\/kontakt\/\" data-maxbuttoncounter=\"{&quot;button_id&quot;:&quot;7&quot;,&quot;url&quot;:&quot;\\\/kontakt\\\/&quot;,&quot;check&quot;:&quot;Ot5xIOiH&quot;}\" data-maxbuttonpage=\"{&quot;id&quot;:2810,&quot;type&quot;:&quot;page&quot;}\"><span class=\"mb-icon\"><img loading=\"lazy\" decoding=\"async\" class=\"mb-img\" src=\"https:\/\/retina.ch\/wp-content\/uploads\/2020\/10\/icon-phone-black-400x400.png\" title=\"icon-phone-black\" width=\"400\" height=\"400\"   border=\"0\" \/><\/span><span class=\"mb-icon-hover\"><img loading=\"lazy\" decoding=\"async\" class=\"mb-img-hover\" src=\"https:\/\/retina.ch\/wp-content\/uploads\/2020\/10\/icon-phone-yellow-400x400.png\" title=\"icon-phone-black\" width=\"512\" height=\"512\"   border=\"0\" \/><\/span><span class='mb-text' >Retina Suisse<\/span><span class=\"mb-text2\"  >Contact<\/span><\/a><\/span>\n<\/div>\n\n\n\n<div class=\"wp-block-column is-layout-flow wp-block-column-is-layout-flow\"><span class='maxbutton-2-container mb-container'><a class=\"maxbutton-2 maxbutton maxbutton-newsletter-anmelden\" title=\"Newsletter Anmelden\" href=\"\/kontakt\/newsletter\/\" data-maxbuttoncounter=\"{&quot;button_id&quot;:&quot;2&quot;,&quot;url&quot;:&quot;\\\/kontakt\\\/newsletter\\\/&quot;,&quot;check&quot;:&quot;OIuZdgGc&quot;}\" data-maxbuttonpage=\"{&quot;id&quot;:2810,&quot;type&quot;:&quot;page&quot;}\"><span class=\"mb-icon\"><img loading=\"lazy\" decoding=\"async\" class=\"mb-img\" src=\"https:\/\/retina.ch\/wp-content\/uploads\/2020\/10\/icon-comment-edit.png\" title=\"icon-comment-edit\" width=\"512\" height=\"512\"   border=\"0\" \/><\/span><span class=\"mb-icon-hover\"><img loading=\"lazy\" decoding=\"async\" class=\"mb-img-hover\" src=\"https:\/\/retina.ch\/wp-content\/uploads\/2020\/10\/icon-comment-edit-yellow.png\" title=\"icon-comment-edit\" width=\"512\" height=\"512\"   border=\"0\" \/><\/span><span class='mb-text' >S&#039;inscrire \u00e0 la<\/span><span class=\"mb-text2\"  >newsletter<\/span><\/a><\/span>\n<\/div>\n\n\n\n<div class=\"wp-block-column is-layout-flow wp-block-column-is-layout-flow\"><span class='maxbutton-3-container mb-container'><a class=\"maxbutton-3 maxbutton maxbutton-retina-suisse-mitgliedschaft\" title=\"Retina Suisse Mitgliedschaft\" href=\"\/mitgliedschaft\/\" data-maxbuttoncounter=\"{&quot;button_id&quot;:&quot;3&quot;,&quot;url&quot;:&quot;\\\/mitgliedschaft\\\/&quot;,&quot;check&quot;:&quot;Rweb1zDP&quot;}\" data-maxbuttonpage=\"{&quot;id&quot;:2810,&quot;type&quot;:&quot;page&quot;}\"><span class=\"mb-icon\"><img loading=\"lazy\" decoding=\"async\" class=\"mb-img\" src=\"https:\/\/retina.ch\/wp-content\/uploads\/2020\/10\/icon-users.png\" title=\"icon-users\" width=\"640\" height=\"512\"   border=\"0\" \/><\/span><span class=\"mb-icon-hover\"><img loading=\"lazy\" decoding=\"async\" class=\"mb-img-hover\" src=\"https:\/\/retina.ch\/wp-content\/uploads\/2020\/10\/icon-users-yellow.png\" title=\"icon-users\" width=\"640\" height=\"512\"   border=\"0\" \/><\/span><span class='mb-text' >Adh\u00e9rer \u00e0<\/span><span class=\"mb-text2\"  >Retina Suisse<\/span><\/a><\/span>\n<\/div>\n<\/div>\n\n\n\n<div class=\"wp-block-nk-awb nk-awb alignfull\"><div class=\"nk-awb-wrap\" data-awb-type=\"color\"><div class=\"nk-awb-overlay\" style=\"background: #fff9bf;\"><\/div><\/div><div class=\"nk-awb-wrap-content is-layout-constrained wp-block-nk-awb-is-layout-constrained\">\n<div class=\"wp-block-group\"><div class=\"wp-block-group__inner-container is-layout-flow wp-block-group-is-layout-flow\">\t\t<div class=\"archive-flxbx\">\n\t\t\n<article id=\"post-21295\" class=\"post-21295 gespraechsgruppen type-gespraechsgruppen status-publish hentry category-degeneration-maculaire-liee-a-lage-dmla category-retinite-pigmentaire\">\n\n\t<div class=\"archive-icon\">\n\t<\/div>\n\t\n\t<a href=\"https:\/\/retina.ch\/fr\/groupes-de-paroles\/bale-groupe-de-parole-dmla-rp-et-autres-degenerescences-hereditaires\/\">\n\t<header class=\"entry-header\">\n\t\t<h2 class=\"entry-title\">B\u00e2le &#8211; Groupe de parole DMLA, RP et autres d\u00e9g\u00e9n\u00e9rescences h\u00e9r\u00e9ditaires<\/h2>\t<\/header><!-- .entry-header -->\n\t<a\/>\n\t\n\t<div class=\"entry-content\">\n\t\n\t<!-- Kurstag  -->\n\t\t\t\t\n\t\t\t\t<h3>Dates des prochains cours<\/h3>\n\t\t<p>\n\t\t\t\t\t\t\t\t\t\t\t\t\t\n\t\t\t\t30 avril 2026<br\/>\n\t\t\t\t\t \n<!-- \n\t\t\t\t\t\t\t\t\t30. avril 2026 \t\t\t\t<br\/>\n -->\n\t\t\t\t\t\t\t\n\t\t\t\t28 mai 2026 <br\/>\n\t\t\t\t\t \n<!-- \n\t\t\t\t\t\t\t\t\t28. mai 2026  \t\t\t\t<br\/>\n -->\n\t\t\t\t\t\t\t\n\t\t\t\t25 juin 2026<br\/>\n\t\t\t\t\t \n<!-- \n\t\t\t\t\t\t\t\t\t25. juin 2026 \t\t\t\t<br\/>\n -->\n\t\t\t\t\t<\/p>\n\t\t\n\t\t\t\n\t\n\t\t\t\t\n\t\t<a href=\"https:\/\/retina.ch\/fr\/groupes-de-paroles\/bale-groupe-de-parole-dmla-rp-et-autres-degenerescences-hereditaires\/\" class=\"btn\">Informations et dates des cours<\/a>\n\t\n\t<\/div><!-- .entry-content -->\n\n\t<footer class=\"entry-footer\">\n\t\t\t<\/footer><!-- .entry-footer -->\n\n<\/article><!-- #post-21295 -->\n\n<article id=\"post-2555\" class=\"post-2555 gespraechsgruppen type-gespraechsgruppen status-publish hentry category-degeneration-maculaire-liee-a-lage-dmla\">\n\n\t<div class=\"archive-icon\">\n\t<\/div>\n\t\n\t<a href=\"https:\/\/retina.ch\/fr\/groupes-de-paroles\/dmla-berne\/\">\n\t<header class=\"entry-header\">\n\t\t<h2 class=\"entry-title\">Berne &#8211; Groupe de parole DMLA<\/h2>\t<\/header><!-- .entry-header -->\n\t<a\/>\n\t\n\t<div class=\"entry-content\">\n\t\n\t<!-- Kurstag  -->\n\t\t\t\t\n\t\t\t\t<h3>Dates des prochains cours<\/h3>\n\t\t<p>\n\t\t\t\t\t\t\t\t\t\t\t\t\t\n\t\t\t\t07 mai 2026<br\/>\n\t\t\t\t\t \n<!-- \n\t\t\t\t\t\t\t\t\t07. mai 2026 \t\t\t\t<br\/>\n -->\n\t\t\t\t\t\t\t\n\t\t\t\t11 juin 2026<br\/>\n\t\t\t\t\t \n<!-- \n\t\t\t\t\t\t\t\t\t11. juin 2026 \t\t\t\t<br\/>\n -->\n\t\t\t\t\t\t\t\n\t\t\t\t10 septembre 2026<br\/>\n\t\t\t\t\t \n<!-- \n\t\t\t\t\t\t\t\t\t10. septembre 2026 \t\t\t\t<br\/>\n -->\n\t\t\t\t\t<\/p>\n\t\t\n\t\t\t\n\t\n\t\t\t\t\n\t\t<a href=\"https:\/\/retina.ch\/fr\/groupes-de-paroles\/dmla-berne\/\" class=\"btn\">Informations et dates des cours<\/a>\n\t\n\t<\/div><!-- .entry-content -->\n\n\t<footer class=\"entry-footer\">\n\t\t\t<\/footer><!-- .entry-footer -->\n\n<\/article><!-- #post-2555 -->\n\n<article id=\"post-4019\" class=\"post-4019 gespraechsgruppen type-gespraechsgruppen status-publish hentry category-degeneration-maculaire-liee-a-lage-dmla\">\n\n\t<div class=\"archive-icon\">\n\t<\/div>\n\t\n\t<a href=\"https:\/\/retina.ch\/fr\/groupes-de-paroles\/dmla-coire\/\">\n\t<header class=\"entry-header\">\n\t\t<h2 class=\"entry-title\">Coire &#8211; Groupe de parole DMLA<\/h2>\t<\/header><!-- .entry-header -->\n\t<a\/>\n\t\n\t<div class=\"entry-content\">\n\t\n\t<!-- Kurstag  -->\n\t\t\t\t\n\t\t\t\t<h3>Dates des prochains cours<\/h3>\n\t\t<p>\n\t\t\t\t\t\t\t\t\t\t\t\t\t\n\t\t\t\t04 mai 2026<br\/>\n\t\t\t\t\t \n<!-- \n\t\t\t\t\t\t\t\t\t04. mai 2026 \t\t\t\t<br\/>\n -->\n\t\t\t\t\t\t\t\n\t\t\t\t01 juin 2026<br\/>\n\t\t\t\t\t \n<!-- \n\t\t\t\t\t\t\t\t\t01. juin 2026 \t\t\t\t<br\/>\n -->\n\t\t\t\t\t\t\t\n\t\t\t\t06 juillet 2026<br\/>\n\t\t\t\t\t \n<!-- \n\t\t\t\t\t\t\t\t\t06. juillet 2026 \t\t\t\t<br\/>\n -->\n\t\t\t\t\t<\/p>\n\t\t\n\t\t\t\n\t\n\t\t\t\t\n\t\t<a href=\"https:\/\/retina.ch\/fr\/groupes-de-paroles\/dmla-coire\/\" class=\"btn\">Informations et dates des cours<\/a>\n\t\n\t<\/div><!-- .entry-content -->\n\n\t<footer class=\"entry-footer\">\n\t\t\t<\/footer><!-- .entry-footer -->\n\n<\/article><!-- #post-4019 -->\n\n<article id=\"post-3523\" class=\"post-3523 gespraechsgruppen type-gespraechsgruppen status-publish hentry category-degeneration-maculaire-liee-a-lage-dmla category-retinite-pigmentaire\">\n\n\t<div class=\"archive-icon\">\n\t<\/div>\n\t\n\t<a href=\"https:\/\/retina.ch\/fr\/groupes-de-paroles\/dmla-rp-lausanne\/\">\n\t<header class=\"entry-header\">\n\t\t<h2 class=\"entry-title\">Lausanne &#8211; Groupe de parole DMLA, RP et autres d\u00e9g\u00e9n\u00e9rescences r\u00e9tiniennes h\u00e9r\u00e9ditaires<\/h2>\t<\/header><!-- .entry-header -->\n\t<a\/>\n\t\n\t<div class=\"entry-content\">\n\t\n\t<!-- Kurstag  -->\n\t\t\t\t\n\t\t\t\t<h3>Dates des prochains cours<\/h3>\n\t\t<p>\n\t\t\t\t\t\t\t\t\t\t\t\t\t\n\t\t\t\t26 mai 2026 <br\/>\n\t\t\t\t\t \n<!-- \n\t\t\t\t\t\t\t\t\t26. mai 2026  \t\t\t\t<br\/>\n -->\n\t\t\t\t\t\t\t\n\t\t\t\t16 juin 2026<br\/>\n\t\t\t\t\t \n<!-- \n\t\t\t\t\t\t\t\t\t16. juin 2026 \t\t\t\t<br\/>\n -->\n\t\t\t\t\t\t\t\n\t\t\t\t Juillet \/ ao\u00fbt vacances<br\/>\n\t\t\t\t\t \n<!-- \n\t\t\t\t\t\t\t\t\t Juillet \/ ao\u00fbt vacances\t\t\t\t\t\t\n\t\t\t\t<br\/>\n -->\n\t\t\t\t\t<\/p>\n\t\t\n\t\t\t\n\t\n\t\t\t\t\n\t\t<a href=\"https:\/\/retina.ch\/fr\/groupes-de-paroles\/dmla-rp-lausanne\/\" class=\"btn\">Informations et dates des cours<\/a>\n\t\n\t<\/div><!-- .entry-content -->\n\n\t<footer class=\"entry-footer\">\n\t\t\t<\/footer><!-- .entry-footer -->\n\n<\/article><!-- #post-3523 -->\n\n<article id=\"post-4489\" class=\"post-4489 gespraechsgruppen type-gespraechsgruppen status-publish hentry category-degeneration-maculaire-liee-a-lage-dmla\">\n\n\t<div class=\"archive-icon\">\n\t<\/div>\n\t\n\t<a href=\"https:\/\/retina.ch\/fr\/groupes-de-paroles\/dmla-luzern\/\">\n\t<header class=\"entry-header\">\n\t\t<h2 class=\"entry-title\">Lucerne &#8211; Groupes de parole DMLA<\/h2>\t<\/header><!-- .entry-header -->\n\t<a\/>\n\t\n\t<div class=\"entry-content\">\n\t\n\t<!-- Kurstag  -->\n\t\t\t\t\n\t\t\t\t<h3>Dates des prochains cours<\/h3>\n\t\t<p>\n\t\t\t\t\t\t\t\t\t\t\t\t\t\n\t\t\t\t11 mai 2026 <br\/>\n\t\t\t\t\t \n<!-- \n\t\t\t\t\t\t\t\t\t11. mai 2026  \t\t\t\t<br\/>\n -->\n\t\t\t\t\t\t\t\n\t\t\t\t08 juin 2026<br\/>\n\t\t\t\t\t \n<!-- \n\t\t\t\t\t\t\t\t\t08. juin 2026 \t\t\t\t<br\/>\n -->\n\t\t\t\t\t\t\t\n\t\t\t\t07 septembre 2026<br\/>\n\t\t\t\t\t \n<!-- \n\t\t\t\t\t\t\t\t\t07. septembre 2026 \t\t\t\t<br\/>\n -->\n\t\t\t\t\t<\/p>\n\t\t\n\t\t\t\n\t\n\t\t\t\t\n\t\t<a href=\"https:\/\/retina.ch\/fr\/groupes-de-paroles\/dmla-luzern\/\" class=\"btn\">Informations et dates des cours<\/a>\n\t\n\t<\/div><!-- .entry-content -->\n\n\t<footer class=\"entry-footer\">\n\t\t\t<\/footer><!-- .entry-footer -->\n\n<\/article><!-- #post-4489 -->\n\n<article id=\"post-4488\" class=\"post-4488 gespraechsgruppen type-gespraechsgruppen status-publish hentry category-degeneration-maculaire-liee-a-lage-dmla category-retinite-pigmentaire\">\n\n\t<div class=\"archive-icon\">\n\t<\/div>\n\t\n\t<a href=\"https:\/\/retina.ch\/fr\/groupes-de-paroles\/degenerescences-retiniennes-hereditaires\/\">\n\t<header class=\"entry-header\">\n\t\t<h2 class=\"entry-title\">Lugano &#8211; Groupe de parole DMLA, RP et autres d\u00e9g\u00e9n\u00e9rescences r\u00e9tiniennes h\u00e9r\u00e9ditaires<\/h2>\t<\/header><!-- .entry-header -->\n\t<a\/>\n\t\n\t<div class=\"entry-content\">\n\t\n\t<!-- Kurstag  -->\n\t\t\t\t\n\t\t\t\t<h3>Dates des prochains cours<\/h3>\n\t\t<p>\n\t\t\t\t\t\t\t\t\t\t\t\t\t\n\t\t\t\t04 mai 2026<br\/>\n\t\t\t\t\t \n<!-- \n\t\t\t\t\t\t\t\t\t04. mai 2026 \t\t\t\t<br\/>\n -->\n\t\t\t\t\t\t\t\n\t\t\t\t15 juin 2026<br\/>\n\t\t\t\t\t \n<!-- \n\t\t\t\t\t\t\t\t\t15. juin 2026 \t\t\t\t<br\/>\n -->\n\t\t\t\t\t\t\t\n\t\t\t\t06 juillet 2026<br\/>\n\t\t\t\t\t \n<!-- \n\t\t\t\t\t\t\t\t\t06. juillet 2026 \t\t\t\t<br\/>\n -->\n\t\t\t\t\t<\/p>\n\t\t\n\t\t\t\n\t\n\t\t\t\t\n\t\t<a href=\"https:\/\/retina.ch\/fr\/groupes-de-paroles\/degenerescences-retiniennes-hereditaires\/\" class=\"btn\">Informations et dates des cours<\/a>\n\t\n\t<\/div><!-- .entry-content -->\n\n\t<footer class=\"entry-footer\">\n\t\t\t<\/footer><!-- .entry-footer -->\n\n<\/article><!-- #post-4488 -->\n\n<article id=\"post-4490\" class=\"post-4490 gespraechsgruppen type-gespraechsgruppen status-publish hentry category-degeneration-maculaire-liee-a-lage-dmla\">\n\n\t<div class=\"archive-icon\">\n\t<\/div>\n\t\n\t<a href=\"https:\/\/retina.ch\/fr\/groupes-de-paroles\/dmla-stgallen\/\">\n\t<header class=\"entry-header\">\n\t\t<h2 class=\"entry-title\">Saint-Gall &#8211; Groupe de parole DMLA<\/h2>\t<\/header><!-- .entry-header -->\n\t<a\/>\n\t\n\t<div class=\"entry-content\">\n\t\n\t<!-- Kurstag  -->\n\t\t\t\t\n\t\t\t\t<h3>Dates des prochains cours<\/h3>\n\t\t<p>\n\t\t\t\t\t\t\t\t\t\t\t\t\t\n\t\t\t\t13 mai 2026 <br\/>\n\t\t\t\t\t \n<!-- \n\t\t\t\t\t\t\t\t\t13. mai 2026  \t\t\t\t<br\/>\n -->\n\t\t\t\t\t\t\t\n\t\t\t\t03 juin 2026<br\/>\n\t\t\t\t\t \n<!-- \n\t\t\t\t\t\t\t\t\t03. juin 2026 \t\t\t\t<br\/>\n -->\n\t\t\t\t\t\t\t\n\t\t\t\t09 septembre 2026 <br\/>\n\t\t\t\t\t \n<!-- \n\t\t\t\t\t\t\t\t\t09. septembre 2026  \t\t\t\t<br\/>\n -->\n\t\t\t\t\t<\/p>\n\t\t\n\t\t\t\n\t\n\t\t\t\t\n\t\t<a href=\"https:\/\/retina.ch\/fr\/groupes-de-paroles\/dmla-stgallen\/\" class=\"btn\">Informations et dates des cours<\/a>\n\t\n\t<\/div><!-- .entry-content -->\n\n\t<footer class=\"entry-footer\">\n\t\t\t<\/footer><!-- .entry-footer -->\n\n<\/article><!-- #post-4490 -->\n\n<article id=\"post-21289\" class=\"post-21289 gespraechsgruppen type-gespraechsgruppen status-publish hentry category-degeneration-maculaire-liee-a-lage-dmla category-retinite-pigmentaire\">\n\n\t<div class=\"archive-icon\">\n\t<\/div>\n\t\n\t<a href=\"https:\/\/retina.ch\/fr\/groupes-de-paroles\/valais-groupe-de-parole-dmla-rp-et-autres-degenerescences-retiniennes-hereditaires\/\">\n\t<header class=\"entry-header\">\n\t\t<h2 class=\"entry-title\">Valais &#8211; Groupe de parole DMLA, RP et autres d\u00e9g\u00e9n\u00e9rescences r\u00e9tiniennes h\u00e9r\u00e9ditaires<\/h2>\t<\/header><!-- .entry-header -->\n\t<a\/>\n\t\n\t<div class=\"entry-content\">\n\t\n\t<!-- Kurstag  -->\n\t\t\t\t\n\t\t\t\t<h3>Dates des prochains cours<\/h3>\n\t\t<p>\n\t\t\t\t\t\t\t\t\t\t\t\t\t\n\t\t\t\t18 mai 2026<br\/>\n\t\t\t\t\t \n<!-- \n\t\t\t\t\t\t\t\t\t18. mai 2026 \t\t\t\t<br\/>\n -->\n\t\t\t\t\t\t\t\n\t\t\t\t15 juin 2026<br\/>\n\t\t\t\t\t \n<!-- \n\t\t\t\t\t\t\t\t\t15. juin 2026 \t\t\t\t<br\/>\n -->\n\t\t\t\t\t\t\t\n\t\t\t\t21 septembre 2026<br\/>\n\t\t\t\t\t \n<!-- \n\t\t\t\t\t\t\t\t\t21. septembre 2026 \t\t\t\t<br\/>\n -->\n\t\t\t\t\t<\/p>\n\t\t\n\t\t\t\n\t\n\t\t\t\t\n\t\t<a href=\"https:\/\/retina.ch\/fr\/groupes-de-paroles\/valais-groupe-de-parole-dmla-rp-et-autres-degenerescences-retiniennes-hereditaires\/\" class=\"btn\">Informations et dates des cours<\/a>\n\t\n\t<\/div><!-- .entry-content -->\n\n\t<footer class=\"entry-footer\">\n\t\t\t<\/footer><!-- .entry-footer -->\n\n<\/article><!-- #post-21289 -->\n\n<article id=\"post-4494\" class=\"post-4494 gespraechsgruppen type-gespraechsgruppen status-publish hentry category-degeneration-maculaire-liee-a-lage-dmla\">\n\n\t<div class=\"archive-icon\">\n\t<\/div>\n\t\n\t<a href=\"https:\/\/retina.ch\/fr\/groupes-de-paroles\/dmla-winterthur\/\">\n\t<header class=\"entry-header\">\n\t\t<h2 class=\"entry-title\">Winterthur &#8211; Groupe de parole DMLA<\/h2>\t<\/header><!-- .entry-header -->\n\t<a\/>\n\t\n\t<div class=\"entry-content\">\n\t\n\t<!-- Kurstag  -->\n\t\t\t\t\n\t\t\t\t<h3>Dates des prochains cours<\/h3>\n\t\t<p>\n\t\t\t\t\t\t\t\t\t\t\t\t\t\n\t\t\t\t04 mai 2026 <br\/>\n\t\t\t\t\t \n<!-- \n\t\t\t\t\t\t\t\t\t04. mai 2026  \t\t\t\t<br\/>\n -->\n\t\t\t\t\t\t\t\n\t\t\t\t01 juin 2026<br\/>\n\t\t\t\t\t \n<!-- \n\t\t\t\t\t\t\t\t\t01. juin 2026 \t\t\t\t<br\/>\n -->\n\t\t\t\t\t\t\t\n\t\t\t\t07 septembre 2026<br\/>\n\t\t\t\t\t \n<!-- \n\t\t\t\t\t\t\t\t\t07. septembre 2026 \t\t\t\t<br\/>\n -->\n\t\t\t\t\t<\/p>\n\t\t\n\t\t\t\n\t\n\t\t\t\t\n\t\t<a href=\"https:\/\/retina.ch\/fr\/groupes-de-paroles\/dmla-winterthur\/\" class=\"btn\">Informations et dates des cours<\/a>\n\t\n\t<\/div><!-- .entry-content -->\n\n\t<footer class=\"entry-footer\">\n\t\t\t<\/footer><!-- .entry-footer -->\n\n<\/article><!-- #post-4494 -->\n\n<article id=\"post-23384\" class=\"post-23384 gespraechsgruppen type-gespraechsgruppen status-publish hentry category-degeneration-maculaire-liee-a-lage-dmla category-retinite-pigmentaire\">\n\n\t<div class=\"archive-icon\">\n\t<\/div>\n\t\n\t<a href=\"https:\/\/retina.ch\/fr\/groupes-de-paroles\/yverdon-groupe-de-parole-dmla-rp-et-autres-degenerescences-retiniennes-hereditaires\/\">\n\t<header class=\"entry-header\">\n\t\t<h2 class=\"entry-title\">Yverdon \u2013 Groupe de parole DMLA, RP et autres d\u00e9g\u00e9n\u00e9rescences r\u00e9tiniennes h\u00e9r\u00e9ditaires<\/h2>\t<\/header><!-- .entry-header -->\n\t<a\/>\n\t\n\t<div class=\"entry-content\">\n\t\n\t<!-- Kurstag  -->\n\t\t\t\t\n\t\t\t\t<h3>Dates des prochains cours<\/h3>\n\t\t<p>\n\t\t\t\t\t\t\t\t\t\t\t\t\t\n\t\t\t\t22 septembre 2026<br\/>\n\t\t\t\t\t \n<!-- \n\t\t\t\t\t\t\t\t\t22. septembre 2026 \t\t\t\t<br\/>\n -->\n\t\t\t\t\t\t\t\n\t\t\t\t27 octobre 2026<br\/>\n\t\t\t\t\t \n<!-- \n\t\t\t\t\t\t\t\t\t27. octobre 2026 \t\t\t\t<br\/>\n -->\n\t\t\t\t\t\t\t\n\t\t\t\t24 novembre 2026<br\/>\n\t\t\t\t\t \n<!-- \n\t\t\t\t\t\t\t\t\t24. novembre 2026 \t\t\t\t<br\/>\n -->\n\t\t\t\t\t<\/p>\n\t\t\n\t\t\t\n\t\n\t\t\t\t\n\t\t<a href=\"https:\/\/retina.ch\/fr\/groupes-de-paroles\/yverdon-groupe-de-parole-dmla-rp-et-autres-degenerescences-retiniennes-hereditaires\/\" class=\"btn\">Informations et dates des cours<\/a>\n\t\n\t<\/div><!-- .entry-content -->\n\n\t<footer class=\"entry-footer\">\n\t\t\t<\/footer><!-- .entry-footer -->\n\n<\/article><!-- #post-23384 -->\n\n<article id=\"post-4492\" class=\"post-4492 gespraechsgruppen type-gespraechsgruppen status-publish hentry category-degeneration-maculaire-liee-a-lage-dmla\">\n\n\t<div class=\"archive-icon\">\n\t<\/div>\n\t\n\t<a href=\"https:\/\/retina.ch\/fr\/groupes-de-paroles\/dmla-zurich\/\">\n\t<header class=\"entry-header\">\n\t\t<h2 class=\"entry-title\">Zurich &#8211; Groupes de parole DMLA<\/h2>\t<\/header><!-- .entry-header -->\n\t<a\/>\n\t\n\t<div class=\"entry-content\">\n\t\n\t<!-- Kurstag  -->\n\t\t\t\t\n\t\t\t\t<h3>Dates des prochains cours<\/h3>\n\t\t<p>\n\t\t\t\t\t\t\t\t\t\t\t\t\t\n\t\t\t\t08 mai 2026 <br\/>\n\t\t\t\t\t \n<!-- \n\t\t\t\t\t\t\t\t\t08. mai 2026  \t\t\t\t<br\/>\n -->\n\t\t\t\t\t\t\t\n\t\t\t\t05 juin 2026<br\/>\n\t\t\t\t\t \n<!-- \n\t\t\t\t\t\t\t\t\t05. juin 2026 \t\t\t\t<br\/>\n -->\n\t\t\t\t\t\t\t\n\t\t\t\t11 septembre 2026<br\/>\n\t\t\t\t\t \n<!-- \n\t\t\t\t\t\t\t\t\t11. septembre 2026 \t\t\t\t<br\/>\n -->\n\t\t\t\t\t<\/p>\n\t\t\n\t\t\t\n\t\n\t\t\t\t\n\t\t<a href=\"https:\/\/retina.ch\/fr\/groupes-de-paroles\/dmla-zurich\/\" class=\"btn\">Informations et dates des cours<\/a>\n\t\n\t<\/div><!-- .entry-content -->\n\n\t<footer class=\"entry-footer\">\n\t\t\t<\/footer><!-- .entry-footer -->\n\n<\/article><!-- #post-4492 -->\n<div class=\"nav-links\"><\/div>        <\/div><!-- .flxbx -->\n        \n<\/div><\/div>\n\n\n\n<p><\/p>\n<\/div><\/div>\n","protected":false},"excerpt":{"rendered":"<p>\u00cates-vous affect\u00e9 de d\u00e9g\u00e9n\u00e9rescence maculaire li\u00e9e \u00e0 l\u2019\u00e2ge ? Souhaitez-vous \u00e9changer r\u00e9guli\u00e8rement des informations avec d\u2019autres personnes concern\u00e9es ? Nous vous invitons cordialement \u00e0 vous joindre \u00e0 nos groupes de parole. Le groupe est une plateforme d\u2019\u00e9change d\u2019exp\u00e9riences et de sentiments. Les groupes ont lieu dans diff\u00e9rentes villes de Suisse al\u00e9manique, Suisse romande et au &#8230;<\/p>\n","protected":false},"author":1,"featured_media":0,"parent":2802,"menu_order":15,"comment_status":"closed","ping_status":"closed","template":"","meta":{"_acf_changed":false,"inline_featured_image":false,"_FSMCFIC_featured_image_caption":"","_FSMCFIC_featured_image_nocaption":"","_FSMCFIC_featured_image_hide":"","footnotes":"","_links_to":"","_links_to_target":""},"class_list":["post-2810","page","type-page","status-publish","hentry"],"acf":[],"yoast_head":"<!-- This site is optimized with the Yoast SEO plugin v27.1.1 - https:\/\/yoast.com\/product\/yoast-seo-wordpress\/ -->\n<title>Groupes de parole pour les personnes affect\u00e9es de DMLA &#8226; Retina Suisse<\/title>\n<meta name=\"description\" content=\"Sind Sie von altersbedingter Makuladegeneration betroffen und w\u00fcnschen Sie sich regelm\u00e4ssigen Austausch mit anderen betroffenen Menschen?\" \/>\n<meta name=\"robots\" content=\"index, follow, max-snippet:-1, max-image-preview:large, max-video-preview:-1\" \/>\n<link rel=\"canonical\" href=\"https:\/\/retina.ch\/fr\/consultations-et-groupes\/groupes-de-parole-pour-les-personnes-affectees-de-dmla\/\" \/>\n<meta property=\"og:locale\" content=\"fr_FR\" \/>\n<meta property=\"og:type\" content=\"article\" \/>\n<meta property=\"og:title\" content=\"Groupes de parole pour les personnes affect\u00e9es de DMLA &#8226; Retina Suisse\" \/>\n<meta property=\"og:description\" content=\"Sind Sie von altersbedingter Makuladegeneration betroffen und w\u00fcnschen Sie sich regelm\u00e4ssigen Austausch mit anderen betroffenen Menschen?\" \/>\n<meta property=\"og:url\" content=\"https:\/\/retina.ch\/fr\/consultations-et-groupes\/groupes-de-parole-pour-les-personnes-affectees-de-dmla\/\" \/>\n<meta property=\"og:site_name\" content=\"Retina Suisse\" \/>\n<meta property=\"article:publisher\" content=\"https:\/\/www.facebook.com\/retinasuisse\/\" \/>\n<meta property=\"article:modified_time\" content=\"2025-03-19T09:47:48+00:00\" \/>\n<meta name=\"twitter:card\" content=\"summary_large_image\" \/>\n<meta name=\"twitter:label1\" content=\"Dur\u00e9e de lecture estim\u00e9e\" \/>\n\t<meta name=\"twitter:data1\" content=\"1 minute\" \/>\n<script type=\"application\/ld+json\" class=\"yoast-schema-graph\">{\"@context\":\"https:\/\/schema.org\",\"@graph\":[{\"@type\":\"WebPage\",\"@id\":\"https:\/\/retina.ch\/fr\/consultations-et-groupes\/groupes-de-parole-pour-les-personnes-affectees-de-dmla\/\",\"url\":\"https:\/\/retina.ch\/fr\/consultations-et-groupes\/groupes-de-parole-pour-les-personnes-affectees-de-dmla\/\",\"name\":\"Groupes de parole pour les personnes affect\u00e9es de DMLA &#8226; Retina Suisse\",\"isPartOf\":{\"@id\":\"https:\/\/retina.ch\/fr\/#website\"},\"datePublished\":\"2020-09-19T17:16:29+00:00\",\"dateModified\":\"2025-03-19T09:47:48+00:00\",\"description\":\"Sind Sie von altersbedingter Makuladegeneration betroffen und w\u00fcnschen Sie sich regelm\u00e4ssigen Austausch mit anderen betroffenen Menschen?\",\"breadcrumb\":{\"@id\":\"https:\/\/retina.ch\/fr\/consultations-et-groupes\/groupes-de-parole-pour-les-personnes-affectees-de-dmla\/#breadcrumb\"},\"inLanguage\":\"fr-FR\",\"potentialAction\":[{\"@type\":\"ReadAction\",\"target\":[\"https:\/\/retina.ch\/fr\/consultations-et-groupes\/groupes-de-parole-pour-les-personnes-affectees-de-dmla\/\"]}]},{\"@type\":\"BreadcrumbList\",\"@id\":\"https:\/\/retina.ch\/fr\/consultations-et-groupes\/groupes-de-parole-pour-les-personnes-affectees-de-dmla\/#breadcrumb\",\"itemListElement\":[{\"@type\":\"ListItem\",\"position\":1,\"name\":\"Retina Suisse\",\"item\":\"https:\/\/retina.ch\/fr\/\"},{\"@type\":\"ListItem\",\"position\":2,\"name\":\"Consultations et Groupes\",\"item\":\"https:\/\/retina.ch\/fr\/consultations-et-groupes\/\"},{\"@type\":\"ListItem\",\"position\":3,\"name\":\"Groupes de parole pour les personnes affect\u00e9es de DMLA\"}]},{\"@type\":\"WebSite\",\"@id\":\"https:\/\/retina.ch\/fr\/#website\",\"url\":\"https:\/\/retina.ch\/fr\/\",\"name\":\"Retina Suisse\",\"description\":\"Retina Suisse ist die Vereinigung von Patientinnen und Patienten mit Retinitis pigmentosa (RP), Makuladegeneration, Usher-Syndrom und anderen Erkrankungen des Augenhintergrundes.\",\"publisher\":{\"@id\":\"https:\/\/retina.ch\/fr\/#organization\"},\"potentialAction\":[{\"@type\":\"SearchAction\",\"target\":{\"@type\":\"EntryPoint\",\"urlTemplate\":\"https:\/\/retina.ch\/fr\/?s={search_term_string}\"},\"query-input\":{\"@type\":\"PropertyValueSpecification\",\"valueRequired\":true,\"valueName\":\"search_term_string\"}}],\"inLanguage\":\"fr-FR\"},{\"@type\":\"Organization\",\"@id\":\"https:\/\/retina.ch\/fr\/#organization\",\"name\":\"Retina Suisse\",\"url\":\"https:\/\/retina.ch\/fr\/\",\"logo\":{\"@type\":\"ImageObject\",\"inLanguage\":\"fr-FR\",\"@id\":\"https:\/\/retina.ch\/fr\/#\/schema\/logo\/image\/\",\"url\":\"https:\/\/retina.ch\/wp-content\/uploads\/2020\/09\/retina-auge-typo.svg\",\"contentUrl\":\"https:\/\/retina.ch\/wp-content\/uploads\/2020\/09\/retina-auge-typo.svg\",\"width\":\"1024\",\"height\":\"1024\",\"caption\":\"Retina Suisse\"},\"image\":{\"@id\":\"https:\/\/retina.ch\/fr\/#\/schema\/logo\/image\/\"},\"sameAs\":[\"https:\/\/www.facebook.com\/retinasuisse\/\"]}]}<\/script>\n<!-- \/ Yoast SEO plugin. -->","yoast_head_json":{"title":"Groupes de parole pour les personnes affect\u00e9es de DMLA &#8226; Retina Suisse","description":"Sind Sie von altersbedingter Makuladegeneration betroffen und w\u00fcnschen Sie sich regelm\u00e4ssigen Austausch mit anderen betroffenen Menschen?","robots":{"index":"index","follow":"follow","max-snippet":"max-snippet:-1","max-image-preview":"max-image-preview:large","max-video-preview":"max-video-preview:-1"},"canonical":"https:\/\/retina.ch\/fr\/consultations-et-groupes\/groupes-de-parole-pour-les-personnes-affectees-de-dmla\/","og_locale":"fr_FR","og_type":"article","og_title":"Groupes de parole pour les personnes affect\u00e9es de DMLA &#8226; Retina Suisse","og_description":"Sind Sie von altersbedingter Makuladegeneration betroffen und w\u00fcnschen Sie sich regelm\u00e4ssigen Austausch mit anderen betroffenen Menschen?","og_url":"https:\/\/retina.ch\/fr\/consultations-et-groupes\/groupes-de-parole-pour-les-personnes-affectees-de-dmla\/","og_site_name":"Retina Suisse","article_publisher":"https:\/\/www.facebook.com\/retinasuisse\/","article_modified_time":"2025-03-19T09:47:48+00:00","twitter_card":"summary_large_image","twitter_misc":{"Dur\u00e9e de lecture estim\u00e9e":"1 minute"},"schema":{"@context":"https:\/\/schema.org","@graph":[{"@type":"WebPage","@id":"https:\/\/retina.ch\/fr\/consultations-et-groupes\/groupes-de-parole-pour-les-personnes-affectees-de-dmla\/","url":"https:\/\/retina.ch\/fr\/consultations-et-groupes\/groupes-de-parole-pour-les-personnes-affectees-de-dmla\/","name":"Groupes de parole pour les personnes affect\u00e9es de DMLA &#8226; Retina Suisse","isPartOf":{"@id":"https:\/\/retina.ch\/fr\/#website"},"datePublished":"2020-09-19T17:16:29+00:00","dateModified":"2025-03-19T09:47:48+00:00","description":"Sind Sie von altersbedingter Makuladegeneration betroffen und w\u00fcnschen Sie sich regelm\u00e4ssigen Austausch mit anderen betroffenen Menschen?","breadcrumb":{"@id":"https:\/\/retina.ch\/fr\/consultations-et-groupes\/groupes-de-parole-pour-les-personnes-affectees-de-dmla\/#breadcrumb"},"inLanguage":"fr-FR","potentialAction":[{"@type":"ReadAction","target":["https:\/\/retina.ch\/fr\/consultations-et-groupes\/groupes-de-parole-pour-les-personnes-affectees-de-dmla\/"]}]},{"@type":"BreadcrumbList","@id":"https:\/\/retina.ch\/fr\/consultations-et-groupes\/groupes-de-parole-pour-les-personnes-affectees-de-dmla\/#breadcrumb","itemListElement":[{"@type":"ListItem","position":1,"name":"Retina Suisse","item":"https:\/\/retina.ch\/fr\/"},{"@type":"ListItem","position":2,"name":"Consultations et Groupes","item":"https:\/\/retina.ch\/fr\/consultations-et-groupes\/"},{"@type":"ListItem","position":3,"name":"Groupes de parole pour les personnes affect\u00e9es de DMLA"}]},{"@type":"WebSite","@id":"https:\/\/retina.ch\/fr\/#website","url":"https:\/\/retina.ch\/fr\/","name":"Retina Suisse","description":"Retina Suisse ist die Vereinigung von Patientinnen und Patienten mit Retinitis pigmentosa (RP), Makuladegeneration, Usher-Syndrom und anderen Erkrankungen des Augenhintergrundes.","publisher":{"@id":"https:\/\/retina.ch\/fr\/#organization"},"potentialAction":[{"@type":"SearchAction","target":{"@type":"EntryPoint","urlTemplate":"https:\/\/retina.ch\/fr\/?s={search_term_string}"},"query-input":{"@type":"PropertyValueSpecification","valueRequired":true,"valueName":"search_term_string"}}],"inLanguage":"fr-FR"},{"@type":"Organization","@id":"https:\/\/retina.ch\/fr\/#organization","name":"Retina Suisse","url":"https:\/\/retina.ch\/fr\/","logo":{"@type":"ImageObject","inLanguage":"fr-FR","@id":"https:\/\/retina.ch\/fr\/#\/schema\/logo\/image\/","url":"https:\/\/retina.ch\/wp-content\/uploads\/2020\/09\/retina-auge-typo.svg","contentUrl":"https:\/\/retina.ch\/wp-content\/uploads\/2020\/09\/retina-auge-typo.svg","width":"1024","height":"1024","caption":"Retina Suisse"},"image":{"@id":"https:\/\/retina.ch\/fr\/#\/schema\/logo\/image\/"},"sameAs":["https:\/\/www.facebook.com\/retinasuisse\/"]}]}},"_links":{"self":[{"href":"https:\/\/retina.ch\/fr\/wp-json\/wp\/v2\/pages\/2810","targetHints":{"allow":["GET"]}}],"collection":[{"href":"https:\/\/retina.ch\/fr\/wp-json\/wp\/v2\/pages"}],"about":[{"href":"https:\/\/retina.ch\/fr\/wp-json\/wp\/v2\/types\/page"}],"author":[{"embeddable":true,"href":"https:\/\/retina.ch\/fr\/wp-json\/wp\/v2\/users\/1"}],"replies":[{"embeddable":true,"href":"https:\/\/retina.ch\/fr\/wp-json\/wp\/v2\/comments?post=2810"}],"version-history":[{"count":2,"href":"https:\/\/retina.ch\/fr\/wp-json\/wp\/v2\/pages\/2810\/revisions"}],"predecessor-version":[{"id":21311,"href":"https:\/\/retina.ch\/fr\/wp-json\/wp\/v2\/pages\/2810\/revisions\/21311"}],"up":[{"embeddable":true,"href":"https:\/\/retina.ch\/fr\/wp-json\/wp\/v2\/pages\/2802"}],"wp:attachment":[{"href":"https:\/\/retina.ch\/fr\/wp-json\/wp\/v2\/media?parent=2810"}],"curies":[{"name":"wp","href":"https:\/\/api.w.org\/{rel}","templated":true}]}}