{"id":2814,"date":"2020-09-19T19:17:01","date_gmt":"2020-09-19T17:17:01","guid":{"rendered":"https:\/\/dev.retina.ch\/?page_id=2814"},"modified":"2025-03-19T10:46:57","modified_gmt":"2025-03-19T09:46:57","slug":"groupes-de-parole-pour-les-personnes-avec-rp","status":"publish","type":"page","link":"https:\/\/retina.ch\/fr\/consultations-et-groupes\/groupes-de-parole-pour-les-personnes-avec-rp\/","title":{"rendered":"Groupes de parole pour les personnes avec RP"},"content":{"rendered":"\n<p>Une maladie d\u00e9g\u00e9n\u00e9rative de la r\u00e9tine transforme la vie. Beaucoup de choses ne vont plus de soi, d\u2019autant plus que les changements ne sont pas toujours visibles pour un observateur ext\u00e9rieur. Souhaiteriez-vous partager et \u00e9changer vos exp\u00e9riences concernant ces maladies avec d\u2019autres personnes \u00e9galement concern\u00e9es ? Si oui, vous avez la possibilit\u00e9 de participer \u00e0 nos groupes de parole.<\/p>\n\n\n\n<p>Si vous \u00eates int\u00e9ress\u00e9s par une autre th\u00e9matique, n\u2019h\u00e9sitez pas \u00e0 nous contacter:<\/p>\n\n\n\n<p><strong>Service de consultation Retina Suisse<\/strong><br>Rania Python<br>Av. de France 15<br>1004 Lausanne 2<\/p>\n\n\n\n<p>021 626 86 52<br><a href=\"mailto:info.lausanne@retina.ch\">info.lausanne@retina.ch<\/a><\/p>\n\n\n\n<div class=\"wp-block-nk-awb nk-awb alignfull\"><div class=\"nk-awb-wrap\" data-awb-type=\"color\"><div class=\"nk-awb-overlay\" style=\"background: #fff9bf;\"><\/div><\/div><div class=\"nk-awb-wrap-content is-layout-constrained wp-block-nk-awb-is-layout-constrained\">\n<div class=\"wp-block-group\"><div class=\"wp-block-group__inner-container is-layout-flow wp-block-group-is-layout-flow\">\t\t<div class=\"archive-flxbx\">\n\t\t\n<article id=\"post-21295\" class=\"post-21295 gespraechsgruppen type-gespraechsgruppen status-publish hentry category-degeneration-maculaire-liee-a-lage-dmla category-retinite-pigmentaire\">\n\n\t<div class=\"archive-icon\">\n\t<\/div>\n\t\n\t<a href=\"https:\/\/retina.ch\/fr\/groupes-de-paroles\/bale-groupe-de-parole-dmla-rp-et-autres-degenerescences-hereditaires\/\">\n\t<header class=\"entry-header\">\n\t\t<h2 class=\"entry-title\">B\u00e2le &#8211; Groupe de parole DMLA, RP et autres d\u00e9g\u00e9n\u00e9rescences h\u00e9r\u00e9ditaires<\/h2>\t<\/header><!-- .entry-header -->\n\t<a\/>\n\t\n\t<div class=\"entry-content\">\n\t\n\t<!-- Kurstag  -->\n\t\t\t\t\n\t\t\t\t<h3>Dates des prochains cours<\/h3>\n\t\t<p>\n\t\t\t\t\t\t\t\t\t\t\t\t\t\n\t\t\t\t30 avril 2026<br\/>\n\t\t\t\t\t \n<!-- \n\t\t\t\t\t\t\t\t\t30. avril 2026 \t\t\t\t<br\/>\n -->\n\t\t\t\t\t\t\t\n\t\t\t\t28 mai 2026 <br\/>\n\t\t\t\t\t \n<!-- \n\t\t\t\t\t\t\t\t\t28. mai 2026  \t\t\t\t<br\/>\n -->\n\t\t\t\t\t\t\t\n\t\t\t\t25 juin 2026<br\/>\n\t\t\t\t\t \n<!-- \n\t\t\t\t\t\t\t\t\t25. juin 2026 \t\t\t\t<br\/>\n -->\n\t\t\t\t\t<\/p>\n\t\t\n\t\t\t\n\t\n\t\t\t\t\n\t\t<a href=\"https:\/\/retina.ch\/fr\/groupes-de-paroles\/bale-groupe-de-parole-dmla-rp-et-autres-degenerescences-hereditaires\/\" class=\"btn\">Informations et dates des cours<\/a>\n\t\n\t<\/div><!-- .entry-content -->\n\n\t<footer class=\"entry-footer\">\n\t\t\t<\/footer><!-- .entry-footer -->\n\n<\/article><!-- #post-21295 -->\n\n<article id=\"post-3523\" class=\"post-3523 gespraechsgruppen type-gespraechsgruppen status-publish hentry category-degeneration-maculaire-liee-a-lage-dmla category-retinite-pigmentaire\">\n\n\t<div class=\"archive-icon\">\n\t<\/div>\n\t\n\t<a href=\"https:\/\/retina.ch\/fr\/groupes-de-paroles\/dmla-rp-lausanne\/\">\n\t<header class=\"entry-header\">\n\t\t<h2 class=\"entry-title\">Lausanne &#8211; Groupe de parole DMLA, RP et autres d\u00e9g\u00e9n\u00e9rescences r\u00e9tiniennes h\u00e9r\u00e9ditaires<\/h2>\t<\/header><!-- .entry-header -->\n\t<a\/>\n\t\n\t<div class=\"entry-content\">\n\t\n\t<!-- Kurstag  -->\n\t\t\t\t\n\t\t\t\t<h3>Dates des prochains cours<\/h3>\n\t\t<p>\n\t\t\t\t\t\t\t\t\t\t\t\t\t\n\t\t\t\t26 mai 2026 <br\/>\n\t\t\t\t\t \n<!-- \n\t\t\t\t\t\t\t\t\t26. mai 2026  \t\t\t\t<br\/>\n -->\n\t\t\t\t\t\t\t\n\t\t\t\t16 juin 2026<br\/>\n\t\t\t\t\t \n<!-- \n\t\t\t\t\t\t\t\t\t16. juin 2026 \t\t\t\t<br\/>\n -->\n\t\t\t\t\t\t\t\n\t\t\t\t Juillet \/ ao\u00fbt vacances<br\/>\n\t\t\t\t\t \n<!-- \n\t\t\t\t\t\t\t\t\t Juillet \/ ao\u00fbt vacances\t\t\t\t\t\t\n\t\t\t\t<br\/>\n -->\n\t\t\t\t\t<\/p>\n\t\t\n\t\t\t\n\t\n\t\t\t\t\n\t\t<a href=\"https:\/\/retina.ch\/fr\/groupes-de-paroles\/dmla-rp-lausanne\/\" class=\"btn\">Informations et dates des cours<\/a>\n\t\n\t<\/div><!-- .entry-content -->\n\n\t<footer class=\"entry-footer\">\n\t\t\t<\/footer><!-- .entry-footer -->\n\n<\/article><!-- #post-3523 -->\n\n<article id=\"post-4488\" class=\"post-4488 gespraechsgruppen type-gespraechsgruppen status-publish hentry category-degeneration-maculaire-liee-a-lage-dmla category-retinite-pigmentaire\">\n\n\t<div class=\"archive-icon\">\n\t<\/div>\n\t\n\t<a href=\"https:\/\/retina.ch\/fr\/groupes-de-paroles\/degenerescences-retiniennes-hereditaires\/\">\n\t<header class=\"entry-header\">\n\t\t<h2 class=\"entry-title\">Lugano &#8211; Groupe de parole DMLA, RP et autres d\u00e9g\u00e9n\u00e9rescences r\u00e9tiniennes h\u00e9r\u00e9ditaires<\/h2>\t<\/header><!-- .entry-header -->\n\t<a\/>\n\t\n\t<div class=\"entry-content\">\n\t\n\t<!-- Kurstag  -->\n\t\t\t\t\n\t\t\t\t<h3>Dates des prochains cours<\/h3>\n\t\t<p>\n\t\t\t\t\t\t\t\t\t\t\t\t\t\n\t\t\t\t04 mai 2026<br\/>\n\t\t\t\t\t \n<!-- \n\t\t\t\t\t\t\t\t\t04. mai 2026 \t\t\t\t<br\/>\n -->\n\t\t\t\t\t\t\t\n\t\t\t\t15 juin 2026<br\/>\n\t\t\t\t\t \n<!-- \n\t\t\t\t\t\t\t\t\t15. juin 2026 \t\t\t\t<br\/>\n -->\n\t\t\t\t\t\t\t\n\t\t\t\t06 juillet 2026<br\/>\n\t\t\t\t\t \n<!-- \n\t\t\t\t\t\t\t\t\t06. juillet 2026 \t\t\t\t<br\/>\n -->\n\t\t\t\t\t<\/p>\n\t\t\n\t\t\t\n\t\n\t\t\t\t\n\t\t<a href=\"https:\/\/retina.ch\/fr\/groupes-de-paroles\/degenerescences-retiniennes-hereditaires\/\" class=\"btn\">Informations et dates des cours<\/a>\n\t\n\t<\/div><!-- .entry-content -->\n\n\t<footer class=\"entry-footer\">\n\t\t\t<\/footer><!-- .entry-footer -->\n\n<\/article><!-- #post-4488 -->\n\n<article id=\"post-21289\" class=\"post-21289 gespraechsgruppen type-gespraechsgruppen status-publish hentry category-degeneration-maculaire-liee-a-lage-dmla category-retinite-pigmentaire\">\n\n\t<div class=\"archive-icon\">\n\t<\/div>\n\t\n\t<a href=\"https:\/\/retina.ch\/fr\/groupes-de-paroles\/valais-groupe-de-parole-dmla-rp-et-autres-degenerescences-retiniennes-hereditaires\/\">\n\t<header class=\"entry-header\">\n\t\t<h2 class=\"entry-title\">Valais &#8211; Groupe de parole DMLA, RP et autres d\u00e9g\u00e9n\u00e9rescences r\u00e9tiniennes h\u00e9r\u00e9ditaires<\/h2>\t<\/header><!-- .entry-header -->\n\t<a\/>\n\t\n\t<div class=\"entry-content\">\n\t\n\t<!-- Kurstag  -->\n\t\t\t\t\n\t\t\t\t<h3>Dates des prochains cours<\/h3>\n\t\t<p>\n\t\t\t\t\t\t\t\t\t\t\t\t\t\n\t\t\t\t18 mai 2026<br\/>\n\t\t\t\t\t \n<!-- \n\t\t\t\t\t\t\t\t\t18. mai 2026 \t\t\t\t<br\/>\n -->\n\t\t\t\t\t\t\t\n\t\t\t\t15 juin 2026<br\/>\n\t\t\t\t\t \n<!-- \n\t\t\t\t\t\t\t\t\t15. juin 2026 \t\t\t\t<br\/>\n -->\n\t\t\t\t\t\t\t\n\t\t\t\t21 septembre 2026<br\/>\n\t\t\t\t\t \n<!-- \n\t\t\t\t\t\t\t\t\t21. septembre 2026 \t\t\t\t<br\/>\n -->\n\t\t\t\t\t<\/p>\n\t\t\n\t\t\t\n\t\n\t\t\t\t\n\t\t<a href=\"https:\/\/retina.ch\/fr\/groupes-de-paroles\/valais-groupe-de-parole-dmla-rp-et-autres-degenerescences-retiniennes-hereditaires\/\" class=\"btn\">Informations et dates des cours<\/a>\n\t\n\t<\/div><!-- .entry-content -->\n\n\t<footer class=\"entry-footer\">\n\t\t\t<\/footer><!-- .entry-footer -->\n\n<\/article><!-- #post-21289 -->\n\n<article id=\"post-23384\" class=\"post-23384 gespraechsgruppen type-gespraechsgruppen status-publish hentry category-degeneration-maculaire-liee-a-lage-dmla category-retinite-pigmentaire\">\n\n\t<div class=\"archive-icon\">\n\t<\/div>\n\t\n\t<a href=\"https:\/\/retina.ch\/fr\/groupes-de-paroles\/yverdon-groupe-de-parole-dmla-rp-et-autres-degenerescences-retiniennes-hereditaires\/\">\n\t<header class=\"entry-header\">\n\t\t<h2 class=\"entry-title\">Yverdon \u2013 Groupe de parole DMLA, RP et autres d\u00e9g\u00e9n\u00e9rescences r\u00e9tiniennes h\u00e9r\u00e9ditaires<\/h2>\t<\/header><!-- .entry-header -->\n\t<a\/>\n\t\n\t<div class=\"entry-content\">\n\t\n\t<!-- Kurstag  -->\n\t\t\t\t\n\t\t\t\t<h3>Dates des prochains cours<\/h3>\n\t\t<p>\n\t\t\t\t\t\t\t\t\t\t\t\t\t\n\t\t\t\t22 septembre 2026<br\/>\n\t\t\t\t\t \n<!-- \n\t\t\t\t\t\t\t\t\t22. septembre 2026 \t\t\t\t<br\/>\n -->\n\t\t\t\t\t\t\t\n\t\t\t\t27 octobre 2026<br\/>\n\t\t\t\t\t \n<!-- \n\t\t\t\t\t\t\t\t\t27. octobre 2026 \t\t\t\t<br\/>\n -->\n\t\t\t\t\t\t\t\n\t\t\t\t24 novembre 2026<br\/>\n\t\t\t\t\t \n<!-- \n\t\t\t\t\t\t\t\t\t24. novembre 2026 \t\t\t\t<br\/>\n -->\n\t\t\t\t\t<\/p>\n\t\t\n\t\t\t\n\t\n\t\t\t\t\n\t\t<a href=\"https:\/\/retina.ch\/fr\/groupes-de-paroles\/yverdon-groupe-de-parole-dmla-rp-et-autres-degenerescences-retiniennes-hereditaires\/\" class=\"btn\">Informations et dates des cours<\/a>\n\t\n\t<\/div><!-- .entry-content -->\n\n\t<footer class=\"entry-footer\">\n\t\t\t<\/footer><!-- .entry-footer -->\n\n<\/article><!-- #post-23384 -->\n\n<article id=\"post-4617\" class=\"post-4617 gespraechsgruppen type-gespraechsgruppen status-publish hentry category-retinite-pigmentaire\">\n\n\t<div class=\"archive-icon\">\n\t<\/div>\n\t\n\t<a href=\"https:\/\/retina.ch\/fr\/groupes-de-paroles\/rp-zurich\/\">\n\t<header class=\"entry-header\">\n\t\t<h2 class=\"entry-title\">Zurich &#8211; Groupe de parole RP et autres d\u00e9g\u00e9n\u00e9rescences r\u00e9tiniennes h\u00e9r\u00e9ditaires<\/h2>\t<\/header><!-- .entry-header -->\n\t<a\/>\n\t\n\t<div class=\"entry-content\">\n\t\n\t<!-- Kurstag  -->\n\t\t\t\t\n\t\t\t\t<h3>Dates des prochains cours<\/h3>\n\t\t<p>\n\t\t\t\t\t\t\t\t\t\t\t\t\t\n\t\t\t\t18 mai 2026<br\/>\n\t\t\t\t\t \n<!-- \n\t\t\t\t\t\t\t\t\t18. mai 2026 \t\t\t\t<br\/>\n -->\n\t\t\t\t\t\t\t\n\t\t\t\t22 juin 2026<br\/>\n\t\t\t\t\t \n<!-- \n\t\t\t\t\t\t\t\t\t22. juin 2026 \t\t\t\t<br\/>\n -->\n\t\t\t\t\t<\/p>\n\t\t\n\t\t\t\n\t\n\t\t\t\t\n\t\t<a href=\"https:\/\/retina.ch\/fr\/groupes-de-paroles\/rp-zurich\/\" class=\"btn\">Informations et dates des cours<\/a>\n\t\n\t<\/div><!-- .entry-content -->\n\n\t<footer class=\"entry-footer\">\n\t\t\t<\/footer><!-- .entry-footer -->\n\n<\/article><!-- #post-4617 -->\n<div class=\"nav-links\"><\/div>        <\/div><!-- .flxbx -->\n        \n<\/div><\/div>\n\n\n\n<p><\/p>\n<\/div><\/div>\n","protected":false},"excerpt":{"rendered":"<p>Une maladie d\u00e9g\u00e9n\u00e9rative de la r\u00e9tine transforme la vie. Beaucoup de choses ne vont plus de soi, d\u2019autant plus que les changements ne sont pas toujours visibles pour un observateur ext\u00e9rieur. Souhaiteriez-vous partager et \u00e9changer vos exp\u00e9riences concernant ces maladies avec d\u2019autres personnes \u00e9galement concern\u00e9es ? Si oui, vous avez la possibilit\u00e9 de participer \u00e0 &#8230;<\/p>\n","protected":false},"author":1,"featured_media":0,"parent":2802,"menu_order":20,"comment_status":"closed","ping_status":"closed","template":"","meta":{"_acf_changed":false,"inline_featured_image":false,"_FSMCFIC_featured_image_caption":"","_FSMCFIC_featured_image_nocaption":"","_FSMCFIC_featured_image_hide":"","footnotes":"","_links_to":"","_links_to_target":""},"class_list":["post-2814","page","type-page","status-publish","hentry"],"acf":[],"yoast_head":"<!-- This site is optimized with the Yoast SEO plugin v27.1.1 - https:\/\/yoast.com\/product\/yoast-seo-wordpress\/ -->\n<title>Groupes de parole pour les personnes avec RP &#8226; Retina Suisse &#8226; Entraide<\/title>\n<meta name=\"description\" content=\"Partagez votre exp\u00e9rience de la r\u00e9tinite pigmentaire ou d&#039;une autre d\u00e9g\u00e9n\u00e9rescence r\u00e9tinienne h\u00e9r\u00e9ditaire avec d&#039;autres personnes.\" \/>\n<meta name=\"robots\" content=\"index, follow, max-snippet:-1, max-image-preview:large, max-video-preview:-1\" \/>\n<link rel=\"canonical\" href=\"https:\/\/retina.ch\/fr\/consultations-et-groupes\/groupes-de-parole-pour-les-personnes-avec-rp\/\" \/>\n<meta property=\"og:locale\" content=\"fr_FR\" \/>\n<meta property=\"og:type\" content=\"article\" \/>\n<meta property=\"og:title\" content=\"Groupes de parole pour les personnes avec RP &#8226; Retina Suisse &#8226; Entraide\" \/>\n<meta property=\"og:description\" content=\"Partagez votre exp\u00e9rience de la r\u00e9tinite pigmentaire ou d&#039;une autre d\u00e9g\u00e9n\u00e9rescence r\u00e9tinienne h\u00e9r\u00e9ditaire avec d&#039;autres personnes.\" \/>\n<meta property=\"og:url\" content=\"https:\/\/retina.ch\/fr\/consultations-et-groupes\/groupes-de-parole-pour-les-personnes-avec-rp\/\" \/>\n<meta property=\"og:site_name\" content=\"Retina Suisse\" \/>\n<meta property=\"article:publisher\" content=\"https:\/\/www.facebook.com\/retinasuisse\/\" \/>\n<meta property=\"article:modified_time\" content=\"2025-03-19T09:46:57+00:00\" \/>\n<meta name=\"twitter:card\" content=\"summary_large_image\" \/>\n<meta name=\"twitter:label1\" content=\"Dur\u00e9e de lecture estim\u00e9e\" \/>\n\t<meta name=\"twitter:data1\" content=\"1 minute\" \/>\n<script type=\"application\/ld+json\" class=\"yoast-schema-graph\">{\"@context\":\"https:\/\/schema.org\",\"@graph\":[{\"@type\":\"WebPage\",\"@id\":\"https:\/\/retina.ch\/fr\/consultations-et-groupes\/groupes-de-parole-pour-les-personnes-avec-rp\/\",\"url\":\"https:\/\/retina.ch\/fr\/consultations-et-groupes\/groupes-de-parole-pour-les-personnes-avec-rp\/\",\"name\":\"Groupes de parole pour les personnes avec RP &#8226; Retina Suisse &#8226; Entraide\",\"isPartOf\":{\"@id\":\"https:\/\/retina.ch\/fr\/#website\"},\"datePublished\":\"2020-09-19T17:17:01+00:00\",\"dateModified\":\"2025-03-19T09:46:57+00:00\",\"description\":\"Partagez votre exp\u00e9rience de la r\u00e9tinite pigmentaire ou d'une autre d\u00e9g\u00e9n\u00e9rescence r\u00e9tinienne h\u00e9r\u00e9ditaire avec d'autres personnes.\",\"breadcrumb\":{\"@id\":\"https:\/\/retina.ch\/fr\/consultations-et-groupes\/groupes-de-parole-pour-les-personnes-avec-rp\/#breadcrumb\"},\"inLanguage\":\"fr-FR\",\"potentialAction\":[{\"@type\":\"ReadAction\",\"target\":[\"https:\/\/retina.ch\/fr\/consultations-et-groupes\/groupes-de-parole-pour-les-personnes-avec-rp\/\"]}]},{\"@type\":\"BreadcrumbList\",\"@id\":\"https:\/\/retina.ch\/fr\/consultations-et-groupes\/groupes-de-parole-pour-les-personnes-avec-rp\/#breadcrumb\",\"itemListElement\":[{\"@type\":\"ListItem\",\"position\":1,\"name\":\"Retina Suisse\",\"item\":\"https:\/\/retina.ch\/fr\/\"},{\"@type\":\"ListItem\",\"position\":2,\"name\":\"Consultations et Groupes\",\"item\":\"https:\/\/retina.ch\/fr\/consultations-et-groupes\/\"},{\"@type\":\"ListItem\",\"position\":3,\"name\":\"Groupes de parole pour les personnes avec RP\"}]},{\"@type\":\"WebSite\",\"@id\":\"https:\/\/retina.ch\/fr\/#website\",\"url\":\"https:\/\/retina.ch\/fr\/\",\"name\":\"Retina Suisse\",\"description\":\"Retina Suisse ist die Vereinigung von Patientinnen und Patienten mit Retinitis pigmentosa (RP), Makuladegeneration, Usher-Syndrom und anderen Erkrankungen des Augenhintergrundes.\",\"publisher\":{\"@id\":\"https:\/\/retina.ch\/fr\/#organization\"},\"potentialAction\":[{\"@type\":\"SearchAction\",\"target\":{\"@type\":\"EntryPoint\",\"urlTemplate\":\"https:\/\/retina.ch\/fr\/?s={search_term_string}\"},\"query-input\":{\"@type\":\"PropertyValueSpecification\",\"valueRequired\":true,\"valueName\":\"search_term_string\"}}],\"inLanguage\":\"fr-FR\"},{\"@type\":\"Organization\",\"@id\":\"https:\/\/retina.ch\/fr\/#organization\",\"name\":\"Retina Suisse\",\"url\":\"https:\/\/retina.ch\/fr\/\",\"logo\":{\"@type\":\"ImageObject\",\"inLanguage\":\"fr-FR\",\"@id\":\"https:\/\/retina.ch\/fr\/#\/schema\/logo\/image\/\",\"url\":\"https:\/\/retina.ch\/wp-content\/uploads\/2020\/09\/retina-auge-typo.svg\",\"contentUrl\":\"https:\/\/retina.ch\/wp-content\/uploads\/2020\/09\/retina-auge-typo.svg\",\"width\":\"1024\",\"height\":\"1024\",\"caption\":\"Retina Suisse\"},\"image\":{\"@id\":\"https:\/\/retina.ch\/fr\/#\/schema\/logo\/image\/\"},\"sameAs\":[\"https:\/\/www.facebook.com\/retinasuisse\/\"]}]}<\/script>\n<!-- \/ Yoast SEO plugin. -->","yoast_head_json":{"title":"Groupes de parole pour les personnes avec RP &#8226; Retina Suisse &#8226; Entraide","description":"Partagez votre exp\u00e9rience de la r\u00e9tinite pigmentaire ou d'une autre d\u00e9g\u00e9n\u00e9rescence r\u00e9tinienne h\u00e9r\u00e9ditaire avec d'autres personnes.","robots":{"index":"index","follow":"follow","max-snippet":"max-snippet:-1","max-image-preview":"max-image-preview:large","max-video-preview":"max-video-preview:-1"},"canonical":"https:\/\/retina.ch\/fr\/consultations-et-groupes\/groupes-de-parole-pour-les-personnes-avec-rp\/","og_locale":"fr_FR","og_type":"article","og_title":"Groupes de parole pour les personnes avec RP &#8226; Retina Suisse &#8226; Entraide","og_description":"Partagez votre exp\u00e9rience de la r\u00e9tinite pigmentaire ou d'une autre d\u00e9g\u00e9n\u00e9rescence r\u00e9tinienne h\u00e9r\u00e9ditaire avec d'autres personnes.","og_url":"https:\/\/retina.ch\/fr\/consultations-et-groupes\/groupes-de-parole-pour-les-personnes-avec-rp\/","og_site_name":"Retina Suisse","article_publisher":"https:\/\/www.facebook.com\/retinasuisse\/","article_modified_time":"2025-03-19T09:46:57+00:00","twitter_card":"summary_large_image","twitter_misc":{"Dur\u00e9e de lecture estim\u00e9e":"1 minute"},"schema":{"@context":"https:\/\/schema.org","@graph":[{"@type":"WebPage","@id":"https:\/\/retina.ch\/fr\/consultations-et-groupes\/groupes-de-parole-pour-les-personnes-avec-rp\/","url":"https:\/\/retina.ch\/fr\/consultations-et-groupes\/groupes-de-parole-pour-les-personnes-avec-rp\/","name":"Groupes de parole pour les personnes avec RP &#8226; Retina Suisse &#8226; Entraide","isPartOf":{"@id":"https:\/\/retina.ch\/fr\/#website"},"datePublished":"2020-09-19T17:17:01+00:00","dateModified":"2025-03-19T09:46:57+00:00","description":"Partagez votre exp\u00e9rience de la r\u00e9tinite pigmentaire ou d'une autre d\u00e9g\u00e9n\u00e9rescence r\u00e9tinienne h\u00e9r\u00e9ditaire avec d'autres personnes.","breadcrumb":{"@id":"https:\/\/retina.ch\/fr\/consultations-et-groupes\/groupes-de-parole-pour-les-personnes-avec-rp\/#breadcrumb"},"inLanguage":"fr-FR","potentialAction":[{"@type":"ReadAction","target":["https:\/\/retina.ch\/fr\/consultations-et-groupes\/groupes-de-parole-pour-les-personnes-avec-rp\/"]}]},{"@type":"BreadcrumbList","@id":"https:\/\/retina.ch\/fr\/consultations-et-groupes\/groupes-de-parole-pour-les-personnes-avec-rp\/#breadcrumb","itemListElement":[{"@type":"ListItem","position":1,"name":"Retina Suisse","item":"https:\/\/retina.ch\/fr\/"},{"@type":"ListItem","position":2,"name":"Consultations et Groupes","item":"https:\/\/retina.ch\/fr\/consultations-et-groupes\/"},{"@type":"ListItem","position":3,"name":"Groupes de parole pour les personnes avec RP"}]},{"@type":"WebSite","@id":"https:\/\/retina.ch\/fr\/#website","url":"https:\/\/retina.ch\/fr\/","name":"Retina Suisse","description":"Retina Suisse ist die Vereinigung von Patientinnen und Patienten mit Retinitis pigmentosa (RP), Makuladegeneration, Usher-Syndrom und anderen Erkrankungen des Augenhintergrundes.","publisher":{"@id":"https:\/\/retina.ch\/fr\/#organization"},"potentialAction":[{"@type":"SearchAction","target":{"@type":"EntryPoint","urlTemplate":"https:\/\/retina.ch\/fr\/?s={search_term_string}"},"query-input":{"@type":"PropertyValueSpecification","valueRequired":true,"valueName":"search_term_string"}}],"inLanguage":"fr-FR"},{"@type":"Organization","@id":"https:\/\/retina.ch\/fr\/#organization","name":"Retina Suisse","url":"https:\/\/retina.ch\/fr\/","logo":{"@type":"ImageObject","inLanguage":"fr-FR","@id":"https:\/\/retina.ch\/fr\/#\/schema\/logo\/image\/","url":"https:\/\/retina.ch\/wp-content\/uploads\/2020\/09\/retina-auge-typo.svg","contentUrl":"https:\/\/retina.ch\/wp-content\/uploads\/2020\/09\/retina-auge-typo.svg","width":"1024","height":"1024","caption":"Retina Suisse"},"image":{"@id":"https:\/\/retina.ch\/fr\/#\/schema\/logo\/image\/"},"sameAs":["https:\/\/www.facebook.com\/retinasuisse\/"]}]}},"_links":{"self":[{"href":"https:\/\/retina.ch\/fr\/wp-json\/wp\/v2\/pages\/2814","targetHints":{"allow":["GET"]}}],"collection":[{"href":"https:\/\/retina.ch\/fr\/wp-json\/wp\/v2\/pages"}],"about":[{"href":"https:\/\/retina.ch\/fr\/wp-json\/wp\/v2\/types\/page"}],"author":[{"embeddable":true,"href":"https:\/\/retina.ch\/fr\/wp-json\/wp\/v2\/users\/1"}],"replies":[{"embeddable":true,"href":"https:\/\/retina.ch\/fr\/wp-json\/wp\/v2\/comments?post=2814"}],"version-history":[{"count":2,"href":"https:\/\/retina.ch\/fr\/wp-json\/wp\/v2\/pages\/2814\/revisions"}],"predecessor-version":[{"id":21310,"href":"https:\/\/retina.ch\/fr\/wp-json\/wp\/v2\/pages\/2814\/revisions\/21310"}],"up":[{"embeddable":true,"href":"https:\/\/retina.ch\/fr\/wp-json\/wp\/v2\/pages\/2802"}],"wp:attachment":[{"href":"https:\/\/retina.ch\/fr\/wp-json\/wp\/v2\/media?parent=2814"}],"curies":[{"name":"wp","href":"https:\/\/api.w.org\/{rel}","templated":true}]}}