{"id":2822,"date":"2020-09-19T19:18:31","date_gmt":"2020-09-19T17:18:31","guid":{"rendered":"https:\/\/dev.retina.ch\/?page_id=2822"},"modified":"2023-03-14T14:11:41","modified_gmt":"2023-03-14T13:11:41","slug":"les-symptomes-de-maladies","status":"publish","type":"page","link":"https:\/\/retina.ch\/fr\/degenerescences-retinienne-retina-suisse\/les-symptomes-de-maladies\/","title":{"rendered":"Sympt\u00f4mes"},"content":{"rendered":"\t\t<div class=\"archive-flxbx\">\n\t\t\n<article id=\"post-3816\" class=\"post-3816 netzhauterkrankungen type-netzhauterkrankungen status-publish hentry category-symptome\">\n\n\t\t\n\t<div class=\"archive-icon\">\n\t<\/div>\n\t\n\t<a href=\"https:\/\/retina.ch\/fr\/degenerescences-retiniennes\/acuite-visuelle-faible\/\">\n\t<div class=\"archive-date\">\n\t\t<!-- Date  -->\n\t\t<!-- Time  -->\t<\/div><!-- archive-date -->\n\n\t<header class=\"entry-header\">\n\t\t<h2 class=\"entry-title\">Acuit\u00e9 visuelle faible<\/h2>\t<\/header><!-- .entry-header -->\n\t<\/a>\n\t\n\t<div class=\"archive-details\">\n\t\t\t\n\t\t<!-- Place  -->\n\t\t\t\t\n\t<\/div>\n\n\t<div class=\"entry-content\">\n\t\n\t\t\n\t\t\n\t\t<p>Nombre d\u2019entre nous on fait l\u2019exp\u00e9rience d\u2019une vision floue ou impr\u00e9cise, pouvant dans la plupart des cas \u00eatre attribu\u00e9e \u00e0 une myopie, \u00e0 une hyperm\u00e9tropie ou \u00e0 un astigmatisme. Toutefois, elle peut \u00e9galement \u00eatre le signe d\u2019une maladie.<\/p>\n\t\t\n\t\t<a href=\"https:\/\/retina.ch\/fr\/degenerescences-retiniennes\/acuite-visuelle-faible\/\" class=\"btn\">suite<\/a>\n\t\t\n\t<\/div><!-- .entry-content -->\n\t\n<\/article><!-- #post-3816 -->\n\n<article id=\"post-3827\" class=\"post-3827 netzhauterkrankungen type-netzhauterkrankungen status-publish hentry category-symptome\">\n\n\t\t\n\t<div class=\"archive-icon\">\n\t<\/div>\n\t\n\t<a href=\"https:\/\/retina.ch\/fr\/degenerescences-retiniennes\/defaut-de-couleur\/\">\n\t<div class=\"archive-date\">\n\t\t<!-- Date  -->\n\t\t<!-- Time  -->\t<\/div><!-- archive-date -->\n\n\t<header class=\"entry-header\">\n\t\t<h2 class=\"entry-title\">D\u00e9faut de perception des couleurs<\/h2>\t<\/header><!-- .entry-header -->\n\t<\/a>\n\t\n\t<div class=\"archive-details\">\n\t\t\t\n\t\t<!-- Place  -->\n\t\t\t\t\n\t<\/div>\n\n\t<div class=\"entry-content\">\n\t\n\t\t\n\t\t\n\t\t<p>Ce que nous percevons sous forme de \u00ab lumi\u00e8re \u00bb sont en fait des rayons \u00e9lectromagn\u00e9tiques poss\u00e9dant des longueurs d&rsquo;ondes entre environ 380 et 780 nanom\u00e8tres. Lorsque les c\u00f4nes sont stimul\u00e9s par de la lumi\u00e8re, la perception des couleurs a lieu.<\/p>\n\t\t\n\t\t<a href=\"https:\/\/retina.ch\/fr\/degenerescences-retiniennes\/defaut-de-couleur\/\" class=\"btn\">suite<\/a>\n\t\t\n\t<\/div><!-- .entry-content -->\n\t\n<\/article><!-- #post-3827 -->\n\n<article id=\"post-3540\" class=\"post-3540 netzhauterkrankungen type-netzhauterkrankungen status-publish hentry category-symptome\">\n\n\t\t\n\t<div class=\"archive-icon\">\n\t<\/div>\n\t\n\t<a href=\"https:\/\/retina.ch\/fr\/degenerescences-retiniennes\/degradation-du-champ-visuel-central\/\">\n\t<div class=\"archive-date\">\n\t\t<!-- Date  -->\n\t\t<!-- Time  -->\t<\/div><!-- archive-date -->\n\n\t<header class=\"entry-header\">\n\t\t<h2 class=\"entry-title\">D\u00e9gradation du champ visuel central<\/h2>\t<\/header><!-- .entry-header -->\n\t<\/a>\n\t\n\t<div class=\"archive-details\">\n\t\t\t\n\t\t<!-- Place  -->\n\t\t\t\t\n\t<\/div>\n\n\t<div class=\"entry-content\">\n\t\n\t\t\n\t\t\n\t\t<p>Une perte du champ visuel central entra\u00eene de grandes difficult\u00e9s de lecture et complique la reconnaissance des visages ou des structures fines. Les personnes atteintes de d\u00e9g\u00e9n\u00e9rescence maculaire peuvent toutefois s\u2019orienter et se d\u00e9placer facilement dans l\u2019espace.<\/p>\n\t\t\n\t\t<a href=\"https:\/\/retina.ch\/fr\/degenerescences-retiniennes\/degradation-du-champ-visuel-central\/\" class=\"btn\">suite<\/a>\n\t\t\n\t<\/div><!-- .entry-content -->\n\t\n<\/article><!-- #post-3540 -->\n\n<article id=\"post-3553\" class=\"post-3553 netzhauterkrankungen type-netzhauterkrankungen status-publish hentry category-symptome\">\n\n\t\t\n\t<div class=\"archive-icon\">\n\t<\/div>\n\t\n\t<a href=\"https:\/\/retina.ch\/fr\/degenerescences-retiniennes\/degradation-du-champ-visuel-peripherique\/\">\n\t<div class=\"archive-date\">\n\t\t<!-- Date  -->\n\t\t<!-- Time  -->\t<\/div><!-- archive-date -->\n\n\t<header class=\"entry-header\">\n\t\t<h2 class=\"entry-title\">D\u00e9gradation du champ visuel p\u00e9riph\u00e9rique<\/h2>\t<\/header><!-- .entry-header -->\n\t<\/a>\n\t\n\t<div class=\"archive-details\">\n\t\t\t\n\t\t<!-- Place  -->\n\t\t\t\t\n\t<\/div>\n\n\t<div class=\"entry-content\">\n\t\n\t\t\n\t\t\n\t\t<p>Les personnes qui ont un champ visuel p\u00e9riph\u00e9rique restreint \u2013 ce que l\u2019on nomme couramment \u00ab\u00a0vue en tunnel\u00a0\u00bb \u2013 voient avec acuit\u00e9 et pr\u00e9cision les objets qu\u2019elles fixent.<\/p>\n\t\t\n\t\t<a href=\"https:\/\/retina.ch\/fr\/degenerescences-retiniennes\/degradation-du-champ-visuel-peripherique\/\" class=\"btn\">suite<\/a>\n\t\t\n\t<\/div><!-- .entry-content -->\n\t\n<\/article><!-- #post-3553 -->\n\n<article id=\"post-3560\" class=\"post-3560 netzhauterkrankungen type-netzhauterkrankungen status-publish hentry category-symptome\">\n\n\t\t\n\t<div class=\"archive-icon\">\n\t<\/div>\n\t\n\t<a href=\"https:\/\/retina.ch\/fr\/degenerescences-retiniennes\/hemeralopie\/\">\n\t<div class=\"archive-date\">\n\t\t<!-- Date  -->\n\t\t<!-- Time  -->\t<\/div><!-- archive-date -->\n\n\t<header class=\"entry-header\">\n\t\t<h2 class=\"entry-title\">H\u00e9m\u00e9ralopie<\/h2>\t<\/header><!-- .entry-header -->\n\t<\/a>\n\t\n\t<div class=\"archive-details\">\n\t\t\t\n\t\t<!-- Place  -->\n\t\t\t\t\n\t<\/div>\n\n\t<div class=\"entry-content\">\n\t\n\t\t\n\t\t\n\t\t<p>Les h\u00e9m\u00e9ralopes ne sont pas seulement handicap\u00e9s la nuit ou lorsque la lumi\u00e8re est faible. Leurs yeux ont aussi besoin d\u2019un laps de temps tr\u00e8s long pour s\u2019adapter de la clart\u00e9 \u00e0 l\u2019obscurit\u00e9 ou au faible \u00e9clairage d\u2019une pi\u00e8ce.<\/p>\n\t\t\n\t\t<a href=\"https:\/\/retina.ch\/fr\/degenerescences-retiniennes\/hemeralopie\/\" class=\"btn\">suite<\/a>\n\t\t\n\t<\/div><!-- .entry-content -->\n\t\n<\/article><!-- #post-3560 -->\n\n<article id=\"post-3564\" class=\"post-3564 netzhauterkrankungen type-netzhauterkrankungen status-publish hentry category-symptome\">\n\n\t\t\n\t<div class=\"archive-icon\">\n\t<\/div>\n\t\n\t<a href=\"https:\/\/retina.ch\/fr\/degenerescences-retiniennes\/hypersensibilite-a-leblouissement\/\">\n\t<div class=\"archive-date\">\n\t\t<!-- Date  -->\n\t\t<!-- Time  -->\t<\/div><!-- archive-date -->\n\n\t<header class=\"entry-header\">\n\t\t<h2 class=\"entry-title\">Hypersensibilit\u00e9 \u00e0 l\u2019\u00e9blouissement<\/h2>\t<\/header><!-- .entry-header -->\n\t<\/a>\n\t\n\t<div class=\"archive-details\">\n\t\t\t\n\t\t<!-- Place  -->\n\t\t\t\t\n\t<\/div>\n\n\t<div class=\"entry-content\">\n\t\n\t\t\n\t\t\n\t\t<p>Les d\u00e9g\u00e9n\u00e9rescences r\u00e9tiniennes ont souvent pour cons\u00e9quence une hypersensibilit\u00e9 \u00e0 l\u2019\u00e9blouissement. Les contrastes s\u2019estompent et l\u2019environnement devient indistinct.<\/p>\n\t\t\n\t\t<a href=\"https:\/\/retina.ch\/fr\/degenerescences-retiniennes\/hypersensibilite-a-leblouissement\/\" class=\"btn\">suite<\/a>\n\t\t\n\t<\/div><!-- .entry-content -->\n\t\n<\/article><!-- #post-3564 -->\n\n<article id=\"post-3813\" class=\"post-3813 netzhauterkrankungen type-netzhauterkrankungen status-publish hentry category-symptome\">\n\n\t\t\n\t<div class=\"archive-icon\">\n\t<\/div>\n\t\n\t<a href=\"https:\/\/retina.ch\/fr\/degenerescences-retiniennes\/nystagmus\/\">\n\t<div class=\"archive-date\">\n\t\t<!-- Date  -->\n\t\t<!-- Time  -->\t<\/div><!-- archive-date -->\n\n\t<header class=\"entry-header\">\n\t\t<h2 class=\"entry-title\">Nystagmus<\/h2>\t<\/header><!-- .entry-header -->\n\t<\/a>\n\t\n\t<div class=\"archive-details\">\n\t\t\t\n\t\t<!-- Place  -->\n\t\t\t\t\n\t<\/div>\n\n\t<div class=\"entry-content\">\n\t\n\t\t\n\t\t\n\t\t<p>Le nystagmus est un trouble incontr\u00f4lable des mouvements oculaires qui touche les deux yeux. La direction des mouvements oculaires rapides et r\u00e9p\u00e9t\u00e9s peut \u00eatre d\u2019avant en arri\u00e8re, de haut en bas ou en forme d\u2019arc (parfois circulaire).<\/p>\n\t\t\n\t\t<a href=\"https:\/\/retina.ch\/fr\/degenerescences-retiniennes\/nystagmus\/\" class=\"btn\">suite<\/a>\n\t\t\n\t<\/div><!-- .entry-content -->\n\t\n<\/article><!-- #post-3813 -->\n\n<article id=\"post-3821\" class=\"post-3821 netzhauterkrankungen type-netzhauterkrankungen status-publish hentry category-symptome\">\n\n\t\t\n\t<div class=\"archive-icon\">\n\t<\/div>\n\t\n\t<a href=\"https:\/\/retina.ch\/fr\/degenerescences-retiniennes\/une-vision-mal-contrastee\/\">\n\t<div class=\"archive-date\">\n\t\t<!-- Date  -->\n\t\t<!-- Time  -->\t<\/div><!-- archive-date -->\n\n\t<header class=\"entry-header\">\n\t\t<h2 class=\"entry-title\">Vision mal contrast\u00e9e<\/h2>\t<\/header><!-- .entry-header -->\n\t<\/a>\n\t\n\t<div class=\"archive-details\">\n\t\t\t\n\t\t<!-- Place  -->\n\t\t\t\t\n\t<\/div>\n\n\t<div class=\"entry-content\">\n\t\n\t\t\n\t\t\n\t\t<p>La vision des contrastes est la capacit\u00e9 \u00e0 percevoir les diff\u00e9rences de luminosit\u00e9. M\u00eame si l\u2019acuit\u00e9 visuelle n\u2019est pas alt\u00e9r\u00e9e, une mauvaise vision des contrastes a un impact n\u00e9gatif sur notre capacit\u00e9 \u00e0 reconna\u00eetre un objet.<\/p>\n\t\t\n\t\t<a href=\"https:\/\/retina.ch\/fr\/degenerescences-retiniennes\/une-vision-mal-contrastee\/\" class=\"btn\">suite<\/a>\n\t\t\n\t<\/div><!-- .entry-content -->\n\t\n<\/article><!-- #post-3821 -->\n<div class=\"nav-links\"><\/div>        <\/div><!-- .flxbx -->\n        \n","protected":false},"excerpt":{"rendered":"","protected":false},"author":1,"featured_media":0,"parent":2818,"menu_order":5,"comment_status":"closed","ping_status":"closed","template":"","meta":{"_acf_changed":false,"inline_featured_image":false,"_FSMCFIC_featured_image_caption":"","_FSMCFIC_featured_image_nocaption":"","_FSMCFIC_featured_image_hide":"","footnotes":"","_links_to":"","_links_to_target":""},"class_list":["post-2822","page","type-page","status-publish","hentry"],"acf":[],"yoast_head":"<!-- This site is optimized with the Yoast SEO plugin v27.1.1 - https:\/\/yoast.com\/product\/yoast-seo-wordpress\/ -->\n<title>Sympt\u00f4mes &#8226; Retina Suisse<\/title>\n<meta name=\"description\" content=\"Les-Sympt\u00f4mes-de-maladies\" \/>\n<meta name=\"robots\" content=\"index, follow, max-snippet:-1, max-image-preview:large, max-video-preview:-1\" \/>\n<link rel=\"canonical\" href=\"https:\/\/retina.ch\/fr\/degenerescences-retinienne-retina-suisse\/les-symptomes-de-maladies\/\" \/>\n<meta property=\"og:locale\" content=\"fr_FR\" \/>\n<meta property=\"og:type\" content=\"article\" \/>\n<meta property=\"og:title\" content=\"Sympt\u00f4mes &#8226; Retina Suisse\" \/>\n<meta property=\"og:description\" content=\"Les-Sympt\u00f4mes-de-maladies\" \/>\n<meta property=\"og:url\" content=\"https:\/\/retina.ch\/fr\/degenerescences-retinienne-retina-suisse\/les-symptomes-de-maladies\/\" \/>\n<meta property=\"og:site_name\" content=\"Retina Suisse\" \/>\n<meta property=\"article:publisher\" content=\"https:\/\/www.facebook.com\/retinasuisse\/\" \/>\n<meta property=\"article:modified_time\" content=\"2023-03-14T13:11:41+00:00\" \/>\n<meta name=\"twitter:card\" content=\"summary_large_image\" \/>\n<meta name=\"twitter:label1\" content=\"Dur\u00e9e de lecture estim\u00e9e\" \/>\n\t<meta name=\"twitter:data1\" content=\"1 minute\" \/>\n<script type=\"application\/ld+json\" class=\"yoast-schema-graph\">{\"@context\":\"https:\/\/schema.org\",\"@graph\":[{\"@type\":\"WebPage\",\"@id\":\"https:\/\/retina.ch\/fr\/degenerescences-retinienne-retina-suisse\/les-symptomes-de-maladies\/\",\"url\":\"https:\/\/retina.ch\/fr\/degenerescences-retinienne-retina-suisse\/les-symptomes-de-maladies\/\",\"name\":\"Sympt\u00f4mes &#8226; Retina Suisse\",\"isPartOf\":{\"@id\":\"https:\/\/retina.ch\/fr\/#website\"},\"datePublished\":\"2020-09-19T17:18:31+00:00\",\"dateModified\":\"2023-03-14T13:11:41+00:00\",\"description\":\"Les-Sympt\u00f4mes-de-maladies\",\"breadcrumb\":{\"@id\":\"https:\/\/retina.ch\/fr\/degenerescences-retinienne-retina-suisse\/les-symptomes-de-maladies\/#breadcrumb\"},\"inLanguage\":\"fr-FR\",\"potentialAction\":[{\"@type\":\"ReadAction\",\"target\":[\"https:\/\/retina.ch\/fr\/degenerescences-retinienne-retina-suisse\/les-symptomes-de-maladies\/\"]}]},{\"@type\":\"BreadcrumbList\",\"@id\":\"https:\/\/retina.ch\/fr\/degenerescences-retinienne-retina-suisse\/les-symptomes-de-maladies\/#breadcrumb\",\"itemListElement\":[{\"@type\":\"ListItem\",\"position\":1,\"name\":\"Retina Suisse\",\"item\":\"https:\/\/retina.ch\/fr\/\"},{\"@type\":\"ListItem\",\"position\":2,\"name\":\"Les d\u00e9g\u00e9n\u00e9rescences r\u00e9tiniennes\",\"item\":\"https:\/\/retina.ch\/fr\/degenerescences-retinienne-retina-suisse\/\"},{\"@type\":\"ListItem\",\"position\":3,\"name\":\"Sympt\u00f4mes\"}]},{\"@type\":\"WebSite\",\"@id\":\"https:\/\/retina.ch\/fr\/#website\",\"url\":\"https:\/\/retina.ch\/fr\/\",\"name\":\"Retina Suisse\",\"description\":\"Retina Suisse ist die Vereinigung von Patientinnen und Patienten mit Retinitis pigmentosa (RP), Makuladegeneration, Usher-Syndrom und anderen Erkrankungen des Augenhintergrundes.\",\"publisher\":{\"@id\":\"https:\/\/retina.ch\/fr\/#organization\"},\"potentialAction\":[{\"@type\":\"SearchAction\",\"target\":{\"@type\":\"EntryPoint\",\"urlTemplate\":\"https:\/\/retina.ch\/fr\/?s={search_term_string}\"},\"query-input\":{\"@type\":\"PropertyValueSpecification\",\"valueRequired\":true,\"valueName\":\"search_term_string\"}}],\"inLanguage\":\"fr-FR\"},{\"@type\":\"Organization\",\"@id\":\"https:\/\/retina.ch\/fr\/#organization\",\"name\":\"Retina Suisse\",\"url\":\"https:\/\/retina.ch\/fr\/\",\"logo\":{\"@type\":\"ImageObject\",\"inLanguage\":\"fr-FR\",\"@id\":\"https:\/\/retina.ch\/fr\/#\/schema\/logo\/image\/\",\"url\":\"https:\/\/retina.ch\/wp-content\/uploads\/2020\/09\/retina-auge-typo.svg\",\"contentUrl\":\"https:\/\/retina.ch\/wp-content\/uploads\/2020\/09\/retina-auge-typo.svg\",\"width\":\"1024\",\"height\":\"1024\",\"caption\":\"Retina Suisse\"},\"image\":{\"@id\":\"https:\/\/retina.ch\/fr\/#\/schema\/logo\/image\/\"},\"sameAs\":[\"https:\/\/www.facebook.com\/retinasuisse\/\"]}]}<\/script>\n<!-- \/ Yoast SEO plugin. -->","yoast_head_json":{"title":"Sympt\u00f4mes &#8226; Retina Suisse","description":"Les-Sympt\u00f4mes-de-maladies","robots":{"index":"index","follow":"follow","max-snippet":"max-snippet:-1","max-image-preview":"max-image-preview:large","max-video-preview":"max-video-preview:-1"},"canonical":"https:\/\/retina.ch\/fr\/degenerescences-retinienne-retina-suisse\/les-symptomes-de-maladies\/","og_locale":"fr_FR","og_type":"article","og_title":"Sympt\u00f4mes &#8226; Retina Suisse","og_description":"Les-Sympt\u00f4mes-de-maladies","og_url":"https:\/\/retina.ch\/fr\/degenerescences-retinienne-retina-suisse\/les-symptomes-de-maladies\/","og_site_name":"Retina Suisse","article_publisher":"https:\/\/www.facebook.com\/retinasuisse\/","article_modified_time":"2023-03-14T13:11:41+00:00","twitter_card":"summary_large_image","twitter_misc":{"Dur\u00e9e de lecture estim\u00e9e":"1 minute"},"schema":{"@context":"https:\/\/schema.org","@graph":[{"@type":"WebPage","@id":"https:\/\/retina.ch\/fr\/degenerescences-retinienne-retina-suisse\/les-symptomes-de-maladies\/","url":"https:\/\/retina.ch\/fr\/degenerescences-retinienne-retina-suisse\/les-symptomes-de-maladies\/","name":"Sympt\u00f4mes &#8226; Retina Suisse","isPartOf":{"@id":"https:\/\/retina.ch\/fr\/#website"},"datePublished":"2020-09-19T17:18:31+00:00","dateModified":"2023-03-14T13:11:41+00:00","description":"Les-Sympt\u00f4mes-de-maladies","breadcrumb":{"@id":"https:\/\/retina.ch\/fr\/degenerescences-retinienne-retina-suisse\/les-symptomes-de-maladies\/#breadcrumb"},"inLanguage":"fr-FR","potentialAction":[{"@type":"ReadAction","target":["https:\/\/retina.ch\/fr\/degenerescences-retinienne-retina-suisse\/les-symptomes-de-maladies\/"]}]},{"@type":"BreadcrumbList","@id":"https:\/\/retina.ch\/fr\/degenerescences-retinienne-retina-suisse\/les-symptomes-de-maladies\/#breadcrumb","itemListElement":[{"@type":"ListItem","position":1,"name":"Retina Suisse","item":"https:\/\/retina.ch\/fr\/"},{"@type":"ListItem","position":2,"name":"Les d\u00e9g\u00e9n\u00e9rescences r\u00e9tiniennes","item":"https:\/\/retina.ch\/fr\/degenerescences-retinienne-retina-suisse\/"},{"@type":"ListItem","position":3,"name":"Sympt\u00f4mes"}]},{"@type":"WebSite","@id":"https:\/\/retina.ch\/fr\/#website","url":"https:\/\/retina.ch\/fr\/","name":"Retina Suisse","description":"Retina Suisse ist die Vereinigung von Patientinnen und Patienten mit Retinitis pigmentosa (RP), Makuladegeneration, Usher-Syndrom und anderen Erkrankungen des Augenhintergrundes.","publisher":{"@id":"https:\/\/retina.ch\/fr\/#organization"},"potentialAction":[{"@type":"SearchAction","target":{"@type":"EntryPoint","urlTemplate":"https:\/\/retina.ch\/fr\/?s={search_term_string}"},"query-input":{"@type":"PropertyValueSpecification","valueRequired":true,"valueName":"search_term_string"}}],"inLanguage":"fr-FR"},{"@type":"Organization","@id":"https:\/\/retina.ch\/fr\/#organization","name":"Retina Suisse","url":"https:\/\/retina.ch\/fr\/","logo":{"@type":"ImageObject","inLanguage":"fr-FR","@id":"https:\/\/retina.ch\/fr\/#\/schema\/logo\/image\/","url":"https:\/\/retina.ch\/wp-content\/uploads\/2020\/09\/retina-auge-typo.svg","contentUrl":"https:\/\/retina.ch\/wp-content\/uploads\/2020\/09\/retina-auge-typo.svg","width":"1024","height":"1024","caption":"Retina Suisse"},"image":{"@id":"https:\/\/retina.ch\/fr\/#\/schema\/logo\/image\/"},"sameAs":["https:\/\/www.facebook.com\/retinasuisse\/"]}]}},"_links":{"self":[{"href":"https:\/\/retina.ch\/fr\/wp-json\/wp\/v2\/pages\/2822","targetHints":{"allow":["GET"]}}],"collection":[{"href":"https:\/\/retina.ch\/fr\/wp-json\/wp\/v2\/pages"}],"about":[{"href":"https:\/\/retina.ch\/fr\/wp-json\/wp\/v2\/types\/page"}],"author":[{"embeddable":true,"href":"https:\/\/retina.ch\/fr\/wp-json\/wp\/v2\/users\/1"}],"replies":[{"embeddable":true,"href":"https:\/\/retina.ch\/fr\/wp-json\/wp\/v2\/comments?post=2822"}],"version-history":[{"count":1,"href":"https:\/\/retina.ch\/fr\/wp-json\/wp\/v2\/pages\/2822\/revisions"}],"predecessor-version":[{"id":10551,"href":"https:\/\/retina.ch\/fr\/wp-json\/wp\/v2\/pages\/2822\/revisions\/10551"}],"up":[{"embeddable":true,"href":"https:\/\/retina.ch\/fr\/wp-json\/wp\/v2\/pages\/2818"}],"wp:attachment":[{"href":"https:\/\/retina.ch\/fr\/wp-json\/wp\/v2\/media?parent=2822"}],"curies":[{"name":"wp","href":"https:\/\/api.w.org\/{rel}","templated":true}]}}