{"id":2867,"date":"2020-09-19T09:01:56","date_gmt":"2020-09-19T07:01:56","guid":{"rendered":"https:\/\/dev.retina.ch\/?page_id=2867"},"modified":"2025-03-19T13:17:34","modified_gmt":"2025-03-19T12:17:34","slug":"recherche","status":"publish","type":"page","link":"https:\/\/retina.ch\/fr\/recherche\/","title":{"rendered":"Recherche"},"content":{"rendered":"\n<p>Retina Suisse encourage la recherche scientifique dans le but que soit trouv\u00e9e une th\u00e9rapie pour les d\u00e9g\u00e9n\u00e9rescences de la r\u00e9tine qui sont encore incurables \u00e0 ce jour. Vous trouverez ici tout ce qui concerne les nouveaux r\u00e9sultats de recherche, les essais cliniques, etc.<\/p>\n\n\n\n<div class=\"wp-block-nk-awb nk-awb  alignfull\"><div class=\"nk-awb-wrap\" data-awb-type=\"color\"><div class=\"nk-awb-overlay is-layout-constrained wp-block-nk-awb-is-layout-constrained\" style=\"background-color: #fff9bf;\"><\/div><\/div>\n<div class=\"wp-block-group\"><div class=\"wp-block-group__inner-container is-layout-flow wp-block-group-is-layout-flow\">\n<h2 class=\"wp-block-heading\">Entr\u00e9es actuelles<\/h2>\n\n\n\t\t<div class=\"archive-flxbx\">\n\t\t\n<article id=\"post-11318\" class=\"post-11318 aktuelles type-aktuelles status-publish has-post-thumbnail hentry category-communication-aux-medias category-conseil-medico-scientifique category-morbus-stargardt-fr category-recherche category-retinite-pigmentaire\">\n\n\t\t\n\t<div class=\"archive-icon\">\n\t<\/div>\n\t\n\t<a href=\"https:\/\/retina.ch\/fr\/actualites\/etude-dobservation-de-la-maladie-de-stargardt-recherche-de-participants-2\/\">\n\t<div class=\"archive-date\">\n\t\t<!-- Date  -->\n\t\t24.11.2022<!-- Time  -->\t<\/div><!-- archive-date -->\n\n\t<header class=\"entry-header\">\n\t\t<h2 class=\"entry-title\">Distanciation du \u201ctraitement cubain\u201d<\/h2>\t<\/header><!-- .entry-header -->\n\t<\/a>\n\t\n\t\t\t<a class=\"post-thumbnail\" href=\"https:\/\/retina.ch\/fr\/actualites\/etude-dobservation-de-la-maladie-de-stargardt-recherche-de-participants-2\/\" aria-hidden=\"true\" tabindex=\"-1\">\n\t\t\t\t<figure class=\"wp-caption fsmcfi-fig featured\"><img loading=\"lazy\" decoding=\"async\" width=\"1020\" height=\"658\" src=\"https:\/\/retina.ch\/wp-content\/uploads\/2022\/11\/retina-bild-zu-kuba-therapie-02.jpg\" class=\"attachment-post-thumbnail size-post-thumbnail wp-post-image\" alt=\"Distanciation du \u201ctraitement cubain\u201d\" srcset=\"https:\/\/retina.ch\/wp-content\/uploads\/2022\/11\/retina-bild-zu-kuba-therapie-02.jpg 1020w, https:\/\/retina.ch\/wp-content\/uploads\/2022\/11\/retina-bild-zu-kuba-therapie-02-400x258.jpg 400w, https:\/\/retina.ch\/wp-content\/uploads\/2022\/11\/retina-bild-zu-kuba-therapie-02-500x323.jpg 500w, https:\/\/retina.ch\/wp-content\/uploads\/2022\/11\/retina-bild-zu-kuba-therapie-02-768x495.jpg 768w, https:\/\/retina.ch\/wp-content\/uploads\/2022\/11\/retina-bild-zu-kuba-therapie-02-800x516.jpg 800w\" sizes=\"auto, (max-width: 1020px) 100vw, 1020px\" \/><\/figure>\t\t\t<\/a>\n\n\t\t\t\n\t<div class=\"archive-details\">\n\t\t\t\n\t\t<!-- Place  -->\n\t\t\t\t\n\t<\/div>\n\n\t<div class=\"entry-content\">\n\t\n\t\t\n\t\t\n\t\t<p>La clinique ophtalmologique de l&rsquo;H\u00f4pital universitaire de B\u00e2le r\u00e9alise l&rsquo;\u00e9tude d&rsquo;\u00e9volution naturelle &lsquo;First Orbit&rsquo;.<\/p>\n\t\t\n\t\t<a href=\"https:\/\/retina.ch\/fr\/actualites\/etude-dobservation-de-la-maladie-de-stargardt-recherche-de-participants-2\/\" class=\"btn\">suite<\/a>\n\t\t\n\t<\/div><!-- .entry-content -->\n\t\n<\/article><!-- #post-11318 -->\n\n<article id=\"post-9737\" class=\"post-9737 aktuelles type-aktuelles status-publish hentry category-communication-aux-medias category-morbus-stargardt-fr category-recherche\">\n\n\t\t\n\t<div class=\"archive-icon\">\n\t<\/div>\n\t\n\t<a href=\"https:\/\/retina.ch\/fr\/actualites\/etude-dobservation-de-la-maladie-de-stargardt-recherche-de-participants\/\">\n\t<div class=\"archive-date\">\n\t\t<!-- Date  -->\n\t\t27.09.2022<!-- Time  -->\t<\/div><!-- archive-date -->\n\n\t<header class=\"entry-header\">\n\t\t<h2 class=\"entry-title\">Etude d\u2019observation de Stargardt : recherche de participants<\/h2>\t<\/header><!-- .entry-header -->\n\t<\/a>\n\t\n\t<div class=\"archive-details\">\n\t\t\t\n\t\t<!-- Place  -->\n\t\t\t\t\n\t<\/div>\n\n\t<div class=\"entry-content\">\n\t\n\t\t\n\t\t\n\t\t<p>Les soci\u00e9t\u00e9s sp\u00e9cialis\u00e9es allemandes d\u00e9conseillent le \u00ab\u00a0traitement cubain\u00a0\u00bb en cas de r\u00e9tinite pigmentaire. De lourdes complications peuvent en d\u00e9couler.<\/p>\n\t\t\n\t\t<a href=\"https:\/\/retina.ch\/fr\/actualites\/etude-dobservation-de-la-maladie-de-stargardt-recherche-de-participants\/\" class=\"btn\">suite<\/a>\n\t\t\n\t<\/div><!-- .entry-content -->\n\t\n<\/article><!-- #post-9737 -->\n\n<article id=\"post-9746\" class=\"post-9746 aktuelles type-aktuelles status-publish hentry category-recherche\">\n\n\t\t\n\t<div class=\"archive-icon\">\n\t<\/div>\n\t\n\t<a href=\"https:\/\/retina.ch\/fr\/actualites\/etude-pro-pxe-recherche-de-participants\/\">\n\t<div class=\"archive-date\">\n\t\t<!-- Date  -->\n\t\t27.09.2022<!-- Time  -->\t<\/div><!-- archive-date -->\n\n\t<header class=\"entry-header\">\n\t\t<h2 class=\"entry-title\">\u00c9tude PRO-PXE : recherche de participants<\/h2>\t<\/header><!-- .entry-header -->\n\t<\/a>\n\t\n\t<div class=\"archive-details\">\n\t\t\t\n\t\t<!-- Place  -->\n\t\t\t\t\n\t<\/div>\n\n\t<div class=\"entry-content\">\n\t\n\t\t\n\t\t\n\t\t<p>La clinique ophtalmologique de l&rsquo;H\u00f4pital universitaire de B\u00e2le recherche actuellement des participants \u00e0 l&rsquo;\u00e9tude d&rsquo;\u00e9volution naturelle Pro-PXE (Progression Rate of Pseudoxanthoma Elasticum-related Choroidal and Retinal Degeneration).<\/p>\n\t\t\n\t\t<a href=\"https:\/\/retina.ch\/fr\/actualites\/etude-pro-pxe-recherche-de-participants\/\" class=\"btn\">suite<\/a>\n\t\t\n\t<\/div><!-- .entry-content -->\n\t\n<\/article><!-- #post-9746 -->\n\n<article id=\"post-9044\" class=\"post-9044 aktuelles type-aktuelles status-publish hentry category-morbus-stargardt-fr category-recherche\">\n\n\t\t\n\t<div class=\"archive-icon\">\n\t<\/div>\n\t\n\t<a href=\"https:\/\/retina.ch\/fr\/actualites\/etude-sur-la-maladie-de-stargardt-alk-001-ralentit-levolution-de-la-maladie\/\">\n\t<div class=\"archive-date\">\n\t\t<!-- Date  -->\n\t\t14.06.2022<!-- Time  -->\t<\/div><!-- archive-date -->\n\n\t<header class=\"entry-header\">\n\t\t<h2 class=\"entry-title\">Etude sur la maladie de Stargardt : ALK-001 ralentit l&rsquo;\u00e9volution de la maladie<\/h2>\t<\/header><!-- .entry-header -->\n\t<\/a>\n\t\n\t<div class=\"archive-details\">\n\t\t\t\n\t\t<!-- Place  -->\n\t\t\t\t\n\t<\/div>\n\n\t<div class=\"entry-content\">\n\t\n\t\t\n\t\t\n\t\t<p>Une \u00e9tape importante dans le traitement de la d\u00e9g\u00e9n\u00e9rescence maculaire juv\u00e9nile de Stargardt. Un m\u00e9dicament \u00e0 base de vitamine A modifi\u00e9e ralentit la progression de la maladie.<\/p>\n\t\t\n\t\t<a href=\"https:\/\/retina.ch\/fr\/actualites\/etude-sur-la-maladie-de-stargardt-alk-001-ralentit-levolution-de-la-maladie\/\" class=\"btn\">suite<\/a>\n\t\t\n\t<\/div><!-- .entry-content -->\n\t\n<\/article><!-- #post-9044 -->\n\n<article id=\"post-8732\" class=\"post-8732 agenda type-agenda status-publish hentry category-degeneration-maculaire-liee-a-lage-dmla category-recherche category-webinar\">\n\n\t\t\n\t<div class=\"archive-icon\">\n\t<\/div>\n\t\n\t<a href=\"https:\/\/retina.ch\/fr\/agenda\/nouveaux-developpements-dans-le-traitement-de-la-dmla\/\">\n\t<div class=\"archive-date\">\n\t\t<!-- Date  -->\n\t\t09.04.2022<!-- Time  -->, 14h45 - 15h30\t<\/div><!-- archive-date -->\n\n\t<header class=\"entry-header\">\n\t\t<h2 class=\"entry-title\">Nouveaux d\u00e9veloppements dans le traitement de la DMLA<\/h2>\t<\/header><!-- .entry-header -->\n\t<\/a>\n\t\n\t<div class=\"archive-details\">\n\t\t\t\n\t\t<!-- Place  -->\n\t\t\t\t\n\t<\/div>\n\n\t<div class=\"entry-content\">\n\t\n\t\t\n\t\t\n\t\t<p>La d\u00e9g\u00e9n\u00e9rescence maculaire li\u00e9e \u00e0 l&rsquo;\u00e2ge (DMLA) est une maladie chronique qui atteint de nombreuses personnes au soir de leur vie. La DMLA fait l&rsquo;objet de nombreuses recherches dans le monde entier. Quels sont les r\u00e9sultats les plus r\u00e9cents ? Quels traitements pouvons-nous attendre dans un avenir proche ? Y aura-t-il enfin un traitement pour la DMLA s\u00e8che ?<\/p>\n\t\t\n\t\t<a href=\"https:\/\/retina.ch\/fr\/agenda\/nouveaux-developpements-dans-le-traitement-de-la-dmla\/\" class=\"btn\">suite<\/a>\n\t\t\n\t<\/div><!-- .entry-content -->\n\t\n<\/article><!-- #post-8732 -->\n\n<article id=\"post-8700\" class=\"post-8700 agenda type-agenda status-publish hentry category-heritage category-medecine category-recherche category-webinar\">\n\n\t\t\n\t<div class=\"archive-icon\">\n\t<\/div>\n\t\n\t<a href=\"https:\/\/retina.ch\/fr\/agenda\/comment-obtenir-une-analyse-genetique-pour-un-diagnostic-clinique\/\">\n\t<div class=\"archive-date\">\n\t\t<!-- Date  -->\n\t\t09.04.2022<!-- Time  -->, 16h15 - 16h30\t<\/div><!-- archive-date -->\n\n\t<header class=\"entry-header\">\n\t\t<h2 class=\"entry-title\">Comment obtenir une analyse g\u00e9n\u00e9tique pour un diagnostic clinique ?<\/h2>\t<\/header><!-- .entry-header -->\n\t<\/a>\n\t\n\t<div class=\"archive-details\">\n\t\t\t\n\t\t<!-- Place  -->\n\t\t\t\t\n\t<\/div>\n\n\t<div class=\"entry-content\">\n\t\n\t\t\n\t\t\n\t\t<p>Qu&rsquo;est-ce qu&rsquo;une analyse g\u00e9n\u00e9tique et pourquoi en a-t-on besoin ? Qui peut b\u00e9n\u00e9ficier d&rsquo;une analyse g\u00e9n\u00e9tique et comment les patients y ont-ils acc\u00e8s ? Quels sont les co\u00fbts et qui les paie ? Quelles sont les cons\u00e9quences d&rsquo;un diagnostic g\u00e9n\u00e9tique ? Qu&rsquo;est-ce que le registre des patients de Retina Suisse et pourquoi les patients ayant fait une analyse g\u00e9n\u00e9tique doivent-ils s&rsquo;y inscrire ? Comment les patients sont-ils inform\u00e9s des nouvelles \u00e9tudes scientifiques ou des nouvelles th\u00e9rapies ?<\/p>\n\t\t\n\t\t<a href=\"https:\/\/retina.ch\/fr\/agenda\/comment-obtenir-une-analyse-genetique-pour-un-diagnostic-clinique\/\" class=\"btn\">suite<\/a>\n\t\t\n\t<\/div><!-- .entry-content -->\n\t\n<\/article><!-- #post-8700 -->\n\n<article id=\"post-8070\" class=\"post-8070 aktuelles type-aktuelles status-publish hentry category-medecine category-recherche\">\n\n\t\t\n\t<div class=\"archive-icon\">\n\t<\/div>\n\t\n\t<a href=\"https:\/\/retina.ch\/fr\/actualites\/8070\/\">\n\t<div class=\"archive-date\">\n\t\t<!-- Date  -->\n\t\t05.01.2022<!-- Time  -->\t<\/div><!-- archive-date -->\n\n\t<header class=\"entry-header\">\n\t\t<h2 class=\"entry-title\">Quel est l\u2019effet du vaccin contre le Corona sur ma d\u00e9g\u00e9n\u00e9rescence r\u00e9tinienne ?<\/h2>\t<\/header><!-- .entry-header -->\n\t<\/a>\n\t\n\t<div class=\"archive-details\">\n\t\t\t\n\t\t<!-- Place  -->\n\t\t\t\t\n\t<\/div>\n\n\t<div class=\"entry-content\">\n\t\n\t\t\n\t\t\n\t\t<p>Au cours de ces derniers mois, cette question et des questions analogues ont \u00e9t\u00e9 adress\u00e9es \u00e0 Retina Suisse de mani\u00e8re plus fr\u00e9quente qu\u2019auparavant. Tout d\u2019abord, nous n\u2019avions pas la r\u00e9ponse. C\u2019est pourquoi nous avons demand\u00e9 des informations aupr\u00e8s des cliniques ophtalmologiques et des h\u00f4pitaux universitaires en Suisse. Les ophtalmologistes interrog\u00e9s ont r\u00e9pondu que les substances &#8230;<\/p>\n\t\t\n\t\t<a href=\"https:\/\/retina.ch\/fr\/actualites\/8070\/\" class=\"btn\">suite<\/a>\n\t\t\n\t<\/div><!-- .entry-content -->\n\t\n<\/article><!-- #post-8070 -->\n\n<article id=\"post-7517\" class=\"post-7517 aktuelles type-aktuelles status-publish hentry category-recherche\">\n\n\t\t\n\t<div class=\"archive-icon\">\n\t<\/div>\n\t\n\t<a href=\"https:\/\/retina.ch\/fr\/actualites\/referendum-federal-du-13-02-2021-contre-lexperimentation-animale-et-humaine\/\">\n\t<div class=\"archive-date\">\n\t\t<!-- Date  -->\n\t\t15.10.2021<!-- Time  -->\t<\/div><!-- archive-date -->\n\n\t<header class=\"entry-header\">\n\t\t<h2 class=\"entry-title\">R\u00e9f\u00e9rendum f\u00e9d\u00e9ral du 13.02.2021 contre l&rsquo;exp\u00e9rimentation animale et humaine<\/h2>\t<\/header><!-- .entry-header -->\n\t<\/a>\n\t\n\t<div class=\"archive-details\">\n\t\t\t\n\t\t<!-- Place  -->\n\t\t\t\t\n\t<\/div>\n\n\t<div class=\"entry-content\">\n\t\n\t\t\n\t\t\n\t\t<p>La semaine derni\u00e8re, le Conseil f\u00e9d\u00e9ral a fix\u00e9 la date de la votation sur l\u2019initiative en faveur de l\u2019interdiction des exp\u00e9riences sur des animaux. Cette initiative a pour but d\u2019interdire l\u2019utilisation de produits qui ont \u00e9t\u00e9 d\u00e9velopp\u00e9s \u00e0 l\u2019aide d\u2019exp\u00e9riences sur des animaux et\/ou des \u00eatres humains.\u00a0<\/p>\n\t\t\n\t\t<a href=\"https:\/\/retina.ch\/fr\/actualites\/referendum-federal-du-13-02-2021-contre-lexperimentation-animale-et-humaine\/\" class=\"btn\">suite<\/a>\n\t\t\n\t<\/div><!-- .entry-content -->\n\t\n<\/article><!-- #post-7517 -->\n\n<article id=\"post-6779\" class=\"post-6779 aktuelles type-aktuelles status-publish hentry category-recherche category-retinite-pigmentaire\">\n\n\t\t\n\t<div class=\"archive-icon\">\n\t<\/div>\n\t\n\t<a href=\"https:\/\/retina.ch\/fr\/actualites\/invitation-a-participer-a-lessai-clinique-therapie-genique-pour-la-retinite-pigmentaire-liee-au-chromosome-x-due-a-une-mutation-du-gene-rpgr\/\">\n\t<div class=\"archive-date\">\n\t\t<!-- Date  -->\n\t\t03.07.2021<!-- Time  -->\t<\/div><!-- archive-date -->\n\n\t<header class=\"entry-header\">\n\t\t<h2 class=\"entry-title\">Invitation \u00e0 participer \u00e0 l&rsquo;essai clinique : th\u00e9rapie g\u00e9nique pour la r\u00e9tinite pigmentaire li\u00e9e au chromosome X due \u00e0 une mutation du g\u00e8ne RPGR<\/h2>\t<\/header><!-- .entry-header -->\n\t<\/a>\n\t\n\t<div class=\"archive-details\">\n\t\t\t\n\t\t<!-- Place  -->\n\t\t\t\t\n\t<\/div>\n\n\t<div class=\"entry-content\">\n\t\n\t\t\n\t\t\n\t\t<p>Cet essai de transfert de g\u00e8ne consiste \u00e0 fournir \u00e0 l&rsquo;\u0153il une version saine du g\u00e8ne RPGR, qui sera implant\u00e9 dans la r\u00e9tine par injection lors d&rsquo;une intervention chirurgicale.<\/p>\n\t\t\n\t\t<a href=\"https:\/\/retina.ch\/fr\/actualites\/invitation-a-participer-a-lessai-clinique-therapie-genique-pour-la-retinite-pigmentaire-liee-au-chromosome-x-due-a-une-mutation-du-gene-rpgr\/\" class=\"btn\">suite<\/a>\n\t\t\n\t<\/div><!-- .entry-content -->\n\t\n<\/article><!-- #post-6779 -->\n\n<article id=\"post-6571\" class=\"post-6571 aktuelles type-aktuelles status-publish hentry category-recherche\">\n\n\t\t\n\t<div class=\"archive-icon\">\n\t<\/div>\n\t\n\t<a href=\"https:\/\/retina.ch\/fr\/actualites\/optogenetische-gentherapie-laesst-erblindeten-partiell-wieder-sehen\/\">\n\t<div class=\"archive-date\">\n\t\t<!-- Date  -->\n\t\t07.06.2021<!-- Time  -->\t<\/div><!-- archive-date -->\n\n\t<header class=\"entry-header\">\n\t\t<h2 class=\"entry-title\">Gr\u00e2ce \u00e0 la th\u00e9rapie optog\u00e9n\u00e9tique, une personne aveugle a retrouv\u00e9 partiellement la vue<\/h2>\t<\/header><!-- .entry-header -->\n\t<\/a>\n\t\n\t<div class=\"archive-details\">\n\t\t\t\n\t\t<!-- Place  -->\n\t\t\t\t\n\t<\/div>\n\n\t<div class=\"entry-content\">\n\t\n\t\t\n\t\t\n\t\t<p>Une \u00e9quipe de recherche internationale a pu d\u00e9montrer qu\u2019une th\u00e9rapie optog\u00e9niqe a pu contribuer \u00e0 restaurer partiellement la vision d\u2019une personne devenue aveugle \u00e0 cause d\u2019une maladie h\u00e9r\u00e9ditaire, la r\u00e9tinite pigmentaire. Il s\u2019agit l\u00e0 d\u2019une \u00e9tape importante sur la voie des th\u00e9rapies g\u00e9niques susceptibles de rendre la c\u00e9cit\u00e9 r\u00e9versible.<\/p>\n\t\t\n\t\t<a href=\"https:\/\/retina.ch\/fr\/actualites\/optogenetische-gentherapie-laesst-erblindeten-partiell-wieder-sehen\/\" class=\"btn\">suite<\/a>\n\t\t\n\t<\/div><!-- .entry-content -->\n\t\n<\/article><!-- #post-6571 -->\n\n<article id=\"post-3638\" class=\"post-3638 aktuelles type-aktuelles status-publish hentry category-recherche\">\n\n\t\t\n\t<div class=\"archive-icon\">\n\t<\/div>\n\t\n\t<a href=\"https:\/\/retina.ch\/fr\/actualites\/mesure-de-loxygene-dans-la-cellule-le-prix-nobel-de-medecine-2019-est-extremement-important-pour-la-recherche-sur-la-retine\/\">\n\t<div class=\"archive-date\">\n\t\t<!-- Date  -->\n\t\t11.10.2019<!-- Time  -->\t<\/div><!-- archive-date -->\n\n\t<header class=\"entry-header\">\n\t\t<h2 class=\"entry-title\">Mesure de l\u2019oxyg\u00e8ne dans la cellule: Le Prix Nobel de m\u00e9decine 2019 est extr\u00eamement important pour la recherche sur la r\u00e9tine<\/h2>\t<\/header><!-- .entry-header -->\n\t<\/a>\n\t\n\t<div class=\"archive-details\">\n\t\t\t\n\t\t<!-- Place  -->\n\t\t\t\t\n\t<\/div>\n\n\t<div class=\"entry-content\">\n\t\n\t\t\n\t\t\n\t\t<p>Les r\u00e9sultats de la recherche ouvrent de nouvelles possibilit\u00e9s dans l&rsquo;\u00e9tablissement de th\u00e9rapies efficaces pour les maladies de la r\u00e9tine.<\/p>\n\t\t\n\t\t<a href=\"https:\/\/retina.ch\/fr\/actualites\/mesure-de-loxygene-dans-la-cellule-le-prix-nobel-de-medecine-2019-est-extremement-important-pour-la-recherche-sur-la-retine\/\" class=\"btn\">suite<\/a>\n\t\t\n\t<\/div><!-- .entry-content -->\n\t\n<\/article><!-- #post-3638 -->\n\n<article id=\"post-3647\" class=\"post-3647 aktuelles type-aktuelles status-publish hentry category-amaurose-congenitale-de-leber category-heritage category-recherche\">\n\n\t\t\n\t<div class=\"archive-icon\">\n\t<\/div>\n\t\n\t<a href=\"https:\/\/retina.ch\/fr\/actualites\/retina-suisse-se-felicite-de-lautorisation-de-la-premiere-therapie-genique-pour-les-degenerescences-de-la-retine\/\">\n\t<div class=\"archive-date\">\n\t\t<!-- Date  -->\n\t\t28.11.2018<!-- Time  -->\t<\/div><!-- archive-date -->\n\n\t<header class=\"entry-header\">\n\t\t<h2 class=\"entry-title\">Retina Suisse se f\u00e9licite de l\u2019autorisation de la premi\u00e8re th\u00e9rapie g\u00e9nique pour les d\u00e9g\u00e9n\u00e9rescences de la r\u00e9tine.<\/h2>\t<\/header><!-- .entry-header -->\n\t<\/a>\n\t\n\t<div class=\"archive-details\">\n\t\t\t\n\t\t<!-- Place  -->\n\t\t\t\t\n\t<\/div>\n\n\t<div class=\"entry-content\">\n\t\n\t\t\n\t\t\n\t\t<p>Luxturna\u00ae a \u00e9t\u00e9 autoris\u00e9 par l&rsquo;European Medicines Agency pour le traitement des enfants et des adultes pr\u00e9sentant des mutations sur les deux copies du g\u00e8ne RPE65.<\/p>\n\t\t\n\t\t<a href=\"https:\/\/retina.ch\/fr\/actualites\/retina-suisse-se-felicite-de-lautorisation-de-la-premiere-therapie-genique-pour-les-degenerescences-de-la-retine\/\" class=\"btn\">suite<\/a>\n\t\t\n\t<\/div><!-- .entry-content -->\n\t\n<\/article><!-- #post-3647 -->\n<div class=\"nav-links\"><\/div>        <\/div><!-- .flxbx -->\n        \n<\/div><\/div>\n\n\n\n<p><\/p>\n<\/div>\n","protected":false},"excerpt":{"rendered":"<p>Retina Suisse encourage la recherche scientifique dans le but que soit trouv\u00e9e une th\u00e9rapie pour les d\u00e9g\u00e9n\u00e9rescences de la r\u00e9tine qui sont encore incurables \u00e0 ce jour. Vous trouverez ici tout ce qui concerne les nouveaux r\u00e9sultats de recherche, les essais cliniques, etc.<\/p>\n","protected":false},"author":1,"featured_media":0,"parent":0,"menu_order":30,"comment_status":"closed","ping_status":"closed","template":"","meta":{"_acf_changed":false,"inline_featured_image":false,"_FSMCFIC_featured_image_caption":"","_FSMCFIC_featured_image_nocaption":"","_FSMCFIC_featured_image_hide":"","footnotes":"","_links_to":"","_links_to_target":""},"class_list":["post-2867","page","type-page","status-publish","hentry"],"acf":[],"yoast_head":"<!-- This site is optimized with the Yoast SEO plugin v27.1.1 - https:\/\/yoast.com\/product\/yoast-seo-wordpress\/ -->\n<title>Recherche &#8226; Retina Suisse<\/title>\n<meta name=\"description\" content=\"Int\u00e9ress\u00e9 par les nouvelles d\u00e9couvertes de la recherche, les \u00e9tudes, et plus encore ? Vous trouverez ici des nouvelles sur les th\u00e9rapies possibles pour les maladies de la r\u00e9tine.\" \/>\n<meta name=\"robots\" content=\"index, follow, max-snippet:-1, max-image-preview:large, max-video-preview:-1\" \/>\n<link rel=\"canonical\" href=\"https:\/\/retina.ch\/fr\/recherche\/\" \/>\n<meta property=\"og:locale\" content=\"fr_FR\" \/>\n<meta property=\"og:type\" content=\"article\" \/>\n<meta property=\"og:title\" content=\"Recherche &#8226; Retina Suisse\" \/>\n<meta property=\"og:description\" content=\"Int\u00e9ress\u00e9 par les nouvelles d\u00e9couvertes de la recherche, les \u00e9tudes, et plus encore ? Vous trouverez ici des nouvelles sur les th\u00e9rapies possibles pour les maladies de la r\u00e9tine.\" \/>\n<meta property=\"og:url\" content=\"https:\/\/retina.ch\/fr\/recherche\/\" \/>\n<meta property=\"og:site_name\" content=\"Retina Suisse\" \/>\n<meta property=\"article:publisher\" content=\"https:\/\/www.facebook.com\/retinasuisse\/\" \/>\n<meta property=\"article:modified_time\" content=\"2025-03-19T12:17:34+00:00\" \/>\n<meta name=\"twitter:card\" content=\"summary_large_image\" \/>\n<meta name=\"twitter:label1\" content=\"Dur\u00e9e de lecture estim\u00e9e\" \/>\n\t<meta name=\"twitter:data1\" content=\"1 minute\" \/>\n<script type=\"application\/ld+json\" class=\"yoast-schema-graph\">{\"@context\":\"https:\/\/schema.org\",\"@graph\":[{\"@type\":\"WebPage\",\"@id\":\"https:\/\/retina.ch\/fr\/recherche\/\",\"url\":\"https:\/\/retina.ch\/fr\/recherche\/\",\"name\":\"Recherche &#8226; Retina Suisse\",\"isPartOf\":{\"@id\":\"https:\/\/retina.ch\/fr\/#website\"},\"datePublished\":\"2020-09-19T07:01:56+00:00\",\"dateModified\":\"2025-03-19T12:17:34+00:00\",\"description\":\"Int\u00e9ress\u00e9 par les nouvelles d\u00e9couvertes de la recherche, les \u00e9tudes, et plus encore ? Vous trouverez ici des nouvelles sur les th\u00e9rapies possibles pour les maladies de la r\u00e9tine.\",\"breadcrumb\":{\"@id\":\"https:\/\/retina.ch\/fr\/recherche\/#breadcrumb\"},\"inLanguage\":\"fr-FR\",\"potentialAction\":[{\"@type\":\"ReadAction\",\"target\":[\"https:\/\/retina.ch\/fr\/recherche\/\"]}]},{\"@type\":\"BreadcrumbList\",\"@id\":\"https:\/\/retina.ch\/fr\/recherche\/#breadcrumb\",\"itemListElement\":[{\"@type\":\"ListItem\",\"position\":1,\"name\":\"Retina Suisse\",\"item\":\"https:\/\/retina.ch\/fr\/\"},{\"@type\":\"ListItem\",\"position\":2,\"name\":\"Recherche\"}]},{\"@type\":\"WebSite\",\"@id\":\"https:\/\/retina.ch\/fr\/#website\",\"url\":\"https:\/\/retina.ch\/fr\/\",\"name\":\"Retina Suisse\",\"description\":\"Retina Suisse ist die Vereinigung von Patientinnen und Patienten mit Retinitis pigmentosa (RP), Makuladegeneration, Usher-Syndrom und anderen Erkrankungen des Augenhintergrundes.\",\"publisher\":{\"@id\":\"https:\/\/retina.ch\/fr\/#organization\"},\"potentialAction\":[{\"@type\":\"SearchAction\",\"target\":{\"@type\":\"EntryPoint\",\"urlTemplate\":\"https:\/\/retina.ch\/fr\/?s={search_term_string}\"},\"query-input\":{\"@type\":\"PropertyValueSpecification\",\"valueRequired\":true,\"valueName\":\"search_term_string\"}}],\"inLanguage\":\"fr-FR\"},{\"@type\":\"Organization\",\"@id\":\"https:\/\/retina.ch\/fr\/#organization\",\"name\":\"Retina Suisse\",\"url\":\"https:\/\/retina.ch\/fr\/\",\"logo\":{\"@type\":\"ImageObject\",\"inLanguage\":\"fr-FR\",\"@id\":\"https:\/\/retina.ch\/fr\/#\/schema\/logo\/image\/\",\"url\":\"https:\/\/retina.ch\/wp-content\/uploads\/2020\/09\/retina-auge-typo.svg\",\"contentUrl\":\"https:\/\/retina.ch\/wp-content\/uploads\/2020\/09\/retina-auge-typo.svg\",\"width\":\"1024\",\"height\":\"1024\",\"caption\":\"Retina Suisse\"},\"image\":{\"@id\":\"https:\/\/retina.ch\/fr\/#\/schema\/logo\/image\/\"},\"sameAs\":[\"https:\/\/www.facebook.com\/retinasuisse\/\"]}]}<\/script>\n<!-- \/ Yoast SEO plugin. -->","yoast_head_json":{"title":"Recherche &#8226; Retina Suisse","description":"Int\u00e9ress\u00e9 par les nouvelles d\u00e9couvertes de la recherche, les \u00e9tudes, et plus encore ? Vous trouverez ici des nouvelles sur les th\u00e9rapies possibles pour les maladies de la r\u00e9tine.","robots":{"index":"index","follow":"follow","max-snippet":"max-snippet:-1","max-image-preview":"max-image-preview:large","max-video-preview":"max-video-preview:-1"},"canonical":"https:\/\/retina.ch\/fr\/recherche\/","og_locale":"fr_FR","og_type":"article","og_title":"Recherche &#8226; Retina Suisse","og_description":"Int\u00e9ress\u00e9 par les nouvelles d\u00e9couvertes de la recherche, les \u00e9tudes, et plus encore ? Vous trouverez ici des nouvelles sur les th\u00e9rapies possibles pour les maladies de la r\u00e9tine.","og_url":"https:\/\/retina.ch\/fr\/recherche\/","og_site_name":"Retina Suisse","article_publisher":"https:\/\/www.facebook.com\/retinasuisse\/","article_modified_time":"2025-03-19T12:17:34+00:00","twitter_card":"summary_large_image","twitter_misc":{"Dur\u00e9e de lecture estim\u00e9e":"1 minute"},"schema":{"@context":"https:\/\/schema.org","@graph":[{"@type":"WebPage","@id":"https:\/\/retina.ch\/fr\/recherche\/","url":"https:\/\/retina.ch\/fr\/recherche\/","name":"Recherche &#8226; Retina Suisse","isPartOf":{"@id":"https:\/\/retina.ch\/fr\/#website"},"datePublished":"2020-09-19T07:01:56+00:00","dateModified":"2025-03-19T12:17:34+00:00","description":"Int\u00e9ress\u00e9 par les nouvelles d\u00e9couvertes de la recherche, les \u00e9tudes, et plus encore ? Vous trouverez ici des nouvelles sur les th\u00e9rapies possibles pour les maladies de la r\u00e9tine.","breadcrumb":{"@id":"https:\/\/retina.ch\/fr\/recherche\/#breadcrumb"},"inLanguage":"fr-FR","potentialAction":[{"@type":"ReadAction","target":["https:\/\/retina.ch\/fr\/recherche\/"]}]},{"@type":"BreadcrumbList","@id":"https:\/\/retina.ch\/fr\/recherche\/#breadcrumb","itemListElement":[{"@type":"ListItem","position":1,"name":"Retina Suisse","item":"https:\/\/retina.ch\/fr\/"},{"@type":"ListItem","position":2,"name":"Recherche"}]},{"@type":"WebSite","@id":"https:\/\/retina.ch\/fr\/#website","url":"https:\/\/retina.ch\/fr\/","name":"Retina Suisse","description":"Retina Suisse ist die Vereinigung von Patientinnen und Patienten mit Retinitis pigmentosa (RP), Makuladegeneration, Usher-Syndrom und anderen Erkrankungen des Augenhintergrundes.","publisher":{"@id":"https:\/\/retina.ch\/fr\/#organization"},"potentialAction":[{"@type":"SearchAction","target":{"@type":"EntryPoint","urlTemplate":"https:\/\/retina.ch\/fr\/?s={search_term_string}"},"query-input":{"@type":"PropertyValueSpecification","valueRequired":true,"valueName":"search_term_string"}}],"inLanguage":"fr-FR"},{"@type":"Organization","@id":"https:\/\/retina.ch\/fr\/#organization","name":"Retina Suisse","url":"https:\/\/retina.ch\/fr\/","logo":{"@type":"ImageObject","inLanguage":"fr-FR","@id":"https:\/\/retina.ch\/fr\/#\/schema\/logo\/image\/","url":"https:\/\/retina.ch\/wp-content\/uploads\/2020\/09\/retina-auge-typo.svg","contentUrl":"https:\/\/retina.ch\/wp-content\/uploads\/2020\/09\/retina-auge-typo.svg","width":"1024","height":"1024","caption":"Retina Suisse"},"image":{"@id":"https:\/\/retina.ch\/fr\/#\/schema\/logo\/image\/"},"sameAs":["https:\/\/www.facebook.com\/retinasuisse\/"]}]}},"_links":{"self":[{"href":"https:\/\/retina.ch\/fr\/wp-json\/wp\/v2\/pages\/2867","targetHints":{"allow":["GET"]}}],"collection":[{"href":"https:\/\/retina.ch\/fr\/wp-json\/wp\/v2\/pages"}],"about":[{"href":"https:\/\/retina.ch\/fr\/wp-json\/wp\/v2\/types\/page"}],"author":[{"embeddable":true,"href":"https:\/\/retina.ch\/fr\/wp-json\/wp\/v2\/users\/1"}],"replies":[{"embeddable":true,"href":"https:\/\/retina.ch\/fr\/wp-json\/wp\/v2\/comments?post=2867"}],"version-history":[{"count":1,"href":"https:\/\/retina.ch\/fr\/wp-json\/wp\/v2\/pages\/2867\/revisions"}],"predecessor-version":[{"id":10615,"href":"https:\/\/retina.ch\/fr\/wp-json\/wp\/v2\/pages\/2867\/revisions\/10615"}],"wp:attachment":[{"href":"https:\/\/retina.ch\/fr\/wp-json\/wp\/v2\/media?parent=2867"}],"curies":[{"name":"wp","href":"https:\/\/api.w.org\/{rel}","templated":true}]}}