{"id":3221,"date":"2020-11-05T10:06:05","date_gmt":"2020-11-05T09:06:05","guid":{"rendered":"https:\/\/dev.retina.ch\/?page_id=3221"},"modified":"2023-11-08T11:07:02","modified_gmt":"2023-11-08T10:07:02","slug":"webinaires","status":"publish","type":"page","link":"https:\/\/retina.ch\/fr\/services\/webinaires\/","title":{"rendered":"Webinaires"},"content":{"rendered":"\n<p>Retina Suisse organise \u00e0 intervalles r\u00e9guliers des conf\u00e9rences en ligne (webinaire) sur diff\u00e9rents th\u00e8mes concernant l&rsquo;\u0153il, l&rsquo;ophtalmologie, les maladies de la r\u00e9tine et les nouvelles possibilit\u00e9s de traitement. Les participants ont la possibilit\u00e9 de poser des questions \u00e0 la fin de la manifestation. Participez \u00e0 l&rsquo;une de nos conf\u00e9rences ou regardez l&rsquo;enregistrement des webinaires pr\u00e9c\u00e9dents dans les archives.<\/p>\n\n\n\n<p>Vous n&rsquo;avez encore jamais particip\u00e9 \u00e0 un webinaire ? Nous r\u00e9pondons ici aux questions les plus fr\u00e9quentes : <a href=\"https:\/\/retina.ch\/wp-content\/uploads\/2021\/03\/quest-ce-quun-webinaire.pdf\">Qu&rsquo;est-ce qu&rsquo;un webinaire ?<\/a><\/p>\n\n\n\n<hr class=\"wp-block-separator has-css-opacity\"\/>\n\n\n\n<h2 class=\"wp-block-heading\" id=\"block-9262387f-a9c0-4881-97b2-3bc5eaa9c1fe\">Les prochains webinaires<\/h2>\n\n\n\t\t<div class=\"archive-flxbx\">\n\t\t\n<article id=\"post-24876\" class=\"post-24876 agenda type-agenda status-publish has-post-thumbnail hentry category-testament category-webinar\">\n\n\t\t\n\t<div class=\"archive-icon\">\n\t<\/div>\n\t\n\t<a href=\"https:\/\/retina.ch\/fr\/agenda\/etablir-un-testament-gratuitement-et-en-ligne-2\/\">\n\t<div class=\"archive-date\">\n\t\t<!-- Date  -->\n\t\t20.10.2026<!-- Time  -->, 8h00 - 9h00\t<\/div><!-- archive-date -->\n\n\t<header class=\"entry-header\">\n\t\t<h2 class=\"entry-title\">Etablir un testament &#8211; gratuitement et en ligne<\/h2>\t<\/header><!-- .entry-header -->\n\t<\/a>\n\t\n\t\t\t<a class=\"post-thumbnail\" href=\"https:\/\/retina.ch\/fr\/agenda\/etablir-un-testament-gratuitement-et-en-ligne-2\/\" aria-hidden=\"true\" tabindex=\"-1\">\n\t\t\t\t<figure class=\"wp-caption fsmcfi-fig featured\"><img loading=\"lazy\" decoding=\"async\" width=\"2560\" height=\"1707\" src=\"https:\/\/retina.ch\/wp-content\/uploads\/2026\/01\/hiroko-nishimura-xJQiIJxdnKg-unsplash-scaled.jpg\" class=\"attachment-post-thumbnail size-post-thumbnail wp-post-image\" alt=\"Etablir un testament &#8211; gratuitement et en ligne\" srcset=\"https:\/\/retina.ch\/wp-content\/uploads\/2026\/01\/hiroko-nishimura-xJQiIJxdnKg-unsplash-scaled.jpg 2560w, https:\/\/retina.ch\/wp-content\/uploads\/2026\/01\/hiroko-nishimura-xJQiIJxdnKg-unsplash-400x267.jpg 400w, https:\/\/retina.ch\/wp-content\/uploads\/2026\/01\/hiroko-nishimura-xJQiIJxdnKg-unsplash-1400x933.jpg 1400w, https:\/\/retina.ch\/wp-content\/uploads\/2026\/01\/hiroko-nishimura-xJQiIJxdnKg-unsplash-500x333.jpg 500w, https:\/\/retina.ch\/wp-content\/uploads\/2026\/01\/hiroko-nishimura-xJQiIJxdnKg-unsplash-768x512.jpg 768w, https:\/\/retina.ch\/wp-content\/uploads\/2026\/01\/hiroko-nishimura-xJQiIJxdnKg-unsplash-1536x1024.jpg 1536w, https:\/\/retina.ch\/wp-content\/uploads\/2026\/01\/hiroko-nishimura-xJQiIJxdnKg-unsplash-2048x1365.jpg 2048w, https:\/\/retina.ch\/wp-content\/uploads\/2026\/01\/hiroko-nishimura-xJQiIJxdnKg-unsplash-800x533.jpg 800w, https:\/\/retina.ch\/wp-content\/uploads\/2026\/01\/hiroko-nishimura-xJQiIJxdnKg-unsplash-1280x853.jpg 1280w, https:\/\/retina.ch\/wp-content\/uploads\/2026\/01\/hiroko-nishimura-xJQiIJxdnKg-unsplash-1920x1280.jpg 1920w\" sizes=\"auto, (max-width: 2560px) 100vw, 2560px\" \/><\/figure>\t\t\t<\/a>\n\n\t\t\t\n\t<div class=\"archive-details\">\n\t\t\t\n\t\t<!-- Place  -->\n\t\t\t\t\n\t<\/div>\n\n\t<div class=\"entry-content\">\n\t\n\t\t\n\t\t\n\t\t<p>D\u00e9couvrez dans ce webinaire ce qui est important dans le cadre de la planification successorale et lors de la r\u00e9daction d&rsquo;un testament ainsi que comment \u00e9tablir tr\u00e8s facilement en ligne un testament valable en Suisse.<\/p>\n\t\t\n\t\t<a href=\"https:\/\/retina.ch\/fr\/agenda\/etablir-un-testament-gratuitement-et-en-ligne-2\/\" class=\"btn\">suite<\/a>\n\t\t\n\t<\/div><!-- .entry-content -->\n\t\n<\/article><!-- #post-24876 -->\n<div class=\"nav-links\"><\/div>        <\/div><!-- .flxbx -->\n        \n\n\n\n<hr class=\"wp-block-separator has-css-opacity\"\/>\n\n\n\n<h2 class=\"wp-block-heading\" id=\"block-9262387f-a9c0-4881-97b2-3bc5eaa9c1fe\">Archive des Webinaires<\/h2>\n\n\n\t\t<div class=\"archive-flxbx\">\n\t\t\n<article id=\"post-25756\" class=\"post-25756 agenda type-agenda status-publish has-post-thumbnail hentry category-webinar\">\n\n\t\t\n\t<div class=\"archive-icon\">\n\t<\/div>\n\t\n\t<a href=\"https:\/\/retina.ch\/fr\/agenda\/biologiques-generiques-et-biosimilaires-comprendre-les-differences\/\">\n\t<div class=\"archive-date\">\n\t\t<!-- Date  -->\n\t\t26.03.2026<!-- Time  -->, 18h30 - 19h30\t<\/div><!-- archive-date -->\n\n\t<header class=\"entry-header\">\n\t\t<h2 class=\"entry-title\">Biologiques, g\u00e9n\u00e9riques et\u00a0biosimilaires : comprendre les diff\u00e9rences<\/h2>\t<\/header><!-- .entry-header -->\n\t<\/a>\n\t\n\t\t\t<a class=\"post-thumbnail\" href=\"https:\/\/retina.ch\/fr\/agenda\/biologiques-generiques-et-biosimilaires-comprendre-les-differences\/\" aria-hidden=\"true\" tabindex=\"-1\">\n\t\t\t\t\t\t\t<\/a>\n\n\t\t\t\n\t<div class=\"archive-details\">\n\t\t\t\n\t\t<!-- Place  -->\n\t\t\t\t\n\t<\/div>\n\n\t<div class=\"entry-content\">\n\t\n\t\t\n\t\t\n\t\t<p>On en parle de plus en plus dans les m\u00e9dias et en politique, mais que cachent vraiment ces termes ? Quelle est la diff\u00e9rence entre un m\u00e9dicament biologique, un g\u00e9n\u00e9rique et un biosimilaire ? Comment sont-ils d\u00e9velopp\u00e9s et quel est leur impact pour vous ?<\/p>\n\t\t\n\t\t<a href=\"https:\/\/retina.ch\/fr\/agenda\/biologiques-generiques-et-biosimilaires-comprendre-les-differences\/\" class=\"btn\">suite<\/a>\n\t\t\n\t<\/div><!-- .entry-content -->\n\t\n<\/article><!-- #post-25756 -->\n\n<article id=\"post-20662\" class=\"post-20662 agenda type-agenda status-publish has-post-thumbnail hentry category-webinar\">\n\n\t\t\n\t<div class=\"archive-icon\">\n\t<\/div>\n\t\n\t<a href=\"https:\/\/retina.ch\/fr\/agenda\/webinaire-retinoblastome-diagnostic-precoce-et-traitements-actuels\/\">\n\t<div class=\"archive-date\">\n\t\t<!-- Date  -->\n\t\t20.03.2025<!-- Time  -->, 18h30 - 19h30\t<\/div><!-- archive-date -->\n\n\t<header class=\"entry-header\">\n\t\t<h2 class=\"entry-title\">R\u00e9tinoblastome &#8211; diagnostic pr\u00e9coce et traitements actuels<\/h2>\t<\/header><!-- .entry-header -->\n\t<\/a>\n\t\n\t\t\t<a class=\"post-thumbnail\" href=\"https:\/\/retina.ch\/fr\/agenda\/webinaire-retinoblastome-diagnostic-precoce-et-traitements-actuels\/\" aria-hidden=\"true\" tabindex=\"-1\">\n\t\t\t\t\t\t\t<\/a>\n\n\t\t\t\n\t<div class=\"archive-details\">\n\t\t\t\n\t\t<!-- Place  -->\n\t\t\t\t\n\t<\/div>\n\n\t<div class=\"entry-content\">\n\t\n\t\t\n\t\t\n\t\t<p>Le r\u00e9tinoblastome est une forme rare de cancer de l\u2019\u0153il qui touche principalement les jeunes enfants, souvent avant l\u2019\u00e2ge de 3 ans.<\/p>\n<p>Le diagnostic pr\u00e9coce de la maladie est crucial pour augmenter les chances de gu\u00e9rison et limiter les complications, y compris la perte de vision et la propagation de la maladie.<\/p>\n\t\t\n\t\t<a href=\"https:\/\/retina.ch\/fr\/agenda\/webinaire-retinoblastome-diagnostic-precoce-et-traitements-actuels\/\" class=\"btn\">suite<\/a>\n\t\t\n\t<\/div><!-- .entry-content -->\n\t\n<\/article><!-- #post-20662 -->\n\n<article id=\"post-8700\" class=\"post-8700 agenda type-agenda status-publish hentry category-heritage category-medecine category-recherche category-webinar\">\n\n\t\t\n\t<div class=\"archive-icon\">\n\t<\/div>\n\t\n\t<a href=\"https:\/\/retina.ch\/fr\/agenda\/comment-obtenir-une-analyse-genetique-pour-un-diagnostic-clinique\/\">\n\t<div class=\"archive-date\">\n\t\t<!-- Date  -->\n\t\t09.04.2022<!-- Time  -->, 16h15 - 16h30\t<\/div><!-- archive-date -->\n\n\t<header class=\"entry-header\">\n\t\t<h2 class=\"entry-title\">Comment obtenir une analyse g\u00e9n\u00e9tique pour un diagnostic clinique ?<\/h2>\t<\/header><!-- .entry-header -->\n\t<\/a>\n\t\n\t<div class=\"archive-details\">\n\t\t\t\n\t\t<!-- Place  -->\n\t\t\t\t\n\t<\/div>\n\n\t<div class=\"entry-content\">\n\t\n\t\t\n\t\t\n\t\t<p>Qu&rsquo;est-ce qu&rsquo;une analyse g\u00e9n\u00e9tique et pourquoi en a-t-on besoin ? Qui peut b\u00e9n\u00e9ficier d&rsquo;une analyse g\u00e9n\u00e9tique et comment les patients y ont-ils acc\u00e8s ? Quels sont les co\u00fbts et qui les paie ? Quelles sont les cons\u00e9quences d&rsquo;un diagnostic g\u00e9n\u00e9tique ? Qu&rsquo;est-ce que le registre des patients de Retina Suisse et pourquoi les patients ayant fait une analyse g\u00e9n\u00e9tique doivent-ils s&rsquo;y inscrire ? Comment les patients sont-ils inform\u00e9s des nouvelles \u00e9tudes scientifiques ou des nouvelles th\u00e9rapies ?<\/p>\n\t\t\n\t\t<a href=\"https:\/\/retina.ch\/fr\/agenda\/comment-obtenir-une-analyse-genetique-pour-un-diagnostic-clinique\/\" class=\"btn\">suite<\/a>\n\t\t\n\t<\/div><!-- .entry-content -->\n\t\n<\/article><!-- #post-8700 -->\n\n<article id=\"post-8732\" class=\"post-8732 agenda type-agenda status-publish hentry category-degeneration-maculaire-liee-a-lage-dmla category-recherche category-webinar\">\n\n\t\t\n\t<div class=\"archive-icon\">\n\t<\/div>\n\t\n\t<a href=\"https:\/\/retina.ch\/fr\/agenda\/nouveaux-developpements-dans-le-traitement-de-la-dmla\/\">\n\t<div class=\"archive-date\">\n\t\t<!-- Date  -->\n\t\t09.04.2022<!-- Time  -->, 14h45 - 15h30\t<\/div><!-- archive-date -->\n\n\t<header class=\"entry-header\">\n\t\t<h2 class=\"entry-title\">Nouveaux d\u00e9veloppements dans le traitement de la DMLA<\/h2>\t<\/header><!-- .entry-header -->\n\t<\/a>\n\t\n\t<div class=\"archive-details\">\n\t\t\t\n\t\t<!-- Place  -->\n\t\t\t\t\n\t<\/div>\n\n\t<div class=\"entry-content\">\n\t\n\t\t\n\t\t\n\t\t<p>La d\u00e9g\u00e9n\u00e9rescence maculaire li\u00e9e \u00e0 l&rsquo;\u00e2ge (DMLA) est une maladie chronique qui atteint de nombreuses personnes au soir de leur vie. La DMLA fait l&rsquo;objet de nombreuses recherches dans le monde entier. Quels sont les r\u00e9sultats les plus r\u00e9cents ? Quels traitements pouvons-nous attendre dans un avenir proche ? Y aura-t-il enfin un traitement pour la DMLA s\u00e8che ?<\/p>\n\t\t\n\t\t<a href=\"https:\/\/retina.ch\/fr\/agenda\/nouveaux-developpements-dans-le-traitement-de-la-dmla\/\" class=\"btn\">suite<\/a>\n\t\t\n\t<\/div><!-- .entry-content -->\n\t\n<\/article><!-- #post-8732 -->\n\n<article id=\"post-8743\" class=\"post-8743 agenda type-agenda status-publish hentry category-retinite-pigmentaire category-webinar\">\n\n\t\t\n\t<div class=\"archive-icon\">\n\t<\/div>\n\t\n\t<a href=\"https:\/\/retina.ch\/fr\/agenda\/contribution-dassistance-de-lai-pour-les-personnes-handicapees-de-la-vue\/\">\n\t<div class=\"archive-date\">\n\t\t<!-- Date  -->\n\t\t09.04.2022<!-- Time  -->, 15h30 - 16h15\t<\/div><!-- archive-date -->\n\n\t<header class=\"entry-header\">\n\t\t<h2 class=\"entry-title\">Contribution d\u2019assistance de l\u2019AI pour les personnes handicap\u00e9es de la vue<\/h2>\t<\/header><!-- .entry-header -->\n\t<\/a>\n\t\n\t<div class=\"archive-details\">\n\t\t\t\n\t\t<!-- Place  -->\n\t\t\t\t\n\t<\/div>\n\n\t<div class=\"entry-content\">\n\t\n\t\t\n\t\t\n\t\t<p>Qui a droit \u00e0 la contribution d&rsquo;assistance de l&rsquo;AI et comment la demander ? Quelles sont les prestations d&rsquo;aide reconnues et comment sont-elles calcul\u00e9es ? Quelles personnes peuvent \u00eatre employ\u00e9es comme assistants ? Quel est le montant de la contribution d&rsquo;assistance ?<\/p>\n\t\t\n\t\t<a href=\"https:\/\/retina.ch\/fr\/agenda\/contribution-dassistance-de-lai-pour-les-personnes-handicapees-de-la-vue\/\" class=\"btn\">suite<\/a>\n\t\t\n\t<\/div><!-- .entry-content -->\n\t\n<\/article><!-- #post-8743 -->\n\n<article id=\"post-8252\" class=\"post-8252 agenda type-agenda status-publish hentry category-glaucome category-webinar\">\n\n\t\t\n\t<div class=\"archive-icon\">\n\t<\/div>\n\t\n\t<a href=\"https:\/\/retina.ch\/fr\/agenda\/webinaire-en-ligne-glaucome\/\">\n\t<div class=\"archive-date\">\n\t\t<!-- Date  -->\n\t\t17.03.2022<!-- Time  -->, 18h30 - 19h30\t<\/div><!-- archive-date -->\n\n\t<header class=\"entry-header\">\n\t\t<h2 class=\"entry-title\">Le Glaucome<\/h2>\t<\/header><!-- .entry-header -->\n\t<\/a>\n\t\n\t<div class=\"archive-details\">\n\t\t\t\n\t\t<!-- Place  -->\n\t\t\t\t\n\t<\/div>\n\n\t<div class=\"entry-content\">\n\t\n\t\t\n\t\t\n\t\t<p>Le glaucome est une maladie oculaire fr\u00e9quente qui se caract\u00e9rise par une destruction lente du nerf optique. Il a pour cons\u00e9quence une r\u00e9duction progressive du champ visuel des personnes touch\u00e9es, pouvant mener \u00e0 la c\u00e9cit\u00e9. Souvent, le glaucome est d\u00e9couvert beaucoup trop tard.<br \/>\nComment la maladie se manifeste-t-elle et que peut-on faire pour emp\u00eacher sa progression?<\/p>\n\t\t\n\t\t<a href=\"https:\/\/retina.ch\/fr\/agenda\/webinaire-en-ligne-glaucome\/\" class=\"btn\">suite<\/a>\n\t\t\n\t<\/div><!-- .entry-content -->\n\t\n<\/article><!-- #post-8252 -->\n\n<article id=\"post-7426\" class=\"post-7426 agenda type-agenda status-publish hentry category-webinar\">\n\n\t\t\n\t<div class=\"archive-icon\">\n\t<\/div>\n\t\n\t<a href=\"https:\/\/retina.ch\/fr\/agenda\/les-impacts-psychologiques-dun-handicap-visuel-au-quotidien\/\">\n\t<div class=\"archive-date\">\n\t\t<!-- Date  -->\n\t\t19.10.2021<!-- Time  -->, 19h15 - 20h15\t<\/div><!-- archive-date -->\n\n\t<header class=\"entry-header\">\n\t\t<h2 class=\"entry-title\">Les impacts psychologiques d&rsquo;un handicap visuel au quotidien<\/h2>\t<\/header><!-- .entry-header -->\n\t<\/a>\n\t\n\t<div class=\"archive-details\">\n\t\t\t\n\t\t<!-- Place  -->\n\t\t\t\t\n\t<\/div>\n\n\t<div class=\"entry-content\">\n\t\n\t\t\n\t\t\n\t\t<p>Outre la notion d&rsquo;int\u00e9gration du handicap, une personne mal ou non-voyante est confront\u00e9e aux notions d&rsquo;Adaptation et de compensation au quotidien. En effet, les efforts \u00e0 fournir pour parvenir \u00e0 s&rsquo;int\u00e9grer dans la soci\u00e9t\u00e9 sont consid\u00e9rables et engendrent fr\u00e9quemment du stress et de la fatigue, pouvant aller jusqu&rsquo;\u00e0 l&rsquo;\u00e9puisement.<\/p>\n\t\t\n\t\t<a href=\"https:\/\/retina.ch\/fr\/agenda\/les-impacts-psychologiques-dun-handicap-visuel-au-quotidien\/\" class=\"btn\">suite<\/a>\n\t\t\n\t<\/div><!-- .entry-content -->\n\t\n<\/article><!-- #post-7426 -->\n\n<article id=\"post-6832\" class=\"post-6832 agenda type-agenda status-publish hentry category-syndrome-usher category-webinar\">\n\n\t\t\n\t<div class=\"archive-icon\">\n\t<\/div>\n\t\n\t<a href=\"https:\/\/retina.ch\/fr\/agenda\/le-syndrome-de-usher\/\">\n\t<div class=\"archive-date\">\n\t\t<!-- Date  -->\n\t\t16.08.2021<!-- Time  -->, 18h30 - 20h00\t<\/div><!-- archive-date -->\n\n\t<header class=\"entry-header\">\n\t\t<h2 class=\"entry-title\">Le syndrome de Usher, un handicap pouvant entrainer la surdic\u00e9cit\u00e9<\/h2>\t<\/header><!-- .entry-header -->\n\t<\/a>\n\t\n\t<div class=\"archive-details\">\n\t\t\t\n\t\t<!-- Place  -->\n\t\t\t\t\n\t<\/div>\n\n\t<div class=\"entry-content\">\n\t\n\t\t\n\t\t\n\t\t<p>L&rsquo;IOB de B\u00e2le m\u00e8ne des recherches sur le g\u00e8ne USH2a, afin de trouver un moyen de le r\u00e9parer. Quel est le stade d&rsquo;\u00e9volution du d\u00e9veloppement d&rsquo;une th\u00e9rapie pour ce g\u00e8ne&nbsp;? Que peut-on attendre d&rsquo;une telle th\u00e9rapie ?<\/p>\n<p>Le syndrome de Usher se manifeste g\u00e9n\u00e9ralement d&rsquo;abord par une d\u00e9ficience auditive. Plus on avance en \u00e2ge et plus l&rsquo;ou\u00efe est affect\u00e9e.<\/p>\n<p>Lorsqu&rsquo;un handicap auditif vient s&rsquo;ajouter \u00e0 un trouble visuel, il devient essentiel de soigner ce dernier au mieux. Comment s&rsquo;y prendre&nbsp;? Qu&rsquo;est-ce qui est envisageable ?<\/p>\n\t\t\n\t\t<a href=\"https:\/\/retina.ch\/fr\/agenda\/le-syndrome-de-usher\/\" class=\"btn\">suite<\/a>\n\t\t\n\t<\/div><!-- .entry-content -->\n\t\n<\/article><!-- #post-6832 -->\n\n<article id=\"post-6524\" class=\"post-6524 agenda type-agenda status-publish hentry category-heritage category-retinite-pigmentaire category-webinar\">\n\n\t\t\n\t<div class=\"archive-icon\">\n\t<\/div>\n\t\n\t<a href=\"https:\/\/retina.ch\/fr\/agenda\/la-retinite-pigmentaire-liee-au-chromosome-x\/\">\n\t<div class=\"archive-date\">\n\t\t<!-- Date  -->\n\t\t21.06.2021<!-- Time  -->, 18h30 - 19h30\t<\/div><!-- archive-date -->\n\n\t<header class=\"entry-header\">\n\t\t<h2 class=\"entry-title\">La r\u00e9tinite pigmentaire li\u00e9e au Chromosome X<\/h2>\t<\/header><!-- .entry-header -->\n\t<\/a>\n\t\n\t<div class=\"archive-details\">\n\t\t\t\n\t\t<!-- Place  -->\n\t\t\t\t\n\t<\/div>\n\n\t<div class=\"entry-content\">\n\t\n\t\t\n\t\t\n\t\t<p>Quelles sont les r\u00e9tinites pigmentaires li\u00e9es au chromosome X ? Comment se diagnostique-t-elle ? Quels progr\u00e8s ont \u00e9t\u00e9 r\u00e9alis\u00e9s dans la mise au point d&rsquo;une th\u00e9rapie g\u00e9nique pour une dystrophie r\u00e9tinienne due \u00e0 une mutation du g\u00e8ne RPGR ? Puis-je, en tant que personne affect\u00e9e, participer \u00e0 un essai clinique ?<\/p>\n\t\t\n\t\t<a href=\"https:\/\/retina.ch\/fr\/agenda\/la-retinite-pigmentaire-liee-au-chromosome-x\/\" class=\"btn\">suite<\/a>\n\t\t\n\t<\/div><!-- .entry-content -->\n\t\n<\/article><!-- #post-6524 -->\n\n<article id=\"post-6301\" class=\"post-6301 agenda type-agenda status-publish hentry category-degeneration-maculaire-liee-a-lage-dmla category-degenerescence-maculaire category-webinar\">\n\n\t\t\n\t<div class=\"archive-icon\">\n\t<\/div>\n\t\n\t<a href=\"https:\/\/retina.ch\/fr\/agenda\/bien-voir-et-neanmoins-bien-manger\/\">\n\t<div class=\"archive-date\">\n\t\t<!-- Date  -->\n\t\t17.04.2021<!-- Time  -->, 14h30 - 15h15\t<\/div><!-- archive-date -->\n\n\t<header class=\"entry-header\">\n\t\t<h2 class=\"entry-title\">Bien voir et n\u00e9anmoins bien manger<\/h2>\t<\/header><!-- .entry-header -->\n\t<\/a>\n\t\n\t<div class=\"archive-details\">\n\t\t\t\n\t\t<!-- Place  -->\n\t\t\t\t\n\t<\/div>\n\n\t<div class=\"entry-content\">\n\t\n\t\t\n\t\t\n\t\t<p>Quelle influence la flore intestinale a-t-elle sur notre sant\u00e9, et plus sp\u00e9cialement sur nos yeux ? Pouvons-nous influencer positivement notre flore intestinale et pr\u00e9venir ce faisant des maladies de la r\u00e9tine ou la d\u00e9gradation de notre vue ?<\/p>\n\t\t\n\t\t<a href=\"https:\/\/retina.ch\/fr\/agenda\/bien-voir-et-neanmoins-bien-manger\/\" class=\"btn\">suite<\/a>\n\t\t\n\t<\/div><!-- .entry-content -->\n\t\n<\/article><!-- #post-6301 -->\n\n<article id=\"post-6307\" class=\"post-6307 agenda type-agenda status-publish hentry category-webinar\">\n\n\t\t\n\t<div class=\"archive-icon\">\n\t<\/div>\n\t\n\t<a href=\"https:\/\/retina.ch\/fr\/agenda\/lumiere-et-ombres-dans-la-discussion-sur-les-led\/\">\n\t<div class=\"archive-date\">\n\t\t<!-- Date  -->\n\t\t17.04.2021<!-- Time  -->, 15h15 - 16h00\t<\/div><!-- archive-date -->\n\n\t<header class=\"entry-header\">\n\t\t<h2 class=\"entry-title\">Lumi\u00e8re et ombres dans la discussion sur les LED<\/h2>\t<\/header><!-- .entry-header -->\n\t<\/a>\n\t\n\t<div class=\"archive-details\">\n\t\t\t\n\t\t<!-- Place  -->\n\t\t\t\t\n\t<\/div>\n\n\t<div class=\"entry-content\">\n\t\n\t\t\n\t\t\n\t\t<p>Les lampes LED ont la r\u00e9putation d\u2019\u00eatre nocives pour les yeux. Cela est-il av\u00e9r\u00e9 et quels avantages les lampes LED pr\u00e9sentent-elles pour les personnes souffrant de d\u00e9g\u00e9n\u00e9rescences de la r\u00e9tine ?<\/p>\n\t\t\n\t\t<a href=\"https:\/\/retina.ch\/fr\/agenda\/lumiere-et-ombres-dans-la-discussion-sur-les-led\/\" class=\"btn\">suite<\/a>\n\t\t\n\t<\/div><!-- .entry-content -->\n\t\n<\/article><!-- #post-6307 -->\n\n<article id=\"post-5840\" class=\"post-5840 agenda type-agenda status-publish hentry category-degeneration-maculaire-liee-a-lage-dmla category-webinar\">\n\n\t\t\n\t<div class=\"archive-icon\">\n\t<\/div>\n\t\n\t<a href=\"https:\/\/retina.ch\/fr\/agenda\/degenerazione-maculare-legata-alleta-cause-e-cure\/\">\n\t<div class=\"archive-date\">\n\t\t<!-- Date  -->\n\t\t24.03.2021<!-- Time  -->, 18h30 - 19h30\t<\/div><!-- archive-date -->\n\n\t<header class=\"entry-header\">\n\t\t<h2 class=\"entry-title\">Degenerazione maculare legata all\u2018et\u00e0: cause e cure<\/h2>\t<\/header><!-- .entry-header -->\n\t<\/a>\n\t\n\t<div class=\"archive-details\">\n\t\t\t\n\t\t<!-- Place  -->\n\t\t\t\t\n\t<\/div>\n\n\t<div class=\"entry-content\">\n\t\n\t\t\n\t\t\n\t\t<p>La degenerazione maculare legata all\u2019et\u00e0 (AMD) \u00e8 una malattia della retina, che compromette la capacit\u00e0 di vedere nitido. Nel mondo occidentale \u00e8 la maggiore causa di grave menomazione visiva delle persone sopra i 50 anni. Le terapie oggi disponibili per la sua forma umida sono spesso efficaci, a condizione che si intervenga tempestivamente appena si presentano dei sintomi.<\/p>\n\t\t\n\t\t<a href=\"https:\/\/retina.ch\/fr\/agenda\/degenerazione-maculare-legata-alleta-cause-e-cure\/\" class=\"btn\">suite<\/a>\n\t\t\n\t<\/div><!-- .entry-content -->\n\t\n<\/article><!-- #post-5840 -->\n\n<article id=\"post-5753\" class=\"post-5753 agenda type-agenda status-publish hentry category-morbus-stargardt-fr category-webinar\">\n\n\t\t\n\t<div class=\"archive-icon\">\n\t<\/div>\n\t\n\t<a href=\"https:\/\/retina.ch\/fr\/agenda\/nouveaux-developpements-dans-le-traitement-de-la-maladie-de-stargardt\/\">\n\t<div class=\"archive-date\">\n\t\t<!-- Date  -->\n\t\t04.03.2021<!-- Time  -->, 18h30 - 19h30\t<\/div><!-- archive-date -->\n\n\t<header class=\"entry-header\">\n\t\t<h2 class=\"entry-title\">Nouveaux d\u00e9veloppements dans le traitement de la maladie de Stargardt<\/h2>\t<\/header><!-- .entry-header -->\n\t<\/a>\n\t\n\t<div class=\"archive-details\">\n\t\t\t\n\t\t<!-- Place  -->\n\t\t\t\t\n\t<\/div>\n\n\t<div class=\"entry-content\">\n\t\n\t\t\n\t\t\n\t\t<p>La maladie de Stargardt est une d\u00e9g\u00e9n\u00e9rescence h\u00e9r\u00e9ditaire de la macula qui est g\u00e9n\u00e9ralement d\u00e9tect\u00e9e \u00e0 l&rsquo;adolescence et devient une d\u00e9ficience visuelle grave \u00e0 l&rsquo;\u00e2ge adulte. Gr\u00e2ce aux grandes avanc\u00e9es dans les secteurs de la recherche et de la m\u00e9decine, notre compr\u00e9hension des m\u00e9canismes de la maladie a consid\u00e9rablement progress\u00e9. Quelles possibilit\u00e9s cela ouvre-t-il pour un traitement futur ?<\/p>\n\t\t\n\t\t<a href=\"https:\/\/retina.ch\/fr\/agenda\/nouveaux-developpements-dans-le-traitement-de-la-maladie-de-stargardt\/\" class=\"btn\">suite<\/a>\n\t\t\n\t<\/div><!-- .entry-content -->\n\t\n<\/article><!-- #post-5753 -->\n\n<article id=\"post-5365\" class=\"post-5365 agenda type-agenda status-publish hentry category-degeneration-maculaire-liee-a-lage-dmla category-webinar\">\n\n\t\t\n\t<div class=\"archive-icon\">\n\t<\/div>\n\t\n\t<a href=\"https:\/\/retina.ch\/fr\/agenda\/la-degenerescence-maculaire-liee-a-lage-dmla-ses-causes-et-les-possibilites-de-traitement\/\">\n\t<div class=\"archive-date\">\n\t\t<!-- Date  -->\n\t\t15.12.2020<!-- Time  -->, 18h30 - 19h30\t<\/div><!-- archive-date -->\n\n\t<header class=\"entry-header\">\n\t\t<h2 class=\"entry-title\">La d\u00e9g\u00e9n\u00e9rescence maculaire li\u00e9e \u00e0 l&rsquo;\u00e2ge DMLA- ses causes et les possibilit\u00e9s de traitement<\/h2>\t<\/header><!-- .entry-header -->\n\t<\/a>\n\t\n\t<div class=\"archive-details\">\n\t\t\t\n\t\t<!-- Place  -->\n\t\t\t\t\n\t<\/div>\n\n\t<div class=\"entry-content\">\n\t\n\t\t\n\t\t\n\t\t<p>La d\u00e9g\u00e9n\u00e9rescence maculaire li\u00e9e \u00e0 l&rsquo;\u00e2ge est une maladie de la r\u00e9tine, au fond de l&rsquo;\u0153il. Elle cause la d\u00e9gradation ou la perte de la vision dans la zone o\u00f9 l&rsquo;acuit\u00e9 visuelle est maximale. Dans le monde occidental, la DMLA est la cause la plus importante du handicap visuel s\u00e9v\u00e8re chez les personnes de plus de 50 ans.<\/p>\n\t\t\n\t\t<a href=\"https:\/\/retina.ch\/fr\/agenda\/la-degenerescence-maculaire-liee-a-lage-dmla-ses-causes-et-les-possibilites-de-traitement\/\" class=\"btn\">suite<\/a>\n\t\t\n\t<\/div><!-- .entry-content -->\n\t\n<\/article><!-- #post-5365 -->\n\n<article id=\"post-3679\" class=\"post-3679 agenda type-agenda status-publish hentry category-webinar\">\n\n\t\t\n\t<div class=\"archive-icon\">\n\t<\/div>\n\t\n\t<a href=\"https:\/\/retina.ch\/fr\/agenda\/loeil-organe-de-la-vision\/\">\n\t<div class=\"archive-date\">\n\t\t<!-- Date  -->\n\t\t29.10.2020<!-- Time  -->, 18h30 - 19h30\t<\/div><!-- archive-date -->\n\n\t<header class=\"entry-header\">\n\t\t<h2 class=\"entry-title\">L\u2019\u0153il, organe de la vision<\/h2>\t<\/header><!-- .entry-header -->\n\t<\/a>\n\t\n\t<div class=\"archive-details\">\n\t\t\t\n\t\t<!-- Place  -->\n\t\t\t\t\n\t<\/div>\n\n\t<div class=\"entry-content\">\n\t\n\t\t\n\t\t\n\t\t<p>L&rsquo;\u0153il, organe aussi petit que complexe, aussi fascinant que myst\u00e9rieux, permet la vision du monde ext\u00e9rieur. Des cinq sens, il est celui qui s&rsquo;est le plus d\u00e9velopp\u00e9 et diversifi\u00e9 au cours de l&rsquo;\u00e9volution. L&rsquo;\u0153il combine ainsi la physique optique et la biochimie pour capter chaque rayon de lumi\u00e8re et le transformer en image.<\/p>\n\t\t\n\t\t<a href=\"https:\/\/retina.ch\/fr\/agenda\/loeil-organe-de-la-vision\/\" class=\"btn\">suite<\/a>\n\t\t\n\t<\/div><!-- .entry-content -->\n\t\n<\/article><!-- #post-3679 -->\n<div class=\"nav-links\"><\/div>        <\/div><!-- .flxbx -->\n        \n","protected":false},"excerpt":{"rendered":"<p>Retina Suisse organise \u00e0 intervalles r\u00e9guliers des conf\u00e9rences en ligne (webinaire) sur diff\u00e9rents th\u00e8mes concernant l&rsquo;\u0153il, l&rsquo;ophtalmologie, les maladies de la r\u00e9tine et les nouvelles possibilit\u00e9s de traitement. Les participants ont la possibilit\u00e9 de poser des questions \u00e0 la fin de la manifestation. Participez \u00e0 l&rsquo;une de nos conf\u00e9rences ou regardez l&rsquo;enregistrement des webinaires pr\u00e9c\u00e9dents &#8230;<\/p>\n","protected":false},"author":1,"featured_media":0,"parent":2850,"menu_order":18,"comment_status":"closed","ping_status":"closed","template":"","meta":{"_acf_changed":false,"inline_featured_image":false,"_FSMCFIC_featured_image_caption":"","_FSMCFIC_featured_image_nocaption":"","_FSMCFIC_featured_image_hide":"","footnotes":"","_links_to":"","_links_to_target":""},"class_list":["post-3221","page","type-page","status-publish","hentry"],"acf":[],"yoast_head":"<!-- This site is optimized with the Yoast SEO plugin v27.1.1 - https:\/\/yoast.com\/product\/yoast-seo-wordpress\/ -->\n<title>Webinaires &#8226; Retina Suisse<\/title>\n<meta name=\"description\" content=\"les-prochains-webinaires: Retina Suisse organise \u00e0 intervalles r\u00e9guliers des conf\u00e9rences en ligne, sur diff\u00e9rents th\u00e8mes concernant l\u2019\u0153il...\" \/>\n<meta name=\"robots\" content=\"index, follow, max-snippet:-1, max-image-preview:large, max-video-preview:-1\" \/>\n<link rel=\"canonical\" href=\"https:\/\/retina.ch\/fr\/services\/webinaires\/\" \/>\n<meta property=\"og:locale\" content=\"fr_FR\" \/>\n<meta property=\"og:type\" content=\"article\" \/>\n<meta property=\"og:title\" content=\"Webinaires &#8226; Retina Suisse\" \/>\n<meta property=\"og:description\" content=\"les-prochains-webinaires: Retina Suisse organise \u00e0 intervalles r\u00e9guliers des conf\u00e9rences en ligne, sur diff\u00e9rents th\u00e8mes concernant l\u2019\u0153il...\" \/>\n<meta property=\"og:url\" content=\"https:\/\/retina.ch\/fr\/services\/webinaires\/\" \/>\n<meta property=\"og:site_name\" content=\"Retina Suisse\" \/>\n<meta property=\"article:publisher\" content=\"https:\/\/www.facebook.com\/retinasuisse\/\" \/>\n<meta property=\"article:modified_time\" content=\"2023-11-08T10:07:02+00:00\" \/>\n<meta name=\"twitter:card\" content=\"summary_large_image\" \/>\n<meta name=\"twitter:label1\" content=\"Dur\u00e9e de lecture estim\u00e9e\" \/>\n\t<meta name=\"twitter:data1\" content=\"1 minute\" \/>\n<script type=\"application\/ld+json\" class=\"yoast-schema-graph\">{\"@context\":\"https:\/\/schema.org\",\"@graph\":[{\"@type\":\"WebPage\",\"@id\":\"https:\/\/retina.ch\/fr\/services\/webinaires\/\",\"url\":\"https:\/\/retina.ch\/fr\/services\/webinaires\/\",\"name\":\"Webinaires &#8226; Retina Suisse\",\"isPartOf\":{\"@id\":\"https:\/\/retina.ch\/fr\/#website\"},\"datePublished\":\"2020-11-05T09:06:05+00:00\",\"dateModified\":\"2023-11-08T10:07:02+00:00\",\"description\":\"les-prochains-webinaires: Retina Suisse organise \u00e0 intervalles r\u00e9guliers des conf\u00e9rences en ligne, sur diff\u00e9rents th\u00e8mes concernant l\u2019\u0153il...\",\"breadcrumb\":{\"@id\":\"https:\/\/retina.ch\/fr\/services\/webinaires\/#breadcrumb\"},\"inLanguage\":\"fr-FR\",\"potentialAction\":[{\"@type\":\"ReadAction\",\"target\":[\"https:\/\/retina.ch\/fr\/services\/webinaires\/\"]}]},{\"@type\":\"BreadcrumbList\",\"@id\":\"https:\/\/retina.ch\/fr\/services\/webinaires\/#breadcrumb\",\"itemListElement\":[{\"@type\":\"ListItem\",\"position\":1,\"name\":\"Retina Suisse\",\"item\":\"https:\/\/retina.ch\/fr\/\"},{\"@type\":\"ListItem\",\"position\":2,\"name\":\"Services\",\"item\":\"https:\/\/retina.ch\/fr\/services\/\"},{\"@type\":\"ListItem\",\"position\":3,\"name\":\"Webinaires\"}]},{\"@type\":\"WebSite\",\"@id\":\"https:\/\/retina.ch\/fr\/#website\",\"url\":\"https:\/\/retina.ch\/fr\/\",\"name\":\"Retina Suisse\",\"description\":\"Retina Suisse ist die Vereinigung von Patientinnen und Patienten mit Retinitis pigmentosa (RP), Makuladegeneration, Usher-Syndrom und anderen Erkrankungen des Augenhintergrundes.\",\"publisher\":{\"@id\":\"https:\/\/retina.ch\/fr\/#organization\"},\"potentialAction\":[{\"@type\":\"SearchAction\",\"target\":{\"@type\":\"EntryPoint\",\"urlTemplate\":\"https:\/\/retina.ch\/fr\/?s={search_term_string}\"},\"query-input\":{\"@type\":\"PropertyValueSpecification\",\"valueRequired\":true,\"valueName\":\"search_term_string\"}}],\"inLanguage\":\"fr-FR\"},{\"@type\":\"Organization\",\"@id\":\"https:\/\/retina.ch\/fr\/#organization\",\"name\":\"Retina Suisse\",\"url\":\"https:\/\/retina.ch\/fr\/\",\"logo\":{\"@type\":\"ImageObject\",\"inLanguage\":\"fr-FR\",\"@id\":\"https:\/\/retina.ch\/fr\/#\/schema\/logo\/image\/\",\"url\":\"https:\/\/retina.ch\/wp-content\/uploads\/2020\/09\/retina-auge-typo.svg\",\"contentUrl\":\"https:\/\/retina.ch\/wp-content\/uploads\/2020\/09\/retina-auge-typo.svg\",\"width\":\"1024\",\"height\":\"1024\",\"caption\":\"Retina Suisse\"},\"image\":{\"@id\":\"https:\/\/retina.ch\/fr\/#\/schema\/logo\/image\/\"},\"sameAs\":[\"https:\/\/www.facebook.com\/retinasuisse\/\"]}]}<\/script>\n<!-- \/ Yoast SEO plugin. -->","yoast_head_json":{"title":"Webinaires &#8226; Retina Suisse","description":"les-prochains-webinaires: Retina Suisse organise \u00e0 intervalles r\u00e9guliers des conf\u00e9rences en ligne, sur diff\u00e9rents th\u00e8mes concernant l\u2019\u0153il...","robots":{"index":"index","follow":"follow","max-snippet":"max-snippet:-1","max-image-preview":"max-image-preview:large","max-video-preview":"max-video-preview:-1"},"canonical":"https:\/\/retina.ch\/fr\/services\/webinaires\/","og_locale":"fr_FR","og_type":"article","og_title":"Webinaires &#8226; Retina Suisse","og_description":"les-prochains-webinaires: Retina Suisse organise \u00e0 intervalles r\u00e9guliers des conf\u00e9rences en ligne, sur diff\u00e9rents th\u00e8mes concernant l\u2019\u0153il...","og_url":"https:\/\/retina.ch\/fr\/services\/webinaires\/","og_site_name":"Retina Suisse","article_publisher":"https:\/\/www.facebook.com\/retinasuisse\/","article_modified_time":"2023-11-08T10:07:02+00:00","twitter_card":"summary_large_image","twitter_misc":{"Dur\u00e9e de lecture estim\u00e9e":"1 minute"},"schema":{"@context":"https:\/\/schema.org","@graph":[{"@type":"WebPage","@id":"https:\/\/retina.ch\/fr\/services\/webinaires\/","url":"https:\/\/retina.ch\/fr\/services\/webinaires\/","name":"Webinaires &#8226; Retina Suisse","isPartOf":{"@id":"https:\/\/retina.ch\/fr\/#website"},"datePublished":"2020-11-05T09:06:05+00:00","dateModified":"2023-11-08T10:07:02+00:00","description":"les-prochains-webinaires: Retina Suisse organise \u00e0 intervalles r\u00e9guliers des conf\u00e9rences en ligne, sur diff\u00e9rents th\u00e8mes concernant l\u2019\u0153il...","breadcrumb":{"@id":"https:\/\/retina.ch\/fr\/services\/webinaires\/#breadcrumb"},"inLanguage":"fr-FR","potentialAction":[{"@type":"ReadAction","target":["https:\/\/retina.ch\/fr\/services\/webinaires\/"]}]},{"@type":"BreadcrumbList","@id":"https:\/\/retina.ch\/fr\/services\/webinaires\/#breadcrumb","itemListElement":[{"@type":"ListItem","position":1,"name":"Retina Suisse","item":"https:\/\/retina.ch\/fr\/"},{"@type":"ListItem","position":2,"name":"Services","item":"https:\/\/retina.ch\/fr\/services\/"},{"@type":"ListItem","position":3,"name":"Webinaires"}]},{"@type":"WebSite","@id":"https:\/\/retina.ch\/fr\/#website","url":"https:\/\/retina.ch\/fr\/","name":"Retina Suisse","description":"Retina Suisse ist die Vereinigung von Patientinnen und Patienten mit Retinitis pigmentosa (RP), Makuladegeneration, Usher-Syndrom und anderen Erkrankungen des Augenhintergrundes.","publisher":{"@id":"https:\/\/retina.ch\/fr\/#organization"},"potentialAction":[{"@type":"SearchAction","target":{"@type":"EntryPoint","urlTemplate":"https:\/\/retina.ch\/fr\/?s={search_term_string}"},"query-input":{"@type":"PropertyValueSpecification","valueRequired":true,"valueName":"search_term_string"}}],"inLanguage":"fr-FR"},{"@type":"Organization","@id":"https:\/\/retina.ch\/fr\/#organization","name":"Retina Suisse","url":"https:\/\/retina.ch\/fr\/","logo":{"@type":"ImageObject","inLanguage":"fr-FR","@id":"https:\/\/retina.ch\/fr\/#\/schema\/logo\/image\/","url":"https:\/\/retina.ch\/wp-content\/uploads\/2020\/09\/retina-auge-typo.svg","contentUrl":"https:\/\/retina.ch\/wp-content\/uploads\/2020\/09\/retina-auge-typo.svg","width":"1024","height":"1024","caption":"Retina Suisse"},"image":{"@id":"https:\/\/retina.ch\/fr\/#\/schema\/logo\/image\/"},"sameAs":["https:\/\/www.facebook.com\/retinasuisse\/"]}]}},"_links":{"self":[{"href":"https:\/\/retina.ch\/fr\/wp-json\/wp\/v2\/pages\/3221","targetHints":{"allow":["GET"]}}],"collection":[{"href":"https:\/\/retina.ch\/fr\/wp-json\/wp\/v2\/pages"}],"about":[{"href":"https:\/\/retina.ch\/fr\/wp-json\/wp\/v2\/types\/page"}],"author":[{"embeddable":true,"href":"https:\/\/retina.ch\/fr\/wp-json\/wp\/v2\/users\/1"}],"replies":[{"embeddable":true,"href":"https:\/\/retina.ch\/fr\/wp-json\/wp\/v2\/comments?post=3221"}],"version-history":[{"count":5,"href":"https:\/\/retina.ch\/fr\/wp-json\/wp\/v2\/pages\/3221\/revisions"}],"predecessor-version":[{"id":14036,"href":"https:\/\/retina.ch\/fr\/wp-json\/wp\/v2\/pages\/3221\/revisions\/14036"}],"up":[{"embeddable":true,"href":"https:\/\/retina.ch\/fr\/wp-json\/wp\/v2\/pages\/2850"}],"wp:attachment":[{"href":"https:\/\/retina.ch\/fr\/wp-json\/wp\/v2\/media?parent=3221"}],"curies":[{"name":"wp","href":"https:\/\/api.w.org\/{rel}","templated":true}]}}