{"id":3511,"date":"2020-11-08T18:02:48","date_gmt":"2020-11-08T17:02:48","guid":{"rendered":"https:\/\/dev.retina.ch\/?page_id=3511"},"modified":"2025-03-05T16:30:15","modified_gmt":"2025-03-05T15:30:15","slug":"agenda","status":"publish","type":"page","link":"https:\/\/retina.ch\/fr\/agenda\/","title":{"rendered":"Agenda"},"content":{"rendered":"\n<p>Tenez-vous au courant de nos manifestations sur le th\u00e8me des maladies de la r\u00e9tine !<\/p>\n\n\n\n<p>Vous trouverez les prochaines dates des groupes de paroles sur les pages suivantes :<\/p>\n\n\n\n<p><a href=\"https:\/\/retina.ch\/fr\/consultations\/groupes-de-parole-dmla\/\">Sujet D\u00e9g\u00e9n\u00e9rescence maculaire li\u00e9e \u00e0 l&rsquo;\u00e2ge<\/a><br><a href=\"https:\/\/retina.ch\/fr\/consultations\/groupes-de-parole-rp\/\">Sujet RP et autres maladies h\u00e9r\u00e9ditaires de la r\u00e9tine<\/a><\/p>\n\n\n\n<hr class=\"wp-block-separator has-css-opacity\"\/>\n\n\n\n<h2 class=\"wp-block-heading\">Prochains \u00e9v\u00e9nements<\/h2>\n\n\n\t\t<div class=\"archive-flxbx\">\n\t\t\n<article id=\"post-26425\" class=\"post-26425 agenda type-agenda status-publish hentry\">\n\n\t\t\n\t<div class=\"archive-icon\">\n\t<\/div>\n\t\n\t<a href=\"https:\/\/retina.ch\/fr\/agenda\/rencontre-pour-les-nouveaux-membres-3\/\">\n\t<div class=\"archive-date\">\n\t\t<!-- Date  -->\n\t\t09.05.2026<!-- Time  -->, 14h00 - 16h00\t<\/div><!-- archive-date -->\n\n\t<header class=\"entry-header\">\n\t\t<h2 class=\"entry-title\">Rencontre pour les nouveaux membres<\/h2>\t<\/header><!-- .entry-header -->\n\t<\/a>\n\t\n\t<div class=\"archive-details\">\n\t\t\t\n\t\t<!-- Place  -->\n\t\t\t\t<div>\t\t\t\t\t \n\t\t\t\t\t\t\t\t\tH\u00f4pital ophtalmique Jules-Gonin, salle Braille 1 et2, Av. de France 15, 1004 Lausanne<br\/>\n\t\t\t\t\t\t\t\n\t\t\t\t\t<\/div>\n\t\t\t\t\n\t<\/div>\n\n\t<div class=\"entry-content\">\n\t\n\t\t\n\t\t\n\t\t<p>Le 9 mai 2026, nous offrons \u00e0 nos nouveaux membres l\u2019opportunit\u00e9 de faire connaissance avec notre association et nos services dans une ambiance d\u00e9contract\u00e9e, ainsi que de poser leurs questions en personne. Ils auront \u00e9galement la possibilit\u00e9 d\u2019\u00e9changer avec d\u2019autres personnes concern\u00e9es.<\/p>\n\t\t\n\t\t<a href=\"https:\/\/retina.ch\/fr\/agenda\/rencontre-pour-les-nouveaux-membres-3\/\" class=\"btn\">suite<\/a>\n\t\t\n\t<\/div><!-- .entry-content -->\n\t\n<\/article><!-- #post-26425 -->\n\n<article id=\"post-26620\" class=\"post-26620 agenda type-agenda status-publish hentry category-degeneration-maculaire-liee-a-lage-dmla\">\n\n\t\t\n\t<div class=\"archive-icon\">\n\t<\/div>\n\t\n\t<a href=\"https:\/\/retina.ch\/fr\/agenda\/nouveautes-concernant-le-traitement-de-la-degenerescence-maculaire-dmla\/\">\n\t<div class=\"archive-date\">\n\t\t<!-- Date  -->\n\t\t19.05.2026<!-- Time  -->, 16h00 - 19h00\t<\/div><!-- archive-date -->\n\n\t<header class=\"entry-header\">\n\t\t<h2 class=\"entry-title\">Nouveaut\u00e9s concernant le traitement de la d\u00e9g\u00e9n\u00e9rescence maculaire (DMLA)<\/h2>\t<\/header><!-- .entry-header -->\n\t<\/a>\n\t\n\t<div class=\"archive-details\">\n\t\t\t\n\t\t<!-- Place  -->\n\t\t\t\t<div>\t\t\t\t\t \n\t\t\t\t\t\t\t\t\tRestaurant Le Bourgeois, Avenue du Rothorn 2, 3960 Sierre<br\/>\n\t\t\t\t\t\t\t\n\t\t\t\t\t<\/div>\n\t\t\t\t\n\t<\/div>\n\n\t<div class=\"entry-content\">\n\t\n\t\t\n\t\t\n\t\t<p>Nous nous r\u00e9jouissons de vous inviter \u00e0 la soir\u00e9e d&rsquo;information publique \u00e0 Sierre, en coop\u00e9ration avec la clinique ophtalmologique Vista Alpina.<\/p>\n\t\t\n\t\t<a href=\"https:\/\/retina.ch\/fr\/agenda\/nouveautes-concernant-le-traitement-de-la-degenerescence-maculaire-dmla\/\" class=\"btn\">suite<\/a>\n\t\t\n\t<\/div><!-- .entry-content -->\n\t\n<\/article><!-- #post-26620 -->\n\n<article id=\"post-26410\" class=\"post-26410 agenda type-agenda status-publish hentry category-degeneration-maculaire-liee-a-lage-dmla\">\n\n\t\t\n\t<div class=\"archive-icon\">\n\t<\/div>\n\t\n\t<a href=\"https:\/\/retina.ch\/fr\/agenda\/lueurs-despoir-mieux-voir-en-vieillissant\/\">\n\t<div class=\"archive-date\">\n\t\t<!-- Date  -->\n\t\t27.05.2026<!-- Time  -->, 14h00 - 16h00\t<\/div><!-- archive-date -->\n\n\t<header class=\"entry-header\">\n\t\t<h2 class=\"entry-title\">Lueurs d&rsquo;espoir \u2013 mieux voir en vieillissant<\/h2>\t<\/header><!-- .entry-header -->\n\t<\/a>\n\t\n\t<div class=\"archive-details\">\n\t\t\t\n\t\t<!-- Place  -->\n\t\t\t\t<div>\t\t\t\t\t \n\t\t\t\t\t\t\t\t\tSalle comunale, Grand-Rue 58, 2608 Courtelary<br\/>\n\t\t\t\t\t\t\t\n\t\t\t\t\t<\/div>\n\t\t\t\t\n\t<\/div>\n\n\t<div class=\"entry-content\">\n\t\n\t\t\n\t\t\n\t\t<p>Les yeux sont nos fen\u00eatres sur le monde \u2013 ils ont besoin d&rsquo;une attention particuli\u00e8re \u00e0 un \u00e2ge avanc\u00e9.<\/p>\n<p>Nous vous invitons \u00e0 passer un apr\u00e8s-midi en compagnie de Sylvia Wicky de Pro Senectute Canton de Berne et Monsieur H\u00fcsler ancien Directeur de R\u00e9tina Suisse.<\/p>\n\t\t\n\t\t<a href=\"https:\/\/retina.ch\/fr\/agenda\/lueurs-despoir-mieux-voir-en-vieillissant\/\" class=\"btn\">suite<\/a>\n\t\t\n\t<\/div><!-- .entry-content -->\n\t\n<\/article><!-- #post-26410 -->\n\n<article id=\"post-24876\" class=\"post-24876 agenda type-agenda status-publish hentry category-testament category-webinar\">\n\n\t\t\n\t<div class=\"archive-icon\">\n\t<\/div>\n\t\n\t<a href=\"https:\/\/retina.ch\/fr\/agenda\/etablir-un-testament-gratuitement-et-en-ligne-2\/\">\n\t<div class=\"archive-date\">\n\t\t<!-- Date  -->\n\t\t20.10.2026<!-- Time  -->, 8h00 - 9h00\t<\/div><!-- archive-date -->\n\n\t<header class=\"entry-header\">\n\t\t<h2 class=\"entry-title\">Etablir un testament &#8211; gratuitement et en ligne<\/h2>\t<\/header><!-- .entry-header -->\n\t<\/a>\n\t\n\t<div class=\"archive-details\">\n\t\t\t\n\t\t<!-- Place  -->\n\t\t\t\t\n\t<\/div>\n\n\t<div class=\"entry-content\">\n\t\n\t\t\n\t\t\n\t\t<p>D\u00e9couvrez dans ce webinaire ce qui est important dans le cadre de la planification successorale et lors de la r\u00e9daction d&rsquo;un testament ainsi que comment \u00e9tablir tr\u00e8s facilement en ligne un testament valable en Suisse.<\/p>\n\t\t\n\t\t<a href=\"https:\/\/retina.ch\/fr\/agenda\/etablir-un-testament-gratuitement-et-en-ligne-2\/\" class=\"btn\">suite<\/a>\n\t\t\n\t<\/div><!-- .entry-content -->\n\t\n<\/article><!-- #post-24876 -->\n<div class=\"nav-links\"><\/div>        <\/div><!-- .flxbx -->\n        \n","protected":false},"excerpt":{"rendered":"<p>Tenez-vous au courant de nos manifestations sur le th\u00e8me des maladies de la r\u00e9tine ! Vous trouverez les prochaines dates des groupes de paroles sur les pages suivantes : Sujet D\u00e9g\u00e9n\u00e9rescence maculaire li\u00e9e \u00e0 l&rsquo;\u00e2geSujet RP et autres maladies h\u00e9r\u00e9ditaires de la r\u00e9tine Prochains \u00e9v\u00e9nements<\/p>\n","protected":false},"author":1,"featured_media":0,"parent":0,"menu_order":15,"comment_status":"closed","ping_status":"closed","template":"","meta":{"_acf_changed":false,"inline_featured_image":false,"_FSMCFIC_featured_image_caption":"","_FSMCFIC_featured_image_nocaption":"","_FSMCFIC_featured_image_hide":"","footnotes":"","_links_to":"","_links_to_target":""},"class_list":["post-3511","page","type-page","status-publish","hentry"],"acf":[],"yoast_head":"<!-- This site is optimized with the Yoast SEO plugin v27.1.1 - https:\/\/yoast.com\/product\/yoast-seo-wordpress\/ -->\n<title>Agenda &#8226; Retina Suisse<\/title>\n<meta name=\"description\" content=\"Participez \u00e0 l&#039;une de nos prochaines s\u00e9ances d&#039;information sur les maladies de la r\u00e9tine. Inscrivez-vous d\u00e8s maintenant sur le site.\" \/>\n<meta name=\"robots\" content=\"index, follow, max-snippet:-1, max-image-preview:large, max-video-preview:-1\" \/>\n<link rel=\"canonical\" href=\"https:\/\/retina.ch\/fr\/agenda\/\" \/>\n<meta property=\"og:locale\" content=\"fr_FR\" \/>\n<meta property=\"og:type\" content=\"article\" \/>\n<meta property=\"og:title\" content=\"Agenda &#8226; Retina Suisse\" \/>\n<meta property=\"og:description\" content=\"Participez \u00e0 l&#039;une de nos prochaines s\u00e9ances d&#039;information sur les maladies de la r\u00e9tine. Inscrivez-vous d\u00e8s maintenant sur le site.\" \/>\n<meta property=\"og:url\" content=\"https:\/\/retina.ch\/fr\/agenda\/\" \/>\n<meta property=\"og:site_name\" content=\"Retina Suisse\" \/>\n<meta property=\"article:publisher\" content=\"https:\/\/www.facebook.com\/retinasuisse\/\" \/>\n<meta property=\"article:modified_time\" content=\"2025-03-05T15:30:15+00:00\" \/>\n<meta name=\"twitter:card\" content=\"summary_large_image\" \/>\n<meta name=\"twitter:label1\" content=\"Dur\u00e9e de lecture estim\u00e9e\" \/>\n\t<meta name=\"twitter:data1\" content=\"1 minute\" \/>\n<script type=\"application\/ld+json\" class=\"yoast-schema-graph\">{\"@context\":\"https:\/\/schema.org\",\"@graph\":[{\"@type\":\"WebPage\",\"@id\":\"https:\/\/retina.ch\/fr\/agenda\/\",\"url\":\"https:\/\/retina.ch\/fr\/agenda\/\",\"name\":\"Agenda &#8226; Retina Suisse\",\"isPartOf\":{\"@id\":\"https:\/\/retina.ch\/fr\/#website\"},\"datePublished\":\"2020-11-08T17:02:48+00:00\",\"dateModified\":\"2025-03-05T15:30:15+00:00\",\"description\":\"Participez \u00e0 l'une de nos prochaines s\u00e9ances d'information sur les maladies de la r\u00e9tine. Inscrivez-vous d\u00e8s maintenant sur le site.\",\"breadcrumb\":{\"@id\":\"https:\/\/retina.ch\/fr\/agenda\/#breadcrumb\"},\"inLanguage\":\"fr-FR\",\"potentialAction\":[{\"@type\":\"ReadAction\",\"target\":[\"https:\/\/retina.ch\/fr\/agenda\/\"]}]},{\"@type\":\"BreadcrumbList\",\"@id\":\"https:\/\/retina.ch\/fr\/agenda\/#breadcrumb\",\"itemListElement\":[{\"@type\":\"ListItem\",\"position\":1,\"name\":\"Retina Suisse\",\"item\":\"https:\/\/retina.ch\/fr\/\"},{\"@type\":\"ListItem\",\"position\":2,\"name\":\"Agenda\"}]},{\"@type\":\"WebSite\",\"@id\":\"https:\/\/retina.ch\/fr\/#website\",\"url\":\"https:\/\/retina.ch\/fr\/\",\"name\":\"Retina Suisse\",\"description\":\"Retina Suisse ist die Vereinigung von Patientinnen und Patienten mit Retinitis pigmentosa (RP), Makuladegeneration, Usher-Syndrom und anderen Erkrankungen des Augenhintergrundes.\",\"publisher\":{\"@id\":\"https:\/\/retina.ch\/fr\/#organization\"},\"potentialAction\":[{\"@type\":\"SearchAction\",\"target\":{\"@type\":\"EntryPoint\",\"urlTemplate\":\"https:\/\/retina.ch\/fr\/?s={search_term_string}\"},\"query-input\":{\"@type\":\"PropertyValueSpecification\",\"valueRequired\":true,\"valueName\":\"search_term_string\"}}],\"inLanguage\":\"fr-FR\"},{\"@type\":\"Organization\",\"@id\":\"https:\/\/retina.ch\/fr\/#organization\",\"name\":\"Retina Suisse\",\"url\":\"https:\/\/retina.ch\/fr\/\",\"logo\":{\"@type\":\"ImageObject\",\"inLanguage\":\"fr-FR\",\"@id\":\"https:\/\/retina.ch\/fr\/#\/schema\/logo\/image\/\",\"url\":\"https:\/\/retina.ch\/wp-content\/uploads\/2020\/09\/retina-auge-typo.svg\",\"contentUrl\":\"https:\/\/retina.ch\/wp-content\/uploads\/2020\/09\/retina-auge-typo.svg\",\"width\":\"1024\",\"height\":\"1024\",\"caption\":\"Retina Suisse\"},\"image\":{\"@id\":\"https:\/\/retina.ch\/fr\/#\/schema\/logo\/image\/\"},\"sameAs\":[\"https:\/\/www.facebook.com\/retinasuisse\/\"]}]}<\/script>\n<!-- \/ Yoast SEO plugin. -->","yoast_head_json":{"title":"Agenda &#8226; Retina Suisse","description":"Participez \u00e0 l'une de nos prochaines s\u00e9ances d'information sur les maladies de la r\u00e9tine. Inscrivez-vous d\u00e8s maintenant sur le site.","robots":{"index":"index","follow":"follow","max-snippet":"max-snippet:-1","max-image-preview":"max-image-preview:large","max-video-preview":"max-video-preview:-1"},"canonical":"https:\/\/retina.ch\/fr\/agenda\/","og_locale":"fr_FR","og_type":"article","og_title":"Agenda &#8226; Retina Suisse","og_description":"Participez \u00e0 l'une de nos prochaines s\u00e9ances d'information sur les maladies de la r\u00e9tine. Inscrivez-vous d\u00e8s maintenant sur le site.","og_url":"https:\/\/retina.ch\/fr\/agenda\/","og_site_name":"Retina Suisse","article_publisher":"https:\/\/www.facebook.com\/retinasuisse\/","article_modified_time":"2025-03-05T15:30:15+00:00","twitter_card":"summary_large_image","twitter_misc":{"Dur\u00e9e de lecture estim\u00e9e":"1 minute"},"schema":{"@context":"https:\/\/schema.org","@graph":[{"@type":"WebPage","@id":"https:\/\/retina.ch\/fr\/agenda\/","url":"https:\/\/retina.ch\/fr\/agenda\/","name":"Agenda &#8226; Retina Suisse","isPartOf":{"@id":"https:\/\/retina.ch\/fr\/#website"},"datePublished":"2020-11-08T17:02:48+00:00","dateModified":"2025-03-05T15:30:15+00:00","description":"Participez \u00e0 l'une de nos prochaines s\u00e9ances d'information sur les maladies de la r\u00e9tine. Inscrivez-vous d\u00e8s maintenant sur le site.","breadcrumb":{"@id":"https:\/\/retina.ch\/fr\/agenda\/#breadcrumb"},"inLanguage":"fr-FR","potentialAction":[{"@type":"ReadAction","target":["https:\/\/retina.ch\/fr\/agenda\/"]}]},{"@type":"BreadcrumbList","@id":"https:\/\/retina.ch\/fr\/agenda\/#breadcrumb","itemListElement":[{"@type":"ListItem","position":1,"name":"Retina Suisse","item":"https:\/\/retina.ch\/fr\/"},{"@type":"ListItem","position":2,"name":"Agenda"}]},{"@type":"WebSite","@id":"https:\/\/retina.ch\/fr\/#website","url":"https:\/\/retina.ch\/fr\/","name":"Retina Suisse","description":"Retina Suisse ist die Vereinigung von Patientinnen und Patienten mit Retinitis pigmentosa (RP), Makuladegeneration, Usher-Syndrom und anderen Erkrankungen des Augenhintergrundes.","publisher":{"@id":"https:\/\/retina.ch\/fr\/#organization"},"potentialAction":[{"@type":"SearchAction","target":{"@type":"EntryPoint","urlTemplate":"https:\/\/retina.ch\/fr\/?s={search_term_string}"},"query-input":{"@type":"PropertyValueSpecification","valueRequired":true,"valueName":"search_term_string"}}],"inLanguage":"fr-FR"},{"@type":"Organization","@id":"https:\/\/retina.ch\/fr\/#organization","name":"Retina Suisse","url":"https:\/\/retina.ch\/fr\/","logo":{"@type":"ImageObject","inLanguage":"fr-FR","@id":"https:\/\/retina.ch\/fr\/#\/schema\/logo\/image\/","url":"https:\/\/retina.ch\/wp-content\/uploads\/2020\/09\/retina-auge-typo.svg","contentUrl":"https:\/\/retina.ch\/wp-content\/uploads\/2020\/09\/retina-auge-typo.svg","width":"1024","height":"1024","caption":"Retina Suisse"},"image":{"@id":"https:\/\/retina.ch\/fr\/#\/schema\/logo\/image\/"},"sameAs":["https:\/\/www.facebook.com\/retinasuisse\/"]}]}},"_links":{"self":[{"href":"https:\/\/retina.ch\/fr\/wp-json\/wp\/v2\/pages\/3511","targetHints":{"allow":["GET"]}}],"collection":[{"href":"https:\/\/retina.ch\/fr\/wp-json\/wp\/v2\/pages"}],"about":[{"href":"https:\/\/retina.ch\/fr\/wp-json\/wp\/v2\/types\/page"}],"author":[{"embeddable":true,"href":"https:\/\/retina.ch\/fr\/wp-json\/wp\/v2\/users\/1"}],"replies":[{"embeddable":true,"href":"https:\/\/retina.ch\/fr\/wp-json\/wp\/v2\/comments?post=3511"}],"version-history":[{"count":14,"href":"https:\/\/retina.ch\/fr\/wp-json\/wp\/v2\/pages\/3511\/revisions"}],"predecessor-version":[{"id":14001,"href":"https:\/\/retina.ch\/fr\/wp-json\/wp\/v2\/pages\/3511\/revisions\/14001"}],"wp:attachment":[{"href":"https:\/\/retina.ch\/fr\/wp-json\/wp\/v2\/media?parent=3511"}],"curies":[{"name":"wp","href":"https:\/\/api.w.org\/{rel}","templated":true}]}}