{"id":3515,"date":"2020-11-08T17:51:24","date_gmt":"2020-11-08T16:51:24","guid":{"rendered":"https:\/\/dev.retina.ch\/?page_id=3515"},"modified":"2023-11-07T17:09:32","modified_gmt":"2023-11-07T16:09:32","slug":"archives","status":"publish","type":"page","link":"https:\/\/retina.ch\/fr\/archives\/","title":{"rendered":"Archives"},"content":{"rendered":"\t\t<div class=\"archive-flxbx\">\n\t\t\n<article id=\"post-24104\" class=\"post-24104 agenda type-agenda status-publish has-post-thumbnail hentry\">\n\n\t\t\n\t<div class=\"archive-icon\">\n\t<\/div>\n\t\n\t<a href=\"https:\/\/retina.ch\/fr\/agenda\/47eme-assemblee-generale-de-retina-suisse\/\">\n\t<div class=\"archive-date\">\n\t\t<!-- Date  -->\n\t\t18.04.2026<!-- Time  -->, 10h00 - 16h30\t<\/div><!-- archive-date -->\n\n\t<header class=\"entry-header\">\n\t\t<h2 class=\"entry-title\">47\u00e8me Assembl\u00e9e g\u00e9n\u00e9rale de Retina Suisse<\/h2>\t<\/header><!-- .entry-header -->\n\t<\/a>\n\t\n\t\t\t<a class=\"post-thumbnail\" href=\"https:\/\/retina.ch\/fr\/agenda\/47eme-assemblee-generale-de-retina-suisse\/\" aria-hidden=\"true\" tabindex=\"-1\">\n\t\t\t\t<figure class=\"wp-caption fsmcfi-fig featured\"><img loading=\"lazy\" decoding=\"async\" width=\"2560\" height=\"1920\" src=\"https:\/\/retina.ch\/wp-content\/uploads\/2025\/10\/GV-2025-15-scaled.jpg\" class=\"attachment-post-thumbnail size-post-thumbnail wp-post-image\" alt=\"47\u00e8me Assembl\u00e9e g\u00e9n\u00e9rale de Retina Suisse\" srcset=\"https:\/\/retina.ch\/wp-content\/uploads\/2025\/10\/GV-2025-15-scaled.jpg 2560w, https:\/\/retina.ch\/wp-content\/uploads\/2025\/10\/GV-2025-15-400x300.jpg 400w, https:\/\/retina.ch\/wp-content\/uploads\/2025\/10\/GV-2025-15-1400x1050.jpg 1400w, https:\/\/retina.ch\/wp-content\/uploads\/2025\/10\/GV-2025-15-500x375.jpg 500w, https:\/\/retina.ch\/wp-content\/uploads\/2025\/10\/GV-2025-15-768x576.jpg 768w, https:\/\/retina.ch\/wp-content\/uploads\/2025\/10\/GV-2025-15-1536x1152.jpg 1536w, https:\/\/retina.ch\/wp-content\/uploads\/2025\/10\/GV-2025-15-2048x1536.jpg 2048w, https:\/\/retina.ch\/wp-content\/uploads\/2025\/10\/GV-2025-15-800x600.jpg 800w, https:\/\/retina.ch\/wp-content\/uploads\/2025\/10\/GV-2025-15-1280x960.jpg 1280w, https:\/\/retina.ch\/wp-content\/uploads\/2025\/10\/GV-2025-15-1920x1440.jpg 1920w\" sizes=\"auto, (max-width: 2560px) 100vw, 2560px\" \/><\/figure>\t\t\t<\/a>\n\n\t\t\t\n\t<div class=\"archive-details\">\n\t\t\t\n\t\t<!-- Place  -->\n\t\t\t\t<div>\t\t\t\t\t \n\t\t\t\t\t\t\t\t\tBest Western Plus Hotel Bern, Zeughausgasse 9, 3011 Bern<br\/>\n\t\t\t\t\t\t\t\n\t\t\t\t\t<\/div>\n\t\t\t\t\n\t<\/div>\n\n\t<div class=\"entry-content\">\n\t\n\t\t\n\t\t\n\t\t<p>Nous avons le plaisir de vous inviter \u00e0 notre Assembl\u00e9e g\u00e9n\u00e9rale qui se tiendra le 18 avril 2026 \u00e0 l\u2019H\u00f4tel Bern. En plus des affaires statutaires, vous pourrez assister \u00e0 des conf\u00e9rences captivantes et profiter de nombreuses occasions d\u2019\u00e9changer avec d\u2019autres membres. Nous nous r\u00e9jouissons de votre participation !<\/p>\n\t\t\n\t\t<a href=\"https:\/\/retina.ch\/fr\/agenda\/47eme-assemblee-generale-de-retina-suisse\/\" class=\"btn\">suite<\/a>\n\t\t\n\t<\/div><!-- .entry-content -->\n\t\n<\/article><!-- #post-24104 -->\n\n<article id=\"post-25756\" class=\"post-25756 agenda type-agenda status-publish has-post-thumbnail hentry category-webinar\">\n\n\t\t\n\t<div class=\"archive-icon\">\n\t<\/div>\n\t\n\t<a href=\"https:\/\/retina.ch\/fr\/agenda\/biologiques-generiques-et-biosimilaires-comprendre-les-differences\/\">\n\t<div class=\"archive-date\">\n\t\t<!-- Date  -->\n\t\t26.03.2026<!-- Time  -->, 18h30 - 19h30\t<\/div><!-- archive-date -->\n\n\t<header class=\"entry-header\">\n\t\t<h2 class=\"entry-title\">Biologiques, g\u00e9n\u00e9riques et\u00a0biosimilaires : comprendre les diff\u00e9rences<\/h2>\t<\/header><!-- .entry-header -->\n\t<\/a>\n\t\n\t\t\t<a class=\"post-thumbnail\" href=\"https:\/\/retina.ch\/fr\/agenda\/biologiques-generiques-et-biosimilaires-comprendre-les-differences\/\" aria-hidden=\"true\" tabindex=\"-1\">\n\t\t\t\t\t\t\t<\/a>\n\n\t\t\t\n\t<div class=\"archive-details\">\n\t\t\t\n\t\t<!-- Place  -->\n\t\t\t\t\n\t<\/div>\n\n\t<div class=\"entry-content\">\n\t\n\t\t\n\t\t\n\t\t<p>On en parle de plus en plus dans les m\u00e9dias et en politique, mais que cachent vraiment ces termes ? Quelle est la diff\u00e9rence entre un m\u00e9dicament biologique, un g\u00e9n\u00e9rique et un biosimilaire ? Comment sont-ils d\u00e9velopp\u00e9s et quel est leur impact pour vous ?<\/p>\n\t\t\n\t\t<a href=\"https:\/\/retina.ch\/fr\/agenda\/biologiques-generiques-et-biosimilaires-comprendre-les-differences\/\" class=\"btn\">suite<\/a>\n\t\t\n\t<\/div><!-- .entry-content -->\n\t\n<\/article><!-- #post-25756 -->\n\n<article id=\"post-23636\" class=\"post-23636 agenda type-agenda status-publish has-post-thumbnail hentry category-dystrophie-des-cones-et-des-batonnets category-morbus-stargardt-fr category-retinite-pigmentaire category-syndrome-usher\">\n\n\t\t\n\t<div class=\"archive-icon\">\n\t<\/div>\n\t\n\t<a href=\"https:\/\/retina.ch\/fr\/agenda\/diagnostic-et-therapies-pour-les-degenerescences-retiniennes-hereditaires-sceance-dinformation-a-neuchatel\/\">\n\t<div class=\"archive-date\">\n\t\t<!-- Date  -->\n\t\t06.11.2025<!-- Time  -->, 14h00 - 16h00\t<\/div><!-- archive-date -->\n\n\t<header class=\"entry-header\">\n\t\t<h2 class=\"entry-title\">Diagnostic et th\u00e9rapies pour les d\u00e9g\u00e9n\u00e9rescences r\u00e9tiniennes h\u00e9r\u00e9ditaires : S\u00e9ance d&rsquo;information \u00e0 Neuch\u00e2tel<\/h2>\t<\/header><!-- .entry-header -->\n\t<\/a>\n\t\n\t\t\t<a class=\"post-thumbnail\" href=\"https:\/\/retina.ch\/fr\/agenda\/diagnostic-et-therapies-pour-les-degenerescences-retiniennes-hereditaires-sceance-dinformation-a-neuchatel\/\" aria-hidden=\"true\" tabindex=\"-1\">\n\t\t\t\t<figure class=\"wp-caption fsmcfi-fig featured\"><img loading=\"lazy\" decoding=\"async\" width=\"2560\" height=\"1709\" src=\"https:\/\/retina.ch\/wp-content\/uploads\/2025\/09\/pexels-pavel-danilyuk-5996703-scaled.jpg\" class=\"attachment-post-thumbnail size-post-thumbnail wp-post-image\" alt=\"Diagnostic et th\u00e9rapies pour les d\u00e9g\u00e9n\u00e9rescences r\u00e9tiniennes h\u00e9r\u00e9ditaires : S\u00e9ance d&rsquo;information \u00e0 Neuch\u00e2tel\" srcset=\"https:\/\/retina.ch\/wp-content\/uploads\/2025\/09\/pexels-pavel-danilyuk-5996703-scaled.jpg 2560w, https:\/\/retina.ch\/wp-content\/uploads\/2025\/09\/pexels-pavel-danilyuk-5996703-400x267.jpg 400w, https:\/\/retina.ch\/wp-content\/uploads\/2025\/09\/pexels-pavel-danilyuk-5996703-1400x935.jpg 1400w, https:\/\/retina.ch\/wp-content\/uploads\/2025\/09\/pexels-pavel-danilyuk-5996703-500x334.jpg 500w, https:\/\/retina.ch\/wp-content\/uploads\/2025\/09\/pexels-pavel-danilyuk-5996703-768x513.jpg 768w, https:\/\/retina.ch\/wp-content\/uploads\/2025\/09\/pexels-pavel-danilyuk-5996703-1536x1025.jpg 1536w, https:\/\/retina.ch\/wp-content\/uploads\/2025\/09\/pexels-pavel-danilyuk-5996703-2048x1367.jpg 2048w, https:\/\/retina.ch\/wp-content\/uploads\/2025\/09\/pexels-pavel-danilyuk-5996703-800x534.jpg 800w, https:\/\/retina.ch\/wp-content\/uploads\/2025\/09\/pexels-pavel-danilyuk-5996703-1280x854.jpg 1280w, https:\/\/retina.ch\/wp-content\/uploads\/2025\/09\/pexels-pavel-danilyuk-5996703-1920x1282.jpg 1920w\" sizes=\"auto, (max-width: 2560px) 100vw, 2560px\" \/><\/figure>\t\t\t<\/a>\n\n\t\t\t\n\t<div class=\"archive-details\">\n\t\t\t\n\t\t<!-- Place  -->\n\t\t\t\t<div>\t\t\t\t\t \n\t\t\t\t\t\t\t\t\tCentrevue, Rue des Poudri\u00e8res 135, 2000 Neuch\u00e2tel<br\/>\n\t\t\t\t\t\t\t\n\t\t\t\t\t<\/div>\n\t\t\t\t\n\t<\/div>\n\n\t<div class=\"entry-content\">\n\t\n\t\t\n\t\t\n\t\t<p>Au cours des derni\u00e8res ann\u00e9es, les avanc\u00e9es dans le domaine des d\u00e9g\u00e9n\u00e9rences r\u00e9tiniennes h\u00e9r\u00e9ditaires ont \u00e9t\u00e9 remarquables. Aujourd\u2019hui, plus de vingt essais th\u00e9rapeutiques sont en cours pour diff\u00e9rentes formes de d\u00e9g\u00e9n\u00e9rescences r\u00e9tiniennes h\u00e9r\u00e9ditaires. Qu\u2019est-ce que cela signifie pour les personnes concern\u00e9es, leurs familles et les professionnels de sant\u00e9 qui les accompagnent ?<\/p>\n\t\t\n\t\t<a href=\"https:\/\/retina.ch\/fr\/agenda\/diagnostic-et-therapies-pour-les-degenerescences-retiniennes-hereditaires-sceance-dinformation-a-neuchatel\/\" class=\"btn\">suite<\/a>\n\t\t\n\t<\/div><!-- .entry-content -->\n\t\n<\/article><!-- #post-23636 -->\n\n<article id=\"post-23479\" class=\"post-23479 agenda type-agenda status-publish has-post-thumbnail hentry category-degeneration-maculaire-liee-a-lage-dmla\">\n\n\t\t\n\t<div class=\"archive-icon\">\n\t<\/div>\n\t\n\t<a href=\"https:\/\/retina.ch\/fr\/agenda\/mieux-voir-mieux-vivre-la-degenerescence-maculaire-liee-a-lage-dmla-expliquee-a-tous\/\">\n\t<div class=\"archive-date\">\n\t\t<!-- Date  -->\n\t\t09.10.2025<!-- Time  -->, 16h30 - 19h00\t<\/div><!-- archive-date -->\n\n\t<header class=\"entry-header\">\n\t\t<h2 class=\"entry-title\">Mieux voir, mieux vivre : La d\u00e9g\u00e9n\u00e9rescence maculaire li\u00e9e \u00e0 l\u2019\u00e2ge (DMLA) expliqu\u00e9e \u00e0 tous<\/h2>\t<\/header><!-- .entry-header -->\n\t<\/a>\n\t\n\t\t\t<a class=\"post-thumbnail\" href=\"https:\/\/retina.ch\/fr\/agenda\/mieux-voir-mieux-vivre-la-degenerescence-maculaire-liee-a-lage-dmla-expliquee-a-tous\/\" aria-hidden=\"true\" tabindex=\"-1\">\n\t\t\t\t<figure class=\"wp-caption fsmcfi-fig featured\"><img loading=\"lazy\" decoding=\"async\" width=\"2560\" height=\"1707\" src=\"https:\/\/retina.ch\/wp-content\/uploads\/2025\/09\/pexels-kampus-7551606-scaled.jpg\" class=\"attachment-post-thumbnail size-post-thumbnail wp-post-image\" alt=\"Mieux voir, mieux vivre : La d\u00e9g\u00e9n\u00e9rescence maculaire li\u00e9e \u00e0 l\u2019\u00e2ge (DMLA) expliqu\u00e9e \u00e0 tous\" srcset=\"https:\/\/retina.ch\/wp-content\/uploads\/2025\/09\/pexels-kampus-7551606-scaled.jpg 2560w, https:\/\/retina.ch\/wp-content\/uploads\/2025\/09\/pexels-kampus-7551606-400x267.jpg 400w, https:\/\/retina.ch\/wp-content\/uploads\/2025\/09\/pexels-kampus-7551606-1400x933.jpg 1400w, https:\/\/retina.ch\/wp-content\/uploads\/2025\/09\/pexels-kampus-7551606-500x333.jpg 500w, https:\/\/retina.ch\/wp-content\/uploads\/2025\/09\/pexels-kampus-7551606-768x512.jpg 768w, https:\/\/retina.ch\/wp-content\/uploads\/2025\/09\/pexels-kampus-7551606-1536x1024.jpg 1536w, https:\/\/retina.ch\/wp-content\/uploads\/2025\/09\/pexels-kampus-7551606-2048x1365.jpg 2048w, https:\/\/retina.ch\/wp-content\/uploads\/2025\/09\/pexels-kampus-7551606-800x533.jpg 800w, https:\/\/retina.ch\/wp-content\/uploads\/2025\/09\/pexels-kampus-7551606-1280x853.jpg 1280w, https:\/\/retina.ch\/wp-content\/uploads\/2025\/09\/pexels-kampus-7551606-1920x1280.jpg 1920w\" sizes=\"auto, (max-width: 2560px) 100vw, 2560px\" \/><\/figure>\t\t\t<\/a>\n\n\t\t\t\n\t<div class=\"archive-details\">\n\t\t\t\n\t\t<!-- Place  -->\n\t\t\t\t<div>\t\t\t\t\t \n\t\t\t\t\t\t\t\t\tAuditoire, H\u00f4pital ophtalmique Jules-Gonin, Avenue de France 15, 1004 Lausanne<br\/>\n\t\t\t\t\t\t\t\n\t\t\t\t\t<\/div>\n\t\t\t\t\n\t<\/div>\n\n\t<div class=\"entry-content\">\n\t\n\t\t\n\t\t\n\t\t<p>Une conf\u00e9rence publique \u00e0 Lausanne consacr\u00e9e \u00e0 la d\u00e9g\u00e9n\u00e9rescence maculaire li\u00e9e \u00e0 l\u2019\u00e2ge (DMLA)\u00a0: Qu\u2019est-ce que c\u2019est ? Comment la traiter et \u00e0 quoi faire attention ? Et que faire si l&rsquo;on est \u00e9galement atteint de cataracte ?<\/p>\n\t\t\n\t\t<a href=\"https:\/\/retina.ch\/fr\/agenda\/mieux-voir-mieux-vivre-la-degenerescence-maculaire-liee-a-lage-dmla-expliquee-a-tous\/\" class=\"btn\">suite<\/a>\n\t\t\n\t<\/div><!-- .entry-content -->\n\t\n<\/article><!-- #post-23479 -->\n\n<article id=\"post-21479\" class=\"post-21479 agenda type-agenda status-publish has-post-thumbnail hentry\">\n\n\t\t\n\t<div class=\"archive-icon\">\n\t<\/div>\n\t\n\t<a href=\"https:\/\/retina.ch\/fr\/agenda\/rencontre-regionale-visite-guidee-du-musee-cantonal-des-beaux-arts-de-lausanne\/\">\n\t<div class=\"archive-date\">\n\t\t<!-- Date  -->\n\t\t04.10.2025<!-- Time  -->, 10h00 - 14h00\t<\/div><!-- archive-date -->\n\n\t<header class=\"entry-header\">\n\t\t<h2 class=\"entry-title\">Rencontre r\u00e9gionale: Visite guid\u00e9e du Mus\u00e9e cantonal des Beaux-Arts de Lausanne<\/h2>\t<\/header><!-- .entry-header -->\n\t<\/a>\n\t\n\t\t\t<a class=\"post-thumbnail\" href=\"https:\/\/retina.ch\/fr\/agenda\/rencontre-regionale-visite-guidee-du-musee-cantonal-des-beaux-arts-de-lausanne\/\" aria-hidden=\"true\" tabindex=\"-1\">\n\t\t\t\t<figure class=\"wp-caption fsmcfi-fig featured\"><img loading=\"lazy\" decoding=\"async\" width=\"750\" height=\"500\" src=\"https:\/\/retina.ch\/wp-content\/uploads\/2025\/03\/MCBA-_collection_Renee-Green-e1746032232420.jpg\" class=\"attachment-post-thumbnail size-post-thumbnail wp-post-image\" alt=\"Rencontre r\u00e9gionale: Visite guid\u00e9e du Mus\u00e9e cantonal des Beaux-Arts de Lausanne\" \/><figcaption  class=\"wp-caption-text\">Ren\u00e9e Green (Space Poem #2, 2009), \u00a9Mus\u00e9e cantonal des Beaux-Arts de Lausanne, Photo: MCBA \/Jonas H\u00e4nggi<\/figcaption><\/figure>\t\t\t<\/a>\n\n\t\t\t\n\t<div class=\"archive-details\">\n\t\t\t\n\t\t<!-- Place  -->\n\t\t\t\t<div>\t\t\t\t\t \n\t\t\t\t\t\t\t\t\tMus\u00e9e cantonale des Beaux-Arts, Place de la Gare 16, 1003 Lausanne<br\/>\n\t\t\t\t\t\t\t\n\t\t\t\t\t<\/div>\n\t\t\t\t\n\t<\/div>\n\n\t<div class=\"entry-content\">\n\t\n\t\t\n\t\t\n\t\t<p>Des exp\u00e9riences passionnantes et des \u00e9changes amicaux vous attendent le samedi 4 octobre 2025\u00a0!<\/p>\n<p>Nos membres pourront profiter d&rsquo;une visite guid\u00e9e exclusive du Mus\u00e9e cantonal des Beaux-Arts de Lausanne &#8211; un moment fort pour les amateurs et amatrices d&rsquo;art !<\/p>\n\t\t\n\t\t<a href=\"https:\/\/retina.ch\/fr\/agenda\/rencontre-regionale-visite-guidee-du-musee-cantonal-des-beaux-arts-de-lausanne\/\" class=\"btn\">suite<\/a>\n\t\t\n\t<\/div><!-- .entry-content -->\n\t\n<\/article><!-- #post-21479 -->\n\n<article id=\"post-23350\" class=\"post-23350 agenda type-agenda status-publish has-post-thumbnail hentry category-degeneration-maculaire-liee-a-lage-dmla category-retinite-pigmentaire\">\n\n\t\t\n\t<div class=\"archive-icon\">\n\t<\/div>\n\t\n\t<a href=\"https:\/\/retina.ch\/fr\/agenda\/vivre-pleinement-au-quotidien-avec-une-maladie-retinienne-progressive-conseils-pratiques-et-temoignages\/\">\n\t<div class=\"archive-date\">\n\t\t<!-- Date  -->\n\t\t27.09.2025<!-- Time  -->, 10h00 - 16h00\t<\/div><!-- archive-date -->\n\n\t<header class=\"entry-header\">\n\t\t<h2 class=\"entry-title\">Vivre pleinement au quotidien avec une maladie r\u00e9tinienne progressive : conseils pratiques et t\u00e9moignages<\/h2>\t<\/header><!-- .entry-header -->\n\t<\/a>\n\t\n\t\t\t<a class=\"post-thumbnail\" href=\"https:\/\/retina.ch\/fr\/agenda\/vivre-pleinement-au-quotidien-avec-une-maladie-retinienne-progressive-conseils-pratiques-et-temoignages\/\" aria-hidden=\"true\" tabindex=\"-1\">\n\t\t\t\t<figure class=\"wp-caption fsmcfi-fig featured\"><img loading=\"lazy\" decoding=\"async\" width=\"2560\" height=\"1707\" src=\"https:\/\/retina.ch\/wp-content\/uploads\/2025\/08\/krzysztof-kowalik-7mcAxdY2VZA-unsplash-scaled.jpg\" class=\"attachment-post-thumbnail size-post-thumbnail wp-post-image\" alt=\"Vivre pleinement au quotidien avec une maladie r\u00e9tinienne progressive : conseils pratiques et t\u00e9moignages\" srcset=\"https:\/\/retina.ch\/wp-content\/uploads\/2025\/08\/krzysztof-kowalik-7mcAxdY2VZA-unsplash-scaled.jpg 2560w, https:\/\/retina.ch\/wp-content\/uploads\/2025\/08\/krzysztof-kowalik-7mcAxdY2VZA-unsplash-400x267.jpg 400w, https:\/\/retina.ch\/wp-content\/uploads\/2025\/08\/krzysztof-kowalik-7mcAxdY2VZA-unsplash-1400x933.jpg 1400w, https:\/\/retina.ch\/wp-content\/uploads\/2025\/08\/krzysztof-kowalik-7mcAxdY2VZA-unsplash-500x333.jpg 500w, https:\/\/retina.ch\/wp-content\/uploads\/2025\/08\/krzysztof-kowalik-7mcAxdY2VZA-unsplash-768x512.jpg 768w, https:\/\/retina.ch\/wp-content\/uploads\/2025\/08\/krzysztof-kowalik-7mcAxdY2VZA-unsplash-1536x1024.jpg 1536w, https:\/\/retina.ch\/wp-content\/uploads\/2025\/08\/krzysztof-kowalik-7mcAxdY2VZA-unsplash-2048x1365.jpg 2048w, https:\/\/retina.ch\/wp-content\/uploads\/2025\/08\/krzysztof-kowalik-7mcAxdY2VZA-unsplash-800x533.jpg 800w, https:\/\/retina.ch\/wp-content\/uploads\/2025\/08\/krzysztof-kowalik-7mcAxdY2VZA-unsplash-1280x853.jpg 1280w, https:\/\/retina.ch\/wp-content\/uploads\/2025\/08\/krzysztof-kowalik-7mcAxdY2VZA-unsplash-1920x1280.jpg 1920w\" sizes=\"auto, (max-width: 2560px) 100vw, 2560px\" \/><\/figure>\t\t\t<\/a>\n\n\t\t\t\n\t<div class=\"archive-details\">\n\t\t\t\n\t\t<!-- Place  -->\n\t\t\t\t<div>\t\t\t\t\t \n\t\t\t\t\t\t\t\t\tH\u00f4tel Mirabeau Lausanne, Avenue de la Gare 31, 1003 Lausanne<br\/>\n\t\t\t\t\t\t\t\n\t\t\t\t\t<\/div>\n\t\t\t\t\n\t<\/div>\n\n\t<div class=\"entry-content\">\n\t\n\t\t\n\t\t\n\t\t<p>Des sp\u00e9cialistes, des ergoth\u00e9rapeutes, des psychologues et des personnes concern\u00e9es pr\u00e9sentent des solutions concr\u00e8tes et des strat\u00e9gies simples pour am\u00e9liorer le quotidien des personnes atteintes d&rsquo;une maladie r\u00e9tinienne progressive.<\/p>\n\t\t\n\t\t<a href=\"https:\/\/retina.ch\/fr\/agenda\/vivre-pleinement-au-quotidien-avec-une-maladie-retinienne-progressive-conseils-pratiques-et-temoignages\/\" class=\"btn\">suite<\/a>\n\t\t\n\t<\/div><!-- .entry-content -->\n\t\n<\/article><!-- #post-23350 -->\n\n<article id=\"post-23327\" class=\"post-23327 agenda type-agenda status-publish has-post-thumbnail hentry\">\n\n\t\t\n\t<div class=\"archive-icon\">\n\t<\/div>\n\t\n\t<a href=\"https:\/\/retina.ch\/fr\/agenda\/rencontre-pour-les-nouveaux-membres-2\/\">\n\t<div class=\"archive-date\">\n\t\t<!-- Date  -->\n\t\t06.09.2025<!-- Time  -->, 13h30 - 16h00\t<\/div><!-- archive-date -->\n\n\t<header class=\"entry-header\">\n\t\t<h2 class=\"entry-title\">Rencontre pour les nouveaux membres<\/h2>\t<\/header><!-- .entry-header -->\n\t<\/a>\n\t\n\t\t\t<a class=\"post-thumbnail\" href=\"https:\/\/retina.ch\/fr\/agenda\/rencontre-pour-les-nouveaux-membres-2\/\" aria-hidden=\"true\" tabindex=\"-1\">\n\t\t\t\t<figure class=\"wp-caption fsmcfi-fig featured\"><img loading=\"lazy\" decoding=\"async\" width=\"2560\" height=\"1707\" src=\"https:\/\/retina.ch\/wp-content\/uploads\/2025\/08\/jason-goodman-wVh5grSMYaY-unsplash-scaled.jpg\" class=\"attachment-post-thumbnail size-post-thumbnail wp-post-image\" alt=\"Rencontre pour les nouveaux membres\" srcset=\"https:\/\/retina.ch\/wp-content\/uploads\/2025\/08\/jason-goodman-wVh5grSMYaY-unsplash-scaled.jpg 2560w, https:\/\/retina.ch\/wp-content\/uploads\/2025\/08\/jason-goodman-wVh5grSMYaY-unsplash-400x267.jpg 400w, https:\/\/retina.ch\/wp-content\/uploads\/2025\/08\/jason-goodman-wVh5grSMYaY-unsplash-1400x933.jpg 1400w, https:\/\/retina.ch\/wp-content\/uploads\/2025\/08\/jason-goodman-wVh5grSMYaY-unsplash-500x333.jpg 500w, https:\/\/retina.ch\/wp-content\/uploads\/2025\/08\/jason-goodman-wVh5grSMYaY-unsplash-768x512.jpg 768w, https:\/\/retina.ch\/wp-content\/uploads\/2025\/08\/jason-goodman-wVh5grSMYaY-unsplash-1536x1024.jpg 1536w, https:\/\/retina.ch\/wp-content\/uploads\/2025\/08\/jason-goodman-wVh5grSMYaY-unsplash-2048x1365.jpg 2048w, https:\/\/retina.ch\/wp-content\/uploads\/2025\/08\/jason-goodman-wVh5grSMYaY-unsplash-800x533.jpg 800w, https:\/\/retina.ch\/wp-content\/uploads\/2025\/08\/jason-goodman-wVh5grSMYaY-unsplash-1280x853.jpg 1280w, https:\/\/retina.ch\/wp-content\/uploads\/2025\/08\/jason-goodman-wVh5grSMYaY-unsplash-1920x1280.jpg 1920w\" sizes=\"auto, (max-width: 2560px) 100vw, 2560px\" \/><\/figure>\t\t\t<\/a>\n\n\t\t\t\n\t<div class=\"archive-details\">\n\t\t\t\n\t\t<!-- Place  -->\n\t\t\t\t<div>\t\t\t\t\t \n\t\t\t\t\t\t\t\t\tH\u00f4pital ophtalmique Jules-Gonin, salle Braille 1 et 2, Avenue de France 15, 1004 Lausanne<br\/>\n\t\t\t\t\t\t\t\n\t\t\t\t\t<\/div>\n\t\t\t\t\n\t<\/div>\n\n\t<div class=\"entry-content\">\n\t\n\t\t\n\t\t\n\t\t<p>Le 6 septembre 2025, nous offrons \u00e0 nos nouveaux membres l\u2019opportunit\u00e9 de faire connaissance avec notre association et nos services dans une ambiance d\u00e9contract\u00e9e, ainsi que de poser leurs questions en personne. Ils auront \u00e9galement la possibilit\u00e9 d\u2019\u00e9changer avec d\u2019autres personnes concern\u00e9es.<\/p>\n\t\t\n\t\t<a href=\"https:\/\/retina.ch\/fr\/agenda\/rencontre-pour-les-nouveaux-membres-2\/\" class=\"btn\">suite<\/a>\n\t\t\n\t<\/div><!-- .entry-content -->\n\t\n<\/article><!-- #post-23327 -->\n\n<article id=\"post-22197\" class=\"post-22197 agenda type-agenda status-publish has-post-thumbnail hentry category-degeneration-maculaire-liee-a-lage-dmla\">\n\n\t\t\n\t<div class=\"archive-icon\">\n\t<\/div>\n\t\n\t<a href=\"https:\/\/retina.ch\/fr\/agenda\/vieillir-oui-mais-pas-sans-voir\/\">\n\t<div class=\"archive-date\">\n\t\t<!-- Date  -->\n\t\t18.06.2025<!-- Time  -->, 15h30 - 19h00\t<\/div><!-- archive-date -->\n\n\t<header class=\"entry-header\">\n\t\t<h2 class=\"entry-title\">Vieillir, oui&#8230; mais pas sans voir!<\/h2>\t<\/header><!-- .entry-header -->\n\t<\/a>\n\t\n\t\t\t<a class=\"post-thumbnail\" href=\"https:\/\/retina.ch\/fr\/agenda\/vieillir-oui-mais-pas-sans-voir\/\" aria-hidden=\"true\" tabindex=\"-1\">\n\t\t\t\t<figure class=\"wp-caption fsmcfi-fig featured\"><img loading=\"lazy\" decoding=\"async\" width=\"1080\" height=\"720\" src=\"https:\/\/retina.ch\/wp-content\/uploads\/2025\/05\/daria-trofimova-hfgTw4R0rys-unsplash-scaled-e1748425488811.jpg\" class=\"attachment-post-thumbnail size-post-thumbnail wp-post-image\" alt=\"Vieillir, oui&#8230; mais pas sans voir!\" \/><\/figure>\t\t\t<\/a>\n\n\t\t\t\n\t<div class=\"archive-details\">\n\t\t\t\n\t\t<!-- Place  -->\n\t\t\t\t<div>\t\t\t\t\t \n\t\t\t\t\t\t\t\t\tClub 44, Rue de la Serre 64, 2300 La Chaux-de-Fonds<br\/>\n\t\t\t\t\t\t\t\n\t\t\t\t\t<\/div>\n\t\t\t\t\n\t<\/div>\n\n\t<div class=\"entry-content\">\n\t\n\t\t\n\t\t\n\t\t<p>La d\u00e9g\u00e9n\u00e9rescence maculaire li\u00e9e \u00e0 l\u2019\u00e2ge :<br \/>\nQu\u2019est-ce que c\u2019est ? Comment la traiter et \u00e0 quoi faire attention ? <\/p>\n<p>Nous nous r\u00e9jouissons de vous apporter des r\u00e9ponses \u00e0 ces questions lors de la s\u00e9ance d&rsquo;information publique \u00e0 La Chaux-de-Fonds.<\/p>\n\t\t\n\t\t<a href=\"https:\/\/retina.ch\/fr\/agenda\/vieillir-oui-mais-pas-sans-voir\/\" class=\"btn\">suite<\/a>\n\t\t\n\t<\/div><!-- .entry-content -->\n\t\n<\/article><!-- #post-22197 -->\n\n<article id=\"post-21419\" class=\"post-21419 agenda type-agenda status-publish has-post-thumbnail hentry category-degeneration-maculaire-liee-a-lage-dmla category-retinite-pigmentaire\">\n\n\t\t\n\t<div class=\"archive-icon\">\n\t<\/div>\n\t\n\t<a href=\"https:\/\/retina.ch\/fr\/agenda\/dmla-rp-et-cataracte-traitements-temoignages-et-solutions-au-quotidien\/\">\n\t<div class=\"archive-date\">\n\t\t<!-- Date  -->\n\t\t24.05.2025<!-- Time  -->, 10h00 - 16h15\t<\/div><!-- archive-date -->\n\n\t<header class=\"entry-header\">\n\t\t<h2 class=\"entry-title\">DMLA, RP et cataracte\u00a0: traitements, t\u00e9moignages et solutions au quotidien<\/h2>\t<\/header><!-- .entry-header -->\n\t<\/a>\n\t\n\t\t\t<a class=\"post-thumbnail\" href=\"https:\/\/retina.ch\/fr\/agenda\/dmla-rp-et-cataracte-traitements-temoignages-et-solutions-au-quotidien\/\" aria-hidden=\"true\" tabindex=\"-1\">\n\t\t\t\t<figure class=\"wp-caption fsmcfi-fig featured\"><img loading=\"lazy\" decoding=\"async\" width=\"2560\" height=\"1707\" src=\"https:\/\/retina.ch\/wp-content\/uploads\/2025\/03\/Lausanne--scaled.jpg\" class=\"attachment-post-thumbnail size-post-thumbnail wp-post-image\" alt=\"DMLA, RP et cataracte\u00a0: traitements, t\u00e9moignages et solutions au quotidien\" srcset=\"https:\/\/retina.ch\/wp-content\/uploads\/2025\/03\/Lausanne--scaled.jpg 2560w, https:\/\/retina.ch\/wp-content\/uploads\/2025\/03\/Lausanne--400x267.jpg 400w, https:\/\/retina.ch\/wp-content\/uploads\/2025\/03\/Lausanne--1400x933.jpg 1400w, https:\/\/retina.ch\/wp-content\/uploads\/2025\/03\/Lausanne--500x333.jpg 500w, https:\/\/retina.ch\/wp-content\/uploads\/2025\/03\/Lausanne--768x512.jpg 768w, https:\/\/retina.ch\/wp-content\/uploads\/2025\/03\/Lausanne--1536x1024.jpg 1536w, https:\/\/retina.ch\/wp-content\/uploads\/2025\/03\/Lausanne--2048x1365.jpg 2048w, https:\/\/retina.ch\/wp-content\/uploads\/2025\/03\/Lausanne--800x533.jpg 800w, https:\/\/retina.ch\/wp-content\/uploads\/2025\/03\/Lausanne--1280x853.jpg 1280w, https:\/\/retina.ch\/wp-content\/uploads\/2025\/03\/Lausanne--1920x1280.jpg 1920w\" sizes=\"auto, (max-width: 2560px) 100vw, 2560px\" \/><\/figure>\t\t\t<\/a>\n\n\t\t\t\n\t<div class=\"archive-details\">\n\t\t\t\n\t\t<!-- Place  -->\n\t\t\t\t<div>\t\t\t\t\t \n\t\t\t\t\t\t\t\t\tH\u00f4tel Mirabeau Lausanne, Avenue de la Gare 31, 1003 Lausanne<br\/>\n\t\t\t\t\t\t\t\n\t\t\t\t\t<\/div>\n\t\t\t\t\n\t<\/div>\n\n\t<div class=\"entry-content\">\n\t\n\t\t\n\t\t\n\t\t<p>Rejoignez-nous pour d\u00e9couvrir les derni\u00e8res avanc\u00e9es m\u00e9dicales, partager des exp\u00e9riences et explorer des solutions concr\u00e8tes afin d\u2019am\u00e9liorer le quotidien !<\/p>\n\t\t\n\t\t<a href=\"https:\/\/retina.ch\/fr\/agenda\/dmla-rp-et-cataracte-traitements-temoignages-et-solutions-au-quotidien\/\" class=\"btn\">suite<\/a>\n\t\t\n\t<\/div><!-- .entry-content -->\n\t\n<\/article><!-- #post-21419 -->\n\n<article id=\"post-19461\" class=\"post-19461 agenda type-agenda status-publish has-post-thumbnail hentry\">\n\n\t\t\n\t<div class=\"archive-icon\">\n\t<\/div>\n\t\n\t<a href=\"https:\/\/retina.ch\/fr\/agenda\/46eme-assemblee-generale\/\">\n\t<div class=\"archive-date\">\n\t\t<!-- Date  -->\n\t\t12.04.2025<!-- Time  -->, 10h00 - 16h30\t<\/div><!-- archive-date -->\n\n\t<header class=\"entry-header\">\n\t\t<h2 class=\"entry-title\">46\u00e8me Assembl\u00e9e g\u00e9n\u00e9rale<\/h2>\t<\/header><!-- .entry-header -->\n\t<\/a>\n\t\n\t\t\t<a class=\"post-thumbnail\" href=\"https:\/\/retina.ch\/fr\/agenda\/46eme-assemblee-generale\/\" aria-hidden=\"true\" tabindex=\"-1\">\n\t\t\t\t<figure class=\"wp-caption fsmcfi-fig featured\"><img loading=\"lazy\" decoding=\"async\" width=\"1200\" height=\"900\" src=\"https:\/\/retina.ch\/wp-content\/uploads\/2024\/07\/retina-bild-gv-20241-scaled-e1722347847824.jpg\" class=\"attachment-post-thumbnail size-post-thumbnail wp-post-image\" alt=\"46\u00e8me Assembl\u00e9e g\u00e9n\u00e9rale\" \/><\/figure>\t\t\t<\/a>\n\n\t\t\t\n\t<div class=\"archive-details\">\n\t\t\t\n\t\t<!-- Place  -->\n\t\t\t\t<div>\t\t\t\t\t \n\t\t\t\t\t\t\t\t\tBest Western Plus Hotel Bern, Zeughausgasse 9, 3011 Bern<br\/>\n\t\t\t\t\t\t\t\n\t\t\t\t\t<\/div>\n\t\t\t\t\n\t<\/div>\n\n\t<div class=\"entry-content\">\n\t\n\t\t\n\t\t\n\t\t<p>Nous avons le plaisir de vous inviter \u00e0 notre Assembl\u00e9e g\u00e9n\u00e9rale qui se tiendra le 12 avril 2025 \u00e0 l&rsquo;H\u00f4tel Bern. En plus des affaires statutaires, vous pourrez assister \u00e0 des conf\u00e9rences captivantes et profiter de nombreuses occasions d\u2019\u00e9changer avec d\u2019autres membres. Nous nous r\u00e9jouissons de votre participation !<\/p>\n\t\t\n\t\t<a href=\"https:\/\/retina.ch\/fr\/agenda\/46eme-assemblee-generale\/\" class=\"btn\">suite<\/a>\n\t\t\n\t<\/div><!-- .entry-content -->\n\t\n<\/article><!-- #post-19461 -->\n<div class=\"nav-links\"><span aria-current=\"page\" class=\"page-numbers current\">1<\/span>\n<a class=\"page-numbers\" href=\"https:\/\/retina.ch\/fr\/wp-json\/wp\/v2\/pages\/3515\/page\/2\/\">2<\/a>\n<a class=\"page-numbers\" href=\"https:\/\/retina.ch\/fr\/wp-json\/wp\/v2\/pages\/3515\/page\/3\/\">3<\/a>\n<span class=\"page-numbers dots\">\u2026<\/span>\n<a class=\"page-numbers\" href=\"https:\/\/retina.ch\/fr\/wp-json\/wp\/v2\/pages\/3515\/page\/5\/\">5<\/a>\n<a class=\"next page-numbers\" href=\"https:\/\/retina.ch\/fr\/wp-json\/wp\/v2\/pages\/3515\/page\/2\/\">Suivant<\/a><\/div>        <\/div><!-- .flxbx -->\n        \n","protected":false},"excerpt":{"rendered":"","protected":false},"author":1,"featured_media":0,"parent":0,"menu_order":15,"comment_status":"closed","ping_status":"closed","template":"","meta":{"_acf_changed":false,"inline_featured_image":false,"_FSMCFIC_featured_image_caption":"","_FSMCFIC_featured_image_nocaption":"","_FSMCFIC_featured_image_hide":"","footnotes":"","_links_to":"","_links_to_target":""},"class_list":["post-3515","page","type-page","status-publish","hentry"],"acf":[],"yoast_head":"<!-- This site is optimized with the Yoast SEO plugin v27.1.1 - https:\/\/yoast.com\/product\/yoast-seo-wordpress\/ -->\n<title>Archives &#8226; Retina Suisse<\/title>\n<meta name=\"robots\" content=\"index, follow, max-snippet:-1, max-image-preview:large, max-video-preview:-1\" \/>\n<link rel=\"canonical\" href=\"https:\/\/retina.ch\/fr\/archives\/\" \/>\n<meta property=\"og:locale\" content=\"fr_FR\" \/>\n<meta property=\"og:type\" content=\"article\" \/>\n<meta property=\"og:title\" content=\"Archives &#8226; Retina Suisse\" \/>\n<meta property=\"og:url\" content=\"https:\/\/retina.ch\/fr\/archives\/\" \/>\n<meta property=\"og:site_name\" content=\"Retina Suisse\" \/>\n<meta property=\"article:publisher\" content=\"https:\/\/www.facebook.com\/retinasuisse\/\" \/>\n<meta property=\"article:modified_time\" content=\"2023-11-07T16:09:32+00:00\" \/>\n<meta name=\"twitter:card\" content=\"summary_large_image\" \/>\n<meta name=\"twitter:label1\" content=\"Dur\u00e9e de lecture estim\u00e9e\" \/>\n\t<meta name=\"twitter:data1\" content=\"1 minute\" \/>\n<script type=\"application\/ld+json\" class=\"yoast-schema-graph\">{\"@context\":\"https:\/\/schema.org\",\"@graph\":[{\"@type\":\"WebPage\",\"@id\":\"https:\/\/retina.ch\/fr\/archives\/\",\"url\":\"https:\/\/retina.ch\/fr\/archives\/\",\"name\":\"Archives &#8226; Retina Suisse\",\"isPartOf\":{\"@id\":\"https:\/\/retina.ch\/fr\/#website\"},\"datePublished\":\"2020-11-08T16:51:24+00:00\",\"dateModified\":\"2023-11-07T16:09:32+00:00\",\"breadcrumb\":{\"@id\":\"https:\/\/retina.ch\/fr\/archives\/#breadcrumb\"},\"inLanguage\":\"fr-FR\",\"potentialAction\":[{\"@type\":\"ReadAction\",\"target\":[\"https:\/\/retina.ch\/fr\/archives\/\"]}]},{\"@type\":\"BreadcrumbList\",\"@id\":\"https:\/\/retina.ch\/fr\/archives\/#breadcrumb\",\"itemListElement\":[{\"@type\":\"ListItem\",\"position\":1,\"name\":\"Retina Suisse\",\"item\":\"https:\/\/retina.ch\/fr\/\"},{\"@type\":\"ListItem\",\"position\":2,\"name\":\"Archives\"}]},{\"@type\":\"WebSite\",\"@id\":\"https:\/\/retina.ch\/fr\/#website\",\"url\":\"https:\/\/retina.ch\/fr\/\",\"name\":\"Retina Suisse\",\"description\":\"Retina Suisse ist die Vereinigung von Patientinnen und Patienten mit Retinitis pigmentosa (RP), Makuladegeneration, Usher-Syndrom und anderen Erkrankungen des Augenhintergrundes.\",\"publisher\":{\"@id\":\"https:\/\/retina.ch\/fr\/#organization\"},\"potentialAction\":[{\"@type\":\"SearchAction\",\"target\":{\"@type\":\"EntryPoint\",\"urlTemplate\":\"https:\/\/retina.ch\/fr\/?s={search_term_string}\"},\"query-input\":{\"@type\":\"PropertyValueSpecification\",\"valueRequired\":true,\"valueName\":\"search_term_string\"}}],\"inLanguage\":\"fr-FR\"},{\"@type\":\"Organization\",\"@id\":\"https:\/\/retina.ch\/fr\/#organization\",\"name\":\"Retina Suisse\",\"url\":\"https:\/\/retina.ch\/fr\/\",\"logo\":{\"@type\":\"ImageObject\",\"inLanguage\":\"fr-FR\",\"@id\":\"https:\/\/retina.ch\/fr\/#\/schema\/logo\/image\/\",\"url\":\"https:\/\/retina.ch\/wp-content\/uploads\/2020\/09\/retina-auge-typo.svg\",\"contentUrl\":\"https:\/\/retina.ch\/wp-content\/uploads\/2020\/09\/retina-auge-typo.svg\",\"width\":\"1024\",\"height\":\"1024\",\"caption\":\"Retina Suisse\"},\"image\":{\"@id\":\"https:\/\/retina.ch\/fr\/#\/schema\/logo\/image\/\"},\"sameAs\":[\"https:\/\/www.facebook.com\/retinasuisse\/\"]}]}<\/script>\n<!-- \/ Yoast SEO plugin. -->","yoast_head_json":{"title":"Archives &#8226; Retina Suisse","robots":{"index":"index","follow":"follow","max-snippet":"max-snippet:-1","max-image-preview":"max-image-preview:large","max-video-preview":"max-video-preview:-1"},"canonical":"https:\/\/retina.ch\/fr\/archives\/","og_locale":"fr_FR","og_type":"article","og_title":"Archives &#8226; Retina Suisse","og_url":"https:\/\/retina.ch\/fr\/archives\/","og_site_name":"Retina Suisse","article_publisher":"https:\/\/www.facebook.com\/retinasuisse\/","article_modified_time":"2023-11-07T16:09:32+00:00","twitter_card":"summary_large_image","twitter_misc":{"Dur\u00e9e de lecture estim\u00e9e":"1 minute"},"schema":{"@context":"https:\/\/schema.org","@graph":[{"@type":"WebPage","@id":"https:\/\/retina.ch\/fr\/archives\/","url":"https:\/\/retina.ch\/fr\/archives\/","name":"Archives &#8226; Retina Suisse","isPartOf":{"@id":"https:\/\/retina.ch\/fr\/#website"},"datePublished":"2020-11-08T16:51:24+00:00","dateModified":"2023-11-07T16:09:32+00:00","breadcrumb":{"@id":"https:\/\/retina.ch\/fr\/archives\/#breadcrumb"},"inLanguage":"fr-FR","potentialAction":[{"@type":"ReadAction","target":["https:\/\/retina.ch\/fr\/archives\/"]}]},{"@type":"BreadcrumbList","@id":"https:\/\/retina.ch\/fr\/archives\/#breadcrumb","itemListElement":[{"@type":"ListItem","position":1,"name":"Retina Suisse","item":"https:\/\/retina.ch\/fr\/"},{"@type":"ListItem","position":2,"name":"Archives"}]},{"@type":"WebSite","@id":"https:\/\/retina.ch\/fr\/#website","url":"https:\/\/retina.ch\/fr\/","name":"Retina Suisse","description":"Retina Suisse ist die Vereinigung von Patientinnen und Patienten mit Retinitis pigmentosa (RP), Makuladegeneration, Usher-Syndrom und anderen Erkrankungen des Augenhintergrundes.","publisher":{"@id":"https:\/\/retina.ch\/fr\/#organization"},"potentialAction":[{"@type":"SearchAction","target":{"@type":"EntryPoint","urlTemplate":"https:\/\/retina.ch\/fr\/?s={search_term_string}"},"query-input":{"@type":"PropertyValueSpecification","valueRequired":true,"valueName":"search_term_string"}}],"inLanguage":"fr-FR"},{"@type":"Organization","@id":"https:\/\/retina.ch\/fr\/#organization","name":"Retina Suisse","url":"https:\/\/retina.ch\/fr\/","logo":{"@type":"ImageObject","inLanguage":"fr-FR","@id":"https:\/\/retina.ch\/fr\/#\/schema\/logo\/image\/","url":"https:\/\/retina.ch\/wp-content\/uploads\/2020\/09\/retina-auge-typo.svg","contentUrl":"https:\/\/retina.ch\/wp-content\/uploads\/2020\/09\/retina-auge-typo.svg","width":"1024","height":"1024","caption":"Retina Suisse"},"image":{"@id":"https:\/\/retina.ch\/fr\/#\/schema\/logo\/image\/"},"sameAs":["https:\/\/www.facebook.com\/retinasuisse\/"]}]}},"_links":{"self":[{"href":"https:\/\/retina.ch\/fr\/wp-json\/wp\/v2\/pages\/3515","targetHints":{"allow":["GET"]}}],"collection":[{"href":"https:\/\/retina.ch\/fr\/wp-json\/wp\/v2\/pages"}],"about":[{"href":"https:\/\/retina.ch\/fr\/wp-json\/wp\/v2\/types\/page"}],"author":[{"embeddable":true,"href":"https:\/\/retina.ch\/fr\/wp-json\/wp\/v2\/users\/1"}],"replies":[{"embeddable":true,"href":"https:\/\/retina.ch\/fr\/wp-json\/wp\/v2\/comments?post=3515"}],"version-history":[{"count":1,"href":"https:\/\/retina.ch\/fr\/wp-json\/wp\/v2\/pages\/3515\/revisions"}],"predecessor-version":[{"id":11904,"href":"https:\/\/retina.ch\/fr\/wp-json\/wp\/v2\/pages\/3515\/revisions\/11904"}],"wp:attachment":[{"href":"https:\/\/retina.ch\/fr\/wp-json\/wp\/v2\/media?parent=3515"}],"curies":[{"name":"wp","href":"https:\/\/api.w.org\/{rel}","templated":true}]}}