{"id":485,"date":"2023-04-23T14:22:34","date_gmt":"2023-04-23T12:22:34","guid":{"rendered":"https:\/\/dev.retina.ch\/?page_id=485"},"modified":"2026-03-09T16:19:11","modified_gmt":"2026-03-09T15:19:11","slug":"retina-suisse","status":"publish","type":"page","link":"https:\/\/retina.ch\/fr\/","title":{"rendered":""},"content":{"rendered":"\n<div class=\"wp-block-nk-awb nk-awb alignfull hightlightbox nk-awb-zwHI3\" style=\"padding-top:150px;padding-bottom:150px\"><div class=\"nk-awb-wrap\" data-awb-type=\"image\" data-awb-image-background-size=\"cover\" data-awb-image-background-position=\"50% 83%\"><div class=\"nk-awb-inner\"><img loading=\"lazy\" decoding=\"async\" src=\"https:\/\/retina.ch\/wp-content\/uploads\/2024\/03\/led-lights4-scaled.jpg\" class=\"wp-image-15980 jarallax-img\" width=\"2560\" height=\"1707\" ><\/div><\/div><div class=\"nk-awb-wrap-content is-layout-constrained wp-block-nk-awb-is-layout-constrained\">\n<div class=\"wp-block-group outerbox\"><div class=\"wp-block-group__inner-container is-layout-constrained wp-block-group-is-layout-constrained\">\n<div class=\"wp-block-group innerbox has-yellow-background-color has-background\"><div class=\"wp-block-group__inner-container is-layout-constrained wp-block-group-is-layout-constrained\">\n<p class=\"has-text-align-center has-black-color has-text-color has-x-large-font-size\">Pour sauver la vue<\/p>\n\n\n\n<p class=\"has-text-align-center has-black-color has-text-color has-medium-font-size\">Nous informons et conseillons. Sur des bases scientifiques. <\/p>\n<\/div><\/div>\n<\/div><\/div>\n<\/div><\/div>\n\n\n\n<div style=\"height:0px\" aria-hidden=\"true\" class=\"wp-block-spacer\"><\/div>\n\n\n\n<p>Nous informons sur les maladies de la r\u00e9tine, mais aussi sur les maladies de l\u2019\u0153il, telles que la cataracte et le glaucome, tout comme sur les \u00e9ventuelles th\u00e9rapies. <\/p>\n\n\n\n<p>Par ailleurs, nous proposons des entretiens conseils bas\u00e9s sur des connaissances m\u00e9dicales et scientifiques.<\/p>\n\n\n\n<div style=\"height:50px\" aria-hidden=\"true\" class=\"wp-block-spacer\"><\/div>\n\n\n\n<div class=\"wp-block-columns icon-block is-layout-flex wp-container-core-columns-is-layout-9d6595d7 wp-block-columns-is-layout-flex\">\n<div class=\"wp-block-column is-layout-flow wp-block-column-is-layout-flow\"><span class='maxbutton-3-container mb-container'><a class=\"maxbutton-3 maxbutton maxbutton-retina-suisse-mitgliedschaft\" title=\"Retina Suisse Mitgliedschaft\" href=\"\/fr\/adhesion\/\" data-maxbuttoncounter=\"{&quot;button_id&quot;:&quot;3&quot;,&quot;url&quot;:&quot;\\\/fr\\\/adhesion\\\/&quot;,&quot;check&quot;:&quot;oasLYUVT&quot;}\" data-maxbuttonpage=\"{&quot;id&quot;:485,&quot;type&quot;:&quot;page&quot;}\"><span class=\"mb-icon\"><img loading=\"lazy\" decoding=\"async\" class=\"mb-img\" src=\"https:\/\/retina.ch\/wp-content\/uploads\/2020\/10\/icon-users.png\" title=\"icon-users\" width=\"640\" height=\"512\"   border=\"0\" \/><\/span><span class=\"mb-icon-hover\"><img loading=\"lazy\" decoding=\"async\" class=\"mb-img-hover\" src=\"https:\/\/retina.ch\/wp-content\/uploads\/2020\/10\/icon-users-yellow.png\" title=\"icon-users\" width=\"640\" height=\"512\"   border=\"0\" \/><\/span><span class='mb-text' >Adh\u00e9rer \u00e0<\/span><span class=\"mb-text2\"  >Retina Suisse<\/span><\/a><\/span>\n<\/div>\n\n\n\n<div class=\"wp-block-column is-layout-flow wp-block-column-is-layout-flow\"><span class='maxbutton-2-container mb-container'><a class=\"maxbutton-2 maxbutton maxbutton-newsletter-anmelden\" title=\"Newsletter Anmelden\" href=\"\/fr\/contact\/newsletter\/\" data-maxbuttoncounter=\"{&quot;button_id&quot;:&quot;2&quot;,&quot;url&quot;:&quot;\\\/fr\\\/contact\\\/newsletter\\\/&quot;,&quot;check&quot;:&quot;3wCKxZNW&quot;}\" data-maxbuttonpage=\"{&quot;id&quot;:485,&quot;type&quot;:&quot;page&quot;}\"><span class=\"mb-icon\"><img loading=\"lazy\" decoding=\"async\" class=\"mb-img\" src=\"https:\/\/retina.ch\/wp-content\/uploads\/2020\/10\/icon-comment-edit.png\" title=\"icon-comment-edit\" width=\"512\" height=\"512\"   border=\"0\" \/><\/span><span class=\"mb-icon-hover\"><img loading=\"lazy\" decoding=\"async\" class=\"mb-img-hover\" src=\"https:\/\/retina.ch\/wp-content\/uploads\/2020\/10\/icon-comment-edit-yellow.png\" title=\"icon-comment-edit\" width=\"512\" height=\"512\"   border=\"0\" \/><\/span><span class='mb-text' >S&#039;inscrire \u00e0 la<\/span><span class=\"mb-text2\"  >newsletter<\/span><\/a><\/span>\n<\/div>\n\n\n\n<div class=\"wp-block-column is-layout-flow wp-block-column-is-layout-flow\"><span class='maxbutton-4-container mb-container'><a class=\"maxbutton-4 maxbutton maxbutton-jede-spende-zahlt\" title=\"Jede Spende z\u00e4hlt!\" href=\"\/fr\/dons\/\" data-maxbuttoncounter=\"{&quot;button_id&quot;:&quot;4&quot;,&quot;url&quot;:&quot;\\\/fr\\\/dons\\\/&quot;,&quot;check&quot;:&quot;mT-6ZKJb&quot;}\" data-maxbuttonpage=\"{&quot;id&quot;:485,&quot;type&quot;:&quot;page&quot;}\"><span class=\"mb-icon\"><img loading=\"lazy\" decoding=\"async\" class=\"mb-img\" src=\"https:\/\/retina.ch\/wp-content\/uploads\/2020\/10\/icon-hand-heart.png\" title=\"icon-hand-heart\" width=\"448\" height=\"512\"   border=\"0\" \/><\/span><span class=\"mb-icon-hover\"><img loading=\"lazy\" decoding=\"async\" class=\"mb-img-hover\" src=\"https:\/\/retina.ch\/wp-content\/uploads\/2020\/10\/icon-hand-heart-yellow.png\" title=\"icon-hand-heart\" width=\"448\" height=\"512\"   border=\"0\" \/><\/span><span class='mb-text' >Chaque don<\/span><span class=\"mb-text2\"  >compte !<\/span><\/a><\/span>\n<\/div>\n<\/div>\n\n\n\n<div style=\"height:50px\" aria-hidden=\"true\" class=\"wp-block-spacer\"><\/div>\n\n\n\n<p>Retina Suisse est l\u2019association de patients affect\u00e9s de r\u00e9tinite pigmentaire (RP), de d\u00e9g\u00e9n\u00e9rescence maculaire, du syndrome d\u2019Usher et d\u2019autres maladies du fond de l\u2019\u0153il.<\/p>\n\n\n\n<p><a href=\"https:\/\/retina.ch\/fr\/organisation\/\">Ce que nous faisons pr\u00e9cis\u00e9ment<\/a><\/p>\n\n\n\n<div class=\"wp-block-nk-awb nk-awb alignfull hightlightbox nomargtop\"><div class=\"nk-awb-wrap\" data-awb-type=\"color\"><div class=\"nk-awb-overlay\" style=\"background: #fff9bf;\"><\/div><\/div><div class=\"nk-awb-wrap-content is-layout-constrained wp-block-nk-awb-is-layout-constrained\">\n<div class=\"wp-block-group\"><div class=\"wp-block-group__inner-container is-layout-flow wp-block-group-is-layout-flow\">\t\t<div class=\"archive-flxbx\">\n\t\t\n<article id=\"post-26264\" class=\"post-26264 ratgeber type-ratgeber status-publish has-post-thumbnail hentry category-highlight-fr category-recherche\">\n\n\t\t\n\t<div class=\"archive-icon\">\n\t<\/div>\n\t\n\t<a href=\"https:\/\/retina.ch\/fr\/conseils\/premiere-possibilite-de-traitement-pour-la-maladie-de-la-retine-mactel-2\/\">\n\t<div class=\"archive-date\">\n\t\t<!-- Date  -->\n\t\t<!-- Time  -->\t<\/div><!-- archive-date -->\n\n\t<header class=\"entry-header\">\n\t\t<h2 class=\"entry-title\">Premi\u00e8re possibilit\u00e9 de traitement pour la maladie de la r\u00e9tine MacTel-2<\/h2>\t<\/header><!-- .entry-header -->\n\t<\/a>\n\t\n\t\t\t<a class=\"post-thumbnail\" href=\"https:\/\/retina.ch\/fr\/conseils\/premiere-possibilite-de-traitement-pour-la-maladie-de-la-retine-mactel-2\/\" aria-hidden=\"true\" tabindex=\"-1\">\n\t\t\t\t<figure class=\"wp-caption fsmcfi-fig featured\"><img loading=\"lazy\" decoding=\"async\" width=\"2560\" height=\"1703\" src=\"https:\/\/retina.ch\/wp-content\/uploads\/2026\/03\/Retina-doctor-testing-patient-eyesight-Freepik-scaled.jpg\" class=\"attachment-post-thumbnail size-post-thumbnail wp-post-image\" alt=\"Premi\u00e8re possibilit\u00e9 de traitement pour la maladie de la r\u00e9tine MacTel-2\" srcset=\"https:\/\/retina.ch\/wp-content\/uploads\/2026\/03\/Retina-doctor-testing-patient-eyesight-Freepik-scaled.jpg 2560w, https:\/\/retina.ch\/wp-content\/uploads\/2026\/03\/Retina-doctor-testing-patient-eyesight-Freepik-400x266.jpg 400w, https:\/\/retina.ch\/wp-content\/uploads\/2026\/03\/Retina-doctor-testing-patient-eyesight-Freepik-1400x931.jpg 1400w, https:\/\/retina.ch\/wp-content\/uploads\/2026\/03\/Retina-doctor-testing-patient-eyesight-Freepik-500x333.jpg 500w, https:\/\/retina.ch\/wp-content\/uploads\/2026\/03\/Retina-doctor-testing-patient-eyesight-Freepik-768x511.jpg 768w, https:\/\/retina.ch\/wp-content\/uploads\/2026\/03\/Retina-doctor-testing-patient-eyesight-Freepik-1536x1022.jpg 1536w, https:\/\/retina.ch\/wp-content\/uploads\/2026\/03\/Retina-doctor-testing-patient-eyesight-Freepik-2048x1363.jpg 2048w, https:\/\/retina.ch\/wp-content\/uploads\/2026\/03\/Retina-doctor-testing-patient-eyesight-Freepik-800x532.jpg 800w, https:\/\/retina.ch\/wp-content\/uploads\/2026\/03\/Retina-doctor-testing-patient-eyesight-Freepik-1280x852.jpg 1280w, https:\/\/retina.ch\/wp-content\/uploads\/2026\/03\/Retina-doctor-testing-patient-eyesight-Freepik-1920x1277.jpg 1920w\" sizes=\"auto, (max-width: 2560px) 100vw, 2560px\" \/><\/figure>\t\t\t<\/a>\n\n\t\t\t\n\t<div class=\"archive-details\">\n\t\t\t\n\t\t<!-- Place  -->\n\t\t\t\t\n\t<\/div>\n\n\t<div class=\"entry-content\">\n\t\n\t\t\n\t\t\n\t\t<p>La prot\u00e9ine endog\u00e8ne CNTF stimule notam\u00adment le d\u00e9veloppement des cellules r\u00e9tiniennes. Des \u00e9tudes men\u00e9es aux \u00c9tats-Unis ont mis en \u00e9vidence la possibilit\u00e9 d\u2019un traitement bas\u00e9 sur cette prot\u00e9ine, en particulier pour la t\u00e9langiec\u00adtasie maculaire de type 2, une maladie de la r\u00e9\u00adtine.<\/p>\n\t\t\n\t\t<a href=\"https:\/\/retina.ch\/fr\/conseils\/premiere-possibilite-de-traitement-pour-la-maladie-de-la-retine-mactel-2\/\" class=\"btn\">suite<\/a>\n\t\t\n\t<\/div><!-- .entry-content -->\n\t\n<\/article><!-- #post-26264 -->\n        <\/div><!-- .flxbx -->\n        \n<\/div><\/div>\n<\/div><\/div>\n\n\n\n<p><\/p>\n\n\n\n<div class=\"wp-block-columns is-layout-flex wp-container-core-columns-is-layout-9d6595d7 wp-block-columns-is-layout-flex\">\n<div class=\"wp-block-column hightlightbox is-layout-flow wp-block-column-is-layout-flow\">\n<h4 class=\"wp-block-heading\">Actualit\u00e9s<\/h4>\n\n\n\t\t<div class=\"archive-flxbx\">\n\t\t\n<article id=\"post-25960\" class=\"post-25960 aktuelles type-aktuelles status-publish has-post-thumbnail hentry category-communication-aux-medias category-conseils category-medecine\">\n\n\t\t\n\t<div class=\"archive-icon\">\n\t<\/div>\n\t\n\t<a href=\"https:\/\/retina.ch\/fr\/actualites\/traiter-les-maladies-oculaires-avec-des-biosimilaires-pourquoi-ce-changement-soudain-les-forfaits-par-cas-ambulatoire-nempechent-pas-les-patients-de-faire-valoir-leurs-droits\/\">\n\t<div class=\"archive-date\">\n\t\t<!-- Date  -->\n\t\t<!-- Time  -->\t<\/div><!-- archive-date -->\n\n\t<header class=\"entry-header\">\n\t\t<h2 class=\"entry-title\">Traiter les maladies oculaires avec des biosimilaires, pourquoi ce changement soudain\u00a0? Les forfaits par cas ambulatoire n\u2019emp\u00eachent pas les patients de faire valoir leurs droits.<\/h2>\t<\/header><!-- .entry-header -->\n\t<\/a>\n\t\n\t\t\t<a class=\"post-thumbnail\" href=\"https:\/\/retina.ch\/fr\/actualites\/traiter-les-maladies-oculaires-avec-des-biosimilaires-pourquoi-ce-changement-soudain-les-forfaits-par-cas-ambulatoire-nempechent-pas-les-patients-de-faire-valoir-leurs-droits\/\" aria-hidden=\"true\" tabindex=\"-1\">\n\t\t\t\t<figure class=\"wp-caption fsmcfi-fig featured\"><img loading=\"lazy\" decoding=\"async\" width=\"900\" height=\"1350\" src=\"https:\/\/retina.ch\/wp-content\/uploads\/2026\/03\/Medicine-e1773217330739.png\" class=\"attachment-post-thumbnail size-post-thumbnail wp-post-image\" alt=\"Traiter les maladies oculaires avec des biosimilaires, pourquoi ce changement soudain\u00a0? Les forfaits par cas ambulatoire n\u2019emp\u00eachent pas les patients de faire valoir leurs droits.\" \/><\/figure>\t\t\t<\/a>\n\n\t\t\t\n\t<div class=\"archive-details\">\n\t\t\t\n\t\t<!-- Place  -->\n\t\t\t\t\n\t<\/div>\n\n\t<div class=\"entry-content\">\n\t\n\t\t\n\t\t\n\t\t<p>Les forfaits par cas ambulatoire nouvellement mis en place s\u2019appliquent aussi aux traitements ophtalmologiques. Les m\u00e9decins peuvent par cons\u00e9quent proposer, \u00e0 la place d\u2019un m\u00e9dicament original, un m\u00e9dicament moins cher faisant partie de la cat\u00e9gorie des biosimilaires. <\/p>\n\t\t\n\t\t<a href=\"https:\/\/retina.ch\/fr\/actualites\/traiter-les-maladies-oculaires-avec-des-biosimilaires-pourquoi-ce-changement-soudain-les-forfaits-par-cas-ambulatoire-nempechent-pas-les-patients-de-faire-valoir-leurs-droits\/\" class=\"btn\">suite<\/a>\n\t\t\n\t<\/div><!-- .entry-content -->\n\t\n<\/article><!-- #post-25960 -->\n        <\/div><!-- .flxbx -->\n        \n\n\n\n<p><a href=\"https:\/\/retina.ch\/fr\/actualites\/\">Plus d&rsquo;actualit\u00e9s<\/a><\/p>\n<\/div>\n\n\n\n<div class=\"wp-block-column hightlightbox is-layout-flow wp-block-column-is-layout-flow\">\n<h4 class=\"wp-block-heading\">Agenda<\/h4>\n\n\n\t\t<div class=\"archive-flxbx\">\n\t\t\n<article id=\"post-26425\" class=\"post-26425 agenda type-agenda status-publish has-post-thumbnail hentry\">\n\n\t\t\n\t<div class=\"archive-icon\">\n\t<\/div>\n\t\n\t<a href=\"https:\/\/retina.ch\/fr\/agenda\/rencontre-pour-les-nouveaux-membres-3\/\">\n\t<div class=\"archive-date\">\n\t\t<!-- Date  -->\n\t\t09.05.2026<!-- Time  -->, 14h00 - 16h00\t<\/div><!-- archive-date -->\n\n\t<header class=\"entry-header\">\n\t\t<h2 class=\"entry-title\">Rencontre pour les nouveaux membres<\/h2>\t<\/header><!-- .entry-header -->\n\t<\/a>\n\t\n\t\t\t<a class=\"post-thumbnail\" href=\"https:\/\/retina.ch\/fr\/agenda\/rencontre-pour-les-nouveaux-membres-3\/\" aria-hidden=\"true\" tabindex=\"-1\">\n\t\t\t\t<figure class=\"wp-caption fsmcfi-fig featured\"><img loading=\"lazy\" decoding=\"async\" width=\"2560\" height=\"1707\" src=\"https:\/\/retina.ch\/wp-content\/uploads\/2026\/03\/pexels-fauxels-3184308-scaled.jpg\" class=\"attachment-post-thumbnail size-post-thumbnail wp-post-image\" alt=\"Rencontre pour les nouveaux membres\" srcset=\"https:\/\/retina.ch\/wp-content\/uploads\/2026\/03\/pexels-fauxels-3184308-scaled.jpg 2560w, https:\/\/retina.ch\/wp-content\/uploads\/2026\/03\/pexels-fauxels-3184308-400x267.jpg 400w, https:\/\/retina.ch\/wp-content\/uploads\/2026\/03\/pexels-fauxels-3184308-1400x933.jpg 1400w, https:\/\/retina.ch\/wp-content\/uploads\/2026\/03\/pexels-fauxels-3184308-500x333.jpg 500w, https:\/\/retina.ch\/wp-content\/uploads\/2026\/03\/pexels-fauxels-3184308-768x512.jpg 768w, https:\/\/retina.ch\/wp-content\/uploads\/2026\/03\/pexels-fauxels-3184308-1536x1024.jpg 1536w, https:\/\/retina.ch\/wp-content\/uploads\/2026\/03\/pexels-fauxels-3184308-2048x1365.jpg 2048w, https:\/\/retina.ch\/wp-content\/uploads\/2026\/03\/pexels-fauxels-3184308-800x533.jpg 800w, https:\/\/retina.ch\/wp-content\/uploads\/2026\/03\/pexels-fauxels-3184308-1280x853.jpg 1280w, https:\/\/retina.ch\/wp-content\/uploads\/2026\/03\/pexels-fauxels-3184308-1920x1280.jpg 1920w\" sizes=\"auto, (max-width: 2560px) 100vw, 2560px\" \/><\/figure>\t\t\t<\/a>\n\n\t\t\t\n\t<div class=\"archive-details\">\n\t\t\t\n\t\t<!-- Place  -->\n\t\t\t\t<div>\t\t\t\t\t \n\t\t\t\t\t\t\t\t\tH\u00f4pital ophtalmique Jules-Gonin, salle Braille 1 et2, Av. de France 15, 1004 Lausanne<br\/>\n\t\t\t\t\t\t\t\n\t\t\t\t\t<\/div>\n\t\t\t\t\n\t<\/div>\n\n\t<div class=\"entry-content\">\n\t\n\t\t\n\t\t\n\t\t<p>Le 9 mai 2026, nous offrons \u00e0 nos nouveaux membres l\u2019opportunit\u00e9 de faire connaissance avec notre association et nos services dans une ambiance d\u00e9contract\u00e9e, ainsi que de poser leurs questions en personne. Ils auront \u00e9galement la possibilit\u00e9 d\u2019\u00e9changer avec d\u2019autres personnes concern\u00e9es.<\/p>\n\t\t\n\t\t<a href=\"https:\/\/retina.ch\/fr\/agenda\/rencontre-pour-les-nouveaux-membres-3\/\" class=\"btn\">suite<\/a>\n\t\t\n\t<\/div><!-- .entry-content -->\n\t\n<\/article><!-- #post-26425 -->\n        <\/div><!-- .flxbx -->\n        \n\n\n\n<p><a href=\"https:\/\/retina.ch\/fr\/agenda\/\">Plus d&rsquo;\u00e9v\u00e9nements<\/a><\/p>\n<\/div>\n<\/div>\n\n\n\n<div style=\"height:40px\" aria-hidden=\"true\" class=\"wp-block-spacer\"><\/div>\n\n\n\n<div class=\"wp-block-columns has-yellowlight-background-color has-background is-layout-flex wp-container-core-columns-is-layout-9d6595d7 wp-block-columns-is-layout-flex\">\n<div class=\"wp-block-column hightlightbox is-layout-flow wp-block-column-is-layout-flow\">\n<h4 class=\"wp-block-heading\">Conseils<\/h4>\n\n\n\t\t<div class=\"archive-flxbx\">\n\t\t\n<article id=\"post-25960\" class=\"post-25960 aktuelles type-aktuelles status-publish has-post-thumbnail hentry category-communication-aux-medias category-conseils category-medecine\">\n\n\t\t\n\t<div class=\"archive-icon\">\n\t<\/div>\n\t\n\t<a href=\"https:\/\/retina.ch\/fr\/actualites\/traiter-les-maladies-oculaires-avec-des-biosimilaires-pourquoi-ce-changement-soudain-les-forfaits-par-cas-ambulatoire-nempechent-pas-les-patients-de-faire-valoir-leurs-droits\/\">\n\t<div class=\"archive-date\">\n\t\t<!-- Date  -->\n\t\t<!-- Time  -->\t<\/div><!-- archive-date -->\n\n\t<header class=\"entry-header\">\n\t\t<h2 class=\"entry-title\">Traiter les maladies oculaires avec des biosimilaires, pourquoi ce changement soudain\u00a0? Les forfaits par cas ambulatoire n\u2019emp\u00eachent pas les patients de faire valoir leurs droits.<\/h2>\t<\/header><!-- .entry-header -->\n\t<\/a>\n\t\n\t\t\t<a class=\"post-thumbnail\" href=\"https:\/\/retina.ch\/fr\/actualites\/traiter-les-maladies-oculaires-avec-des-biosimilaires-pourquoi-ce-changement-soudain-les-forfaits-par-cas-ambulatoire-nempechent-pas-les-patients-de-faire-valoir-leurs-droits\/\" aria-hidden=\"true\" tabindex=\"-1\">\n\t\t\t\t<figure class=\"wp-caption fsmcfi-fig featured\"><img loading=\"lazy\" decoding=\"async\" width=\"900\" height=\"1350\" src=\"https:\/\/retina.ch\/wp-content\/uploads\/2026\/03\/Medicine-e1773217330739.png\" class=\"attachment-post-thumbnail size-post-thumbnail wp-post-image\" alt=\"Traiter les maladies oculaires avec des biosimilaires, pourquoi ce changement soudain\u00a0? Les forfaits par cas ambulatoire n\u2019emp\u00eachent pas les patients de faire valoir leurs droits.\" \/><\/figure>\t\t\t<\/a>\n\n\t\t\t\n\t<div class=\"archive-details\">\n\t\t\t\n\t\t<!-- Place  -->\n\t\t\t\t\n\t<\/div>\n\n\t<div class=\"entry-content\">\n\t\n\t\t\n\t\t\n\t\t<p>Les forfaits par cas ambulatoire nouvellement mis en place s\u2019appliquent aussi aux traitements ophtalmologiques. Les m\u00e9decins peuvent par cons\u00e9quent proposer, \u00e0 la place d\u2019un m\u00e9dicament original, un m\u00e9dicament moins cher faisant partie de la cat\u00e9gorie des biosimilaires. <\/p>\n\t\t\n\t\t<a href=\"https:\/\/retina.ch\/fr\/actualites\/traiter-les-maladies-oculaires-avec-des-biosimilaires-pourquoi-ce-changement-soudain-les-forfaits-par-cas-ambulatoire-nempechent-pas-les-patients-de-faire-valoir-leurs-droits\/\" class=\"btn\">suite<\/a>\n\t\t\n\t<\/div><!-- .entry-content -->\n\t\n<\/article><!-- #post-25960 -->\n        <\/div><!-- .flxbx -->\n        \n\n\n\n<p><a href=\"\/fr\/?page_id=11017\">Plus d&rsquo;articles<\/a><\/p>\n<\/div>\n\n\n\n<div class=\"wp-block-column hightlightbox is-layout-flow wp-block-column-is-layout-flow\">\n<h4 class=\"wp-block-heading\">Recherche<\/h4>\n\n\n\t\t<div class=\"archive-flxbx\">\n\t\t\n<article id=\"post-26337\" class=\"post-26337 ratgeber type-ratgeber status-publish has-post-thumbnail hentry category-recherche\">\n\n\t\t\n\t<div class=\"archive-icon\">\n\t<\/div>\n\t\n\t<a href=\"https:\/\/retina.ch\/fr\/conseils\/un-nouvel-outil-moleculaire-qui-a-fait-ses-preuves-chez-les-souris-pourrait-corriger-les-anomalies-genetiques-oculaires-avec-plus-de-precision\/\">\n\t<div class=\"archive-date\">\n\t\t<!-- Date  -->\n\t\t<!-- Time  -->\t<\/div><!-- archive-date -->\n\n\t<header class=\"entry-header\">\n\t\t<h2 class=\"entry-title\">Un nouvel outil de transport mol\u00e9culaire, qui a fait ses preuves chez les souris, pourrait aider \u00e0 corriger les anomalies g\u00e9n\u00e9tiques oculaires avec plus de pr\u00e9cision<\/h2>\t<\/header><!-- .entry-header -->\n\t<\/a>\n\t\n\t\t\t<a class=\"post-thumbnail\" href=\"https:\/\/retina.ch\/fr\/conseils\/un-nouvel-outil-moleculaire-qui-a-fait-ses-preuves-chez-les-souris-pourrait-corriger-les-anomalies-genetiques-oculaires-avec-plus-de-precision\/\" aria-hidden=\"true\" tabindex=\"-1\">\n\t\t\t\t<figure class=\"wp-caption fsmcfi-fig featured\"><img loading=\"lazy\" decoding=\"async\" width=\"900\" height=\"600\" src=\"https:\/\/retina.ch\/wp-content\/uploads\/2026\/03\/DNA_Strand_yellowdot-e1774428159320.png\" class=\"attachment-post-thumbnail size-post-thumbnail wp-post-image\" alt=\"Un nouvel outil de transport mol\u00e9culaire, qui a fait ses preuves chez les souris, pourrait aider \u00e0 corriger les anomalies g\u00e9n\u00e9tiques oculaires avec plus de pr\u00e9cision\" srcset=\"https:\/\/retina.ch\/wp-content\/uploads\/2026\/03\/DNA_Strand_yellowdot-e1774428159320.png 900w, https:\/\/retina.ch\/wp-content\/uploads\/2026\/03\/DNA_Strand_yellowdot-e1774428159320-400x267.png 400w, https:\/\/retina.ch\/wp-content\/uploads\/2026\/03\/DNA_Strand_yellowdot-e1774428159320-500x333.png 500w, https:\/\/retina.ch\/wp-content\/uploads\/2026\/03\/DNA_Strand_yellowdot-e1774428159320-768x512.png 768w, https:\/\/retina.ch\/wp-content\/uploads\/2026\/03\/DNA_Strand_yellowdot-e1774428159320-800x533.png 800w\" sizes=\"auto, (max-width: 900px) 100vw, 900px\" \/><\/figure>\t\t\t<\/a>\n\n\t\t\t\n\t<div class=\"archive-details\">\n\t\t\t\n\t\t<!-- Place  -->\n\t\t\t\t\n\t<\/div>\n\n\t<div class=\"entry-content\">\n\t\n\t\t\n\t\t\n\t\t<p>Dans le domaine de la d\u00e9g\u00e9n\u00e9rescence r\u00e9tinienne, des recherches intensives sont men\u00e9es sur la m\u00e9thode th\u00e9rapeutique dite d\u2019\u00ab\u00a0\u00e9dition g\u00e9n\u00e9tique\u00a0\u00bb, qui agit directement sur les g\u00e8nes d\u00e9fectueux. Des chercheurs ont d\u00e9sormais con\u00e7u une m\u00e9thode in\u00e9dite permettant des corrections pr\u00e9cises.<\/p>\n\t\t\n\t\t<a href=\"https:\/\/retina.ch\/fr\/conseils\/un-nouvel-outil-moleculaire-qui-a-fait-ses-preuves-chez-les-souris-pourrait-corriger-les-anomalies-genetiques-oculaires-avec-plus-de-precision\/\" class=\"btn\">suite<\/a>\n\t\t\n\t<\/div><!-- .entry-content -->\n\t\n<\/article><!-- #post-26337 -->\n        <\/div><!-- .flxbx -->\n        \n\n\n\n<p><a href=\"https:\/\/retina.ch\/fr\/recherche\/\">Plus d&rsquo;articles<\/a><\/p>\n<\/div>\n<\/div>\n\n\n\n<hr class=\"wp-block-separator has-alpha-channel-opacity\"\/>\n\n\n\n<h2 class=\"wp-block-heading\">Nous sommes Retina Suisse!<\/h2>\n\n\n\n<p>Retina Suisse est l\u2019association de patients affect\u00e9s de r\u00e9tinite pigmentaire (RP), de d\u00e9g\u00e9n\u00e9rescence maculaire, du syndrome d\u2019Usher et d\u2019autres maladies du fond de l\u2019\u0153il.<\/p>\n\n\n\n<div style=\"height:18px\" aria-hidden=\"true\" class=\"wp-block-spacer\"><\/div>\n\n\n\n<figure class=\"wp-block-image size-large\"><img loading=\"lazy\" decoding=\"async\" width=\"1175\" height=\"1400\" src=\"https:\/\/retina.ch\/wp-content\/uploads\/2026\/01\/Mitarbeitende-6_gelbe-Brille-1175x1400.jpg\" alt=\"Les collaborateurs et la directrice g\u00e9n\u00e9rale Susanne Trudel envisagent l'avenir avec confiance. Tous portent des lunettes de soleil jaunes.\" class=\"wp-image-24807\" srcset=\"https:\/\/retina.ch\/wp-content\/uploads\/2026\/01\/Mitarbeitende-6_gelbe-Brille-1175x1400.jpg 1175w, https:\/\/retina.ch\/wp-content\/uploads\/2026\/01\/Mitarbeitende-6_gelbe-Brille-336x400.jpg 336w, https:\/\/retina.ch\/wp-content\/uploads\/2026\/01\/Mitarbeitende-6_gelbe-Brille-420x500.jpg 420w, https:\/\/retina.ch\/wp-content\/uploads\/2026\/01\/Mitarbeitende-6_gelbe-Brille-768x915.jpg 768w, https:\/\/retina.ch\/wp-content\/uploads\/2026\/01\/Mitarbeitende-6_gelbe-Brille-1289x1536.jpg 1289w, https:\/\/retina.ch\/wp-content\/uploads\/2026\/01\/Mitarbeitende-6_gelbe-Brille-1719x2048.jpg 1719w, https:\/\/retina.ch\/wp-content\/uploads\/2026\/01\/Mitarbeitende-6_gelbe-Brille-500x596.jpg 500w, https:\/\/retina.ch\/wp-content\/uploads\/2026\/01\/Mitarbeitende-6_gelbe-Brille-800x953.jpg 800w, https:\/\/retina.ch\/wp-content\/uploads\/2026\/01\/Mitarbeitende-6_gelbe-Brille-1280x1525.jpg 1280w, https:\/\/retina.ch\/wp-content\/uploads\/2026\/01\/Mitarbeitende-6_gelbe-Brille-1920x2288.jpg 1920w\" sizes=\"auto, (max-width: 1175px) 100vw, 1175px\" \/><\/figure>\n\n\n\n<p>Retina Suisse \u00e9taye son activit\u00e9 d\u2019information sur des connaissances scientifiques prouv\u00e9es et est assist\u00e9e d\u2019un conseil m\u00e9dico-scientifique; elle dispense informations et conseils aux personnes concern\u00e9es et \u00e0 leurs proches et informe le grand public.<\/p>\n\n\n\n<p>Elle stimule l\u2019\u00e9change d\u2019exp\u00e9riences et encourage l\u2019entraide entre ses adh\u00e9rents; elle encourage la recherche scientifique afin que soit trouv\u00e9 un traitement aux d\u00e9g\u00e9n\u00e9rescences r\u00e9tiniennes qui, \u00e0 ce jour, sont encore incurables ou qui ne peuvent \u00eatre trait\u00e9es que partiellement.<\/p>\n\n\n\n<p><a href=\"https:\/\/retina.ch\/fr\/organisation\/\">Pour en savoir plus<\/a><\/p>\n","protected":false},"excerpt":{"rendered":"<p>Nous informons sur les maladies de la r\u00e9tine, mais aussi sur les maladies de l\u2019\u0153il, telles que la cataracte et le glaucome, tout comme sur les \u00e9ventuelles th\u00e9rapies. Par ailleurs, nous proposons des entretiens conseils bas\u00e9s sur des connaissances m\u00e9dicales et scientifiques. Retina Suisse est l\u2019association de patients affect\u00e9s de r\u00e9tinite pigmentaire (RP), de d\u00e9g\u00e9n\u00e9rescence &#8230;<\/p>\n","protected":false},"author":1,"featured_media":0,"parent":0,"menu_order":5,"comment_status":"closed","ping_status":"closed","template":"","meta":{"_acf_changed":false,"inline_featured_image":false,"_FSMCFIC_featured_image_caption":"","_FSMCFIC_featured_image_nocaption":"","_FSMCFIC_featured_image_hide":"","footnotes":"","_links_to":"","_links_to_target":""},"class_list":["post-485","page","type-page","status-publish","hentry"],"acf":[],"yoast_head":"<!-- This site is optimized with the Yoast SEO plugin v27.1.1 - https:\/\/yoast.com\/product\/yoast-seo-wordpress\/ -->\n<title>Retina Suisse &#8226; Sauver la vue &#8226; R\u00e9tinite Pigmentaire<\/title>\n<meta name=\"description\" content=\"Retina Suisse est l\u2019association de patients affect\u00e9s de r\u00e9tinite pigmentaire (RP) et d\u2019autres maladies du fond de l\u2019\u0153il.\" \/>\n<meta name=\"robots\" content=\"index, follow, max-snippet:-1, max-image-preview:large, max-video-preview:-1\" \/>\n<link rel=\"canonical\" href=\"https:\/\/retina.ch\/fr\/\" \/>\n<meta property=\"og:locale\" content=\"fr_FR\" \/>\n<meta property=\"og:type\" content=\"article\" \/>\n<meta property=\"og:title\" content=\"Retina Suisse &#8226; Sauver la vue &#8226; R\u00e9tinite Pigmentaire\" \/>\n<meta property=\"og:description\" content=\"Retina Suisse est l\u2019association de patients affect\u00e9s de r\u00e9tinite pigmentaire (RP) et d\u2019autres maladies du fond de l\u2019\u0153il.\" \/>\n<meta property=\"og:url\" content=\"https:\/\/retina.ch\/fr\/\" \/>\n<meta property=\"og:site_name\" content=\"Retina Suisse\" \/>\n<meta property=\"article:publisher\" content=\"https:\/\/www.facebook.com\/retinasuisse\/\" \/>\n<meta property=\"article:modified_time\" content=\"2026-03-09T15:19:11+00:00\" \/>\n<meta name=\"twitter:card\" content=\"summary_large_image\" \/>\n<meta name=\"twitter:label1\" content=\"Dur\u00e9e de lecture estim\u00e9e\" \/>\n\t<meta name=\"twitter:data1\" content=\"2 minutes\" \/>\n<script type=\"application\/ld+json\" class=\"yoast-schema-graph\">{\"@context\":\"https:\/\/schema.org\",\"@graph\":[{\"@type\":\"WebPage\",\"@id\":\"https:\/\/retina.ch\/fr\/\",\"url\":\"https:\/\/retina.ch\/fr\/\",\"name\":\"Retina Suisse &#8226; Sauver la vue &#8226; R\u00e9tinite Pigmentaire\",\"isPartOf\":{\"@id\":\"https:\/\/retina.ch\/fr\/#website\"},\"primaryImageOfPage\":{\"@id\":\"https:\/\/retina.ch\/fr\/#primaryimage\"},\"image\":{\"@id\":\"https:\/\/retina.ch\/fr\/#primaryimage\"},\"thumbnailUrl\":\"https:\/\/retina.ch\/wp-content\/uploads\/2024\/03\/led-lights4-scaled.jpg\",\"datePublished\":\"2023-04-23T12:22:34+00:00\",\"dateModified\":\"2026-03-09T15:19:11+00:00\",\"description\":\"Retina Suisse est l\u2019association de patients affect\u00e9s de r\u00e9tinite pigmentaire (RP) et d\u2019autres maladies du fond de l\u2019\u0153il.\",\"inLanguage\":\"fr-FR\",\"potentialAction\":[{\"@type\":\"ReadAction\",\"target\":[\"https:\/\/retina.ch\/fr\/\"]}]},{\"@type\":\"ImageObject\",\"inLanguage\":\"fr-FR\",\"@id\":\"https:\/\/retina.ch\/fr\/#primaryimage\",\"url\":\"https:\/\/retina.ch\/wp-content\/uploads\/2024\/03\/led-lights4-scaled.jpg\",\"contentUrl\":\"https:\/\/retina.ch\/wp-content\/uploads\/2024\/03\/led-lights4-scaled.jpg\"},{\"@type\":\"WebSite\",\"@id\":\"https:\/\/retina.ch\/fr\/#website\",\"url\":\"https:\/\/retina.ch\/fr\/\",\"name\":\"Retina Suisse\",\"description\":\"Retina Suisse ist die Vereinigung von Patientinnen und Patienten mit Retinitis pigmentosa (RP), Makuladegeneration, Usher-Syndrom und anderen Erkrankungen des Augenhintergrundes.\",\"publisher\":{\"@id\":\"https:\/\/retina.ch\/fr\/#organization\"},\"potentialAction\":[{\"@type\":\"SearchAction\",\"target\":{\"@type\":\"EntryPoint\",\"urlTemplate\":\"https:\/\/retina.ch\/fr\/?s={search_term_string}\"},\"query-input\":{\"@type\":\"PropertyValueSpecification\",\"valueRequired\":true,\"valueName\":\"search_term_string\"}}],\"inLanguage\":\"fr-FR\"},{\"@type\":\"Organization\",\"@id\":\"https:\/\/retina.ch\/fr\/#organization\",\"name\":\"Retina Suisse\",\"url\":\"https:\/\/retina.ch\/fr\/\",\"logo\":{\"@type\":\"ImageObject\",\"inLanguage\":\"fr-FR\",\"@id\":\"https:\/\/retina.ch\/fr\/#\/schema\/logo\/image\/\",\"url\":\"https:\/\/retina.ch\/wp-content\/uploads\/2020\/09\/retina-auge-typo.svg\",\"contentUrl\":\"https:\/\/retina.ch\/wp-content\/uploads\/2020\/09\/retina-auge-typo.svg\",\"width\":\"1024\",\"height\":\"1024\",\"caption\":\"Retina Suisse\"},\"image\":{\"@id\":\"https:\/\/retina.ch\/fr\/#\/schema\/logo\/image\/\"},\"sameAs\":[\"https:\/\/www.facebook.com\/retinasuisse\/\"]}]}<\/script>\n<!-- \/ Yoast SEO plugin. -->","yoast_head_json":{"title":"Retina Suisse &#8226; Sauver la vue &#8226; R\u00e9tinite Pigmentaire","description":"Retina Suisse est l\u2019association de patients affect\u00e9s de r\u00e9tinite pigmentaire (RP) et d\u2019autres maladies du fond de l\u2019\u0153il.","robots":{"index":"index","follow":"follow","max-snippet":"max-snippet:-1","max-image-preview":"max-image-preview:large","max-video-preview":"max-video-preview:-1"},"canonical":"https:\/\/retina.ch\/fr\/","og_locale":"fr_FR","og_type":"article","og_title":"Retina Suisse &#8226; Sauver la vue &#8226; R\u00e9tinite Pigmentaire","og_description":"Retina Suisse est l\u2019association de patients affect\u00e9s de r\u00e9tinite pigmentaire (RP) et d\u2019autres maladies du fond de l\u2019\u0153il.","og_url":"https:\/\/retina.ch\/fr\/","og_site_name":"Retina Suisse","article_publisher":"https:\/\/www.facebook.com\/retinasuisse\/","article_modified_time":"2026-03-09T15:19:11+00:00","twitter_card":"summary_large_image","twitter_misc":{"Dur\u00e9e de lecture estim\u00e9e":"2 minutes"},"schema":{"@context":"https:\/\/schema.org","@graph":[{"@type":"WebPage","@id":"https:\/\/retina.ch\/fr\/","url":"https:\/\/retina.ch\/fr\/","name":"Retina Suisse &#8226; Sauver la vue &#8226; R\u00e9tinite Pigmentaire","isPartOf":{"@id":"https:\/\/retina.ch\/fr\/#website"},"primaryImageOfPage":{"@id":"https:\/\/retina.ch\/fr\/#primaryimage"},"image":{"@id":"https:\/\/retina.ch\/fr\/#primaryimage"},"thumbnailUrl":"https:\/\/retina.ch\/wp-content\/uploads\/2024\/03\/led-lights4-scaled.jpg","datePublished":"2023-04-23T12:22:34+00:00","dateModified":"2026-03-09T15:19:11+00:00","description":"Retina Suisse est l\u2019association de patients affect\u00e9s de r\u00e9tinite pigmentaire (RP) et d\u2019autres maladies du fond de l\u2019\u0153il.","inLanguage":"fr-FR","potentialAction":[{"@type":"ReadAction","target":["https:\/\/retina.ch\/fr\/"]}]},{"@type":"ImageObject","inLanguage":"fr-FR","@id":"https:\/\/retina.ch\/fr\/#primaryimage","url":"https:\/\/retina.ch\/wp-content\/uploads\/2024\/03\/led-lights4-scaled.jpg","contentUrl":"https:\/\/retina.ch\/wp-content\/uploads\/2024\/03\/led-lights4-scaled.jpg"},{"@type":"WebSite","@id":"https:\/\/retina.ch\/fr\/#website","url":"https:\/\/retina.ch\/fr\/","name":"Retina Suisse","description":"Retina Suisse ist die Vereinigung von Patientinnen und Patienten mit Retinitis pigmentosa (RP), Makuladegeneration, Usher-Syndrom und anderen Erkrankungen des Augenhintergrundes.","publisher":{"@id":"https:\/\/retina.ch\/fr\/#organization"},"potentialAction":[{"@type":"SearchAction","target":{"@type":"EntryPoint","urlTemplate":"https:\/\/retina.ch\/fr\/?s={search_term_string}"},"query-input":{"@type":"PropertyValueSpecification","valueRequired":true,"valueName":"search_term_string"}}],"inLanguage":"fr-FR"},{"@type":"Organization","@id":"https:\/\/retina.ch\/fr\/#organization","name":"Retina Suisse","url":"https:\/\/retina.ch\/fr\/","logo":{"@type":"ImageObject","inLanguage":"fr-FR","@id":"https:\/\/retina.ch\/fr\/#\/schema\/logo\/image\/","url":"https:\/\/retina.ch\/wp-content\/uploads\/2020\/09\/retina-auge-typo.svg","contentUrl":"https:\/\/retina.ch\/wp-content\/uploads\/2020\/09\/retina-auge-typo.svg","width":"1024","height":"1024","caption":"Retina Suisse"},"image":{"@id":"https:\/\/retina.ch\/fr\/#\/schema\/logo\/image\/"},"sameAs":["https:\/\/www.facebook.com\/retinasuisse\/"]}]}},"_links":{"self":[{"href":"https:\/\/retina.ch\/fr\/wp-json\/wp\/v2\/pages\/485","targetHints":{"allow":["GET"]}}],"collection":[{"href":"https:\/\/retina.ch\/fr\/wp-json\/wp\/v2\/pages"}],"about":[{"href":"https:\/\/retina.ch\/fr\/wp-json\/wp\/v2\/types\/page"}],"author":[{"embeddable":true,"href":"https:\/\/retina.ch\/fr\/wp-json\/wp\/v2\/users\/1"}],"replies":[{"embeddable":true,"href":"https:\/\/retina.ch\/fr\/wp-json\/wp\/v2\/comments?post=485"}],"version-history":[{"count":168,"href":"https:\/\/retina.ch\/fr\/wp-json\/wp\/v2\/pages\/485\/revisions"}],"predecessor-version":[{"id":25978,"href":"https:\/\/retina.ch\/fr\/wp-json\/wp\/v2\/pages\/485\/revisions\/25978"}],"wp:attachment":[{"href":"https:\/\/retina.ch\/fr\/wp-json\/wp\/v2\/media?parent=485"}],"curies":[{"name":"wp","href":"https:\/\/api.w.org\/{rel}","templated":true}]}}