{"id":754,"date":"2020-09-19T19:21:46","date_gmt":"2020-09-19T17:21:46","guid":{"rendered":"https:\/\/dev.retina.ch\/?page_id=754"},"modified":"2025-12-10T11:55:30","modified_gmt":"2025-12-10T10:55:30","slug":"liens","status":"publish","type":"page","link":"https:\/\/retina.ch\/fr\/services\/liens\/","title":{"rendered":"Liens"},"content":{"rendered":"\n<h2 class=\"wp-block-heading\">Informations g\u00e9n\u00e9rales<\/h2>\n\n\n\n<ul class=\"wp-block-list\">\n<li><a href=\"https:\/\/www.offres-malvoir.ch\/offres\">Offres-malvoir.ch<\/a> &#8211; Aper\u00e7u des offres pour les personnes malvoyantes et aveugles en Suisse<\/li>\n<\/ul>\n\n\n\n<hr class=\"wp-block-separator has-alpha-channel-opacity\"\/>\n\n\n\n<h2 class=\"wp-block-heading\">Services de consultation<\/h2>\n\n\n\n<ul class=\"wp-block-list\">\n<li><a href=\"https:\/\/www.ucba.ch\/\" target=\"_blank\" rel=\"noreferrer noopener\">Union centrale suisse pour le bien des aveugles UCBA<\/a><\/li>\n\n\n\n<li><a href=\"http:\/\/www.sbv-fsa.ch\/fr\" target=\"_blank\" rel=\"noreferrer noopener\">F\u00e9d\u00e9ration suisse des aveugles et malvoyants FSA<\/a><\/li>\n\n\n\n<li><a href=\"https:\/\/abage.ch\/\" target=\"_blank\" rel=\"noreferrer noopener\">Association pour le Bien des Aveugles et malvoyants (ABA)<\/a>, Gen\u00e8ve<\/li>\n\n\n\n<li><a href=\"https:\/\/www.ophtalmique.ch\/la-fondation-asile-des-aveugles\/\">Fondation Asile des aveugles<\/a>, Lausanne<\/li>\n\n\n\n<li><a href=\"https:\/\/centrevue.ch\/\" target=\"_blank\" rel=\"noreferrer noopener\">Centrevue<\/a>, Neuch\u00e2tel<\/li>\n\n\n\n<li><a href=\"https:\/\/www.arpa-romand.ch\/\" target=\"_blank\" rel=\"noreferrer noopener\">Association&nbsp;Romande des&nbsp;Parents d\u2019enfants&nbsp;Aveugles et Malvoyants (ARPA)<\/a>, Neuch\u00e2tel<\/li>\n\n\n\n<li><a href=\"https:\/\/www.wissensplattform.kmsk.ch\/fr\">Plateforme de connaissances KMSK pour les parents \/ professionels<\/a><\/li>\n<\/ul>\n\n\n\n<hr class=\"wp-block-separator has-alpha-channel-opacity\"\/>\n\n\n\n<h2 class=\"wp-block-heading\">Moyens auxiliaires<\/h2>\n\n\n\n<ul class=\"wp-block-list\">\n<li><a href=\"https:\/\/www.step2blind.com\/boutique\/\" target=\"_blank\" rel=\"noreferrer noopener\">Boutique step2blind<\/a> \u2013 magasin de jeux, jouets, cadeaux pour les aveugles et les malvoyants<\/li>\n\n\n\n<li><a href=\"https:\/\/www.bibliothequesonore.ch\/\" target=\"_blank\" rel=\"noreferrer noopener\">Biblioth\u00e8que Sonore Romande<\/a><\/li>\n\n\n\n<li><a href=\"https:\/\/ecoledelapomme.ch\/\" target=\"_blank\" rel=\"noreferrer noopener\">\u00c9cole de la pomme<\/a> \u2013 l&rsquo;acc\u00e8s aux nouvelles technologies<\/li>\n\n\n\n<li><a href=\"https:\/\/accessability.ch\/fr\/startseite-francais\/\">Fondation AccessAbility<\/a> \u2013 l\u2019acc\u00e8s des personnes aveugles et malvoyantes aux technologies de l\u2019information et de communication<\/li>\n\n\n\n<li><a href=\"https:\/\/www.blindenhundeschule.ch\/fr\" target=\"_blank\" rel=\"noreferrer noopener\">Fondation \u00e9cole suisse pour chiens d\u2019aveugles<\/a>, Allschwil<\/li>\n\n\n\n<li><a href=\"https:\/\/www.chienguide.ch\/fr\" target=\"_blank\" rel=\"noreferrer noopener\">Fondation Romande pour Chiens Guides d&rsquo;Aveugles<\/a>, Brenles<\/li>\n\n\n\n<li><a href=\"https:\/\/lvi.ch\/chf\" target=\"_blank\" rel=\"noreferrer noopener\">Low Vision International<\/a> \u2013 Aides visuelles pour les malvoyants<\/li>\n\n\n\n<li><a href=\"https:\/\/erlenhof-bl.ch\/fr\/sibu-srihv\/\">Service Romand d&rsquo;Informatique pour Handicap\u00e9s de la Vue (SRIHV)<\/a>, Lausanne<\/li>\n<\/ul>\n\n\n\n<hr class=\"wp-block-separator has-alpha-channel-opacity\"\/>\n\n\n\n<h2 class=\"wp-block-heading\">\u00c9coles et offres pour les enfants malvoyants<\/h2>\n\n\n\n<ul class=\"wp-block-list\">\n<li><a href=\"https:\/\/www.ophtalmique.ch\/cphv\/\" target=\"_blank\" rel=\"noreferrer noopener\">Centre p\u00e9dagogique pour \u00e9l\u00e8ves handicap\u00e9s de la vue<strong>&nbsp;<\/strong>(CPHV)<\/a>, Lausanne<\/li>\n<\/ul>\n\n\n\n<hr class=\"wp-block-separator has-alpha-channel-opacity\"\/>\n\n\n\n<h2 class=\"wp-block-heading\">M\u00e9decine et recherche<\/h2>\n\n\n\n<ul class=\"wp-block-list\">\n<li><a href=\"https:\/\/www.sog-sso.ch\/fr\/page-daccueil\">SSO Societ\u00e9 Suisse d&rsquo;Ophtalmologie<\/a><\/li>\n\n\n\n<li><a href=\"https:\/\/iob.ch\/\">IOB Institute of Molecular and Clinical Ophthalmology Basel<\/a><\/li>\n\n\n\n<li><a href=\"https:\/\/kofam.ch\/fr\/portail-snctp\/rechercher-des-essais-cliniques\" target=\"_blank\" rel=\"noreferrer noopener\">kofam &#8211; Portail SNCTP<\/a> \u2013 essais cliniques r\u00e9alis\u00e9s en Suisse<\/li>\n\n\n\n<li><a href=\"https:\/\/retina.ch\/wp-content\/uploads\/2025\/02\/2024_UCBA_Brochure_specialisee_PROVIAGE_FR.pdf\">Proviage-Etude<\/a><\/li>\n<\/ul>\n\n\n\n<hr class=\"wp-block-separator has-alpha-channel-opacity\"\/>\n\n\n\n<h2 class=\"wp-block-heading\">Accessibilit\u00e9<\/h2>\n\n\n\n<ul class=\"wp-block-list\">\n<li><a href=\"https:\/\/architecturesansobstacles.ch\/\" target=\"_blank\" rel=\"noreferrer noopener\">Architecture sans obstacles<\/a>&nbsp;\u2013 Le centre sp\u00e9cialis\u00e9 suisse<\/li>\n\n\n\n<li><a href=\"https:\/\/access-for-all.ch\/fr\/page-daccueil\/\">Acc\u00e8s pour tous \/ Access for all<\/a>&nbsp;\u2013 Le centre de comp\u00e9tence et organisme suisse de certification de l\u2019accessibilit\u00e9 num\u00e9rique<\/li>\n\n\n\n<li><a href=\"https:\/\/www.leserlich.info\/index-en.php\">leserlich<\/a>&nbsp;\u2013 Steps towards an inclusive communication design (anglais)<\/li>\n<\/ul>\n\n\n\n<hr class=\"wp-block-separator has-css-opacity\"\/>\n\n\n\n<h2 class=\"wp-block-heading\">International<\/h2>\n\n\n\n<ul class=\"wp-block-list\">\n<li><a href=\"http:\/\/www.retina-international.org\/\">Retina International<\/a><\/li>\n\n\n\n<li><a href=\"https:\/\/retina-international.org\/about-us\/our-members\/\">Autres associations Retina dans le monde<\/a><\/li>\n\n\n\n<li><a href=\"https:\/\/www.defeatadultrefsumeverywhere.org\/\">Global DARE Foundation<\/a>&nbsp;\u2013 Defeat Adult Refsum Everywhere<\/li>\n\n\n\n<li><a href=\"https:\/\/knowtheglow.org\/\">Know the Glow<\/a><\/li>\n<\/ul>\n\n\n\n<p><a href=\"https:\/\/www.bayer.com\/fr\/ch\/suisse-accueil\" target=\"_blank\" rel=\"noreferrer noopener\"><\/a><\/p>\n","protected":false},"excerpt":{"rendered":"<p>Informations g\u00e9n\u00e9rales Services de consultation Moyens auxiliaires \u00c9coles et offres pour les enfants malvoyants M\u00e9decine et recherche Accessibilit\u00e9 International<\/p>\n","protected":false},"author":1,"featured_media":0,"parent":2850,"menu_order":30,"comment_status":"closed","ping_status":"closed","template":"","meta":{"_acf_changed":false,"inline_featured_image":false,"_FSMCFIC_featured_image_caption":"","_FSMCFIC_featured_image_nocaption":"","_FSMCFIC_featured_image_hide":"","footnotes":"","_links_to":"","_links_to_target":""},"class_list":["post-754","page","type-page","status-publish","hentry"],"acf":[],"yoast_head":"<!-- This site is optimized with the Yoast SEO plugin v27.1.1 - https:\/\/yoast.com\/product\/yoast-seo-wordpress\/ -->\n<title>Liens &#8226; Retina Suisse liens-links<\/title>\n<meta name=\"description\" content=\"Trouvez d&#039;autres organisations dans le domaine de la c\u00e9cit\u00e9 et de la malvoyance en Suisse et \u00e0 l&#039;international.\" \/>\n<meta name=\"robots\" content=\"index, follow, max-snippet:-1, max-image-preview:large, max-video-preview:-1\" \/>\n<link rel=\"canonical\" href=\"https:\/\/retina.ch\/fr\/services\/liens\/\" \/>\n<meta property=\"og:locale\" content=\"fr_FR\" \/>\n<meta property=\"og:type\" content=\"article\" \/>\n<meta property=\"og:title\" content=\"Liens &#8226; Retina Suisse liens-links\" \/>\n<meta property=\"og:description\" content=\"Trouvez d&#039;autres organisations dans le domaine de la c\u00e9cit\u00e9 et de la malvoyance en Suisse et \u00e0 l&#039;international.\" \/>\n<meta property=\"og:url\" content=\"https:\/\/retina.ch\/fr\/services\/liens\/\" \/>\n<meta property=\"og:site_name\" content=\"Retina Suisse\" \/>\n<meta property=\"article:publisher\" content=\"https:\/\/www.facebook.com\/retinasuisse\/\" \/>\n<meta property=\"article:modified_time\" content=\"2025-12-10T10:55:30+00:00\" \/>\n<meta name=\"twitter:card\" content=\"summary_large_image\" \/>\n<meta name=\"twitter:label1\" content=\"Dur\u00e9e de lecture estim\u00e9e\" \/>\n\t<meta name=\"twitter:data1\" content=\"2 minutes\" \/>\n<script type=\"application\/ld+json\" class=\"yoast-schema-graph\">{\"@context\":\"https:\/\/schema.org\",\"@graph\":[{\"@type\":\"WebPage\",\"@id\":\"https:\/\/retina.ch\/fr\/services\/liens\/\",\"url\":\"https:\/\/retina.ch\/fr\/services\/liens\/\",\"name\":\"Liens &#8226; Retina Suisse liens-links\",\"isPartOf\":{\"@id\":\"https:\/\/retina.ch\/fr\/#website\"},\"datePublished\":\"2020-09-19T17:21:46+00:00\",\"dateModified\":\"2025-12-10T10:55:30+00:00\",\"description\":\"Trouvez d'autres organisations dans le domaine de la c\u00e9cit\u00e9 et de la malvoyance en Suisse et \u00e0 l'international.\",\"breadcrumb\":{\"@id\":\"https:\/\/retina.ch\/fr\/services\/liens\/#breadcrumb\"},\"inLanguage\":\"fr-FR\",\"potentialAction\":[{\"@type\":\"ReadAction\",\"target\":[\"https:\/\/retina.ch\/fr\/services\/liens\/\"]}]},{\"@type\":\"BreadcrumbList\",\"@id\":\"https:\/\/retina.ch\/fr\/services\/liens\/#breadcrumb\",\"itemListElement\":[{\"@type\":\"ListItem\",\"position\":1,\"name\":\"Retina Suisse\",\"item\":\"https:\/\/retina.ch\/fr\/\"},{\"@type\":\"ListItem\",\"position\":2,\"name\":\"Services\",\"item\":\"https:\/\/retina.ch\/fr\/services\/\"},{\"@type\":\"ListItem\",\"position\":3,\"name\":\"Liens\"}]},{\"@type\":\"WebSite\",\"@id\":\"https:\/\/retina.ch\/fr\/#website\",\"url\":\"https:\/\/retina.ch\/fr\/\",\"name\":\"Retina Suisse\",\"description\":\"Retina Suisse ist die Vereinigung von Patientinnen und Patienten mit Retinitis pigmentosa (RP), Makuladegeneration, Usher-Syndrom und anderen Erkrankungen des Augenhintergrundes.\",\"publisher\":{\"@id\":\"https:\/\/retina.ch\/fr\/#organization\"},\"potentialAction\":[{\"@type\":\"SearchAction\",\"target\":{\"@type\":\"EntryPoint\",\"urlTemplate\":\"https:\/\/retina.ch\/fr\/?s={search_term_string}\"},\"query-input\":{\"@type\":\"PropertyValueSpecification\",\"valueRequired\":true,\"valueName\":\"search_term_string\"}}],\"inLanguage\":\"fr-FR\"},{\"@type\":\"Organization\",\"@id\":\"https:\/\/retina.ch\/fr\/#organization\",\"name\":\"Retina Suisse\",\"url\":\"https:\/\/retina.ch\/fr\/\",\"logo\":{\"@type\":\"ImageObject\",\"inLanguage\":\"fr-FR\",\"@id\":\"https:\/\/retina.ch\/fr\/#\/schema\/logo\/image\/\",\"url\":\"https:\/\/retina.ch\/wp-content\/uploads\/2020\/09\/retina-auge-typo.svg\",\"contentUrl\":\"https:\/\/retina.ch\/wp-content\/uploads\/2020\/09\/retina-auge-typo.svg\",\"width\":\"1024\",\"height\":\"1024\",\"caption\":\"Retina Suisse\"},\"image\":{\"@id\":\"https:\/\/retina.ch\/fr\/#\/schema\/logo\/image\/\"},\"sameAs\":[\"https:\/\/www.facebook.com\/retinasuisse\/\"]}]}<\/script>\n<!-- \/ Yoast SEO plugin. -->","yoast_head_json":{"title":"Liens &#8226; Retina Suisse liens-links","description":"Trouvez d'autres organisations dans le domaine de la c\u00e9cit\u00e9 et de la malvoyance en Suisse et \u00e0 l'international.","robots":{"index":"index","follow":"follow","max-snippet":"max-snippet:-1","max-image-preview":"max-image-preview:large","max-video-preview":"max-video-preview:-1"},"canonical":"https:\/\/retina.ch\/fr\/services\/liens\/","og_locale":"fr_FR","og_type":"article","og_title":"Liens &#8226; Retina Suisse liens-links","og_description":"Trouvez d'autres organisations dans le domaine de la c\u00e9cit\u00e9 et de la malvoyance en Suisse et \u00e0 l'international.","og_url":"https:\/\/retina.ch\/fr\/services\/liens\/","og_site_name":"Retina Suisse","article_publisher":"https:\/\/www.facebook.com\/retinasuisse\/","article_modified_time":"2025-12-10T10:55:30+00:00","twitter_card":"summary_large_image","twitter_misc":{"Dur\u00e9e de lecture estim\u00e9e":"2 minutes"},"schema":{"@context":"https:\/\/schema.org","@graph":[{"@type":"WebPage","@id":"https:\/\/retina.ch\/fr\/services\/liens\/","url":"https:\/\/retina.ch\/fr\/services\/liens\/","name":"Liens &#8226; Retina Suisse liens-links","isPartOf":{"@id":"https:\/\/retina.ch\/fr\/#website"},"datePublished":"2020-09-19T17:21:46+00:00","dateModified":"2025-12-10T10:55:30+00:00","description":"Trouvez d'autres organisations dans le domaine de la c\u00e9cit\u00e9 et de la malvoyance en Suisse et \u00e0 l'international.","breadcrumb":{"@id":"https:\/\/retina.ch\/fr\/services\/liens\/#breadcrumb"},"inLanguage":"fr-FR","potentialAction":[{"@type":"ReadAction","target":["https:\/\/retina.ch\/fr\/services\/liens\/"]}]},{"@type":"BreadcrumbList","@id":"https:\/\/retina.ch\/fr\/services\/liens\/#breadcrumb","itemListElement":[{"@type":"ListItem","position":1,"name":"Retina Suisse","item":"https:\/\/retina.ch\/fr\/"},{"@type":"ListItem","position":2,"name":"Services","item":"https:\/\/retina.ch\/fr\/services\/"},{"@type":"ListItem","position":3,"name":"Liens"}]},{"@type":"WebSite","@id":"https:\/\/retina.ch\/fr\/#website","url":"https:\/\/retina.ch\/fr\/","name":"Retina Suisse","description":"Retina Suisse ist die Vereinigung von Patientinnen und Patienten mit Retinitis pigmentosa (RP), Makuladegeneration, Usher-Syndrom und anderen Erkrankungen des Augenhintergrundes.","publisher":{"@id":"https:\/\/retina.ch\/fr\/#organization"},"potentialAction":[{"@type":"SearchAction","target":{"@type":"EntryPoint","urlTemplate":"https:\/\/retina.ch\/fr\/?s={search_term_string}"},"query-input":{"@type":"PropertyValueSpecification","valueRequired":true,"valueName":"search_term_string"}}],"inLanguage":"fr-FR"},{"@type":"Organization","@id":"https:\/\/retina.ch\/fr\/#organization","name":"Retina Suisse","url":"https:\/\/retina.ch\/fr\/","logo":{"@type":"ImageObject","inLanguage":"fr-FR","@id":"https:\/\/retina.ch\/fr\/#\/schema\/logo\/image\/","url":"https:\/\/retina.ch\/wp-content\/uploads\/2020\/09\/retina-auge-typo.svg","contentUrl":"https:\/\/retina.ch\/wp-content\/uploads\/2020\/09\/retina-auge-typo.svg","width":"1024","height":"1024","caption":"Retina Suisse"},"image":{"@id":"https:\/\/retina.ch\/fr\/#\/schema\/logo\/image\/"},"sameAs":["https:\/\/www.facebook.com\/retinasuisse\/"]}]}},"_links":{"self":[{"href":"https:\/\/retina.ch\/fr\/wp-json\/wp\/v2\/pages\/754","targetHints":{"allow":["GET"]}}],"collection":[{"href":"https:\/\/retina.ch\/fr\/wp-json\/wp\/v2\/pages"}],"about":[{"href":"https:\/\/retina.ch\/fr\/wp-json\/wp\/v2\/types\/page"}],"author":[{"embeddable":true,"href":"https:\/\/retina.ch\/fr\/wp-json\/wp\/v2\/users\/1"}],"replies":[{"embeddable":true,"href":"https:\/\/retina.ch\/fr\/wp-json\/wp\/v2\/comments?post=754"}],"version-history":[{"count":33,"href":"https:\/\/retina.ch\/fr\/wp-json\/wp\/v2\/pages\/754\/revisions"}],"predecessor-version":[{"id":24568,"href":"https:\/\/retina.ch\/fr\/wp-json\/wp\/v2\/pages\/754\/revisions\/24568"}],"up":[{"embeddable":true,"href":"https:\/\/retina.ch\/fr\/wp-json\/wp\/v2\/pages\/2850"}],"wp:attachment":[{"href":"https:\/\/retina.ch\/fr\/wp-json\/wp\/v2\/media?parent=754"}],"curies":[{"name":"wp","href":"https:\/\/api.w.org\/{rel}","templated":true}]}}