{"id":932,"date":"2020-09-19T09:02:31","date_gmt":"2020-09-19T07:02:31","guid":{"rendered":"https:\/\/dev.retina.ch\/?page_id=932"},"modified":"2026-01-20T14:46:59","modified_gmt":"2026-01-20T13:46:59","slug":"contact","status":"publish","type":"page","link":"https:\/\/retina.ch\/fr\/contact\/","title":{"rendered":"Contact"},"content":{"rendered":"\n<div class=\"wp-block-columns are-vertically-aligned-top is-layout-flex wp-container-core-columns-is-layout-9d6595d7 wp-block-columns-is-layout-flex\">\n<div class=\"wp-block-column is-vertically-aligned-top is-layout-flow wp-block-column-is-layout-flow\">\n<h2 class=\"wp-block-heading\">Lausanne<\/h2>\n\n\n\n<p><strong>Service de consultation<\/strong><\/p>\n\n\n\n<p>Rania Python<br>Av. de France 15<br>1004 Lausanne<\/p>\n\n\n\n<p><del>T\u00e9l.<\/del> 021 626 86 52<br><del>E-mail<\/del> <a href=\"mailto:info.lausanne@retina.ch\">info.lausanne@retina.ch<\/a><\/p>\n<\/div>\n\n\n\n<div class=\"wp-block-column is-vertically-aligned-top is-layout-flow wp-block-column-is-layout-flow\"><div class=\"wp-block-image is-style-rounded\">\n<figure class=\"alignright size-full\"><img loading=\"lazy\" decoding=\"async\" width=\"2560\" height=\"2560\" src=\"https:\/\/retina.ch\/wp-content\/uploads\/2026\/01\/Rania-Python-1-edited-scaled.jpg\" alt=\"Rania Python est assise \u00e0 une table ronde, le bras gauche pos\u00e9 nonchalamment sur la table. \u00c0 c\u00f4t\u00e9 d'elle se trouve un \u0153il anatomique.\" class=\"wp-image-24900\" style=\"object-fit:cover\" srcset=\"https:\/\/retina.ch\/wp-content\/uploads\/2026\/01\/Rania-Python-1-edited-scaled.jpg 2560w, https:\/\/retina.ch\/wp-content\/uploads\/2026\/01\/Rania-Python-1-edited-400x400.jpg 400w, https:\/\/retina.ch\/wp-content\/uploads\/2026\/01\/Rania-Python-1-edited-1400x1400.jpg 1400w, https:\/\/retina.ch\/wp-content\/uploads\/2026\/01\/Rania-Python-1-edited-500x500.jpg 500w, https:\/\/retina.ch\/wp-content\/uploads\/2026\/01\/Rania-Python-1-edited-768x768.jpg 768w, https:\/\/retina.ch\/wp-content\/uploads\/2026\/01\/Rania-Python-1-edited-1536x1536.jpg 1536w, https:\/\/retina.ch\/wp-content\/uploads\/2026\/01\/Rania-Python-1-edited-2048x2048.jpg 2048w, https:\/\/retina.ch\/wp-content\/uploads\/2026\/01\/Rania-Python-1-edited-800x800.jpg 800w, https:\/\/retina.ch\/wp-content\/uploads\/2026\/01\/Rania-Python-1-edited-1280x1280.jpg 1280w, https:\/\/retina.ch\/wp-content\/uploads\/2026\/01\/Rania-Python-1-edited-1920x1920.jpg 1920w\" sizes=\"auto, (max-width: 2560px) 100vw, 2560px\" \/><figcaption class=\"wp-element-caption\">Rania Python<\/figcaption><\/figure>\n<\/div><\/div>\n<\/div>\n\n\n\r\n            \r\n            \r\n            \r\n            <a name='map2'><\/a>\r\n            \r\n            \r\n            \r\n            \r\n            <div class=\"wpgmza_map \"  id=\"wpgmza_map_2\" style=\"display:block; overflow:auto; width:100%; height:400px; float:left;\" data-settings='{\"id\":\"2\",\"map_title\":\"Retina Lausanne\",\"map_width\":\"100\",\"map_height\":\"400\",\"map_start_lat\":\"46.528157\",\"map_start_lng\":\"6.623709\",\"map_start_location\":\"46.52815698645503,6.623709127715611\",\"map_start_zoom\":\"12\",\"default_marker\":\"https:\\\/\\\/retina.ch\\\/wp-content\\\/uploads\\\/2020\\\/10\\\/map-marker-yellow-40.png\",\"type\":\"1\",\"alignment\":\"4\",\"directions_enabled\":\"0\",\"styling_enabled\":\"0\",\"styling_json\":\"\",\"active\":\"0\",\"kml\":\"\",\"bicycle\":\"0\",\"traffic\":\"0\",\"dbox\":\"1\",\"dbox_width\":\"100\",\"listmarkers\":\"0\",\"listmarkers_advanced\":\"0\",\"filterbycat\":\"0\",\"ugm_enabled\":\"0\",\"ugm_category_enabled\":\"0\",\"fusion\":\"\",\"map_width_type\":\"\\\\%\",\"map_height_type\":\"px\",\"mass_marker_support\":\"1\",\"ugm_access\":\"0\",\"order_markers_by\":\"1\",\"order_markers_choice\":\"2\",\"show_user_location\":\"2\",\"default_to\":\"\",\"other_settings\":{\"wpgmza_store_locator_restrict\":\"\",\"store_locator_bounce\":1,\"store_locator_query_string\":\"ZIP \\\/ Address:\",\"store_locator_name_string\":\"Bezeichnung \\\/ Beschreibung:\",\"wpgmza_dbox_width_type\":\"px\",\"map_max_zoom\":\"3\",\"map_min_zoom\":\"21\",\"sl_stroke_color\":\"FF0000\",\"sl_stroke_opacity\":\"0.25\",\"sl_fill_color\":\"FF0000\",\"sl_fill_opacity\":\"0.15\",\"click_open_link\":2,\"transport_layer\":0,\"iw_primary_color\":\"2A3744\",\"iw_accent_color\":\"252F3A\",\"iw_text_color\":\"FFFFFF\",\"wpgmza_iw_type\":\"0\",\"list_markers_by\":\"0\",\"push_in_map\":\"\",\"push_in_map_placement\":\"9\",\"wpgmza_push_in_map_width\":\"\",\"wpgmza_push_in_map_height\":\"\",\"wpgmza_theme_data\":\"[ { \\\\\\\"stylers\\\\\\\": [ { \\\\\\\"saturation\\\\\\\": -100 }, { \\\\\\\"invert_lightness\\\\\\\": true }, { \\\\\\\"lightness\\\\\\\": 8 } ] },{ \\\\\\\"elementType\\\\\\\": \\\\\\\"labels\\\\\\\", \\\\\\\"stylers\\\\\\\": [ { \\\\\\\"visibility\\\\\\\": \\\\\\\"on\\\\\\\" }, { \\\\\\\"gamma\\\\\\\": 1.82 } ] },{ } ]\",\"upload_default_ul_marker\":\"\",\"upload_default_sl_marker\":\"https:\\\/\\\/retina.ch\\\/wp-content\\\/uploads\\\/2020\\\/10\\\/map-marker-yellow-40.png\",\"shortcodeAttributes\":{\"id\":\"2\"}}}' data-map-id='2' data-shortcode-attributes='{\"id\":\"2\"}'> <\/div>\r\n            \r\n               \r\n        \n\n\n\n<div style=\"height:15px\" aria-hidden=\"true\" class=\"wp-block-spacer\"><\/div>\n\n\n\n<hr class=\"wp-block-separator has-css-opacity\"\/>\n\n\n\n<div class=\"wp-block-columns is-layout-flex wp-container-core-columns-is-layout-9d6595d7 wp-block-columns-is-layout-flex\">\n<div class=\"wp-block-column is-vertically-aligned-top is-layout-flow wp-block-column-is-layout-flow\">\n<h2 class=\"wp-block-heading\">Zurich<\/h2>\n\n\n\n<p><strong>Retina Suisse &#8211; Service de consultation<\/strong><\/p>\n\n\n\n<p>Susanne Trudel<br>Direction<br>Ausstellungsstrasse 36<br>8005 Zurich<\/p>\n\n\n\n<p><del>Telefon<\/del> 044 444 10 77<br><del>E-mail<\/del> <a href=\"mailto:info@retina.ch\">info@retina.ch<\/a><\/p>\n<\/div>\n\n\n\n<div class=\"wp-block-column is-vertically-aligned-center is-layout-flow wp-block-column-is-layout-flow\"><div class=\"wp-block-image is-style-rounded\">\n<figure class=\"alignright size-full\"><img loading=\"lazy\" decoding=\"async\" width=\"400\" height=\"400\" src=\"https:\/\/retina.ch\/wp-content\/uploads\/2020\/10\/Susanne-Trudel-scaled-e1768397643106.jpg\" alt=\"Susanne Trudel\" class=\"wp-image-24754\" style=\"object-fit:cover\"\/><figcaption class=\"wp-element-caption\">Susanne Trudel<\/figcaption><\/figure>\n<\/div><\/div>\n<\/div>\n\n\n\r\n            \r\n            \r\n            \r\n            <a name='map1'><\/a>\r\n            \r\n            \r\n            \r\n            \r\n            <div class=\"wpgmza_map \"  id=\"wpgmza_map_1\" style=\"display:block; overflow:auto; width:100%; height:400px; float:left;\" data-settings='{\"id\":\"1\",\"map_title\":\"Retina Z\\u00fcrich\",\"map_width\":\"100\",\"map_height\":\"400\",\"map_start_lat\":\"47.382639\",\"map_start_lng\":\"8.537702\",\"map_start_location\":\"47.38263903400111,8.537702231998082\",\"map_start_zoom\":\"13\",\"default_marker\":\"0\",\"type\":\"1\",\"alignment\":\"4\",\"directions_enabled\":\"0\",\"styling_enabled\":\"0\",\"styling_json\":\"\",\"active\":\"0\",\"kml\":\"\",\"bicycle\":\"0\",\"traffic\":\"0\",\"dbox\":\"1\",\"dbox_width\":\"100\",\"listmarkers\":\"0\",\"listmarkers_advanced\":\"0\",\"filterbycat\":\"0\",\"ugm_enabled\":\"0\",\"ugm_category_enabled\":\"0\",\"fusion\":\"\",\"map_width_type\":\"\\\\%\",\"map_height_type\":\"px\",\"mass_marker_support\":\"1\",\"ugm_access\":\"0\",\"order_markers_by\":\"1\",\"order_markers_choice\":\"2\",\"show_user_location\":\"2\",\"default_to\":\"\",\"other_settings\":{\"wpgmza_store_locator_restrict\":\"\",\"store_locator_bounce\":1,\"store_locator_query_string\":\"ZIP \\\/ Address:\",\"store_locator_name_string\":\"Bezeichnung \\\/ Beschreibung:\",\"wpgmza_dbox_width_type\":\"px\",\"map_max_zoom\":\"3\",\"map_min_zoom\":\"21\",\"sl_stroke_color\":\"FF0000\",\"sl_stroke_opacity\":\"0.25\",\"sl_fill_color\":\"FF0000\",\"sl_fill_opacity\":\"0.15\",\"click_open_link\":2,\"transport_layer\":0,\"iw_primary_color\":\"2A3744\",\"iw_accent_color\":\"252F3A\",\"iw_text_color\":\"FFFFFF\",\"wpgmza_iw_type\":\"0\",\"list_markers_by\":\"0\",\"push_in_map\":\"\",\"push_in_map_placement\":\"9\",\"wpgmza_push_in_map_width\":\"\",\"wpgmza_push_in_map_height\":\"\",\"wpgmza_theme_data\":\"[ { \\\\\\\"stylers\\\\\\\": [ { \\\\\\\"saturation\\\\\\\": -100 }, { \\\\\\\"invert_lightness\\\\\\\": true }, { \\\\\\\"lightness\\\\\\\": 8 } ] },{ \\\\\\\"elementType\\\\\\\": \\\\\\\"labels\\\\\\\", \\\\\\\"stylers\\\\\\\": [ { \\\\\\\"visibility\\\\\\\": \\\\\\\"on\\\\\\\" }, { \\\\\\\"gamma\\\\\\\": 1.82 } ] },{ } ]\",\"upload_default_ul_marker\":\"\",\"upload_default_sl_marker\":\"\",\"shortcodeAttributes\":{\"id\":\"1\"}}}' data-map-id='1' data-shortcode-attributes='{\"id\":\"1\"}'> <\/div>\r\n            \r\n               \r\n        \n","protected":false},"excerpt":{"rendered":"<p>Lausanne Service de consultation Rania PythonAv. de France 151004 Lausanne T\u00e9l. 021 626 86 52E-mail info.lausanne@retina.ch Zurich Retina Suisse &#8211; Service de consultation Susanne TrudelDirectionAusstellungsstrasse 368005 Zurich Telefon 044 444 10 77E-mail info@retina.ch<\/p>\n","protected":false},"author":1,"featured_media":0,"parent":0,"menu_order":35,"comment_status":"closed","ping_status":"closed","template":"","meta":{"_acf_changed":false,"inline_featured_image":false,"_FSMCFIC_featured_image_caption":"","_FSMCFIC_featured_image_nocaption":"","_FSMCFIC_featured_image_hide":"","footnotes":"","_links_to":"","_links_to_target":""},"class_list":["post-932","page","type-page","status-publish","hentry"],"acf":[],"yoast_head":"<!-- This site is optimized with the Yoast SEO plugin v27.1.1 - https:\/\/yoast.com\/product\/yoast-seo-wordpress\/ -->\n<title>Contact &#8226; Retina Suisse<\/title>\n<meta name=\"description\" content=\"Contactez nos services de consultation pour obtenir des conseils personnalis\u00e9s, des informations sur la recherche de nouvelles th\u00e9rapies contre la perte de vision et bien plus encore.\" \/>\n<meta name=\"robots\" content=\"index, follow, max-snippet:-1, max-image-preview:large, max-video-preview:-1\" \/>\n<link rel=\"canonical\" href=\"https:\/\/retina.ch\/fr\/contact\/\" \/>\n<meta property=\"og:locale\" content=\"fr_FR\" \/>\n<meta property=\"og:type\" content=\"article\" \/>\n<meta property=\"og:title\" content=\"Contact &#8226; Retina Suisse\" \/>\n<meta property=\"og:description\" content=\"Contactez nos services de consultation pour obtenir des conseils personnalis\u00e9s, des informations sur la recherche de nouvelles th\u00e9rapies contre la perte de vision et bien plus encore.\" \/>\n<meta property=\"og:url\" content=\"https:\/\/retina.ch\/fr\/contact\/\" \/>\n<meta property=\"og:site_name\" content=\"Retina Suisse\" \/>\n<meta property=\"article:publisher\" content=\"https:\/\/www.facebook.com\/retinasuisse\/\" \/>\n<meta property=\"article:modified_time\" content=\"2026-01-20T13:46:59+00:00\" \/>\n<meta property=\"og:image\" content=\"https:\/\/retina.ch\/wp-content\/uploads\/2026\/01\/Rania-Python-1-edited-scaled.jpg\" \/>\n\t<meta property=\"og:image:width\" content=\"2560\" \/>\n\t<meta property=\"og:image:height\" content=\"2560\" \/>\n\t<meta property=\"og:image:type\" content=\"image\/jpeg\" \/>\n<meta name=\"twitter:card\" content=\"summary_large_image\" \/>\n<meta name=\"twitter:label1\" content=\"Dur\u00e9e de lecture estim\u00e9e\" \/>\n\t<meta name=\"twitter:data1\" content=\"1 minute\" \/>\n<script type=\"application\/ld+json\" class=\"yoast-schema-graph\">{\"@context\":\"https:\/\/schema.org\",\"@graph\":[{\"@type\":\"WebPage\",\"@id\":\"https:\/\/retina.ch\/fr\/contact\/\",\"url\":\"https:\/\/retina.ch\/fr\/contact\/\",\"name\":\"Contact &#8226; Retina Suisse\",\"isPartOf\":{\"@id\":\"https:\/\/retina.ch\/fr\/#website\"},\"primaryImageOfPage\":{\"@id\":\"https:\/\/retina.ch\/fr\/contact\/#primaryimage\"},\"image\":{\"@id\":\"https:\/\/retina.ch\/fr\/contact\/#primaryimage\"},\"thumbnailUrl\":\"https:\/\/retina.ch\/wp-content\/uploads\/2026\/01\/Rania-Python-1-edited-scaled.jpg\",\"datePublished\":\"2020-09-19T07:02:31+00:00\",\"dateModified\":\"2026-01-20T13:46:59+00:00\",\"description\":\"Contactez nos services de consultation pour obtenir des conseils personnalis\u00e9s, des informations sur la recherche de nouvelles th\u00e9rapies contre la perte de vision et bien plus encore.\",\"breadcrumb\":{\"@id\":\"https:\/\/retina.ch\/fr\/contact\/#breadcrumb\"},\"inLanguage\":\"fr-FR\",\"potentialAction\":[{\"@type\":\"ReadAction\",\"target\":[\"https:\/\/retina.ch\/fr\/contact\/\"]}]},{\"@type\":\"ImageObject\",\"inLanguage\":\"fr-FR\",\"@id\":\"https:\/\/retina.ch\/fr\/contact\/#primaryimage\",\"url\":\"https:\/\/retina.ch\/wp-content\/uploads\/2026\/01\/Rania-Python-1-edited-scaled.jpg\",\"contentUrl\":\"https:\/\/retina.ch\/wp-content\/uploads\/2026\/01\/Rania-Python-1-edited-scaled.jpg\"},{\"@type\":\"BreadcrumbList\",\"@id\":\"https:\/\/retina.ch\/fr\/contact\/#breadcrumb\",\"itemListElement\":[{\"@type\":\"ListItem\",\"position\":1,\"name\":\"Retina Suisse\",\"item\":\"https:\/\/retina.ch\/fr\/\"},{\"@type\":\"ListItem\",\"position\":2,\"name\":\"Contact\"}]},{\"@type\":\"WebSite\",\"@id\":\"https:\/\/retina.ch\/fr\/#website\",\"url\":\"https:\/\/retina.ch\/fr\/\",\"name\":\"Retina Suisse\",\"description\":\"Retina Suisse ist die Vereinigung von Patientinnen und Patienten mit Retinitis pigmentosa (RP), Makuladegeneration, Usher-Syndrom und anderen Erkrankungen des Augenhintergrundes.\",\"publisher\":{\"@id\":\"https:\/\/retina.ch\/fr\/#organization\"},\"potentialAction\":[{\"@type\":\"SearchAction\",\"target\":{\"@type\":\"EntryPoint\",\"urlTemplate\":\"https:\/\/retina.ch\/fr\/?s={search_term_string}\"},\"query-input\":{\"@type\":\"PropertyValueSpecification\",\"valueRequired\":true,\"valueName\":\"search_term_string\"}}],\"inLanguage\":\"fr-FR\"},{\"@type\":\"Organization\",\"@id\":\"https:\/\/retina.ch\/fr\/#organization\",\"name\":\"Retina Suisse\",\"url\":\"https:\/\/retina.ch\/fr\/\",\"logo\":{\"@type\":\"ImageObject\",\"inLanguage\":\"fr-FR\",\"@id\":\"https:\/\/retina.ch\/fr\/#\/schema\/logo\/image\/\",\"url\":\"https:\/\/retina.ch\/wp-content\/uploads\/2020\/09\/retina-auge-typo.svg\",\"contentUrl\":\"https:\/\/retina.ch\/wp-content\/uploads\/2020\/09\/retina-auge-typo.svg\",\"width\":\"1024\",\"height\":\"1024\",\"caption\":\"Retina Suisse\"},\"image\":{\"@id\":\"https:\/\/retina.ch\/fr\/#\/schema\/logo\/image\/\"},\"sameAs\":[\"https:\/\/www.facebook.com\/retinasuisse\/\"]}]}<\/script>\n<!-- \/ Yoast SEO plugin. -->","yoast_head_json":{"title":"Contact &#8226; Retina Suisse","description":"Contactez nos services de consultation pour obtenir des conseils personnalis\u00e9s, des informations sur la recherche de nouvelles th\u00e9rapies contre la perte de vision et bien plus encore.","robots":{"index":"index","follow":"follow","max-snippet":"max-snippet:-1","max-image-preview":"max-image-preview:large","max-video-preview":"max-video-preview:-1"},"canonical":"https:\/\/retina.ch\/fr\/contact\/","og_locale":"fr_FR","og_type":"article","og_title":"Contact &#8226; Retina Suisse","og_description":"Contactez nos services de consultation pour obtenir des conseils personnalis\u00e9s, des informations sur la recherche de nouvelles th\u00e9rapies contre la perte de vision et bien plus encore.","og_url":"https:\/\/retina.ch\/fr\/contact\/","og_site_name":"Retina Suisse","article_publisher":"https:\/\/www.facebook.com\/retinasuisse\/","article_modified_time":"2026-01-20T13:46:59+00:00","og_image":[{"width":2560,"height":2560,"url":"https:\/\/retina.ch\/wp-content\/uploads\/2026\/01\/Rania-Python-1-edited-scaled.jpg","type":"image\/jpeg"}],"twitter_card":"summary_large_image","twitter_misc":{"Dur\u00e9e de lecture estim\u00e9e":"1 minute"},"schema":{"@context":"https:\/\/schema.org","@graph":[{"@type":"WebPage","@id":"https:\/\/retina.ch\/fr\/contact\/","url":"https:\/\/retina.ch\/fr\/contact\/","name":"Contact &#8226; Retina Suisse","isPartOf":{"@id":"https:\/\/retina.ch\/fr\/#website"},"primaryImageOfPage":{"@id":"https:\/\/retina.ch\/fr\/contact\/#primaryimage"},"image":{"@id":"https:\/\/retina.ch\/fr\/contact\/#primaryimage"},"thumbnailUrl":"https:\/\/retina.ch\/wp-content\/uploads\/2026\/01\/Rania-Python-1-edited-scaled.jpg","datePublished":"2020-09-19T07:02:31+00:00","dateModified":"2026-01-20T13:46:59+00:00","description":"Contactez nos services de consultation pour obtenir des conseils personnalis\u00e9s, des informations sur la recherche de nouvelles th\u00e9rapies contre la perte de vision et bien plus encore.","breadcrumb":{"@id":"https:\/\/retina.ch\/fr\/contact\/#breadcrumb"},"inLanguage":"fr-FR","potentialAction":[{"@type":"ReadAction","target":["https:\/\/retina.ch\/fr\/contact\/"]}]},{"@type":"ImageObject","inLanguage":"fr-FR","@id":"https:\/\/retina.ch\/fr\/contact\/#primaryimage","url":"https:\/\/retina.ch\/wp-content\/uploads\/2026\/01\/Rania-Python-1-edited-scaled.jpg","contentUrl":"https:\/\/retina.ch\/wp-content\/uploads\/2026\/01\/Rania-Python-1-edited-scaled.jpg"},{"@type":"BreadcrumbList","@id":"https:\/\/retina.ch\/fr\/contact\/#breadcrumb","itemListElement":[{"@type":"ListItem","position":1,"name":"Retina Suisse","item":"https:\/\/retina.ch\/fr\/"},{"@type":"ListItem","position":2,"name":"Contact"}]},{"@type":"WebSite","@id":"https:\/\/retina.ch\/fr\/#website","url":"https:\/\/retina.ch\/fr\/","name":"Retina Suisse","description":"Retina Suisse ist die Vereinigung von Patientinnen und Patienten mit Retinitis pigmentosa (RP), Makuladegeneration, Usher-Syndrom und anderen Erkrankungen des Augenhintergrundes.","publisher":{"@id":"https:\/\/retina.ch\/fr\/#organization"},"potentialAction":[{"@type":"SearchAction","target":{"@type":"EntryPoint","urlTemplate":"https:\/\/retina.ch\/fr\/?s={search_term_string}"},"query-input":{"@type":"PropertyValueSpecification","valueRequired":true,"valueName":"search_term_string"}}],"inLanguage":"fr-FR"},{"@type":"Organization","@id":"https:\/\/retina.ch\/fr\/#organization","name":"Retina Suisse","url":"https:\/\/retina.ch\/fr\/","logo":{"@type":"ImageObject","inLanguage":"fr-FR","@id":"https:\/\/retina.ch\/fr\/#\/schema\/logo\/image\/","url":"https:\/\/retina.ch\/wp-content\/uploads\/2020\/09\/retina-auge-typo.svg","contentUrl":"https:\/\/retina.ch\/wp-content\/uploads\/2020\/09\/retina-auge-typo.svg","width":"1024","height":"1024","caption":"Retina Suisse"},"image":{"@id":"https:\/\/retina.ch\/fr\/#\/schema\/logo\/image\/"},"sameAs":["https:\/\/www.facebook.com\/retinasuisse\/"]}]}},"_links":{"self":[{"href":"https:\/\/retina.ch\/fr\/wp-json\/wp\/v2\/pages\/932","targetHints":{"allow":["GET"]}}],"collection":[{"href":"https:\/\/retina.ch\/fr\/wp-json\/wp\/v2\/pages"}],"about":[{"href":"https:\/\/retina.ch\/fr\/wp-json\/wp\/v2\/types\/page"}],"author":[{"embeddable":true,"href":"https:\/\/retina.ch\/fr\/wp-json\/wp\/v2\/users\/1"}],"replies":[{"embeddable":true,"href":"https:\/\/retina.ch\/fr\/wp-json\/wp\/v2\/comments?post=932"}],"version-history":[{"count":5,"href":"https:\/\/retina.ch\/fr\/wp-json\/wp\/v2\/pages\/932\/revisions"}],"predecessor-version":[{"id":25044,"href":"https:\/\/retina.ch\/fr\/wp-json\/wp\/v2\/pages\/932\/revisions\/25044"}],"wp:attachment":[{"href":"https:\/\/retina.ch\/fr\/wp-json\/wp\/v2\/media?parent=932"}],"curies":[{"name":"wp","href":"https:\/\/api.w.org\/{rel}","templated":true}]}}