{"id":10988,"date":"2023-04-14T13:53:52","date_gmt":"2023-04-14T11:53:52","guid":{"rendered":"https:\/\/dev.retina.ch\/?post_type=ratgeber&#038;p=10988"},"modified":"2023-05-10T15:17:55","modified_gmt":"2023-05-10T13:17:55","slug":"un-cinquieme-de-la-population-suisse-se-heurte-a-des-obstacles","status":"publish","type":"ratgeber","link":"https:\/\/retina.ch\/fr\/conseils\/un-cinquieme-de-la-population-suisse-se-heurte-a-des-obstacles\/","title":{"rendered":"\u00ab\u00a0J\u2019ai \u00e9t\u00e9 fier de participer \u00e0 cette session\u00a0\u00bb"},"content":{"rendered":"\n<p class=\"has-medium-font-size\"><strong>La r\u00e9solution que nous avons adopt\u00e9 pendant la premi\u00e8re la session des personnes handicap\u00e9es en mars 2023 est un message fort et clair au monde politique.<\/strong><\/p>\n\n\n\n<div style=\"height:13px\" aria-hidden=\"true\" class=\"wp-block-spacer\"><\/div>\n\n\n\n<p><em>Auteur: Gabriel Friche, pr\u00e9sident de la section jurasienne de la F\u00e9d\u00e9ration suisse des aveugles et malvoyants<\/em><\/p>\n\n\n\n<div style=\"height:10px\" aria-hidden=\"true\" class=\"wp-block-spacer\"><\/div>\n\n\n\n<p>Nos revendications sont adress\u00e9es aux autorit\u00e9s politiques mais les acteurs principaux \u00e0 qui elle est adress\u00e9e la r\u00e9solution, c\u2019est \u00e0 nous, personnes handicap\u00e9es. Nous devons nous engager. La difficult\u00e9, c\u2019est que nous devons faire de la politique, ce qui n\u2019est pas donn\u00e9 \u00e0 tout le monde. <\/p>\n\n\n\n<p>Le premier pas est de s\u2019engager dans un parti politique. Il y a beaucoup plus de sympathisants \u00e0 un parti que de membres. La politique, \u00e7a prend du temps et pour nous, personnes handicap\u00e9es, cela en prend beaucoup plus du fait de notre handicap.<\/p>\n\n\n\n<h3 class=\"wp-block-heading\">Faire de la politique, c\u2019est captivant<\/h3>\n\n\n\n<p>Ayant fait partie du Parlement Jurassien, j\u2019ai toujours dit que cela me prenait deux fois plus de temps qu\u2019une personne sans handicap. En faisant partie d\u2019un parti politique, nous devons suivre les lignes du parti, et donc travailler sur plein de sujets qui n\u2019ont aucun lien avec le handicap.<\/p>\n\n\n\n<p>Faire de la politique, c\u2019est captivant. Je ne peux qu\u2019encourager toutes les personnes handicap\u00e9es \u00e0 en faire. C\u2019est comme cela que nous serons entendus. Que nous pourrons faire prendre conscience \u00e0 nos coll\u00e8gues de parti en premier, et aux autres partis que l\u2019\u00e9cart est encore grand pour que la CDPH devienne la r\u00e8gle.<\/p>\n\n\n\n<p>Une autre mani\u00e8re de faire de la politique sans \u00eatre membre d\u2019un parti est de convaincre une connaissance \u00e9lue de d\u00e9poser des interventions&nbsp;en lien avec le handicap. Nous jouons alors le r\u00f4le de lobbyistes, ce que je pratique r\u00e9guli\u00e8rement. Et \u00e7a fonctionne, mais bien s\u00fbr, \u00e7a prend aussi du temps et de l\u2019\u00e9nergie. Il faut donc s\u2019engager, c\u2019est la seule mani\u00e8re d\u2019\u00eatre entendu.<\/p>\n\n\n\n<h3 class=\"wp-block-heading\">Ensemble on voit mieux<\/h3>\n\n\n\n<p>Et pour conclure, je dirais que les organisations de personnes handicap\u00e9es doivent montrer l\u2019exemple. Engager des personnes handicap\u00e9es. Supprimer les barri\u00e8res en terme de communication, d\u2019information, et de documentation. Penser \u00e0 nos membres qui ne sont pas forc\u00e9ment \u00e9quip\u00e9s de moyens \u00e9lectronique. Le handicap est souvent li\u00e9 \u00e0 l\u2019\u00e2ge. Mais ensemble on voit mieux, donc unissons-nous pour que les g\u00e9n\u00e9rations futures soient inclues d\u00e8s la naissance.<\/p>\n\n\n\n<div style=\"height:40px\" aria-hidden=\"true\" class=\"wp-block-spacer\"><\/div>\n\n\n\n<p class=\"has-small-font-size\"><\/p>\n\n\n\n<h3 class=\"wp-block-heading\"><a href=\"https:\/\/www.proinfirmis.ch\/fr\/politique\/session-des-personnes-handicapees\/resolution.html\">Lire la r\u00e9solution<\/a><\/h3>\n\n\n\n<div style=\"height:10px\" aria-hidden=\"true\" class=\"wp-block-spacer\"><\/div>\n\n\n\n<hr class=\"wp-block-separator has-alpha-channel-opacity\"\/>\n\n\n\n<h1 class=\"wp-block-heading\">Entretien vid\u00e9o sur la session des personnes handicap\u00e9es<\/h1>\n\n\n\n<div style=\"height:20px\" aria-hidden=\"true\" class=\"wp-block-spacer\"><\/div>\n\n\n\n<p>L\u2019athl\u00e8te paralympique C\u00e9line van Till dit: \u201cJe voudrais \u00eatre un mod\u00e8le pour les autres personnes handicap\u00e9es.\u201d<\/p>\n\n\n\n<figure class=\"wp-block-embed is-type-video is-provider-vimeo wp-block-embed-vimeo wp-embed-aspect-16-9 wp-has-aspect-ratio\"><div class=\"wp-block-embed__wrapper\">\n <div class=\"brlbs-cmpnt-container brlbs-cmpnt-content-blocker brlbs-cmpnt-with-individual-styles\" data-borlabs-cookie-content-blocker-id=\"vimeo-content-blocker\" data-borlabs-cookie-content=\"CjxkaXYgZGF0YS1tb2RlPSJub3JtYWwiIGRhdGEtb2VtYmVkPSIxIiBkYXRhLXByb3ZpZGVyPSJ2aW1lbyIgaWQ9ImFydmUtdmltZW8tODE4NzUxODQ2IiBjbGFzcz0iYXJ2ZSI+Cgk8ZGl2IGNsYXNzPSJhcnZlLWlubmVyIj4KCQk8ZGl2IHN0eWxlPSJhc3BlY3QtcmF0aW86MzUwLzE5NyIgY2xhc3M9ImFydmUtZW1iZWQgYXJ2ZS1lbWJlZC0taGFzLWFzcGVjdC1yYXRpbyI+CgkJCTxkaXYgY2xhc3M9ImFydmUtYXIiIHN0eWxlPSJwYWRkaW5nLXRvcDo1Ni4yODU3MTQlIj48L2Rpdj4KCQkJPGlmcmFtZSBhbGxvdz0iYWNjZWxlcm9tZXRlciAmYXBvcztub25lJmFwb3M7O2F1dG9wbGF5ICZhcG9zO25vbmUmYXBvczs7Ymx1ZXRvb3RoICZhcG9zO25vbmUmYXBvczs7YnJvd3NpbmctdG9waWNzICZhcG9zO25vbmUmYXBvczs7Y2FtZXJhICZhcG9zO25vbmUmYXBvczs7Y2xpcGJvYXJkLXJlYWQgJmFwb3M7bm9uZSZhcG9zOztjbGlwYm9hcmQtd3JpdGU7ZGlzcGxheS1jYXB0dXJlICZhcG9zO25vbmUmYXBvczs7ZW5jcnlwdGVkLW1lZGlhICZhcG9zO25vbmUmYXBvczs7Z2FtZXBhZCAmYXBvcztub25lJmFwb3M7O2dlb2xvY2F0aW9uICZhcG9zO25vbmUmYXBvczs7Z3lyb3Njb3BlICZhcG9zO25vbmUmYXBvczs7aGlkICZhcG9zO25vbmUmYXBvczs7aWRlbnRpdHktY3JlZGVudGlhbHMtZ2V0ICZhcG9zO25vbmUmYXBvczs7aWRsZS1kZXRlY3Rpb24gJmFwb3M7bm9uZSZhcG9zOztrZXlib2FyZC1tYXAgJmFwb3M7bm9uZSZhcG9zOztsb2NhbC1mb250czttYWduZXRvbWV0ZXIgJmFwb3M7bm9uZSZhcG9zOzttaWNyb3Bob25lICZhcG9zO25vbmUmYXBvczs7bWlkaSAmYXBvcztub25lJmFwb3M7O290cC1jcmVkZW50aWFscyAmYXBvcztub25lJmFwb3M7O3BheW1lbnQgJmFwb3M7bm9uZSZhcG9zOztwaWN0dXJlLWluLXBpY3R1cmU7cHVibGlja2V5LWNyZWRlbnRpYWxzLWNyZWF0ZSAmYXBvcztub25lJmFwb3M7O3B1YmxpY2tleS1jcmVkZW50aWFscy1nZXQgJmFwb3M7bm9uZSZhcG9zOztzY3JlZW4td2FrZS1sb2NrICZhcG9zO25vbmUmYXBvczs7c2VyaWFsICZhcG9zO25vbmUmYXBvczs7c3VtbWFyaXplciAmYXBvcztub25lJmFwb3M7O3N5bmMteGhyO3VzYiAmYXBvcztub25lJmFwb3M7O3dlYi1zaGFyZTt3aW5kb3ctbWFuYWdlbWVudCAmYXBvcztub25lJmFwb3M7O3hyLXNwYXRpYWwtdHJhY2tpbmcgJmFwb3M7bm9uZSZhcG9zOzsiIGFsbG93ZnVsbHNjcmVlbj0iIiBjbGFzcz0iYXJ2ZS1pZnJhbWUgZml0dmlkc2lnbm9yZSIgY3JlZGVudGlhbGxlc3MgZGF0YS1hcnZlPSJhcnZlLXZpbWVvLTgxODc1MTg0NiIgZGF0YS1sZW5pcy1wcmV2ZW50PSIiIGRhdGEtc3JjLW5vLWFwPSJodHRwczovL3BsYXllci52aW1lby5jb20vdmlkZW8vODE4NzUxODQ2P2RudD0xJmFtcDthcHBfaWQ9MTIyOTYzJmFtcDt0cmFuc3BhcmVudD0wJmFtcDt0aXRsZT0xJmFtcDtieWxpbmU9MCZhbXA7cG9ydHJhaXQ9MCZhbXA7YXV0b3BsYXk9MCIgZnJhbWVib3JkZXI9IjAiIGhlaWdodD0iMCIgbG9hZGluZz0ibGF6eSIgbmFtZT0iIiByZWZlcnJlcnBvbGljeT0ic3RyaWN0LW9yaWdpbi13aGVuLWNyb3NzLW9yaWdpbiIgc2FuZGJveD0iYWxsb3ctc2NyaXB0cyBhbGxvdy1zYW1lLW9yaWdpbiBhbGxvdy1wcmVzZW50YXRpb24gYWxsb3ctcG9wdXBzIGFsbG93LXBvcHVwcy10by1lc2NhcGUtc2FuZGJveCBhbGxvdy1mb3JtcyIgc2Nyb2xsaW5nPSJubyIgc3JjPSJodHRwczovL3BsYXllci52aW1lby5jb20vdmlkZW8vODE4NzUxODQ2P2RudD0xJiMwMzg7YXBwX2lkPTEyMjk2MyYjMDM4O3RyYW5zcGFyZW50PTAmIzAzODt0aXRsZT0xJiMwMzg7YnlsaW5lPTAmIzAzODtwb3J0cmFpdD0wJiMwMzg7YXV0b3BsYXk9MCIgdGl0bGU9IiIgd2lkdGg9IjAiPjwvaWZyYW1lPgoJCQkKCQk8L2Rpdj4KCQkKCTwvZGl2PgoJCgkKCTxzY3JpcHQgdHlwZT0iYXBwbGljYXRpb24vbGQranNvbiI+eyJAY29udGV4dCI6Imh0dHA6XC9cL3NjaGVtYS5vcmdcLyIsIkBpZCI6Imh0dHBzOlwvXC9yZXRpbmEuY2hcL2ZyXC9jb25zZWlsc1wvdW4tY2lucXVpZW1lLWRlLWxhLXBvcHVsYXRpb24tc3Vpc3NlLXNlLWhldXJ0ZS1hLWRlcy1vYnN0YWNsZXNcLyNhcnZlLXZpbWVvLTgxODc1MTg0NiIsInR5cGUiOiJWaWRlb09iamVjdCIsImVtYmVkVVJMIjoiaHR0cHM6XC9cL3BsYXllci52aW1lby5jb21cL3ZpZGVvXC84MTg3NTE4NDY\/ZG50PTEmYXBwX2lkPTEyMjk2MyZ0cmFuc3BhcmVudD0wJnRpdGxlPTEmYnlsaW5lPTAmcG9ydHJhaXQ9MCZhdXRvcGxheT0wIn08L3NjcmlwdD4KCQo8L2Rpdj4=\"><div class=\"brlbs-cmpnt-cb-preset-c brlbs-cmpnt-cb-vimeo\"> <div class=\"brlbs-cmpnt-cb-thumbnail\" style=\"background-image: url('https:\/\/retina.ch\/wp-content\/uploads\/borlabs-cookie\/1\/vimeo_818751846.jpg')\"><\/div> <div class=\"brlbs-cmpnt-cb-main\"> <div class=\"brlbs-cmpnt-cb-play-button\"><\/div> <div class=\"brlbs-cmpnt-cb-content\"> <p class=\"brlbs-cmpnt-cb-description\">Vous \u00eates actuellement en train de consulter le contenu d&rsquo;un espace r\u00e9serv\u00e9 de <strong>Vimeo<\/strong>. Pour acc\u00e9der au contenu r\u00e9el, cliquez sur le bouton ci-dessous. Veuillez noter que ce faisant, des donn\u00e9es seront partag\u00e9es avec des providers tiers.<\/p> <a class=\"brlbs-cmpnt-cb-provider-toggle\" href=\"#\" data-borlabs-cookie-show-provider-information role=\"button\">Plus d&rsquo;informations<\/a> <\/div> <div class=\"brlbs-cmpnt-cb-buttons\"> <a class=\"brlbs-cmpnt-cb-btn\" href=\"#\" data-borlabs-cookie-unblock role=\"button\">D\u00e9bloquer le contenu<\/a> <a class=\"brlbs-cmpnt-cb-btn\" href=\"#\" data-borlabs-cookie-accept-service role=\"button\" style=\"display: inherit\">Accepter le service requis et d\u00e9bloquer les contenus<\/a> <\/div> <\/div> <\/div><\/div>\n<\/div><\/figure>\n\n\n\n<hr class=\"wp-block-separator has-alpha-channel-opacity\"\/>\n\n\n\n<h1 class=\"wp-block-heading\">Un cinqui\u00e8me de la population suisse se heurte \u00e0 des obstacles<\/h1>\n\n\n\n<div style=\"height:11px\" aria-hidden=\"true\" class=\"wp-block-spacer\"><\/div>\n\n\n\n<p><em>Auteur: Peter Jankovsky, responsable de la communication de Retina Suisse<\/em><\/p>\n\n\n\n<div style=\"height:10px\" aria-hidden=\"true\" class=\"wp-block-spacer\"><\/div>\n\n\n\n<p>Comment? Les personnes en situation de handicap repr\u00e9senteraient 22&nbsp;% de la population suisse? Oui, c\u2019est bien \u00e7a. Ce chiffre est malheureusement m\u00e9connu. Les 44&nbsp;personnes pr\u00e9sentant un handicap physique ou cognitif qui ont particip\u00e9 \u00e0 la premi\u00e8re session des personnes handicap\u00e9es au Palais f\u00e9d\u00e9ral le 24&nbsp;mars 2023 l\u2019ont toutefois bien rappel\u00e9 \u00e0 l\u2019opinion publique.<\/p>\n\n\n\n<p>Le mot qui est revenu le plus souvent dans la salle du Conseil national ce jour-l\u00e0 est \u00abaccessibilit\u00e9\u00bb. Selon la loi sur l\u2019\u00e9galit\u00e9 pour les handicap\u00e9s, entr\u00e9e en vigueur en 2004, celle-ci doit \u00eatre garantie de fa\u00e7on syst\u00e9matique. Pourtant, il est ressorti de la session des personnes handicap\u00e9es que l\u2019accessibilit\u00e9 fait encore souvent d\u00e9faut.<\/p>\n\n\n\n<h3 class=\"wp-block-heading\">M\u00eame au niveau des services officiels il y a des lacunes<\/h3>\n\n\n\n<p>Par exemple, a-t-on conscience que les trottoirs bas cr\u00e9ent la confusion chez les malvoyants? Les cantons le savent mais augmentent rarement la hauteur des trottoirs \u00e0 trois centim\u00e8tres l\u00e0 o\u00f9 cela est n\u00e9cessaire. Rehausser les bordures d\u2019accostage aux arr\u00eats de bus semble encore trop souvent \u00eatre un probl\u00e8me, pour des raisons financi\u00e8res. <\/p>\n\n\n\n<p>Toutefois, les bordures d\u2019accostage sont utiles \u00e0 beaucoup d\u2019autres personnes \u00e9galement, par exemple celles qui se d\u00e9placent avec des valises lourdes ou des poussettes ou qui ont une jambe dans le pl\u00e2tre.<\/p>\n\n\n\n<p>Les malvoyants se heurtent \u00e9galement \u00e0 des obstacles avec les vid\u00e9os et le mat\u00e9riel d\u2019information. M\u00eame au niveau des services officiels ou des prestataires de services publics, les textes d\u2019accompagnement sont encore trop rares dans le domaine num\u00e9rique. Avec la technologie actuelle, ces mesures sont un jeu d\u2019enfant.<\/p>\n\n\n\n<p>Et ce n\u2019est pas tout. Dans certaines situations, les multiples obstacles auxquels se heurtent les personnes en situation de handicap sont ressentis comme une humiliation. C\u2019est le cas en mati\u00e8re d\u2019inclusion, c\u2019est-\u00e0-dire d\u2019\u00e9galit\u00e9 de traitement, d\u2019int\u00e9gration et d\u2019\u00e9galit\u00e9 des chances.<\/p>\n\n\n\n<h3 class=\"wp-block-heading\">\u00c0 la recherche d&rsquo;un emploi: il ne faut jamais abandonner<\/h3>\n\n\n\n<p>De nombreuses personnes \u00e9vitent les handicap\u00e9s ou les ignorent, le plus souvent par manque d\u2019assurance. En outre, beaucoup d\u2019employeurs n\u2019ont pas le courage de cr\u00e9er des postes de travail pour les personnes handicap\u00e9es ou de cr\u00e9er les conditions d\u2019accessibilit\u00e9 n\u00e9cessaires \u00e0 l\u2019emploi de ces personnes.<\/p>\n\n\n\n<p>Citons l\u2019intervention de Marianne Pl\u00fcss, malvoyante, lors de la session: les personnes handicap\u00e9es doivent \u00eatre actives et ne jamais abandonner. Elle a mis cinq ans pour trouver un emploi, mais elle y est parvenue.<\/p>\n\n\n\n<p>La liste des obstacles humiliants ne s\u2019arr\u00eate pas l\u00e0. Rappelons notamment que les personnes malvoyantes ne peuvent pas participer seules aux votations et \u00e9lections. En effet, \u00e0 une \u00e9poque o\u00f9 la num\u00e9risation est omnipr\u00e9sente, le mat\u00e9riel de vote n\u2019est pas encore accessible \u00e0 tous. Exemple: au niveau f\u00e9d\u00e9ral, les solutions ne concernent que les votations; pour toutes les autres proc\u00e9dures, une aide est requise. Ainsi, le secret du vote n\u2019est toujours pas garanti.<\/p>\n\n\n\n<p>Autre exemple g\u00eanant: un parlementaire \u00e0 mobilit\u00e9 r\u00e9duite a clairement fait remarquer que le Parlement national avait certes organis\u00e9 et financ\u00e9 l\u2019interpr\u00e9tation simultan\u00e9e dans les langues nationales pour la session des personnes handicap\u00e9es \u2013 mais pas l\u2019interpr\u00e9tation en langue des signes, tout aussi importante. \u00c0 cet \u00e9gard, la Suisse fait figure de pays en voie de d\u00e9veloppement, a expliqu\u00e9 le parlementaire handicap\u00e9 Alex Oberholzer, venu de Zurich.<\/p>\n\n\n\n<h3 class=\"wp-block-heading\">Une inclusion \u00e0 tous les niveaux<\/h3>\n\n\n\n<p>Restons dans le domaine de la politique. Qu\u2019en est-il du droit d\u2019\u00eatre \u00e9lu? Les personnes en situation de handicap ont trop peu de repr\u00e9sentantes et repr\u00e9sentants au sein des organes politiques. La raison? Une attitude distante vis-\u00e0-vis de ces personnes. Mais aussi une accessibilit\u00e9 et une assistance insuffisantes dans les lieux o\u00f9 se joue la politique.<\/p>\n\n\n\n<p>On comprend ainsi l\u2019exigence fondamentale de la session des personnes handicap\u00e9es: une inclusion \u00e0 tous les niveaux. Un sujet que l\u2019opinion publique devrait prendre tr\u00e8s au s\u00e9rieux car toute personne \u00abnormale\u00bb peut devenir handicap\u00e9e \u00e0 la suite d\u2019un accident ou d\u2019une maladie. Personne n\u2019est \u00e0 l\u2019abri.<\/p>\n\n\n\n<p>Ancrer le handicap dans les consciences: telle est l\u2019une des intentions du pr\u00e9sident du Conseil national Martin Candinas et de Pro Infirmis, qui ont organis\u00e9 ensemble la premi\u00e8re session des personnes handicap\u00e9es. D\u2019autres sessions similaires sont n\u00e9cessaires et auront lieu.<\/p>\n\n\n\n<h3 class=\"wp-block-heading\">Les personnes avec un handicap ont du poids politique <\/h3>\n\n\n\n<p>Enfin, un dernier mot sur la politique: les quelque 1,8&nbsp;million de personnes vivant avec un handicap en Suisse constituent un groupe d\u2019\u00e9lectrices et d\u2019\u00e9lecteurs non n\u00e9gligeable. Un groupe qui peut m\u00eame devenir influent si ces personnes s\u2019organisent de mani\u00e8re coh\u00e9rente.<\/p>\n\n\n\n<p>Au bout du compte, il en va du droit \u00e0 l\u2019\u00e9galit\u00e9 de traitement. Ce n\u2019est pas trop demander.<\/p>\n","protected":false},"excerpt":{"rendered":"<p>La r\u00e9solution que nous avons adopt\u00e9 pendant la premi\u00e8re la session des personnes handicap\u00e9es en mars 2023 est un message fort au monde politique.<\/p>\n","protected":false},"featured_media":12118,"template":"","meta":{"_acf_changed":false,"inline_featured_image":false,"_FSMCFIC_featured_image_caption":"","_FSMCFIC_featured_image_nocaption":"","_FSMCFIC_featured_image_hide":"","footnotes":"","_links_to":"","_links_to_target":""},"categories":[140],"class_list":["post-10988","ratgeber","type-ratgeber","status-publish","has-post-thumbnail","hentry","category-conseils"],"acf":[],"yoast_head":"<!-- This site is optimized with the Yoast SEO plugin v27.1.1 - https:\/\/yoast.com\/product\/yoast-seo-wordpress\/ -->\n<title>&quot;J\u2019ai \u00e9t\u00e9 fier de participer \u00e0 cette session&quot; &#8226; Retina Suisse<\/title>\n<meta name=\"robots\" content=\"index, follow, max-snippet:-1, max-image-preview:large, max-video-preview:-1\" \/>\n<link rel=\"canonical\" href=\"https:\/\/retina.ch\/fr\/conseils\/un-cinquieme-de-la-population-suisse-se-heurte-a-des-obstacles\/\" \/>\n<meta property=\"og:locale\" content=\"fr_FR\" \/>\n<meta property=\"og:type\" content=\"article\" \/>\n<meta property=\"og:title\" content=\"&quot;J\u2019ai \u00e9t\u00e9 fier de participer \u00e0 cette session&quot; &#8226; Retina Suisse\" \/>\n<meta property=\"og:description\" content=\"La r\u00e9solution que nous avons adopt\u00e9 pendant la premi\u00e8re la session des personnes handicap\u00e9es en mars 2023 est un message fort au monde politique.\" \/>\n<meta property=\"og:url\" content=\"https:\/\/retina.ch\/fr\/conseils\/un-cinquieme-de-la-population-suisse-se-heurte-a-des-obstacles\/\" \/>\n<meta property=\"og:site_name\" content=\"Retina Suisse\" \/>\n<meta property=\"article:publisher\" content=\"https:\/\/www.facebook.com\/retinasuisse\/\" \/>\n<meta property=\"article:modified_time\" content=\"2023-05-10T13:17:55+00:00\" \/>\n<meta property=\"og:image\" content=\"https:\/\/retina.ch\/wp-content\/uploads\/2023\/04\/bild-behindertensession-rollstuhl-neu-scaled.jpg\" \/>\n\t<meta property=\"og:image:width\" content=\"2560\" \/>\n\t<meta property=\"og:image:height\" content=\"1539\" \/>\n\t<meta property=\"og:image:type\" content=\"image\/jpeg\" \/>\n<meta name=\"twitter:card\" content=\"summary_large_image\" \/>\n<meta name=\"twitter:label1\" content=\"Dur\u00e9e de lecture estim\u00e9e\" \/>\n\t<meta name=\"twitter:data1\" content=\"7 minutes\" \/>\n<script type=\"application\/ld+json\" class=\"yoast-schema-graph\">{\"@context\":\"https:\/\/schema.org\",\"@graph\":[{\"@type\":\"WebPage\",\"@id\":\"https:\/\/retina.ch\/fr\/conseils\/un-cinquieme-de-la-population-suisse-se-heurte-a-des-obstacles\/\",\"url\":\"https:\/\/retina.ch\/fr\/conseils\/un-cinquieme-de-la-population-suisse-se-heurte-a-des-obstacles\/\",\"name\":\"\\\"J\u2019ai \u00e9t\u00e9 fier de participer \u00e0 cette session\\\" &#8226; Retina Suisse\",\"isPartOf\":{\"@id\":\"https:\/\/retina.ch\/fr\/#website\"},\"primaryImageOfPage\":{\"@id\":\"https:\/\/retina.ch\/fr\/conseils\/un-cinquieme-de-la-population-suisse-se-heurte-a-des-obstacles\/#primaryimage\"},\"image\":{\"@id\":\"https:\/\/retina.ch\/fr\/conseils\/un-cinquieme-de-la-population-suisse-se-heurte-a-des-obstacles\/#primaryimage\"},\"thumbnailUrl\":\"https:\/\/retina.ch\/wp-content\/uploads\/2023\/04\/bild-behindertensession-rollstuhl-neu-scaled.jpg\",\"datePublished\":\"2023-04-14T11:53:52+00:00\",\"dateModified\":\"2023-05-10T13:17:55+00:00\",\"breadcrumb\":{\"@id\":\"https:\/\/retina.ch\/fr\/conseils\/un-cinquieme-de-la-population-suisse-se-heurte-a-des-obstacles\/#breadcrumb\"},\"inLanguage\":\"fr-FR\",\"potentialAction\":[{\"@type\":\"ReadAction\",\"target\":[\"https:\/\/retina.ch\/fr\/conseils\/un-cinquieme-de-la-population-suisse-se-heurte-a-des-obstacles\/\"]}]},{\"@type\":\"ImageObject\",\"inLanguage\":\"fr-FR\",\"@id\":\"https:\/\/retina.ch\/fr\/conseils\/un-cinquieme-de-la-population-suisse-se-heurte-a-des-obstacles\/#primaryimage\",\"url\":\"https:\/\/retina.ch\/wp-content\/uploads\/2023\/04\/bild-behindertensession-rollstuhl-neu-scaled.jpg\",\"contentUrl\":\"https:\/\/retina.ch\/wp-content\/uploads\/2023\/04\/bild-behindertensession-rollstuhl-neu-scaled.jpg\",\"width\":2560,\"height\":1539,\"caption\":\"Rollstuhlfahrer im Bundeshaus in Bern.\"},{\"@type\":\"BreadcrumbList\",\"@id\":\"https:\/\/retina.ch\/fr\/conseils\/un-cinquieme-de-la-population-suisse-se-heurte-a-des-obstacles\/#breadcrumb\",\"itemListElement\":[{\"@type\":\"ListItem\",\"position\":1,\"name\":\"Retina Suisse\",\"item\":\"https:\/\/retina.ch\/fr\/\"},{\"@type\":\"ListItem\",\"position\":2,\"name\":\"&#8222;J\u2019ai \u00e9t\u00e9 fier de participer \u00e0 cette session&#8220;\"}]},{\"@type\":\"WebSite\",\"@id\":\"https:\/\/retina.ch\/fr\/#website\",\"url\":\"https:\/\/retina.ch\/fr\/\",\"name\":\"Retina Suisse\",\"description\":\"Retina Suisse ist die Vereinigung von Patientinnen und Patienten mit Retinitis pigmentosa (RP), Makuladegeneration, Usher-Syndrom und anderen Erkrankungen des Augenhintergrundes.\",\"publisher\":{\"@id\":\"https:\/\/retina.ch\/fr\/#organization\"},\"potentialAction\":[{\"@type\":\"SearchAction\",\"target\":{\"@type\":\"EntryPoint\",\"urlTemplate\":\"https:\/\/retina.ch\/fr\/?s={search_term_string}\"},\"query-input\":{\"@type\":\"PropertyValueSpecification\",\"valueRequired\":true,\"valueName\":\"search_term_string\"}}],\"inLanguage\":\"fr-FR\"},{\"@type\":\"Organization\",\"@id\":\"https:\/\/retina.ch\/fr\/#organization\",\"name\":\"Retina Suisse\",\"url\":\"https:\/\/retina.ch\/fr\/\",\"logo\":{\"@type\":\"ImageObject\",\"inLanguage\":\"fr-FR\",\"@id\":\"https:\/\/retina.ch\/fr\/#\/schema\/logo\/image\/\",\"url\":\"https:\/\/retina.ch\/wp-content\/uploads\/2020\/09\/retina-auge-typo.svg\",\"contentUrl\":\"https:\/\/retina.ch\/wp-content\/uploads\/2020\/09\/retina-auge-typo.svg\",\"width\":\"1024\",\"height\":\"1024\",\"caption\":\"Retina Suisse\"},\"image\":{\"@id\":\"https:\/\/retina.ch\/fr\/#\/schema\/logo\/image\/\"},\"sameAs\":[\"https:\/\/www.facebook.com\/retinasuisse\/\"]}]}<\/script>\n<!-- \/ Yoast SEO plugin. -->","yoast_head_json":{"title":"\"J\u2019ai \u00e9t\u00e9 fier de participer \u00e0 cette session\" &#8226; Retina Suisse","robots":{"index":"index","follow":"follow","max-snippet":"max-snippet:-1","max-image-preview":"max-image-preview:large","max-video-preview":"max-video-preview:-1"},"canonical":"https:\/\/retina.ch\/fr\/conseils\/un-cinquieme-de-la-population-suisse-se-heurte-a-des-obstacles\/","og_locale":"fr_FR","og_type":"article","og_title":"\"J\u2019ai \u00e9t\u00e9 fier de participer \u00e0 cette session\" &#8226; Retina Suisse","og_description":"La r\u00e9solution que nous avons adopt\u00e9 pendant la premi\u00e8re la session des personnes handicap\u00e9es en mars 2023 est un message fort au monde politique.","og_url":"https:\/\/retina.ch\/fr\/conseils\/un-cinquieme-de-la-population-suisse-se-heurte-a-des-obstacles\/","og_site_name":"Retina Suisse","article_publisher":"https:\/\/www.facebook.com\/retinasuisse\/","article_modified_time":"2023-05-10T13:17:55+00:00","og_image":[{"width":2560,"height":1539,"url":"https:\/\/retina.ch\/wp-content\/uploads\/2023\/04\/bild-behindertensession-rollstuhl-neu-scaled.jpg","type":"image\/jpeg"}],"twitter_card":"summary_large_image","twitter_misc":{"Dur\u00e9e de lecture estim\u00e9e":"7 minutes"},"schema":{"@context":"https:\/\/schema.org","@graph":[{"@type":"WebPage","@id":"https:\/\/retina.ch\/fr\/conseils\/un-cinquieme-de-la-population-suisse-se-heurte-a-des-obstacles\/","url":"https:\/\/retina.ch\/fr\/conseils\/un-cinquieme-de-la-population-suisse-se-heurte-a-des-obstacles\/","name":"\"J\u2019ai \u00e9t\u00e9 fier de participer \u00e0 cette session\" &#8226; Retina Suisse","isPartOf":{"@id":"https:\/\/retina.ch\/fr\/#website"},"primaryImageOfPage":{"@id":"https:\/\/retina.ch\/fr\/conseils\/un-cinquieme-de-la-population-suisse-se-heurte-a-des-obstacles\/#primaryimage"},"image":{"@id":"https:\/\/retina.ch\/fr\/conseils\/un-cinquieme-de-la-population-suisse-se-heurte-a-des-obstacles\/#primaryimage"},"thumbnailUrl":"https:\/\/retina.ch\/wp-content\/uploads\/2023\/04\/bild-behindertensession-rollstuhl-neu-scaled.jpg","datePublished":"2023-04-14T11:53:52+00:00","dateModified":"2023-05-10T13:17:55+00:00","breadcrumb":{"@id":"https:\/\/retina.ch\/fr\/conseils\/un-cinquieme-de-la-population-suisse-se-heurte-a-des-obstacles\/#breadcrumb"},"inLanguage":"fr-FR","potentialAction":[{"@type":"ReadAction","target":["https:\/\/retina.ch\/fr\/conseils\/un-cinquieme-de-la-population-suisse-se-heurte-a-des-obstacles\/"]}]},{"@type":"ImageObject","inLanguage":"fr-FR","@id":"https:\/\/retina.ch\/fr\/conseils\/un-cinquieme-de-la-population-suisse-se-heurte-a-des-obstacles\/#primaryimage","url":"https:\/\/retina.ch\/wp-content\/uploads\/2023\/04\/bild-behindertensession-rollstuhl-neu-scaled.jpg","contentUrl":"https:\/\/retina.ch\/wp-content\/uploads\/2023\/04\/bild-behindertensession-rollstuhl-neu-scaled.jpg","width":2560,"height":1539,"caption":"Rollstuhlfahrer im Bundeshaus in Bern."},{"@type":"BreadcrumbList","@id":"https:\/\/retina.ch\/fr\/conseils\/un-cinquieme-de-la-population-suisse-se-heurte-a-des-obstacles\/#breadcrumb","itemListElement":[{"@type":"ListItem","position":1,"name":"Retina Suisse","item":"https:\/\/retina.ch\/fr\/"},{"@type":"ListItem","position":2,"name":"&#8222;J\u2019ai \u00e9t\u00e9 fier de participer \u00e0 cette session&#8220;"}]},{"@type":"WebSite","@id":"https:\/\/retina.ch\/fr\/#website","url":"https:\/\/retina.ch\/fr\/","name":"Retina Suisse","description":"Retina Suisse ist die Vereinigung von Patientinnen und Patienten mit Retinitis pigmentosa (RP), Makuladegeneration, Usher-Syndrom und anderen Erkrankungen des Augenhintergrundes.","publisher":{"@id":"https:\/\/retina.ch\/fr\/#organization"},"potentialAction":[{"@type":"SearchAction","target":{"@type":"EntryPoint","urlTemplate":"https:\/\/retina.ch\/fr\/?s={search_term_string}"},"query-input":{"@type":"PropertyValueSpecification","valueRequired":true,"valueName":"search_term_string"}}],"inLanguage":"fr-FR"},{"@type":"Organization","@id":"https:\/\/retina.ch\/fr\/#organization","name":"Retina Suisse","url":"https:\/\/retina.ch\/fr\/","logo":{"@type":"ImageObject","inLanguage":"fr-FR","@id":"https:\/\/retina.ch\/fr\/#\/schema\/logo\/image\/","url":"https:\/\/retina.ch\/wp-content\/uploads\/2020\/09\/retina-auge-typo.svg","contentUrl":"https:\/\/retina.ch\/wp-content\/uploads\/2020\/09\/retina-auge-typo.svg","width":"1024","height":"1024","caption":"Retina Suisse"},"image":{"@id":"https:\/\/retina.ch\/fr\/#\/schema\/logo\/image\/"},"sameAs":["https:\/\/www.facebook.com\/retinasuisse\/"]}]}},"_links":{"self":[{"href":"https:\/\/retina.ch\/fr\/wp-json\/wp\/v2\/ratgeber\/10988","targetHints":{"allow":["GET"]}}],"collection":[{"href":"https:\/\/retina.ch\/fr\/wp-json\/wp\/v2\/ratgeber"}],"about":[{"href":"https:\/\/retina.ch\/fr\/wp-json\/wp\/v2\/types\/ratgeber"}],"version-history":[{"count":27,"href":"https:\/\/retina.ch\/fr\/wp-json\/wp\/v2\/ratgeber\/10988\/revisions"}],"predecessor-version":[{"id":11791,"href":"https:\/\/retina.ch\/fr\/wp-json\/wp\/v2\/ratgeber\/10988\/revisions\/11791"}],"wp:featuredmedia":[{"embeddable":true,"href":"https:\/\/retina.ch\/fr\/wp-json\/wp\/v2\/media\/12118"}],"wp:attachment":[{"href":"https:\/\/retina.ch\/fr\/wp-json\/wp\/v2\/media?parent=10988"}],"wp:term":[{"taxonomy":"category","embeddable":true,"href":"https:\/\/retina.ch\/fr\/wp-json\/wp\/v2\/categories?post=10988"}],"curies":[{"name":"wp","href":"https:\/\/api.w.org\/{rel}","templated":true}]}}