{"id":11066,"date":"2023-04-14T14:37:42","date_gmt":"2023-04-14T12:37:42","guid":{"rendered":"https:\/\/dev.retina.ch\/?post_type=ratgeber&#038;p=11066"},"modified":"2023-04-19T17:51:15","modified_gmt":"2023-04-19T15:51:15","slug":"un-processus-de-candidature-qui-oscille-entre-peur-et-curiosite","status":"publish","type":"ratgeber","link":"https:\/\/retina.ch\/fr\/conseils\/un-processus-de-candidature-qui-oscille-entre-peur-et-curiosite\/","title":{"rendered":"Recherche d\u2019emploi: entre peur et curiosit\u00e9"},"content":{"rendered":"\n<p class=\"has-medium-font-size\"><strong>\u00abVotre dossier nous a beaucoup plu, mais d\u2019autres candidats\/candidates correspondent encore un peu mieux \u00e0 notre profil\u00bb.<\/strong><\/p>\n\n\n\n<div style=\"height:11px\" aria-hidden=\"true\" class=\"wp-block-spacer\"><\/div>\n\n\n\n<p><em>Auteure: Jeannine Suter, coordinatrice de Retina Suisse Youth<\/em><\/p>\n\n\n\n<div style=\"height:11px\" aria-hidden=\"true\" class=\"wp-block-spacer\"><\/div>\n\n\n\n<p>Nous sommes nombreux \u00e0 conna\u00eetre ce type de phrases figurant dans les r\u00e9ponses standardis\u00e9es \u00e0 une candidature d\u00e9pos\u00e9e. Avec un handicap visuel, la probabilit\u00e9 de la lire plusieurs fois est en outre accrue. Elle soul\u00e8ve la d\u00e9sagr\u00e9able question de savoir si les qualifications ne sont pas \u00e0 la hauteur ou si le handicap visuel a peut-\u00eatre provoqu\u00e9 une trop grande incertitude, voire de la peur.<\/p>\n\n\n\n<p>Pour moi, la partie \u00e9crite de la proc\u00e9dure de candidature constitue le plus grand obstacle, car j\u2019ai d\u00e9cid\u00e9 de mentionner mon handicap visuel dans mon CV. Je ne peux donc pas commenter cet \u00e9tat de fait pendant que le sp\u00e9cialiste RH r\u00e9fl\u00e9chit \u00e0 mon dossier. Par ailleurs, rejeter une candidature est nettement plus simple lorsque la personne n\u2019est qu\u2019un dossier parmi tant d\u2019autres.<\/p>\n\n\n\n<h3 class=\"wp-block-heading\">La rencontre personnelle est d\u00e9cisive<\/h3>\n\n\n\n<p>Pour moi, en ma qualit\u00e9 de sp\u00e9cialiste et de personne, cela veut dire que je dois \u00e9veiller la curiosit\u00e9 des recruteurs et me pr\u00e9senter comme une personne active. Car malheureusement, l\u2019opinion selon laquelle nous, les personnes malvoyantes, restons \u00e0 la maison \u00e0 boire du th\u00e9 en attendant que quelqu\u2019un nous tende la main, semble encore tr\u00e8s r\u00e9pandue.<\/p>\n\n\n\n<p>Aujourd\u2019hui, je ne ressens presque plus de nervosit\u00e9 avant un entretien d\u2019embauche. Non seulement parce que j\u2019en ai d\u00e9j\u00e0 pass\u00e9 quelques-uns, mais aussi parce que je sais que la rencontre personnelle est mon atout. J\u2019entends souvent dire que mon attitude positive et ouverte est tr\u00e8s efficace, parfois m\u00eame qu\u2019elle surprend. Je pense que je le dois en partie \u00e0 mon handicap visuel, car je suis tout simplement habitu\u00e9e \u00e0 ce que des inconnus me posent des questions sur ma vie, tout en restant aimable, ouverte et patiente.<\/p>\n\n\n\n<h3 class=\"wp-block-heading\">Il faut mentionner les ressources suppl\u00e9mentaires<\/h3>\n\n\n\n<p>En outre, l\u2019id\u00e9e st\u00e9r\u00e9otyp\u00e9e selon laquelle nous sommes des personnes plut\u00f4t passives, ayant du mal \u00e0 accepter leur destin, peut m\u00eame devenir un avantage. Une grande partie de ce qui est normal pour nous est interpr\u00e9t\u00e9e comme une force par les autres, et nous pouvons en tirer profit. Nous oublions trop souvent de mentionner les ressources suppl\u00e9mentaires que nous, personnes malvoyantes, devons mobiliser au quotidien.<\/p>\n\n\n\n<p>Ma conclusion: si un refus devait \u00eatre li\u00e9 au handicap visuel, cela en dit plus sur l\u2019exp\u00e9diteur que sur vous-m\u00eame. En fait, vous ne voudriez probablement pas travailler dans un tel endroit et vous devriez peut-\u00eatre vous battre constamment pour votre place. Si vous \u00eates invit\u00e9, r\u00e9jouissez-vous d\u2019entrer en contact avec des personnes ouvertes et voyez si vous avez des atomes crochus.<\/p>\n\n\n\n<p class=\"has-small-font-size\"><\/p>\n","protected":false},"excerpt":{"rendered":"<p>Quand une personne malvoyante cherche du travail, ses exp\u00e9riences peuvent \u00eatre tr\u00e8s positives ou bien frustrantes. Les deux sont valables.<\/p>\n","protected":false},"featured_media":14166,"template":"","meta":{"_acf_changed":false,"inline_featured_image":false,"_FSMCFIC_featured_image_caption":"","_FSMCFIC_featured_image_nocaption":"","_FSMCFIC_featured_image_hide":"","footnotes":"","_links_to":"","_links_to_target":""},"categories":[118],"class_list":["post-11066","ratgeber","type-ratgeber","status-publish","has-post-thumbnail","hentry","category-retina-suisse-youth"],"acf":[],"yoast_head":"<!-- This site is optimized with the Yoast SEO plugin v27.1.1 - https:\/\/yoast.com\/product\/yoast-seo-wordpress\/ -->\n<title>Recherche d\u2019emploi: entre peur et curiosit\u00e9 &#8226; Retina Suisse<\/title>\n<meta name=\"robots\" content=\"index, follow, max-snippet:-1, max-image-preview:large, max-video-preview:-1\" \/>\n<link rel=\"canonical\" href=\"https:\/\/retina.ch\/fr\/conseils\/un-processus-de-candidature-qui-oscille-entre-peur-et-curiosite\/\" \/>\n<meta property=\"og:locale\" content=\"fr_FR\" \/>\n<meta property=\"og:type\" content=\"article\" \/>\n<meta property=\"og:title\" content=\"Recherche d\u2019emploi: entre peur et curiosit\u00e9 &#8226; Retina Suisse\" \/>\n<meta property=\"og:description\" content=\"Quand une personne malvoyante cherche du travail, ses exp\u00e9riences peuvent \u00eatre tr\u00e8s positives ou bien frustrantes. Les deux sont valables.\" \/>\n<meta property=\"og:url\" content=\"https:\/\/retina.ch\/fr\/conseils\/un-processus-de-candidature-qui-oscille-entre-peur-et-curiosite\/\" \/>\n<meta property=\"og:site_name\" content=\"Retina Suisse\" \/>\n<meta property=\"article:publisher\" content=\"https:\/\/www.facebook.com\/retinasuisse\/\" \/>\n<meta property=\"article:modified_time\" content=\"2023-04-19T15:51:15+00:00\" \/>\n<meta property=\"og:image\" content=\"https:\/\/retina.ch\/wp-content\/uploads\/2023\/04\/retina-foto-u-bahn-02-scaled.jpg\" \/>\n\t<meta property=\"og:image:width\" content=\"2560\" \/>\n\t<meta property=\"og:image:height\" content=\"1920\" \/>\n\t<meta property=\"og:image:type\" content=\"image\/jpeg\" \/>\n<meta name=\"twitter:card\" content=\"summary_large_image\" \/>\n<meta name=\"twitter:label1\" content=\"Dur\u00e9e de lecture estim\u00e9e\" \/>\n\t<meta name=\"twitter:data1\" content=\"3 minutes\" \/>\n<script type=\"application\/ld+json\" class=\"yoast-schema-graph\">{\"@context\":\"https:\/\/schema.org\",\"@graph\":[{\"@type\":\"WebPage\",\"@id\":\"https:\/\/retina.ch\/fr\/conseils\/un-processus-de-candidature-qui-oscille-entre-peur-et-curiosite\/\",\"url\":\"https:\/\/retina.ch\/fr\/conseils\/un-processus-de-candidature-qui-oscille-entre-peur-et-curiosite\/\",\"name\":\"Recherche d\u2019emploi: entre peur et curiosit\u00e9 &#8226; Retina Suisse\",\"isPartOf\":{\"@id\":\"https:\/\/retina.ch\/fr\/#website\"},\"primaryImageOfPage\":{\"@id\":\"https:\/\/retina.ch\/fr\/conseils\/un-processus-de-candidature-qui-oscille-entre-peur-et-curiosite\/#primaryimage\"},\"image\":{\"@id\":\"https:\/\/retina.ch\/fr\/conseils\/un-processus-de-candidature-qui-oscille-entre-peur-et-curiosite\/#primaryimage\"},\"thumbnailUrl\":\"https:\/\/retina.ch\/wp-content\/uploads\/2023\/04\/retina-foto-u-bahn-02-scaled.jpg\",\"datePublished\":\"2023-04-14T12:37:42+00:00\",\"dateModified\":\"2023-04-19T15:51:15+00:00\",\"breadcrumb\":{\"@id\":\"https:\/\/retina.ch\/fr\/conseils\/un-processus-de-candidature-qui-oscille-entre-peur-et-curiosite\/#breadcrumb\"},\"inLanguage\":\"fr-FR\",\"potentialAction\":[{\"@type\":\"ReadAction\",\"target\":[\"https:\/\/retina.ch\/fr\/conseils\/un-processus-de-candidature-qui-oscille-entre-peur-et-curiosite\/\"]}]},{\"@type\":\"ImageObject\",\"inLanguage\":\"fr-FR\",\"@id\":\"https:\/\/retina.ch\/fr\/conseils\/un-processus-de-candidature-qui-oscille-entre-peur-et-curiosite\/#primaryimage\",\"url\":\"https:\/\/retina.ch\/wp-content\/uploads\/2023\/04\/retina-foto-u-bahn-02-scaled.jpg\",\"contentUrl\":\"https:\/\/retina.ch\/wp-content\/uploads\/2023\/04\/retina-foto-u-bahn-02-scaled.jpg\",\"width\":2560,\"height\":1920},{\"@type\":\"BreadcrumbList\",\"@id\":\"https:\/\/retina.ch\/fr\/conseils\/un-processus-de-candidature-qui-oscille-entre-peur-et-curiosite\/#breadcrumb\",\"itemListElement\":[{\"@type\":\"ListItem\",\"position\":1,\"name\":\"Retina Suisse\",\"item\":\"https:\/\/retina.ch\/fr\/\"},{\"@type\":\"ListItem\",\"position\":2,\"name\":\"Recherche d\u2019emploi: entre peur et curiosit\u00e9\"}]},{\"@type\":\"WebSite\",\"@id\":\"https:\/\/retina.ch\/fr\/#website\",\"url\":\"https:\/\/retina.ch\/fr\/\",\"name\":\"Retina Suisse\",\"description\":\"Retina Suisse ist die Vereinigung von Patientinnen und Patienten mit Retinitis pigmentosa (RP), Makuladegeneration, Usher-Syndrom und anderen Erkrankungen des Augenhintergrundes.\",\"publisher\":{\"@id\":\"https:\/\/retina.ch\/fr\/#organization\"},\"potentialAction\":[{\"@type\":\"SearchAction\",\"target\":{\"@type\":\"EntryPoint\",\"urlTemplate\":\"https:\/\/retina.ch\/fr\/?s={search_term_string}\"},\"query-input\":{\"@type\":\"PropertyValueSpecification\",\"valueRequired\":true,\"valueName\":\"search_term_string\"}}],\"inLanguage\":\"fr-FR\"},{\"@type\":\"Organization\",\"@id\":\"https:\/\/retina.ch\/fr\/#organization\",\"name\":\"Retina Suisse\",\"url\":\"https:\/\/retina.ch\/fr\/\",\"logo\":{\"@type\":\"ImageObject\",\"inLanguage\":\"fr-FR\",\"@id\":\"https:\/\/retina.ch\/fr\/#\/schema\/logo\/image\/\",\"url\":\"https:\/\/retina.ch\/wp-content\/uploads\/2020\/09\/retina-auge-typo.svg\",\"contentUrl\":\"https:\/\/retina.ch\/wp-content\/uploads\/2020\/09\/retina-auge-typo.svg\",\"width\":\"1024\",\"height\":\"1024\",\"caption\":\"Retina Suisse\"},\"image\":{\"@id\":\"https:\/\/retina.ch\/fr\/#\/schema\/logo\/image\/\"},\"sameAs\":[\"https:\/\/www.facebook.com\/retinasuisse\/\"]}]}<\/script>\n<!-- \/ Yoast SEO plugin. -->","yoast_head_json":{"title":"Recherche d\u2019emploi: entre peur et curiosit\u00e9 &#8226; Retina Suisse","robots":{"index":"index","follow":"follow","max-snippet":"max-snippet:-1","max-image-preview":"max-image-preview:large","max-video-preview":"max-video-preview:-1"},"canonical":"https:\/\/retina.ch\/fr\/conseils\/un-processus-de-candidature-qui-oscille-entre-peur-et-curiosite\/","og_locale":"fr_FR","og_type":"article","og_title":"Recherche d\u2019emploi: entre peur et curiosit\u00e9 &#8226; Retina Suisse","og_description":"Quand une personne malvoyante cherche du travail, ses exp\u00e9riences peuvent \u00eatre tr\u00e8s positives ou bien frustrantes. Les deux sont valables.","og_url":"https:\/\/retina.ch\/fr\/conseils\/un-processus-de-candidature-qui-oscille-entre-peur-et-curiosite\/","og_site_name":"Retina Suisse","article_publisher":"https:\/\/www.facebook.com\/retinasuisse\/","article_modified_time":"2023-04-19T15:51:15+00:00","og_image":[{"width":2560,"height":1920,"url":"https:\/\/retina.ch\/wp-content\/uploads\/2023\/04\/retina-foto-u-bahn-02-scaled.jpg","type":"image\/jpeg"}],"twitter_card":"summary_large_image","twitter_misc":{"Dur\u00e9e de lecture estim\u00e9e":"3 minutes"},"schema":{"@context":"https:\/\/schema.org","@graph":[{"@type":"WebPage","@id":"https:\/\/retina.ch\/fr\/conseils\/un-processus-de-candidature-qui-oscille-entre-peur-et-curiosite\/","url":"https:\/\/retina.ch\/fr\/conseils\/un-processus-de-candidature-qui-oscille-entre-peur-et-curiosite\/","name":"Recherche d\u2019emploi: entre peur et curiosit\u00e9 &#8226; Retina Suisse","isPartOf":{"@id":"https:\/\/retina.ch\/fr\/#website"},"primaryImageOfPage":{"@id":"https:\/\/retina.ch\/fr\/conseils\/un-processus-de-candidature-qui-oscille-entre-peur-et-curiosite\/#primaryimage"},"image":{"@id":"https:\/\/retina.ch\/fr\/conseils\/un-processus-de-candidature-qui-oscille-entre-peur-et-curiosite\/#primaryimage"},"thumbnailUrl":"https:\/\/retina.ch\/wp-content\/uploads\/2023\/04\/retina-foto-u-bahn-02-scaled.jpg","datePublished":"2023-04-14T12:37:42+00:00","dateModified":"2023-04-19T15:51:15+00:00","breadcrumb":{"@id":"https:\/\/retina.ch\/fr\/conseils\/un-processus-de-candidature-qui-oscille-entre-peur-et-curiosite\/#breadcrumb"},"inLanguage":"fr-FR","potentialAction":[{"@type":"ReadAction","target":["https:\/\/retina.ch\/fr\/conseils\/un-processus-de-candidature-qui-oscille-entre-peur-et-curiosite\/"]}]},{"@type":"ImageObject","inLanguage":"fr-FR","@id":"https:\/\/retina.ch\/fr\/conseils\/un-processus-de-candidature-qui-oscille-entre-peur-et-curiosite\/#primaryimage","url":"https:\/\/retina.ch\/wp-content\/uploads\/2023\/04\/retina-foto-u-bahn-02-scaled.jpg","contentUrl":"https:\/\/retina.ch\/wp-content\/uploads\/2023\/04\/retina-foto-u-bahn-02-scaled.jpg","width":2560,"height":1920},{"@type":"BreadcrumbList","@id":"https:\/\/retina.ch\/fr\/conseils\/un-processus-de-candidature-qui-oscille-entre-peur-et-curiosite\/#breadcrumb","itemListElement":[{"@type":"ListItem","position":1,"name":"Retina Suisse","item":"https:\/\/retina.ch\/fr\/"},{"@type":"ListItem","position":2,"name":"Recherche d\u2019emploi: entre peur et curiosit\u00e9"}]},{"@type":"WebSite","@id":"https:\/\/retina.ch\/fr\/#website","url":"https:\/\/retina.ch\/fr\/","name":"Retina Suisse","description":"Retina Suisse ist die Vereinigung von Patientinnen und Patienten mit Retinitis pigmentosa (RP), Makuladegeneration, Usher-Syndrom und anderen Erkrankungen des Augenhintergrundes.","publisher":{"@id":"https:\/\/retina.ch\/fr\/#organization"},"potentialAction":[{"@type":"SearchAction","target":{"@type":"EntryPoint","urlTemplate":"https:\/\/retina.ch\/fr\/?s={search_term_string}"},"query-input":{"@type":"PropertyValueSpecification","valueRequired":true,"valueName":"search_term_string"}}],"inLanguage":"fr-FR"},{"@type":"Organization","@id":"https:\/\/retina.ch\/fr\/#organization","name":"Retina Suisse","url":"https:\/\/retina.ch\/fr\/","logo":{"@type":"ImageObject","inLanguage":"fr-FR","@id":"https:\/\/retina.ch\/fr\/#\/schema\/logo\/image\/","url":"https:\/\/retina.ch\/wp-content\/uploads\/2020\/09\/retina-auge-typo.svg","contentUrl":"https:\/\/retina.ch\/wp-content\/uploads\/2020\/09\/retina-auge-typo.svg","width":"1024","height":"1024","caption":"Retina Suisse"},"image":{"@id":"https:\/\/retina.ch\/fr\/#\/schema\/logo\/image\/"},"sameAs":["https:\/\/www.facebook.com\/retinasuisse\/"]}]}},"_links":{"self":[{"href":"https:\/\/retina.ch\/fr\/wp-json\/wp\/v2\/ratgeber\/11066","targetHints":{"allow":["GET"]}}],"collection":[{"href":"https:\/\/retina.ch\/fr\/wp-json\/wp\/v2\/ratgeber"}],"about":[{"href":"https:\/\/retina.ch\/fr\/wp-json\/wp\/v2\/types\/ratgeber"}],"version-history":[{"count":6,"href":"https:\/\/retina.ch\/fr\/wp-json\/wp\/v2\/ratgeber\/11066\/revisions"}],"predecessor-version":[{"id":11396,"href":"https:\/\/retina.ch\/fr\/wp-json\/wp\/v2\/ratgeber\/11066\/revisions\/11396"}],"wp:featuredmedia":[{"embeddable":true,"href":"https:\/\/retina.ch\/fr\/wp-json\/wp\/v2\/media\/14166"}],"wp:attachment":[{"href":"https:\/\/retina.ch\/fr\/wp-json\/wp\/v2\/media?parent=11066"}],"wp:term":[{"taxonomy":"category","embeddable":true,"href":"https:\/\/retina.ch\/fr\/wp-json\/wp\/v2\/categories?post=11066"}],"curies":[{"name":"wp","href":"https:\/\/api.w.org\/{rel}","templated":true}]}}