{"id":16962,"date":"2024-06-10T20:34:07","date_gmt":"2024-06-10T18:34:07","guid":{"rendered":"https:\/\/retina.ch\/?post_type=ratgeber&#038;p=16962"},"modified":"2026-03-30T13:00:31","modified_gmt":"2026-03-30T11:00:31","slug":"voici-des-conseils-concrets-quand-une-maladie-oculaire-pese-sur-la-relation-de-couple","status":"publish","type":"ratgeber","link":"https:\/\/retina.ch\/fr\/conseils\/voici-des-conseils-concrets-quand-une-maladie-oculaire-pese-sur-la-relation-de-couple\/","title":{"rendered":"Voici des conseils concrets, quand une maladie oculaire p\u00e8se sur la relation de couple"},"content":{"rendered":"\n<p><strong>Des probl\u00e8mes de vue massifs peuvent faire glisser les relations de couple dans une crise. \u00c0 la demande de l&rsquo;UCBAveugles, l&rsquo;Universit\u00e9 de Zurich a r\u00e9alis\u00e9 2022 sur ce th\u00e8me l&rsquo;\u00e9tude \u00ab\u00a0Selody\u00a0\u00bb. Retina Suisse a s\u00e9lectionn\u00e9 les principaux conseils qui ressortent de cette \u00e9tude.<\/strong><\/p>\n\n\n\n<p>La conclusion probablement la plus centrale de l\u2019\u00e9tude Selody est que tant les personnes concern\u00e9es et leurs proches que les sp\u00e9cialistes devraient consid\u00e9rer les d\u00e9ficiences visuelles et la surdic\u00e9cit\u00e9 comme des exp\u00e9riences interpersonnelles.<\/p>\n\n\n\n<p>En m\u00eame temps, il est central de reconna\u00eetre le potentiel de r\u00e9confort que rec\u00e8lent les relations humaines \u2013 tout particuli\u00e8rement au sein du couple. Le couple peut \u00eatre une ressource centrale afin de rassembler des forces pour g\u00e9rer les changements qui r\u00e9sultent de la d\u00e9ficience.<\/p>\n\n\n\n<h3 class=\"wp-block-heading\"><strong>Autoriser les r\u00e9actions \u00e9motionnelles \u00e0 la d\u00e9ficience visuelle et \u00e0 ses cons\u00e9quences<\/strong><\/h3>\n\n\n\n<p>L\u2019apparition de cons\u00e9quences tangibles de la d\u00e9ficience visuelle pour les personnes concern\u00e9es et leurs partenaires s\u2019accompagne de r\u00e9actions \u00e9motionnelles intenses. Les changements peuvent provoquer de l\u2019anxi\u00e9t\u00e9. Mais des sentiments tels qu\u2019irritation et col\u00e8re intense \u2013 contre le sort, mais aussi contre le ou la partenaire \u2013 sont \u00e9galement fr\u00e9quents.<\/p>\n\n\n\n<p>Ces r\u00e9actions \u00e9motionnelles s\u2019accompagnent souvent de honte ou de sentiments de culpabilit\u00e9, puisqu\u2019elles sont v\u00e9cues comme inconvenantes et qu\u2019elles sont par cons\u00e9quent r\u00e9prim\u00e9es. C\u2019est toutefois tr\u00e8s stressant \u00e0 la longue et il est important de s\u2019autoriser soi-m\u00eame, et l\u2019un l\u2019autre, \u00e0 avoir de fortes r\u00e9actions \u00e9motionnelles \u00e0 propos de la perte de vue.<\/p>\n\n\n\n<h3 class=\"wp-block-heading\"><strong>\u00c9changes r\u00e9guliers et entretien de la communication entre partenaires<\/strong><\/h3>\n\n\n\n<p>Pour favoriser la compr\u00e9hension mutuelle, les couples devraient \u00e9changer r\u00e9guli\u00e8rement leurs impressions au sujet de la fa\u00e7on dont les deux partenaires vivent les situations li\u00e9es \u00e0 la d\u00e9ficience visuelle. Le fait que tous deux expriment ce qui les pr\u00e9occupe favorise la prise de recul et la compr\u00e9hension mutuelle. Il devient ainsi plus facile de se donner un soutien mutuel cibl\u00e9. Les \u00e9changes r\u00e9guliers sont particuli\u00e8rement utiles lorsqu\u2019ils sont empreints d\u2019estime mutuelle.<\/p>\n\n\n\n<h3 class=\"wp-block-heading\"><strong>Trouver des solutions cr\u00e9atives pour une \u00ab nouvelle normalit\u00e9 \u00bb<\/strong><\/h3>\n\n\n\n<p>Certains aspects de la vie (commune) changent du fait des limitations de la capacit\u00e9 visuelle et \u00e9ventuellement auditive. Le soutien au sein du couple peut par exemple devenir d\u00e9s\u00e9quilibr\u00e9 ou des activit\u00e9s centrales pour l\u2019identit\u00e9 du couple ne peuvent plus \u00eatre r\u00e9alis\u00e9es dans la m\u00eame mesure.<\/p>\n\n\n\n<p>Dans ces cas, il faut \u00eatre pr\u00eat \u00e0 s\u2019engager dans des alternatives, par exemple \u00e0 chercher un nouveau hobby commun, \u00e0 engager une aide de m\u00e9nage ou \u00e0 utiliser des moyens auxiliaires technologiques. Les \u00e9changes communs aident \u00e0 d\u00e9couvrir quelles actions sont n\u00e9cessaires et quelles possibilit\u00e9s entrent en ligne de compte.<\/p>\n\n\n\n<p>Une consultation aupr\u00e8s d\u2019un service sp\u00e9cialis\u00e9 peut rendre des solutions pratiques plus accessibles. Il est en tout cas primordial de discerner que cette r\u00e9flexion exige souvent d\u2019abandonner certaines repr\u00e9sentations et d\u2019adapter les objectifs de vie tant individuels que communs \u2013 un processus qui demande du temps et de l\u2019\u00e9nergie.<\/p>\n\n\n\n<h3 class=\"wp-block-heading\"><strong>Chercher un \u00e9quilibre entre gestion commune et individuelle<\/strong><\/h3>\n\n\n\n<p>La r\u00e9flexion et l\u2019analyse communes ainsi que la r\u00e9solution r\u00e9p\u00e9t\u00e9e de questions relatives \u00e0 la d\u00e9ficience visuelle au sein du couple sont centrales. Il est n\u00e9anmoins important que les deux personnes puissent exiger de l\u2019espace pour elles-m\u00eames. Il arrive notamment souvent que les partenaires de personnes concern\u00e9es mettent leurs propres besoins au second plan.<\/p>\n\n\n\n<p>Dans une perspective de long terme, il vaut toutefois mieux mettre toujours au centre ses propres besoins, en particulier de repos et de d\u00e9tente, m\u00eame si cela para\u00eet difficile \u00e0 court terme ou provoque des sentiments de culpabilit\u00e9. En outre, il peut \u00eatre utile pour les deux membres du couple d\u2019\u00e9changer ses impressions avec des personnes qui vivent des situations analogues, par exemple dans des groupes d\u2019entraide pour proches ou pour personnes concern\u00e9es.<\/p>\n\n\n\n<p>Le processus individuel et commun d\u2019adaptation \u00e0 une d\u00e9ficience visuelle ou \u00e0 une surdic\u00e9cit\u00e9 est souvent long et exigeant. Dans les moments particuli\u00e8rement p\u00e9nibles ou sur des questions difficiles, il peut \u00eatre judicieux de recourir \u00e0 un soutien professionnel.<\/p>\n\n\n\n<p><a href=\"https:\/\/www.ucba.ch\/actualites\/detail\/news\/tactuel-2-2022-a-paru\">Infos sur l\u2019\u00e9tude \u00abSelody\u00bb<\/a><\/p>\n","protected":false},"excerpt":{"rendered":"<p>Des probl\u00e8mes de vue massifs peuvent faire glisser les relations de couple dans une crise. Retina Suisse a s\u00e9lectionn\u00e9 les principaux conseils sur ce th\u00e8me.<\/p>\n","protected":false},"featured_media":16997,"template":"","meta":{"_acf_changed":false,"inline_featured_image":false,"_FSMCFIC_featured_image_caption":"","_FSMCFIC_featured_image_nocaption":"","_FSMCFIC_featured_image_hide":"","footnotes":"","_links_to":"","_links_to_target":""},"categories":[140],"class_list":["post-16962","ratgeber","type-ratgeber","status-publish","has-post-thumbnail","hentry","category-conseils"],"acf":[],"yoast_head":"<!-- This site is optimized with the Yoast SEO plugin v27.1.1 - https:\/\/yoast.com\/product\/yoast-seo-wordpress\/ -->\n<title>Voici des conseils concrets, quand une maladie oculaire p\u00e8se sur la relation de couple &#8226; Retina Suisse<\/title>\n<meta name=\"robots\" content=\"index, follow, max-snippet:-1, max-image-preview:large, max-video-preview:-1\" \/>\n<link rel=\"canonical\" href=\"https:\/\/retina.ch\/fr\/conseils\/voici-des-conseils-concrets-quand-une-maladie-oculaire-pese-sur-la-relation-de-couple\/\" \/>\n<meta property=\"og:locale\" content=\"fr_FR\" \/>\n<meta property=\"og:type\" content=\"article\" \/>\n<meta property=\"og:title\" content=\"Voici des conseils concrets, quand une maladie oculaire p\u00e8se sur la relation de couple &#8226; Retina Suisse\" \/>\n<meta property=\"og:description\" content=\"Des probl\u00e8mes de vue massifs peuvent faire glisser les relations de couple dans une crise. Retina Suisse a s\u00e9lectionn\u00e9 les principaux conseils sur ce th\u00e8me.\" \/>\n<meta property=\"og:url\" content=\"https:\/\/retina.ch\/fr\/conseils\/voici-des-conseils-concrets-quand-une-maladie-oculaire-pese-sur-la-relation-de-couple\/\" \/>\n<meta property=\"og:site_name\" content=\"Retina Suisse\" \/>\n<meta property=\"article:publisher\" content=\"https:\/\/www.facebook.com\/retinasuisse\/\" \/>\n<meta property=\"article:modified_time\" content=\"2026-03-30T11:00:31+00:00\" \/>\n<meta property=\"og:image\" content=\"https:\/\/retina.ch\/wp-content\/uploads\/2024\/05\/couple-1502618-960-720.jpg\" \/>\n\t<meta property=\"og:image:width\" content=\"960\" \/>\n\t<meta property=\"og:image:height\" content=\"640\" \/>\n\t<meta property=\"og:image:type\" content=\"image\/jpeg\" \/>\n<meta name=\"twitter:card\" content=\"summary_large_image\" \/>\n<meta name=\"twitter:label1\" content=\"Dur\u00e9e de lecture estim\u00e9e\" \/>\n\t<meta name=\"twitter:data1\" content=\"4 minutes\" \/>\n<script type=\"application\/ld+json\" class=\"yoast-schema-graph\">{\"@context\":\"https:\/\/schema.org\",\"@graph\":[{\"@type\":\"WebPage\",\"@id\":\"https:\/\/retina.ch\/fr\/conseils\/voici-des-conseils-concrets-quand-une-maladie-oculaire-pese-sur-la-relation-de-couple\/\",\"url\":\"https:\/\/retina.ch\/fr\/conseils\/voici-des-conseils-concrets-quand-une-maladie-oculaire-pese-sur-la-relation-de-couple\/\",\"name\":\"Voici des conseils concrets, quand une maladie oculaire p\u00e8se sur la relation de couple &#8226; Retina Suisse\",\"isPartOf\":{\"@id\":\"https:\/\/retina.ch\/fr\/#website\"},\"primaryImageOfPage\":{\"@id\":\"https:\/\/retina.ch\/fr\/conseils\/voici-des-conseils-concrets-quand-une-maladie-oculaire-pese-sur-la-relation-de-couple\/#primaryimage\"},\"image\":{\"@id\":\"https:\/\/retina.ch\/fr\/conseils\/voici-des-conseils-concrets-quand-une-maladie-oculaire-pese-sur-la-relation-de-couple\/#primaryimage\"},\"thumbnailUrl\":\"https:\/\/retina.ch\/wp-content\/uploads\/2024\/05\/couple-1502618-960-720.jpg\",\"datePublished\":\"2024-06-10T18:34:07+00:00\",\"dateModified\":\"2026-03-30T11:00:31+00:00\",\"breadcrumb\":{\"@id\":\"https:\/\/retina.ch\/fr\/conseils\/voici-des-conseils-concrets-quand-une-maladie-oculaire-pese-sur-la-relation-de-couple\/#breadcrumb\"},\"inLanguage\":\"fr-FR\",\"potentialAction\":[{\"@type\":\"ReadAction\",\"target\":[\"https:\/\/retina.ch\/fr\/conseils\/voici-des-conseils-concrets-quand-une-maladie-oculaire-pese-sur-la-relation-de-couple\/\"]}]},{\"@type\":\"ImageObject\",\"inLanguage\":\"fr-FR\",\"@id\":\"https:\/\/retina.ch\/fr\/conseils\/voici-des-conseils-concrets-quand-une-maladie-oculaire-pese-sur-la-relation-de-couple\/#primaryimage\",\"url\":\"https:\/\/retina.ch\/wp-content\/uploads\/2024\/05\/couple-1502618-960-720.jpg\",\"contentUrl\":\"https:\/\/retina.ch\/wp-content\/uploads\/2024\/05\/couple-1502618-960-720.jpg\",\"width\":960,\"height\":640},{\"@type\":\"BreadcrumbList\",\"@id\":\"https:\/\/retina.ch\/fr\/conseils\/voici-des-conseils-concrets-quand-une-maladie-oculaire-pese-sur-la-relation-de-couple\/#breadcrumb\",\"itemListElement\":[{\"@type\":\"ListItem\",\"position\":1,\"name\":\"Retina Suisse\",\"item\":\"https:\/\/retina.ch\/fr\/\"},{\"@type\":\"ListItem\",\"position\":2,\"name\":\"Voici des conseils concrets, quand une maladie oculaire p\u00e8se sur la relation de couple\"}]},{\"@type\":\"WebSite\",\"@id\":\"https:\/\/retina.ch\/fr\/#website\",\"url\":\"https:\/\/retina.ch\/fr\/\",\"name\":\"Retina Suisse\",\"description\":\"Retina Suisse ist die Vereinigung von Patientinnen und Patienten mit Retinitis pigmentosa (RP), Makuladegeneration, Usher-Syndrom und anderen Erkrankungen des Augenhintergrundes.\",\"publisher\":{\"@id\":\"https:\/\/retina.ch\/fr\/#organization\"},\"potentialAction\":[{\"@type\":\"SearchAction\",\"target\":{\"@type\":\"EntryPoint\",\"urlTemplate\":\"https:\/\/retina.ch\/fr\/?s={search_term_string}\"},\"query-input\":{\"@type\":\"PropertyValueSpecification\",\"valueRequired\":true,\"valueName\":\"search_term_string\"}}],\"inLanguage\":\"fr-FR\"},{\"@type\":\"Organization\",\"@id\":\"https:\/\/retina.ch\/fr\/#organization\",\"name\":\"Retina Suisse\",\"url\":\"https:\/\/retina.ch\/fr\/\",\"logo\":{\"@type\":\"ImageObject\",\"inLanguage\":\"fr-FR\",\"@id\":\"https:\/\/retina.ch\/fr\/#\/schema\/logo\/image\/\",\"url\":\"https:\/\/retina.ch\/wp-content\/uploads\/2020\/09\/retina-auge-typo.svg\",\"contentUrl\":\"https:\/\/retina.ch\/wp-content\/uploads\/2020\/09\/retina-auge-typo.svg\",\"width\":\"1024\",\"height\":\"1024\",\"caption\":\"Retina Suisse\"},\"image\":{\"@id\":\"https:\/\/retina.ch\/fr\/#\/schema\/logo\/image\/\"},\"sameAs\":[\"https:\/\/www.facebook.com\/retinasuisse\/\"]}]}<\/script>\n<!-- \/ Yoast SEO plugin. -->","yoast_head_json":{"title":"Voici des conseils concrets, quand une maladie oculaire p\u00e8se sur la relation de couple &#8226; Retina Suisse","robots":{"index":"index","follow":"follow","max-snippet":"max-snippet:-1","max-image-preview":"max-image-preview:large","max-video-preview":"max-video-preview:-1"},"canonical":"https:\/\/retina.ch\/fr\/conseils\/voici-des-conseils-concrets-quand-une-maladie-oculaire-pese-sur-la-relation-de-couple\/","og_locale":"fr_FR","og_type":"article","og_title":"Voici des conseils concrets, quand une maladie oculaire p\u00e8se sur la relation de couple &#8226; Retina Suisse","og_description":"Des probl\u00e8mes de vue massifs peuvent faire glisser les relations de couple dans une crise. Retina Suisse a s\u00e9lectionn\u00e9 les principaux conseils sur ce th\u00e8me.","og_url":"https:\/\/retina.ch\/fr\/conseils\/voici-des-conseils-concrets-quand-une-maladie-oculaire-pese-sur-la-relation-de-couple\/","og_site_name":"Retina Suisse","article_publisher":"https:\/\/www.facebook.com\/retinasuisse\/","article_modified_time":"2026-03-30T11:00:31+00:00","og_image":[{"width":960,"height":640,"url":"https:\/\/retina.ch\/wp-content\/uploads\/2024\/05\/couple-1502618-960-720.jpg","type":"image\/jpeg"}],"twitter_card":"summary_large_image","twitter_misc":{"Dur\u00e9e de lecture estim\u00e9e":"4 minutes"},"schema":{"@context":"https:\/\/schema.org","@graph":[{"@type":"WebPage","@id":"https:\/\/retina.ch\/fr\/conseils\/voici-des-conseils-concrets-quand-une-maladie-oculaire-pese-sur-la-relation-de-couple\/","url":"https:\/\/retina.ch\/fr\/conseils\/voici-des-conseils-concrets-quand-une-maladie-oculaire-pese-sur-la-relation-de-couple\/","name":"Voici des conseils concrets, quand une maladie oculaire p\u00e8se sur la relation de couple &#8226; Retina Suisse","isPartOf":{"@id":"https:\/\/retina.ch\/fr\/#website"},"primaryImageOfPage":{"@id":"https:\/\/retina.ch\/fr\/conseils\/voici-des-conseils-concrets-quand-une-maladie-oculaire-pese-sur-la-relation-de-couple\/#primaryimage"},"image":{"@id":"https:\/\/retina.ch\/fr\/conseils\/voici-des-conseils-concrets-quand-une-maladie-oculaire-pese-sur-la-relation-de-couple\/#primaryimage"},"thumbnailUrl":"https:\/\/retina.ch\/wp-content\/uploads\/2024\/05\/couple-1502618-960-720.jpg","datePublished":"2024-06-10T18:34:07+00:00","dateModified":"2026-03-30T11:00:31+00:00","breadcrumb":{"@id":"https:\/\/retina.ch\/fr\/conseils\/voici-des-conseils-concrets-quand-une-maladie-oculaire-pese-sur-la-relation-de-couple\/#breadcrumb"},"inLanguage":"fr-FR","potentialAction":[{"@type":"ReadAction","target":["https:\/\/retina.ch\/fr\/conseils\/voici-des-conseils-concrets-quand-une-maladie-oculaire-pese-sur-la-relation-de-couple\/"]}]},{"@type":"ImageObject","inLanguage":"fr-FR","@id":"https:\/\/retina.ch\/fr\/conseils\/voici-des-conseils-concrets-quand-une-maladie-oculaire-pese-sur-la-relation-de-couple\/#primaryimage","url":"https:\/\/retina.ch\/wp-content\/uploads\/2024\/05\/couple-1502618-960-720.jpg","contentUrl":"https:\/\/retina.ch\/wp-content\/uploads\/2024\/05\/couple-1502618-960-720.jpg","width":960,"height":640},{"@type":"BreadcrumbList","@id":"https:\/\/retina.ch\/fr\/conseils\/voici-des-conseils-concrets-quand-une-maladie-oculaire-pese-sur-la-relation-de-couple\/#breadcrumb","itemListElement":[{"@type":"ListItem","position":1,"name":"Retina Suisse","item":"https:\/\/retina.ch\/fr\/"},{"@type":"ListItem","position":2,"name":"Voici des conseils concrets, quand une maladie oculaire p\u00e8se sur la relation de couple"}]},{"@type":"WebSite","@id":"https:\/\/retina.ch\/fr\/#website","url":"https:\/\/retina.ch\/fr\/","name":"Retina Suisse","description":"Retina Suisse ist die Vereinigung von Patientinnen und Patienten mit Retinitis pigmentosa (RP), Makuladegeneration, Usher-Syndrom und anderen Erkrankungen des Augenhintergrundes.","publisher":{"@id":"https:\/\/retina.ch\/fr\/#organization"},"potentialAction":[{"@type":"SearchAction","target":{"@type":"EntryPoint","urlTemplate":"https:\/\/retina.ch\/fr\/?s={search_term_string}"},"query-input":{"@type":"PropertyValueSpecification","valueRequired":true,"valueName":"search_term_string"}}],"inLanguage":"fr-FR"},{"@type":"Organization","@id":"https:\/\/retina.ch\/fr\/#organization","name":"Retina Suisse","url":"https:\/\/retina.ch\/fr\/","logo":{"@type":"ImageObject","inLanguage":"fr-FR","@id":"https:\/\/retina.ch\/fr\/#\/schema\/logo\/image\/","url":"https:\/\/retina.ch\/wp-content\/uploads\/2020\/09\/retina-auge-typo.svg","contentUrl":"https:\/\/retina.ch\/wp-content\/uploads\/2020\/09\/retina-auge-typo.svg","width":"1024","height":"1024","caption":"Retina Suisse"},"image":{"@id":"https:\/\/retina.ch\/fr\/#\/schema\/logo\/image\/"},"sameAs":["https:\/\/www.facebook.com\/retinasuisse\/"]}]}},"_links":{"self":[{"href":"https:\/\/retina.ch\/fr\/wp-json\/wp\/v2\/ratgeber\/16962","targetHints":{"allow":["GET"]}}],"collection":[{"href":"https:\/\/retina.ch\/fr\/wp-json\/wp\/v2\/ratgeber"}],"about":[{"href":"https:\/\/retina.ch\/fr\/wp-json\/wp\/v2\/types\/ratgeber"}],"version-history":[{"count":3,"href":"https:\/\/retina.ch\/fr\/wp-json\/wp\/v2\/ratgeber\/16962\/revisions"}],"predecessor-version":[{"id":26378,"href":"https:\/\/retina.ch\/fr\/wp-json\/wp\/v2\/ratgeber\/16962\/revisions\/26378"}],"wp:featuredmedia":[{"embeddable":true,"href":"https:\/\/retina.ch\/fr\/wp-json\/wp\/v2\/media\/16997"}],"wp:attachment":[{"href":"https:\/\/retina.ch\/fr\/wp-json\/wp\/v2\/media?parent=16962"}],"wp:term":[{"taxonomy":"category","embeddable":true,"href":"https:\/\/retina.ch\/fr\/wp-json\/wp\/v2\/categories?post=16962"}],"curies":[{"name":"wp","href":"https:\/\/api.w.org\/{rel}","templated":true}]}}