{"id":18252,"date":"2024-12-20T14:58:06","date_gmt":"2024-12-20T13:58:06","guid":{"rendered":"https:\/\/retina.ch\/?post_type=ratgeber&#038;p=18252"},"modified":"2026-03-18T09:53:14","modified_gmt":"2026-03-18T08:53:14","slug":"les-feux-dartifice-presentent-un-danger-sous-estime-pour-les-yeux","status":"publish","type":"ratgeber","link":"https:\/\/retina.ch\/fr\/conseils\/les-feux-dartifice-presentent-un-danger-sous-estime-pour-les-yeux\/","title":{"rendered":"Les feux d\u2019artifice pr\u00e9sentent un danger sous-estim\u00e9 pour les yeux"},"content":{"rendered":"\n<p><strong>La Saint-Sylvestre approche, et avec elle, la p\u00e9riode des l\u00e9sions oculaires potentielles. Il est pourtant facile de veiller \u00e0 une manipulation s\u00fbre des engins pyrotechniques.<\/strong><\/p>\n\n\n\n<p>La soir\u00e9e du nouvel an \u00e0 partir de minuit est un bel \u00e9v\u00e9nement offrant aussi un spectacle d\u00e9tonant et flamboyant comme il se doit. Les feux d\u2019artifice officiels sont magnifiques, n\u00e9anmoins, nombreux sont les particuliers qui ne peuvent renoncer \u00e0 allumer eux-m\u00eames des fus\u00e9es. Et malheureusement, chaque ann\u00e9e, l\u2019imprudence des utilisateurs de p\u00e9tards et autres pi\u00e8ces d\u2019artifice est \u00e0 l\u2019origine de blessures graves.<\/p>\n\n\n\n<p>Rien qu\u2019un simple feu de Bengale g\u00e9n\u00e8re d\u00e9j\u00e0 une temp\u00e9rature de 400\u00b0degr\u00e9s qui est encore beaucoup plus \u00e9lev\u00e9e dans le cas des v\u00e9ritables engins pyrotechniques. Les br\u00fblures sont ainsi un danger caract\u00e9ristique des feux d\u2019artifice, et si la situation d\u00e9g\u00e9n\u00e8re, un p\u00e9tard peut, au sens propre du terme, \u00eatre projet\u00e9 dans les yeux.<\/p>\n\n\n\n<h3 class=\"wp-block-heading\"><strong>16&nbsp;% des accidents concernent les yeux<\/strong><\/h3>\n\n\n\n<p>Comme l\u2019a constat\u00e9 le centre d\u2019information pour la pr\u00e9vention des incendies en se basant sur les donn\u00e9es de la Suva, 220&nbsp;accidents en moyenne se produisent chaque ann\u00e9e en Suisse en lien avec des feux d\u2019artifice. Les trois quarts des victimes sont des hommes. Le plus souvent, les cons\u00e9quences sont des blessures du poignet, de la main et des doigts (dans 35&nbsp;% des cas).<\/p>\n\n\n\n<p>Viennent ensuite les blessures au niveau des oreilles (31&nbsp;%) et les l\u00e9sions des yeux et des paupi\u00e8res (16&nbsp;%). Les br\u00fblures repr\u00e9sentent 35&nbsp;% des blessures et dans 25&nbsp;% des cas, il s\u2019agit de dommages auditifs. Une forte alt\u00e9ration de l\u2019acuit\u00e9 visuelle, une c\u00e9cit\u00e9, voire le d\u00e9c\u00e8s surviennent dans des cas isol\u00e9s.<\/p>\n\n\n\n<p>Dans la plupart des cas, ces accidents sont dus \u00e0 la distraction et \u00e0 un comportement inattentif ou n\u00e9gligent des utilisateurs. Les expertes et les experts recommandent donc express\u00e9ment d\u2019allumer les feux d\u2019artifice de mani\u00e8re tr\u00e8s contr\u00f4l\u00e9e. Pour les fus\u00e9es, il convient d\u2019utiliser des baguettes ou tubes de lancement bien stabilis\u00e9s au lieu de bouteilles, susceptibles de tomber au moment du tir. Les batteries de feux d\u2019artifice doivent \u00eatre plac\u00e9es sur un support stable et fix\u00e9es en respectant strictement le mode d\u2019emploi. Il est \u00e9galement extr\u00eamement important que les fus\u00e9es et les chandelles romaines ne soient jamais allum\u00e9es lorsqu\u2019on les tient en main.<\/p>\n\n\n\n<h3 class=\"wp-block-heading\"><strong>Un nombre de cas de l\u00e9sions oculaires sans pr\u00e9c\u00e9dent lors de la Saint-Sylvestre en Allemagne<\/strong><\/h3>\n\n\n\n<p>La soci\u00e9t\u00e9 allemande d\u2019ophtalmologie (DOG) d\u00e9termine depuis 2016 le nombre approximatif de l\u00e9sions oculaires li\u00e9es aux feux d\u2019artifice tir\u00e9s \u00e0 la Saint-Sylvestre. \u00c0 cet effet, elle effectue une enqu\u00eate aupr\u00e8s des cliniques d\u2019ophtalmologie allemandes les plus importantes qui ont un service d\u2019urgence. Comme le sondage de fin&nbsp;2022\/d\u00e9but&nbsp;2023 l\u2019a montr\u00e9, les cliniques ont d\u00fb traiter pr\u00e8s de 840&nbsp;personnes pr\u00e9sentant des l\u00e9sions oculaires en l\u2019espace de cinq jours durant la p\u00e9riode de la Saint-Sylvestre.<\/p>\n\n\n\n<p>Il s\u2019agit du chiffre recens\u00e9 le plus \u00e9lev\u00e9 et repr\u00e9sentant une augmentation de pr\u00e8s de 300&nbsp;patientes et patients par rapport aux ann\u00e9es qui ont pr\u00e9c\u00e9d\u00e9 la pand\u00e9mie de coronavirus, a consign\u00e9 la DOG dans un rapport. Mais, comme les ann\u00e9es pass\u00e9es, pr\u00e8s de 60&nbsp;% des victimes n\u2019\u00e9taient absolument pas impliqu\u00e9es dans l\u2019allumage des feux d\u2019artifice, ce qui refl\u00e8te bien l\u2019aspect tragique de ces situations.<\/p>\n\n\n\n<p>La proportion importante d\u2019enfants et d\u2019adolescents parmi les accident\u00e9s s\u2019\u00e9levant \u00e0 40&nbsp;% s\u2019av\u00e8re tout particuli\u00e8rement pr\u00e9occupante. En cas de blessures graves, ils doivent faire face \u00e0 des cons\u00e9quences \u00e0 vie d\u2019ordre esth\u00e9tique et alt\u00e9rant leurs capacit\u00e9s fonctionnelles.<\/p>\n\n\n\n<p>Durant les ann\u00e9es pr\u00e9c\u00e9dant la pand\u00e9mie, le nombre de personnes ayant fait l\u2019objet de l\u00e9sions oculaires \u00e0 la Saint-Sylvestre en Allemagne \u00e9tait toujours d\u2019environ 500, dont pr\u00e8s d\u2019un quart \u00e9taient si gri\u00e8vement bless\u00e9es qu\u2019un traitement dans le cadre d\u2019une hospitalisation \u00e9tait n\u00e9cessaire.<\/p>\n\n\n\n<p>La situation a \u00e9volu\u00e9 lors des ann\u00e9es de pand\u00e9mie&nbsp;: le nombre total de l\u00e9sions oculaires a baiss\u00e9 en 2020\/2021 de 86&nbsp;% et en 2021\/2022 de 61&nbsp;%. L\u2019interdiction de la vente de feux d\u2019artifice et la limitation des rassemblements ont \u00e9t\u00e9 d\u00e9cisives dans ce contexte.<\/p>\n\n\n\n<h3 class=\"wp-block-heading\"><strong>Tout le monde peut \u00eatre concern\u00e9<\/strong><\/h3>\n\n\n\n<p>Un feu d\u2019artifice allum\u00e9 de mani\u00e8re incorrecte peut en fait toucher toutes les personnes non impliqu\u00e9es qui ne sont pas \u00e0 l\u2019abri. \u00ab&nbsp;\u00c0 titre d\u2019exemple, nous avons d\u00fb traiter un patient qui se trouvait sur une terrasse lorsqu\u2019un engin pyrotechnique l\u2019a soudainement atteint&nbsp;\u00bb, tels sont les propos d\u2019un ophtalmologue cit\u00e9 dans un rapport de la DOG. Apr\u00e8s plusieurs interventions chirurgicales, il a fallu en fin de compte proc\u00e9der \u00e0 l\u2019ablation de l\u2019\u0153il en raison de douleurs insupportables et de l\u2019apparition d\u2019une c\u00e9cit\u00e9.<\/p>\n\n\n\n<p>\u00ab&nbsp;L\u2019effet \u00e0 distance&nbsp;\u00bb d\u2019un feu d\u2019artifice n\u2019est pas uniquement du point de vue de la sant\u00e9 un probl\u00e8me important. Il rend souvent impossible la tra\u00e7abilit\u00e9 du bless\u00e9. Les victimes ne peuvent gu\u00e8re esp\u00e9rer obtenir une compensation financi\u00e8re et se retrouvent seules face \u00e0 toutes leurs difficult\u00e9s.<\/p>\n\n\n\n<h3 class=\"wp-block-heading\"><strong>\u00c0 pays diff\u00e9rents, mesures diff\u00e9rentes<\/strong><\/h3>\n\n\n\n<p>L\u2019utilisation de pi\u00e8ces d\u2019artifice par des particuliers d\u00e9pend aujourd\u2019hui uniquement de l\u2019\u00e2ge de l\u2019acheteur et ne peut que tr\u00e8s difficilement \u00eatre contr\u00f4l\u00e9e dans le cadre de la vente en ligne. Dans ces conditions, la manipulation d\u2019engins d\u00e9tonants peut donc s\u2019av\u00e9rer dangereuse.<\/p>\n\n\n\n<p>Les Pays-Bas et la Finlande ont \u00e9t\u00e9 les pr\u00e9curseurs en mati\u00e8re de protection des blessures caus\u00e9es par les feux d\u2019artifice priv\u00e9s. En effet, dans ces pays, l\u2019usage incontr\u00f4l\u00e9 d\u2019engins pyrotechniques par des particuliers avait entra\u00een\u00e9 une proportion consid\u00e9rablement importante de blessures, en partie tr\u00e8s graves. Des campagnes d\u2019information et des r\u00e9glementations l\u00e9gales dans ces pays ont permis de r\u00e9duire de moiti\u00e9 ou d\u2019un quart le nombre de l\u00e9sions lors des 20&nbsp;derni\u00e8res ann\u00e9es.<\/p>\n\n\n\n<p>En revanche, dans des pays tels que la Suisse et la France, les feux d\u2019artifice priv\u00e9s lors du passage \u00e0 la nouvelle ann\u00e9e sont un ph\u00e9nom\u00e8ne peu r\u00e9pandu et ils sont m\u00eame interdits dans certaines r\u00e9gions d\u2019Australie. Cette situation a conduit \u00e0 une minimisation massive du nombre et de la s\u00e9v\u00e9rit\u00e9 des l\u00e9sions oculaires.<\/p>\n\n\n\n<h3 class=\"wp-block-heading\"><strong>Dix r\u00e8gles de s\u00e9curit\u00e9 \u00e0 respecter lors de l\u2019utilisation de feux d\u2019artifice<\/strong><\/h3>\n\n\n\n<p>Le centre d\u2019information suisse pour la pr\u00e9vention des incendies, le bureau de pr\u00e9vention des accidents et la Suva ont regroup\u00e9 les consignes suivantes.&nbsp;<\/p>\n\n\n\n<ul class=\"wp-block-list\">\n<li><strong>Achat&nbsp;:<\/strong> lors de l\u2019achat de feux d\u2019artifice, informez-vous sur l\u2019utilisation aupr\u00e8s du personnel de vente. Lisez et suivez les instructions d\u2019utilisation.<\/li>\n\n\n\n<li><strong>Stockage&nbsp;:<\/strong> conservez les engins pyrotechniques dans un endroit frais et sec. Assurez-vous que les enfants n\u2019y ont pas acc\u00e8s.<\/li>\n\n\n\n<li><strong>Distance&nbsp;:<\/strong> n\u2019allumez pas de feu d\u2019artifice \u00e0 proximit\u00e9 imm\u00e9diate des personnes. Respectez imp\u00e9rativement la distance de s\u00e9curit\u00e9 indiqu\u00e9e dans la notice d\u2019utilisation.<\/li>\n\n\n\n<li><strong>Rat\u00e9s&nbsp;:<\/strong> attendez au moins 15&nbsp;minutes avant de vous approcher de feux d\u2019artifice qui n\u2019ont pas totalement explos\u00e9. Ne r\u00e9essayez pas de les allumer. Ramenez-les au point de vente.<\/li>\n\n\n\n<li><strong>Protection&nbsp;:<\/strong> fermez toutes les fen\u00eatres, lucarnes et portes. Retirez les mat\u00e9riaux inflammables des balcons et remontez les stores en toile.<\/li>\n\n\n\n<li><strong>Tir&nbsp;:<\/strong> allumez les fus\u00e9es uniquement sur des baguettes ou tubes de lancement bien stabilis\u00e9s. Ne fixez pas le b\u00e2ton de la fus\u00e9e dans le sol et ne le tenez pas en main.<\/li>\n\n\n\n<li><strong>Enfants&nbsp;:<\/strong> maintenez les feux d\u2019artifice, les allumettes et les briquets hors de port\u00e9e des enfants en bas \u00e2ge. En fonction de leur \u00e2ge, expliquez aux enfants le maniement correct des engins pyrotechniques et surveillez-les.<\/li>\n\n\n\n<li><strong>Cigarette&nbsp;:<\/strong> il est rigoureusement interdit de fumer \u00e0 proximit\u00e9 d\u2019engins pyrotechniques, aussi sur les stands de vente.<\/li>\n\n\n\n<li><strong>Bricolage&nbsp;:<\/strong> les feux d\u2019artifice \u00ab&nbsp;bricol\u00e9s&nbsp;\u00bb ou \u00ab&nbsp;faits maison&nbsp;\u00bb sont tr\u00e8s dangereux et doivent \u00eatre \u00e9vit\u00e9s \u00e0 tout prix.<\/li>\n\n\n\n<li><strong>Eau&nbsp;:<\/strong> gardez de l\u2019eau \u00e0 proximit\u00e9 pour \u00e9teindre les d\u00e9parts de feu et refroidir les br\u00fblures.<\/li>\n<\/ul>\n\n\n\n<h3 class=\"wp-block-heading\"><strong>Autres conseils compl\u00e9mentaires, compil\u00e9s par la Swiss Academy of Ophthalmology<\/strong><\/h3>\n\n\n\n<p>\u2022 Ne pas utiliser de feux d\u2019artifice bricol\u00e9s ou trafiqu\u00e9s, qui explosent souvent trop t\u00f4t ou plus fort que pr\u00e9vu.<br>\u2022 Les feux d\u2019artifice ne doivent \u00eatre achet\u00e9s que dans le commerce, aupr\u00e8s de points de vente agr\u00e9\u00e9s.<br>\u2022 Les instructions d\u2019utilisation doivent \u00eatre lues attentivement et respect\u00e9es.<br>\u2022 N\u2019utiliser que des feux d\u2019artifice qui ne doivent pas \u00eatre allum\u00e9s dans la main.<br>\u2022 Stocker les feux d\u2019artifice dans le souci de la s\u00e9curit\u00e9, c\u2019est-\u00e0-dire jamais \u00e0 proximit\u00e9 d\u2019un chauffage ou \u00e0 proximit\u00e9 de flammes.<br>\u2022 Ne jamais porter des objets pyrotechniques directement sur soi.<br>\u2022 Il est d\u00e9conseill\u00e9 de manipuler des feux d&rsquo;artifice apr\u00e8s avoir consomm\u00e9 de l&rsquo;alcool.<br>\u2022 Une distance de s\u00e9curit\u00e9 d\u2019au moins dix m\u00e8tres doit \u00eatre respect\u00e9e par rapport aux autres personnes, aux animaux, aux b\u00e2timents et aux mat\u00e9riaux inflammables.<br>\u2022 N\u2019allumer les feux d\u2019artifice qu\u2019\u00e0 l\u2019ext\u00e9rieur et veiller \u00e0 ce que le support soit stable. Les fus\u00e9es peuvent, par exemple, \u00eatre plac\u00e9es dans une bouteille vide, lourde et stable.<br>\u2022 \u00c0 l\u2019int\u00e9rieur, n\u2019utiliser que des feux d\u2019artifice autoris\u00e9s \u00e0 cet effet, tels que des feux d\u2019artifice de table, des bombes \u00e0 confettis ou des cierges magiques.<br>\u2022 Ne rallumer en aucun cas les feux d\u2019artifice qui n\u2019ont pas explos\u00e9, mais les \u00e9liminer.<br>\u2022 Les p\u00e9tards doivent \u00eatre rigoureusement interdits aux enfants.<br>\u2022 Il est pr\u00e9f\u00e9rable que les familles avec enfants restent \u00e0 l\u2019int\u00e9rieur et observent depuis la fen\u00eatre ferm\u00e9e.<br>\u2022 Pour tous ceux qui sont \u00e0 l\u2019ext\u00e9rieur, il est recommand\u00e9 de porter des lunettes de protection ou de ski ferm\u00e9es.<\/p>\n\n\n\n<h3 class=\"wp-block-heading\"><strong>Sources<\/strong> :<\/h3>\n\n\n\n<ul class=\"wp-block-list\">\n<li><a href=\"https:\/\/www.bfb-cipi.ch\/fr\/conseils-prevention-incendie\/detail\/feux-dartifice\">Centre d\u2019information pour la pr\u00e9vention des incendies<\/a><\/li>\n\n\n\n<li><a href=\"https:\/\/www.suva.ch\/fr-ch\/autoportrait\/news-et-medias\/medias\/2021\/07\/1er-aout-augmentation-du-risque-daccident-et-dincendie?lang=fr-CH\">SUVA<\/a><\/li>\n\n\n\n<li><a href=\"https:\/\/saoo.ch\/fr\/\">Swiss Academy of Ophthalmology<\/a><\/li>\n\n\n\n<li><a href=\"https:\/\/www.dog.org\/augenverletzungen-durch-feuerwerkskoerper\">Deutsche Ophthalmologische Gesellschaft<\/a> (Soci\u00e9t\u00e9 allemande d\u2019ophtalmologie)<\/li>\n\n\n\n<li><a href=\"https:\/\/www.eyefox.com\/news\/1670\/vorsicht-beim-silvesterfeuerwerk-dog-erwartet-wieder-hunderte-schwerer-augenverletzungen.html\">Eyefox<\/a><\/li>\n<\/ul>\n","protected":false},"excerpt":{"rendered":"<p>La Saint-Sylvestre approche, et avec elle, la p\u00e9riode des l\u00e9sions oculaires potentielles. Il est pourtant facile de veiller \u00e0 une manipulation s\u00fbre des engins pyrotechniques.<\/p>\n","protected":false},"featured_media":21736,"template":"","meta":{"_acf_changed":false,"inline_featured_image":false,"_FSMCFIC_featured_image_caption":"","_FSMCFIC_featured_image_nocaption":"","_FSMCFIC_featured_image_hide":"","footnotes":"","_links_to":"","_links_to_target":""},"categories":[140],"class_list":["post-18252","ratgeber","type-ratgeber","status-publish","has-post-thumbnail","hentry","category-conseils"],"acf":[],"yoast_head":"<!-- This site is optimized with the Yoast SEO plugin v27.1.1 - https:\/\/yoast.com\/product\/yoast-seo-wordpress\/ -->\n<title>Les feux d\u2019artifice pr\u00e9sentent un danger sous-estim\u00e9 pour les yeux &#8226; Retina Suisse<\/title>\n<meta name=\"robots\" content=\"index, follow, max-snippet:-1, max-image-preview:large, max-video-preview:-1\" \/>\n<link rel=\"canonical\" href=\"https:\/\/retina.ch\/fr\/conseils\/les-feux-dartifice-presentent-un-danger-sous-estime-pour-les-yeux\/\" \/>\n<meta property=\"og:locale\" content=\"fr_FR\" \/>\n<meta property=\"og:type\" content=\"article\" \/>\n<meta property=\"og:title\" content=\"Les feux d\u2019artifice pr\u00e9sentent un danger sous-estim\u00e9 pour les yeux &#8226; Retina Suisse\" \/>\n<meta property=\"og:description\" content=\"La Saint-Sylvestre approche, et avec elle, la p\u00e9riode des l\u00e9sions oculaires potentielles. Il est pourtant facile de veiller \u00e0 une manipulation s\u00fbre des engins pyrotechniques.\" \/>\n<meta property=\"og:url\" content=\"https:\/\/retina.ch\/fr\/conseils\/les-feux-dartifice-presentent-un-danger-sous-estime-pour-les-yeux\/\" \/>\n<meta property=\"og:site_name\" content=\"Retina Suisse\" \/>\n<meta property=\"article:publisher\" content=\"https:\/\/www.facebook.com\/retinasuisse\/\" \/>\n<meta property=\"article:modified_time\" content=\"2026-03-18T08:53:14+00:00\" \/>\n<meta property=\"og:image\" content=\"https:\/\/retina.ch\/wp-content\/uploads\/2024\/12\/Feuerwerk.jpg\" \/>\n\t<meta property=\"og:image:width\" content=\"960\" \/>\n\t<meta property=\"og:image:height\" content=\"720\" \/>\n\t<meta property=\"og:image:type\" content=\"image\/jpeg\" \/>\n<meta name=\"twitter:card\" content=\"summary_large_image\" \/>\n<meta name=\"twitter:label1\" content=\"Dur\u00e9e de lecture estim\u00e9e\" \/>\n\t<meta name=\"twitter:data1\" content=\"9 minutes\" \/>\n<script type=\"application\/ld+json\" class=\"yoast-schema-graph\">{\"@context\":\"https:\/\/schema.org\",\"@graph\":[{\"@type\":\"WebPage\",\"@id\":\"https:\/\/retina.ch\/fr\/conseils\/les-feux-dartifice-presentent-un-danger-sous-estime-pour-les-yeux\/\",\"url\":\"https:\/\/retina.ch\/fr\/conseils\/les-feux-dartifice-presentent-un-danger-sous-estime-pour-les-yeux\/\",\"name\":\"Les feux d\u2019artifice pr\u00e9sentent un danger sous-estim\u00e9 pour les yeux &#8226; Retina Suisse\",\"isPartOf\":{\"@id\":\"https:\/\/retina.ch\/fr\/#website\"},\"primaryImageOfPage\":{\"@id\":\"https:\/\/retina.ch\/fr\/conseils\/les-feux-dartifice-presentent-un-danger-sous-estime-pour-les-yeux\/#primaryimage\"},\"image\":{\"@id\":\"https:\/\/retina.ch\/fr\/conseils\/les-feux-dartifice-presentent-un-danger-sous-estime-pour-les-yeux\/#primaryimage\"},\"thumbnailUrl\":\"https:\/\/retina.ch\/wp-content\/uploads\/2024\/12\/Feuerwerk.jpg\",\"datePublished\":\"2024-12-20T13:58:06+00:00\",\"dateModified\":\"2026-03-18T08:53:14+00:00\",\"breadcrumb\":{\"@id\":\"https:\/\/retina.ch\/fr\/conseils\/les-feux-dartifice-presentent-un-danger-sous-estime-pour-les-yeux\/#breadcrumb\"},\"inLanguage\":\"fr-FR\",\"potentialAction\":[{\"@type\":\"ReadAction\",\"target\":[\"https:\/\/retina.ch\/fr\/conseils\/les-feux-dartifice-presentent-un-danger-sous-estime-pour-les-yeux\/\"]}]},{\"@type\":\"ImageObject\",\"inLanguage\":\"fr-FR\",\"@id\":\"https:\/\/retina.ch\/fr\/conseils\/les-feux-dartifice-presentent-un-danger-sous-estime-pour-les-yeux\/#primaryimage\",\"url\":\"https:\/\/retina.ch\/wp-content\/uploads\/2024\/12\/Feuerwerk.jpg\",\"contentUrl\":\"https:\/\/retina.ch\/wp-content\/uploads\/2024\/12\/Feuerwerk.jpg\",\"width\":960,\"height\":720,\"caption\":\"Feuerwerk auf schwarzem Hintergrund\"},{\"@type\":\"BreadcrumbList\",\"@id\":\"https:\/\/retina.ch\/fr\/conseils\/les-feux-dartifice-presentent-un-danger-sous-estime-pour-les-yeux\/#breadcrumb\",\"itemListElement\":[{\"@type\":\"ListItem\",\"position\":1,\"name\":\"Retina Suisse\",\"item\":\"https:\/\/retina.ch\/fr\/\"},{\"@type\":\"ListItem\",\"position\":2,\"name\":\"Les feux d\u2019artifice pr\u00e9sentent un danger sous-estim\u00e9 pour les yeux\"}]},{\"@type\":\"WebSite\",\"@id\":\"https:\/\/retina.ch\/fr\/#website\",\"url\":\"https:\/\/retina.ch\/fr\/\",\"name\":\"Retina Suisse\",\"description\":\"Retina Suisse ist die Vereinigung von Patientinnen und Patienten mit Retinitis pigmentosa (RP), Makuladegeneration, Usher-Syndrom und anderen Erkrankungen des Augenhintergrundes.\",\"publisher\":{\"@id\":\"https:\/\/retina.ch\/fr\/#organization\"},\"potentialAction\":[{\"@type\":\"SearchAction\",\"target\":{\"@type\":\"EntryPoint\",\"urlTemplate\":\"https:\/\/retina.ch\/fr\/?s={search_term_string}\"},\"query-input\":{\"@type\":\"PropertyValueSpecification\",\"valueRequired\":true,\"valueName\":\"search_term_string\"}}],\"inLanguage\":\"fr-FR\"},{\"@type\":\"Organization\",\"@id\":\"https:\/\/retina.ch\/fr\/#organization\",\"name\":\"Retina Suisse\",\"url\":\"https:\/\/retina.ch\/fr\/\",\"logo\":{\"@type\":\"ImageObject\",\"inLanguage\":\"fr-FR\",\"@id\":\"https:\/\/retina.ch\/fr\/#\/schema\/logo\/image\/\",\"url\":\"https:\/\/retina.ch\/wp-content\/uploads\/2020\/09\/retina-auge-typo.svg\",\"contentUrl\":\"https:\/\/retina.ch\/wp-content\/uploads\/2020\/09\/retina-auge-typo.svg\",\"width\":\"1024\",\"height\":\"1024\",\"caption\":\"Retina Suisse\"},\"image\":{\"@id\":\"https:\/\/retina.ch\/fr\/#\/schema\/logo\/image\/\"},\"sameAs\":[\"https:\/\/www.facebook.com\/retinasuisse\/\"]}]}<\/script>\n<!-- \/ Yoast SEO plugin. -->","yoast_head_json":{"title":"Les feux d\u2019artifice pr\u00e9sentent un danger sous-estim\u00e9 pour les yeux &#8226; Retina Suisse","robots":{"index":"index","follow":"follow","max-snippet":"max-snippet:-1","max-image-preview":"max-image-preview:large","max-video-preview":"max-video-preview:-1"},"canonical":"https:\/\/retina.ch\/fr\/conseils\/les-feux-dartifice-presentent-un-danger-sous-estime-pour-les-yeux\/","og_locale":"fr_FR","og_type":"article","og_title":"Les feux d\u2019artifice pr\u00e9sentent un danger sous-estim\u00e9 pour les yeux &#8226; Retina Suisse","og_description":"La Saint-Sylvestre approche, et avec elle, la p\u00e9riode des l\u00e9sions oculaires potentielles. Il est pourtant facile de veiller \u00e0 une manipulation s\u00fbre des engins pyrotechniques.","og_url":"https:\/\/retina.ch\/fr\/conseils\/les-feux-dartifice-presentent-un-danger-sous-estime-pour-les-yeux\/","og_site_name":"Retina Suisse","article_publisher":"https:\/\/www.facebook.com\/retinasuisse\/","article_modified_time":"2026-03-18T08:53:14+00:00","og_image":[{"width":960,"height":720,"url":"https:\/\/retina.ch\/wp-content\/uploads\/2024\/12\/Feuerwerk.jpg","type":"image\/jpeg"}],"twitter_card":"summary_large_image","twitter_misc":{"Dur\u00e9e de lecture estim\u00e9e":"9 minutes"},"schema":{"@context":"https:\/\/schema.org","@graph":[{"@type":"WebPage","@id":"https:\/\/retina.ch\/fr\/conseils\/les-feux-dartifice-presentent-un-danger-sous-estime-pour-les-yeux\/","url":"https:\/\/retina.ch\/fr\/conseils\/les-feux-dartifice-presentent-un-danger-sous-estime-pour-les-yeux\/","name":"Les feux d\u2019artifice pr\u00e9sentent un danger sous-estim\u00e9 pour les yeux &#8226; Retina Suisse","isPartOf":{"@id":"https:\/\/retina.ch\/fr\/#website"},"primaryImageOfPage":{"@id":"https:\/\/retina.ch\/fr\/conseils\/les-feux-dartifice-presentent-un-danger-sous-estime-pour-les-yeux\/#primaryimage"},"image":{"@id":"https:\/\/retina.ch\/fr\/conseils\/les-feux-dartifice-presentent-un-danger-sous-estime-pour-les-yeux\/#primaryimage"},"thumbnailUrl":"https:\/\/retina.ch\/wp-content\/uploads\/2024\/12\/Feuerwerk.jpg","datePublished":"2024-12-20T13:58:06+00:00","dateModified":"2026-03-18T08:53:14+00:00","breadcrumb":{"@id":"https:\/\/retina.ch\/fr\/conseils\/les-feux-dartifice-presentent-un-danger-sous-estime-pour-les-yeux\/#breadcrumb"},"inLanguage":"fr-FR","potentialAction":[{"@type":"ReadAction","target":["https:\/\/retina.ch\/fr\/conseils\/les-feux-dartifice-presentent-un-danger-sous-estime-pour-les-yeux\/"]}]},{"@type":"ImageObject","inLanguage":"fr-FR","@id":"https:\/\/retina.ch\/fr\/conseils\/les-feux-dartifice-presentent-un-danger-sous-estime-pour-les-yeux\/#primaryimage","url":"https:\/\/retina.ch\/wp-content\/uploads\/2024\/12\/Feuerwerk.jpg","contentUrl":"https:\/\/retina.ch\/wp-content\/uploads\/2024\/12\/Feuerwerk.jpg","width":960,"height":720,"caption":"Feuerwerk auf schwarzem Hintergrund"},{"@type":"BreadcrumbList","@id":"https:\/\/retina.ch\/fr\/conseils\/les-feux-dartifice-presentent-un-danger-sous-estime-pour-les-yeux\/#breadcrumb","itemListElement":[{"@type":"ListItem","position":1,"name":"Retina Suisse","item":"https:\/\/retina.ch\/fr\/"},{"@type":"ListItem","position":2,"name":"Les feux d\u2019artifice pr\u00e9sentent un danger sous-estim\u00e9 pour les yeux"}]},{"@type":"WebSite","@id":"https:\/\/retina.ch\/fr\/#website","url":"https:\/\/retina.ch\/fr\/","name":"Retina Suisse","description":"Retina Suisse ist die Vereinigung von Patientinnen und Patienten mit Retinitis pigmentosa (RP), Makuladegeneration, Usher-Syndrom und anderen Erkrankungen des Augenhintergrundes.","publisher":{"@id":"https:\/\/retina.ch\/fr\/#organization"},"potentialAction":[{"@type":"SearchAction","target":{"@type":"EntryPoint","urlTemplate":"https:\/\/retina.ch\/fr\/?s={search_term_string}"},"query-input":{"@type":"PropertyValueSpecification","valueRequired":true,"valueName":"search_term_string"}}],"inLanguage":"fr-FR"},{"@type":"Organization","@id":"https:\/\/retina.ch\/fr\/#organization","name":"Retina Suisse","url":"https:\/\/retina.ch\/fr\/","logo":{"@type":"ImageObject","inLanguage":"fr-FR","@id":"https:\/\/retina.ch\/fr\/#\/schema\/logo\/image\/","url":"https:\/\/retina.ch\/wp-content\/uploads\/2020\/09\/retina-auge-typo.svg","contentUrl":"https:\/\/retina.ch\/wp-content\/uploads\/2020\/09\/retina-auge-typo.svg","width":"1024","height":"1024","caption":"Retina Suisse"},"image":{"@id":"https:\/\/retina.ch\/fr\/#\/schema\/logo\/image\/"},"sameAs":["https:\/\/www.facebook.com\/retinasuisse\/"]}]}},"_links":{"self":[{"href":"https:\/\/retina.ch\/fr\/wp-json\/wp\/v2\/ratgeber\/18252","targetHints":{"allow":["GET"]}}],"collection":[{"href":"https:\/\/retina.ch\/fr\/wp-json\/wp\/v2\/ratgeber"}],"about":[{"href":"https:\/\/retina.ch\/fr\/wp-json\/wp\/v2\/types\/ratgeber"}],"version-history":[{"count":8,"href":"https:\/\/retina.ch\/fr\/wp-json\/wp\/v2\/ratgeber\/18252\/revisions"}],"predecessor-version":[{"id":26183,"href":"https:\/\/retina.ch\/fr\/wp-json\/wp\/v2\/ratgeber\/18252\/revisions\/26183"}],"wp:featuredmedia":[{"embeddable":true,"href":"https:\/\/retina.ch\/fr\/wp-json\/wp\/v2\/media\/21736"}],"wp:attachment":[{"href":"https:\/\/retina.ch\/fr\/wp-json\/wp\/v2\/media?parent=18252"}],"wp:term":[{"taxonomy":"category","embeddable":true,"href":"https:\/\/retina.ch\/fr\/wp-json\/wp\/v2\/categories?post=18252"}],"curies":[{"name":"wp","href":"https:\/\/api.w.org\/{rel}","templated":true}]}}