{"id":20808,"date":"2025-01-13T14:05:13","date_gmt":"2025-01-13T13:05:13","guid":{"rendered":"https:\/\/retina.ch\/?post_type=ratgeber&#038;p=20808"},"modified":"2026-03-18T09:16:07","modified_gmt":"2026-03-18T08:16:07","slug":"comment-maquiller-et-demaquiller-ses-yeux-pour-eviter-les-infections","status":"publish","type":"ratgeber","link":"https:\/\/retina.ch\/fr\/conseils\/comment-maquiller-et-demaquiller-ses-yeux-pour-eviter-les-infections\/","title":{"rendered":"Comment maquiller et d\u00e9maquiller ses yeux pour \u00e9viter les infections"},"content":{"rendered":"\n<p><strong>Les personnes qui se maquillent les yeux devraient \u00eatre prudentes. Nous avons r\u00e9uni ici quelques conseils importants aux yeux des ophtalmologues.<\/strong><\/p>\n\n\n\n<p>Peter Jankovsky, Communication Retina Suisse, <a href=\"mailto:peter.jankovsky@retina.ch\">peter.jankovsky@retina.ch<\/a><\/p>\n\n\n\n<h3 class=\"wp-block-heading\"><strong>Ne pas d\u00e9passer la dur\u00e9e de conservation recommand\u00e9e du produit<\/strong><\/h3>\n\n\n\n<p>Une \u00e9tude du \u00ab&nbsp;Journal of Microbiology&nbsp;\u00bb britannique parue en 2019 indique que presque 90&nbsp;% de tous les produits utilis\u00e9s par les participantes \u00e0 l\u2019\u00e9tude \u00e9taient contamin\u00e9s par des bact\u00e9ries, parmi lesquelles figuraient des agents pathog\u00e8nes potentiellement dangereux \u00e0 l\u2019instar d\u2019Escherichia coli ou de staphylocoques dor\u00e9s. Veillez donc \u00e0 ne jamais d\u00e9passer la date de conservation d\u2019un produit de maquillage pour \u00e9viter que des agents pathog\u00e8nes puissent se propager. Ainsi, un mascara peut \u00eatre utilis\u00e9 au maximum durant les six mois qui suivent son ouverture.<\/p>\n\n\n\n<h3 class=\"wp-block-heading\"><strong>Ne pas partager son maquillage<\/strong><\/h3>\n\n\n\n<p>Partager est un geste noble, mais pour des raisons hygi\u00e9niques et sanitaires, il est fortement recommand\u00e9 de s\u2019en abstenir lorsqu\u2019il s\u2019agit de maquillage pour les yeux. Sinon, vous risquez de partager \u00e9galement des parasites \u00e0 l\u2019instar des minuscules demodex, des bact\u00e9ries ou des virus \u00e0 l\u2019origine d\u2019yeux rouges ou de bl\u00e9pharites.<\/p>\n\n\n\n<h3 class=\"wp-block-heading\"><strong>Toujours se d\u00e9maquiller<\/strong><\/h3>\n\n\n\n<p>Au m\u00eame titre que le brossage de dents, le d\u00e9maquillage doit faire partie de la routine quotidienne \u00e0 l\u2019heure du coucher. Les personnes peu \u00e0 cheval sur ce rituel et qui dorment r\u00e9guli\u00e8rement encore maquill\u00e9es nuisent \u00e0 leurs yeux. Des r\u00e9sidus peuvent obstruer les glandes de Meibomius, qui se trouvent \u00e0 l\u2019int\u00e9rieur des paupi\u00e8res derri\u00e8re les cils, et entraver leur fonctionnement. En effet, la s\u00e9cr\u00e9tion huileuse de ces glandes stabilise le film lacrymal qui humidifie la surface de nos yeux. En cas de dysfonctionnement, il peut en r\u00e9sulter un&nbsp;<a href=\"https:\/\/retina.ch\/fr\/conseils\/la-saison-qui-fait-souffrir-les-yeux-2\/\">\u0153il sec<\/a>&nbsp;ou une conjonctivite. Ces deux cas provoquent des probl\u00e8mes de vue et peuvent, dans le pire des cas, entra\u00eener de graves maladies de la corn\u00e9e.<\/p>\n\n\n\n<h3 class=\"wp-block-heading\"><strong>Comment bien se d\u00e9maquiller&nbsp;?<\/strong><\/h3>\n\n\n\n<p>Lorsque vous vous d\u00e9maquillez les yeux, faites toujours un geste contr\u00f4l\u00e9 du haut vers le bas pour ne pas introduire des particules de maquillage dans l\u2019\u0153il. Et ne frottez pas trop fort, car vous \u00e9limineriez \u00e9galement les bonnes bact\u00e9ries se trouvant sur la paupi\u00e8re. Or, vos yeux en ont besoin pour se d\u00e9fendre contre les mauvaises bact\u00e9ries.<\/p>\n\n\n\n<h3 class=\"wp-block-heading\"><strong>Prudence avec les lentilles de contact<\/strong><\/h3>\n\n\n\n<p>Les&nbsp;<a href=\"https:\/\/retina.ch\/fr\/conseils\/porter-des-lentilles-de-contact-peut-etre-risque\/\">personnes portant des lentilles de contact<\/a>&nbsp;devraient prendre ces conseils tr\u00e8s au s\u00e9rieux. Une mauvaise hygi\u00e8ne des yeux associ\u00e9e au port r\u00e9gulier de lentilles de contact peut endommager la corn\u00e9e de l\u2019\u0153il. Il est \u00e9galement possible que des ulc\u00e8res se forment et affectent la vue.<\/p>\n\n\n\n<h3 class=\"wp-block-heading\"><strong>Prudence \u00e9galement avec les paillettes<\/strong><\/h3>\n\n\n\n<p>Les maquillages festifs misent avant tout sur les paillettes. Mais les particules des paillettes peuvent migrer vers les yeux et y provoquer des blessures. C\u2019est pourquoi il faut \u00eatre tr\u00e8s prudent lorsque l\u2019on place des paillettes \u00e0 proximit\u00e9 des yeux. Il est important de pr\u00e9voir suffisamment de temps pour se d\u00e9maquiller avant d\u2019aller se coucher, d\u2019avoir le d\u00e9maquillant ad\u00e9quat et de tout enlever avec prudence.<\/p>\n\n\n\n<h3 class=\"wp-block-heading\"><strong>Cr\u00e8me pour les yeux &#8211; important pour les porteurs de lunettes<\/strong><\/h3>\n\n\n\n<p>Il est particuli\u00e8rement important pour les personnes portant des lunettes d\u2019utiliser r\u00e9guli\u00e8rement une cr\u00e8me appropri\u00e9e pour les yeux. En effet, la peau autour des yeux est nettement plus sollicit\u00e9e en raison du port des lunettes. Si l\u2019on tient n\u2019importe quel type de verre devant un objet, l\u2019endroit en question se r\u00e9chauffera, c\u2019est l\u2019effet de la loupe. Les chercheurs ont ainsi constat\u00e9 que les camionneurs qui passent beaucoup de temps au volant et donc derri\u00e8re le pare-brise pr\u00e9sentent plus de signes de vieillesse sur la partie de leur visage qui se trouve du c\u00f4t\u00e9 de la fen\u00eatre.<\/p>\n\n\n\n<p><a href=\"https:\/\/retina.ch\/fr\/conseils\/se-maquiller-les-yeux-cest-les-exposer-au-stress\/\">Lisez ici l\u2019article sur le maquillage des yeux<\/a><\/p>\n\n\n\n<h3 class=\"wp-block-heading\">Sources\u00a0:<\/h3>\n\n\n\n<ul class=\"wp-block-list\">\n<li><a href=\"https:\/\/augenchirurgie.clinic\/blog\/augen-make-up-tipps-von-augenaerzten\">blog en allemand sur la chirurgie oculaire<\/a><\/li>\n<\/ul>\n","protected":false},"excerpt":{"rendered":"<p>Les personnes qui se maquillent les yeux devraient \u00eatre prudentes. Nous avons r\u00e9uni ici quelques conseils importants aux yeux des ophtalmologues.<\/p>\n","protected":false},"featured_media":20243,"template":"","meta":{"_acf_changed":false,"inline_featured_image":false,"_FSMCFIC_featured_image_caption":"","_FSMCFIC_featured_image_nocaption":"","_FSMCFIC_featured_image_hide":"","footnotes":"","_links_to":"","_links_to_target":""},"categories":[140],"class_list":["post-20808","ratgeber","type-ratgeber","status-publish","has-post-thumbnail","hentry","category-conseils"],"acf":[],"yoast_head":"<!-- This site is optimized with the Yoast SEO plugin v27.1.1 - https:\/\/yoast.com\/product\/yoast-seo-wordpress\/ -->\n<title>Comment maquiller et d\u00e9maquiller ses yeux pour \u00e9viter les infections &#8226; Retina Suisse<\/title>\n<meta name=\"robots\" content=\"index, follow, max-snippet:-1, max-image-preview:large, max-video-preview:-1\" \/>\n<link rel=\"canonical\" href=\"https:\/\/retina.ch\/fr\/conseils\/comment-maquiller-et-demaquiller-ses-yeux-pour-eviter-les-infections\/\" \/>\n<meta property=\"og:locale\" content=\"fr_FR\" \/>\n<meta property=\"og:type\" content=\"article\" \/>\n<meta property=\"og:title\" content=\"Comment maquiller et d\u00e9maquiller ses yeux pour \u00e9viter les infections &#8226; Retina Suisse\" \/>\n<meta property=\"og:description\" content=\"Les personnes qui se maquillent les yeux devraient \u00eatre prudentes. Nous avons r\u00e9uni ici quelques conseils importants aux yeux des ophtalmologues.\" \/>\n<meta property=\"og:url\" content=\"https:\/\/retina.ch\/fr\/conseils\/comment-maquiller-et-demaquiller-ses-yeux-pour-eviter-les-infections\/\" \/>\n<meta property=\"og:site_name\" content=\"Retina Suisse\" \/>\n<meta property=\"article:publisher\" content=\"https:\/\/www.facebook.com\/retinasuisse\/\" \/>\n<meta property=\"article:modified_time\" content=\"2026-03-18T08:16:07+00:00\" \/>\n<meta property=\"og:image\" content=\"https:\/\/retina.ch\/wp-content\/uploads\/2025\/01\/bild-schminke-gratis-rosa-rafael-deuob2v77wi-unsplash-scaled.jpg\" \/>\n\t<meta property=\"og:image:width\" content=\"2560\" \/>\n\t<meta property=\"og:image:height\" content=\"1844\" \/>\n\t<meta property=\"og:image:type\" content=\"image\/jpeg\" \/>\n<meta name=\"twitter:card\" content=\"summary_large_image\" \/>\n<meta name=\"twitter:label1\" content=\"Dur\u00e9e de lecture estim\u00e9e\" \/>\n\t<meta name=\"twitter:data1\" content=\"4 minutes\" \/>\n<script type=\"application\/ld+json\" class=\"yoast-schema-graph\">{\"@context\":\"https:\/\/schema.org\",\"@graph\":[{\"@type\":\"WebPage\",\"@id\":\"https:\/\/retina.ch\/fr\/conseils\/comment-maquiller-et-demaquiller-ses-yeux-pour-eviter-les-infections\/\",\"url\":\"https:\/\/retina.ch\/fr\/conseils\/comment-maquiller-et-demaquiller-ses-yeux-pour-eviter-les-infections\/\",\"name\":\"Comment maquiller et d\u00e9maquiller ses yeux pour \u00e9viter les infections &#8226; Retina Suisse\",\"isPartOf\":{\"@id\":\"https:\/\/retina.ch\/fr\/#website\"},\"primaryImageOfPage\":{\"@id\":\"https:\/\/retina.ch\/fr\/conseils\/comment-maquiller-et-demaquiller-ses-yeux-pour-eviter-les-infections\/#primaryimage\"},\"image\":{\"@id\":\"https:\/\/retina.ch\/fr\/conseils\/comment-maquiller-et-demaquiller-ses-yeux-pour-eviter-les-infections\/#primaryimage\"},\"thumbnailUrl\":\"https:\/\/retina.ch\/wp-content\/uploads\/2025\/01\/bild-schminke-gratis-rosa-rafael-deuob2v77wi-unsplash-scaled.jpg\",\"datePublished\":\"2025-01-13T13:05:13+00:00\",\"dateModified\":\"2026-03-18T08:16:07+00:00\",\"breadcrumb\":{\"@id\":\"https:\/\/retina.ch\/fr\/conseils\/comment-maquiller-et-demaquiller-ses-yeux-pour-eviter-les-infections\/#breadcrumb\"},\"inLanguage\":\"fr-FR\",\"potentialAction\":[{\"@type\":\"ReadAction\",\"target\":[\"https:\/\/retina.ch\/fr\/conseils\/comment-maquiller-et-demaquiller-ses-yeux-pour-eviter-les-infections\/\"]}]},{\"@type\":\"ImageObject\",\"inLanguage\":\"fr-FR\",\"@id\":\"https:\/\/retina.ch\/fr\/conseils\/comment-maquiller-et-demaquiller-ses-yeux-pour-eviter-les-infections\/#primaryimage\",\"url\":\"https:\/\/retina.ch\/wp-content\/uploads\/2025\/01\/bild-schminke-gratis-rosa-rafael-deuob2v77wi-unsplash-scaled.jpg\",\"contentUrl\":\"https:\/\/retina.ch\/wp-content\/uploads\/2025\/01\/bild-schminke-gratis-rosa-rafael-deuob2v77wi-unsplash-scaled.jpg\",\"width\":2560,\"height\":1844},{\"@type\":\"BreadcrumbList\",\"@id\":\"https:\/\/retina.ch\/fr\/conseils\/comment-maquiller-et-demaquiller-ses-yeux-pour-eviter-les-infections\/#breadcrumb\",\"itemListElement\":[{\"@type\":\"ListItem\",\"position\":1,\"name\":\"Retina Suisse\",\"item\":\"https:\/\/retina.ch\/fr\/\"},{\"@type\":\"ListItem\",\"position\":2,\"name\":\"Comment maquiller et d\u00e9maquiller ses yeux pour \u00e9viter les infections\"}]},{\"@type\":\"WebSite\",\"@id\":\"https:\/\/retina.ch\/fr\/#website\",\"url\":\"https:\/\/retina.ch\/fr\/\",\"name\":\"Retina Suisse\",\"description\":\"Retina Suisse ist die Vereinigung von Patientinnen und Patienten mit Retinitis pigmentosa (RP), Makuladegeneration, Usher-Syndrom und anderen Erkrankungen des Augenhintergrundes.\",\"publisher\":{\"@id\":\"https:\/\/retina.ch\/fr\/#organization\"},\"potentialAction\":[{\"@type\":\"SearchAction\",\"target\":{\"@type\":\"EntryPoint\",\"urlTemplate\":\"https:\/\/retina.ch\/fr\/?s={search_term_string}\"},\"query-input\":{\"@type\":\"PropertyValueSpecification\",\"valueRequired\":true,\"valueName\":\"search_term_string\"}}],\"inLanguage\":\"fr-FR\"},{\"@type\":\"Organization\",\"@id\":\"https:\/\/retina.ch\/fr\/#organization\",\"name\":\"Retina Suisse\",\"url\":\"https:\/\/retina.ch\/fr\/\",\"logo\":{\"@type\":\"ImageObject\",\"inLanguage\":\"fr-FR\",\"@id\":\"https:\/\/retina.ch\/fr\/#\/schema\/logo\/image\/\",\"url\":\"https:\/\/retina.ch\/wp-content\/uploads\/2020\/09\/retina-auge-typo.svg\",\"contentUrl\":\"https:\/\/retina.ch\/wp-content\/uploads\/2020\/09\/retina-auge-typo.svg\",\"width\":\"1024\",\"height\":\"1024\",\"caption\":\"Retina Suisse\"},\"image\":{\"@id\":\"https:\/\/retina.ch\/fr\/#\/schema\/logo\/image\/\"},\"sameAs\":[\"https:\/\/www.facebook.com\/retinasuisse\/\"]}]}<\/script>\n<!-- \/ Yoast SEO plugin. -->","yoast_head_json":{"title":"Comment maquiller et d\u00e9maquiller ses yeux pour \u00e9viter les infections &#8226; Retina Suisse","robots":{"index":"index","follow":"follow","max-snippet":"max-snippet:-1","max-image-preview":"max-image-preview:large","max-video-preview":"max-video-preview:-1"},"canonical":"https:\/\/retina.ch\/fr\/conseils\/comment-maquiller-et-demaquiller-ses-yeux-pour-eviter-les-infections\/","og_locale":"fr_FR","og_type":"article","og_title":"Comment maquiller et d\u00e9maquiller ses yeux pour \u00e9viter les infections &#8226; Retina Suisse","og_description":"Les personnes qui se maquillent les yeux devraient \u00eatre prudentes. Nous avons r\u00e9uni ici quelques conseils importants aux yeux des ophtalmologues.","og_url":"https:\/\/retina.ch\/fr\/conseils\/comment-maquiller-et-demaquiller-ses-yeux-pour-eviter-les-infections\/","og_site_name":"Retina Suisse","article_publisher":"https:\/\/www.facebook.com\/retinasuisse\/","article_modified_time":"2026-03-18T08:16:07+00:00","og_image":[{"width":2560,"height":1844,"url":"https:\/\/retina.ch\/wp-content\/uploads\/2025\/01\/bild-schminke-gratis-rosa-rafael-deuob2v77wi-unsplash-scaled.jpg","type":"image\/jpeg"}],"twitter_card":"summary_large_image","twitter_misc":{"Dur\u00e9e de lecture estim\u00e9e":"4 minutes"},"schema":{"@context":"https:\/\/schema.org","@graph":[{"@type":"WebPage","@id":"https:\/\/retina.ch\/fr\/conseils\/comment-maquiller-et-demaquiller-ses-yeux-pour-eviter-les-infections\/","url":"https:\/\/retina.ch\/fr\/conseils\/comment-maquiller-et-demaquiller-ses-yeux-pour-eviter-les-infections\/","name":"Comment maquiller et d\u00e9maquiller ses yeux pour \u00e9viter les infections &#8226; Retina Suisse","isPartOf":{"@id":"https:\/\/retina.ch\/fr\/#website"},"primaryImageOfPage":{"@id":"https:\/\/retina.ch\/fr\/conseils\/comment-maquiller-et-demaquiller-ses-yeux-pour-eviter-les-infections\/#primaryimage"},"image":{"@id":"https:\/\/retina.ch\/fr\/conseils\/comment-maquiller-et-demaquiller-ses-yeux-pour-eviter-les-infections\/#primaryimage"},"thumbnailUrl":"https:\/\/retina.ch\/wp-content\/uploads\/2025\/01\/bild-schminke-gratis-rosa-rafael-deuob2v77wi-unsplash-scaled.jpg","datePublished":"2025-01-13T13:05:13+00:00","dateModified":"2026-03-18T08:16:07+00:00","breadcrumb":{"@id":"https:\/\/retina.ch\/fr\/conseils\/comment-maquiller-et-demaquiller-ses-yeux-pour-eviter-les-infections\/#breadcrumb"},"inLanguage":"fr-FR","potentialAction":[{"@type":"ReadAction","target":["https:\/\/retina.ch\/fr\/conseils\/comment-maquiller-et-demaquiller-ses-yeux-pour-eviter-les-infections\/"]}]},{"@type":"ImageObject","inLanguage":"fr-FR","@id":"https:\/\/retina.ch\/fr\/conseils\/comment-maquiller-et-demaquiller-ses-yeux-pour-eviter-les-infections\/#primaryimage","url":"https:\/\/retina.ch\/wp-content\/uploads\/2025\/01\/bild-schminke-gratis-rosa-rafael-deuob2v77wi-unsplash-scaled.jpg","contentUrl":"https:\/\/retina.ch\/wp-content\/uploads\/2025\/01\/bild-schminke-gratis-rosa-rafael-deuob2v77wi-unsplash-scaled.jpg","width":2560,"height":1844},{"@type":"BreadcrumbList","@id":"https:\/\/retina.ch\/fr\/conseils\/comment-maquiller-et-demaquiller-ses-yeux-pour-eviter-les-infections\/#breadcrumb","itemListElement":[{"@type":"ListItem","position":1,"name":"Retina Suisse","item":"https:\/\/retina.ch\/fr\/"},{"@type":"ListItem","position":2,"name":"Comment maquiller et d\u00e9maquiller ses yeux pour \u00e9viter les infections"}]},{"@type":"WebSite","@id":"https:\/\/retina.ch\/fr\/#website","url":"https:\/\/retina.ch\/fr\/","name":"Retina Suisse","description":"Retina Suisse ist die Vereinigung von Patientinnen und Patienten mit Retinitis pigmentosa (RP), Makuladegeneration, Usher-Syndrom und anderen Erkrankungen des Augenhintergrundes.","publisher":{"@id":"https:\/\/retina.ch\/fr\/#organization"},"potentialAction":[{"@type":"SearchAction","target":{"@type":"EntryPoint","urlTemplate":"https:\/\/retina.ch\/fr\/?s={search_term_string}"},"query-input":{"@type":"PropertyValueSpecification","valueRequired":true,"valueName":"search_term_string"}}],"inLanguage":"fr-FR"},{"@type":"Organization","@id":"https:\/\/retina.ch\/fr\/#organization","name":"Retina Suisse","url":"https:\/\/retina.ch\/fr\/","logo":{"@type":"ImageObject","inLanguage":"fr-FR","@id":"https:\/\/retina.ch\/fr\/#\/schema\/logo\/image\/","url":"https:\/\/retina.ch\/wp-content\/uploads\/2020\/09\/retina-auge-typo.svg","contentUrl":"https:\/\/retina.ch\/wp-content\/uploads\/2020\/09\/retina-auge-typo.svg","width":"1024","height":"1024","caption":"Retina Suisse"},"image":{"@id":"https:\/\/retina.ch\/fr\/#\/schema\/logo\/image\/"},"sameAs":["https:\/\/www.facebook.com\/retinasuisse\/"]}]}},"_links":{"self":[{"href":"https:\/\/retina.ch\/fr\/wp-json\/wp\/v2\/ratgeber\/20808","targetHints":{"allow":["GET"]}}],"collection":[{"href":"https:\/\/retina.ch\/fr\/wp-json\/wp\/v2\/ratgeber"}],"about":[{"href":"https:\/\/retina.ch\/fr\/wp-json\/wp\/v2\/types\/ratgeber"}],"version-history":[{"count":3,"href":"https:\/\/retina.ch\/fr\/wp-json\/wp\/v2\/ratgeber\/20808\/revisions"}],"predecessor-version":[{"id":26164,"href":"https:\/\/retina.ch\/fr\/wp-json\/wp\/v2\/ratgeber\/20808\/revisions\/26164"}],"wp:featuredmedia":[{"embeddable":true,"href":"https:\/\/retina.ch\/fr\/wp-json\/wp\/v2\/media\/20243"}],"wp:attachment":[{"href":"https:\/\/retina.ch\/fr\/wp-json\/wp\/v2\/media?parent=20808"}],"wp:term":[{"taxonomy":"category","embeddable":true,"href":"https:\/\/retina.ch\/fr\/wp-json\/wp\/v2\/categories?post=20808"}],"curies":[{"name":"wp","href":"https:\/\/api.w.org\/{rel}","templated":true}]}}