{"id":21441,"date":"2025-03-25T17:51:51","date_gmt":"2025-03-25T16:51:51","guid":{"rendered":"https:\/\/retina.ch\/?post_type=ratgeber&#038;p=21441"},"modified":"2026-03-11T14:33:49","modified_gmt":"2026-03-11T13:33:49","slug":"les-pollens-se-disseminent-a-nouveau-comment-soulager-le-gonflement-des-yeux","status":"publish","type":"ratgeber","link":"https:\/\/retina.ch\/fr\/conseils\/les-pollens-se-disseminent-a-nouveau-comment-soulager-le-gonflement-des-yeux\/","title":{"rendered":"Les pollens se diss\u00e9minent \u00e0 nouveau\u00a0: comment soulager le gonflement des yeux\u00a0?"},"content":{"rendered":"\n<p><strong>Les allergies au pollen sont en hausse \u00e0 l\u2019\u00e9chelle mondiale. En outre, la p\u00e9riode pollinique s\u2019allonge toujours plus, de sorte que les yeux sensibles sont plus longtemps en souffrance. Que peut-on faire&nbsp;? Un expert donne des informations.<\/strong><\/p>\n\n\n\n<p>Peter Jankovsky, Communication Retina Suisse, <a href=\"mailto:peter.jankovsky@retina.ch\" target=\"_blank\" rel=\"noreferrer noopener\">peter.jankovsky@retina.ch<\/a><\/p>\n\n\n\n<p>Le printemps s\u2019invite, et avec lui, les pollens. Le rhume des foins compte d\u00e9sormais parmi les maladies allergiques les plus fr\u00e9quentes au sein de la population. En Europe centrale, environ 15&nbsp;% de la population adulte souffre d\u2019allergies au pollen et la tendance est clairement \u00e0 la hausse. Si des troubles oculaires, tels que d\u00e9mangeaisons, gonflements, rougeurs ou larmoiement, s\u2019ajoutent aux sympt\u00f4mes nasaux, les personnes allergiques les per\u00e7oivent comme \u00e9tant particuli\u00e8rement p\u00e9nibles par rapport aux sympt\u00f4mes qui touchent d\u2019autres organes \u2013 et elles le vivent comme une limitation importante de leur qualit\u00e9 de vie.<\/p>\n\n\n\n<p>Les d\u00e9clencheurs sont divers allerg\u00e8nes qui circulent g\u00e9n\u00e9ralement dans l\u2019air. Cette situation est de plus en plus impact\u00e9e par les changements climatiques. \u00ab&nbsp;Il peut arriver que les personnes allergiques au pollen souffrent nettement plus longtemps ou presque toute l\u2019ann\u00e9e de sympt\u00f4mes allergiques, car les p\u00e9riodes de floraison des plantes se d\u00e9calent de mani\u00e8re d\u00e9favorable ou se prolongent en raison du changement climatique&nbsp;\u00bb, explique le Prof. Dr Gerd Geerling, directeur de la clinique d\u2019ophtalmologie \u00e0 l\u2019h\u00f4pital universitaire de D\u00fcsseldorf en Allemagne et expert dans le domaine de l\u2019allergologie ophtalmologique.<\/p>\n\n\n\n<h3 class=\"wp-block-heading\"><strong>Les m\u00e9dicaments peuvent \u00eatre b\u00e9n\u00e9fiques<\/strong><\/h3>\n\n\n\n<p>Selon Geerling, en cas d\u2019allergie au pollen, il n\u2019est pas toujours facile d\u2019\u00e9viter le d\u00e9clencheur. Afin de minimiser les sympt\u00f4mes oculaires, un syst\u00e8me de climatisation dot\u00e9 d\u2019un filtre \u00e0 pollen dans le logement ou au bureau et le port de lunettes de protection \u00e0 l\u2019ext\u00e9rieur sont utiles. \u00ab&nbsp;L\u2019application de compresses fra\u00eeches sur les yeux ou des soins oculaires, de pr\u00e9f\u00e9rence avec un collyre hydratant sans agents conservateurs,&nbsp;peuvent \u00eatre judicieux pour att\u00e9nuer les troubles&nbsp;\u00bb, ajoute Geerling.<\/p>\n\n\n\n<p>Si les rem\u00e8des maison ou les produits vendus en pharmacie sans ordonnance ne suffisent pas pour soulager les sympt\u00f4mes, des m\u00e9dicaments soumis \u00e0 prescription m\u00e9dicale peuvent \u00eatre b\u00e9n\u00e9fiques. Les antihistaminiques, \u00e0 titre d\u2019exemple, inhibent les d\u00e9mangeaisons aigu\u00ebs.<\/p>\n\n\n\n<p>D\u2019apr\u00e8s les acquis actuels, les antihistaminiques syst\u00e9miques (par exemple sous forme de comprim\u00e9s) sont \u00e0 recommander uniquement lorsque d\u2019autres sympt\u00f4mes allergiques les rendent n\u00e9cessaires. Des \u00e9tudes indiquent que certains principes actifs dess\u00e8chent encore plus les yeux permettant ainsi aux allerg\u00e8nes de p\u00e9n\u00e9trer plus facilement.<\/p>\n\n\n\n<h3 class=\"wp-block-heading\"><strong>Attention avec la cortisone<\/strong><\/h3>\n\n\n\n<p>D\u2019autres produits tels que les collyres \u00e0 base de cortisone inhibent l\u2019inflammation sous-jacente. La cortisone doit cependant \u00eatre utilis\u00e9e uniquement avec la plus grande prudence&nbsp;: le traitement doit \u00eatre supervis\u00e9 par un ou une ophtalmologue.&nbsp;<\/p>\n\n\n\n<p>La cortisone n\u2019est pas adapt\u00e9e pour le traitement des troubles allergiques persistant toute l\u2019ann\u00e9e. En effet, l\u2019utilisation de cortisone pendant des mois peut provoquer des effets ind\u00e9sirables tels qu\u2019une augmentation de la pression intra-oculaire.<\/p>\n\n\n\n<p>Parmi les analogues de la cortisone, \u00e0 savoir les inhibiteurs de la calcineurine, il existe des substances telles que la ciclosporine qui peuvent remplacer la cortisone.<br>D\u2019autres m\u00e9dicaments potentiellement efficaces, tels que le tacrolimus ou le sirolimus, ont \u00e9galement un effet anti-inflammatoire, mais ne sont toutefois pas encore autoris\u00e9s sp\u00e9cifiquement pour un usage oculaire.<\/p>\n\n\n\n<p>De mani\u00e8re g\u00e9n\u00e9rale, il est conseill\u00e9 d\u2019utiliser des m\u00e9dicaments qui sont conditionn\u00e9s en doses unitaires. Il est ainsi possible d\u2019\u00e9viter les agents conservateurs qui peuvent \u00e9ventuellement \u00e0 leur tour provoquer des troubles.<\/p>\n\n\n\n<p>D\u2019autres principes actifs sous forme de collyres seraient actuellement en cours d\u2019\u00e9valuation dans le cadre d\u2019\u00e9tudes cliniques et devraient apporter un soulagement rapide, en particulier des d\u00e9mangeaisons lancinantes, r\u00e9v\u00e8le, en outre, Geerling.&nbsp;<\/p>\n\n\n\n<h3 class=\"wp-block-heading\"><strong>Les troubles \u00e0 long terme peuvent avoir d\u2019autres origines<\/strong><\/h3>\n\n\n\n<p>Et que faire lorsque les sympt\u00f4mes oculaires ne disparaissent tout simplement pas, \u00e9galement apr\u00e8s longtemps&nbsp;? \u00ab&nbsp;Les troubles s\u00e9v\u00e8res et persistants n\u00e9cessitent dans tous les cas un contr\u00f4le ophtalmologique \u2013 et en fonction de leur origine \u2013 une prise en charge interdisciplinaire&nbsp;\u00bb, souligne l\u2019expert Geerling. En effet, d\u2019autres maladies auto-immunes ou plus souvent une conjonctivite peuvent aussi provoquer les sympt\u00f4mes d\u00e9crits.<\/p>\n\n\n\n<p>Il est possible que l\u2019exposition massive au pollen et le frottement excessif des yeux d\u00e9clenchent une conjonctivite. Celle-ci peut \u00e9galement \u00eatre induite par des virus ou des bact\u00e9ries, diverses maladies oculaires et cutan\u00e9es ou par le port de lentilles de contact.<\/p>\n\n\n\n<p>\u00ab&nbsp;Il est donc extr\u00eamement important de d\u00e9terminer pr\u00e9cis\u00e9ment l\u2019origine des troubles et de prendre les inflammations au s\u00e9rieux. C\u2019est le seul moyen de pouvoir traiter \u00e0 temps et de mani\u00e8re ad\u00e9quate les formes s\u00e9v\u00e8res&nbsp;\u00bb, explique Geerling.<\/p>\n\n\n\n<p>Des cas s\u00e9v\u00e8res d\u2019inflammation peuvent survenir lorsque la paupi\u00e8re, et par exemple la corn\u00e9e, sont \u00e9galement atteintes. Le sp\u00e9cialiste en ophtalmologie insiste sur l\u2019objectif qui devrait dans tous les cas consister \u00e0 \u00e9viter les complications s\u00e9v\u00e8res et ainsi la perte de vue potentielle ou la n\u00e9cessit\u00e9 d\u2019une intervention chirurgicale.<\/p>\n\n\n\n<h3 class=\"wp-block-heading\">sources\u00a0:<\/h3>\n\n\n\n<ul class=\"wp-block-list\">\n<li><a href=\"https:\/\/www.thieme.de\/de\/kommunikation\/kontakt-129258.htm\">Deutsche Ophthalmologische Gesellschaft via Thieme Kommunikation (Soci\u00e9t\u00e9 allemande d\u2019ophtalmologie via le service de communication de Thieme)<\/a><\/li>\n\n\n\n<li><a href=\"https:\/\/www.allergieinformationsdienst.de\/aktuelles\/news\/artikel\/hilfe-fuer-traenende-juckende-augen\">Allergie-Informationsdienst (Service d\u2019information sur les allergies)<\/a><\/li>\n<\/ul>\n\n\n\n<p><\/p>\n","protected":false},"excerpt":{"rendered":"<p>Les allergies au pollen sont en hausse \u00e0 l\u2019\u00e9chelle mondiale. En outre, la p\u00e9riode pollinique s\u2019allonge toujours plus, de sorte que les yeux sensibles sont plus longtemps en souffrance. Que peut-on faire\u00a0? Un expert donne des informations.<\/p>\n","protected":false},"featured_media":21731,"template":"","meta":{"_acf_changed":false,"inline_featured_image":false,"_FSMCFIC_featured_image_caption":"","_FSMCFIC_featured_image_nocaption":"","_FSMCFIC_featured_image_hide":"","footnotes":"","_links_to":"","_links_to_target":""},"categories":[140],"class_list":["post-21441","ratgeber","type-ratgeber","status-publish","has-post-thumbnail","hentry","category-conseils"],"acf":[],"yoast_head":"<!-- This site is optimized with the Yoast SEO plugin v27.1.1 - https:\/\/yoast.com\/product\/yoast-seo-wordpress\/ -->\n<title>Les pollens se diss\u00e9minent \u00e0 nouveau\u00a0: comment soulager le gonflement des yeux\u00a0? &#8226; Retina Suisse<\/title>\n<meta name=\"robots\" content=\"index, follow, max-snippet:-1, max-image-preview:large, max-video-preview:-1\" \/>\n<link rel=\"canonical\" href=\"https:\/\/retina.ch\/fr\/conseils\/les-pollens-se-disseminent-a-nouveau-comment-soulager-le-gonflement-des-yeux\/\" \/>\n<meta property=\"og:locale\" content=\"fr_FR\" \/>\n<meta property=\"og:type\" content=\"article\" \/>\n<meta property=\"og:title\" content=\"Les pollens se diss\u00e9minent \u00e0 nouveau\u00a0: comment soulager le gonflement des yeux\u00a0? &#8226; Retina Suisse\" \/>\n<meta property=\"og:description\" content=\"Les allergies au pollen sont en hausse \u00e0 l\u2019\u00e9chelle mondiale. En outre, la p\u00e9riode pollinique s\u2019allonge toujours plus, de sorte que les yeux sensibles sont plus longtemps en souffrance. Que peut-on faire\u00a0? Un expert donne des informations.\" \/>\n<meta property=\"og:url\" content=\"https:\/\/retina.ch\/fr\/conseils\/les-pollens-se-disseminent-a-nouveau-comment-soulager-le-gonflement-des-yeux\/\" \/>\n<meta property=\"og:site_name\" content=\"Retina Suisse\" \/>\n<meta property=\"article:publisher\" content=\"https:\/\/www.facebook.com\/retinasuisse\/\" \/>\n<meta property=\"article:modified_time\" content=\"2026-03-11T13:33:49+00:00\" \/>\n<meta property=\"og:image\" content=\"https:\/\/retina.ch\/wp-content\/uploads\/2025\/03\/Pollen-Allergie.jpg\" \/>\n\t<meta property=\"og:image:width\" content=\"960\" \/>\n\t<meta property=\"og:image:height\" content=\"720\" \/>\n\t<meta property=\"og:image:type\" content=\"image\/jpeg\" \/>\n<meta name=\"twitter:card\" content=\"summary_large_image\" \/>\n<meta name=\"twitter:label1\" content=\"Dur\u00e9e de lecture estim\u00e9e\" \/>\n\t<meta name=\"twitter:data1\" content=\"5 minutes\" \/>\n<script type=\"application\/ld+json\" class=\"yoast-schema-graph\">{\"@context\":\"https:\/\/schema.org\",\"@graph\":[{\"@type\":\"WebPage\",\"@id\":\"https:\/\/retina.ch\/fr\/conseils\/les-pollens-se-disseminent-a-nouveau-comment-soulager-le-gonflement-des-yeux\/\",\"url\":\"https:\/\/retina.ch\/fr\/conseils\/les-pollens-se-disseminent-a-nouveau-comment-soulager-le-gonflement-des-yeux\/\",\"name\":\"Les pollens se diss\u00e9minent \u00e0 nouveau\u00a0: comment soulager le gonflement des yeux\u00a0? &#8226; Retina Suisse\",\"isPartOf\":{\"@id\":\"https:\/\/retina.ch\/fr\/#website\"},\"primaryImageOfPage\":{\"@id\":\"https:\/\/retina.ch\/fr\/conseils\/les-pollens-se-disseminent-a-nouveau-comment-soulager-le-gonflement-des-yeux\/#primaryimage\"},\"image\":{\"@id\":\"https:\/\/retina.ch\/fr\/conseils\/les-pollens-se-disseminent-a-nouveau-comment-soulager-le-gonflement-des-yeux\/#primaryimage\"},\"thumbnailUrl\":\"https:\/\/retina.ch\/wp-content\/uploads\/2025\/03\/Pollen-Allergie.jpg\",\"datePublished\":\"2025-03-25T16:51:51+00:00\",\"dateModified\":\"2026-03-11T13:33:49+00:00\",\"breadcrumb\":{\"@id\":\"https:\/\/retina.ch\/fr\/conseils\/les-pollens-se-disseminent-a-nouveau-comment-soulager-le-gonflement-des-yeux\/#breadcrumb\"},\"inLanguage\":\"fr-FR\",\"potentialAction\":[{\"@type\":\"ReadAction\",\"target\":[\"https:\/\/retina.ch\/fr\/conseils\/les-pollens-se-disseminent-a-nouveau-comment-soulager-le-gonflement-des-yeux\/\"]}]},{\"@type\":\"ImageObject\",\"inLanguage\":\"fr-FR\",\"@id\":\"https:\/\/retina.ch\/fr\/conseils\/les-pollens-se-disseminent-a-nouveau-comment-soulager-le-gonflement-des-yeux\/#primaryimage\",\"url\":\"https:\/\/retina.ch\/wp-content\/uploads\/2025\/03\/Pollen-Allergie.jpg\",\"contentUrl\":\"https:\/\/retina.ch\/wp-content\/uploads\/2025\/03\/Pollen-Allergie.jpg\",\"width\":960,\"height\":720,\"caption\":\"Junge Frau die wegen einer Pollen-Allergie in ein weisses Nasentuch niesst. Im Hintergrund befindet sich ein bl\u00fchender Strauch.\"},{\"@type\":\"BreadcrumbList\",\"@id\":\"https:\/\/retina.ch\/fr\/conseils\/les-pollens-se-disseminent-a-nouveau-comment-soulager-le-gonflement-des-yeux\/#breadcrumb\",\"itemListElement\":[{\"@type\":\"ListItem\",\"position\":1,\"name\":\"Retina Suisse\",\"item\":\"https:\/\/retina.ch\/fr\/\"},{\"@type\":\"ListItem\",\"position\":2,\"name\":\"Les pollens se diss\u00e9minent \u00e0 nouveau\u00a0: comment soulager le gonflement des yeux\u00a0?\"}]},{\"@type\":\"WebSite\",\"@id\":\"https:\/\/retina.ch\/fr\/#website\",\"url\":\"https:\/\/retina.ch\/fr\/\",\"name\":\"Retina Suisse\",\"description\":\"Retina Suisse ist die Vereinigung von Patientinnen und Patienten mit Retinitis pigmentosa (RP), Makuladegeneration, Usher-Syndrom und anderen Erkrankungen des Augenhintergrundes.\",\"publisher\":{\"@id\":\"https:\/\/retina.ch\/fr\/#organization\"},\"potentialAction\":[{\"@type\":\"SearchAction\",\"target\":{\"@type\":\"EntryPoint\",\"urlTemplate\":\"https:\/\/retina.ch\/fr\/?s={search_term_string}\"},\"query-input\":{\"@type\":\"PropertyValueSpecification\",\"valueRequired\":true,\"valueName\":\"search_term_string\"}}],\"inLanguage\":\"fr-FR\"},{\"@type\":\"Organization\",\"@id\":\"https:\/\/retina.ch\/fr\/#organization\",\"name\":\"Retina Suisse\",\"url\":\"https:\/\/retina.ch\/fr\/\",\"logo\":{\"@type\":\"ImageObject\",\"inLanguage\":\"fr-FR\",\"@id\":\"https:\/\/retina.ch\/fr\/#\/schema\/logo\/image\/\",\"url\":\"https:\/\/retina.ch\/wp-content\/uploads\/2020\/09\/retina-auge-typo.svg\",\"contentUrl\":\"https:\/\/retina.ch\/wp-content\/uploads\/2020\/09\/retina-auge-typo.svg\",\"width\":\"1024\",\"height\":\"1024\",\"caption\":\"Retina Suisse\"},\"image\":{\"@id\":\"https:\/\/retina.ch\/fr\/#\/schema\/logo\/image\/\"},\"sameAs\":[\"https:\/\/www.facebook.com\/retinasuisse\/\"]}]}<\/script>\n<!-- \/ Yoast SEO plugin. -->","yoast_head_json":{"title":"Les pollens se diss\u00e9minent \u00e0 nouveau\u00a0: comment soulager le gonflement des yeux\u00a0? &#8226; Retina Suisse","robots":{"index":"index","follow":"follow","max-snippet":"max-snippet:-1","max-image-preview":"max-image-preview:large","max-video-preview":"max-video-preview:-1"},"canonical":"https:\/\/retina.ch\/fr\/conseils\/les-pollens-se-disseminent-a-nouveau-comment-soulager-le-gonflement-des-yeux\/","og_locale":"fr_FR","og_type":"article","og_title":"Les pollens se diss\u00e9minent \u00e0 nouveau\u00a0: comment soulager le gonflement des yeux\u00a0? &#8226; Retina Suisse","og_description":"Les allergies au pollen sont en hausse \u00e0 l\u2019\u00e9chelle mondiale. En outre, la p\u00e9riode pollinique s\u2019allonge toujours plus, de sorte que les yeux sensibles sont plus longtemps en souffrance. Que peut-on faire\u00a0? Un expert donne des informations.","og_url":"https:\/\/retina.ch\/fr\/conseils\/les-pollens-se-disseminent-a-nouveau-comment-soulager-le-gonflement-des-yeux\/","og_site_name":"Retina Suisse","article_publisher":"https:\/\/www.facebook.com\/retinasuisse\/","article_modified_time":"2026-03-11T13:33:49+00:00","og_image":[{"width":960,"height":720,"url":"https:\/\/retina.ch\/wp-content\/uploads\/2025\/03\/Pollen-Allergie.jpg","type":"image\/jpeg"}],"twitter_card":"summary_large_image","twitter_misc":{"Dur\u00e9e de lecture estim\u00e9e":"5 minutes"},"schema":{"@context":"https:\/\/schema.org","@graph":[{"@type":"WebPage","@id":"https:\/\/retina.ch\/fr\/conseils\/les-pollens-se-disseminent-a-nouveau-comment-soulager-le-gonflement-des-yeux\/","url":"https:\/\/retina.ch\/fr\/conseils\/les-pollens-se-disseminent-a-nouveau-comment-soulager-le-gonflement-des-yeux\/","name":"Les pollens se diss\u00e9minent \u00e0 nouveau\u00a0: comment soulager le gonflement des yeux\u00a0? &#8226; Retina Suisse","isPartOf":{"@id":"https:\/\/retina.ch\/fr\/#website"},"primaryImageOfPage":{"@id":"https:\/\/retina.ch\/fr\/conseils\/les-pollens-se-disseminent-a-nouveau-comment-soulager-le-gonflement-des-yeux\/#primaryimage"},"image":{"@id":"https:\/\/retina.ch\/fr\/conseils\/les-pollens-se-disseminent-a-nouveau-comment-soulager-le-gonflement-des-yeux\/#primaryimage"},"thumbnailUrl":"https:\/\/retina.ch\/wp-content\/uploads\/2025\/03\/Pollen-Allergie.jpg","datePublished":"2025-03-25T16:51:51+00:00","dateModified":"2026-03-11T13:33:49+00:00","breadcrumb":{"@id":"https:\/\/retina.ch\/fr\/conseils\/les-pollens-se-disseminent-a-nouveau-comment-soulager-le-gonflement-des-yeux\/#breadcrumb"},"inLanguage":"fr-FR","potentialAction":[{"@type":"ReadAction","target":["https:\/\/retina.ch\/fr\/conseils\/les-pollens-se-disseminent-a-nouveau-comment-soulager-le-gonflement-des-yeux\/"]}]},{"@type":"ImageObject","inLanguage":"fr-FR","@id":"https:\/\/retina.ch\/fr\/conseils\/les-pollens-se-disseminent-a-nouveau-comment-soulager-le-gonflement-des-yeux\/#primaryimage","url":"https:\/\/retina.ch\/wp-content\/uploads\/2025\/03\/Pollen-Allergie.jpg","contentUrl":"https:\/\/retina.ch\/wp-content\/uploads\/2025\/03\/Pollen-Allergie.jpg","width":960,"height":720,"caption":"Junge Frau die wegen einer Pollen-Allergie in ein weisses Nasentuch niesst. Im Hintergrund befindet sich ein bl\u00fchender Strauch."},{"@type":"BreadcrumbList","@id":"https:\/\/retina.ch\/fr\/conseils\/les-pollens-se-disseminent-a-nouveau-comment-soulager-le-gonflement-des-yeux\/#breadcrumb","itemListElement":[{"@type":"ListItem","position":1,"name":"Retina Suisse","item":"https:\/\/retina.ch\/fr\/"},{"@type":"ListItem","position":2,"name":"Les pollens se diss\u00e9minent \u00e0 nouveau\u00a0: comment soulager le gonflement des yeux\u00a0?"}]},{"@type":"WebSite","@id":"https:\/\/retina.ch\/fr\/#website","url":"https:\/\/retina.ch\/fr\/","name":"Retina Suisse","description":"Retina Suisse ist die Vereinigung von Patientinnen und Patienten mit Retinitis pigmentosa (RP), Makuladegeneration, Usher-Syndrom und anderen Erkrankungen des Augenhintergrundes.","publisher":{"@id":"https:\/\/retina.ch\/fr\/#organization"},"potentialAction":[{"@type":"SearchAction","target":{"@type":"EntryPoint","urlTemplate":"https:\/\/retina.ch\/fr\/?s={search_term_string}"},"query-input":{"@type":"PropertyValueSpecification","valueRequired":true,"valueName":"search_term_string"}}],"inLanguage":"fr-FR"},{"@type":"Organization","@id":"https:\/\/retina.ch\/fr\/#organization","name":"Retina Suisse","url":"https:\/\/retina.ch\/fr\/","logo":{"@type":"ImageObject","inLanguage":"fr-FR","@id":"https:\/\/retina.ch\/fr\/#\/schema\/logo\/image\/","url":"https:\/\/retina.ch\/wp-content\/uploads\/2020\/09\/retina-auge-typo.svg","contentUrl":"https:\/\/retina.ch\/wp-content\/uploads\/2020\/09\/retina-auge-typo.svg","width":"1024","height":"1024","caption":"Retina Suisse"},"image":{"@id":"https:\/\/retina.ch\/fr\/#\/schema\/logo\/image\/"},"sameAs":["https:\/\/www.facebook.com\/retinasuisse\/"]}]}},"_links":{"self":[{"href":"https:\/\/retina.ch\/fr\/wp-json\/wp\/v2\/ratgeber\/21441","targetHints":{"allow":["GET"]}}],"collection":[{"href":"https:\/\/retina.ch\/fr\/wp-json\/wp\/v2\/ratgeber"}],"about":[{"href":"https:\/\/retina.ch\/fr\/wp-json\/wp\/v2\/types\/ratgeber"}],"version-history":[{"count":2,"href":"https:\/\/retina.ch\/fr\/wp-json\/wp\/v2\/ratgeber\/21441\/revisions"}],"predecessor-version":[{"id":26110,"href":"https:\/\/retina.ch\/fr\/wp-json\/wp\/v2\/ratgeber\/21441\/revisions\/26110"}],"wp:featuredmedia":[{"embeddable":true,"href":"https:\/\/retina.ch\/fr\/wp-json\/wp\/v2\/media\/21731"}],"wp:attachment":[{"href":"https:\/\/retina.ch\/fr\/wp-json\/wp\/v2\/media?parent=21441"}],"wp:term":[{"taxonomy":"category","embeddable":true,"href":"https:\/\/retina.ch\/fr\/wp-json\/wp\/v2\/categories?post=21441"}],"curies":[{"name":"wp","href":"https:\/\/api.w.org\/{rel}","templated":true}]}}