{"id":22359,"date":"2025-06-01T15:52:01","date_gmt":"2025-06-01T13:52:01","guid":{"rendered":"https:\/\/retina.ch\/?post_type=ratgeber&#038;p=22359"},"modified":"2026-03-11T12:58:34","modified_gmt":"2026-03-11T11:58:34","slug":"les-journees-de-paresse-sur-le-canape-appartiennent-desormais-au-passe-grace-aux-chiens-guides","status":"publish","type":"ratgeber","link":"https:\/\/retina.ch\/fr\/conseils\/les-journees-de-paresse-sur-le-canape-appartiennent-desormais-au-passe-grace-aux-chiens-guides\/","title":{"rendered":"Les journ\u00e9es de paresse sur le canap\u00e9 appartiennent d\u00e9sormais au pass\u00e9, gr\u00e2ce aux chiens-guides"},"content":{"rendered":"\n<p><strong>Les chiens d\u2019aveugle sont un \u00e9l\u00e9ment important de la vie quotidienne de certaines personnes malvoyantes. Deux membres de Retina Suisse parlent de leurs impressions et de leurs exp\u00e9riences.<\/strong><\/p>\n\n\n\n<p>Premi\u00e8re histoire<\/p>\n\n\n\n<h3 class=\"wp-block-heading\"><strong>Un chien a chang\u00e9 ma vie : ma premi\u00e8re ann\u00e9e avec India<\/strong><\/h3>\n\n\n\n<p>De Jeannine Sutter,&nbsp;<a href=\"mailto:jeannine.sutter@retina.ch\">jeannine.sutter@retina.ch<\/a>, membre du comit\u00e9 de Retina Suisse et membre de Retina Suisse Youth<\/p>\n\n\n\n<p>J\u2019avais depuis longtemps envie d\u2019avoir un animal \u00e0 quatre pattes \u00e0 mes c\u00f4t\u00e9s. Cependant, il m\u2019a fallu des ann\u00e9es avant de franchir enfin ce pas et d\u2019accueillir un chien guide d\u2019aveugles. Je n\u2019avais aucune exp\u00e9rience des chiens et je ne souhaitais pas prendre une telle responsabilit\u00e9 \u00e0 la l\u00e9g\u00e8re. En outre, je ne savais pas si mon mode de vie conviendrait \u00e0 un chien guide d\u2019aveugle, ni si je me sentirais \u00e0 l\u2019aise avec les boule\u00adversements que cela impliquerait dans le quotidien.<\/p>\n\n\n\n<p>Aujourd\u2019hui, ces r\u00e9flexions me semblent tr\u00e8s lointaines. India, ma chienne guide d\u2019aveugle, est arriv\u00e9e chez moi il y a pr\u00e8s d\u2019un an. Il est clair que ma vie a beaucoup chang\u00e9, et j\u2019aurais beaucoup \u00e0 relater sur le sujet. Mais, je vais m\u2019en tenir aux aspects les plus importants.<\/p>\n\n\n\n<h3 class=\"wp-block-heading\"><strong>Finies les journ\u00e9es de paresse sur le canap\u00e9<\/strong><\/h3>\n\n\n\n<p>En premier lieu, je veux mentionner mon emploi du temps. India doit sortir r\u00e9guli\u00e8rement dans la journ\u00e9e. Elle veut renifler, jouer et d\u00e9couvrir le monde. Cela implique donc une \u00e0 deux heures de promenade quotidienne. Finies les journ\u00e9es pluvieuses pass\u00e9es \u00e0 ne rien faire sur le canap\u00e9. Et si je ne me l\u00e8ve pas le matin pour pr\u00e9parer le petit-d\u00e9jeuner, elle vient me l\u00e9cher le visage pour me r\u00e9veiller. Nous aimons certes toutes deux nous promener de bon matin, mais gr\u00e2ce \u00e0 India, je suis beaucoup plus motiv\u00e9e.<\/p>\n\n\n\n<p>Au d\u00e9but, mon nouveau programme quotidien m\u2019a r\u00e9ellement chamboul\u00e9. J\u2019avais de la peine \u00e0 me d\u00e9tendre et regardais sans cesse l\u2019heure pour savoir quand aurait lieu la prochaine sortie. J\u2019\u00e9tais tr\u00e8s exigeante envers moi-m\u00eame, afin de r\u00e9pondre aux besoins de mon chien. Entretemps, tout est bien rod\u00e9 et mon stress s\u2019est envol\u00e9. Les promenades quotidiennes sont pour moi de pr\u00e9cieuses parenth\u00e8ses. Lors de ces sorties, je dois me concentrer sur India, et il n\u2019y a pas de place pour le travail, les probl\u00e8mes ou les choses \u00e0 r\u00e9gler.<\/p>\n\n\n\n<h3 class=\"wp-block-heading\"><strong>Presque deux fois plus rapide en promenade<\/strong><\/h3>\n\n\n\n<p>Autre grand bouleversement dans ma vie: ma mobilit\u00e9 en tant que personne malvoyante. J\u2019ai d\u00e9sormais \u00e0 mes c\u00f4t\u00e9s une assistante tr\u00e8s s\u00fbre d\u2019elle. Avec India aux commandes, je marche presque deux fois plus vite qu\u2019avant. Auparavant, dans les situations d\u00e9licates, comme \u00e0 la gare aux heures de pointe, j\u2019\u00e9tais souvent tendue ou irrit\u00e9e. Aujourd\u2019hui, je parviens davantage \u00e0 prendre du recul car je sais qu\u2019India nous dirige rapidement et en toute s\u00e9curit\u00e9.<\/p>\n\n\n\n<p>\u00c0 la fin de l\u2019automne, j\u2019ai v\u00e9cu une exp\u00e9rience particu\u00adli\u00e8re. La nuit tombait et j\u2019entendais les pneus des voi\u00adtures crisser sur le sol luisant. Mon dernier reste de vue m\u2019\u00e9tait de moins en moins utile et j\u2019ai d\u00fb me fier encore plus \u00e0 India qui me guidait. Une exp\u00e9rience importante pour notre relation, mais aussi pour la formation.<\/p>\n\n\n\n<p>Je me surprends aujourd\u2019hui encore \u00e0 trop aider India lorsqu\u2019elle me guide. Par exemple, en ralentissant la cadence lorsque je vois un obstacle arriver. Mais c\u2019est en fait sa mission de freiner devant les obstacles.<\/p>\n\n\n\n<h3 class=\"wp-block-heading\"><strong>Faire preuve de discipline lors de la formation donne confiance<\/strong><\/h3>\n\n\n\n<p>La formation commune et la patience qu\u2019elle n\u00e9cessite sont deux autres aspects qui ne sont pas \u00e9vients. Pour que le chien continue \u00e0 nous guider de mani\u00e8re pr\u00e9cise, il faut sans cesse exiger cette pr\u00e9cision. Par exemple, il faut par\u00adfois faire demi-tour et repasser au m\u00eame endroit si le chien ne s\u2019est pas arr\u00eat\u00e9 correctement au bord de la route.<\/p>\n\n\n\n<p>Pour India et moi, cela requiert une grande discipline. Nous sommes toutes les deux impatientes et nous pr\u00e9\u00adf\u00e9rerions \u00eatre d\u00e9j\u00e0 trois rues plus loin. La formation et la responsabilit\u00e9 qu\u2019implique un chien m\u2019ont cependant permis de renforcer ma confiance en moi. J\u2019ai l\u2019impression que l\u2019on me consid\u00e8re diff\u00e9remment en tant que personne malvoyante, car je suis d\u00e9sormais \u00e9galement propri\u00e9taire d\u2019un chien.<\/p>\n\n\n\n<h3 class=\"wp-block-heading\"><strong>Parler \u00e0 des inconnus<\/strong><\/h3>\n\n\n\n<p>L\u2019un des autres grands changements concerne les interactions sociales et l\u2019environnement. Je savais d\u00e9j\u00e0 qu\u2019avec un chien guide d\u2019aveugle, les gens te re\u00admarquent encore plus qu\u2019avec une canne blanche.<\/p>\n\n\n\n<p>Les gens posent beaucoup de questions et le chien est un moyen simple d\u2019engager la conversation. Person\u00adnellement, j\u2019aime bien converser avec des inconnus et je parle volontiers d\u2019India. Mais il y a aussi des moments o\u00f9 je pr\u00e9f\u00e8re parler de moi et de mon travail ou, apr\u00e8s une journ\u00e9e fatigante, ne pas parler du tout. Ce n\u2019est pas toujours facile de trouver le bon \u00e9quilibre.<\/p>\n\n\n\n<p>Ce qui m\u2019a marqu\u00e9e aussi, c\u2019est que je n\u2019avais gu\u00e8re nou\u00e9 de contacts dans mon quartier du Petit B\u00e2le ces cinq derni\u00e8res ann\u00e9es. Mais lorsqu\u2019India est arriv\u00e9e, j\u2019ai constat\u00e9 qu\u2019on me connaissait tr\u00e8s bien. En effet, beau\u00adcoup venaient me parler de ma nouvelle accompagna\u00adtrice. Apr\u00e8s quasiment une ann\u00e9e avec mon chien, j\u2019ai rencontr\u00e9 un grand nombre de Spersonnes ici dans le quartier, m\u00eame si je ne connais pas leurs noms \u2013 uni\u00adquement ceux de leurs chiens.<\/p>\n\n\n\n<p>Seconde histoire<\/p>\n\n\n\n<h3 class=\"wp-block-heading\"><strong>Une visite inoubliable \u00e0 l\u2019\u00e9cole de chiens d\u2019aveugles d\u2019Allschwil<\/strong><\/h3>\n\n\n\n<p>Par Fabian Supersaxo-d\u2019Agostino, responsable du groupe de parole Retina Suisse du Haut-Valais<\/p>\n\n\n\n<p>Le samedi 5&nbsp;avril&nbsp;2025, notre groupe de parole et d\u2019entraide a eu l\u2019occasion d\u2019effectuer une sortie bien particuli\u00e8re. En compagnie de six participantes et participants (cinq personnes du Haut-Valais et une du canton d\u2019Obwalden) et trois personnes accompagnantes, nous avons visit\u00e9 l\u2019\u00e9cole de chiens d\u2019aveugles d\u2019Allschwil, dans le canton de B\u00e2le-Campagne. Nous avons \u00e9t\u00e9 fort impressionn\u00e9s, mais aussi tr\u00e8s agr\u00e9ablement surpris parce que nous y avons d\u00e9couvert.<\/p>\n\n\n\n<p>D\u00e8s notre arriv\u00e9e, nous avons \u00e9t\u00e9 accueillis par Ronny Ramseier, responsable de la collecte de fonds et de la r\u00e9ception. Ronny et d\u2019autres membres du personnel de l\u2019\u00e9cole ont pris tout le temps n\u00e9cessaire pour nous donner un aper\u00e7u de la formation diverse et exigeante des diff\u00e9rents chiens guides d\u2019aveugles.<\/p>\n\n\n\n<h3 class=\"wp-block-heading\"><strong>Les chiens ont de la m\u00e9moire<\/strong><\/h3>\n\n\n\n<p>Au d\u00e9but de la visite, nous avons visionn\u00e9 un film. Les personnes non voyantes ont \u00e9galement pu le suivre gr\u00e2ce \u00e0 l\u2019audiodescription. Il s\u2019est av\u00e9r\u00e9 particuli\u00e8rement enrichissant de d\u00e9couvrir la relation intense qui se cr\u00e9e entre le chien et l\u2019\u00eatre humain \u2013 un lien marqu\u00e9 par la confiance, la patience et une sensibilit\u00e9 impressionnante aux besoins des personnes atteintes d\u2019un handicap visuel.<\/p>\n\n\n\n<p>Nous avons pu assister \u00e0 des entrainements et d\u00e9couvrir par nous-m\u00eames comment les chiens guident leurs futurs ma\u00eetres avec aisance et assurance \u00e0 travers les situations du quotidien. Nombre d\u2019entre nous ont \u00e9t\u00e9 tr\u00e8s touch\u00e9s par le professionnalisme et la bienveillance avec laquelle on travaille ici. Plusieurs personnes ont confi\u00e9 spontan\u00e9ment: \u00abJe n\u2019aurais jamais imagin\u00e9 que ces merveilleux chiens pouvaient avoir tant de comp\u00e9tences et de connaissances.\u00bb<\/p>\n\n\n\n<h3 class=\"wp-block-heading\"><strong>S\u00e9ance caresses avec les chiots<\/strong><\/h3>\n\n\n\n<p>L\u2019aspect informatif de la visite n\u2019a en rien occult\u00e9 l\u2019aspect personnel: lors d\u2019un \u00e9change agr\u00e9able durant lequel nous avons pu caresser les chiots et les regarder jouer, nous avons eu l\u2019opportunit\u00e9 de poser d\u2019autres questions \u00e0 Ronny, qui nous a r\u00e9pondu avec la gentillesse qui le caract\u00e9rise. Nous avons partag\u00e9 nos exp\u00e9riences et nou\u00e9 de nouveaux contacts. L\u2019excursion a non seulement \u00e9t\u00e9 riche en enseignements, mais a aussi renforc\u00e9 le sentiment de communaut\u00e9 au sein de notre groupe.<\/p>\n\n\n\n<p>Nous avons \u00e9galement eu de la chance avec la m\u00e9t\u00e9o, qui nous a permis de profiter des premi\u00e8res temp\u00e9ratures printani\u00e8res.<\/p>\n\n\n\n<p>Nous remercions chaleureusement l\u2019\u00e9cole de chiens d\u2019aveugles d\u2019Allschwil pour son ouverture, sa patience et son engagement g\u00e9n\u00e9reux. Merci en particulier \u00e0 Nadine Burla, Ronny Ramseier et Ugo Sprecher. Nous ne pouvons que recommander la visite de cette institution impressionnante.<\/p>\n\n\n\n<p><a href=\"https:\/\/retina.ch\/agenda\/regionaltreffen-deutschschweiz-besuch-der-schule-fuer-blindenfuehrhunde-allschwil\/\">Note concernant l\u2019agenda:<\/a><a href=\"https:\/\/retina.ch\/agenda\/regionaltreffen-deutschschweiz-besuch-der-schule-fuer-blindenfuehrhunde-allschwil\/\">&nbsp;rencontre r\u00e9gionale de Suisse al\u00e9manique \u2013 visite de l\u2019\u00e9cole de chiens d\u2019aveugles d\u2019Allschwil<\/a><\/p>\n","protected":false},"excerpt":{"rendered":"<p>Les chiens d\u2019aveugle sont un \u00e9l\u00e9ment important de la vie quotidienne de certaines personnes malvoyantes. Deux membres de Retina Suisse parlent de leurs impressions et de leurs exp\u00e9riences.<\/p>\n","protected":false},"featured_media":22432,"template":"","meta":{"_acf_changed":false,"inline_featured_image":false,"_FSMCFIC_featured_image_caption":"","_FSMCFIC_featured_image_nocaption":"","_FSMCFIC_featured_image_hide":"","footnotes":"","_links_to":"","_links_to_target":""},"categories":[140],"class_list":["post-22359","ratgeber","type-ratgeber","status-publish","has-post-thumbnail","hentry","category-conseils"],"acf":[],"yoast_head":"<!-- This site is optimized with the Yoast SEO plugin v27.1.1 - https:\/\/yoast.com\/product\/yoast-seo-wordpress\/ -->\n<title>Les journ\u00e9es de paresse sur le canap\u00e9 appartiennent d\u00e9sormais au pass\u00e9, gr\u00e2ce aux chiens-guides &#8226; Retina Suisse<\/title>\n<meta name=\"robots\" content=\"index, follow, max-snippet:-1, max-image-preview:large, max-video-preview:-1\" \/>\n<link rel=\"canonical\" href=\"https:\/\/retina.ch\/fr\/conseils\/les-journees-de-paresse-sur-le-canape-appartiennent-desormais-au-passe-grace-aux-chiens-guides\/\" \/>\n<meta property=\"og:locale\" content=\"fr_FR\" \/>\n<meta property=\"og:type\" content=\"article\" \/>\n<meta property=\"og:title\" content=\"Les journ\u00e9es de paresse sur le canap\u00e9 appartiennent d\u00e9sormais au pass\u00e9, gr\u00e2ce aux chiens-guides &#8226; Retina Suisse\" \/>\n<meta property=\"og:description\" content=\"Les chiens d\u2019aveugle sont un \u00e9l\u00e9ment important de la vie quotidienne de certaines personnes malvoyantes. Deux membres de Retina Suisse parlent de leurs impressions et de leurs exp\u00e9riences.\" \/>\n<meta property=\"og:url\" content=\"https:\/\/retina.ch\/fr\/conseils\/les-journees-de-paresse-sur-le-canape-appartiennent-desormais-au-passe-grace-aux-chiens-guides\/\" \/>\n<meta property=\"og:site_name\" content=\"Retina Suisse\" \/>\n<meta property=\"article:publisher\" content=\"https:\/\/www.facebook.com\/retinasuisse\/\" \/>\n<meta property=\"article:modified_time\" content=\"2026-03-11T11:58:34+00:00\" \/>\n<meta property=\"og:image\" content=\"https:\/\/retina.ch\/wp-content\/uploads\/2025\/06\/Unterwegs-auf-der-Via-Rhenana-Jeannine-mit-India-scaled-e1749026477780.jpg\" \/>\n\t<meta property=\"og:image:width\" content=\"1916\" \/>\n\t<meta property=\"og:image:height\" content=\"2560\" \/>\n\t<meta property=\"og:image:type\" content=\"image\/jpeg\" \/>\n<meta name=\"twitter:card\" content=\"summary_large_image\" \/>\n<meta name=\"twitter:label1\" content=\"Dur\u00e9e de lecture estim\u00e9e\" \/>\n\t<meta name=\"twitter:data1\" content=\"8 minutes\" \/>\n<script type=\"application\/ld+json\" class=\"yoast-schema-graph\">{\"@context\":\"https:\/\/schema.org\",\"@graph\":[{\"@type\":\"WebPage\",\"@id\":\"https:\/\/retina.ch\/fr\/conseils\/les-journees-de-paresse-sur-le-canape-appartiennent-desormais-au-passe-grace-aux-chiens-guides\/\",\"url\":\"https:\/\/retina.ch\/fr\/conseils\/les-journees-de-paresse-sur-le-canape-appartiennent-desormais-au-passe-grace-aux-chiens-guides\/\",\"name\":\"Les journ\u00e9es de paresse sur le canap\u00e9 appartiennent d\u00e9sormais au pass\u00e9, gr\u00e2ce aux chiens-guides &#8226; Retina Suisse\",\"isPartOf\":{\"@id\":\"https:\/\/retina.ch\/fr\/#website\"},\"primaryImageOfPage\":{\"@id\":\"https:\/\/retina.ch\/fr\/conseils\/les-journees-de-paresse-sur-le-canape-appartiennent-desormais-au-passe-grace-aux-chiens-guides\/#primaryimage\"},\"image\":{\"@id\":\"https:\/\/retina.ch\/fr\/conseils\/les-journees-de-paresse-sur-le-canape-appartiennent-desormais-au-passe-grace-aux-chiens-guides\/#primaryimage\"},\"thumbnailUrl\":\"https:\/\/retina.ch\/wp-content\/uploads\/2025\/06\/Unterwegs-auf-der-Via-Rhenana-Jeannine-mit-India-scaled-e1749026477780.jpg\",\"datePublished\":\"2025-06-01T13:52:01+00:00\",\"dateModified\":\"2026-03-11T11:58:34+00:00\",\"breadcrumb\":{\"@id\":\"https:\/\/retina.ch\/fr\/conseils\/les-journees-de-paresse-sur-le-canape-appartiennent-desormais-au-passe-grace-aux-chiens-guides\/#breadcrumb\"},\"inLanguage\":\"fr-FR\",\"potentialAction\":[{\"@type\":\"ReadAction\",\"target\":[\"https:\/\/retina.ch\/fr\/conseils\/les-journees-de-paresse-sur-le-canape-appartiennent-desormais-au-passe-grace-aux-chiens-guides\/\"]}]},{\"@type\":\"ImageObject\",\"inLanguage\":\"fr-FR\",\"@id\":\"https:\/\/retina.ch\/fr\/conseils\/les-journees-de-paresse-sur-le-canape-appartiennent-desormais-au-passe-grace-aux-chiens-guides\/#primaryimage\",\"url\":\"https:\/\/retina.ch\/wp-content\/uploads\/2025\/06\/Unterwegs-auf-der-Via-Rhenana-Jeannine-mit-India-scaled-e1749026477780.jpg\",\"contentUrl\":\"https:\/\/retina.ch\/wp-content\/uploads\/2025\/06\/Unterwegs-auf-der-Via-Rhenana-Jeannine-mit-India-scaled-e1749026477780.jpg\",\"width\":1916,\"height\":2560,\"caption\":\"Jeannine Sutter, Vorstandsmitglied von Retina Suisse, draussen mit ihrem F\u00fchrhund India.\"},{\"@type\":\"BreadcrumbList\",\"@id\":\"https:\/\/retina.ch\/fr\/conseils\/les-journees-de-paresse-sur-le-canape-appartiennent-desormais-au-passe-grace-aux-chiens-guides\/#breadcrumb\",\"itemListElement\":[{\"@type\":\"ListItem\",\"position\":1,\"name\":\"Retina Suisse\",\"item\":\"https:\/\/retina.ch\/fr\/\"},{\"@type\":\"ListItem\",\"position\":2,\"name\":\"Les journ\u00e9es de paresse sur le canap\u00e9 appartiennent d\u00e9sormais au pass\u00e9, gr\u00e2ce aux chiens-guides\"}]},{\"@type\":\"WebSite\",\"@id\":\"https:\/\/retina.ch\/fr\/#website\",\"url\":\"https:\/\/retina.ch\/fr\/\",\"name\":\"Retina Suisse\",\"description\":\"Retina Suisse ist die Vereinigung von Patientinnen und Patienten mit Retinitis pigmentosa (RP), Makuladegeneration, Usher-Syndrom und anderen Erkrankungen des Augenhintergrundes.\",\"publisher\":{\"@id\":\"https:\/\/retina.ch\/fr\/#organization\"},\"potentialAction\":[{\"@type\":\"SearchAction\",\"target\":{\"@type\":\"EntryPoint\",\"urlTemplate\":\"https:\/\/retina.ch\/fr\/?s={search_term_string}\"},\"query-input\":{\"@type\":\"PropertyValueSpecification\",\"valueRequired\":true,\"valueName\":\"search_term_string\"}}],\"inLanguage\":\"fr-FR\"},{\"@type\":\"Organization\",\"@id\":\"https:\/\/retina.ch\/fr\/#organization\",\"name\":\"Retina Suisse\",\"url\":\"https:\/\/retina.ch\/fr\/\",\"logo\":{\"@type\":\"ImageObject\",\"inLanguage\":\"fr-FR\",\"@id\":\"https:\/\/retina.ch\/fr\/#\/schema\/logo\/image\/\",\"url\":\"https:\/\/retina.ch\/wp-content\/uploads\/2020\/09\/retina-auge-typo.svg\",\"contentUrl\":\"https:\/\/retina.ch\/wp-content\/uploads\/2020\/09\/retina-auge-typo.svg\",\"width\":\"1024\",\"height\":\"1024\",\"caption\":\"Retina Suisse\"},\"image\":{\"@id\":\"https:\/\/retina.ch\/fr\/#\/schema\/logo\/image\/\"},\"sameAs\":[\"https:\/\/www.facebook.com\/retinasuisse\/\"]}]}<\/script>\n<!-- \/ Yoast SEO plugin. -->","yoast_head_json":{"title":"Les journ\u00e9es de paresse sur le canap\u00e9 appartiennent d\u00e9sormais au pass\u00e9, gr\u00e2ce aux chiens-guides &#8226; Retina Suisse","robots":{"index":"index","follow":"follow","max-snippet":"max-snippet:-1","max-image-preview":"max-image-preview:large","max-video-preview":"max-video-preview:-1"},"canonical":"https:\/\/retina.ch\/fr\/conseils\/les-journees-de-paresse-sur-le-canape-appartiennent-desormais-au-passe-grace-aux-chiens-guides\/","og_locale":"fr_FR","og_type":"article","og_title":"Les journ\u00e9es de paresse sur le canap\u00e9 appartiennent d\u00e9sormais au pass\u00e9, gr\u00e2ce aux chiens-guides &#8226; Retina Suisse","og_description":"Les chiens d\u2019aveugle sont un \u00e9l\u00e9ment important de la vie quotidienne de certaines personnes malvoyantes. Deux membres de Retina Suisse parlent de leurs impressions et de leurs exp\u00e9riences.","og_url":"https:\/\/retina.ch\/fr\/conseils\/les-journees-de-paresse-sur-le-canape-appartiennent-desormais-au-passe-grace-aux-chiens-guides\/","og_site_name":"Retina Suisse","article_publisher":"https:\/\/www.facebook.com\/retinasuisse\/","article_modified_time":"2026-03-11T11:58:34+00:00","og_image":[{"width":1916,"height":2560,"url":"https:\/\/retina.ch\/wp-content\/uploads\/2025\/06\/Unterwegs-auf-der-Via-Rhenana-Jeannine-mit-India-scaled-e1749026477780.jpg","type":"image\/jpeg"}],"twitter_card":"summary_large_image","twitter_misc":{"Dur\u00e9e de lecture estim\u00e9e":"8 minutes"},"schema":{"@context":"https:\/\/schema.org","@graph":[{"@type":"WebPage","@id":"https:\/\/retina.ch\/fr\/conseils\/les-journees-de-paresse-sur-le-canape-appartiennent-desormais-au-passe-grace-aux-chiens-guides\/","url":"https:\/\/retina.ch\/fr\/conseils\/les-journees-de-paresse-sur-le-canape-appartiennent-desormais-au-passe-grace-aux-chiens-guides\/","name":"Les journ\u00e9es de paresse sur le canap\u00e9 appartiennent d\u00e9sormais au pass\u00e9, gr\u00e2ce aux chiens-guides &#8226; Retina Suisse","isPartOf":{"@id":"https:\/\/retina.ch\/fr\/#website"},"primaryImageOfPage":{"@id":"https:\/\/retina.ch\/fr\/conseils\/les-journees-de-paresse-sur-le-canape-appartiennent-desormais-au-passe-grace-aux-chiens-guides\/#primaryimage"},"image":{"@id":"https:\/\/retina.ch\/fr\/conseils\/les-journees-de-paresse-sur-le-canape-appartiennent-desormais-au-passe-grace-aux-chiens-guides\/#primaryimage"},"thumbnailUrl":"https:\/\/retina.ch\/wp-content\/uploads\/2025\/06\/Unterwegs-auf-der-Via-Rhenana-Jeannine-mit-India-scaled-e1749026477780.jpg","datePublished":"2025-06-01T13:52:01+00:00","dateModified":"2026-03-11T11:58:34+00:00","breadcrumb":{"@id":"https:\/\/retina.ch\/fr\/conseils\/les-journees-de-paresse-sur-le-canape-appartiennent-desormais-au-passe-grace-aux-chiens-guides\/#breadcrumb"},"inLanguage":"fr-FR","potentialAction":[{"@type":"ReadAction","target":["https:\/\/retina.ch\/fr\/conseils\/les-journees-de-paresse-sur-le-canape-appartiennent-desormais-au-passe-grace-aux-chiens-guides\/"]}]},{"@type":"ImageObject","inLanguage":"fr-FR","@id":"https:\/\/retina.ch\/fr\/conseils\/les-journees-de-paresse-sur-le-canape-appartiennent-desormais-au-passe-grace-aux-chiens-guides\/#primaryimage","url":"https:\/\/retina.ch\/wp-content\/uploads\/2025\/06\/Unterwegs-auf-der-Via-Rhenana-Jeannine-mit-India-scaled-e1749026477780.jpg","contentUrl":"https:\/\/retina.ch\/wp-content\/uploads\/2025\/06\/Unterwegs-auf-der-Via-Rhenana-Jeannine-mit-India-scaled-e1749026477780.jpg","width":1916,"height":2560,"caption":"Jeannine Sutter, Vorstandsmitglied von Retina Suisse, draussen mit ihrem F\u00fchrhund India."},{"@type":"BreadcrumbList","@id":"https:\/\/retina.ch\/fr\/conseils\/les-journees-de-paresse-sur-le-canape-appartiennent-desormais-au-passe-grace-aux-chiens-guides\/#breadcrumb","itemListElement":[{"@type":"ListItem","position":1,"name":"Retina Suisse","item":"https:\/\/retina.ch\/fr\/"},{"@type":"ListItem","position":2,"name":"Les journ\u00e9es de paresse sur le canap\u00e9 appartiennent d\u00e9sormais au pass\u00e9, gr\u00e2ce aux chiens-guides"}]},{"@type":"WebSite","@id":"https:\/\/retina.ch\/fr\/#website","url":"https:\/\/retina.ch\/fr\/","name":"Retina Suisse","description":"Retina Suisse ist die Vereinigung von Patientinnen und Patienten mit Retinitis pigmentosa (RP), Makuladegeneration, Usher-Syndrom und anderen Erkrankungen des Augenhintergrundes.","publisher":{"@id":"https:\/\/retina.ch\/fr\/#organization"},"potentialAction":[{"@type":"SearchAction","target":{"@type":"EntryPoint","urlTemplate":"https:\/\/retina.ch\/fr\/?s={search_term_string}"},"query-input":{"@type":"PropertyValueSpecification","valueRequired":true,"valueName":"search_term_string"}}],"inLanguage":"fr-FR"},{"@type":"Organization","@id":"https:\/\/retina.ch\/fr\/#organization","name":"Retina Suisse","url":"https:\/\/retina.ch\/fr\/","logo":{"@type":"ImageObject","inLanguage":"fr-FR","@id":"https:\/\/retina.ch\/fr\/#\/schema\/logo\/image\/","url":"https:\/\/retina.ch\/wp-content\/uploads\/2020\/09\/retina-auge-typo.svg","contentUrl":"https:\/\/retina.ch\/wp-content\/uploads\/2020\/09\/retina-auge-typo.svg","width":"1024","height":"1024","caption":"Retina Suisse"},"image":{"@id":"https:\/\/retina.ch\/fr\/#\/schema\/logo\/image\/"},"sameAs":["https:\/\/www.facebook.com\/retinasuisse\/"]}]}},"_links":{"self":[{"href":"https:\/\/retina.ch\/fr\/wp-json\/wp\/v2\/ratgeber\/22359","targetHints":{"allow":["GET"]}}],"collection":[{"href":"https:\/\/retina.ch\/fr\/wp-json\/wp\/v2\/ratgeber"}],"about":[{"href":"https:\/\/retina.ch\/fr\/wp-json\/wp\/v2\/types\/ratgeber"}],"version-history":[{"count":5,"href":"https:\/\/retina.ch\/fr\/wp-json\/wp\/v2\/ratgeber\/22359\/revisions"}],"predecessor-version":[{"id":26067,"href":"https:\/\/retina.ch\/fr\/wp-json\/wp\/v2\/ratgeber\/22359\/revisions\/26067"}],"wp:featuredmedia":[{"embeddable":true,"href":"https:\/\/retina.ch\/fr\/wp-json\/wp\/v2\/media\/22432"}],"wp:attachment":[{"href":"https:\/\/retina.ch\/fr\/wp-json\/wp\/v2\/media?parent=22359"}],"wp:term":[{"taxonomy":"category","embeddable":true,"href":"https:\/\/retina.ch\/fr\/wp-json\/wp\/v2\/categories?post=22359"}],"curies":[{"name":"wp","href":"https:\/\/api.w.org\/{rel}","templated":true}]}}