{"id":24404,"date":"2025-11-10T14:19:49","date_gmt":"2025-11-10T13:19:49","guid":{"rendered":"https:\/\/retina.ch\/?post_type=ratgeber&#038;p=24404"},"modified":"2025-11-26T14:36:11","modified_gmt":"2025-11-26T13:36:11","slug":"le-syndrome-de-usher-peut-aussi-saccompagner-de-troubles-du-sommeil","status":"publish","type":"ratgeber","link":"https:\/\/retina.ch\/fr\/conseils\/le-syndrome-de-usher-peut-aussi-saccompagner-de-troubles-du-sommeil\/","title":{"rendered":"Le syndrome de Usher peut aussi s\u2019accompagner de troubles du sommeil"},"content":{"rendered":"\n<p><strong>Le syndrome de Usher touche les personnes malentendantes de naissance qui pr\u00e9sentent \u00e9galement une d\u00e9g\u00e9n\u00e9rescence r\u00e9tinienne. Une \u00e9tude n\u00e9erlandaise portant sur le syndrome de Usher de type\u00a02a a d\u00e9sormais d\u00e9montr\u00e9 que l\u2019insomnie peut y \u00eatre associ\u00e9e.<\/strong><\/p>\n\n\n\n<p><strong>Nous publions \u00e9galement ici un appel \u00e0 participation \u00e0 une \u00e9tude sur le syndrome de Usher de l\u2019h\u00f4pital universitaire de Zurich.<\/strong><strong><\/strong><\/p>\n\n\n\n<p>Peter Jankovsky, Communication Retina Suisse, <a href=\"mailto:peter.jankovsky@retina.ch\" target=\"_blank\" rel=\"noreferrer noopener\">peter.jankovsky@retina.ch<\/a><\/p>\n\n\n\n<p>Le syndrome de Usher d\u00e9signe une maladie g\u00e9n\u00e9tique qui affecte l\u2019ou\u00efe et la vue. Les personnes en souffrant entendent mal, g\u00e9n\u00e9ralement d\u00e8s la naissance. De plus, leur vision diminue au fil du temps, dans la plupart des cas d\u00e8s la premi\u00e8re ou la deuxi\u00e8me d\u00e9cennie de leur vie. L\u2019alt\u00e9ration de la r\u00e9tine correspondante est d\u00e9finie du point de vue m\u00e9dical par le terme de r\u00e9tinite pigmentaire (RP).<\/p>\n\n\n\n<p>Une autre complication de sant\u00e9 peut s\u2019y ajouter. Une \u00e9tude de cas t\u00e9moin du Radboud University Medical Center de la ville n\u00e9erlandaise de Nim\u00e8gue publi\u00e9e fin 2024 avait un objectif particulier\u00a0: elle devait sensibiliser aux troubles du sommeil en tant qu\u2019affection concomitante du syndrome de Usher de type\u00a02a. Cette forme du syndrome est due au g\u00e8ne USH2A et le fonctionnement sans restriction de l\u2019organe de l\u2019\u00e9quilibre situ\u00e9 dans l\u2019oreille interne est la symptomatologie qui la caract\u00e9rise.<\/p>\n\n\n\n<p><strong>\u00ab&nbsp;L\u2019horloge interne&nbsp;\u00bb est d\u00e9terminante<\/strong><strong><\/strong><\/p>\n\n\n\n<p>Quinze patientes et patients, dont la maladie de Usher de type\u00a02a a \u00e9t\u00e9 confirm\u00e9e par un test diagnostique g\u00e9n\u00e9tique, ont particip\u00e9 \u00e0 l\u2019\u00e9tude de cas t\u00e9moin n\u00e9erlandaise r\u00e9alis\u00e9e sous la direction de la Dre Jessie M. Hendricks. Quinze autres personnes non atteintes de la maladie sont venues les rejoindre.<\/p>\n\n\n\n<p>Les deux groupes ont \u00e9t\u00e9 soumis pendant une p\u00e9riode de deux semaines \u00e0 des \u00e9valuations approfondies de leur sommeil et de leur activit\u00e9. \u00c0 cet effet, l\u2019actim\u00e8tre MotionWatch 8 et un journal du sommeil consensuel ont \u00e9t\u00e9 utilis\u00e9s. Divers crit\u00e8res d\u2019\u00e9valuation ont \u00e9t\u00e9 analys\u00e9s lors des examens\u00a0: la fen\u00eatre de sommeil (moment o\u00f9 la fatigue physique se fait ressentir et l\u2019endormissement ne devrait pas tarder), la latence du sommeil (le temps n\u00e9cessaire pour s\u2019endormir apr\u00e8s avoir \u00e9teint la lumi\u00e8re, en moyenne de 10 \u00e0 20\u00a0minutes), l\u2019efficacit\u00e9 du sommeil et la qualit\u00e9 du sommeil rapport\u00e9e par les participants de l\u2019\u00e9tude.<\/p>\n\n\n\n<p>Le rythme circadien a \u00e9t\u00e9 \u00e9galement \u00e9valu\u00e9. Il s\u2019agit d\u2019un processus biologique d\u2019environ 24\u00a0heures synchronisant le cycle sommeil-\u00e9veil, la temp\u00e9rature du corps, les s\u00e9cr\u00e9tions hormonales et autres fonctions de l\u2019organisme et qui est affect\u00e9 par des facteurs externes tels que la lumi\u00e8re et l\u2019obscurit\u00e9. L\u2019\u00ab\u00a0horloge interne\u00a0\u00bb situ\u00e9e dans le cerveau, plus pr\u00e9cis\u00e9ment l\u2019hypothalamus, contr\u00f4le ce rythme qui est d\u00e9cisif pour le fonctionnement sain de l\u2019organisme.<\/p>\n\n\n\n<p>L\u2019\u00e9valuation a \u00e9t\u00e9 effectu\u00e9e au moyen d\u2019une analyse non param\u00e9trique du rythme circadien. En compl\u00e9ment, des analyses de r\u00e9gression, qui avaient pour objectif d\u2019\u00e9tudier les effets potentiels entre les param\u00e8tres du sommeil, les donn\u00e9es d\u00e9mographiques des patients et l\u2019\u00e9volution de la maladie, ont \u00e9t\u00e9 r\u00e9alis\u00e9es.<\/p>\n\n\n\n<p><strong>Qu\u2019en est-il de la mauvaise qualit\u00e9 du sommeil chez les personnes souffrant du syndrome de Usher de type 2a&nbsp;?<\/strong><strong><\/strong><\/p>\n\n\n\n<p>L\u2019\u00e9tude constate que les patientes et les patients souffrant du syndrome de Usher de type\u00a02a pr\u00e9sentaient en comparaison avec le groupe t\u00e9moin une latence du sommeil significativement plus longue et rapportaient une moins bonne qualit\u00e9 du sommeil et du repos. En outre, la variabilit\u00e9 quotidienne de l\u2019efficacit\u00e9 du sommeil et de la latence du sommeil \u00e9tait significativement plus \u00e9lev\u00e9e dans le groupe des personnes atteintes.<\/p>\n\n\n\n<p>L\u2019analyse non param\u00e9trique du rythme circadien n\u2019a r\u00e9v\u00e9l\u00e9, en revanche, aucune diff\u00e9rence significative. Les analyses de r\u00e9gression ont, par ailleurs, d\u00e9montr\u00e9 que le nombre de personnes touch\u00e9es par le syndrome de Usher de type\u00a02a et souffrant \u00e9galement de troubles du sommeil n\u2019est probablement pas si faible.<\/p>\n\n\n\n<p><strong>Les troubles du sommeil devraient \u00eatre reconnus comme un sympt\u00f4me du syndrome de Usher de type&nbsp;2a<\/strong><strong><\/strong><\/p>\n\n\n\n<p>De plus, aucun lien clair entre la s\u00e9v\u00e9rit\u00e9 du handicap visuel et les param\u00e8tres du sommeil n\u2019a \u00e9t\u00e9 constat\u00e9. Ceci indique que les effets n\u00e9gatifs du syndrome de Usher de type\u00a02a sur le sommeil se manifestent ind\u00e9pendamment de la d\u00e9ficience visuelle progressive.<\/p>\n\n\n\n<p>Ces r\u00e9sultats sugg\u00e8rent les conclusions suivantes\u00a0: les patientes et patients atteints du syndrome de Usher de type\u00a02a pr\u00e9sentent, certes, un rythme circadien du sommeil et de l\u2019\u00e9veil intact, mais ils souffrent de troubles du sommeil dont les raisons ne sont vraisemblablement pas li\u00e9es \u00e0 leur alt\u00e9ration visuelle \u00e9volutive.<\/p>\n\n\n\n<p>Les troubles du sommeil \u00e9tant un facteur de risque pour la sant\u00e9 physique et psychique, l\u2019\u00e9quipe de recherche responsable de l\u2019\u00e9tude plaide en faveur d\u2019une reconnaissance des troubles de sommeil comme sympt\u00f4me caract\u00e9ristique du syndrome de Usher de type\u00a02a. Ceci justifierait alors une recherche cibl\u00e9e des interventions th\u00e9rapeutiques potentielles.<\/p>\n\n\n\n<p><strong>Un enfant sur dix pr\u00e9sentant un trouble auditif cong\u00e9nital est atteint du syndrome de Usher<\/strong><strong><\/strong><\/p>\n\n\n\n<p>En Suisse, pr\u00e8s de 350\u00a0personnes vivent avec un syndrome de Usher. On estime qu\u2019environ un enfant sur dix souffrant d\u2019une surdit\u00e9 ou d\u2019une d\u00e9ficience auditive cong\u00e9nitale s\u00e9v\u00e8re est atteint du syndrome de Usher. Des tests g\u00e9n\u00e9tiques permettent dans ce contexte de d\u00e9terminer tr\u00e8s t\u00f4t si le handicap auditif appara\u00eet seul, comme ceci est le plus souvent le cas, ou s\u2019il faut s\u2019attendre \u00e0 un handicap visuel associ\u00e9 dans le futur.<\/p>\n\n\n\n<p>La cause du syndrome de Usher est essentiellement une modification des cils, \u00e0 savoir de fins prolongements cellulaires. Les cils sont pr\u00e9sents sur presque toutes les cellules humaines. Ils jouent un r\u00f4le important dans la r\u00e9ception des signaux environnementaux transmis \u00e0 l\u2019organisme. Dans le cas du syndrome de Usher, les cils de l\u2019oreille interne et de la r\u00e9tine ne fonctionnent pas correctement. (Article r\u00e9sum\u00e9 et r\u00e9dig\u00e9 par PJ\u00a0; pour la source\u00a0: voir ci-dessous).<\/p>\n\n\n\n<p><strong>Les types de handicaps visuels et auditifs<\/strong><strong><\/strong><\/p>\n\n\n\n<p>Un handicap visuel et auditif peut avoir de nombreuses origines. Outre la pr\u00e9disposition g\u00e9n\u00e9tique, il y a d\u2019autres facteurs tels que des complications \u00e0 la naissance, des modifications dues \u00e0 l\u2019\u00e2ge ainsi que des accidents ou des maladies qui surviennent plus tard dans la vie. Le syndrome de Usher se manifeste de trois mani\u00e8res\u00a0:<\/p>\n\n\n\n<p>&#8211; Le type 1 est sourd \u00e0 la naissance, le type 2 est handicap\u00e9 de l\u2019ou\u00efe \u00e0 la naissance. Les deux types d\u00e9veloppent une r\u00e9tinite pigmentaire (RP) durant l\u2019adolescence.<\/p>\n\n\n\n<p>&#8211; Le type 3 d\u00e9veloppe d\u00e9j\u00e0 durant l\u2019enfance un handicap visuel et auditif progressif. En raison de cette manifestation pr\u00e9coce, il convient de proc\u00e9der dans tous les cas \u00e0 des analyses de g\u00e9n\u00e9tique mol\u00e9culaire. (Novembre\u00a02025)<\/p>\n\n\n\n<hr class=\"wp-block-separator has-alpha-channel-opacity\"\/>\n\n\n\n<p class=\"has-medium-font-size\"><strong>APPEL \u00c0 PATIENTS ATTEINTS DU SYNODROME DE USHER<\/strong><strong><\/strong><\/p>\n\n\n\n<p><strong>Mal entendre et en plus mal voir&nbsp;? Un appel de l\u2019h\u00f4pital universitaire de Zurich<\/strong><strong><\/strong><\/p>\n\n\n\n<p>Probl\u00e8mes de vision et d\u2019audition\u00a0? Lorsque ces deux troubles sont associ\u00e9s, il s\u2019agit probablement du syndrome de Usher.<\/p>\n\n\n\n<p>Le syndrome de Usher est une maladie h\u00e9r\u00e9ditaire qui affecte l\u2019ou\u00efe et la vue. Les personnes en souffrant entendent mal, g\u00e9n\u00e9ralement d\u00e8s la naissance. De plus, leur vision diminue au fil du temps en raison d\u2019une d\u00e9g\u00e9n\u00e9rescence de la r\u00e9tine.<\/p>\n\n\n\n<p>En Suisse, on suppose que quelque 350\u00a0personnes vivent avec un syndrome de Usher. On estime qu\u2019environ un enfant sur dix souffrant d\u2019une surdit\u00e9 ou d\u2019une d\u00e9ficience auditive cong\u00e9nitale s\u00e9v\u00e8re est atteint de ce syndrome.<\/p>\n\n\n\n<p>Une personne de votre entourage est-elle touch\u00e9e ou peut-\u00eatre vous-m\u00eame\u00a0? Peut-\u00eatre m\u00eame sans en avoir la certitude\u00a0?<\/p>\n\n\n\n<p>La clinique ophtalmologique de l\u2019h\u00f4pital universitaire de Zurich, sous la direction de la professeure Christina Gerth-Kahlert, souhaite en savoir plus sur la pr\u00e9valence et les bases g\u00e9n\u00e9tiques du syndrome de Usher en Suisse.<\/p>\n\n\n\n<p><strong>C\u2019est la raison pour laquelle elle lance un appel \u00e0 participation \u00e0 une \u00e9tude correspondante men\u00e9e par l\u2019h\u00f4pital universitaire de Zurich.<\/strong>\u00a0Toutes les personnes qui disposent d\u2019un diagnostic clinique ou g\u00e9n\u00e9tique confirmant le syndrome de Usher sont les bienvenues. Aucun examen n\u2019est n\u00e9cessaire, les r\u00e9sultats disponibles seront simplement r\u00e9unis.<\/p>\n\n\n\n<p><strong><a href=\"https:\/\/retina.ch\/wp-content\/uploads\/2025\/11\/Epidemiologie-Usher-USZ-Flyer_deutsch.pdf\" target=\"_blank\" rel=\"noreferrer noopener\">Vous trouverez plus d\u2019informations concernant l\u2019\u00e9tude dans le d\u00e9pliant ici<\/a>.<\/strong><strong><\/strong><\/p>\n\n\n\n<hr class=\"wp-block-separator has-alpha-channel-opacity\"\/>\n\n\n\n<p>Sources de l\u2019article sur le syndrome de Usher et le sommeil\u00a0:<\/p>\n\n\n\n<p><a href=\"https:\/\/onlinelibrary.wiley.com\/doi\/10.1111\/jsr.14456\" target=\"_blank\" rel=\"noreferrer noopener\">Actigraphy-based assessment of circadian rhythmicity and sleep in patients with Usher syndrome type 2a: A case-control study. 24. J Sleep Res. 2025 Aug;34(4):e14456. doi: 10.1111\/jsr.14456. Epub 2024 Dec 30.<\/a>;\u00a0<a href=\"https:\/\/retina.ch\/fr\/degenerescences-retiniennes\/syndrome-dusher\/\" target=\"_blank\" rel=\"noreferrer noopener\">Retina Suisse \u2013 Usher<\/a>;\u00a0<a href=\"https:\/\/www.orpha.net\/de\/disease\/detail\/886#:~:text=Eine%20seltene%20Ziliopathie%2C%20die%20durch,zu%20einer%20vestibul%C3%A4ren%20Dysfunktion%20f%C3%BChrt.\" target=\"_blank\" rel=\"noreferrer noopener\">Orpha.net \u2013 Usher, Ziliopathie<\/a>;\u00a0<a href=\"https:\/\/eurofins-clinical.de\/humangenetik\/fachbereiche\/hoerstoerungen#:~:text=Es%20gibt%20mehrere%20Gene%2C%20die%20mit%20Usher%2DSyndrom,%C3%9Cbersicht%20hierzu%20finden%20Sie%20in%20unserem%20Leistungsverzeichnis\" target=\"_blank\" rel=\"noreferrer noopener\">Eurofins Clinical Diagnostics<\/a>;<\/p>\n\n\n\n<p><\/p>\n","protected":false},"excerpt":{"rendered":"<p>Le syndrome de Usher touche les personnes malentendantes de naissance qui pr\u00e9sentent \u00e9galement une d\u00e9g\u00e9n\u00e9rescence r\u00e9tinienne. Une \u00e9tude n\u00e9erlandaise portant sur le syndrome de Usher de type\u00a02a a d\u00e9sormais d\u00e9montr\u00e9 que l\u2019insomnie peut y \u00eatre associ\u00e9e.<\/p>\n","protected":false},"featured_media":24248,"template":"","meta":{"_acf_changed":false,"inline_featured_image":false,"_FSMCFIC_featured_image_caption":"","_FSMCFIC_featured_image_nocaption":"","_FSMCFIC_featured_image_hide":"","footnotes":"","_links_to":"","_links_to_target":""},"categories":[70],"class_list":["post-24404","ratgeber","type-ratgeber","status-publish","has-post-thumbnail","hentry","category-recherche"],"acf":[],"yoast_head":"<!-- This site is optimized with the Yoast SEO plugin v27.1.1 - https:\/\/yoast.com\/product\/yoast-seo-wordpress\/ -->\n<title>Le syndrome de Usher peut aussi s\u2019accompagner de troubles du sommeil &#8226; Retina Suisse<\/title>\n<meta name=\"robots\" content=\"index, follow, max-snippet:-1, max-image-preview:large, max-video-preview:-1\" \/>\n<link rel=\"canonical\" href=\"https:\/\/retina.ch\/fr\/conseils\/le-syndrome-de-usher-peut-aussi-saccompagner-de-troubles-du-sommeil\/\" \/>\n<meta property=\"og:locale\" content=\"fr_FR\" \/>\n<meta property=\"og:type\" content=\"article\" \/>\n<meta property=\"og:title\" content=\"Le syndrome de Usher peut aussi s\u2019accompagner de troubles du sommeil &#8226; Retina Suisse\" \/>\n<meta property=\"og:description\" content=\"Le syndrome de Usher touche les personnes malentendantes de naissance qui pr\u00e9sentent \u00e9galement une d\u00e9g\u00e9n\u00e9rescence r\u00e9tinienne. Une \u00e9tude n\u00e9erlandaise portant sur le syndrome de Usher de type\u00a02a a d\u00e9sormais d\u00e9montr\u00e9 que l\u2019insomnie peut y \u00eatre associ\u00e9e.\" \/>\n<meta property=\"og:url\" content=\"https:\/\/retina.ch\/fr\/conseils\/le-syndrome-de-usher-peut-aussi-saccompagner-de-troubles-du-sommeil\/\" \/>\n<meta property=\"og:site_name\" content=\"Retina Suisse\" \/>\n<meta property=\"article:publisher\" content=\"https:\/\/www.facebook.com\/retinasuisse\/\" \/>\n<meta property=\"article:modified_time\" content=\"2025-11-26T13:36:11+00:00\" \/>\n<meta property=\"og:image\" content=\"https:\/\/retina.ch\/wp-content\/uploads\/2025\/11\/Retina-Foto-schlafende-Frau-gratis-Pixabay.jpg\" \/>\n\t<meta property=\"og:image:width\" content=\"1920\" \/>\n\t<meta property=\"og:image:height\" content=\"1280\" \/>\n\t<meta property=\"og:image:type\" content=\"image\/jpeg\" \/>\n<meta name=\"twitter:card\" content=\"summary_large_image\" \/>\n<meta name=\"twitter:label1\" content=\"Dur\u00e9e de lecture estim\u00e9e\" \/>\n\t<meta name=\"twitter:data1\" content=\"8 minutes\" \/>\n<script type=\"application\/ld+json\" class=\"yoast-schema-graph\">{\"@context\":\"https:\/\/schema.org\",\"@graph\":[{\"@type\":\"WebPage\",\"@id\":\"https:\/\/retina.ch\/fr\/conseils\/le-syndrome-de-usher-peut-aussi-saccompagner-de-troubles-du-sommeil\/\",\"url\":\"https:\/\/retina.ch\/fr\/conseils\/le-syndrome-de-usher-peut-aussi-saccompagner-de-troubles-du-sommeil\/\",\"name\":\"Le syndrome de Usher peut aussi s\u2019accompagner de troubles du sommeil &#8226; Retina Suisse\",\"isPartOf\":{\"@id\":\"https:\/\/retina.ch\/fr\/#website\"},\"primaryImageOfPage\":{\"@id\":\"https:\/\/retina.ch\/fr\/conseils\/le-syndrome-de-usher-peut-aussi-saccompagner-de-troubles-du-sommeil\/#primaryimage\"},\"image\":{\"@id\":\"https:\/\/retina.ch\/fr\/conseils\/le-syndrome-de-usher-peut-aussi-saccompagner-de-troubles-du-sommeil\/#primaryimage\"},\"thumbnailUrl\":\"https:\/\/retina.ch\/wp-content\/uploads\/2025\/11\/Retina-Foto-schlafende-Frau-gratis-Pixabay.jpg\",\"datePublished\":\"2025-11-10T13:19:49+00:00\",\"dateModified\":\"2025-11-26T13:36:11+00:00\",\"breadcrumb\":{\"@id\":\"https:\/\/retina.ch\/fr\/conseils\/le-syndrome-de-usher-peut-aussi-saccompagner-de-troubles-du-sommeil\/#breadcrumb\"},\"inLanguage\":\"fr-FR\",\"potentialAction\":[{\"@type\":\"ReadAction\",\"target\":[\"https:\/\/retina.ch\/fr\/conseils\/le-syndrome-de-usher-peut-aussi-saccompagner-de-troubles-du-sommeil\/\"]}]},{\"@type\":\"ImageObject\",\"inLanguage\":\"fr-FR\",\"@id\":\"https:\/\/retina.ch\/fr\/conseils\/le-syndrome-de-usher-peut-aussi-saccompagner-de-troubles-du-sommeil\/#primaryimage\",\"url\":\"https:\/\/retina.ch\/wp-content\/uploads\/2025\/11\/Retina-Foto-schlafende-Frau-gratis-Pixabay.jpg\",\"contentUrl\":\"https:\/\/retina.ch\/wp-content\/uploads\/2025\/11\/Retina-Foto-schlafende-Frau-gratis-Pixabay.jpg\",\"width\":1920,\"height\":1280},{\"@type\":\"BreadcrumbList\",\"@id\":\"https:\/\/retina.ch\/fr\/conseils\/le-syndrome-de-usher-peut-aussi-saccompagner-de-troubles-du-sommeil\/#breadcrumb\",\"itemListElement\":[{\"@type\":\"ListItem\",\"position\":1,\"name\":\"Retina Suisse\",\"item\":\"https:\/\/retina.ch\/fr\/\"},{\"@type\":\"ListItem\",\"position\":2,\"name\":\"Le syndrome de Usher peut aussi s\u2019accompagner de troubles du sommeil\"}]},{\"@type\":\"WebSite\",\"@id\":\"https:\/\/retina.ch\/fr\/#website\",\"url\":\"https:\/\/retina.ch\/fr\/\",\"name\":\"Retina Suisse\",\"description\":\"Retina Suisse ist die Vereinigung von Patientinnen und Patienten mit Retinitis pigmentosa (RP), Makuladegeneration, Usher-Syndrom und anderen Erkrankungen des Augenhintergrundes.\",\"publisher\":{\"@id\":\"https:\/\/retina.ch\/fr\/#organization\"},\"potentialAction\":[{\"@type\":\"SearchAction\",\"target\":{\"@type\":\"EntryPoint\",\"urlTemplate\":\"https:\/\/retina.ch\/fr\/?s={search_term_string}\"},\"query-input\":{\"@type\":\"PropertyValueSpecification\",\"valueRequired\":true,\"valueName\":\"search_term_string\"}}],\"inLanguage\":\"fr-FR\"},{\"@type\":\"Organization\",\"@id\":\"https:\/\/retina.ch\/fr\/#organization\",\"name\":\"Retina Suisse\",\"url\":\"https:\/\/retina.ch\/fr\/\",\"logo\":{\"@type\":\"ImageObject\",\"inLanguage\":\"fr-FR\",\"@id\":\"https:\/\/retina.ch\/fr\/#\/schema\/logo\/image\/\",\"url\":\"https:\/\/retina.ch\/wp-content\/uploads\/2020\/09\/retina-auge-typo.svg\",\"contentUrl\":\"https:\/\/retina.ch\/wp-content\/uploads\/2020\/09\/retina-auge-typo.svg\",\"width\":\"1024\",\"height\":\"1024\",\"caption\":\"Retina Suisse\"},\"image\":{\"@id\":\"https:\/\/retina.ch\/fr\/#\/schema\/logo\/image\/\"},\"sameAs\":[\"https:\/\/www.facebook.com\/retinasuisse\/\"]}]}<\/script>\n<!-- \/ Yoast SEO plugin. -->","yoast_head_json":{"title":"Le syndrome de Usher peut aussi s\u2019accompagner de troubles du sommeil &#8226; Retina Suisse","robots":{"index":"index","follow":"follow","max-snippet":"max-snippet:-1","max-image-preview":"max-image-preview:large","max-video-preview":"max-video-preview:-1"},"canonical":"https:\/\/retina.ch\/fr\/conseils\/le-syndrome-de-usher-peut-aussi-saccompagner-de-troubles-du-sommeil\/","og_locale":"fr_FR","og_type":"article","og_title":"Le syndrome de Usher peut aussi s\u2019accompagner de troubles du sommeil &#8226; Retina Suisse","og_description":"Le syndrome de Usher touche les personnes malentendantes de naissance qui pr\u00e9sentent \u00e9galement une d\u00e9g\u00e9n\u00e9rescence r\u00e9tinienne. Une \u00e9tude n\u00e9erlandaise portant sur le syndrome de Usher de type\u00a02a a d\u00e9sormais d\u00e9montr\u00e9 que l\u2019insomnie peut y \u00eatre associ\u00e9e.","og_url":"https:\/\/retina.ch\/fr\/conseils\/le-syndrome-de-usher-peut-aussi-saccompagner-de-troubles-du-sommeil\/","og_site_name":"Retina Suisse","article_publisher":"https:\/\/www.facebook.com\/retinasuisse\/","article_modified_time":"2025-11-26T13:36:11+00:00","og_image":[{"width":1920,"height":1280,"url":"https:\/\/retina.ch\/wp-content\/uploads\/2025\/11\/Retina-Foto-schlafende-Frau-gratis-Pixabay.jpg","type":"image\/jpeg"}],"twitter_card":"summary_large_image","twitter_misc":{"Dur\u00e9e de lecture estim\u00e9e":"8 minutes"},"schema":{"@context":"https:\/\/schema.org","@graph":[{"@type":"WebPage","@id":"https:\/\/retina.ch\/fr\/conseils\/le-syndrome-de-usher-peut-aussi-saccompagner-de-troubles-du-sommeil\/","url":"https:\/\/retina.ch\/fr\/conseils\/le-syndrome-de-usher-peut-aussi-saccompagner-de-troubles-du-sommeil\/","name":"Le syndrome de Usher peut aussi s\u2019accompagner de troubles du sommeil &#8226; Retina Suisse","isPartOf":{"@id":"https:\/\/retina.ch\/fr\/#website"},"primaryImageOfPage":{"@id":"https:\/\/retina.ch\/fr\/conseils\/le-syndrome-de-usher-peut-aussi-saccompagner-de-troubles-du-sommeil\/#primaryimage"},"image":{"@id":"https:\/\/retina.ch\/fr\/conseils\/le-syndrome-de-usher-peut-aussi-saccompagner-de-troubles-du-sommeil\/#primaryimage"},"thumbnailUrl":"https:\/\/retina.ch\/wp-content\/uploads\/2025\/11\/Retina-Foto-schlafende-Frau-gratis-Pixabay.jpg","datePublished":"2025-11-10T13:19:49+00:00","dateModified":"2025-11-26T13:36:11+00:00","breadcrumb":{"@id":"https:\/\/retina.ch\/fr\/conseils\/le-syndrome-de-usher-peut-aussi-saccompagner-de-troubles-du-sommeil\/#breadcrumb"},"inLanguage":"fr-FR","potentialAction":[{"@type":"ReadAction","target":["https:\/\/retina.ch\/fr\/conseils\/le-syndrome-de-usher-peut-aussi-saccompagner-de-troubles-du-sommeil\/"]}]},{"@type":"ImageObject","inLanguage":"fr-FR","@id":"https:\/\/retina.ch\/fr\/conseils\/le-syndrome-de-usher-peut-aussi-saccompagner-de-troubles-du-sommeil\/#primaryimage","url":"https:\/\/retina.ch\/wp-content\/uploads\/2025\/11\/Retina-Foto-schlafende-Frau-gratis-Pixabay.jpg","contentUrl":"https:\/\/retina.ch\/wp-content\/uploads\/2025\/11\/Retina-Foto-schlafende-Frau-gratis-Pixabay.jpg","width":1920,"height":1280},{"@type":"BreadcrumbList","@id":"https:\/\/retina.ch\/fr\/conseils\/le-syndrome-de-usher-peut-aussi-saccompagner-de-troubles-du-sommeil\/#breadcrumb","itemListElement":[{"@type":"ListItem","position":1,"name":"Retina Suisse","item":"https:\/\/retina.ch\/fr\/"},{"@type":"ListItem","position":2,"name":"Le syndrome de Usher peut aussi s\u2019accompagner de troubles du sommeil"}]},{"@type":"WebSite","@id":"https:\/\/retina.ch\/fr\/#website","url":"https:\/\/retina.ch\/fr\/","name":"Retina Suisse","description":"Retina Suisse ist die Vereinigung von Patientinnen und Patienten mit Retinitis pigmentosa (RP), Makuladegeneration, Usher-Syndrom und anderen Erkrankungen des Augenhintergrundes.","publisher":{"@id":"https:\/\/retina.ch\/fr\/#organization"},"potentialAction":[{"@type":"SearchAction","target":{"@type":"EntryPoint","urlTemplate":"https:\/\/retina.ch\/fr\/?s={search_term_string}"},"query-input":{"@type":"PropertyValueSpecification","valueRequired":true,"valueName":"search_term_string"}}],"inLanguage":"fr-FR"},{"@type":"Organization","@id":"https:\/\/retina.ch\/fr\/#organization","name":"Retina Suisse","url":"https:\/\/retina.ch\/fr\/","logo":{"@type":"ImageObject","inLanguage":"fr-FR","@id":"https:\/\/retina.ch\/fr\/#\/schema\/logo\/image\/","url":"https:\/\/retina.ch\/wp-content\/uploads\/2020\/09\/retina-auge-typo.svg","contentUrl":"https:\/\/retina.ch\/wp-content\/uploads\/2020\/09\/retina-auge-typo.svg","width":"1024","height":"1024","caption":"Retina Suisse"},"image":{"@id":"https:\/\/retina.ch\/fr\/#\/schema\/logo\/image\/"},"sameAs":["https:\/\/www.facebook.com\/retinasuisse\/"]}]}},"_links":{"self":[{"href":"https:\/\/retina.ch\/fr\/wp-json\/wp\/v2\/ratgeber\/24404","targetHints":{"allow":["GET"]}}],"collection":[{"href":"https:\/\/retina.ch\/fr\/wp-json\/wp\/v2\/ratgeber"}],"about":[{"href":"https:\/\/retina.ch\/fr\/wp-json\/wp\/v2\/types\/ratgeber"}],"version-history":[{"count":2,"href":"https:\/\/retina.ch\/fr\/wp-json\/wp\/v2\/ratgeber\/24404\/revisions"}],"predecessor-version":[{"id":24418,"href":"https:\/\/retina.ch\/fr\/wp-json\/wp\/v2\/ratgeber\/24404\/revisions\/24418"}],"wp:featuredmedia":[{"embeddable":true,"href":"https:\/\/retina.ch\/fr\/wp-json\/wp\/v2\/media\/24248"}],"wp:attachment":[{"href":"https:\/\/retina.ch\/fr\/wp-json\/wp\/v2\/media?parent=24404"}],"wp:term":[{"taxonomy":"category","embeddable":true,"href":"https:\/\/retina.ch\/fr\/wp-json\/wp\/v2\/categories?post=24404"}],"curies":[{"name":"wp","href":"https:\/\/api.w.org\/{rel}","templated":true}]}}