{"id":24408,"date":"2025-11-09T16:33:02","date_gmt":"2025-11-09T15:33:02","guid":{"rendered":"https:\/\/retina.ch\/?post_type=ratgeber&#038;p=24408"},"modified":"2026-03-11T10:40:12","modified_gmt":"2026-03-11T09:40:12","slug":"le-restaurant-blindekuh-recrute-dans-le-domaine-du-service","status":"publish","type":"ratgeber","link":"https:\/\/retina.ch\/fr\/conseils\/le-restaurant-blindekuh-recrute-dans-le-domaine-du-service\/","title":{"rendered":"Le restaurant Blindekuh recrute dans le domaine du service."},"content":{"rendered":"\n<p><strong>Il s\u2019agit l\u00e0 d\u2019une t\u00e2che int\u00e9ressante. Noemi Hofmann nous d\u00e9voile son quotidien professionnel au c\u0153ur du l\u00e9gendaire restaurant obscur Blindekuh. Elle esp\u00e8re susciter de l\u2019int\u00e9r\u00eat parmi des personnes atteintes d\u2019un handicap de la vue.<\/strong><strong><\/strong><\/p>\n\n\n\n<p>Christoph Ammann<\/p>\n\n\n\n<p>Le Blindekuh accueille depuis 26 ans une client\u00e8le \u00e0 la fois curieuse et internationale dans le noir. Cette exp\u00e9rience gastronomique particuli\u00e8re est possible gr\u00e2ce au travail de collaborateurs malvoyants et aveugles. Ils se d\u00e9placent avec aisance dans le restaurant zurichois compl\u00e8tement obscurci et sont des points de rep\u00e8re s\u00fbrs pour les clients attabl\u00e9s. Afin que le Blindekuh puisse continuer \u00e0 remplir sa mission, il recherche des employ\u00e9s de service malvoyants et aveugles. Une exp\u00e9rience professionnelle n\u2019est pas requise. Une formation compl\u00e8te est garantie.<\/p>\n\n\n\n<p>Noemi Hofmann, \u00e2g\u00e9e de 26 ans, fait partie des femmes et des hommes qui servent les h\u00f4tes six soirs par semaine dans le premier restaurant obscur du monde. Elle se souvient avec plaisir d\u2019un certain soir&nbsp;: \u00ab&nbsp;Je servais un couple. Apr\u00e8s le dessert, l\u2019homme fit une demande en mariage \u00e0 la femme qui l\u2019accompagnait. Et celle-ci accepta.&nbsp;\u00bb La particularit\u00e9 de la sc\u00e8ne r\u00e9side dans le fait qu\u2019elle s\u2019est d\u00e9roul\u00e9e dans l\u2019obscurit\u00e9 totale, car toute source de lumi\u00e8re est ind\u00e9sirable dans la salle \u00e0 manger de l\u2019ancienne \u00e9glise du quartier Seefeld \u00e0 Zurich.<\/p>\n\n\n\n<h3 class=\"wp-block-heading\"><strong>Rejoindre sa table \u00e0 la queue leu leu<\/strong><strong><\/strong><\/h3>\n\n\n\n<p>Noemi Hofmann ne travaille qu\u2019\u00e0 un petit temps partiel au Blindekuh. Elle a fait des \u00e9tudes de travail social dans une haute \u00e9cole sp\u00e9cialis\u00e9e et est principalement active en tant qu\u2019assistante sociale. \u00ab&nbsp;J\u2019ai postul\u00e9 au Blindekuh pendant mes \u00e9tudes, ai \u00e9t\u00e9 invit\u00e9e \u00e0 me pr\u00e9senter et rapidement engag\u00e9e&nbsp;\u00bb, raconte Noemi qui souffre d\u2019un handicap prononc\u00e9 de la vue depuis sa naissance. Elle se consacre aux h\u00f4tes du restaurant un soir par semaine. \u00ab&nbsp;Le travail est agr\u00e9able, mais aussi exigeant. Il faut \u00eatre capable de s\u2019adapter \u00e0 des personnes tr\u00e8s diff\u00e9rentes.&nbsp;\u00bb<\/p>\n\n\n\n<p>Seules des personnes aveugles et malvoyantes travaillent au sein du restaurant m\u00eame. Elles viennent chercher les h\u00f4tes \u00e0 la r\u00e9ception (illumin\u00e9e) et les conduisent \u00e0 leur table en faisant la chenille. \u00ab&nbsp;Je conseille \u00e0 mes clients d\u2019utiliser leur toucher pour rep\u00e9rer lentement depuis le bord de la table l\u2019emplacement de la vaisselle, des couverts et des verres et de ne surtout pas se lever sans m\u2019appeler au pr\u00e9alable.&nbsp;\u00bb En effet, les h\u00f4tes pourraient entraver le travail du personnel de service qui respecte rigoureusement les chemins d\u00e9finis entre le passe-plat, le bar et les tables.<\/p>\n\n\n\n<h3 class=\"wp-block-heading\"><strong>Les collaborateurs s\u2019entendent les uns les autres<\/strong><strong><\/strong><\/h3>\n\n\n\n<p>\u00ab&nbsp;Quand je me d\u00e9place dans le restaurant, je r\u00e9p\u00e8te \u00e0 haute voix \u2018service, service\u2019 pour que mes coll\u00e8gues m\u2019entendent&nbsp;\u00bb, raconte Noemi Hofmann. Elle reconna\u00eet la vaisselle au toucher et sait distinguer une assiette avec de la viande, du poisson, un mets v\u00e9g\u00e9tarien ou un plat v\u00e9gan. \u00ab&nbsp;Je m\u2019occupe de 25 h\u00f4tes par soir. Je ne peux pas noter les commandes. C\u2019est la raison pour laquelle je demande toujours aux clients qui re\u00e7oit quel plat au moment de servir&nbsp;\u00bb.<\/p>\n\n\n\n<p>Noemi Hofmann explique qu\u2019en r\u00e8gle g\u00e9n\u00e9rale les clients sont tr\u00e8s sympathiques et compr\u00e9hensifs. \u00ab&nbsp;Certains ont des difficult\u00e9s avec l\u2019interdiction d\u2019utiliser leur t\u00e9l\u00e9phone portable. Les \u00e9crans lumineux tout comme les cadrans \u00e9clair\u00e9s n\u2019ont tout simplement pas leur place au Blindekuh.&nbsp;\u00bb Quand on lui demande s\u2019il fait aussi nuit pour elle, Noemi fait preuve d\u2019originalit\u00e9 dans sa r\u00e9ponse ou r\u00e9pond par une autre question.<\/p>\n\n\n\n<p>Lorsque le restaurant affiche complet, trois employ\u00e9s de service s\u2019occupent des h\u00f4tes, tandis qu\u2019un employ\u00e9 sp\u00e9cialis\u00e9 se tient au bar et sert les boissons. \u00ab\u00a0Quand je rentre \u00e0 la maison en train le soir, je suis vraiment fatigu\u00e9e\u00a0\u00bb, commente Noemi Hofmann. \u00ab\u00a0Mais c\u2019est un sentiment agr\u00e9able d\u2019avoir procur\u00e9 de la joie et une exp\u00e9rience particuli\u00e8re \u00e0 tant de personnes.\u00a0\u00bb<\/p>\n\n\n\n<p>Informations concernant le poste au service dans le restaurant Blindekuh&nbsp;: <a href=\"mailto:monika.janicka@blindekuh.ch\" target=\"_blank\" rel=\"noreferrer noopener\">monika.janicka@blindekuh.ch<\/a><\/p>\n\n\n\n<p>Site internet Blindekuh&nbsp;: <a href=\"https:\/\/blindekuh.ch\/de\" target=\"_blank\" rel=\"noreferrer noopener\">Cliquez ici<\/a><\/p>\n","protected":false},"excerpt":{"rendered":"<p>Il s\u2019agit l\u00e0 d\u2019une t\u00e2che int\u00e9ressante. Noemi Hofmann nous d\u00e9voile son quotidien professionnel au c\u0153ur du l\u00e9gendaire restaurant obscur Blindekuh. Elle esp\u00e8re susciter de l\u2019int\u00e9r\u00eat parmi des personnes atteintes d\u2019un handicap de la vue. Christoph Ammann Le Blindekuh accueille depuis 26 ans une client\u00e8le \u00e0 la fois curieuse et internationale dans le noir. Cette exp\u00e9rience &#8230;<\/p>\n","protected":false},"featured_media":24273,"template":"","meta":{"_acf_changed":false,"inline_featured_image":false,"_FSMCFIC_featured_image_caption":"","_FSMCFIC_featured_image_nocaption":"","_FSMCFIC_featured_image_hide":"","footnotes":"","_links_to":"","_links_to_target":""},"categories":[140],"class_list":["post-24408","ratgeber","type-ratgeber","status-publish","has-post-thumbnail","hentry","category-conseils"],"acf":[],"yoast_head":"<!-- This site is optimized with the Yoast SEO plugin v27.1.1 - https:\/\/yoast.com\/product\/yoast-seo-wordpress\/ -->\n<title>Le restaurant Blindekuh recrute dans le domaine du service. &#8226; Retina Suisse<\/title>\n<meta name=\"robots\" content=\"index, follow, max-snippet:-1, max-image-preview:large, max-video-preview:-1\" \/>\n<link rel=\"canonical\" href=\"https:\/\/retina.ch\/fr\/conseils\/le-restaurant-blindekuh-recrute-dans-le-domaine-du-service\/\" \/>\n<meta property=\"og:locale\" content=\"fr_FR\" \/>\n<meta property=\"og:type\" content=\"article\" \/>\n<meta property=\"og:title\" content=\"Le restaurant Blindekuh recrute dans le domaine du service. &#8226; Retina Suisse\" \/>\n<meta property=\"og:description\" content=\"Il s\u2019agit l\u00e0 d\u2019une t\u00e2che int\u00e9ressante. Noemi Hofmann nous d\u00e9voile son quotidien professionnel au c\u0153ur du l\u00e9gendaire restaurant obscur Blindekuh. Elle esp\u00e8re susciter de l\u2019int\u00e9r\u00eat parmi des personnes atteintes d\u2019un handicap de la vue. Christoph Ammann Le Blindekuh accueille depuis 26 ans une client\u00e8le \u00e0 la fois curieuse et internationale dans le noir. Cette exp\u00e9rience ...\" \/>\n<meta property=\"og:url\" content=\"https:\/\/retina.ch\/fr\/conseils\/le-restaurant-blindekuh-recrute-dans-le-domaine-du-service\/\" \/>\n<meta property=\"og:site_name\" content=\"Retina Suisse\" \/>\n<meta property=\"article:publisher\" content=\"https:\/\/www.facebook.com\/retinasuisse\/\" \/>\n<meta property=\"article:modified_time\" content=\"2026-03-11T09:40:12+00:00\" \/>\n<meta property=\"og:image\" content=\"https:\/\/retina.ch\/wp-content\/uploads\/2025\/11\/Noemi1.jpg\" \/>\n\t<meta property=\"og:image:width\" content=\"1500\" \/>\n\t<meta property=\"og:image:height\" content=\"1000\" \/>\n\t<meta property=\"og:image:type\" content=\"image\/jpeg\" \/>\n<meta name=\"twitter:card\" content=\"summary_large_image\" \/>\n<meta name=\"twitter:label1\" content=\"Dur\u00e9e de lecture estim\u00e9e\" \/>\n\t<meta name=\"twitter:data1\" content=\"4 minutes\" \/>\n<script type=\"application\/ld+json\" class=\"yoast-schema-graph\">{\"@context\":\"https:\/\/schema.org\",\"@graph\":[{\"@type\":\"WebPage\",\"@id\":\"https:\/\/retina.ch\/fr\/conseils\/le-restaurant-blindekuh-recrute-dans-le-domaine-du-service\/\",\"url\":\"https:\/\/retina.ch\/fr\/conseils\/le-restaurant-blindekuh-recrute-dans-le-domaine-du-service\/\",\"name\":\"Le restaurant Blindekuh recrute dans le domaine du service. &#8226; Retina Suisse\",\"isPartOf\":{\"@id\":\"https:\/\/retina.ch\/fr\/#website\"},\"primaryImageOfPage\":{\"@id\":\"https:\/\/retina.ch\/fr\/conseils\/le-restaurant-blindekuh-recrute-dans-le-domaine-du-service\/#primaryimage\"},\"image\":{\"@id\":\"https:\/\/retina.ch\/fr\/conseils\/le-restaurant-blindekuh-recrute-dans-le-domaine-du-service\/#primaryimage\"},\"thumbnailUrl\":\"https:\/\/retina.ch\/wp-content\/uploads\/2025\/11\/Noemi1.jpg\",\"datePublished\":\"2025-11-09T15:33:02+00:00\",\"dateModified\":\"2026-03-11T09:40:12+00:00\",\"breadcrumb\":{\"@id\":\"https:\/\/retina.ch\/fr\/conseils\/le-restaurant-blindekuh-recrute-dans-le-domaine-du-service\/#breadcrumb\"},\"inLanguage\":\"fr-FR\",\"potentialAction\":[{\"@type\":\"ReadAction\",\"target\":[\"https:\/\/retina.ch\/fr\/conseils\/le-restaurant-blindekuh-recrute-dans-le-domaine-du-service\/\"]}]},{\"@type\":\"ImageObject\",\"inLanguage\":\"fr-FR\",\"@id\":\"https:\/\/retina.ch\/fr\/conseils\/le-restaurant-blindekuh-recrute-dans-le-domaine-du-service\/#primaryimage\",\"url\":\"https:\/\/retina.ch\/wp-content\/uploads\/2025\/11\/Noemi1.jpg\",\"contentUrl\":\"https:\/\/retina.ch\/wp-content\/uploads\/2025\/11\/Noemi1.jpg\",\"width\":1500,\"height\":1000},{\"@type\":\"BreadcrumbList\",\"@id\":\"https:\/\/retina.ch\/fr\/conseils\/le-restaurant-blindekuh-recrute-dans-le-domaine-du-service\/#breadcrumb\",\"itemListElement\":[{\"@type\":\"ListItem\",\"position\":1,\"name\":\"Retina Suisse\",\"item\":\"https:\/\/retina.ch\/fr\/\"},{\"@type\":\"ListItem\",\"position\":2,\"name\":\"Le restaurant Blindekuh recrute dans le domaine du service.\"}]},{\"@type\":\"WebSite\",\"@id\":\"https:\/\/retina.ch\/fr\/#website\",\"url\":\"https:\/\/retina.ch\/fr\/\",\"name\":\"Retina Suisse\",\"description\":\"Retina Suisse ist die Vereinigung von Patientinnen und Patienten mit Retinitis pigmentosa (RP), Makuladegeneration, Usher-Syndrom und anderen Erkrankungen des Augenhintergrundes.\",\"publisher\":{\"@id\":\"https:\/\/retina.ch\/fr\/#organization\"},\"potentialAction\":[{\"@type\":\"SearchAction\",\"target\":{\"@type\":\"EntryPoint\",\"urlTemplate\":\"https:\/\/retina.ch\/fr\/?s={search_term_string}\"},\"query-input\":{\"@type\":\"PropertyValueSpecification\",\"valueRequired\":true,\"valueName\":\"search_term_string\"}}],\"inLanguage\":\"fr-FR\"},{\"@type\":\"Organization\",\"@id\":\"https:\/\/retina.ch\/fr\/#organization\",\"name\":\"Retina Suisse\",\"url\":\"https:\/\/retina.ch\/fr\/\",\"logo\":{\"@type\":\"ImageObject\",\"inLanguage\":\"fr-FR\",\"@id\":\"https:\/\/retina.ch\/fr\/#\/schema\/logo\/image\/\",\"url\":\"https:\/\/retina.ch\/wp-content\/uploads\/2020\/09\/retina-auge-typo.svg\",\"contentUrl\":\"https:\/\/retina.ch\/wp-content\/uploads\/2020\/09\/retina-auge-typo.svg\",\"width\":\"1024\",\"height\":\"1024\",\"caption\":\"Retina Suisse\"},\"image\":{\"@id\":\"https:\/\/retina.ch\/fr\/#\/schema\/logo\/image\/\"},\"sameAs\":[\"https:\/\/www.facebook.com\/retinasuisse\/\"]}]}<\/script>\n<!-- \/ Yoast SEO plugin. -->","yoast_head_json":{"title":"Le restaurant Blindekuh recrute dans le domaine du service. &#8226; Retina Suisse","robots":{"index":"index","follow":"follow","max-snippet":"max-snippet:-1","max-image-preview":"max-image-preview:large","max-video-preview":"max-video-preview:-1"},"canonical":"https:\/\/retina.ch\/fr\/conseils\/le-restaurant-blindekuh-recrute-dans-le-domaine-du-service\/","og_locale":"fr_FR","og_type":"article","og_title":"Le restaurant Blindekuh recrute dans le domaine du service. &#8226; Retina Suisse","og_description":"Il s\u2019agit l\u00e0 d\u2019une t\u00e2che int\u00e9ressante. Noemi Hofmann nous d\u00e9voile son quotidien professionnel au c\u0153ur du l\u00e9gendaire restaurant obscur Blindekuh. Elle esp\u00e8re susciter de l\u2019int\u00e9r\u00eat parmi des personnes atteintes d\u2019un handicap de la vue. Christoph Ammann Le Blindekuh accueille depuis 26 ans une client\u00e8le \u00e0 la fois curieuse et internationale dans le noir. Cette exp\u00e9rience ...","og_url":"https:\/\/retina.ch\/fr\/conseils\/le-restaurant-blindekuh-recrute-dans-le-domaine-du-service\/","og_site_name":"Retina Suisse","article_publisher":"https:\/\/www.facebook.com\/retinasuisse\/","article_modified_time":"2026-03-11T09:40:12+00:00","og_image":[{"width":1500,"height":1000,"url":"https:\/\/retina.ch\/wp-content\/uploads\/2025\/11\/Noemi1.jpg","type":"image\/jpeg"}],"twitter_card":"summary_large_image","twitter_misc":{"Dur\u00e9e de lecture estim\u00e9e":"4 minutes"},"schema":{"@context":"https:\/\/schema.org","@graph":[{"@type":"WebPage","@id":"https:\/\/retina.ch\/fr\/conseils\/le-restaurant-blindekuh-recrute-dans-le-domaine-du-service\/","url":"https:\/\/retina.ch\/fr\/conseils\/le-restaurant-blindekuh-recrute-dans-le-domaine-du-service\/","name":"Le restaurant Blindekuh recrute dans le domaine du service. &#8226; Retina Suisse","isPartOf":{"@id":"https:\/\/retina.ch\/fr\/#website"},"primaryImageOfPage":{"@id":"https:\/\/retina.ch\/fr\/conseils\/le-restaurant-blindekuh-recrute-dans-le-domaine-du-service\/#primaryimage"},"image":{"@id":"https:\/\/retina.ch\/fr\/conseils\/le-restaurant-blindekuh-recrute-dans-le-domaine-du-service\/#primaryimage"},"thumbnailUrl":"https:\/\/retina.ch\/wp-content\/uploads\/2025\/11\/Noemi1.jpg","datePublished":"2025-11-09T15:33:02+00:00","dateModified":"2026-03-11T09:40:12+00:00","breadcrumb":{"@id":"https:\/\/retina.ch\/fr\/conseils\/le-restaurant-blindekuh-recrute-dans-le-domaine-du-service\/#breadcrumb"},"inLanguage":"fr-FR","potentialAction":[{"@type":"ReadAction","target":["https:\/\/retina.ch\/fr\/conseils\/le-restaurant-blindekuh-recrute-dans-le-domaine-du-service\/"]}]},{"@type":"ImageObject","inLanguage":"fr-FR","@id":"https:\/\/retina.ch\/fr\/conseils\/le-restaurant-blindekuh-recrute-dans-le-domaine-du-service\/#primaryimage","url":"https:\/\/retina.ch\/wp-content\/uploads\/2025\/11\/Noemi1.jpg","contentUrl":"https:\/\/retina.ch\/wp-content\/uploads\/2025\/11\/Noemi1.jpg","width":1500,"height":1000},{"@type":"BreadcrumbList","@id":"https:\/\/retina.ch\/fr\/conseils\/le-restaurant-blindekuh-recrute-dans-le-domaine-du-service\/#breadcrumb","itemListElement":[{"@type":"ListItem","position":1,"name":"Retina Suisse","item":"https:\/\/retina.ch\/fr\/"},{"@type":"ListItem","position":2,"name":"Le restaurant Blindekuh recrute dans le domaine du service."}]},{"@type":"WebSite","@id":"https:\/\/retina.ch\/fr\/#website","url":"https:\/\/retina.ch\/fr\/","name":"Retina Suisse","description":"Retina Suisse ist die Vereinigung von Patientinnen und Patienten mit Retinitis pigmentosa (RP), Makuladegeneration, Usher-Syndrom und anderen Erkrankungen des Augenhintergrundes.","publisher":{"@id":"https:\/\/retina.ch\/fr\/#organization"},"potentialAction":[{"@type":"SearchAction","target":{"@type":"EntryPoint","urlTemplate":"https:\/\/retina.ch\/fr\/?s={search_term_string}"},"query-input":{"@type":"PropertyValueSpecification","valueRequired":true,"valueName":"search_term_string"}}],"inLanguage":"fr-FR"},{"@type":"Organization","@id":"https:\/\/retina.ch\/fr\/#organization","name":"Retina Suisse","url":"https:\/\/retina.ch\/fr\/","logo":{"@type":"ImageObject","inLanguage":"fr-FR","@id":"https:\/\/retina.ch\/fr\/#\/schema\/logo\/image\/","url":"https:\/\/retina.ch\/wp-content\/uploads\/2020\/09\/retina-auge-typo.svg","contentUrl":"https:\/\/retina.ch\/wp-content\/uploads\/2020\/09\/retina-auge-typo.svg","width":"1024","height":"1024","caption":"Retina Suisse"},"image":{"@id":"https:\/\/retina.ch\/fr\/#\/schema\/logo\/image\/"},"sameAs":["https:\/\/www.facebook.com\/retinasuisse\/"]}]}},"_links":{"self":[{"href":"https:\/\/retina.ch\/fr\/wp-json\/wp\/v2\/ratgeber\/24408","targetHints":{"allow":["GET"]}}],"collection":[{"href":"https:\/\/retina.ch\/fr\/wp-json\/wp\/v2\/ratgeber"}],"about":[{"href":"https:\/\/retina.ch\/fr\/wp-json\/wp\/v2\/types\/ratgeber"}],"version-history":[{"count":3,"href":"https:\/\/retina.ch\/fr\/wp-json\/wp\/v2\/ratgeber\/24408\/revisions"}],"predecessor-version":[{"id":26047,"href":"https:\/\/retina.ch\/fr\/wp-json\/wp\/v2\/ratgeber\/24408\/revisions\/26047"}],"wp:featuredmedia":[{"embeddable":true,"href":"https:\/\/retina.ch\/fr\/wp-json\/wp\/v2\/media\/24273"}],"wp:attachment":[{"href":"https:\/\/retina.ch\/fr\/wp-json\/wp\/v2\/media?parent=24408"}],"wp:term":[{"taxonomy":"category","embeddable":true,"href":"https:\/\/retina.ch\/fr\/wp-json\/wp\/v2\/categories?post=24408"}],"curies":[{"name":"wp","href":"https:\/\/api.w.org\/{rel}","templated":true}]}}