{"id":25606,"date":"2025-02-04T21:13:00","date_gmt":"2025-02-04T20:13:00","guid":{"rendered":"https:\/\/retina.ch\/?post_type=ratgeber&#038;p=25606"},"modified":"2026-02-27T14:07:19","modified_gmt":"2026-02-27T13:07:19","slug":"retina-suisse-youth-comment-je-me-deplace-en-ville","status":"publish","type":"ratgeber","link":"https:\/\/retina.ch\/fr\/conseils\/retina-suisse-youth-comment-je-me-deplace-en-ville\/","title":{"rendered":"Retina Suisse Youth\u00a0: Comment je me d\u00e9place en ville"},"content":{"rendered":"\n<p><strong>Dans cette chronique, Josephine Hayley-Barker, coordinatrice de Retina Suisse Youth et membre du comit\u00e9 de Retina Suisse, nous d\u00e9voile son quotidien.<\/strong><\/p>\n\n\n\n<p><a href=\"mailto:josephine.hayleybarker@retina.ch\">josephine.hayleybarker@retina.ch<\/a><\/p>\n\n\n\n<p>En tant que personne souffrant d\u2019un handicap visuel, je d\u00e9pends des transports publics pour me d\u00e9placer. En Suisse, les transports publics sont parfois retard\u00e9s, voire annul\u00e9s mais, contrairement \u00e0 d\u2019autres pays, je m\u2019en sors tr\u00e8s bien ici, \u00e0 Zurich.<\/p>\n\n\n\n<p>Je me d\u00e9place avec mon chien guide Quiro&nbsp;; il m\u2019aide \u00e0 trouver les arr\u00eats de bus, de tram et de train, et il m\u2019indique o\u00f9 se trouvent les portes des v\u00e9hicules. Malheureusement, il n\u2019a pas encore appris \u00e0 lire. Du coup, j\u2019utilise g\u00e9n\u00e9ralement l\u2019appli des CFF pour trouver mes connexions.<\/p>\n\n\n\n<p>Certains arr\u00eats sont desservis par une seule ligne&nbsp;; je ne peux donc pas me tromper. \u00c0 Zurich, nombre de transports publics rejoignent un point central. Je n\u2019ai donc pas besoin de conna\u00eetre le num\u00e9ro du bus ou du tram sur le point de d\u00e9marrer. Tous les chemins m\u00e8nent \u00e0 Rome, comme on dit.<\/p>\n\n\n\n<p>Lorsque je veux prendre un bus sp\u00e9cifique, je me place sur les lignes blanches \u00e0 l\u2019avant de l\u2019arr\u00eat, dans le sens de marche. Le chauffeur ou la chauffeuse me donne alors le num\u00e9ro de sa ligne.<\/p>\n\n\n\n<p>La situation se corse quand je dois prendre le train. Je me fie aux horaires, ou j\u2019utilise l\u2019appli inclusive des CFF.<\/p>\n\n\n\n<p>J\u2019aimerais que les trains soient annonc\u00e9s \u00e0 leur arriv\u00e9e en gare, \u00e7a me serait tr\u00e8s utile. On m\u2019a dit que c\u2019est impossible, pour diverses raisons que je ne comprends pas vraiment en tant que personne malvoyante.<\/p>\n\n\n\n<p>Dommage&nbsp;! Heureusement, monter dans le mauvais train ou le mauvais bus ne m\u2019a jamais mise dans une situation d\u00e9licate. J\u2019ai toujours r\u00e9ussi \u00e0 rentrer chez moi, m\u00eame si j\u2019ai parfois fait quelques d\u00e9tours. Et aid\u00e9e de mon chien et de mon smartphone, presque tous les chemins m\u00e8nent \u00e0 Rome ou chez moi<\/p>\n","protected":false},"excerpt":{"rendered":"<p>Dans cette chronique, Josephine Hayley-Barker, coordinatrice de Retina Suisse Youth et membre du comit\u00e9 de Retina Suisse, nous d\u00e9voile son quotidien.<\/p>\n","protected":false},"featured_media":25605,"template":"","meta":{"_acf_changed":false,"inline_featured_image":false,"_FSMCFIC_featured_image_caption":"Sur la photo, on voit Josephine Hayley-Barker, patiente atteinte de RP, coordinatrice de Retina Suisse Youth et membre du comit\u00e9 directeur de Retina Suisse, accompagn\u00e9e de son chien guide. Ils se trouvent devant un bureau de poste.","_FSMCFIC_featured_image_nocaption":"1","_FSMCFIC_featured_image_hide":"","footnotes":"","_links_to":"","_links_to_target":""},"categories":[140,118],"class_list":["post-25606","ratgeber","type-ratgeber","status-publish","has-post-thumbnail","hentry","category-conseils","category-retina-suisse-youth"],"acf":[],"yoast_head":"<!-- This site is optimized with the Yoast SEO plugin v27.1.1 - https:\/\/yoast.com\/product\/yoast-seo-wordpress\/ -->\n<title>Retina Suisse Youth\u00a0: Comment je me d\u00e9place en ville &#8226; Retina Suisse<\/title>\n<meta name=\"robots\" content=\"index, follow, max-snippet:-1, max-image-preview:large, max-video-preview:-1\" \/>\n<link rel=\"canonical\" href=\"https:\/\/retina.ch\/fr\/conseils\/retina-suisse-youth-comment-je-me-deplace-en-ville\/\" \/>\n<meta property=\"og:locale\" content=\"fr_FR\" \/>\n<meta property=\"og:type\" content=\"article\" \/>\n<meta property=\"og:title\" content=\"Retina Suisse Youth\u00a0: Comment je me d\u00e9place en ville &#8226; Retina Suisse\" \/>\n<meta property=\"og:description\" content=\"Dans cette chronique, Josephine Hayley-Barker, coordinatrice de Retina Suisse Youth et membre du comit\u00e9 de Retina Suisse, nous d\u00e9voile son quotidien.\" \/>\n<meta property=\"og:url\" content=\"https:\/\/retina.ch\/fr\/conseils\/retina-suisse-youth-comment-je-me-deplace-en-ville\/\" \/>\n<meta property=\"og:site_name\" content=\"Retina Suisse\" \/>\n<meta property=\"article:publisher\" content=\"https:\/\/www.facebook.com\/retinasuisse\/\" \/>\n<meta property=\"article:modified_time\" content=\"2026-02-27T13:07:19+00:00\" \/>\n<meta property=\"og:image\" content=\"https:\/\/retina.ch\/wp-content\/uploads\/2026\/02\/Retina-Foto-Josephine-Post-scaled-e1770233989627.jpg\" \/>\n\t<meta property=\"og:image:width\" content=\"1638\" \/>\n\t<meta property=\"og:image:height\" content=\"1852\" \/>\n\t<meta property=\"og:image:type\" content=\"image\/jpeg\" \/>\n<meta name=\"twitter:card\" content=\"summary_large_image\" \/>\n<meta name=\"twitter:label1\" content=\"Dur\u00e9e de lecture estim\u00e9e\" \/>\n\t<meta name=\"twitter:data1\" content=\"2 minutes\" \/>\n<script type=\"application\/ld+json\" class=\"yoast-schema-graph\">{\"@context\":\"https:\/\/schema.org\",\"@graph\":[{\"@type\":\"WebPage\",\"@id\":\"https:\/\/retina.ch\/fr\/conseils\/retina-suisse-youth-comment-je-me-deplace-en-ville\/\",\"url\":\"https:\/\/retina.ch\/fr\/conseils\/retina-suisse-youth-comment-je-me-deplace-en-ville\/\",\"name\":\"Retina Suisse Youth\u00a0: Comment je me d\u00e9place en ville &#8226; Retina Suisse\",\"isPartOf\":{\"@id\":\"https:\/\/retina.ch\/fr\/#website\"},\"primaryImageOfPage\":{\"@id\":\"https:\/\/retina.ch\/fr\/conseils\/retina-suisse-youth-comment-je-me-deplace-en-ville\/#primaryimage\"},\"image\":{\"@id\":\"https:\/\/retina.ch\/fr\/conseils\/retina-suisse-youth-comment-je-me-deplace-en-ville\/#primaryimage\"},\"thumbnailUrl\":\"https:\/\/retina.ch\/wp-content\/uploads\/2026\/02\/Retina-Foto-Josephine-Post-scaled-e1772630764175.jpg\",\"datePublished\":\"2025-02-04T20:13:00+00:00\",\"dateModified\":\"2026-02-27T13:07:19+00:00\",\"breadcrumb\":{\"@id\":\"https:\/\/retina.ch\/fr\/conseils\/retina-suisse-youth-comment-je-me-deplace-en-ville\/#breadcrumb\"},\"inLanguage\":\"fr-FR\",\"potentialAction\":[{\"@type\":\"ReadAction\",\"target\":[\"https:\/\/retina.ch\/fr\/conseils\/retina-suisse-youth-comment-je-me-deplace-en-ville\/\"]}]},{\"@type\":\"ImageObject\",\"inLanguage\":\"fr-FR\",\"@id\":\"https:\/\/retina.ch\/fr\/conseils\/retina-suisse-youth-comment-je-me-deplace-en-ville\/#primaryimage\",\"url\":\"https:\/\/retina.ch\/wp-content\/uploads\/2026\/02\/Retina-Foto-Josephine-Post-scaled-e1772630764175.jpg\",\"contentUrl\":\"https:\/\/retina.ch\/wp-content\/uploads\/2026\/02\/Retina-Foto-Josephine-Post-scaled-e1772630764175.jpg\",\"width\":1638,\"height\":1852},{\"@type\":\"BreadcrumbList\",\"@id\":\"https:\/\/retina.ch\/fr\/conseils\/retina-suisse-youth-comment-je-me-deplace-en-ville\/#breadcrumb\",\"itemListElement\":[{\"@type\":\"ListItem\",\"position\":1,\"name\":\"Retina Suisse\",\"item\":\"https:\/\/retina.ch\/fr\/\"},{\"@type\":\"ListItem\",\"position\":2,\"name\":\"Retina Suisse Youth\u00a0: Comment je me d\u00e9place en ville\"}]},{\"@type\":\"WebSite\",\"@id\":\"https:\/\/retina.ch\/fr\/#website\",\"url\":\"https:\/\/retina.ch\/fr\/\",\"name\":\"Retina Suisse\",\"description\":\"Retina Suisse ist die Vereinigung von Patientinnen und Patienten mit Retinitis pigmentosa (RP), Makuladegeneration, Usher-Syndrom und anderen Erkrankungen des Augenhintergrundes.\",\"publisher\":{\"@id\":\"https:\/\/retina.ch\/fr\/#organization\"},\"potentialAction\":[{\"@type\":\"SearchAction\",\"target\":{\"@type\":\"EntryPoint\",\"urlTemplate\":\"https:\/\/retina.ch\/fr\/?s={search_term_string}\"},\"query-input\":{\"@type\":\"PropertyValueSpecification\",\"valueRequired\":true,\"valueName\":\"search_term_string\"}}],\"inLanguage\":\"fr-FR\"},{\"@type\":\"Organization\",\"@id\":\"https:\/\/retina.ch\/fr\/#organization\",\"name\":\"Retina Suisse\",\"url\":\"https:\/\/retina.ch\/fr\/\",\"logo\":{\"@type\":\"ImageObject\",\"inLanguage\":\"fr-FR\",\"@id\":\"https:\/\/retina.ch\/fr\/#\/schema\/logo\/image\/\",\"url\":\"https:\/\/retina.ch\/wp-content\/uploads\/2020\/09\/retina-auge-typo.svg\",\"contentUrl\":\"https:\/\/retina.ch\/wp-content\/uploads\/2020\/09\/retina-auge-typo.svg\",\"width\":\"1024\",\"height\":\"1024\",\"caption\":\"Retina Suisse\"},\"image\":{\"@id\":\"https:\/\/retina.ch\/fr\/#\/schema\/logo\/image\/\"},\"sameAs\":[\"https:\/\/www.facebook.com\/retinasuisse\/\"]}]}<\/script>\n<!-- \/ Yoast SEO plugin. -->","yoast_head_json":{"title":"Retina Suisse Youth\u00a0: Comment je me d\u00e9place en ville &#8226; Retina Suisse","robots":{"index":"index","follow":"follow","max-snippet":"max-snippet:-1","max-image-preview":"max-image-preview:large","max-video-preview":"max-video-preview:-1"},"canonical":"https:\/\/retina.ch\/fr\/conseils\/retina-suisse-youth-comment-je-me-deplace-en-ville\/","og_locale":"fr_FR","og_type":"article","og_title":"Retina Suisse Youth\u00a0: Comment je me d\u00e9place en ville &#8226; Retina Suisse","og_description":"Dans cette chronique, Josephine Hayley-Barker, coordinatrice de Retina Suisse Youth et membre du comit\u00e9 de Retina Suisse, nous d\u00e9voile son quotidien.","og_url":"https:\/\/retina.ch\/fr\/conseils\/retina-suisse-youth-comment-je-me-deplace-en-ville\/","og_site_name":"Retina Suisse","article_publisher":"https:\/\/www.facebook.com\/retinasuisse\/","article_modified_time":"2026-02-27T13:07:19+00:00","og_image":[{"width":1638,"height":1852,"url":"https:\/\/retina.ch\/wp-content\/uploads\/2026\/02\/Retina-Foto-Josephine-Post-scaled-e1770233989627.jpg","type":"image\/jpeg"}],"twitter_card":"summary_large_image","twitter_misc":{"Dur\u00e9e de lecture estim\u00e9e":"2 minutes"},"schema":{"@context":"https:\/\/schema.org","@graph":[{"@type":"WebPage","@id":"https:\/\/retina.ch\/fr\/conseils\/retina-suisse-youth-comment-je-me-deplace-en-ville\/","url":"https:\/\/retina.ch\/fr\/conseils\/retina-suisse-youth-comment-je-me-deplace-en-ville\/","name":"Retina Suisse Youth\u00a0: Comment je me d\u00e9place en ville &#8226; Retina Suisse","isPartOf":{"@id":"https:\/\/retina.ch\/fr\/#website"},"primaryImageOfPage":{"@id":"https:\/\/retina.ch\/fr\/conseils\/retina-suisse-youth-comment-je-me-deplace-en-ville\/#primaryimage"},"image":{"@id":"https:\/\/retina.ch\/fr\/conseils\/retina-suisse-youth-comment-je-me-deplace-en-ville\/#primaryimage"},"thumbnailUrl":"https:\/\/retina.ch\/wp-content\/uploads\/2026\/02\/Retina-Foto-Josephine-Post-scaled-e1772630764175.jpg","datePublished":"2025-02-04T20:13:00+00:00","dateModified":"2026-02-27T13:07:19+00:00","breadcrumb":{"@id":"https:\/\/retina.ch\/fr\/conseils\/retina-suisse-youth-comment-je-me-deplace-en-ville\/#breadcrumb"},"inLanguage":"fr-FR","potentialAction":[{"@type":"ReadAction","target":["https:\/\/retina.ch\/fr\/conseils\/retina-suisse-youth-comment-je-me-deplace-en-ville\/"]}]},{"@type":"ImageObject","inLanguage":"fr-FR","@id":"https:\/\/retina.ch\/fr\/conseils\/retina-suisse-youth-comment-je-me-deplace-en-ville\/#primaryimage","url":"https:\/\/retina.ch\/wp-content\/uploads\/2026\/02\/Retina-Foto-Josephine-Post-scaled-e1772630764175.jpg","contentUrl":"https:\/\/retina.ch\/wp-content\/uploads\/2026\/02\/Retina-Foto-Josephine-Post-scaled-e1772630764175.jpg","width":1638,"height":1852},{"@type":"BreadcrumbList","@id":"https:\/\/retina.ch\/fr\/conseils\/retina-suisse-youth-comment-je-me-deplace-en-ville\/#breadcrumb","itemListElement":[{"@type":"ListItem","position":1,"name":"Retina Suisse","item":"https:\/\/retina.ch\/fr\/"},{"@type":"ListItem","position":2,"name":"Retina Suisse Youth\u00a0: Comment je me d\u00e9place en ville"}]},{"@type":"WebSite","@id":"https:\/\/retina.ch\/fr\/#website","url":"https:\/\/retina.ch\/fr\/","name":"Retina Suisse","description":"Retina Suisse ist die Vereinigung von Patientinnen und Patienten mit Retinitis pigmentosa (RP), Makuladegeneration, Usher-Syndrom und anderen Erkrankungen des Augenhintergrundes.","publisher":{"@id":"https:\/\/retina.ch\/fr\/#organization"},"potentialAction":[{"@type":"SearchAction","target":{"@type":"EntryPoint","urlTemplate":"https:\/\/retina.ch\/fr\/?s={search_term_string}"},"query-input":{"@type":"PropertyValueSpecification","valueRequired":true,"valueName":"search_term_string"}}],"inLanguage":"fr-FR"},{"@type":"Organization","@id":"https:\/\/retina.ch\/fr\/#organization","name":"Retina Suisse","url":"https:\/\/retina.ch\/fr\/","logo":{"@type":"ImageObject","inLanguage":"fr-FR","@id":"https:\/\/retina.ch\/fr\/#\/schema\/logo\/image\/","url":"https:\/\/retina.ch\/wp-content\/uploads\/2020\/09\/retina-auge-typo.svg","contentUrl":"https:\/\/retina.ch\/wp-content\/uploads\/2020\/09\/retina-auge-typo.svg","width":"1024","height":"1024","caption":"Retina Suisse"},"image":{"@id":"https:\/\/retina.ch\/fr\/#\/schema\/logo\/image\/"},"sameAs":["https:\/\/www.facebook.com\/retinasuisse\/"]}]}},"_links":{"self":[{"href":"https:\/\/retina.ch\/fr\/wp-json\/wp\/v2\/ratgeber\/25606","targetHints":{"allow":["GET"]}}],"collection":[{"href":"https:\/\/retina.ch\/fr\/wp-json\/wp\/v2\/ratgeber"}],"about":[{"href":"https:\/\/retina.ch\/fr\/wp-json\/wp\/v2\/types\/ratgeber"}],"version-history":[{"count":2,"href":"https:\/\/retina.ch\/fr\/wp-json\/wp\/v2\/ratgeber\/25606\/revisions"}],"predecessor-version":[{"id":25728,"href":"https:\/\/retina.ch\/fr\/wp-json\/wp\/v2\/ratgeber\/25606\/revisions\/25728"}],"wp:featuredmedia":[{"embeddable":true,"href":"https:\/\/retina.ch\/fr\/wp-json\/wp\/v2\/media\/25605"}],"wp:attachment":[{"href":"https:\/\/retina.ch\/fr\/wp-json\/wp\/v2\/media?parent=25606"}],"wp:term":[{"taxonomy":"category","embeddable":true,"href":"https:\/\/retina.ch\/fr\/wp-json\/wp\/v2\/categories?post=25606"}],"curies":[{"name":"wp","href":"https:\/\/api.w.org\/{rel}","templated":true}]}}