{"id":24106,"date":"2025-10-23T13:32:21","date_gmt":"2025-10-23T11:32:21","guid":{"rendered":"https:\/\/retina.ch\/?post_type=agenda&#038;p=24106"},"modified":"2026-04-07T08:41:38","modified_gmt":"2026-04-07T06:41:38","slug":"47a-assemblea-generale-ordinaria-di-retina-suisse","status":"publish","type":"agenda","link":"https:\/\/retina.ch\/it\/agenda\/47a-assemblea-generale-ordinaria-di-retina-suisse\/","title":{"rendered":"47a Assemblea Generale Ordinaria di Retina Suisse"},"content":{"rendered":"\n<p>Siamo lieti di invitarla all\u2019Assemblea generale 2026, che si terr\u00e0 quest\u2019anno a Berna, presso l\u2019Hotel Bern (Zeughausgasse 9). Sar\u00e0 una giornata di riflessione, partecipazione e appartenenza per portarsi a casa nuove idee.<\/p>\n\n\n\n<p>Oltre alle attivit\u00e0 statutarie, la invitiamo a seguire il nostro variegato e vivace programma di presentazioni. L\u2019attenzione si concentra sulle domande che accompagnano alcuni di noi nella vita quotidiana: Come vengono diagnosticate oggi le malattie degli occhi? Perch\u00e9 una disabilit\u00e0 visiva \u00e8 spesso accompagnata da stanchezza cronica e cosa significa ci\u00f2 per la salute psichica? Insieme cerchiamo modi per incrementare l\u2019energia e la resilienza. Alcuni esercizi pratici di mindfulness per la gestione dello stress e uno sguardo agli occhiali intelligenti con l\u2019esempio del modello Ray-Ban Meta, completano il programma.<\/p>\n\n\n\n<p>Un momento particolare \u00e8 rappresentato dal rapporto finale personale del nostro ex direttore Stephan H\u00fcsler. In modo aperto, riflessivo e incoraggiante condivide le sue esperienze, raccolte in 25 anni di convivenza con la retinite pigmentosa. Si tratta di una retrospettiva in cui analizza sfide, processi di apprendimento e i risultati ottenuti. Un incoraggiamento che apre nuove prospettive.<\/p>\n\n\n\n<hr class=\"wp-block-separator has-alpha-channel-opacity\"\/>\n\n\n\n<h2 class=\"wp-block-heading\">Programma:<\/h2>\n\n\n\n<p>Traduzione simultanea T\/F e F\/T<\/p>\n\n\n\n<p><strong>dalle ore 9.30: Iscrizione e esposizione mezzi ausiliari<\/strong><\/p>\n\n\n\n<p><strong>ore 10.00: Assemblea generale, parte statutaria<\/strong><\/p>\n\n\n\n<p><strong>ore 11.15: <strong><strong><strong>La diagnostica spiegata in modo semplice<\/strong><\/strong><\/strong><\/strong> &#8211; Dr. Virginie Peter, medico assistente, Clinica di oftalmologia, Ospedale universitario di Basilea USB<\/p>\n\n\n\n<p><strong>ore 12.00: Pranzo<\/strong><\/p>\n\n\n\n<p><strong>ore 14.00: <strong><strong><strong>Stanchezza, mancanza di energia, ipovisione: come migliorare il proprio benessere psichico e aumentare l\u2019energia<\/strong><\/strong><\/strong><\/strong> &#8211; Prof. Dr. Ruth van Nispen, Low Vision Research, UMC di Amsterdam<\/p>\n\n\n\n<p><strong>ore 14.45: <strong><strong><strong>Gestione dello stress attraverso la mindfulness<\/strong><\/strong><\/strong><\/strong> &#8211; Daniela Brohlburg, istruttrice MBSR, PlumGarden Bonn<\/p>\n\n\n\n<p><strong>ore 15.30: <strong><strong>Gli occhiali intelligenti come ausilio: l\u2019esempio degli occhiali Ray-Ban Meta<\/strong><\/strong> <\/strong> &#8211; Urs Kaiser, fondatore e presidente onorario dell\u2019Associazione Scuola della mela<\/p>\n\n\n\n<p><strong>ore 16.15: <strong><strong>Affrontare la vita a tutto campo con la retinite pigmentosa: vita quotidiana, famiglia e lavoro<\/strong><\/strong><\/strong> &#8211; Stephan H\u00fcsler, ex direttore di Retina Suisse<\/p>\n\n\n\n<p><strong>ore 16.30: Conclusione<\/strong> &#8211; Laurent Del\u00e9traz, presidente di Retina Suisse<\/p>\n\n\n\n<hr class=\"wp-block-separator has-alpha-channel-opacity\"\/>\n\n\n\n<h2 class=\"wp-block-heading\">Documentazione per l\u2019Assemblea generale 2026:<\/h2>\n\n\n\n<ul class=\"wp-block-list\">\n<li><a href=\"https:\/\/retina.ch\/wp-content\/uploads\/2026\/02\/3-Ordine-del-giorno-Programma-Trattande-AG-2026_I.pdf\">Programma e ordine del giorno con istanze del comitato all\u2019AG 2026<\/a><\/li>\n\n\n\n<li><a href=\"https:\/\/retina.ch\/wp-content\/uploads\/2026\/02\/2-Protokoll-GV-2025_I-2.pdf\">Verbale dell\u2019AG 2025<\/a><\/li>\n\n\n\n<li><a href=\"https:\/\/retina.ch\/wp-content\/uploads\/2026\/02\/RS-Jahresbericht-2025-it.pdf\">Rapporto annuale 2025<\/a><\/li>\n\n\n\n<li><a href=\"https:\/\/retina.ch\/wp-content\/uploads\/2026\/02\/RS-Finanzbericht-2025-IT-barrierefrei.pdf\">Rendiconto finanziario 2025<\/a><\/li>\n<\/ul>\n\n\n\n<hr class=\"wp-block-separator has-alpha-channel-opacity\"\/>\n","protected":false},"excerpt":{"rendered":"<p>Siamo lieti di invitarvi alla nostra Assemblea Generale, che si terr\u00e0 il 18 aprile 2026 presso l\u2019Hotel Bern. Oltre agli affari statutari, vi attendono interessanti conferenze e numerose opportunit\u00e0 di scambio con altri membri. Siamo impazienti di vedervi!<\/p>\n","protected":false},"featured_media":24099,"template":"","meta":{"_acf_changed":false,"inline_featured_image":false,"_FSMCFIC_featured_image_caption":"","_FSMCFIC_featured_image_nocaption":"","_FSMCFIC_featured_image_hide":"","footnotes":"","_links_to":"","_links_to_target":""},"categories":[],"class_list":["post-24106","agenda","type-agenda","status-publish","has-post-thumbnail","hentry"],"acf":[],"yoast_head":"<!-- This site is optimized with the Yoast SEO plugin v27.1.1 - https:\/\/yoast.com\/product\/yoast-seo-wordpress\/ -->\n<title>47a Assemblea Generale Ordinaria di Retina Suisse &#8226; Retina Suisse<\/title>\n<meta name=\"description\" content=\"La nostra 47a Assemblea Generale si terr\u00e0 il 18 aprile 2026 presso l&#039;Hotel Bern. Vi aspettano interessanti relazioni e opportunit\u00e0 di scambio!\" \/>\n<meta name=\"robots\" content=\"index, follow, max-snippet:-1, max-image-preview:large, max-video-preview:-1\" \/>\n<link rel=\"canonical\" href=\"https:\/\/retina.ch\/it\/agenda\/47a-assemblea-generale-ordinaria-di-retina-suisse\/\" \/>\n<meta property=\"og:locale\" content=\"it_IT\" \/>\n<meta property=\"og:type\" content=\"article\" \/>\n<meta property=\"og:title\" content=\"47a Assemblea Generale Ordinaria di Retina Suisse &#8226; Retina Suisse\" \/>\n<meta property=\"og:description\" content=\"La nostra 47a Assemblea Generale si terr\u00e0 il 18 aprile 2026 presso l&#039;Hotel Bern. Vi aspettano interessanti relazioni e opportunit\u00e0 di scambio!\" \/>\n<meta property=\"og:url\" content=\"https:\/\/retina.ch\/it\/agenda\/47a-assemblea-generale-ordinaria-di-retina-suisse\/\" \/>\n<meta property=\"og:site_name\" content=\"Retina Suisse\" \/>\n<meta property=\"article:publisher\" content=\"https:\/\/www.facebook.com\/retinasuisse\/\" \/>\n<meta property=\"article:modified_time\" content=\"2026-04-07T06:41:38+00:00\" \/>\n<meta property=\"og:image\" content=\"https:\/\/retina.ch\/wp-content\/uploads\/2025\/10\/GV-2025-15-scaled.jpg\" \/>\n\t<meta property=\"og:image:width\" content=\"2560\" \/>\n\t<meta property=\"og:image:height\" content=\"1920\" \/>\n\t<meta property=\"og:image:type\" content=\"image\/jpeg\" \/>\n<meta name=\"twitter:card\" content=\"summary_large_image\" \/>\n<meta name=\"twitter:label1\" content=\"Tempo di lettura stimato\" \/>\n\t<meta name=\"twitter:data1\" content=\"3 minuti\" \/>\n<script type=\"application\/ld+json\" class=\"yoast-schema-graph\">{\"@context\":\"https:\/\/schema.org\",\"@graph\":[{\"@type\":\"WebPage\",\"@id\":\"https:\/\/retina.ch\/it\/agenda\/47a-assemblea-generale-ordinaria-di-retina-suisse\/\",\"url\":\"https:\/\/retina.ch\/it\/agenda\/47a-assemblea-generale-ordinaria-di-retina-suisse\/\",\"name\":\"47a Assemblea Generale Ordinaria di Retina Suisse &#8226; Retina Suisse\",\"isPartOf\":{\"@id\":\"https:\/\/retina.ch\/it\/#website\"},\"primaryImageOfPage\":{\"@id\":\"https:\/\/retina.ch\/it\/agenda\/47a-assemblea-generale-ordinaria-di-retina-suisse\/#primaryimage\"},\"image\":{\"@id\":\"https:\/\/retina.ch\/it\/agenda\/47a-assemblea-generale-ordinaria-di-retina-suisse\/#primaryimage\"},\"thumbnailUrl\":\"https:\/\/retina.ch\/wp-content\/uploads\/2025\/10\/GV-2025-15-scaled.jpg\",\"datePublished\":\"2025-10-23T11:32:21+00:00\",\"dateModified\":\"2026-04-07T06:41:38+00:00\",\"description\":\"La nostra 47a Assemblea Generale si terr\u00e0 il 18 aprile 2026 presso l'Hotel Bern. Vi aspettano interessanti relazioni e opportunit\u00e0 di scambio!\",\"breadcrumb\":{\"@id\":\"https:\/\/retina.ch\/it\/agenda\/47a-assemblea-generale-ordinaria-di-retina-suisse\/#breadcrumb\"},\"inLanguage\":\"it-IT\",\"potentialAction\":[{\"@type\":\"ReadAction\",\"target\":[\"https:\/\/retina.ch\/it\/agenda\/47a-assemblea-generale-ordinaria-di-retina-suisse\/\"]}]},{\"@type\":\"ImageObject\",\"inLanguage\":\"it-IT\",\"@id\":\"https:\/\/retina.ch\/it\/agenda\/47a-assemblea-generale-ordinaria-di-retina-suisse\/#primaryimage\",\"url\":\"https:\/\/retina.ch\/wp-content\/uploads\/2025\/10\/GV-2025-15-scaled.jpg\",\"contentUrl\":\"https:\/\/retina.ch\/wp-content\/uploads\/2025\/10\/GV-2025-15-scaled.jpg\",\"width\":2560,\"height\":1920,\"caption\":\"I partecipanti all'Assemblea generale 2025 di Retina Suisse applaudono l'elezione dei nuovi membri del comitato.\"},{\"@type\":\"BreadcrumbList\",\"@id\":\"https:\/\/retina.ch\/it\/agenda\/47a-assemblea-generale-ordinaria-di-retina-suisse\/#breadcrumb\",\"itemListElement\":[{\"@type\":\"ListItem\",\"position\":1,\"name\":\"Retina Suisse\",\"item\":\"https:\/\/retina.ch\/it\/\"},{\"@type\":\"ListItem\",\"position\":2,\"name\":\"47a Assemblea Generale Ordinaria di Retina Suisse\"}]},{\"@type\":\"WebSite\",\"@id\":\"https:\/\/retina.ch\/it\/#website\",\"url\":\"https:\/\/retina.ch\/it\/\",\"name\":\"Retina Suisse\",\"description\":\"Retina Suisse ist die Vereinigung von Patientinnen und Patienten mit Retinitis pigmentosa (RP), Makuladegeneration, Usher-Syndrom und anderen Erkrankungen des Augenhintergrundes.\",\"publisher\":{\"@id\":\"https:\/\/retina.ch\/it\/#organization\"},\"potentialAction\":[{\"@type\":\"SearchAction\",\"target\":{\"@type\":\"EntryPoint\",\"urlTemplate\":\"https:\/\/retina.ch\/it\/?s={search_term_string}\"},\"query-input\":{\"@type\":\"PropertyValueSpecification\",\"valueRequired\":true,\"valueName\":\"search_term_string\"}}],\"inLanguage\":\"it-IT\"},{\"@type\":\"Organization\",\"@id\":\"https:\/\/retina.ch\/it\/#organization\",\"name\":\"Retina Suisse\",\"url\":\"https:\/\/retina.ch\/it\/\",\"logo\":{\"@type\":\"ImageObject\",\"inLanguage\":\"it-IT\",\"@id\":\"https:\/\/retina.ch\/it\/#\/schema\/logo\/image\/\",\"url\":\"https:\/\/retina.ch\/wp-content\/uploads\/2020\/09\/retina-auge-typo.svg\",\"contentUrl\":\"https:\/\/retina.ch\/wp-content\/uploads\/2020\/09\/retina-auge-typo.svg\",\"width\":\"1024\",\"height\":\"1024\",\"caption\":\"Retina Suisse\"},\"image\":{\"@id\":\"https:\/\/retina.ch\/it\/#\/schema\/logo\/image\/\"},\"sameAs\":[\"https:\/\/www.facebook.com\/retinasuisse\/\"]}]}<\/script>\n<!-- \/ Yoast SEO plugin. -->","yoast_head_json":{"title":"47a Assemblea Generale Ordinaria di Retina Suisse &#8226; Retina Suisse","description":"La nostra 47a Assemblea Generale si terr\u00e0 il 18 aprile 2026 presso l'Hotel Bern. Vi aspettano interessanti relazioni e opportunit\u00e0 di scambio!","robots":{"index":"index","follow":"follow","max-snippet":"max-snippet:-1","max-image-preview":"max-image-preview:large","max-video-preview":"max-video-preview:-1"},"canonical":"https:\/\/retina.ch\/it\/agenda\/47a-assemblea-generale-ordinaria-di-retina-suisse\/","og_locale":"it_IT","og_type":"article","og_title":"47a Assemblea Generale Ordinaria di Retina Suisse &#8226; Retina Suisse","og_description":"La nostra 47a Assemblea Generale si terr\u00e0 il 18 aprile 2026 presso l'Hotel Bern. Vi aspettano interessanti relazioni e opportunit\u00e0 di scambio!","og_url":"https:\/\/retina.ch\/it\/agenda\/47a-assemblea-generale-ordinaria-di-retina-suisse\/","og_site_name":"Retina Suisse","article_publisher":"https:\/\/www.facebook.com\/retinasuisse\/","article_modified_time":"2026-04-07T06:41:38+00:00","og_image":[{"width":2560,"height":1920,"url":"https:\/\/retina.ch\/wp-content\/uploads\/2025\/10\/GV-2025-15-scaled.jpg","type":"image\/jpeg"}],"twitter_card":"summary_large_image","twitter_misc":{"Tempo di lettura stimato":"3 minuti"},"schema":{"@context":"https:\/\/schema.org","@graph":[{"@type":"WebPage","@id":"https:\/\/retina.ch\/it\/agenda\/47a-assemblea-generale-ordinaria-di-retina-suisse\/","url":"https:\/\/retina.ch\/it\/agenda\/47a-assemblea-generale-ordinaria-di-retina-suisse\/","name":"47a Assemblea Generale Ordinaria di Retina Suisse &#8226; Retina Suisse","isPartOf":{"@id":"https:\/\/retina.ch\/it\/#website"},"primaryImageOfPage":{"@id":"https:\/\/retina.ch\/it\/agenda\/47a-assemblea-generale-ordinaria-di-retina-suisse\/#primaryimage"},"image":{"@id":"https:\/\/retina.ch\/it\/agenda\/47a-assemblea-generale-ordinaria-di-retina-suisse\/#primaryimage"},"thumbnailUrl":"https:\/\/retina.ch\/wp-content\/uploads\/2025\/10\/GV-2025-15-scaled.jpg","datePublished":"2025-10-23T11:32:21+00:00","dateModified":"2026-04-07T06:41:38+00:00","description":"La nostra 47a Assemblea Generale si terr\u00e0 il 18 aprile 2026 presso l'Hotel Bern. Vi aspettano interessanti relazioni e opportunit\u00e0 di scambio!","breadcrumb":{"@id":"https:\/\/retina.ch\/it\/agenda\/47a-assemblea-generale-ordinaria-di-retina-suisse\/#breadcrumb"},"inLanguage":"it-IT","potentialAction":[{"@type":"ReadAction","target":["https:\/\/retina.ch\/it\/agenda\/47a-assemblea-generale-ordinaria-di-retina-suisse\/"]}]},{"@type":"ImageObject","inLanguage":"it-IT","@id":"https:\/\/retina.ch\/it\/agenda\/47a-assemblea-generale-ordinaria-di-retina-suisse\/#primaryimage","url":"https:\/\/retina.ch\/wp-content\/uploads\/2025\/10\/GV-2025-15-scaled.jpg","contentUrl":"https:\/\/retina.ch\/wp-content\/uploads\/2025\/10\/GV-2025-15-scaled.jpg","width":2560,"height":1920,"caption":"I partecipanti all'Assemblea generale 2025 di Retina Suisse applaudono l'elezione dei nuovi membri del comitato."},{"@type":"BreadcrumbList","@id":"https:\/\/retina.ch\/it\/agenda\/47a-assemblea-generale-ordinaria-di-retina-suisse\/#breadcrumb","itemListElement":[{"@type":"ListItem","position":1,"name":"Retina Suisse","item":"https:\/\/retina.ch\/it\/"},{"@type":"ListItem","position":2,"name":"47a Assemblea Generale Ordinaria di Retina Suisse"}]},{"@type":"WebSite","@id":"https:\/\/retina.ch\/it\/#website","url":"https:\/\/retina.ch\/it\/","name":"Retina Suisse","description":"Retina Suisse ist die Vereinigung von Patientinnen und Patienten mit Retinitis pigmentosa (RP), Makuladegeneration, Usher-Syndrom und anderen Erkrankungen des Augenhintergrundes.","publisher":{"@id":"https:\/\/retina.ch\/it\/#organization"},"potentialAction":[{"@type":"SearchAction","target":{"@type":"EntryPoint","urlTemplate":"https:\/\/retina.ch\/it\/?s={search_term_string}"},"query-input":{"@type":"PropertyValueSpecification","valueRequired":true,"valueName":"search_term_string"}}],"inLanguage":"it-IT"},{"@type":"Organization","@id":"https:\/\/retina.ch\/it\/#organization","name":"Retina Suisse","url":"https:\/\/retina.ch\/it\/","logo":{"@type":"ImageObject","inLanguage":"it-IT","@id":"https:\/\/retina.ch\/it\/#\/schema\/logo\/image\/","url":"https:\/\/retina.ch\/wp-content\/uploads\/2020\/09\/retina-auge-typo.svg","contentUrl":"https:\/\/retina.ch\/wp-content\/uploads\/2020\/09\/retina-auge-typo.svg","width":"1024","height":"1024","caption":"Retina Suisse"},"image":{"@id":"https:\/\/retina.ch\/it\/#\/schema\/logo\/image\/"},"sameAs":["https:\/\/www.facebook.com\/retinasuisse\/"]}]}},"_links":{"self":[{"href":"https:\/\/retina.ch\/it\/wp-json\/wp\/v2\/agenda\/24106","targetHints":{"allow":["GET"]}}],"collection":[{"href":"https:\/\/retina.ch\/it\/wp-json\/wp\/v2\/agenda"}],"about":[{"href":"https:\/\/retina.ch\/it\/wp-json\/wp\/v2\/types\/agenda"}],"version-history":[{"count":8,"href":"https:\/\/retina.ch\/it\/wp-json\/wp\/v2\/agenda\/24106\/revisions"}],"predecessor-version":[{"id":26472,"href":"https:\/\/retina.ch\/it\/wp-json\/wp\/v2\/agenda\/24106\/revisions\/26472"}],"wp:featuredmedia":[{"embeddable":true,"href":"https:\/\/retina.ch\/it\/wp-json\/wp\/v2\/media\/24099"}],"wp:attachment":[{"href":"https:\/\/retina.ch\/it\/wp-json\/wp\/v2\/media?parent=24106"}],"wp:term":[{"taxonomy":"category","embeddable":true,"href":"https:\/\/retina.ch\/it\/wp-json\/wp\/v2\/categories?post=24106"}],"curies":[{"name":"wp","href":"https:\/\/api.w.org\/{rel}","templated":true}]}}