{"id":3691,"date":"2020-11-10T15:20:50","date_gmt":"2020-11-10T14:20:50","guid":{"rendered":"https:\/\/dev.retina.ch\/agenda\/loeil-organe-de-la-vision\/"},"modified":"2022-11-23T15:29:51","modified_gmt":"2022-11-23T14:29:51","slug":"loeil-organe-de-la-vision","status":"publish","type":"agenda","link":"https:\/\/retina.ch\/it\/agenda\/loeil-organe-de-la-vision\/","title":{"rendered":"L\u2019\u0153il, organe de la vision"},"content":{"rendered":"\n<p>L&#8217;\u0153il, organe aussi petit que complexe, aussi fascinant que myst\u00e9rieux, permet la vision du monde ext\u00e9rieur. Des cinq sens, il est celui qui s&#8217;est le plus d\u00e9velopp\u00e9 et diversifi\u00e9 au cours de l&#8217;\u00e9volution. L&#8217;\u0153il combine ainsi la physique optique et la biochimie pour capter chaque rayon de lumi\u00e8re et le transformer en image.<\/p>\n\n\n\n<figure class=\"wp-block-embed is-type-video is-provider-vimeo wp-block-embed-vimeo wp-embed-aspect-16-9 wp-has-aspect-ratio\"><div class=\"wp-block-embed__wrapper\">\n <div class=\"brlbs-cmpnt-container brlbs-cmpnt-content-blocker brlbs-cmpnt-with-individual-styles\" data-borlabs-cookie-content-blocker-id=\"vimeo-content-blocker\" data-borlabs-cookie-content=\"CjxkaXYgZGF0YS1tb2RlPSJub3JtYWwiIGRhdGEtb2VtYmVkPSIxIiBkYXRhLXByb3ZpZGVyPSJ2aW1lbyIgaWQ9ImFydmUtdmltZW8tNDc1NDQ1MDk3IiBjbGFzcz0iYXJ2ZSI+Cgk8ZGl2IGNsYXNzPSJhcnZlLWlubmVyIj4KCQk8ZGl2IHN0eWxlPSJhc3BlY3QtcmF0aW86MzUwLzE5NyIgY2xhc3M9ImFydmUtZW1iZWQgYXJ2ZS1lbWJlZC0taGFzLWFzcGVjdC1yYXRpbyI+CgkJCTxkaXYgY2xhc3M9ImFydmUtYXIiIHN0eWxlPSJwYWRkaW5nLXRvcDo1Ni4yODU3MTQlIj48L2Rpdj4KCQkJPGlmcmFtZSBhbGxvdz0iYWNjZWxlcm9tZXRlciAmYXBvcztub25lJmFwb3M7O2F1dG9wbGF5ICZhcG9zO25vbmUmYXBvczs7Ymx1ZXRvb3RoICZhcG9zO25vbmUmYXBvczs7YnJvd3NpbmctdG9waWNzICZhcG9zO25vbmUmYXBvczs7Y2FtZXJhICZhcG9zO25vbmUmYXBvczs7Y2xpcGJvYXJkLXJlYWQgJmFwb3M7bm9uZSZhcG9zOztjbGlwYm9hcmQtd3JpdGU7ZGlzcGxheS1jYXB0dXJlICZhcG9zO25vbmUmYXBvczs7ZW5jcnlwdGVkLW1lZGlhICZhcG9zO25vbmUmYXBvczs7Z2FtZXBhZCAmYXBvcztub25lJmFwb3M7O2dlb2xvY2F0aW9uICZhcG9zO25vbmUmYXBvczs7Z3lyb3Njb3BlICZhcG9zO25vbmUmYXBvczs7aGlkICZhcG9zO25vbmUmYXBvczs7aWRlbnRpdHktY3JlZGVudGlhbHMtZ2V0ICZhcG9zO25vbmUmYXBvczs7aWRsZS1kZXRlY3Rpb24gJmFwb3M7bm9uZSZhcG9zOztrZXlib2FyZC1tYXAgJmFwb3M7bm9uZSZhcG9zOztsb2NhbC1mb250czttYWduZXRvbWV0ZXIgJmFwb3M7bm9uZSZhcG9zOzttaWNyb3Bob25lICZhcG9zO25vbmUmYXBvczs7bWlkaSAmYXBvcztub25lJmFwb3M7O290cC1jcmVkZW50aWFscyAmYXBvcztub25lJmFwb3M7O3BheW1lbnQgJmFwb3M7bm9uZSZhcG9zOztwaWN0dXJlLWluLXBpY3R1cmU7cHVibGlja2V5LWNyZWRlbnRpYWxzLWNyZWF0ZSAmYXBvcztub25lJmFwb3M7O3B1YmxpY2tleS1jcmVkZW50aWFscy1nZXQgJmFwb3M7bm9uZSZhcG9zOztzY3JlZW4td2FrZS1sb2NrICZhcG9zO25vbmUmYXBvczs7c2VyaWFsICZhcG9zO25vbmUmYXBvczs7c3VtbWFyaXplciAmYXBvcztub25lJmFwb3M7O3N5bmMteGhyO3VzYiAmYXBvcztub25lJmFwb3M7O3dlYi1zaGFyZTt3aW5kb3ctbWFuYWdlbWVudCAmYXBvcztub25lJmFwb3M7O3hyLXNwYXRpYWwtdHJhY2tpbmcgJmFwb3M7bm9uZSZhcG9zOzsiIGFsbG93ZnVsbHNjcmVlbj0iIiBjbGFzcz0iYXJ2ZS1pZnJhbWUgZml0dmlkc2lnbm9yZSIgY3JlZGVudGlhbGxlc3MgZGF0YS1hcnZlPSJhcnZlLXZpbWVvLTQ3NTQ0NTA5NyIgZGF0YS1sZW5pcy1wcmV2ZW50PSIiIGRhdGEtc3JjLW5vLWFwPSJodHRwczovL3BsYXllci52aW1lby5jb20vdmlkZW8vNDc1NDQ1MDk3P2RudD0xJmFtcDthcHBfaWQ9MTIyOTYzJmFtcDt0cmFuc3BhcmVudD0wJmFtcDt0aXRsZT0xJmFtcDtieWxpbmU9MCZhbXA7cG9ydHJhaXQ9MCZhbXA7YXV0b3BsYXk9MCIgZnJhbWVib3JkZXI9IjAiIGhlaWdodD0iMCIgbG9hZGluZz0ibGF6eSIgbmFtZT0iIiByZWZlcnJlcnBvbGljeT0ic3RyaWN0LW9yaWdpbi13aGVuLWNyb3NzLW9yaWdpbiIgc2FuZGJveD0iYWxsb3ctc2NyaXB0cyBhbGxvdy1zYW1lLW9yaWdpbiBhbGxvdy1wcmVzZW50YXRpb24gYWxsb3ctcG9wdXBzIGFsbG93LXBvcHVwcy10by1lc2NhcGUtc2FuZGJveCBhbGxvdy1mb3JtcyIgc2Nyb2xsaW5nPSJubyIgc3JjPSJodHRwczovL3BsYXllci52aW1lby5jb20vdmlkZW8vNDc1NDQ1MDk3P2RudD0xJiMwMzg7YXBwX2lkPTEyMjk2MyYjMDM4O3RyYW5zcGFyZW50PTAmIzAzODt0aXRsZT0xJiMwMzg7YnlsaW5lPTAmIzAzODtwb3J0cmFpdD0wJiMwMzg7YXV0b3BsYXk9MCIgdGl0bGU9IiIgd2lkdGg9IjAiPjwvaWZyYW1lPgoJCQkKCQk8L2Rpdj4KCQkKCTwvZGl2PgoJCgkKCTxzY3JpcHQgdHlwZT0iYXBwbGljYXRpb24vbGQranNvbiI+eyJAY29udGV4dCI6Imh0dHA6XC9cL3NjaGVtYS5vcmdcLyIsIkBpZCI6Imh0dHBzOlwvXC9yZXRpbmEuY2hcL2l0XC9hZ2VuZGFcL2xvZWlsLW9yZ2FuZS1kZS1sYS12aXNpb25cLyNhcnZlLXZpbWVvLTQ3NTQ0NTA5NyIsInR5cGUiOiJWaWRlb09iamVjdCIsImVtYmVkVVJMIjoiaHR0cHM6XC9cL3BsYXllci52aW1lby5jb21cL3ZpZGVvXC80NzU0NDUwOTc\/ZG50PTEmYXBwX2lkPTEyMjk2MyZ0cmFuc3BhcmVudD0wJnRpdGxlPTEmYnlsaW5lPTAmcG9ydHJhaXQ9MCZhdXRvcGxheT0wIn08L3NjcmlwdD4KCQo8L2Rpdj4=\"><div class=\"brlbs-cmpnt-cb-preset-c brlbs-cmpnt-cb-vimeo\"> <div class=\"brlbs-cmpnt-cb-thumbnail\" style=\"background-image: url('https:\/\/retina.ch\/wp-content\/uploads\/borlabs-cookie\/1\/vimeo_475445097.jpg')\"><\/div> <div class=\"brlbs-cmpnt-cb-main\"> <div class=\"brlbs-cmpnt-cb-play-button\"><\/div> <div class=\"brlbs-cmpnt-cb-content\"> <p class=\"brlbs-cmpnt-cb-description\">Stai visualizzando un contenuto segnaposto da <strong>Vimeo<\/strong>. Per accedere al contenuto effettivo, clicca sul pulsante sottostante. Si prega di notare che in questo modo si condividono i dati con provider di terze parti.<\/p> <a class=\"brlbs-cmpnt-cb-provider-toggle\" href=\"#\" data-borlabs-cookie-show-provider-information role=\"button\">Ulteriori informazioni<\/a> <\/div> <div class=\"brlbs-cmpnt-cb-buttons\"> <a class=\"brlbs-cmpnt-cb-btn\" href=\"#\" data-borlabs-cookie-unblock role=\"button\">Sblocca il contenuto<\/a> <a class=\"brlbs-cmpnt-cb-btn\" href=\"#\" data-borlabs-cookie-accept-service role=\"button\" style=\"display: inherit\">Accetta il servizio richiesto e sblocca i contenuti<\/a> <\/div> <\/div> <\/div><\/div>\n<\/div><\/figure>\n\n\n\n<p>Regardez l&#8217;enregistrement de la conf\u00e9rence avec le Dr Bao-Khanh Tran de l&#8217;H\u00f4pital ophtalmique Jules-Gonin ici.<\/p>\n\n\n\n<h4 class=\"wp-block-heading\">Pour plus d&#8217;information:<\/h4>\n\n\n\n<ul class=\"wp-block-list\">\n<li>Webinaire \u00ab <a href=\"https:\/\/retina.ch\/agenda\/les-impacts-psychologiques-dun-handicap-visuel-au-quotidien\/\">Les impacts psychologiques d\u2019un handicap visuel au quotidien<\/a>&nbsp;\u00bb du 19.10.2021<\/li>\n\n\n\n<li>Webinaire \u00ab&nbsp;<a href=\"https:\/\/retina.ch\/agenda\/gut-sehen-und-trotzdem-fein-essen\/\">Bien voir et n\u00e9anmoins bien manger<\/a>&nbsp;\u00bb du 17.04.2021<\/li>\n\n\n\n<li>Webinaire \u00ab&nbsp;<a href=\"https:\/\/retina.ch\/agenda\/licht-und-schatten-in-der-diskussion-ueber-led\/\">Lumi\u00e8re et ombres dans la discussion sur les LED<\/a>&nbsp;\u00bb du 17.04.2021<\/li>\n<\/ul>\n\n\n\n<div class=\"wp-block-columns icon-block is-layout-flex wp-container-core-columns-is-layout-9d6595d7 wp-block-columns-is-layout-flex\">\n<div class=\"wp-block-column is-layout-flow wp-block-column-is-layout-flow\"><span class='maxbutton-6-container mb-container'><a class=\"maxbutton-6 maxbutton maxbutton-beratung-anmelden\" title=\"Pers\u00f6nliche Beratung Anmelden\" href=\"\/beratungen\/individuelle-beratung\/\" data-maxbuttoncounter=\"{&quot;button_id&quot;:&quot;6&quot;,&quot;url&quot;:&quot;\\\/beratungen\\\/individuelle-beratung\\\/&quot;,&quot;check&quot;:&quot;bWuaKQZn&quot;}\" data-maxbuttonpage=\"{&quot;id&quot;:3691,&quot;type&quot;:&quot;agenda&quot;}\"><span class=\"mb-icon\"><img loading=\"lazy\" decoding=\"async\" class=\"mb-img\" src=\"https:\/\/retina.ch\/wp-content\/uploads\/2020\/10\/icon-comments-black-400x356.png\" title=\"icon-comments-black\" width=\"400\" height=\"356\"   border=\"0\" \/><\/span><span class=\"mb-icon-hover\"><img loading=\"lazy\" decoding=\"async\" class=\"mb-img-hover\" src=\"https:\/\/retina.ch\/wp-content\/uploads\/2020\/10\/icon-comments-yellow-400x356.png\" title=\"icon-comments-black\" width=\"576\" height=\"512\"   border=\"0\" \/><\/span><span class='mb-text' >S&#039;inscrire pour<\/span><span class=\"mb-text2\"  >une consultation<\/span><\/a><\/span>\n<\/div>\n\n\n\n<div class=\"wp-block-column is-layout-flow wp-block-column-is-layout-flow\"><span class='maxbutton-7-container mb-container'><a class=\"maxbutton-7 maxbutton maxbutton-kontakt\" title=\"Retina Suisse Kontakt\" href=\"\/kontakt\/\" data-maxbuttoncounter=\"{&quot;button_id&quot;:&quot;7&quot;,&quot;url&quot;:&quot;\\\/kontakt\\\/&quot;,&quot;check&quot;:&quot;Ot5xIOiH&quot;}\" data-maxbuttonpage=\"{&quot;id&quot;:3691,&quot;type&quot;:&quot;agenda&quot;}\"><span class=\"mb-icon\"><img loading=\"lazy\" decoding=\"async\" class=\"mb-img\" src=\"https:\/\/retina.ch\/wp-content\/uploads\/2020\/10\/icon-phone-black-400x400.png\" title=\"icon-phone-black\" width=\"400\" height=\"400\"   border=\"0\" \/><\/span><span class=\"mb-icon-hover\"><img loading=\"lazy\" decoding=\"async\" class=\"mb-img-hover\" src=\"https:\/\/retina.ch\/wp-content\/uploads\/2020\/10\/icon-phone-yellow-400x400.png\" title=\"icon-phone-black\" width=\"512\" height=\"512\"   border=\"0\" \/><\/span><span class='mb-text' >Retina Suisse<\/span><span class=\"mb-text2\"  >Contact<\/span><\/a><\/span>\n<\/div>\n\n\n\n<div class=\"wp-block-column is-layout-flow wp-block-column-is-layout-flow\"><span class='maxbutton-3-container mb-container'><a class=\"maxbutton-3 maxbutton maxbutton-retina-suisse-mitgliedschaft\" title=\"Retina Suisse Mitgliedschaft\" href=\"\/mitgliedschaft\/\" data-maxbuttoncounter=\"{&quot;button_id&quot;:&quot;3&quot;,&quot;url&quot;:&quot;\\\/mitgliedschaft\\\/&quot;,&quot;check&quot;:&quot;Rweb1zDP&quot;}\" data-maxbuttonpage=\"{&quot;id&quot;:3691,&quot;type&quot;:&quot;agenda&quot;}\"><span class=\"mb-icon\"><img loading=\"lazy\" decoding=\"async\" class=\"mb-img\" src=\"https:\/\/retina.ch\/wp-content\/uploads\/2020\/10\/icon-users.png\" title=\"icon-users\" width=\"640\" height=\"512\"   border=\"0\" \/><\/span><span class=\"mb-icon-hover\"><img loading=\"lazy\" decoding=\"async\" class=\"mb-img-hover\" src=\"https:\/\/retina.ch\/wp-content\/uploads\/2020\/10\/icon-users-yellow.png\" title=\"icon-users\" width=\"640\" height=\"512\"   border=\"0\" \/><\/span><span class='mb-text' >Adh\u00e9rer \u00e0<\/span><span class=\"mb-text2\"  >Retina Suisse<\/span><\/a><\/span>\n<\/div>\n<\/div>\n","protected":false},"excerpt":{"rendered":"<p>L&#8217;\u0153il, organe aussi petit que complexe, aussi fascinant que myst\u00e9rieux, permet la vision du monde ext\u00e9rieur. Des cinq sens, il est celui qui s&#8217;est le plus d\u00e9velopp\u00e9 et diversifi\u00e9 au cours de l&#8217;\u00e9volution. L&#8217;\u0153il combine ainsi la physique optique et la biochimie pour capter chaque rayon de lumi\u00e8re et le transformer en image.<\/p>\n","protected":false},"featured_media":0,"template":"","meta":{"_acf_changed":false,"inline_featured_image":false,"_FSMCFIC_featured_image_caption":"","_FSMCFIC_featured_image_nocaption":"","_FSMCFIC_featured_image_hide":"","footnotes":"","_links_to":"","_links_to_target":""},"categories":[75],"class_list":["post-3691","agenda","type-agenda","status-publish","hentry","category-webinar"],"acf":[],"yoast_head":"<!-- This site is optimized with the Yoast SEO plugin v27.1.1 - https:\/\/yoast.com\/product\/yoast-seo-wordpress\/ -->\n<title>L\u2019\u0153il, organe de la vision &#8226; Retina Suisse<\/title>\n<meta name=\"robots\" content=\"index, follow, max-snippet:-1, max-image-preview:large, max-video-preview:-1\" \/>\n<link rel=\"canonical\" href=\"https:\/\/retina.ch\/it\/agenda\/loeil-organe-de-la-vision\/\" \/>\n<meta property=\"og:locale\" content=\"it_IT\" \/>\n<meta property=\"og:type\" content=\"article\" \/>\n<meta property=\"og:title\" content=\"L\u2019\u0153il, organe de la vision &#8226; Retina Suisse\" \/>\n<meta property=\"og:description\" content=\"L&#039;\u0153il, organe aussi petit que complexe, aussi fascinant que myst\u00e9rieux, permet la vision du monde ext\u00e9rieur. Des cinq sens, il est celui qui s&#039;est le plus d\u00e9velopp\u00e9 et diversifi\u00e9 au cours de l&#039;\u00e9volution. L&#039;\u0153il combine ainsi la physique optique et la biochimie pour capter chaque rayon de lumi\u00e8re et le transformer en image.\" \/>\n<meta property=\"og:url\" content=\"https:\/\/retina.ch\/it\/agenda\/loeil-organe-de-la-vision\/\" \/>\n<meta property=\"og:site_name\" content=\"Retina Suisse\" \/>\n<meta property=\"article:publisher\" content=\"https:\/\/www.facebook.com\/retinasuisse\/\" \/>\n<meta property=\"article:modified_time\" content=\"2022-11-23T14:29:51+00:00\" \/>\n<meta name=\"twitter:card\" content=\"summary_large_image\" \/>\n<meta name=\"twitter:label1\" content=\"Tempo di lettura stimato\" \/>\n\t<meta name=\"twitter:data1\" content=\"1 minuto\" \/>\n<script type=\"application\/ld+json\" class=\"yoast-schema-graph\">{\"@context\":\"https:\/\/schema.org\",\"@graph\":[{\"@type\":\"WebPage\",\"@id\":\"https:\/\/retina.ch\/it\/agenda\/loeil-organe-de-la-vision\/\",\"url\":\"https:\/\/retina.ch\/it\/agenda\/loeil-organe-de-la-vision\/\",\"name\":\"L\u2019\u0153il, organe de la vision &#8226; Retina Suisse\",\"isPartOf\":{\"@id\":\"https:\/\/retina.ch\/it\/#website\"},\"datePublished\":\"2020-11-10T14:20:50+00:00\",\"dateModified\":\"2022-11-23T14:29:51+00:00\",\"breadcrumb\":{\"@id\":\"https:\/\/retina.ch\/it\/agenda\/loeil-organe-de-la-vision\/#breadcrumb\"},\"inLanguage\":\"it-IT\",\"potentialAction\":[{\"@type\":\"ReadAction\",\"target\":[\"https:\/\/retina.ch\/it\/agenda\/loeil-organe-de-la-vision\/\"]}]},{\"@type\":\"BreadcrumbList\",\"@id\":\"https:\/\/retina.ch\/it\/agenda\/loeil-organe-de-la-vision\/#breadcrumb\",\"itemListElement\":[{\"@type\":\"ListItem\",\"position\":1,\"name\":\"Retina Suisse\",\"item\":\"https:\/\/retina.ch\/it\/\"},{\"@type\":\"ListItem\",\"position\":2,\"name\":\"L\u2019\u0153il, organe de la vision\"}]},{\"@type\":\"WebSite\",\"@id\":\"https:\/\/retina.ch\/it\/#website\",\"url\":\"https:\/\/retina.ch\/it\/\",\"name\":\"Retina Suisse\",\"description\":\"Retina Suisse ist die Vereinigung von Patientinnen und Patienten mit Retinitis pigmentosa (RP), Makuladegeneration, Usher-Syndrom und anderen Erkrankungen des Augenhintergrundes.\",\"publisher\":{\"@id\":\"https:\/\/retina.ch\/it\/#organization\"},\"potentialAction\":[{\"@type\":\"SearchAction\",\"target\":{\"@type\":\"EntryPoint\",\"urlTemplate\":\"https:\/\/retina.ch\/it\/?s={search_term_string}\"},\"query-input\":{\"@type\":\"PropertyValueSpecification\",\"valueRequired\":true,\"valueName\":\"search_term_string\"}}],\"inLanguage\":\"it-IT\"},{\"@type\":\"Organization\",\"@id\":\"https:\/\/retina.ch\/it\/#organization\",\"name\":\"Retina Suisse\",\"url\":\"https:\/\/retina.ch\/it\/\",\"logo\":{\"@type\":\"ImageObject\",\"inLanguage\":\"it-IT\",\"@id\":\"https:\/\/retina.ch\/it\/#\/schema\/logo\/image\/\",\"url\":\"https:\/\/retina.ch\/wp-content\/uploads\/2020\/09\/retina-auge-typo.svg\",\"contentUrl\":\"https:\/\/retina.ch\/wp-content\/uploads\/2020\/09\/retina-auge-typo.svg\",\"width\":\"1024\",\"height\":\"1024\",\"caption\":\"Retina Suisse\"},\"image\":{\"@id\":\"https:\/\/retina.ch\/it\/#\/schema\/logo\/image\/\"},\"sameAs\":[\"https:\/\/www.facebook.com\/retinasuisse\/\"]}]}<\/script>\n<!-- \/ Yoast SEO plugin. -->","yoast_head_json":{"title":"L\u2019\u0153il, organe de la vision &#8226; Retina Suisse","robots":{"index":"index","follow":"follow","max-snippet":"max-snippet:-1","max-image-preview":"max-image-preview:large","max-video-preview":"max-video-preview:-1"},"canonical":"https:\/\/retina.ch\/it\/agenda\/loeil-organe-de-la-vision\/","og_locale":"it_IT","og_type":"article","og_title":"L\u2019\u0153il, organe de la vision &#8226; Retina Suisse","og_description":"L'\u0153il, organe aussi petit que complexe, aussi fascinant que myst\u00e9rieux, permet la vision du monde ext\u00e9rieur. Des cinq sens, il est celui qui s'est le plus d\u00e9velopp\u00e9 et diversifi\u00e9 au cours de l'\u00e9volution. L'\u0153il combine ainsi la physique optique et la biochimie pour capter chaque rayon de lumi\u00e8re et le transformer en image.","og_url":"https:\/\/retina.ch\/it\/agenda\/loeil-organe-de-la-vision\/","og_site_name":"Retina Suisse","article_publisher":"https:\/\/www.facebook.com\/retinasuisse\/","article_modified_time":"2022-11-23T14:29:51+00:00","twitter_card":"summary_large_image","twitter_misc":{"Tempo di lettura stimato":"1 minuto"},"schema":{"@context":"https:\/\/schema.org","@graph":[{"@type":"WebPage","@id":"https:\/\/retina.ch\/it\/agenda\/loeil-organe-de-la-vision\/","url":"https:\/\/retina.ch\/it\/agenda\/loeil-organe-de-la-vision\/","name":"L\u2019\u0153il, organe de la vision &#8226; Retina Suisse","isPartOf":{"@id":"https:\/\/retina.ch\/it\/#website"},"datePublished":"2020-11-10T14:20:50+00:00","dateModified":"2022-11-23T14:29:51+00:00","breadcrumb":{"@id":"https:\/\/retina.ch\/it\/agenda\/loeil-organe-de-la-vision\/#breadcrumb"},"inLanguage":"it-IT","potentialAction":[{"@type":"ReadAction","target":["https:\/\/retina.ch\/it\/agenda\/loeil-organe-de-la-vision\/"]}]},{"@type":"BreadcrumbList","@id":"https:\/\/retina.ch\/it\/agenda\/loeil-organe-de-la-vision\/#breadcrumb","itemListElement":[{"@type":"ListItem","position":1,"name":"Retina Suisse","item":"https:\/\/retina.ch\/it\/"},{"@type":"ListItem","position":2,"name":"L\u2019\u0153il, organe de la vision"}]},{"@type":"WebSite","@id":"https:\/\/retina.ch\/it\/#website","url":"https:\/\/retina.ch\/it\/","name":"Retina Suisse","description":"Retina Suisse ist die Vereinigung von Patientinnen und Patienten mit Retinitis pigmentosa (RP), Makuladegeneration, Usher-Syndrom und anderen Erkrankungen des Augenhintergrundes.","publisher":{"@id":"https:\/\/retina.ch\/it\/#organization"},"potentialAction":[{"@type":"SearchAction","target":{"@type":"EntryPoint","urlTemplate":"https:\/\/retina.ch\/it\/?s={search_term_string}"},"query-input":{"@type":"PropertyValueSpecification","valueRequired":true,"valueName":"search_term_string"}}],"inLanguage":"it-IT"},{"@type":"Organization","@id":"https:\/\/retina.ch\/it\/#organization","name":"Retina Suisse","url":"https:\/\/retina.ch\/it\/","logo":{"@type":"ImageObject","inLanguage":"it-IT","@id":"https:\/\/retina.ch\/it\/#\/schema\/logo\/image\/","url":"https:\/\/retina.ch\/wp-content\/uploads\/2020\/09\/retina-auge-typo.svg","contentUrl":"https:\/\/retina.ch\/wp-content\/uploads\/2020\/09\/retina-auge-typo.svg","width":"1024","height":"1024","caption":"Retina Suisse"},"image":{"@id":"https:\/\/retina.ch\/it\/#\/schema\/logo\/image\/"},"sameAs":["https:\/\/www.facebook.com\/retinasuisse\/"]}]}},"_links":{"self":[{"href":"https:\/\/retina.ch\/it\/wp-json\/wp\/v2\/agenda\/3691","targetHints":{"allow":["GET"]}}],"collection":[{"href":"https:\/\/retina.ch\/it\/wp-json\/wp\/v2\/agenda"}],"about":[{"href":"https:\/\/retina.ch\/it\/wp-json\/wp\/v2\/types\/agenda"}],"version-history":[{"count":1,"href":"https:\/\/retina.ch\/it\/wp-json\/wp\/v2\/agenda\/3691\/revisions"}],"predecessor-version":[{"id":10022,"href":"https:\/\/retina.ch\/it\/wp-json\/wp\/v2\/agenda\/3691\/revisions\/10022"}],"wp:attachment":[{"href":"https:\/\/retina.ch\/it\/wp-json\/wp\/v2\/media?parent=3691"}],"wp:term":[{"taxonomy":"category","embeddable":true,"href":"https:\/\/retina.ch\/it\/wp-json\/wp\/v2\/categories?post=3691"}],"curies":[{"name":"wp","href":"https:\/\/api.w.org\/{rel}","templated":true}]}}