{"id":7586,"date":"2021-09-23T15:36:40","date_gmt":"2021-09-23T13:36:40","guid":{"rendered":"https:\/\/retina.ch\/agenda\/les-impacts-psychologiques-dun-handicap-visuel-au-quotidien-2\/"},"modified":"2021-10-21T09:02:37","modified_gmt":"2021-10-21T07:02:37","slug":"les-impacts-psychologiques-dun-handicap-visuel-au-quotidien","status":"publish","type":"agenda","link":"https:\/\/retina.ch\/it\/agenda\/les-impacts-psychologiques-dun-handicap-visuel-au-quotidien\/","title":{"rendered":"Les impacts psychologiques d&#8217;un handicap visuel au quotidien"},"content":{"rendered":"\n<p>Chaque individu est diff\u00e9rent, c&#8217;est pourquoi les difficult\u00e9s rencontr\u00e9es ne sont pas identiques d&#8217;une personne \u00e0 l&#8217;autre.<\/p>\n\n\n\n<p>Outre la notion d&#8217;int\u00e9gration du handicap, une personne mal ou non-voyante est confront\u00e9e aux notions d&#8217;Adaptation et de compensation au quotidien. En effet, les efforts \u00e0 fournir pour parvenir \u00e0 s&#8217;int\u00e9grer dans la soci\u00e9t\u00e9, \u00e0 \u00e9tudier, \u00e0 travailler, \u00e0 trouver sa place au sein d&#8217;un groupe, d&#8217;un couple etc. sont consid\u00e9rables et engendrent fr\u00e9quemment du stress et de la fatigue, pouvant aller jusqu&#8217;\u00e0 l&#8217;\u00e9puisement.<\/p>\n\n\n\n<p>Ces \u00e9l\u00e9ments ne sont pas \u00e0 n\u00e9gliger et un travail psychologique est possible, parfois m\u00eame indispensable, pour parvenir \u00e0 ma\u00eetriser ces diff\u00e9rentes \u00e9motions et \u00e0 d\u00e9velopper des strat\u00e9gies propres \u00e0 chacun.<\/p>\n\n\n\n<figure class=\"wp-block-embed is-type-video is-provider-vimeo wp-block-embed-vimeo wp-embed-aspect-16-9 wp-has-aspect-ratio\"><div class=\"wp-block-embed__wrapper\">\n <div class=\"brlbs-cmpnt-container brlbs-cmpnt-content-blocker brlbs-cmpnt-with-individual-styles\" data-borlabs-cookie-content-blocker-id=\"vimeo-content-blocker\" data-borlabs-cookie-content=\"CjxkaXYgZGF0YS1tb2RlPSJub3JtYWwiIGRhdGEtb2VtYmVkPSIxIiBkYXRhLXByb3ZpZGVyPSJ2aW1lbyIgaWQ9ImFydmUtdmltZW8tNjM3MzQ1ODkyIiBjbGFzcz0iYXJ2ZSI+Cgk8ZGl2IGNsYXNzPSJhcnZlLWlubmVyIj4KCQk8ZGl2IHN0eWxlPSJhc3BlY3QtcmF0aW86MzUwLzE5NyIgY2xhc3M9ImFydmUtZW1iZWQgYXJ2ZS1lbWJlZC0taGFzLWFzcGVjdC1yYXRpbyI+CgkJCTxkaXYgY2xhc3M9ImFydmUtYXIiIHN0eWxlPSJwYWRkaW5nLXRvcDo1Ni4yODU3MTQlIj48L2Rpdj4KCQkJPGlmcmFtZSBhbGxvdz0iYWNjZWxlcm9tZXRlciAmYXBvcztub25lJmFwb3M7O2F1dG9wbGF5ICZhcG9zO25vbmUmYXBvczs7Ymx1ZXRvb3RoICZhcG9zO25vbmUmYXBvczs7YnJvd3NpbmctdG9waWNzICZhcG9zO25vbmUmYXBvczs7Y2FtZXJhICZhcG9zO25vbmUmYXBvczs7Y2xpcGJvYXJkLXJlYWQgJmFwb3M7bm9uZSZhcG9zOztjbGlwYm9hcmQtd3JpdGU7ZGlzcGxheS1jYXB0dXJlICZhcG9zO25vbmUmYXBvczs7ZW5jcnlwdGVkLW1lZGlhICZhcG9zO25vbmUmYXBvczs7Z2FtZXBhZCAmYXBvcztub25lJmFwb3M7O2dlb2xvY2F0aW9uICZhcG9zO25vbmUmYXBvczs7Z3lyb3Njb3BlICZhcG9zO25vbmUmYXBvczs7aGlkICZhcG9zO25vbmUmYXBvczs7aWRlbnRpdHktY3JlZGVudGlhbHMtZ2V0ICZhcG9zO25vbmUmYXBvczs7aWRsZS1kZXRlY3Rpb24gJmFwb3M7bm9uZSZhcG9zOztrZXlib2FyZC1tYXAgJmFwb3M7bm9uZSZhcG9zOztsb2NhbC1mb250czttYWduZXRvbWV0ZXIgJmFwb3M7bm9uZSZhcG9zOzttaWNyb3Bob25lICZhcG9zO25vbmUmYXBvczs7bWlkaSAmYXBvcztub25lJmFwb3M7O290cC1jcmVkZW50aWFscyAmYXBvcztub25lJmFwb3M7O3BheW1lbnQgJmFwb3M7bm9uZSZhcG9zOztwaWN0dXJlLWluLXBpY3R1cmU7cHVibGlja2V5LWNyZWRlbnRpYWxzLWNyZWF0ZSAmYXBvcztub25lJmFwb3M7O3B1YmxpY2tleS1jcmVkZW50aWFscy1nZXQgJmFwb3M7bm9uZSZhcG9zOztzY3JlZW4td2FrZS1sb2NrICZhcG9zO25vbmUmYXBvczs7c2VyaWFsICZhcG9zO25vbmUmYXBvczs7c3VtbWFyaXplciAmYXBvcztub25lJmFwb3M7O3N5bmMteGhyO3VzYiAmYXBvcztub25lJmFwb3M7O3dlYi1zaGFyZTt3aW5kb3ctbWFuYWdlbWVudCAmYXBvcztub25lJmFwb3M7O3hyLXNwYXRpYWwtdHJhY2tpbmcgJmFwb3M7bm9uZSZhcG9zOzsiIGFsbG93ZnVsbHNjcmVlbj0iIiBjbGFzcz0iYXJ2ZS1pZnJhbWUgZml0dmlkc2lnbm9yZSIgY3JlZGVudGlhbGxlc3MgZGF0YS1hcnZlPSJhcnZlLXZpbWVvLTYzNzM0NTg5MiIgZGF0YS1sZW5pcy1wcmV2ZW50PSIiIGRhdGEtc3JjLW5vLWFwPSJodHRwczovL3BsYXllci52aW1lby5jb20vdmlkZW8vNjM3MzQ1ODkyP2RudD0xJmFtcDthcHBfaWQ9MTIyOTYzJmFtcDt0cmFuc3BhcmVudD0wJmFtcDt0aXRsZT0xJmFtcDtieWxpbmU9MCZhbXA7cG9ydHJhaXQ9MCZhbXA7YXV0b3BsYXk9MCIgZnJhbWVib3JkZXI9IjAiIGhlaWdodD0iMCIgbG9hZGluZz0ibGF6eSIgbmFtZT0iIiByZWZlcnJlcnBvbGljeT0ic3RyaWN0LW9yaWdpbi13aGVuLWNyb3NzLW9yaWdpbiIgc2FuZGJveD0iYWxsb3ctc2NyaXB0cyBhbGxvdy1zYW1lLW9yaWdpbiBhbGxvdy1wcmVzZW50YXRpb24gYWxsb3ctcG9wdXBzIGFsbG93LXBvcHVwcy10by1lc2NhcGUtc2FuZGJveCBhbGxvdy1mb3JtcyIgc2Nyb2xsaW5nPSJubyIgc3JjPSJodHRwczovL3BsYXllci52aW1lby5jb20vdmlkZW8vNjM3MzQ1ODkyP2RudD0xJiMwMzg7YXBwX2lkPTEyMjk2MyYjMDM4O3RyYW5zcGFyZW50PTAmIzAzODt0aXRsZT0xJiMwMzg7YnlsaW5lPTAmIzAzODtwb3J0cmFpdD0wJiMwMzg7YXV0b3BsYXk9MCIgdGl0bGU9IiIgd2lkdGg9IjAiPjwvaWZyYW1lPgoJCQkKCQk8L2Rpdj4KCQkKCTwvZGl2PgoJCgkKCTxzY3JpcHQgdHlwZT0iYXBwbGljYXRpb24vbGQranNvbiI+eyJAY29udGV4dCI6Imh0dHA6XC9cL3NjaGVtYS5vcmdcLyIsIkBpZCI6Imh0dHBzOlwvXC9yZXRpbmEuY2hcL2l0XC9hZ2VuZGFcL2xlcy1pbXBhY3RzLXBzeWNob2xvZ2lxdWVzLWR1bi1oYW5kaWNhcC12aXN1ZWwtYXUtcXVvdGlkaWVuXC8jYXJ2ZS12aW1lby02MzczNDU4OTIiLCJ0eXBlIjoiVmlkZW9PYmplY3QiLCJlbWJlZFVSTCI6Imh0dHBzOlwvXC9wbGF5ZXIudmltZW8uY29tXC92aWRlb1wvNjM3MzQ1ODkyP2RudD0xJmFwcF9pZD0xMjI5NjMmdHJhbnNwYXJlbnQ9MCZ0aXRsZT0xJmJ5bGluZT0wJnBvcnRyYWl0PTAmYXV0b3BsYXk9MCJ9PC9zY3JpcHQ+CgkKPC9kaXY+\"><div class=\"brlbs-cmpnt-cb-preset-c brlbs-cmpnt-cb-vimeo\"> <div class=\"brlbs-cmpnt-cb-thumbnail\" style=\"background-image: url('https:\/\/retina.ch\/wp-content\/uploads\/borlabs-cookie\/1\/vimeo_637345892.jpg')\"><\/div> <div class=\"brlbs-cmpnt-cb-main\"> <div class=\"brlbs-cmpnt-cb-play-button\"><\/div> <div class=\"brlbs-cmpnt-cb-content\"> <p class=\"brlbs-cmpnt-cb-description\">Stai visualizzando un contenuto segnaposto da <strong>Vimeo<\/strong>. Per accedere al contenuto effettivo, clicca sul pulsante sottostante. Si prega di notare che in questo modo si condividono i dati con provider di terze parti.<\/p> <a class=\"brlbs-cmpnt-cb-provider-toggle\" href=\"#\" data-borlabs-cookie-show-provider-information role=\"button\">Ulteriori informazioni<\/a> <\/div> <div class=\"brlbs-cmpnt-cb-buttons\"> <a class=\"brlbs-cmpnt-cb-btn\" href=\"#\" data-borlabs-cookie-unblock role=\"button\">Sblocca il contenuto<\/a> <a class=\"brlbs-cmpnt-cb-btn\" href=\"#\" data-borlabs-cookie-accept-service role=\"button\" style=\"display: inherit\">Accetta il servizio richiesto e sblocca i contenuti<\/a> <\/div> <\/div> <\/div><\/div>\n<\/div><\/figure>\n\n\n\n<p>Regardez ici l\u2019enregistrement de la conf\u00e9rence avec Vincent Ducommun, psychologue clinicien et psychoth\u00e9rapeute AVP-FSP.<\/p>\n\n\n\n<h4 class=\"wp-block-heading\"><strong>Plus d&#8217;information:<\/strong><\/h4>\n\n\n\n<ul class=\"wp-block-list\"><li>&#8220;<a href=\"https:\/\/retina.ch\/wp-content\/uploads\/2021\/09\/ducommun-article-f-2021.pdf\" target=\"_blank\" rel=\"noreferrer noopener\">Accepter, faire le deuil ou int\u00e9grer le handicap ?<\/a>&#8221; (Vincent Ducommun)<\/li><li><a href=\"https:\/\/vd-psy.com\/blog-version-multi\/\">Blog de Vincent Ducommun<\/a><\/li><\/ul>\n","protected":false},"excerpt":{"rendered":"<p>Outre la notion d&#8217;int\u00e9gration du handicap, une personne mal ou non-voyante est confront\u00e9e aux notions d&#8217;Adaptation et de compensation au quotidien. En effet, les efforts \u00e0 fournir pour parvenir \u00e0 s&#8217;int\u00e9grer dans la soci\u00e9t\u00e9 sont consid\u00e9rables et engendrent fr\u00e9quemment du stress et de la fatigue, pouvant aller jusqu&#8217;\u00e0 l&#8217;\u00e9puisement.<\/p>\n","protected":false},"featured_media":0,"template":"","meta":{"_acf_changed":false,"inline_featured_image":false,"_FSMCFIC_featured_image_caption":"","_FSMCFIC_featured_image_nocaption":"","_FSMCFIC_featured_image_hide":"","footnotes":"","_links_to":"","_links_to_target":""},"categories":[75],"class_list":["post-7586","agenda","type-agenda","status-publish","hentry","category-webinar"],"acf":[],"yoast_head":"<!-- This site is optimized with the Yoast SEO plugin v27.1.1 - https:\/\/yoast.com\/product\/yoast-seo-wordpress\/ -->\n<title>Les impacts psychologiques d&#039;un handicap visuel au quotidien<\/title>\n<meta name=\"description\" content=\"Webinaire du 19.10.2021 avec Vincent Ducommun sur les impacts psychologiques d&#039;un handicap visuel au quotidien.\" \/>\n<meta name=\"robots\" content=\"index, follow, max-snippet:-1, max-image-preview:large, max-video-preview:-1\" \/>\n<link rel=\"canonical\" href=\"https:\/\/retina.ch\/it\/agenda\/les-impacts-psychologiques-dun-handicap-visuel-au-quotidien\/\" \/>\n<meta property=\"og:locale\" content=\"it_IT\" \/>\n<meta property=\"og:type\" content=\"article\" \/>\n<meta property=\"og:title\" content=\"Les impacts psychologiques d&#039;un handicap visuel au quotidien\" \/>\n<meta property=\"og:description\" content=\"Webinaire du 19.10.2021 avec Vincent Ducommun sur les impacts psychologiques d&#039;un handicap visuel au quotidien.\" \/>\n<meta property=\"og:url\" content=\"https:\/\/retina.ch\/it\/agenda\/les-impacts-psychologiques-dun-handicap-visuel-au-quotidien\/\" \/>\n<meta property=\"og:site_name\" content=\"Retina Suisse\" \/>\n<meta property=\"article:publisher\" content=\"https:\/\/www.facebook.com\/retinasuisse\/\" \/>\n<meta property=\"article:modified_time\" content=\"2021-10-21T07:02:37+00:00\" \/>\n<meta name=\"twitter:card\" content=\"summary_large_image\" \/>\n<meta name=\"twitter:label1\" content=\"Tempo di lettura stimato\" \/>\n\t<meta name=\"twitter:data1\" content=\"1 minuto\" \/>\n<script type=\"application\/ld+json\" class=\"yoast-schema-graph\">{\"@context\":\"https:\/\/schema.org\",\"@graph\":[{\"@type\":\"WebPage\",\"@id\":\"https:\/\/retina.ch\/it\/agenda\/les-impacts-psychologiques-dun-handicap-visuel-au-quotidien\/\",\"url\":\"https:\/\/retina.ch\/it\/agenda\/les-impacts-psychologiques-dun-handicap-visuel-au-quotidien\/\",\"name\":\"Les impacts psychologiques d'un handicap visuel au quotidien\",\"isPartOf\":{\"@id\":\"https:\/\/retina.ch\/it\/#website\"},\"datePublished\":\"2021-09-23T13:36:40+00:00\",\"dateModified\":\"2021-10-21T07:02:37+00:00\",\"description\":\"Webinaire du 19.10.2021 avec Vincent Ducommun sur les impacts psychologiques d'un handicap visuel au quotidien.\",\"breadcrumb\":{\"@id\":\"https:\/\/retina.ch\/it\/agenda\/les-impacts-psychologiques-dun-handicap-visuel-au-quotidien\/#breadcrumb\"},\"inLanguage\":\"it-IT\",\"potentialAction\":[{\"@type\":\"ReadAction\",\"target\":[\"https:\/\/retina.ch\/it\/agenda\/les-impacts-psychologiques-dun-handicap-visuel-au-quotidien\/\"]}]},{\"@type\":\"BreadcrumbList\",\"@id\":\"https:\/\/retina.ch\/it\/agenda\/les-impacts-psychologiques-dun-handicap-visuel-au-quotidien\/#breadcrumb\",\"itemListElement\":[{\"@type\":\"ListItem\",\"position\":1,\"name\":\"Retina Suisse\",\"item\":\"https:\/\/retina.ch\/it\/\"},{\"@type\":\"ListItem\",\"position\":2,\"name\":\"Les impacts psychologiques d&#8217;un handicap visuel au quotidien\"}]},{\"@type\":\"WebSite\",\"@id\":\"https:\/\/retina.ch\/it\/#website\",\"url\":\"https:\/\/retina.ch\/it\/\",\"name\":\"Retina Suisse\",\"description\":\"Retina Suisse ist die Vereinigung von Patientinnen und Patienten mit Retinitis pigmentosa (RP), Makuladegeneration, Usher-Syndrom und anderen Erkrankungen des Augenhintergrundes.\",\"publisher\":{\"@id\":\"https:\/\/retina.ch\/it\/#organization\"},\"potentialAction\":[{\"@type\":\"SearchAction\",\"target\":{\"@type\":\"EntryPoint\",\"urlTemplate\":\"https:\/\/retina.ch\/it\/?s={search_term_string}\"},\"query-input\":{\"@type\":\"PropertyValueSpecification\",\"valueRequired\":true,\"valueName\":\"search_term_string\"}}],\"inLanguage\":\"it-IT\"},{\"@type\":\"Organization\",\"@id\":\"https:\/\/retina.ch\/it\/#organization\",\"name\":\"Retina Suisse\",\"url\":\"https:\/\/retina.ch\/it\/\",\"logo\":{\"@type\":\"ImageObject\",\"inLanguage\":\"it-IT\",\"@id\":\"https:\/\/retina.ch\/it\/#\/schema\/logo\/image\/\",\"url\":\"https:\/\/retina.ch\/wp-content\/uploads\/2020\/09\/retina-auge-typo.svg\",\"contentUrl\":\"https:\/\/retina.ch\/wp-content\/uploads\/2020\/09\/retina-auge-typo.svg\",\"width\":\"1024\",\"height\":\"1024\",\"caption\":\"Retina Suisse\"},\"image\":{\"@id\":\"https:\/\/retina.ch\/it\/#\/schema\/logo\/image\/\"},\"sameAs\":[\"https:\/\/www.facebook.com\/retinasuisse\/\"]}]}<\/script>\n<!-- \/ Yoast SEO plugin. -->","yoast_head_json":{"title":"Les impacts psychologiques d'un handicap visuel au quotidien","description":"Webinaire du 19.10.2021 avec Vincent Ducommun sur les impacts psychologiques d'un handicap visuel au quotidien.","robots":{"index":"index","follow":"follow","max-snippet":"max-snippet:-1","max-image-preview":"max-image-preview:large","max-video-preview":"max-video-preview:-1"},"canonical":"https:\/\/retina.ch\/it\/agenda\/les-impacts-psychologiques-dun-handicap-visuel-au-quotidien\/","og_locale":"it_IT","og_type":"article","og_title":"Les impacts psychologiques d'un handicap visuel au quotidien","og_description":"Webinaire du 19.10.2021 avec Vincent Ducommun sur les impacts psychologiques d'un handicap visuel au quotidien.","og_url":"https:\/\/retina.ch\/it\/agenda\/les-impacts-psychologiques-dun-handicap-visuel-au-quotidien\/","og_site_name":"Retina Suisse","article_publisher":"https:\/\/www.facebook.com\/retinasuisse\/","article_modified_time":"2021-10-21T07:02:37+00:00","twitter_card":"summary_large_image","twitter_misc":{"Tempo di lettura stimato":"1 minuto"},"schema":{"@context":"https:\/\/schema.org","@graph":[{"@type":"WebPage","@id":"https:\/\/retina.ch\/it\/agenda\/les-impacts-psychologiques-dun-handicap-visuel-au-quotidien\/","url":"https:\/\/retina.ch\/it\/agenda\/les-impacts-psychologiques-dun-handicap-visuel-au-quotidien\/","name":"Les impacts psychologiques d'un handicap visuel au quotidien","isPartOf":{"@id":"https:\/\/retina.ch\/it\/#website"},"datePublished":"2021-09-23T13:36:40+00:00","dateModified":"2021-10-21T07:02:37+00:00","description":"Webinaire du 19.10.2021 avec Vincent Ducommun sur les impacts psychologiques d'un handicap visuel au quotidien.","breadcrumb":{"@id":"https:\/\/retina.ch\/it\/agenda\/les-impacts-psychologiques-dun-handicap-visuel-au-quotidien\/#breadcrumb"},"inLanguage":"it-IT","potentialAction":[{"@type":"ReadAction","target":["https:\/\/retina.ch\/it\/agenda\/les-impacts-psychologiques-dun-handicap-visuel-au-quotidien\/"]}]},{"@type":"BreadcrumbList","@id":"https:\/\/retina.ch\/it\/agenda\/les-impacts-psychologiques-dun-handicap-visuel-au-quotidien\/#breadcrumb","itemListElement":[{"@type":"ListItem","position":1,"name":"Retina Suisse","item":"https:\/\/retina.ch\/it\/"},{"@type":"ListItem","position":2,"name":"Les impacts psychologiques d&#8217;un handicap visuel au quotidien"}]},{"@type":"WebSite","@id":"https:\/\/retina.ch\/it\/#website","url":"https:\/\/retina.ch\/it\/","name":"Retina Suisse","description":"Retina Suisse ist die Vereinigung von Patientinnen und Patienten mit Retinitis pigmentosa (RP), Makuladegeneration, Usher-Syndrom und anderen Erkrankungen des Augenhintergrundes.","publisher":{"@id":"https:\/\/retina.ch\/it\/#organization"},"potentialAction":[{"@type":"SearchAction","target":{"@type":"EntryPoint","urlTemplate":"https:\/\/retina.ch\/it\/?s={search_term_string}"},"query-input":{"@type":"PropertyValueSpecification","valueRequired":true,"valueName":"search_term_string"}}],"inLanguage":"it-IT"},{"@type":"Organization","@id":"https:\/\/retina.ch\/it\/#organization","name":"Retina Suisse","url":"https:\/\/retina.ch\/it\/","logo":{"@type":"ImageObject","inLanguage":"it-IT","@id":"https:\/\/retina.ch\/it\/#\/schema\/logo\/image\/","url":"https:\/\/retina.ch\/wp-content\/uploads\/2020\/09\/retina-auge-typo.svg","contentUrl":"https:\/\/retina.ch\/wp-content\/uploads\/2020\/09\/retina-auge-typo.svg","width":"1024","height":"1024","caption":"Retina Suisse"},"image":{"@id":"https:\/\/retina.ch\/it\/#\/schema\/logo\/image\/"},"sameAs":["https:\/\/www.facebook.com\/retinasuisse\/"]}]}},"_links":{"self":[{"href":"https:\/\/retina.ch\/it\/wp-json\/wp\/v2\/agenda\/7586","targetHints":{"allow":["GET"]}}],"collection":[{"href":"https:\/\/retina.ch\/it\/wp-json\/wp\/v2\/agenda"}],"about":[{"href":"https:\/\/retina.ch\/it\/wp-json\/wp\/v2\/types\/agenda"}],"version-history":[{"count":1,"href":"https:\/\/retina.ch\/it\/wp-json\/wp\/v2\/agenda\/7586\/revisions"}],"predecessor-version":[{"id":7589,"href":"https:\/\/retina.ch\/it\/wp-json\/wp\/v2\/agenda\/7586\/revisions\/7589"}],"wp:attachment":[{"href":"https:\/\/retina.ch\/it\/wp-json\/wp\/v2\/media?parent=7586"}],"wp:term":[{"taxonomy":"category","embeddable":true,"href":"https:\/\/retina.ch\/it\/wp-json\/wp\/v2\/categories?post=7586"}],"curies":[{"name":"wp","href":"https:\/\/api.w.org\/{rel}","templated":true}]}}