{"id":18312,"date":"2024-07-31T17:09:52","date_gmt":"2024-07-31T15:09:52","guid":{"rendered":"https:\/\/retina.ch\/?post_type=aktuelles&#038;p=18312"},"modified":"2024-07-31T21:42:51","modified_gmt":"2024-07-31T19:42:51","slug":"lignoranza-o-lorgoglio-impediscono-un-aiuto-migliore","status":"publish","type":"aktuelles","link":"https:\/\/retina.ch\/it\/attualita\/lignoranza-o-lorgoglio-impediscono-un-aiuto-migliore\/","title":{"rendered":"L\u2019ignoranza o l\u2019orgoglio impediscono un aiuto migliore"},"content":{"rendered":"\n<p><strong>Nei nostri consigli vi indichiamo chi ha diritto alle prestazioni complementari dell&#8217;AVS e chi dovrebbe averne diritto.<\/strong><\/p>\n\n\n\n<p>L\u2019anno scorso \u00e8 emerso un fatto inquietante: circa 230\u2019000 persone anziane che vivono a casa non ricevono alcuna prestazione complementare AVS (PC), anche quando ne avrebbero diritto. Lo dimostra uno studio dell\u2019Universit\u00e0 di scienze applicate di Zurigo pubblicato nell\u2019aprile del 2023 su mandato di Pro Senectute. E tra le persone interessate vi sono anche coloro che devono convivere con una disabilit\u00e0.<\/p>\n\n\n\n<p><strong>Chi rinuncia alle prestazioni complementari?<\/strong><\/p>\n\n\n\n<p>Molte persone anziane non conoscono il catalogo delle prestazioni AVS: secondo lo studio, \u00e8 questo il motivo principale dello \u00abstato di carenza\u00bb. Tuttavia, vi sono anche parecchie persone che rinunciano deliberatamente alle PC. I motivi sono l\u2019atteggiamento passivo (fare richiesta per le PC richiede iniziativa propria e un certo onere burocratico) o semplicemente l\u2019orgoglio (si preferisce rinunciare ad accettare denaro di terzi o non si vuole essere un peso per lo Stato).<\/p>\n\n\n\n<p>Altre ragioni sono sentimenti di vergogna oppure, nel caso di pensionate e pensionati stranieri, la paura di perdere il permesso di soggiorno. Sempre secondo lo studio, le persone prive di una formazione secondaria o terziaria, le vedove, le donne come pure le cittadine e i cittadini straniere\/i sono particolarmente ben rappresentati tra coloro che rinunciano alle PC. La maggior parte di loro vive in zone rurali.<\/p>\n\n\n\n<p>Lo studio afferma inoltre che a causa dell\u2019evoluzione demografica e della crescente inflazione, \u00e8 probabile che la necessit\u00e0 di prestazioni complementari aumenti ulteriormente in futuro.<\/p>\n\n\n\n<p><strong>Consigli per usufruire delle PC<\/strong><\/p>\n\n\n\n<p>Le prestazioni complementari non sono prestazioni di emergenza o di aiuto a persone indigenti. Si tratta piuttosto di un regolare mezzo per integrare le necessarie prestazioni AVS. Pertanto, non c\u2019\u00e8 motivo di vergognarsi o di sviluppare un inutile orgoglio.<\/p>\n\n\n\n<p>In linea di principio, tutte le persone le cui spese sono superiori alle loro entrate hanno diritto alle prestazioni complementari. Succede assai spesso che la rendita AVS sia completata da una cassa pensione modesta, quindi un miglioramento della situazione \u00e8 ragionevole.<\/p>\n\n\n\n<p>Un primo passo utile \u00e8 il calcolatore delle PC, messo a disposizione online dalla Confederazione. Pu\u00f2 essere utilizzato per verificare se sussiste un diritto alle prestazioni complementari. \u00c8 possibile inserire i dati in forma anonima sulla propria situazione di vita.<\/p>\n\n\n\n<p>Tuttavia, se si desiderano informazioni precise, occorre presentare una domanda, la quale d\u00e0 avvio a una procedura di verifica individuale. In questo caso, quali passi bisogna compiere? I documenti necessari per inoltrare la domanda si devono richiedere alla cassa di compensazione regionale. La domanda viene in seguito inoltrata assieme ad altri documenti richiesti. Successivamente si esamina ogni singolo caso: l\u2019esame determina se la\/il richiedente ha diritto alle PC e l\u2019esatto importo di tali prestazioni.<\/p>\n\n\n\n<p>Purtroppo, le persone che hanno diritto alle prestazioni complementari si sentono spesso sopraffatte dai moduli e dalle procedure amministrative. L\u2019organizzazione Pro Senectute, ad esempio, offre supporto per affrontare le procedure burocratiche di richiesta delle PC: si tratta di un servizio gratuito, offerto presso i 130 centri di consulenza.<\/p>\n\n\n\n<p><strong>Singoli casi senza diritto alle PC<\/strong><\/p>\n\n\n\n<p>Vi sono per\u00f2 anche persone che pur vivendo con pochi mezzi finanziari non hanno diritto alle PC. \u00c8 il caso, ad esempio, se si ha una\/un partner che potrebbe essere in grado di lavorare. Oppure se si ha speso, regalato o dato in eredit\u00e0 troppo denaro.<\/p>\n\n\n\n<p>Queste circostanze fanno s\u00ec che il denaro di cui poter disporre sia sensibilmente inferiore, ma al contempo non si possa far valere il diritto alle PC.<\/p>\n\n\n\n<p><a href=\"https:\/\/digitalcollection.zhaw.ch\/handle\/11475\/27747\">Lo studio<\/a> (tedesco)<\/p>\n\n\n\n<p><a href=\"https:\/\/finfo.zas.admin.ch\/orbeon\/fr\/AHV-IV\/EL_Tool_Version2024\/new?form-version=1\">Ho il diritto alle PC? Strumento di calcolo<\/a><\/p>\n\n\n\n<p><a href=\"https:\/\/www.prosenectute.ch\/it\/info\/finanze\/pc.html\">Informazioni di Pro Senectute sulle PC<\/a><a href=\"https:\/\/www.ahv-iv.ch\/it\/Assicurazioni-sociali\/Prestazioni-complementari-PC\">Spiegazioni dell\u2019AVS\/AI con video, schede informative e FAQ<\/a><\/p>\n","protected":false},"excerpt":{"rendered":"<p>Nei nostri consigli vi indichiamo chi ha diritto alle prestazioni complementari dell&#8217;AVS e chi dovrebbe averne diritto.<\/p>\n","protected":false},"featured_media":18810,"template":"","meta":{"_acf_changed":false,"inline_featured_image":false,"_FSMCFIC_featured_image_caption":"","_FSMCFIC_featured_image_nocaption":"","_FSMCFIC_featured_image_hide":"","footnotes":"","_links_to":"","_links_to_target":""},"categories":[143],"class_list":["post-18312","aktuelles","type-aktuelles","status-publish","has-post-thumbnail","hentry","category-consiglieri"],"acf":[],"yoast_head":"<!-- This site is optimized with the Yoast SEO plugin v27.1.1 - https:\/\/yoast.com\/product\/yoast-seo-wordpress\/ -->\n<title>L\u2019ignoranza o l\u2019orgoglio impediscono un aiuto migliore &#8226; Retina Suisse<\/title>\n<meta name=\"robots\" content=\"index, follow, max-snippet:-1, max-image-preview:large, max-video-preview:-1\" \/>\n<link rel=\"canonical\" href=\"https:\/\/retina.ch\/it\/attualita\/lignoranza-o-lorgoglio-impediscono-un-aiuto-migliore\/\" \/>\n<meta property=\"og:locale\" content=\"it_IT\" \/>\n<meta property=\"og:type\" content=\"article\" \/>\n<meta property=\"og:title\" content=\"L\u2019ignoranza o l\u2019orgoglio impediscono un aiuto migliore &#8226; Retina Suisse\" \/>\n<meta property=\"og:description\" content=\"Nei nostri consigli vi indichiamo chi ha diritto alle prestazioni complementari dell&#039;AVS e chi dovrebbe averne diritto.\" \/>\n<meta property=\"og:url\" content=\"https:\/\/retina.ch\/it\/attualita\/lignoranza-o-lorgoglio-impediscono-un-aiuto-migliore\/\" \/>\n<meta property=\"og:site_name\" content=\"Retina Suisse\" \/>\n<meta property=\"article:publisher\" content=\"https:\/\/www.facebook.com\/retinasuisse\/\" \/>\n<meta property=\"article:modified_time\" content=\"2024-07-31T19:42:51+00:00\" \/>\n<meta property=\"og:image\" content=\"https:\/\/retina.ch\/wp-content\/uploads\/2024\/09\/pexels-andrea-piacquadio-3768114-scaled.jpg\" \/>\n\t<meta property=\"og:image:width\" content=\"2560\" \/>\n\t<meta property=\"og:image:height\" content=\"1756\" \/>\n\t<meta property=\"og:image:type\" content=\"image\/jpeg\" \/>\n<meta name=\"twitter:card\" content=\"summary_large_image\" \/>\n<meta name=\"twitter:label1\" content=\"Tempo di lettura stimato\" \/>\n\t<meta name=\"twitter:data1\" content=\"4 minuti\" \/>\n<script type=\"application\/ld+json\" class=\"yoast-schema-graph\">{\"@context\":\"https:\/\/schema.org\",\"@graph\":[{\"@type\":\"WebPage\",\"@id\":\"https:\/\/retina.ch\/it\/attualita\/lignoranza-o-lorgoglio-impediscono-un-aiuto-migliore\/\",\"url\":\"https:\/\/retina.ch\/it\/attualita\/lignoranza-o-lorgoglio-impediscono-un-aiuto-migliore\/\",\"name\":\"L\u2019ignoranza o l\u2019orgoglio impediscono un aiuto migliore &#8226; Retina Suisse\",\"isPartOf\":{\"@id\":\"https:\/\/retina.ch\/it\/#website\"},\"primaryImageOfPage\":{\"@id\":\"https:\/\/retina.ch\/it\/attualita\/lignoranza-o-lorgoglio-impediscono-un-aiuto-migliore\/#primaryimage\"},\"image\":{\"@id\":\"https:\/\/retina.ch\/it\/attualita\/lignoranza-o-lorgoglio-impediscono-un-aiuto-migliore\/#primaryimage\"},\"thumbnailUrl\":\"https:\/\/retina.ch\/wp-content\/uploads\/2024\/09\/pexels-andrea-piacquadio-3768114-scaled.jpg\",\"datePublished\":\"2024-07-31T15:09:52+00:00\",\"dateModified\":\"2024-07-31T19:42:51+00:00\",\"breadcrumb\":{\"@id\":\"https:\/\/retina.ch\/it\/attualita\/lignoranza-o-lorgoglio-impediscono-un-aiuto-migliore\/#breadcrumb\"},\"inLanguage\":\"it-IT\",\"potentialAction\":[{\"@type\":\"ReadAction\",\"target\":[\"https:\/\/retina.ch\/it\/attualita\/lignoranza-o-lorgoglio-impediscono-un-aiuto-migliore\/\"]}]},{\"@type\":\"ImageObject\",\"inLanguage\":\"it-IT\",\"@id\":\"https:\/\/retina.ch\/it\/attualita\/lignoranza-o-lorgoglio-impediscono-un-aiuto-migliore\/#primaryimage\",\"url\":\"https:\/\/retina.ch\/wp-content\/uploads\/2024\/09\/pexels-andrea-piacquadio-3768114-scaled.jpg\",\"contentUrl\":\"https:\/\/retina.ch\/wp-content\/uploads\/2024\/09\/pexels-andrea-piacquadio-3768114-scaled.jpg\",\"width\":2560,\"height\":1756,\"caption\":\"Eine junge und eine alte\"},{\"@type\":\"BreadcrumbList\",\"@id\":\"https:\/\/retina.ch\/it\/attualita\/lignoranza-o-lorgoglio-impediscono-un-aiuto-migliore\/#breadcrumb\",\"itemListElement\":[{\"@type\":\"ListItem\",\"position\":1,\"name\":\"Retina Suisse\",\"item\":\"https:\/\/retina.ch\/it\/\"},{\"@type\":\"ListItem\",\"position\":2,\"name\":\"Attualit\u00e0\",\"item\":\"https:\/\/retina.ch\/it\/attualita\/\"},{\"@type\":\"ListItem\",\"position\":3,\"name\":\"L\u2019ignoranza o l\u2019orgoglio impediscono un aiuto migliore\"}]},{\"@type\":\"WebSite\",\"@id\":\"https:\/\/retina.ch\/it\/#website\",\"url\":\"https:\/\/retina.ch\/it\/\",\"name\":\"Retina Suisse\",\"description\":\"Retina Suisse ist die Vereinigung von Patientinnen und Patienten mit Retinitis pigmentosa (RP), Makuladegeneration, Usher-Syndrom und anderen Erkrankungen des Augenhintergrundes.\",\"publisher\":{\"@id\":\"https:\/\/retina.ch\/it\/#organization\"},\"potentialAction\":[{\"@type\":\"SearchAction\",\"target\":{\"@type\":\"EntryPoint\",\"urlTemplate\":\"https:\/\/retina.ch\/it\/?s={search_term_string}\"},\"query-input\":{\"@type\":\"PropertyValueSpecification\",\"valueRequired\":true,\"valueName\":\"search_term_string\"}}],\"inLanguage\":\"it-IT\"},{\"@type\":\"Organization\",\"@id\":\"https:\/\/retina.ch\/it\/#organization\",\"name\":\"Retina Suisse\",\"url\":\"https:\/\/retina.ch\/it\/\",\"logo\":{\"@type\":\"ImageObject\",\"inLanguage\":\"it-IT\",\"@id\":\"https:\/\/retina.ch\/it\/#\/schema\/logo\/image\/\",\"url\":\"https:\/\/retina.ch\/wp-content\/uploads\/2020\/09\/retina-auge-typo.svg\",\"contentUrl\":\"https:\/\/retina.ch\/wp-content\/uploads\/2020\/09\/retina-auge-typo.svg\",\"width\":\"1024\",\"height\":\"1024\",\"caption\":\"Retina Suisse\"},\"image\":{\"@id\":\"https:\/\/retina.ch\/it\/#\/schema\/logo\/image\/\"},\"sameAs\":[\"https:\/\/www.facebook.com\/retinasuisse\/\"]}]}<\/script>\n<!-- \/ Yoast SEO plugin. -->","yoast_head_json":{"title":"L\u2019ignoranza o l\u2019orgoglio impediscono un aiuto migliore &#8226; Retina Suisse","robots":{"index":"index","follow":"follow","max-snippet":"max-snippet:-1","max-image-preview":"max-image-preview:large","max-video-preview":"max-video-preview:-1"},"canonical":"https:\/\/retina.ch\/it\/attualita\/lignoranza-o-lorgoglio-impediscono-un-aiuto-migliore\/","og_locale":"it_IT","og_type":"article","og_title":"L\u2019ignoranza o l\u2019orgoglio impediscono un aiuto migliore &#8226; Retina Suisse","og_description":"Nei nostri consigli vi indichiamo chi ha diritto alle prestazioni complementari dell'AVS e chi dovrebbe averne diritto.","og_url":"https:\/\/retina.ch\/it\/attualita\/lignoranza-o-lorgoglio-impediscono-un-aiuto-migliore\/","og_site_name":"Retina Suisse","article_publisher":"https:\/\/www.facebook.com\/retinasuisse\/","article_modified_time":"2024-07-31T19:42:51+00:00","og_image":[{"width":2560,"height":1756,"url":"https:\/\/retina.ch\/wp-content\/uploads\/2024\/09\/pexels-andrea-piacquadio-3768114-scaled.jpg","type":"image\/jpeg"}],"twitter_card":"summary_large_image","twitter_misc":{"Tempo di lettura stimato":"4 minuti"},"schema":{"@context":"https:\/\/schema.org","@graph":[{"@type":"WebPage","@id":"https:\/\/retina.ch\/it\/attualita\/lignoranza-o-lorgoglio-impediscono-un-aiuto-migliore\/","url":"https:\/\/retina.ch\/it\/attualita\/lignoranza-o-lorgoglio-impediscono-un-aiuto-migliore\/","name":"L\u2019ignoranza o l\u2019orgoglio impediscono un aiuto migliore &#8226; Retina Suisse","isPartOf":{"@id":"https:\/\/retina.ch\/it\/#website"},"primaryImageOfPage":{"@id":"https:\/\/retina.ch\/it\/attualita\/lignoranza-o-lorgoglio-impediscono-un-aiuto-migliore\/#primaryimage"},"image":{"@id":"https:\/\/retina.ch\/it\/attualita\/lignoranza-o-lorgoglio-impediscono-un-aiuto-migliore\/#primaryimage"},"thumbnailUrl":"https:\/\/retina.ch\/wp-content\/uploads\/2024\/09\/pexels-andrea-piacquadio-3768114-scaled.jpg","datePublished":"2024-07-31T15:09:52+00:00","dateModified":"2024-07-31T19:42:51+00:00","breadcrumb":{"@id":"https:\/\/retina.ch\/it\/attualita\/lignoranza-o-lorgoglio-impediscono-un-aiuto-migliore\/#breadcrumb"},"inLanguage":"it-IT","potentialAction":[{"@type":"ReadAction","target":["https:\/\/retina.ch\/it\/attualita\/lignoranza-o-lorgoglio-impediscono-un-aiuto-migliore\/"]}]},{"@type":"ImageObject","inLanguage":"it-IT","@id":"https:\/\/retina.ch\/it\/attualita\/lignoranza-o-lorgoglio-impediscono-un-aiuto-migliore\/#primaryimage","url":"https:\/\/retina.ch\/wp-content\/uploads\/2024\/09\/pexels-andrea-piacquadio-3768114-scaled.jpg","contentUrl":"https:\/\/retina.ch\/wp-content\/uploads\/2024\/09\/pexels-andrea-piacquadio-3768114-scaled.jpg","width":2560,"height":1756,"caption":"Eine junge und eine alte"},{"@type":"BreadcrumbList","@id":"https:\/\/retina.ch\/it\/attualita\/lignoranza-o-lorgoglio-impediscono-un-aiuto-migliore\/#breadcrumb","itemListElement":[{"@type":"ListItem","position":1,"name":"Retina Suisse","item":"https:\/\/retina.ch\/it\/"},{"@type":"ListItem","position":2,"name":"Attualit\u00e0","item":"https:\/\/retina.ch\/it\/attualita\/"},{"@type":"ListItem","position":3,"name":"L\u2019ignoranza o l\u2019orgoglio impediscono un aiuto migliore"}]},{"@type":"WebSite","@id":"https:\/\/retina.ch\/it\/#website","url":"https:\/\/retina.ch\/it\/","name":"Retina Suisse","description":"Retina Suisse ist die Vereinigung von Patientinnen und Patienten mit Retinitis pigmentosa (RP), Makuladegeneration, Usher-Syndrom und anderen Erkrankungen des Augenhintergrundes.","publisher":{"@id":"https:\/\/retina.ch\/it\/#organization"},"potentialAction":[{"@type":"SearchAction","target":{"@type":"EntryPoint","urlTemplate":"https:\/\/retina.ch\/it\/?s={search_term_string}"},"query-input":{"@type":"PropertyValueSpecification","valueRequired":true,"valueName":"search_term_string"}}],"inLanguage":"it-IT"},{"@type":"Organization","@id":"https:\/\/retina.ch\/it\/#organization","name":"Retina Suisse","url":"https:\/\/retina.ch\/it\/","logo":{"@type":"ImageObject","inLanguage":"it-IT","@id":"https:\/\/retina.ch\/it\/#\/schema\/logo\/image\/","url":"https:\/\/retina.ch\/wp-content\/uploads\/2020\/09\/retina-auge-typo.svg","contentUrl":"https:\/\/retina.ch\/wp-content\/uploads\/2020\/09\/retina-auge-typo.svg","width":"1024","height":"1024","caption":"Retina Suisse"},"image":{"@id":"https:\/\/retina.ch\/it\/#\/schema\/logo\/image\/"},"sameAs":["https:\/\/www.facebook.com\/retinasuisse\/"]}]}},"_links":{"self":[{"href":"https:\/\/retina.ch\/it\/wp-json\/wp\/v2\/aktuelles\/18312","targetHints":{"allow":["GET"]}}],"collection":[{"href":"https:\/\/retina.ch\/it\/wp-json\/wp\/v2\/aktuelles"}],"about":[{"href":"https:\/\/retina.ch\/it\/wp-json\/wp\/v2\/types\/aktuelles"}],"version-history":[{"count":2,"href":"https:\/\/retina.ch\/it\/wp-json\/wp\/v2\/aktuelles\/18312\/revisions"}],"predecessor-version":[{"id":18354,"href":"https:\/\/retina.ch\/it\/wp-json\/wp\/v2\/aktuelles\/18312\/revisions\/18354"}],"wp:featuredmedia":[{"embeddable":true,"href":"https:\/\/retina.ch\/it\/wp-json\/wp\/v2\/media\/18810"}],"wp:attachment":[{"href":"https:\/\/retina.ch\/it\/wp-json\/wp\/v2\/media?parent=18312"}],"wp:term":[{"taxonomy":"category","embeddable":true,"href":"https:\/\/retina.ch\/it\/wp-json\/wp\/v2\/categories?post=18312"}],"curies":[{"name":"wp","href":"https:\/\/api.w.org\/{rel}","templated":true}]}}