{"id":18486,"date":"2024-08-19T13:39:08","date_gmt":"2024-08-19T11:39:08","guid":{"rendered":"https:\/\/retina.ch\/?post_type=aktuelles&#038;p=18486"},"modified":"2024-08-19T13:40:45","modified_gmt":"2024-08-19T11:40:45","slug":"mosche-volanti-nellocchio-un-motivo-di-preoccupazione-alcune-informazioni-sulle-opacita-del-corpo-vitreo","status":"publish","type":"aktuelles","link":"https:\/\/retina.ch\/it\/attualita\/mosche-volanti-nellocchio-un-motivo-di-preoccupazione-alcune-informazioni-sulle-opacita-del-corpo-vitreo\/","title":{"rendered":"\u00abMosche volanti\u00bb nell\u2019occhio \u2013 un motivo di preoccupazione? Alcune informazioni sulle opacit\u00e0 del corpo vitreo"},"content":{"rendered":"\n<p>Circa l\u201980% della popolazione conosce le \u00abmosche volanti\u00bb. Esse consistono in piccoli punti o filamenti mobili nel campo visivo, che le persone colpite percepiscono come opacit\u00e0 del corpo vitreo. Il corpo vitreo, che consiste in una massa gelatinosa, occupa circa i due terzi dell\u2019occhio. Nel corso degli anni qui possono formarsi degli addensamenti del tessuto, che offuscano il corpo vitreo causando questi sintomi. La fondazione \u00ab<a href=\"https:\/\/stiftung-auge.de\/\">Stiftung Auge<\/a>\u00bb spiega quando \u00e8 necessario un controllo medico e cosa si pu\u00f2 fare in caso di forti disturbi.<\/p>\n\n\n<div class=\"wp-block-image is-style-rounded\">\n<figure class=\"aligncenter size-large is-resized\"><img loading=\"lazy\" decoding=\"async\" width=\"1400\" height=\"875\" src=\"https:\/\/retina.ch\/wp-content\/uploads\/2024\/01\/mouches-volantes-und-russregen-1400x875.jpg\" alt=\"Immagine di un centro storico con case e un grande albero in primo piano. Macchie nere e opacit\u00e0 filiformi si muovono nell'campo visivo rendendo la vista difficile.\" class=\"wp-image-15319\" style=\"width:900px\" srcset=\"https:\/\/retina.ch\/wp-content\/uploads\/2024\/01\/mouches-volantes-und-russregen-1400x875.jpg 1400w, https:\/\/retina.ch\/wp-content\/uploads\/2024\/01\/mouches-volantes-und-russregen-400x250.jpg 400w, https:\/\/retina.ch\/wp-content\/uploads\/2024\/01\/mouches-volantes-und-russregen-500x313.jpg 500w, https:\/\/retina.ch\/wp-content\/uploads\/2024\/01\/mouches-volantes-und-russregen-768x480.jpg 768w, https:\/\/retina.ch\/wp-content\/uploads\/2024\/01\/mouches-volantes-und-russregen-1536x960.jpg 1536w, https:\/\/retina.ch\/wp-content\/uploads\/2024\/01\/mouches-volantes-und-russregen-2048x1280.jpg 2048w, https:\/\/retina.ch\/wp-content\/uploads\/2024\/01\/mouches-volantes-und-russregen-800x500.jpg 800w, https:\/\/retina.ch\/wp-content\/uploads\/2024\/01\/mouches-volantes-und-russregen-1280x800.jpg 1280w, https:\/\/retina.ch\/wp-content\/uploads\/2024\/01\/mouches-volantes-und-russregen-1920x1200.jpg 1920w\" sizes=\"auto, (max-width: 1400px) 100vw, 1400px\" \/><figcaption class=\"wp-element-caption\">Pioggia di fuliggine (macchie nere) e mosche voltanti (opacit\u00e0 filiformi)<\/figcaption><\/figure>\n<\/div>\n\n\n<p>Il corpo vitreo si trova nell\u2019occhio tra la lente e la retina. Con la sua massa gelatinosa, occupa circa i due terzi dell\u2019interno dell\u2019occhio. La massa gelatinosa \u00e8 composta principalmente di acqua, ma anche di piccole quantit\u00e0 di acido ialuronico e fibre di collagene. Nel corso della vita il corpo vitreo tende a liquefarsi e parte delle sue fibre si muovono dentro l\u2019occhio aggregandosi e formando ispessimenti del tessuto. Questi ultimi galleggiano nel liquido del corpo vitreo e sono percepiti dalle persone colpite come piccoli punti neri o, appunto, \u00abmosche volanti\u00bb (o \u00abmouches volantes\u00bb). \u00abLe opacit\u00e0 del corpo vitreo sono un sintomo molto diffuso dovuto all\u2019invecchiamento, che possono essere fastidiose, ma che di regola sono innocue\u00bb, spiega il professore Dr. Frank Holz, Presidente della fondazione \u00abStiftung Auge\u00bb e Direttore della clinica oftalmologica dell\u2019Ospedale universitario di Bonn. Ne \u00e8 colpito circa l\u201980% della popolazione.<\/p>\n\n\n\n<p>Spesso le opacit\u00e0 vitreali sono percepite solo in determinati periodi. Possono risultare particolarmente evidenti, ad esempio, quando si guarda una parete bianca o una superficie chiara. Quando il bulbo oculare si muove si spostano anche gli ispessimenti del tessuto e questo pu\u00f2 essere fastidioso. Solitamente essi non hanno alcun influsso sull\u2019acuit\u00e0 visiva. \u00abFortunatamente spesso ci si abitua. Il nostro cervello \u00e8 quindi in grado di nascondere le eventuali opacit\u00e0 con il tempo\u00bb, spiega l\u2019esperto.<\/p>\n\n\n\n<p>Di regola non sono necessari trattamenti speciali. In rari casi, in presenza di disturbi molto forti, \u00e8 possibile ricorrere a un intervento chirurgico. Nell\u2019ambito di una cosiddetta vitrectomia, il medico chirurgo rimuove il corpo vitreo, comprese le opacit\u00e0, e lo sostituisce con un liquido. A dipendenza del tipo e della localizzazione delle opacit\u00e0, per il trattamento pu\u00f2 essere utilizzata anche un\u2019innovativa procedura laser. Attraverso la vitreolisi effettuata con laser YAG, le opacit\u00e0 vengono frantumate mediante un laser al fine di ridurre l\u2019ispessimento del tessuto. \u00abNell\u2019ambito di un esame oftalmologico, il medico e il\/la paziente decidono insieme se questo trattamento \u00e8 opportuno\u00bb spiega il Prof. Holz.<\/p>\n\n\n\n<p>\u00abAnche quando le \u00abmosche volanti\u00bb si manifestano per la prima volta, l\u2019oftalmologo\/a deve dapprima escludere altre cause. Questo ci consente di riconoscere tempestivamente possibili malattie\u00bb, raccomanda il Prof. Gerd Geerling, portavoce della fondazione \u00abStiftung Auge\u00bb e direttore della clinica oftalmologia dell\u2019Ospedale universitario di D\u00fcsseldorf. Soprattutto i sintomi o i peggioramenti improvvisi devono essere presi sul serio. Ad esempio, i sintomi accompagnati da lampi di luce possono essere un segnale d\u2019allarme precoce di <a href=\"\/it?p=14089\">distacco della retina<\/a>. \u00abOggigiorno il rischio di distacco della retina o di altre malattie degli occhi pu\u00f2 essere trattato molto bene e rapidamente \u2013 l\u2019importante \u00e8 sempre rivolgersi tempestivamente a una\/un oftalmologo\/a\u00bb, aggiunge l\u2019esperto.<\/p>\n\n\n\n<p><strong>Fonte:<\/strong> Comunicato stampa stiftung-auge.de, Monaco, marzo 2024<\/p>\n","protected":false},"excerpt":{"rendered":"<p>Circa l\u201980% della popolazione conosce le \u00abmosche volanti\u00bb. Esse consistono in piccoli punti o filamenti mobili nel campo visivo, che le persone colpite percepiscono come opacit\u00e0 del corpo vitreo. Il corpo vitreo, che consiste in una massa gelatinosa, occupa circa i due terzi dell\u2019occhio. La fondazione \u00abStiftung Auge\u00bb spiega quando \u00e8 necessario un controllo medico e cosa si pu\u00f2 fare in caso di forti disturbi.<\/p>\n","protected":false},"featured_media":15319,"template":"","meta":{"_acf_changed":false,"inline_featured_image":false,"_FSMCFIC_featured_image_caption":"","_FSMCFIC_featured_image_nocaption":"1","_FSMCFIC_featured_image_hide":"","footnotes":"","_links_to":"","_links_to_target":""},"categories":[143],"class_list":["post-18486","aktuelles","type-aktuelles","status-publish","has-post-thumbnail","hentry","category-consiglieri"],"acf":[],"yoast_head":"<!-- This site is optimized with the Yoast SEO plugin v27.1.1 - https:\/\/yoast.com\/product\/yoast-seo-wordpress\/ -->\n<title>\u00abMosche volanti\u00bb nell\u2019occhio \u2013 un motivo di preoccupazione? Alcune informazioni sulle opacit\u00e0 del corpo vitreo &#8226; Retina Suisse<\/title>\n<meta name=\"robots\" content=\"index, follow, max-snippet:-1, max-image-preview:large, max-video-preview:-1\" \/>\n<link rel=\"canonical\" href=\"https:\/\/retina.ch\/it\/attualita\/mosche-volanti-nellocchio-un-motivo-di-preoccupazione-alcune-informazioni-sulle-opacita-del-corpo-vitreo\/\" \/>\n<meta property=\"og:locale\" content=\"it_IT\" \/>\n<meta property=\"og:type\" content=\"article\" \/>\n<meta property=\"og:title\" content=\"\u00abMosche volanti\u00bb nell\u2019occhio \u2013 un motivo di preoccupazione? Alcune informazioni sulle opacit\u00e0 del corpo vitreo &#8226; Retina Suisse\" \/>\n<meta property=\"og:description\" content=\"Circa l\u201980% della popolazione conosce le \u00abmosche volanti\u00bb. Esse consistono in piccoli punti o filamenti mobili nel campo visivo, che le persone colpite percepiscono come opacit\u00e0 del corpo vitreo. Il corpo vitreo, che consiste in una massa gelatinosa, occupa circa i due terzi dell\u2019occhio. La fondazione \u00abStiftung Auge\u00bb spiega quando \u00e8 necessario un controllo medico e cosa si pu\u00f2 fare in caso di forti disturbi.\" \/>\n<meta property=\"og:url\" content=\"https:\/\/retina.ch\/it\/attualita\/mosche-volanti-nellocchio-un-motivo-di-preoccupazione-alcune-informazioni-sulle-opacita-del-corpo-vitreo\/\" \/>\n<meta property=\"og:site_name\" content=\"Retina Suisse\" \/>\n<meta property=\"article:publisher\" content=\"https:\/\/www.facebook.com\/retinasuisse\/\" \/>\n<meta property=\"article:modified_time\" content=\"2024-08-19T11:40:45+00:00\" \/>\n<meta property=\"og:image\" content=\"https:\/\/retina.ch\/wp-content\/uploads\/2024\/01\/mouches-volantes-und-russregen.jpg\" \/>\n\t<meta property=\"og:image:width\" content=\"2244\" \/>\n\t<meta property=\"og:image:height\" content=\"1403\" \/>\n\t<meta property=\"og:image:type\" content=\"image\/jpeg\" \/>\n<meta name=\"twitter:card\" content=\"summary_large_image\" \/>\n<meta name=\"twitter:label1\" content=\"Tempo di lettura stimato\" \/>\n\t<meta name=\"twitter:data1\" content=\"4 minuti\" \/>\n<script type=\"application\/ld+json\" class=\"yoast-schema-graph\">{\"@context\":\"https:\/\/schema.org\",\"@graph\":[{\"@type\":\"WebPage\",\"@id\":\"https:\/\/retina.ch\/it\/attualita\/mosche-volanti-nellocchio-un-motivo-di-preoccupazione-alcune-informazioni-sulle-opacita-del-corpo-vitreo\/\",\"url\":\"https:\/\/retina.ch\/it\/attualita\/mosche-volanti-nellocchio-un-motivo-di-preoccupazione-alcune-informazioni-sulle-opacita-del-corpo-vitreo\/\",\"name\":\"\u00abMosche volanti\u00bb nell\u2019occhio \u2013 un motivo di preoccupazione? Alcune informazioni sulle opacit\u00e0 del corpo vitreo &#8226; Retina Suisse\",\"isPartOf\":{\"@id\":\"https:\/\/retina.ch\/it\/#website\"},\"primaryImageOfPage\":{\"@id\":\"https:\/\/retina.ch\/it\/attualita\/mosche-volanti-nellocchio-un-motivo-di-preoccupazione-alcune-informazioni-sulle-opacita-del-corpo-vitreo\/#primaryimage\"},\"image\":{\"@id\":\"https:\/\/retina.ch\/it\/attualita\/mosche-volanti-nellocchio-un-motivo-di-preoccupazione-alcune-informazioni-sulle-opacita-del-corpo-vitreo\/#primaryimage\"},\"thumbnailUrl\":\"https:\/\/retina.ch\/wp-content\/uploads\/2024\/01\/mouches-volantes-und-russregen.jpg\",\"datePublished\":\"2024-08-19T11:39:08+00:00\",\"dateModified\":\"2024-08-19T11:40:45+00:00\",\"breadcrumb\":{\"@id\":\"https:\/\/retina.ch\/it\/attualita\/mosche-volanti-nellocchio-un-motivo-di-preoccupazione-alcune-informazioni-sulle-opacita-del-corpo-vitreo\/#breadcrumb\"},\"inLanguage\":\"it-IT\",\"potentialAction\":[{\"@type\":\"ReadAction\",\"target\":[\"https:\/\/retina.ch\/it\/attualita\/mosche-volanti-nellocchio-un-motivo-di-preoccupazione-alcune-informazioni-sulle-opacita-del-corpo-vitreo\/\"]}]},{\"@type\":\"ImageObject\",\"inLanguage\":\"it-IT\",\"@id\":\"https:\/\/retina.ch\/it\/attualita\/mosche-volanti-nellocchio-un-motivo-di-preoccupazione-alcune-informazioni-sulle-opacita-del-corpo-vitreo\/#primaryimage\",\"url\":\"https:\/\/retina.ch\/wp-content\/uploads\/2024\/01\/mouches-volantes-und-russregen.jpg\",\"contentUrl\":\"https:\/\/retina.ch\/wp-content\/uploads\/2024\/01\/mouches-volantes-und-russregen.jpg\",\"width\":2244,\"height\":1403,\"caption\":\"Russregen (schwarze Flecken) und Mouches volantes (faden\u00e4hnliche Tr\u00fcbungen)\"},{\"@type\":\"BreadcrumbList\",\"@id\":\"https:\/\/retina.ch\/it\/attualita\/mosche-volanti-nellocchio-un-motivo-di-preoccupazione-alcune-informazioni-sulle-opacita-del-corpo-vitreo\/#breadcrumb\",\"itemListElement\":[{\"@type\":\"ListItem\",\"position\":1,\"name\":\"Retina Suisse\",\"item\":\"https:\/\/retina.ch\/it\/\"},{\"@type\":\"ListItem\",\"position\":2,\"name\":\"Attualit\u00e0\",\"item\":\"https:\/\/retina.ch\/it\/attualita\/\"},{\"@type\":\"ListItem\",\"position\":3,\"name\":\"\u00abMosche volanti\u00bb nell\u2019occhio \u2013 un motivo di preoccupazione? Alcune informazioni sulle opacit\u00e0 del corpo vitreo\"}]},{\"@type\":\"WebSite\",\"@id\":\"https:\/\/retina.ch\/it\/#website\",\"url\":\"https:\/\/retina.ch\/it\/\",\"name\":\"Retina Suisse\",\"description\":\"Retina Suisse ist die Vereinigung von Patientinnen und Patienten mit Retinitis pigmentosa (RP), Makuladegeneration, Usher-Syndrom und anderen Erkrankungen des Augenhintergrundes.\",\"publisher\":{\"@id\":\"https:\/\/retina.ch\/it\/#organization\"},\"potentialAction\":[{\"@type\":\"SearchAction\",\"target\":{\"@type\":\"EntryPoint\",\"urlTemplate\":\"https:\/\/retina.ch\/it\/?s={search_term_string}\"},\"query-input\":{\"@type\":\"PropertyValueSpecification\",\"valueRequired\":true,\"valueName\":\"search_term_string\"}}],\"inLanguage\":\"it-IT\"},{\"@type\":\"Organization\",\"@id\":\"https:\/\/retina.ch\/it\/#organization\",\"name\":\"Retina Suisse\",\"url\":\"https:\/\/retina.ch\/it\/\",\"logo\":{\"@type\":\"ImageObject\",\"inLanguage\":\"it-IT\",\"@id\":\"https:\/\/retina.ch\/it\/#\/schema\/logo\/image\/\",\"url\":\"https:\/\/retina.ch\/wp-content\/uploads\/2020\/09\/retina-auge-typo.svg\",\"contentUrl\":\"https:\/\/retina.ch\/wp-content\/uploads\/2020\/09\/retina-auge-typo.svg\",\"width\":\"1024\",\"height\":\"1024\",\"caption\":\"Retina Suisse\"},\"image\":{\"@id\":\"https:\/\/retina.ch\/it\/#\/schema\/logo\/image\/\"},\"sameAs\":[\"https:\/\/www.facebook.com\/retinasuisse\/\"]}]}<\/script>\n<!-- \/ Yoast SEO plugin. -->","yoast_head_json":{"title":"\u00abMosche volanti\u00bb nell\u2019occhio \u2013 un motivo di preoccupazione? Alcune informazioni sulle opacit\u00e0 del corpo vitreo &#8226; Retina Suisse","robots":{"index":"index","follow":"follow","max-snippet":"max-snippet:-1","max-image-preview":"max-image-preview:large","max-video-preview":"max-video-preview:-1"},"canonical":"https:\/\/retina.ch\/it\/attualita\/mosche-volanti-nellocchio-un-motivo-di-preoccupazione-alcune-informazioni-sulle-opacita-del-corpo-vitreo\/","og_locale":"it_IT","og_type":"article","og_title":"\u00abMosche volanti\u00bb nell\u2019occhio \u2013 un motivo di preoccupazione? Alcune informazioni sulle opacit\u00e0 del corpo vitreo &#8226; Retina Suisse","og_description":"Circa l\u201980% della popolazione conosce le \u00abmosche volanti\u00bb. Esse consistono in piccoli punti o filamenti mobili nel campo visivo, che le persone colpite percepiscono come opacit\u00e0 del corpo vitreo. Il corpo vitreo, che consiste in una massa gelatinosa, occupa circa i due terzi dell\u2019occhio. La fondazione \u00abStiftung Auge\u00bb spiega quando \u00e8 necessario un controllo medico e cosa si pu\u00f2 fare in caso di forti disturbi.","og_url":"https:\/\/retina.ch\/it\/attualita\/mosche-volanti-nellocchio-un-motivo-di-preoccupazione-alcune-informazioni-sulle-opacita-del-corpo-vitreo\/","og_site_name":"Retina Suisse","article_publisher":"https:\/\/www.facebook.com\/retinasuisse\/","article_modified_time":"2024-08-19T11:40:45+00:00","og_image":[{"width":2244,"height":1403,"url":"https:\/\/retina.ch\/wp-content\/uploads\/2024\/01\/mouches-volantes-und-russregen.jpg","type":"image\/jpeg"}],"twitter_card":"summary_large_image","twitter_misc":{"Tempo di lettura stimato":"4 minuti"},"schema":{"@context":"https:\/\/schema.org","@graph":[{"@type":"WebPage","@id":"https:\/\/retina.ch\/it\/attualita\/mosche-volanti-nellocchio-un-motivo-di-preoccupazione-alcune-informazioni-sulle-opacita-del-corpo-vitreo\/","url":"https:\/\/retina.ch\/it\/attualita\/mosche-volanti-nellocchio-un-motivo-di-preoccupazione-alcune-informazioni-sulle-opacita-del-corpo-vitreo\/","name":"\u00abMosche volanti\u00bb nell\u2019occhio \u2013 un motivo di preoccupazione? Alcune informazioni sulle opacit\u00e0 del corpo vitreo &#8226; Retina Suisse","isPartOf":{"@id":"https:\/\/retina.ch\/it\/#website"},"primaryImageOfPage":{"@id":"https:\/\/retina.ch\/it\/attualita\/mosche-volanti-nellocchio-un-motivo-di-preoccupazione-alcune-informazioni-sulle-opacita-del-corpo-vitreo\/#primaryimage"},"image":{"@id":"https:\/\/retina.ch\/it\/attualita\/mosche-volanti-nellocchio-un-motivo-di-preoccupazione-alcune-informazioni-sulle-opacita-del-corpo-vitreo\/#primaryimage"},"thumbnailUrl":"https:\/\/retina.ch\/wp-content\/uploads\/2024\/01\/mouches-volantes-und-russregen.jpg","datePublished":"2024-08-19T11:39:08+00:00","dateModified":"2024-08-19T11:40:45+00:00","breadcrumb":{"@id":"https:\/\/retina.ch\/it\/attualita\/mosche-volanti-nellocchio-un-motivo-di-preoccupazione-alcune-informazioni-sulle-opacita-del-corpo-vitreo\/#breadcrumb"},"inLanguage":"it-IT","potentialAction":[{"@type":"ReadAction","target":["https:\/\/retina.ch\/it\/attualita\/mosche-volanti-nellocchio-un-motivo-di-preoccupazione-alcune-informazioni-sulle-opacita-del-corpo-vitreo\/"]}]},{"@type":"ImageObject","inLanguage":"it-IT","@id":"https:\/\/retina.ch\/it\/attualita\/mosche-volanti-nellocchio-un-motivo-di-preoccupazione-alcune-informazioni-sulle-opacita-del-corpo-vitreo\/#primaryimage","url":"https:\/\/retina.ch\/wp-content\/uploads\/2024\/01\/mouches-volantes-und-russregen.jpg","contentUrl":"https:\/\/retina.ch\/wp-content\/uploads\/2024\/01\/mouches-volantes-und-russregen.jpg","width":2244,"height":1403,"caption":"Russregen (schwarze Flecken) und Mouches volantes (faden\u00e4hnliche Tr\u00fcbungen)"},{"@type":"BreadcrumbList","@id":"https:\/\/retina.ch\/it\/attualita\/mosche-volanti-nellocchio-un-motivo-di-preoccupazione-alcune-informazioni-sulle-opacita-del-corpo-vitreo\/#breadcrumb","itemListElement":[{"@type":"ListItem","position":1,"name":"Retina Suisse","item":"https:\/\/retina.ch\/it\/"},{"@type":"ListItem","position":2,"name":"Attualit\u00e0","item":"https:\/\/retina.ch\/it\/attualita\/"},{"@type":"ListItem","position":3,"name":"\u00abMosche volanti\u00bb nell\u2019occhio \u2013 un motivo di preoccupazione? Alcune informazioni sulle opacit\u00e0 del corpo vitreo"}]},{"@type":"WebSite","@id":"https:\/\/retina.ch\/it\/#website","url":"https:\/\/retina.ch\/it\/","name":"Retina Suisse","description":"Retina Suisse ist die Vereinigung von Patientinnen und Patienten mit Retinitis pigmentosa (RP), Makuladegeneration, Usher-Syndrom und anderen Erkrankungen des Augenhintergrundes.","publisher":{"@id":"https:\/\/retina.ch\/it\/#organization"},"potentialAction":[{"@type":"SearchAction","target":{"@type":"EntryPoint","urlTemplate":"https:\/\/retina.ch\/it\/?s={search_term_string}"},"query-input":{"@type":"PropertyValueSpecification","valueRequired":true,"valueName":"search_term_string"}}],"inLanguage":"it-IT"},{"@type":"Organization","@id":"https:\/\/retina.ch\/it\/#organization","name":"Retina Suisse","url":"https:\/\/retina.ch\/it\/","logo":{"@type":"ImageObject","inLanguage":"it-IT","@id":"https:\/\/retina.ch\/it\/#\/schema\/logo\/image\/","url":"https:\/\/retina.ch\/wp-content\/uploads\/2020\/09\/retina-auge-typo.svg","contentUrl":"https:\/\/retina.ch\/wp-content\/uploads\/2020\/09\/retina-auge-typo.svg","width":"1024","height":"1024","caption":"Retina Suisse"},"image":{"@id":"https:\/\/retina.ch\/it\/#\/schema\/logo\/image\/"},"sameAs":["https:\/\/www.facebook.com\/retinasuisse\/"]}]}},"_links":{"self":[{"href":"https:\/\/retina.ch\/it\/wp-json\/wp\/v2\/aktuelles\/18486","targetHints":{"allow":["GET"]}}],"collection":[{"href":"https:\/\/retina.ch\/it\/wp-json\/wp\/v2\/aktuelles"}],"about":[{"href":"https:\/\/retina.ch\/it\/wp-json\/wp\/v2\/types\/aktuelles"}],"version-history":[{"count":8,"href":"https:\/\/retina.ch\/it\/wp-json\/wp\/v2\/aktuelles\/18486\/revisions"}],"predecessor-version":[{"id":18497,"href":"https:\/\/retina.ch\/it\/wp-json\/wp\/v2\/aktuelles\/18486\/revisions\/18497"}],"wp:featuredmedia":[{"embeddable":true,"href":"https:\/\/retina.ch\/it\/wp-json\/wp\/v2\/media\/15319"}],"wp:attachment":[{"href":"https:\/\/retina.ch\/it\/wp-json\/wp\/v2\/media?parent=18486"}],"wp:term":[{"taxonomy":"category","embeddable":true,"href":"https:\/\/retina.ch\/it\/wp-json\/wp\/v2\/categories?post=18486"}],"curies":[{"name":"wp","href":"https:\/\/api.w.org\/{rel}","templated":true}]}}