{"id":11085,"date":"2023-04-14T14:45:17","date_gmt":"2023-04-14T12:45:17","guid":{"rendered":"https:\/\/dev.retina.ch\/?post_type=medienmitteilung&#038;p=11085"},"modified":"2023-04-17T15:32:01","modified_gmt":"2023-04-17T13:32:01","slug":"il-registro-dei-pazienti-aiuta-i-pazienti-stessi","status":"publish","type":"medienmitteilung","link":"https:\/\/retina.ch\/it\/comunicato-stampa\/il-registro-dei-pazienti-aiuta-i-pazienti-stessi\/","title":{"rendered":"Il registro dei pazienti aiuta \u2013 i pazienti stessi"},"content":{"rendered":"\n<p class=\"has-medium-font-size\"><strong><strong><strong>Raccogliere in un registro i dati concernenti pazienti colpiti da malattie rare \u00e8 molto utile per la ricerca. Ma anche per queste stesse persone: nel campo delle patologie oculari ereditarie, ad esempio, il registro permette loro di ottenere informazioni aggiornate sulle novit\u00e0 che possono delinearsi su diversi fronti quali le analisi genetiche, gli studi clinici e le opzioni terapeutiche.<\/strong><\/strong><\/strong><\/p>\n\n\n\n<p>Zurigo, 15.3.2023<\/p>\n\n\n\n<p>Una malattia \u00e8 considerata rara se colpisce meno di cinque persone su 10\u2019000. Gli svantaggi sono evidenti: poich\u00e9 concerne poche persone, le risorse a disposizione per la ricerca e la terapia sono altrettanto scarse.<\/p>\n\n\n\n<p>Nel solo campo dell\u2019oftalmologia si contano oltre 900 patologie. La maggior parte di esse si manifesta raramente o molto raramente e si tratta soprattutto di patologie che hanno una causa genetica e che sovente colpiscono la retina.<\/p>\n\n\n\n<p>A tutt\u2019oggi sono stati individuati oltre 350 geni all\u2019origine di patologie retiniche. Purtroppo la questione si complica ulteriormente: geni diversi possono essere responsabili di una stessa patologia (si parla di genotipo) e un singolo gene pu\u00f2 a sua volta causare malattie diverse (fenotipo).<\/p>\n\n\n\n<p><strong>L\u2019analisi genetica e la diagnosi sono strettamente correlate<\/strong><\/p>\n\n\n\n<p>Poich\u00e9 nel campo delle malattie della retina la situazione diventa rapidamente complessa, l\u2019analisi genetica \u00e8 importante non solo a scopo di ricerca ma anche per la diagnosi finale posta dall\u2019oftalmologa o dall\u2019oftalmologo. Poter contare su una banca dati, infatti, rende la diagnosi pi\u00f9 sicura, poich\u00e9 ogni informazione acquisita, per quanto piccola, pu\u00f2 contribuire al miglioramento delle procedure diagnostiche e delle possibili terapie.<\/p>\n\n\n\n<p>Un esempio: la diagnosi \u00abretinite pigmentosa\u00bb si riferisce a un intero gruppo di degenerazioni retiniche ereditarie, ma non dice nulla in merito al decorso della malattia o alla sua trasmissibilit\u00e0 ereditaria. Per approfondire questi aspetti occorre, appunto, un\u2019analisi genetica. Grazie alla tecnologia pi\u00f9 recente, \u00e8 possibile diagnosticare la maggior parte delle mutazioni genetiche, e pi\u00f9 i registri di dati sono collegati tra loro, meglio \u00e8. Questo permette di stabilire diagnosi estremamente accurate.<\/p>\n\n\n\n<p><strong>Dal 2018 si sta lavorando alla banca dati<\/strong><\/p>\n\n\n\n<p>Per tutte queste ragioni, dal 2018 Retina Suisse appoggia l\u2019istituzione, presso l\u2019Inselspital di Berna, di un registro dei pazienti, nel quale riunire tutti i referti genetici di persone colpite da malattie oculari rare. Al momento il registro conta circa 1600 descrizioni di casi.<\/p>\n\n\n\n<p>L\u2019obiettivo di questo strumento \u00e8 raccogliere informazioni sulle malattie rare degli occhi diagnosticate in tutta la Svizzera. In particolare, sul tipo e sulla frequenza delle distrofie retiniche, ma anche di altre malattie oculari.<\/p>\n\n\n\n<p>Finora non esisteva alcun registro centralizzato che riunisse i dati concernenti persone colpite da una particolare malattia, con la relativa mutazione genetica. Il raggruppamento di dati attualmente in corso dovrebbe incentivare l\u2019avvio di ricerche scientifiche in Svizzera.<\/p>\n\n\n\n<p><strong>Partecipazione a studi clinici e nuove terapie<\/strong><\/p>\n\n\n\n<p>Ad esempio: non appena Retina Suisse sar\u00e0 al corrente di un esperimento clinico in programma, potr\u00e0 informare direttamente le persone che figurano nel registro, nell\u2019eventualit\u00e0 che vogliano prendervi parte. Lo stesso vale, ovviamente, quando vengono sviluppate nuove terapie per una determinata malattia e si cercano volontarie e volontari per determinati test. Si prevede inoltre di integrare la banca dati di Retina Suisse nel Registro svizzero delle malattie rare (RSMR), attualmente in fase di preparazione presso l\u2019Istituto di medicina sociale e preventiva (ISPM) dell\u2019Inselspital di Berna.<\/p>\n\n\n\n<div style=\"height:50px\" aria-hidden=\"true\" class=\"wp-block-spacer\"><\/div>\n\n\n\n<p><strong>Informazioni e approfondimenti <a href=\"http:\/\/www.retina.ch\/it\/ricerca\/registro-dei-pazienti\">sul registro dei pazienti di Retina Suisse<\/a><\/strong><\/p>\n\n\n\n<p><strong>Per chi desidera invece chiamarci o scriverci<\/strong><br>Stephan H\u00fcsler, direttore Retina Suisse: 044 444 10 72, <a href=\"mailto:stephan.huesler@retina.ch\">stephan.huesler@retina.ch<\/a><br>Peter Jankovsky, incaricato comunicazione: 044 444 10 79 o 076 334 90 82, <a href=\"mailto:peter.jankovsky@retina.ch\">peter.jankovsky@retina.ch<\/a><\/p>\n\n\n\n<div style=\"height:100px\" aria-hidden=\"true\" class=\"wp-block-spacer\"><\/div>\n\n\n\n<p><strong>Retina Suisse<\/strong> \u00e8 l\u2019unica associazione di pazienti con malattie della retina e altre malattie del fondo dell\u2019occhio attiva in Svizzera. Senza scopo di lucro, \u00e8 stata fondata nel 1979 e conta circa 1600 membri in tutta la Svizzera.<\/p>\n","protected":false},"excerpt":{"rendered":"<p>Grazie a una banca dati per registrare le malattie rare i pazienti sono rapidamente informati quando si presentano nuovi tipi di analisi o di terapie.<\/p>\n","protected":false},"featured_media":11115,"template":"","meta":{"_acf_changed":false,"inline_featured_image":false,"_FSMCFIC_featured_image_caption":"","_FSMCFIC_featured_image_nocaption":"","_FSMCFIC_featured_image_hide":"","footnotes":"","_links_to":"","_links_to_target":""},"categories":[150,143],"class_list":["post-11085","medienmitteilung","type-medienmitteilung","status-publish","has-post-thumbnail","hentry","category-comunicato-stampa","category-consiglieri"],"acf":[],"yoast_head":"<!-- This site is optimized with the Yoast SEO plugin v27.1.1 - https:\/\/yoast.com\/product\/yoast-seo-wordpress\/ -->\n<title>Il registro dei pazienti aiuta \u2013 i pazienti stessi &#8226; Retina Suisse<\/title>\n<meta name=\"robots\" content=\"index, follow, max-snippet:-1, max-image-preview:large, max-video-preview:-1\" \/>\n<link rel=\"canonical\" href=\"https:\/\/retina.ch\/it\/comunicato-stampa\/il-registro-dei-pazienti-aiuta-i-pazienti-stessi\/\" \/>\n<meta property=\"og:locale\" content=\"it_IT\" \/>\n<meta property=\"og:type\" content=\"article\" \/>\n<meta property=\"og:title\" content=\"Il registro dei pazienti aiuta \u2013 i pazienti stessi &#8226; Retina Suisse\" \/>\n<meta property=\"og:description\" content=\"Grazie a una banca dati per registrare le malattie rare i pazienti sono rapidamente informati quando si presentano nuovi tipi di analisi o di terapie.\" \/>\n<meta property=\"og:url\" content=\"https:\/\/retina.ch\/it\/comunicato-stampa\/il-registro-dei-pazienti-aiuta-i-pazienti-stessi\/\" \/>\n<meta property=\"og:site_name\" content=\"Retina Suisse\" \/>\n<meta property=\"article:publisher\" content=\"https:\/\/www.facebook.com\/retinasuisse\/\" \/>\n<meta property=\"article:modified_time\" content=\"2023-04-17T13:32:01+00:00\" \/>\n<meta property=\"og:image\" content=\"https:\/\/retina.ch\/wp-content\/uploads\/2023\/04\/bild-datenbank-x-linked-vererbung.jpg\" \/>\n\t<meta property=\"og:image:width\" content=\"1432\" \/>\n\t<meta property=\"og:image:height\" content=\"1045\" \/>\n\t<meta property=\"og:image:type\" content=\"image\/jpeg\" \/>\n<meta name=\"twitter:card\" content=\"summary_large_image\" \/>\n<meta name=\"twitter:label1\" content=\"Tempo di lettura stimato\" \/>\n\t<meta name=\"twitter:data1\" content=\"4 minuti\" \/>\n<script type=\"application\/ld+json\" class=\"yoast-schema-graph\">{\"@context\":\"https:\/\/schema.org\",\"@graph\":[{\"@type\":\"WebPage\",\"@id\":\"https:\/\/retina.ch\/it\/comunicato-stampa\/il-registro-dei-pazienti-aiuta-i-pazienti-stessi\/\",\"url\":\"https:\/\/retina.ch\/it\/comunicato-stampa\/il-registro-dei-pazienti-aiuta-i-pazienti-stessi\/\",\"name\":\"Il registro dei pazienti aiuta \u2013 i pazienti stessi &#8226; Retina Suisse\",\"isPartOf\":{\"@id\":\"https:\/\/retina.ch\/it\/#website\"},\"primaryImageOfPage\":{\"@id\":\"https:\/\/retina.ch\/it\/comunicato-stampa\/il-registro-dei-pazienti-aiuta-i-pazienti-stessi\/#primaryimage\"},\"image\":{\"@id\":\"https:\/\/retina.ch\/it\/comunicato-stampa\/il-registro-dei-pazienti-aiuta-i-pazienti-stessi\/#primaryimage\"},\"thumbnailUrl\":\"https:\/\/retina.ch\/wp-content\/uploads\/2023\/04\/bild-datenbank-x-linked-vererbung.jpg\",\"datePublished\":\"2023-04-14T12:45:17+00:00\",\"dateModified\":\"2023-04-17T13:32:01+00:00\",\"breadcrumb\":{\"@id\":\"https:\/\/retina.ch\/it\/comunicato-stampa\/il-registro-dei-pazienti-aiuta-i-pazienti-stessi\/#breadcrumb\"},\"inLanguage\":\"it-IT\",\"potentialAction\":[{\"@type\":\"ReadAction\",\"target\":[\"https:\/\/retina.ch\/it\/comunicato-stampa\/il-registro-dei-pazienti-aiuta-i-pazienti-stessi\/\"]}]},{\"@type\":\"ImageObject\",\"inLanguage\":\"it-IT\",\"@id\":\"https:\/\/retina.ch\/it\/comunicato-stampa\/il-registro-dei-pazienti-aiuta-i-pazienti-stessi\/#primaryimage\",\"url\":\"https:\/\/retina.ch\/wp-content\/uploads\/2023\/04\/bild-datenbank-x-linked-vererbung.jpg\",\"contentUrl\":\"https:\/\/retina.ch\/wp-content\/uploads\/2023\/04\/bild-datenbank-x-linked-vererbung.jpg\",\"width\":1432,\"height\":1045},{\"@type\":\"BreadcrumbList\",\"@id\":\"https:\/\/retina.ch\/it\/comunicato-stampa\/il-registro-dei-pazienti-aiuta-i-pazienti-stessi\/#breadcrumb\",\"itemListElement\":[{\"@type\":\"ListItem\",\"position\":1,\"name\":\"Retina Suisse\",\"item\":\"https:\/\/retina.ch\/it\/\"},{\"@type\":\"ListItem\",\"position\":2,\"name\":\"Il registro dei pazienti aiuta \u2013 i pazienti stessi\"}]},{\"@type\":\"WebSite\",\"@id\":\"https:\/\/retina.ch\/it\/#website\",\"url\":\"https:\/\/retina.ch\/it\/\",\"name\":\"Retina Suisse\",\"description\":\"Retina Suisse ist die Vereinigung von Patientinnen und Patienten mit Retinitis pigmentosa (RP), Makuladegeneration, Usher-Syndrom und anderen Erkrankungen des Augenhintergrundes.\",\"publisher\":{\"@id\":\"https:\/\/retina.ch\/it\/#organization\"},\"potentialAction\":[{\"@type\":\"SearchAction\",\"target\":{\"@type\":\"EntryPoint\",\"urlTemplate\":\"https:\/\/retina.ch\/it\/?s={search_term_string}\"},\"query-input\":{\"@type\":\"PropertyValueSpecification\",\"valueRequired\":true,\"valueName\":\"search_term_string\"}}],\"inLanguage\":\"it-IT\"},{\"@type\":\"Organization\",\"@id\":\"https:\/\/retina.ch\/it\/#organization\",\"name\":\"Retina Suisse\",\"url\":\"https:\/\/retina.ch\/it\/\",\"logo\":{\"@type\":\"ImageObject\",\"inLanguage\":\"it-IT\",\"@id\":\"https:\/\/retina.ch\/it\/#\/schema\/logo\/image\/\",\"url\":\"https:\/\/retina.ch\/wp-content\/uploads\/2020\/09\/retina-auge-typo.svg\",\"contentUrl\":\"https:\/\/retina.ch\/wp-content\/uploads\/2020\/09\/retina-auge-typo.svg\",\"width\":\"1024\",\"height\":\"1024\",\"caption\":\"Retina Suisse\"},\"image\":{\"@id\":\"https:\/\/retina.ch\/it\/#\/schema\/logo\/image\/\"},\"sameAs\":[\"https:\/\/www.facebook.com\/retinasuisse\/\"]}]}<\/script>\n<!-- \/ Yoast SEO plugin. -->","yoast_head_json":{"title":"Il registro dei pazienti aiuta \u2013 i pazienti stessi &#8226; Retina Suisse","robots":{"index":"index","follow":"follow","max-snippet":"max-snippet:-1","max-image-preview":"max-image-preview:large","max-video-preview":"max-video-preview:-1"},"canonical":"https:\/\/retina.ch\/it\/comunicato-stampa\/il-registro-dei-pazienti-aiuta-i-pazienti-stessi\/","og_locale":"it_IT","og_type":"article","og_title":"Il registro dei pazienti aiuta \u2013 i pazienti stessi &#8226; Retina Suisse","og_description":"Grazie a una banca dati per registrare le malattie rare i pazienti sono rapidamente informati quando si presentano nuovi tipi di analisi o di terapie.","og_url":"https:\/\/retina.ch\/it\/comunicato-stampa\/il-registro-dei-pazienti-aiuta-i-pazienti-stessi\/","og_site_name":"Retina Suisse","article_publisher":"https:\/\/www.facebook.com\/retinasuisse\/","article_modified_time":"2023-04-17T13:32:01+00:00","og_image":[{"width":1432,"height":1045,"url":"https:\/\/retina.ch\/wp-content\/uploads\/2023\/04\/bild-datenbank-x-linked-vererbung.jpg","type":"image\/jpeg"}],"twitter_card":"summary_large_image","twitter_misc":{"Tempo di lettura stimato":"4 minuti"},"schema":{"@context":"https:\/\/schema.org","@graph":[{"@type":"WebPage","@id":"https:\/\/retina.ch\/it\/comunicato-stampa\/il-registro-dei-pazienti-aiuta-i-pazienti-stessi\/","url":"https:\/\/retina.ch\/it\/comunicato-stampa\/il-registro-dei-pazienti-aiuta-i-pazienti-stessi\/","name":"Il registro dei pazienti aiuta \u2013 i pazienti stessi &#8226; Retina Suisse","isPartOf":{"@id":"https:\/\/retina.ch\/it\/#website"},"primaryImageOfPage":{"@id":"https:\/\/retina.ch\/it\/comunicato-stampa\/il-registro-dei-pazienti-aiuta-i-pazienti-stessi\/#primaryimage"},"image":{"@id":"https:\/\/retina.ch\/it\/comunicato-stampa\/il-registro-dei-pazienti-aiuta-i-pazienti-stessi\/#primaryimage"},"thumbnailUrl":"https:\/\/retina.ch\/wp-content\/uploads\/2023\/04\/bild-datenbank-x-linked-vererbung.jpg","datePublished":"2023-04-14T12:45:17+00:00","dateModified":"2023-04-17T13:32:01+00:00","breadcrumb":{"@id":"https:\/\/retina.ch\/it\/comunicato-stampa\/il-registro-dei-pazienti-aiuta-i-pazienti-stessi\/#breadcrumb"},"inLanguage":"it-IT","potentialAction":[{"@type":"ReadAction","target":["https:\/\/retina.ch\/it\/comunicato-stampa\/il-registro-dei-pazienti-aiuta-i-pazienti-stessi\/"]}]},{"@type":"ImageObject","inLanguage":"it-IT","@id":"https:\/\/retina.ch\/it\/comunicato-stampa\/il-registro-dei-pazienti-aiuta-i-pazienti-stessi\/#primaryimage","url":"https:\/\/retina.ch\/wp-content\/uploads\/2023\/04\/bild-datenbank-x-linked-vererbung.jpg","contentUrl":"https:\/\/retina.ch\/wp-content\/uploads\/2023\/04\/bild-datenbank-x-linked-vererbung.jpg","width":1432,"height":1045},{"@type":"BreadcrumbList","@id":"https:\/\/retina.ch\/it\/comunicato-stampa\/il-registro-dei-pazienti-aiuta-i-pazienti-stessi\/#breadcrumb","itemListElement":[{"@type":"ListItem","position":1,"name":"Retina Suisse","item":"https:\/\/retina.ch\/it\/"},{"@type":"ListItem","position":2,"name":"Il registro dei pazienti aiuta \u2013 i pazienti stessi"}]},{"@type":"WebSite","@id":"https:\/\/retina.ch\/it\/#website","url":"https:\/\/retina.ch\/it\/","name":"Retina Suisse","description":"Retina Suisse ist die Vereinigung von Patientinnen und Patienten mit Retinitis pigmentosa (RP), Makuladegeneration, Usher-Syndrom und anderen Erkrankungen des Augenhintergrundes.","publisher":{"@id":"https:\/\/retina.ch\/it\/#organization"},"potentialAction":[{"@type":"SearchAction","target":{"@type":"EntryPoint","urlTemplate":"https:\/\/retina.ch\/it\/?s={search_term_string}"},"query-input":{"@type":"PropertyValueSpecification","valueRequired":true,"valueName":"search_term_string"}}],"inLanguage":"it-IT"},{"@type":"Organization","@id":"https:\/\/retina.ch\/it\/#organization","name":"Retina Suisse","url":"https:\/\/retina.ch\/it\/","logo":{"@type":"ImageObject","inLanguage":"it-IT","@id":"https:\/\/retina.ch\/it\/#\/schema\/logo\/image\/","url":"https:\/\/retina.ch\/wp-content\/uploads\/2020\/09\/retina-auge-typo.svg","contentUrl":"https:\/\/retina.ch\/wp-content\/uploads\/2020\/09\/retina-auge-typo.svg","width":"1024","height":"1024","caption":"Retina Suisse"},"image":{"@id":"https:\/\/retina.ch\/it\/#\/schema\/logo\/image\/"},"sameAs":["https:\/\/www.facebook.com\/retinasuisse\/"]}]}},"_links":{"self":[{"href":"https:\/\/retina.ch\/it\/wp-json\/wp\/v2\/medienmitteilung\/11085","targetHints":{"allow":["GET"]}}],"collection":[{"href":"https:\/\/retina.ch\/it\/wp-json\/wp\/v2\/medienmitteilung"}],"about":[{"href":"https:\/\/retina.ch\/it\/wp-json\/wp\/v2\/types\/medienmitteilung"}],"version-history":[{"count":6,"href":"https:\/\/retina.ch\/it\/wp-json\/wp\/v2\/medienmitteilung\/11085\/revisions"}],"predecessor-version":[{"id":11117,"href":"https:\/\/retina.ch\/it\/wp-json\/wp\/v2\/medienmitteilung\/11085\/revisions\/11117"}],"wp:featuredmedia":[{"embeddable":true,"href":"https:\/\/retina.ch\/it\/wp-json\/wp\/v2\/media\/11115"}],"wp:attachment":[{"href":"https:\/\/retina.ch\/it\/wp-json\/wp\/v2\/media?parent=11085"}],"wp:term":[{"taxonomy":"category","embeddable":true,"href":"https:\/\/retina.ch\/it\/wp-json\/wp\/v2\/categories?post=11085"}],"curies":[{"name":"wp","href":"https:\/\/api.w.org\/{rel}","templated":true}]}}